{"id":30175,"date":"2024-01-05T12:14:14","date_gmt":"2024-01-05T11:14:14","guid":{"rendered":"https:\/\/new.antersystem.com\/intralogistica-poland-expo\/"},"modified":"2026-02-02T12:56:14","modified_gmt":"2026-02-02T11:56:14","slug":"intralogistica-poland-expo-2024","status":"publish","type":"page","link":"https:\/\/antersystem.com\/cs\/novinky\/intralogistica-poland-expo-2024\/","title":{"rendered":"Intralogistica Poland Expo"},"content":{"rendered":"\n<div class=\"wp-block-columns is-layout-flex wp-container-core-columns-is-layout-9d6595d7 wp-block-columns-is-layout-flex\">\n  \n  <div class=\"wp-block-column is-layout-flow wp-block-column-is-layout-flow\" style=\"flex-basis:10%\"><\/div>\n  \n\n  \n  <div class=\"wp-block-column is-layout-flow wp-block-column-is-layout-flow\">\n    \n    <h3 class=\"wp-block-heading\"><strong>Intralogistica Poland Expo &#8211; dal\u0161\u00ed pr\u016fmyslov\u00e1 akce, na kter\u00e9 se p\u0159edstav\u00ed spole\u010dnost Anter System.<\/strong><\/h3>\n    \n\n    \n    <p><strong>24. ledna 2024 se<\/strong> op\u011bt <strong>sejdeme<\/strong> v modern\u00edch <strong>hal\u00e1ch<\/strong> Ptak <strong>Warsaw Expo<\/strong> <strong>,<\/strong> <strong>abychom<\/strong> p\u0159edstavili na\u0161e v\u00fdrobky \u0161irok\u00e9mu publiku. N\u00e1v\u0161t\u011bvn\u00edci se budou moci na vlastn\u00ed o\u010di p\u0159esv\u011bd\u010dit o konstrukci a v\u00fdkonnosti na\u0161ich <a href=\"https:\/\/antersystem.com\/kategorie_produktow\/technika-zaladunkowa\/\">\u010deln\u00edch bezpe\u010dnostn\u00edch podp\u011br pro n\u00e1kladn\u00ed automobily,<\/a> <a href=\"https:\/\/antersystem.com\/kategorie_produktow\/bariery-bezpieczenstwa-dla-pieszych\/\">bezpe\u010dnostn\u00edch z\u00e1bran pro chodce, syst\u00e9m\u016f ochrany stojan\u016f<\/a> a r\u016fzn\u00fdch typ\u016f bezpe\u010dnostn\u00edch patn\u00edk\u016f. Jsme velmi zv\u011bdav\u00ed, jak budou flexibiln\u00ed bezpe\u010dnostn\u00ed z\u00e1brany spole\u010dnosti Anter System p\u0159ijaty, a t\u011b\u0161\u00edme se na odpov\u011bdi na ot\u00e1zky t\u00fdkaj\u00edc\u00ed se bezpe\u010dnosti pr\u00e1ce. Platformou pro tuto v\u00fdm\u011bnu bude <a href=\"https:\/\/intralogisticapoland.com\/\"><strong>Intralogistica Poland Expo<\/strong><\/a> &#8211; Mezin\u00e1rodn\u00ed veletrh logistiky a skladov\u00e1n\u00ed, kter\u00fd se bude konat ve dnech 24.-26. ledna 2024.<\/p>\n    \n\n    \n    <h4 class=\"wp-block-heading\"><strong>P\u0159\u00ednos odv\u011btv\u00ed pro hospod\u00e1\u0159stv\u00ed<\/strong><\/h4>\n    \n\n    \n    <p>Podle pr\u016fzkumu se odv\u011btv\u00ed dopravy, spedice a logistiky v\u00fdznamn\u011b pod\u00edl\u00ed na polsk\u00e9m HDP a vytv\u00e1\u0159\u00ed t\u00e9m\u011b\u0159 6 % ro\u010dn\u00edch hospod\u00e1\u0159sk\u00fdch p\u0159\u00edjm\u016f zem\u011b. Vedouc\u00ed sklad\u016f p\u0159edstavuj\u00ed t\u0159et\u00ed nejpo\u010detn\u011bj\u0161\u00ed profesn\u00ed skupinu v r\u00e1mci sektoru slu\u017eeb.<\/p>\n    \n\n    \n    <p>Evropa je v sou\u010dasn\u00e9 dob\u011b celosv\u011btov\u011b druh\u00fdm nejv\u011bt\u0161\u00edm trhem smluvn\u00ed logistiky po Asii a p\u0159edstavuje 29 % hodnoty celosv\u011btov\u00e9ho trhu. Odhaduje se, \u017ee do konce roku 2023 dos\u00e1hnou tr\u017eby tohoto odv\u011btv\u00ed na kontinentu p\u0159ibli\u017en\u011b 82,5 miliardy eur*.<\/p>\n    \n\n    \n    <p>Navzdory vysok\u00e9 inflaci a revizi progn\u00f3z spole\u010dnost\u00ed z\u016fst\u00e1vaj\u00ed o\u010dek\u00e1v\u00e1n\u00ed pro rok 2024 pozitivn\u00ed. Podle spole\u010dnosti Oxford Economics se o\u010dek\u00e1v\u00e1, \u017ee ekonomika euroz\u00f3ny poroste v letech 2024-2027 o 6 %. P\u0159edpokl\u00e1d\u00e1 se, \u017ee Polsko toto tempo p\u0159ekro\u010d\u00ed a jeho HDP ve stejn\u00e9m obdob\u00ed vzroste p\u0159ibli\u017en\u011b o 11 %*.<\/p>\n    \n\n    \n    <h4 class=\"wp-block-heading\"><strong>O veletrhu<\/strong><\/h4>\n    \n\n    \n    <p>Akce p\u0159itahuje n\u00e1v\u0161t\u011bvn\u00edky zpoza hranic Polska &#8211; o\u010dek\u00e1v\u00e1 se, \u017ee t\u00e9m\u011b\u0159 15 % \u00fa\u010dastn\u00edk\u016f p\u0159ijede ze zahrani\u010d\u00ed. Veletrh se vyzna\u010duje tak\u00e9 siln\u00fdm mezin\u00e1rodn\u00edm zastoupen\u00edm vystavovatel\u016f, co\u017e vytv\u00e1\u0159\u00ed p\u0159\u00edle\u017eitosti k otev\u0159en\u00ed podnik\u00e1n\u00ed na nov\u00fdch trz\u00edch a pom\u00e1h\u00e1 podnikatel\u016fm budovat siln\u011bj\u0161\u00ed mezin\u00e1rodn\u00ed budoucnost logistick\u00e9ho pr\u016fmyslu.<\/p>\n    \n\n    \n    <p>Pl\u00e1nujeme p\u0159edstavit na\u0161e <strong>flexibiln\u00ed bezpe\u010dnostn\u00ed bari\u00e9ry,<\/strong> kter\u00e9 zvy\u0161uj\u00ed bezpe\u010dnost ve velk\u00fdch provozech, r\u016fznorod\u00e9mu publiku, kter\u00e9 zahrnuje z\u00e1stupce logistick\u00fdch spole\u010dnost\u00ed, distributory vybaven\u00ed, poskytovatele skladov\u00fdch technologi\u00ed a projektanty sklad\u016f. Akce je ur\u010dena tak\u00e9 mana\u017eer\u016fm dodavatelsk\u00fdch \u0159et\u011bzc\u016f, specialist\u016fm na logistiku a z\u00e1stupc\u016fm dopravn\u00edch spole\u010dnost\u00ed. B\u011bhem veletrhu Intralogistica Poland Expo se bude konat tak\u00e9 vzd\u011bl\u00e1vac\u00ed kongres, na kter\u00e9m vystoup\u00ed nejuzn\u00e1van\u011bj\u0161\u00ed odborn\u00edci v oboru skladov\u00e1n\u00ed.<\/p>\n    \n\n    \n    <p>Zveme v\u0161echny, kte\u0159\u00ed cht\u011bj\u00ed ud\u011blat dal\u0161\u00ed krok ve sv\u00e9m podnik\u00e1n\u00ed, vym\u011bnit si cenn\u00e9 poznatky a naj\u00edt <strong>\u0159e\u0161en\u00ed bezpe\u010dnostn\u00edch probl\u00e9m\u016f &#8211; nav\u0161tivte Anter System na st\u00e1nku D1.20a.<\/strong><\/p>\n    \n\n    \n    <hr class=\"wp-block-separator has-text-color has-white-color has-alpha-channel-opacity has-white-background-color has-background is-style-default\"\/>\n    \n\n    \n    <p>* <em>&#8222;Logistika zak\u00e1zek pro rok 2023 p\u0159ed\u010dila o\u010dek\u00e1v\u00e1n\u00ed&#8220;, K. Oflakowski, TSL Biznes<\/em><\/p>\n    \n\n    \n    <figure class=\"wp-block-embed\"><div class=\"wp-block-embed__wrapper\">\n \nhttps:\/\/tsl-biznes.pl\/polecamy\/logistyka-kontraktowa-przebila-oczekiwania-na-2023-r\/\n    <\/div><\/figure>\n    \n\n    \n    <p>* <em>https:\/\/www.jll.pl\/pl\/trendy-i-analizy\/badanie\/rynek-magazynowy-w-polsce<\/em><\/p>\n    \n  <\/div>\n  \n\n  \n  <div class=\"wp-block-column is-layout-flow wp-block-column-is-layout-flow\" style=\"flex-basis:10%\"><\/div>\n  \n<\/div>\n<div class=\"wp-block-image\">\n<figure class=\"aligncenter size-large is-resized\"><img loading=\"lazy\" decoding=\"async\" width=\"1024\" height=\"535\" src=\"https:\/\/antersystem.com\/wp-content\/uploads\/Targi-Intralogistica-Anter-System-1-1024x535.jpg\" alt=\"Anter System na veletrhu Intralogistica Poland Expo 2024\" class=\"wp-image-4095\" style=\"width:720px;height:auto\" srcset=\"https:\/\/antersystem.com\/wp-content\/uploads\/Targi-Intralogistica-Anter-System-1-1024x535.jpg 1024w, https:\/\/antersystem.com\/wp-content\/uploads\/Targi-Intralogistica-Anter-System-1-300x157.jpg 300w, https:\/\/antersystem.com\/wp-content\/uploads\/Targi-Intralogistica-Anter-System-1-768x401.jpg 768w, https:\/\/antersystem.com\/wp-content\/uploads\/Targi-Intralogistica-Anter-System-1-450x235.jpg 450w, https:\/\/antersystem.com\/wp-content\/uploads\/Targi-Intralogistica-Anter-System-1-330x172.jpg 330w, https:\/\/antersystem.com\/wp-content\/uploads\/Targi-Intralogistica-Anter-System-1.jpg 1200w\" sizes=\"auto, (max-width: 1024px) 100vw, 1024px\" \/><\/figure><\/div>","protected":false},"excerpt":{"rendered":"<p>Intralogistica Poland Expo &#8211; dal\u0161\u00ed pr\u016fmyslov\u00e1 akce, na kter\u00e9 se p\u0159edstav\u00ed spole\u010dnost Anter System. 24. ledna 2024 se op\u011bt sejdeme v modern\u00edch hal\u00e1ch Ptak Warsaw Expo , abychom p\u0159edstavili na\u0161e v\u00fdrobky \u0161irok\u00e9mu publiku. N\u00e1v\u0161t\u011bvn\u00edci se budou moci na vlastn\u00ed o\u010di p\u0159esv\u011bd\u010dit o konstrukci a v\u00fdkonnosti na\u0161ich \u010deln\u00edch bezpe\u010dnostn\u00edch podp\u011br pro n\u00e1kladn\u00ed automobily, bezpe\u010dnostn\u00edch z\u00e1bran pro [&hellip;]<\/p>\n","protected":false},"author":1,"featured_media":0,"parent":30524,"menu_order":0,"comment_status":"closed","ping_status":"closed","template":"","meta":{"inline_featured_image":false,"ngg_post_thumbnail":0,"footnotes":""},"class_list":["post-30175","page","type-page","status-publish","hentry"],"acf":[],"yoast_head":"<!-- This site is optimized with the Yoast SEO plugin v27.0 - https:\/\/yoast.com\/product\/yoast-seo-wordpress\/ -->\n<title>Intralogistica Poland Expo - Anter System<\/title>\n<meta name=\"description\" content=\"Ju\u017c 24.01.24 spotykamy si\u0119 podczas Intralogistica Poland Expo, \u017ceby pokaza\u0107 \u0161irokiemu gronu odbiorc\u00f3w nasze produkty.\" \/>\n<meta name=\"robots\" content=\"index, follow, max-snippet:-1, max-image-preview:large, max-video-preview:-1\" \/>\n<link rel=\"canonical\" href=\"https:\/\/antersystem.com\/cs\/novinky\/intralogistica-poland-expo-2024\/\" \/>\n<meta property=\"og:locale\" content=\"cs_CZ\" \/>\n<meta property=\"og:type\" content=\"article\" \/>\n<meta property=\"og:title\" content=\"Intralogistica Poland Expo - Anter System\" \/>\n<meta property=\"og:description\" content=\"Ju\u017c 24.01.24 spotykamy si\u0119 podczas Intralogistica Poland Expo, \u017ceby pokaza\u0107 \u0161irokiemu gronu odbiorc\u00f3w nasze produkty.\" \/>\n<meta property=\"og:url\" content=\"https:\/\/antersystem.com\/cs\/novinky\/intralogistica-poland-expo-2024\/\" \/>\n<meta property=\"og:site_name\" content=\"Anter System\" \/>\n<meta property=\"article:modified_time\" content=\"2026-02-02T11:56:14+00:00\" \/>\n<meta property=\"og:image\" content=\"https:\/\/antersystem.com\/wp-content\/uploads\/Targi-Intralogistica-Anter-System-1-1024x535.jpg\" \/>\n<meta name=\"twitter:card\" content=\"summary_large_image\" \/>\n<meta name=\"twitter:label1\" content=\"Odhadovan\u00e1 doba \u010dten\u00ed\" \/>\n\t<meta name=\"twitter:data1\" content=\"3 minuty\" \/>\n<script type=\"application\/ld+json\" class=\"yoast-schema-graph\">{\"@context\":\"https:\/\/schema.org\",\"@graph\":[{\"@type\":\"WebPage\",\"@id\":\"https:\/\/antersystem.com\/cs\/novinky\/intralogistica-poland-expo-2024\/\",\"url\":\"https:\/\/antersystem.com\/cs\/novinky\/intralogistica-poland-expo-2024\/\",\"name\":\"Intralogistica Poland Expo - Anter System\",\"isPartOf\":{\"@id\":\"https:\/\/antersystem.com\/cs\/#website\"},\"primaryImageOfPage\":{\"@id\":\"https:\/\/antersystem.com\/cs\/novinky\/intralogistica-poland-expo-2024\/#primaryimage\"},\"image\":{\"@id\":\"https:\/\/antersystem.com\/cs\/novinky\/intralogistica-poland-expo-2024\/#primaryimage\"},\"thumbnailUrl\":\"https:\/\/antersystem.com\/wp-content\/uploads\/Targi-Intralogistica-Anter-System-1-1024x535.jpg\",\"datePublished\":\"2024-01-05T11:14:14+00:00\",\"dateModified\":\"2026-02-02T11:56:14+00:00\",\"description\":\"Ju\u017c 24.01.24 spotykamy si\u0119 podczas Intralogistica Poland Expo, \u017ceby pokaza\u0107 \u0161irokiemu gronu odbiorc\u00f3w nasze produkty.\",\"breadcrumb\":{\"@id\":\"https:\/\/antersystem.com\/cs\/novinky\/intralogistica-poland-expo-2024\/#breadcrumb\"},\"inLanguage\":\"cs\",\"potentialAction\":[{\"@type\":\"ReadAction\",\"target\":[\"https:\/\/antersystem.com\/cs\/novinky\/intralogistica-poland-expo-2024\/\"]}]},{\"@type\":\"ImageObject\",\"inLanguage\":\"cs\",\"@id\":\"https:\/\/antersystem.com\/cs\/novinky\/intralogistica-poland-expo-2024\/#primaryimage\",\"url\":\"https:\/\/antersystem.com\/wp-content\/uploads\/Targi-Intralogistica-Anter-System-1-1024x535.jpg\",\"contentUrl\":\"https:\/\/antersystem.com\/wp-content\/uploads\/Targi-Intralogistica-Anter-System-1-1024x535.jpg\"},{\"@type\":\"BreadcrumbList\",\"@id\":\"https:\/\/antersystem.com\/cs\/novinky\/intralogistica-poland-expo-2024\/#breadcrumb\",\"itemListElement\":[{\"@type\":\"ListItem\",\"position\":1,\"name\":\"AnterSystem\",\"item\":\"https:\/\/antersystem.com\/cs\/\"},{\"@type\":\"ListItem\",\"position\":2,\"name\":\"Zpr\u00e1vy\",\"item\":\"https:\/\/antersystem.com\/cs\/novinky\/\"},{\"@type\":\"ListItem\",\"position\":3,\"name\":\"Intralogistica Poland Expo\"}]},{\"@type\":\"WebSite\",\"@id\":\"https:\/\/antersystem.com\/cs\/#website\",\"url\":\"https:\/\/antersystem.com\/cs\/\",\"name\":\"Anter System\",\"description\":\"Jeste\u015bmy polskim producentem elastycznych barier ochronnych wykonywanych z polimerowych tworzyw sztucznych. Na rynku krajowym i zagranicznym dzia\u0142amy od ponad 15 lat dbaj\u0105c o zapewnienie bezpiecze\u0144stwa w zak\u0142adach produkcyjnych, magazynach oraz centrach logistycznych.\",\"potentialAction\":[{\"@type\":\"SearchAction\",\"target\":{\"@type\":\"EntryPoint\",\"urlTemplate\":\"https:\/\/antersystem.com\/cs\/?s={search_term_string}\"},\"query-input\":{\"@type\":\"PropertyValueSpecification\",\"valueRequired\":true,\"valueName\":\"search_term_string\"}}],\"inLanguage\":\"cs\"}]}<\/script>\n<!-- \/ Yoast SEO plugin. -->","yoast_head_json":{"title":"Intralogistica Poland Expo - Anter System","description":"Ju\u017c 24.01.24 spotykamy si\u0119 podczas Intralogistica Poland Expo, \u017ceby pokaza\u0107 \u0161irokiemu gronu odbiorc\u00f3w nasze produkty.","robots":{"index":"index","follow":"follow","max-snippet":"max-snippet:-1","max-image-preview":"max-image-preview:large","max-video-preview":"max-video-preview:-1"},"canonical":"https:\/\/antersystem.com\/cs\/novinky\/intralogistica-poland-expo-2024\/","og_locale":"cs_CZ","og_type":"article","og_title":"Intralogistica Poland Expo - Anter System","og_description":"Ju\u017c 24.01.24 spotykamy si\u0119 podczas Intralogistica Poland Expo, \u017ceby pokaza\u0107 \u0161irokiemu gronu odbiorc\u00f3w nasze produkty.","og_url":"https:\/\/antersystem.com\/cs\/novinky\/intralogistica-poland-expo-2024\/","og_site_name":"Anter System","article_modified_time":"2026-02-02T11:56:14+00:00","og_image":[{"url":"https:\/\/antersystem.com\/wp-content\/uploads\/Targi-Intralogistica-Anter-System-1-1024x535.jpg","type":"","width":"","height":""}],"twitter_card":"summary_large_image","twitter_misc":{"Odhadovan\u00e1 doba \u010dten\u00ed":"3 minuty"},"schema":{"@context":"https:\/\/schema.org","@graph":[{"@type":"WebPage","@id":"https:\/\/antersystem.com\/cs\/novinky\/intralogistica-poland-expo-2024\/","url":"https:\/\/antersystem.com\/cs\/novinky\/intralogistica-poland-expo-2024\/","name":"Intralogistica Poland Expo - Anter System","isPartOf":{"@id":"https:\/\/antersystem.com\/cs\/#website"},"primaryImageOfPage":{"@id":"https:\/\/antersystem.com\/cs\/novinky\/intralogistica-poland-expo-2024\/#primaryimage"},"image":{"@id":"https:\/\/antersystem.com\/cs\/novinky\/intralogistica-poland-expo-2024\/#primaryimage"},"thumbnailUrl":"https:\/\/antersystem.com\/wp-content\/uploads\/Targi-Intralogistica-Anter-System-1-1024x535.jpg","datePublished":"2024-01-05T11:14:14+00:00","dateModified":"2026-02-02T11:56:14+00:00","description":"Ju\u017c 24.01.24 spotykamy si\u0119 podczas Intralogistica Poland Expo, \u017ceby pokaza\u0107 \u0161irokiemu gronu odbiorc\u00f3w nasze produkty.","breadcrumb":{"@id":"https:\/\/antersystem.com\/cs\/novinky\/intralogistica-poland-expo-2024\/#breadcrumb"},"inLanguage":"cs","potentialAction":[{"@type":"ReadAction","target":["https:\/\/antersystem.com\/cs\/novinky\/intralogistica-poland-expo-2024\/"]}]},{"@type":"ImageObject","inLanguage":"cs","@id":"https:\/\/antersystem.com\/cs\/novinky\/intralogistica-poland-expo-2024\/#primaryimage","url":"https:\/\/antersystem.com\/wp-content\/uploads\/Targi-Intralogistica-Anter-System-1-1024x535.jpg","contentUrl":"https:\/\/antersystem.com\/wp-content\/uploads\/Targi-Intralogistica-Anter-System-1-1024x535.jpg"},{"@type":"BreadcrumbList","@id":"https:\/\/antersystem.com\/cs\/novinky\/intralogistica-poland-expo-2024\/#breadcrumb","itemListElement":[{"@type":"ListItem","position":1,"name":"AnterSystem","item":"https:\/\/antersystem.com\/cs\/"},{"@type":"ListItem","position":2,"name":"Zpr\u00e1vy","item":"https:\/\/antersystem.com\/cs\/novinky\/"},{"@type":"ListItem","position":3,"name":"Intralogistica Poland Expo"}]},{"@type":"WebSite","@id":"https:\/\/antersystem.com\/cs\/#website","url":"https:\/\/antersystem.com\/cs\/","name":"Anter System","description":"Jeste\u015bmy polskim producentem elastycznych barier ochronnych wykonywanych z polimerowych tworzyw sztucznych. Na rynku krajowym i zagranicznym dzia\u0142amy od ponad 15 lat dbaj\u0105c o zapewnienie bezpiecze\u0144stwa w zak\u0142adach produkcyjnych, magazynach oraz centrach logistycznych.","potentialAction":[{"@type":"SearchAction","target":{"@type":"EntryPoint","urlTemplate":"https:\/\/antersystem.com\/cs\/?s={search_term_string}"},"query-input":{"@type":"PropertyValueSpecification","valueRequired":true,"valueName":"search_term_string"}}],"inLanguage":"cs"}]}},"_links":{"self":[{"href":"https:\/\/antersystem.com\/cs\/wp-json\/wp\/v2\/pages\/30175","targetHints":{"allow":["GET"]}}],"collection":[{"href":"https:\/\/antersystem.com\/cs\/wp-json\/wp\/v2\/pages"}],"about":[{"href":"https:\/\/antersystem.com\/cs\/wp-json\/wp\/v2\/types\/page"}],"author":[{"embeddable":true,"href":"https:\/\/antersystem.com\/cs\/wp-json\/wp\/v2\/users\/1"}],"replies":[{"embeddable":true,"href":"https:\/\/antersystem.com\/cs\/wp-json\/wp\/v2\/comments?post=30175"}],"version-history":[{"count":1,"href":"https:\/\/antersystem.com\/cs\/wp-json\/wp\/v2\/pages\/30175\/revisions"}],"predecessor-version":[{"id":30177,"href":"https:\/\/antersystem.com\/cs\/wp-json\/wp\/v2\/pages\/30175\/revisions\/30177"}],"up":[{"embeddable":true,"href":"https:\/\/antersystem.com\/cs\/wp-json\/wp\/v2\/pages\/30524"}],"wp:attachment":[{"href":"https:\/\/antersystem.com\/cs\/wp-json\/wp\/v2\/media?parent=30175"}],"curies":[{"name":"wp","href":"https:\/\/api.w.org\/{rel}","templated":true}]}}