{"id":38798,"date":"2025-06-11T10:14:00","date_gmt":"2025-06-11T08:14:00","guid":{"rendered":"https:\/\/antersystem.com\/novinky\/anter-system-gets-polska-nagroda-inteligentnego-rozwoju\/"},"modified":"2026-02-04T08:47:14","modified_gmt":"2026-02-04T07:47:14","slug":"anter-system-gets-polska-nagroda-inteligentnego-rozwoju","status":"publish","type":"page","link":"https:\/\/antersystem.com\/cs\/novinky\/anter-system-gets-polska-nagroda-inteligentnego-rozwoju\/","title":{"rendered":"Anter System z\u00edsk\u00e1v\u00e1 Polska Nagroda Inteligentnego Rozwoju"},"content":{"rendered":"\n<div class=\"wp-block-columns is-layout-flex wp-container-core-columns-is-layout-9d6595d7 wp-block-columns-is-layout-flex\">\n<div class=\"wp-block-column is-layout-flow wp-block-column-is-layout-flow\">\n<div class=\"wp-block-columns is-layout-flex wp-container-core-columns-is-layout-9d6595d7 wp-block-columns-is-layout-flex\">\n<div class=\"wp-block-column is-layout-flow wp-block-column-is-layout-flow\">\n<p>Jsme r\u00e1di, \u017ee se s v\u00e1mi m\u016f\u017eeme pod\u011blit o to, \u017ee b\u011bhem jubilejn\u00edho 10. ro\u010dn\u00edku F\u00f3ra inteligentn\u00edho v\u00fdvoje v Uniej\u00f3w\u011b byla spole\u010dnost Anter System ocen\u011bna presti\u017en\u00ed polskou cenou za inteligentn\u00ed v\u00fdvoj. Toto ocen\u011bn\u00ed je ud\u011blov\u00e1no jednotlivc\u016fm, spole\u010dnostem a organizac\u00edm, jejich\u017e \u010dinnost p\u0159isp\u00edv\u00e1 k vytv\u00e1\u0159en\u00ed inovativn\u00edch \u0159e\u0161en\u00ed podporuj\u00edc\u00edch udr\u017eiteln\u00fd rozvoj spole\u010dnosti a hospod\u00e1\u0159stv\u00ed. <\/p>\n\n\n\n<p>Toto ocen\u011bn\u00ed je pro n\u00e1s velkou ct\u00ed a potvrzen\u00edm, \u017ee sm\u011br, kter\u00fdm jsme se vydali &#8211; v\u00fdvoj inteligentn\u00edch technologi\u00ed, kter\u00e9 chr\u00e1n\u00ed lidi a infrastrukturu v pr\u016fmyslov\u00fdch prostor\u00e1ch &#8211; je uzn\u00e1v\u00e1n nejen na\u0161imi klienty, ale tak\u00e9 odborn\u00edky a l\u00eddry v oblasti inovac\u00ed v Polsku.<\/p>\n\n\n\n<h2 class=\"wp-block-heading\">F\u00f3rum pro budoucnost, kter\u00e9 propojuje v\u011bdu, technologie a podnik\u00e1n\u00ed<\/h2>\n\n\n\n<p>F\u00f3rum inteligentn\u00edho rozvoje je jednou z nejinspirativn\u011bj\u0161\u00edch ekonomick\u00fdch a technologick\u00fdch ud\u00e1lost\u00ed v Polsku. Na kongresu se setk\u00e1vaj\u00ed z\u00e1stupci podnikatelsk\u00e9 sf\u00e9ry, v\u011bdy, m\u00edstn\u00ed samospr\u00e1vy a investi\u010dn\u00ed komunity, aby spole\u010dn\u011b zkoumali, jak mohou modern\u00ed technologie re\u00e1ln\u011b ovlivnit kvalitu \u017eivota a hospod\u00e1\u0159sk\u00fd r\u016fst. \u00da\u010dast na t\u00e9to akci je nejen ct\u00ed, ale tak\u00e9 p\u0159\u00edle\u017eitost\u00ed k v\u00fdm\u011bn\u011b zku\u0161enost\u00ed a poznatk\u016f s dal\u0161\u00edmi l\u00eddry v oblasti inovac\u00ed.  <\/p>\n\n\n\n<h2 class=\"wp-block-heading\">Prezentace o technologi\u00edch, kter\u00e9 chr\u00e1n\u00ed<\/h2>\n\n\n\n<p>V r\u00e1mci f\u00f3ra jsme m\u011bli tak\u00e9 mo\u017enost z\u00fa\u010dastnit se odborn\u00e9ho programu. Tomasz Bary\u0142a, produktov\u00fd mana\u017eer spole\u010dnosti Anter System, se z\u00fa\u010dastnil panelu &#8222;Technologie budoucnosti v akci &#8211; jak inovace formuj\u00ed v\u011bdu, podnik\u00e1n\u00ed a spole\u010dnost&#8220;, kde p\u0159ednesl prezentaci s n\u00e1zvem &#8222;Technologie, kter\u00e9 chr\u00e1n\u00ed &#8211; inteligentn\u00ed bezpe\u010dnostn\u00ed syst\u00e9my v pr\u016fmyslov\u00fdch prostorech&#8220;. <\/p>\n\n\n\n<p>B\u011bhem sv\u00e9ho projevu se Tomasz v\u011bnoval mimo jin\u00e9 t\u011bmto t\u00e9mat\u016fm:<\/p>\n\n\n\n<ul class=\"wp-block-list\">\n<li>sou\u010dasn\u00e9 bezpe\u010dnostn\u00ed v\u00fdzvy, kter\u00fdm \u010del\u00ed intralogistika,<\/li>\n\n\n\n<li>jak flexibiln\u00ed bezpe\u010dnostn\u00ed bari\u00e9ry v kombinaci s automatiza\u010dn\u00edmi prvky zvy\u0161uj\u00ed bezpe\u010dnost a efektivitu na pracovi\u0161ti.<\/li>\n<\/ul>\n\n\n\n<h2 class=\"wp-block-heading\">Motivace k dal\u0161\u00edmu r\u016fstu<\/h2>\n\n\n\n<p>Z\u00edskan\u00e9 ocen\u011bn\u00ed nen\u00ed jen zdrojem presti\u017ee, ale tak\u00e9 z\u00e1vazkem k dal\u0161\u00edmu rozvoji, zav\u00e1d\u011bn\u00ed nov\u00fdch inovac\u00ed a neust\u00e1l\u00e9mu zvy\u0161ov\u00e1n\u00ed bezpe\u010dnostn\u00edch standard\u016f v pr\u016fmyslu. D\u011bkujeme porot\u011b sout\u011b\u017ee za d\u016fv\u011bru a uzn\u00e1n\u00ed a v\u0161em \u00fa\u010dastn\u00edk\u016fm f\u00f3ra za cenn\u00e9 rozhovory a inspirativn\u00ed setk\u00e1n\u00ed. <\/p>\n<\/div>\n<\/div>\n<\/div>\n<\/div>\n","protected":false},"excerpt":{"rendered":"<p>Jsme r\u00e1di, \u017ee se s v\u00e1mi m\u016f\u017eeme pod\u011blit o to, \u017ee b\u011bhem jubilejn\u00edho 10. ro\u010dn\u00edku F\u00f3ra inteligentn\u00edho v\u00fdvoje v Uniej\u00f3w\u011b byla spole\u010dnost Anter System ocen\u011bna presti\u017en\u00ed polskou cenou za inteligentn\u00ed v\u00fdvoj. Toto ocen\u011bn\u00ed je ud\u011blov\u00e1no jednotlivc\u016fm, spole\u010dnostem a organizac\u00edm, jejich\u017e \u010dinnost p\u0159isp\u00edv\u00e1 k vytv\u00e1\u0159en\u00ed inovativn\u00edch \u0159e\u0161en\u00ed podporuj\u00edc\u00edch udr\u017eiteln\u00fd rozvoj spole\u010dnosti a hospod\u00e1\u0159stv\u00ed. Toto ocen\u011bn\u00ed je [&hellip;]<\/p>\n","protected":false},"author":11,"featured_media":0,"parent":30524,"menu_order":0,"comment_status":"closed","ping_status":"closed","template":"","meta":{"inline_featured_image":false,"ngg_post_thumbnail":0,"footnotes":""},"class_list":["post-38798","page","type-page","status-publish","hentry"],"acf":[],"yoast_head":"<!-- This site is optimized with the Yoast SEO plugin v27.0 - https:\/\/yoast.com\/product\/yoast-seo-wordpress\/ -->\n<title>Anter System z\u00edsk\u00e1v\u00e1 Polska Nagroda Inteligentnego Rozwoju - Anter System<\/title>\n<meta name=\"description\" content=\"Jsme r\u00e1di, \u017ee se s v\u00e1mi m\u016f\u017eeme pod\u011blit o to, \u017ee b\u011bhem jubilejn\u00edho 10. ro\u010dn\u00edku F\u00f3ra inteligentn\u00edho v\u00fdvoje v Uniej\u00f3w\u011b byla spole\u010dnost Anter System ocen\u011bna\" \/>\n<meta name=\"robots\" content=\"index, follow, max-snippet:-1, max-image-preview:large, max-video-preview:-1\" \/>\n<link rel=\"canonical\" href=\"https:\/\/antersystem.com\/cs\/novinky\/anter-system-gets-polska-nagroda-inteligentnego-rozwoju\/\" \/>\n<meta property=\"og:locale\" content=\"cs_CZ\" \/>\n<meta property=\"og:type\" content=\"article\" \/>\n<meta property=\"og:title\" content=\"Anter System z\u00edsk\u00e1v\u00e1 Polska Nagroda Inteligentnego Rozwoju - Anter System\" \/>\n<meta property=\"og:description\" content=\"Jsme r\u00e1di, \u017ee se s v\u00e1mi m\u016f\u017eeme pod\u011blit o to, \u017ee b\u011bhem jubilejn\u00edho 10. ro\u010dn\u00edku F\u00f3ra inteligentn\u00edho v\u00fdvoje v Uniej\u00f3w\u011b byla spole\u010dnost Anter System ocen\u011bna\" \/>\n<meta property=\"og:url\" content=\"https:\/\/antersystem.com\/cs\/novinky\/anter-system-gets-polska-nagroda-inteligentnego-rozwoju\/\" \/>\n<meta property=\"og:site_name\" content=\"Anter System\" \/>\n<meta property=\"article:modified_time\" content=\"2026-02-04T07:47:14+00:00\" \/>\n<meta name=\"twitter:card\" content=\"summary_large_image\" \/>\n<meta name=\"twitter:label1\" content=\"Odhadovan\u00e1 doba \u010dten\u00ed\" \/>\n\t<meta name=\"twitter:data1\" content=\"2 minuty\" \/>\n<script type=\"application\/ld+json\" class=\"yoast-schema-graph\">{\"@context\":\"https:\/\/schema.org\",\"@graph\":[{\"@type\":\"WebPage\",\"@id\":\"https:\/\/antersystem.com\/cs\/novinky\/anter-system-gets-polska-nagroda-inteligentnego-rozwoju\/\",\"url\":\"https:\/\/antersystem.com\/cs\/novinky\/anter-system-gets-polska-nagroda-inteligentnego-rozwoju\/\",\"name\":\"Anter System z\u00edsk\u00e1v\u00e1 Polska Nagroda Inteligentnego Rozwoju - Anter System\",\"isPartOf\":{\"@id\":\"https:\/\/antersystem.com\/cs\/#website\"},\"datePublished\":\"2025-06-11T08:14:00+00:00\",\"dateModified\":\"2026-02-04T07:47:14+00:00\",\"description\":\"Jsme r\u00e1di, \u017ee se s v\u00e1mi m\u016f\u017eeme pod\u011blit o to, \u017ee b\u011bhem jubilejn\u00edho 10. ro\u010dn\u00edku F\u00f3ra inteligentn\u00edho v\u00fdvoje v Uniej\u00f3w\u011b byla spole\u010dnost Anter System ocen\u011bna\",\"breadcrumb\":{\"@id\":\"https:\/\/antersystem.com\/cs\/novinky\/anter-system-gets-polska-nagroda-inteligentnego-rozwoju\/#breadcrumb\"},\"inLanguage\":\"cs\",\"potentialAction\":[{\"@type\":\"ReadAction\",\"target\":[\"https:\/\/antersystem.com\/cs\/novinky\/anter-system-gets-polska-nagroda-inteligentnego-rozwoju\/\"]}]},{\"@type\":\"BreadcrumbList\",\"@id\":\"https:\/\/antersystem.com\/cs\/novinky\/anter-system-gets-polska-nagroda-inteligentnego-rozwoju\/#breadcrumb\",\"itemListElement\":[{\"@type\":\"ListItem\",\"position\":1,\"name\":\"AnterSystem\",\"item\":\"https:\/\/antersystem.com\/cs\/\"},{\"@type\":\"ListItem\",\"position\":2,\"name\":\"Zpr\u00e1vy\",\"item\":\"https:\/\/antersystem.com\/cs\/novinky\/\"},{\"@type\":\"ListItem\",\"position\":3,\"name\":\"Anter System z\u00edsk\u00e1v\u00e1 Polska Nagroda Inteligentnego Rozwoju\"}]},{\"@type\":\"WebSite\",\"@id\":\"https:\/\/antersystem.com\/cs\/#website\",\"url\":\"https:\/\/antersystem.com\/cs\/\",\"name\":\"Anter System\",\"description\":\"Jeste\u015bmy polskim producentem elastycznych barier ochronnych wykonywanych z polimerowych tworzyw sztucznych. Na rynku krajowym i zagranicznym dzia\u0142amy od ponad 15 lat dbaj\u0105c o zapewnienie bezpiecze\u0144stwa w zak\u0142adach produkcyjnych, magazynach oraz centrach logistycznych.\",\"potentialAction\":[{\"@type\":\"SearchAction\",\"target\":{\"@type\":\"EntryPoint\",\"urlTemplate\":\"https:\/\/antersystem.com\/cs\/?s={search_term_string}\"},\"query-input\":{\"@type\":\"PropertyValueSpecification\",\"valueRequired\":true,\"valueName\":\"search_term_string\"}}],\"inLanguage\":\"cs\"}]}<\/script>\n<!-- \/ Yoast SEO plugin. -->","yoast_head_json":{"title":"Anter System z\u00edsk\u00e1v\u00e1 Polska Nagroda Inteligentnego Rozwoju - Anter System","description":"Jsme r\u00e1di, \u017ee se s v\u00e1mi m\u016f\u017eeme pod\u011blit o to, \u017ee b\u011bhem jubilejn\u00edho 10. ro\u010dn\u00edku F\u00f3ra inteligentn\u00edho v\u00fdvoje v Uniej\u00f3w\u011b byla spole\u010dnost Anter System ocen\u011bna","robots":{"index":"index","follow":"follow","max-snippet":"max-snippet:-1","max-image-preview":"max-image-preview:large","max-video-preview":"max-video-preview:-1"},"canonical":"https:\/\/antersystem.com\/cs\/novinky\/anter-system-gets-polska-nagroda-inteligentnego-rozwoju\/","og_locale":"cs_CZ","og_type":"article","og_title":"Anter System z\u00edsk\u00e1v\u00e1 Polska Nagroda Inteligentnego Rozwoju - Anter System","og_description":"Jsme r\u00e1di, \u017ee se s v\u00e1mi m\u016f\u017eeme pod\u011blit o to, \u017ee b\u011bhem jubilejn\u00edho 10. ro\u010dn\u00edku F\u00f3ra inteligentn\u00edho v\u00fdvoje v Uniej\u00f3w\u011b byla spole\u010dnost Anter System ocen\u011bna","og_url":"https:\/\/antersystem.com\/cs\/novinky\/anter-system-gets-polska-nagroda-inteligentnego-rozwoju\/","og_site_name":"Anter System","article_modified_time":"2026-02-04T07:47:14+00:00","twitter_card":"summary_large_image","twitter_misc":{"Odhadovan\u00e1 doba \u010dten\u00ed":"2 minuty"},"schema":{"@context":"https:\/\/schema.org","@graph":[{"@type":"WebPage","@id":"https:\/\/antersystem.com\/cs\/novinky\/anter-system-gets-polska-nagroda-inteligentnego-rozwoju\/","url":"https:\/\/antersystem.com\/cs\/novinky\/anter-system-gets-polska-nagroda-inteligentnego-rozwoju\/","name":"Anter System z\u00edsk\u00e1v\u00e1 Polska Nagroda Inteligentnego Rozwoju - Anter System","isPartOf":{"@id":"https:\/\/antersystem.com\/cs\/#website"},"datePublished":"2025-06-11T08:14:00+00:00","dateModified":"2026-02-04T07:47:14+00:00","description":"Jsme r\u00e1di, \u017ee se s v\u00e1mi m\u016f\u017eeme pod\u011blit o to, \u017ee b\u011bhem jubilejn\u00edho 10. ro\u010dn\u00edku F\u00f3ra inteligentn\u00edho v\u00fdvoje v Uniej\u00f3w\u011b byla spole\u010dnost Anter System ocen\u011bna","breadcrumb":{"@id":"https:\/\/antersystem.com\/cs\/novinky\/anter-system-gets-polska-nagroda-inteligentnego-rozwoju\/#breadcrumb"},"inLanguage":"cs","potentialAction":[{"@type":"ReadAction","target":["https:\/\/antersystem.com\/cs\/novinky\/anter-system-gets-polska-nagroda-inteligentnego-rozwoju\/"]}]},{"@type":"BreadcrumbList","@id":"https:\/\/antersystem.com\/cs\/novinky\/anter-system-gets-polska-nagroda-inteligentnego-rozwoju\/#breadcrumb","itemListElement":[{"@type":"ListItem","position":1,"name":"AnterSystem","item":"https:\/\/antersystem.com\/cs\/"},{"@type":"ListItem","position":2,"name":"Zpr\u00e1vy","item":"https:\/\/antersystem.com\/cs\/novinky\/"},{"@type":"ListItem","position":3,"name":"Anter System z\u00edsk\u00e1v\u00e1 Polska Nagroda Inteligentnego Rozwoju"}]},{"@type":"WebSite","@id":"https:\/\/antersystem.com\/cs\/#website","url":"https:\/\/antersystem.com\/cs\/","name":"Anter System","description":"Jeste\u015bmy polskim producentem elastycznych barier ochronnych wykonywanych z polimerowych tworzyw sztucznych. Na rynku krajowym i zagranicznym dzia\u0142amy od ponad 15 lat dbaj\u0105c o zapewnienie bezpiecze\u0144stwa w zak\u0142adach produkcyjnych, magazynach oraz centrach logistycznych.","potentialAction":[{"@type":"SearchAction","target":{"@type":"EntryPoint","urlTemplate":"https:\/\/antersystem.com\/cs\/?s={search_term_string}"},"query-input":{"@type":"PropertyValueSpecification","valueRequired":true,"valueName":"search_term_string"}}],"inLanguage":"cs"}]}},"_links":{"self":[{"href":"https:\/\/antersystem.com\/cs\/wp-json\/wp\/v2\/pages\/38798","targetHints":{"allow":["GET"]}}],"collection":[{"href":"https:\/\/antersystem.com\/cs\/wp-json\/wp\/v2\/pages"}],"about":[{"href":"https:\/\/antersystem.com\/cs\/wp-json\/wp\/v2\/types\/page"}],"author":[{"embeddable":true,"href":"https:\/\/antersystem.com\/cs\/wp-json\/wp\/v2\/users\/11"}],"replies":[{"embeddable":true,"href":"https:\/\/antersystem.com\/cs\/wp-json\/wp\/v2\/comments?post=38798"}],"version-history":[{"count":3,"href":"https:\/\/antersystem.com\/cs\/wp-json\/wp\/v2\/pages\/38798\/revisions"}],"predecessor-version":[{"id":39146,"href":"https:\/\/antersystem.com\/cs\/wp-json\/wp\/v2\/pages\/38798\/revisions\/39146"}],"up":[{"embeddable":true,"href":"https:\/\/antersystem.com\/cs\/wp-json\/wp\/v2\/pages\/30524"}],"wp:attachment":[{"href":"https:\/\/antersystem.com\/cs\/wp-json\/wp\/v2\/media?parent=38798"}],"curies":[{"name":"wp","href":"https:\/\/api.w.org\/{rel}","templated":true}]}}