{"id":38985,"date":"2025-06-09T08:46:29","date_gmt":"2025-06-09T06:46:29","guid":{"rendered":"https:\/\/antersystem.com\/novinky\/trade-fairs-modernlog-and-itm-industry-europe-2025\/"},"modified":"2026-02-02T15:23:24","modified_gmt":"2026-02-02T14:23:24","slug":"trade-fairs-modernlog-and-itm-industry-europe-2025","status":"publish","type":"page","link":"https:\/\/antersystem.com\/cs\/novinky\/trade-fairs-modernlog-and-itm-industry-europe-2025\/","title":{"rendered":"Veletrhy Modernlog a ITM Industry Europe 2025"},"content":{"rendered":"\n<div class=\"wp-block-columns is-layout-flex wp-container-core-columns-is-layout-9d6595d7 wp-block-columns-is-layout-flex\">\n<div class=\"wp-block-column is-layout-flow wp-block-column-is-layout-flow\">\n<h2 class=\"wp-block-heading\">Zpr\u00e1va z veletrhu pr\u016fmyslu a logistiky v Poznani<\/h2>\n\n\n\n<div class=\"wp-block-columns is-layout-flex wp-container-core-columns-is-layout-9d6595d7 wp-block-columns-is-layout-flex\">\n<div class=\"wp-block-column is-layout-flow wp-block-column-is-layout-flow\" style=\"flex-basis:10%\"><\/div>\n\n\n\n<div class=\"wp-block-column is-layout-flow wp-block-column-is-layout-flow\">\n<p>Ve dnech 3.-5. \u010dervna 2025 jsme se z\u00fa\u010dastnili dvou kl\u00ed\u010dov\u00fdch oborov\u00fdch akc\u00ed &#8211; Modernlog a ITM Industry Europe. Ob\u011b akce, kter\u00e9 se konaly na mezin\u00e1rodn\u00edm veletrhu v Poznani, p\u0159il\u00e1kaly tis\u00edce odborn\u00edk\u016f hledaj\u00edc\u00edch modern\u00ed \u0159e\u0161en\u00ed pro pr\u016fmysl, logistiku a automatizaci. Letos byly na\u0161e produkty k vid\u011bn\u00ed ve dvou jedine\u010dn\u00fdch prostor\u00e1ch: v bezpe\u010dnostn\u00ed z\u00f3n\u011b b\u011bhem veletrhu ITM Industry Europe a v prostoru In4Log na veletrhu Modernlog. Ob\u011b z\u00f3ny slou\u017eily jako st\u0159ediska dynamick\u00fdch uk\u00e1zek, praktick\u00fdch p\u0159edv\u00e1d\u011bc\u00edch akc\u00ed a v\u00fdm\u011bny znalost\u00ed v duchu Pr\u016fmyslu 4.0.   <\/p>\n\n\n\n<div style=\"height:30px\" aria-hidden=\"true\" class=\"wp-block-spacer\"><\/div>\n\n\n\n<div class=\"wp-block-media-text is-stacked-on-mobile is-image-fill-element\" style=\"grid-template-columns:40% auto\"><figure class=\"wp-block-media-text__media\"><img loading=\"lazy\" decoding=\"async\" width=\"683\" height=\"1024\" src=\"https:\/\/antersystem.com\/wp-content\/uploads\/modernlog-2025-011-683x1024.png\" alt=\"\" class=\"wp-image-6172 size-full\" style=\"object-position:50% 54%\" srcset=\"https:\/\/antersystem.com\/wp-content\/uploads\/modernlog-2025-011-683x1024.png 683w, https:\/\/antersystem.com\/wp-content\/uploads\/modernlog-2025-011-200x300.png 200w, https:\/\/antersystem.com\/wp-content\/uploads\/modernlog-2025-011-768x1152.png 768w, https:\/\/antersystem.com\/wp-content\/uploads\/modernlog-2025-011-450x675.png 450w, https:\/\/antersystem.com\/wp-content\/uploads\/modernlog-2025-011-330x495.png 330w, https:\/\/antersystem.com\/wp-content\/uploads\/modernlog-2025-011.png 800w\" sizes=\"auto, (max-width: 683px) 100vw, 683px\" \/><\/figure><div class=\"wp-block-media-text__content\">\n<h3 class=\"wp-block-heading\">Logistika budoucnosti v z\u00f3n\u011b In4Log &#8211; Modernlog 2025<\/h3>\n\n\n\n<p>V z\u00f3n\u011b In4Log mohli n\u00e1v\u0161t\u011bvn\u00edci sledovat cel\u00fd logistick\u00fd proces &#8211; od ukl\u00e1d\u00e1n\u00ed zbo\u017e\u00ed do vyrovn\u00e1vac\u00ed pam\u011bti, p\u0159es automatizovan\u00e9 vychyst\u00e1v\u00e1n\u00ed a balen\u00ed a\u017e po p\u0159\u00edpravu palet k expedici. Na\u0161e flexibiln\u00ed bezpe\u010dnostn\u00ed bari\u00e9ry, integrovan\u00e9 s detek\u010dn\u00edmi a signaliza\u010dn\u00edmi syst\u00e9my, hr\u00e1ly kl\u00ed\u010dovou roli p\u0159i zabezpe\u010den\u00ed cel\u00e9ho logistick\u00e9ho prostoru. P\u0159edvedli jsme, jak mohou modern\u00ed ochrann\u00e9 technologie fungovat v souladu s automatizac\u00ed a robotizac\u00ed, a zajistit tak hladk\u00fd a bezpe\u010dn\u00fd provoz.  <\/p>\n<\/div><\/div>\n\n\n\n<div style=\"height:30px\" aria-hidden=\"true\" class=\"wp-block-spacer\"><\/div>\n\n\n\n<div class=\"wp-block-media-text has-media-on-the-right is-stacked-on-mobile\" style=\"grid-template-columns:auto 40%\"><div class=\"wp-block-media-text__content\" style=\"padding-left: 0px\">\n\n<h3 class=\"wp-block-heading\">Inovace v bezpe\u010dnostn\u00ed z\u00f3n\u011b &#8211; ITM Industry Europe<\/h3>\n\n\n<p>V bezpe\u010dnostn\u00ed z\u00f3n\u011b jsme spolu s dal\u0161\u00edmi p\u0159edn\u00edmi firmami v oblasti ochrany proces\u016f a osob p\u0159edstavili inovativn\u00ed \u0159e\u0161en\u00ed pro zabezpe\u010den\u00ed v\u00fdrobn\u00edch a skladov\u00fdch prostor. Jedn\u00edm z vrchol\u016f programu byly &#8222;crash testy&#8220;, kter\u00e9 uk\u00e1zaly, jak mohou spr\u00e1vn\u00e1 ochrann\u00e1 opat\u0159en\u00ed minimalizovat rizika nehod a chr\u00e1nit zdrav\u00ed pracovn\u00edk\u016f. <\/p>\n\n<\/div><figure class=\"wp-block-media-text__media\"><img loading=\"lazy\" decoding=\"async\" width=\"1024\" height=\"683\" src=\"https:\/\/antersystem.com\/wp-content\/uploads\/ITM-2025-002-1024x683.png\" alt=\"\" class=\"wp-image-6158 size-full\" srcset=\"https:\/\/antersystem.com\/wp-content\/uploads\/ITM-2025-002-1024x683.png 1024w, https:\/\/antersystem.com\/wp-content\/uploads\/ITM-2025-002-300x200.png 300w, https:\/\/antersystem.com\/wp-content\/uploads\/ITM-2025-002-768x512.png 768w, https:\/\/antersystem.com\/wp-content\/uploads\/ITM-2025-002-450x300.png 450w, https:\/\/antersystem.com\/wp-content\/uploads\/ITM-2025-002-330x220.png 330w, https:\/\/antersystem.com\/wp-content\/uploads\/ITM-2025-002.png 1200w\" sizes=\"auto, (max-width: 1024px) 100vw, 1024px\" \/><\/figure><\/div>\n\n\n\n<div style=\"height:30px\" aria-hidden=\"true\" class=\"wp-block-spacer\"><\/div>\n\n\n\n<div class=\"wp-block-media-text is-stacked-on-mobile is-image-fill-element\" style=\"grid-template-columns:40% auto\"><figure class=\"wp-block-media-text__media\"><img loading=\"lazy\" decoding=\"async\" width=\"683\" height=\"1024\" src=\"https:\/\/antersystem.com\/wp-content\/uploads\/modernlog-2025-012-683x1024.png\" alt=\"\" class=\"wp-image-6168 size-full\" style=\"object-position:51% 48%\" srcset=\"https:\/\/antersystem.com\/wp-content\/uploads\/modernlog-2025-012-683x1024.png 683w, https:\/\/antersystem.com\/wp-content\/uploads\/modernlog-2025-012-200x300.png 200w, https:\/\/antersystem.com\/wp-content\/uploads\/modernlog-2025-012-768x1152.png 768w, https:\/\/antersystem.com\/wp-content\/uploads\/modernlog-2025-012-450x675.png 450w, https:\/\/antersystem.com\/wp-content\/uploads\/modernlog-2025-012-330x495.png 330w, https:\/\/antersystem.com\/wp-content\/uploads\/modernlog-2025-012.png 800w\" sizes=\"auto, (max-width: 683px) 100vw, 683px\" \/><\/figure><div class=\"wp-block-media-text__content\">\n<h3 class=\"wp-block-heading\">P\u0159\u00edle\u017eitost ke spojen\u00ed<\/h3>\n\n\n\n<p>V sousedstv\u00ed obou p\u0159edv\u00e1d\u011bc\u00edch z\u00f3n jsme vytvo\u0159ili prostory, kde se n\u00e1v\u0161t\u011bvn\u00edci mohli bl\u00ed\u017ee sezn\u00e1mit s produkty Anter System. Tyto prostory poskytly ide\u00e1ln\u00ed prost\u0159ed\u00ed pro inspirativn\u00ed rozhovory o \u0159e\u0161en\u00edch, kter\u00e1 podporuj\u00ed bezpe\u010dnost v pr\u016fmyslu. <\/p>\n\n\n\n<p>Nejv\u011bt\u0161\u00edm l\u00e1kadlem na na\u0161ich st\u00e1nc\u00edch byly jako v\u017edy nov\u00e9 produkty, v\u010detn\u011b z\u00e1bran GATE PROTECTOR s v\u00fdstra\u017en\u00fdm syst\u00e9mem, kter\u00e9 byly v Poznani p\u0159edstaveny poprv\u00e9. GATE PROTECTORS, ur\u010den\u00e9 k ochran\u011b bran, mezipatra a n\u00edzko zav\u011b\u0161en\u00e9 infrastruktury, jsou vybaveny v\u00fdstra\u017en\u00fdmi sv\u011btly signalizuj\u00edc\u00edmi nebezpe\u010d\u00ed. Br\u00e1ny jsou vybaveny pokro\u010dil\u00fdm detek\u010dn\u00edm syst\u00e9mem, kter\u00fd rozpozn\u00e1 bl\u00ed\u017e\u00edc\u00ed se vozidlo vj\u00ed\u017ed\u011bj\u00edc\u00ed do nebezpe\u010dn\u00e9 z\u00f3ny a okam\u017eit\u011b aktivuje intenzivn\u00ed \u010derven\u00e1 v\u00fdstra\u017en\u00e1 sv\u011btla, viditeln\u00e1 jak ve v\u00fd\u0161ce o\u010d\u00ed chodc\u016f, tak pro obsluhu vysokozdvi\u017en\u00fdch voz\u00edk\u016f.  <\/p>\n<\/div><\/div>\n\n\n\n<div style=\"height:30px\" aria-hidden=\"true\" class=\"wp-block-spacer\"><\/div>\n\n\n\n<div class=\"wp-block-media-text has-media-on-the-right is-stacked-on-mobile is-image-fill-element\" style=\"grid-template-columns:auto 35%\"><div class=\"wp-block-media-text__content\" style=\"padding-left: 0px\">\n\n<h3 class=\"wp-block-heading\">Zlat\u00e1 medaile na Modernlog 2025<\/h3>\n\n\n<p>S hrdost\u00ed oznamujeme, \u017ee n\u00e1\u0161 produkt &#8211; inteligentn\u00ed SGA GATE PROTECTOR &#8211; z\u00edskal na veletrhu Modernlog 2025 zlatou medaili. Porota sout\u011b\u017ee ocenila toto \u0159e\u0161en\u00ed v kategorii produkt\u016f pro bezpe\u010dnost pr\u00e1ce. SGA GATE PROTECTOR nen\u00ed jen fyzickou ochranou z\u00f3n sd\u00edlen\u00fdch chodci a vozidly &#8211; je to inteligentn\u00ed syst\u00e9m, kter\u00fd aktivn\u011b reaguje na potenci\u00e1ln\u00ed nebezpe\u010d\u00ed. D\u00edky pokro\u010dil\u00e9 detekci v kombinaci s aktivn\u00ed sv\u011btelnou signalizac\u00ed a z\u00e1mkem pr\u016fjezdu br\u00e1na v\u00fdrazn\u011b sni\u017euje riziko koliz\u00ed a zaji\u0161\u0165uje bezpe\u010dn\u00e9 sou\u017eit\u00ed lid\u00ed a stroj\u016f v dynamick\u00e9m pracovn\u00edm prost\u0159ed\u00ed. Zlat\u00e1 medaile je pro n\u00e1s velkou poctou a motivac\u00ed k dal\u0161\u00edmu v\u00fdvoji technologi\u00ed, kter\u00e9 zvy\u0161uj\u00ed bezpe\u010dnost pr\u00e1ce. V\u00edce informac\u00ed o br\u00e1n\u011b naleznete <a href=\"https:\/\/antersystem.com\/produkty\/elastyczna-bariera-gate-protector-with-sga-gate\/\"><strong>zde<\/strong><\/a>.     <\/p>\n\n<\/div><figure class=\"wp-block-media-text__media\"><img loading=\"lazy\" decoding=\"async\" width=\"683\" height=\"1024\" src=\"https:\/\/antersystem.com\/wp-content\/uploads\/modernlog-2025-009-683x1024.png\" alt=\"\" class=\"wp-image-6157 size-full\" style=\"object-position:39% 51%\" srcset=\"https:\/\/antersystem.com\/wp-content\/uploads\/modernlog-2025-009-683x1024.png 683w, https:\/\/antersystem.com\/wp-content\/uploads\/modernlog-2025-009-200x300.png 200w, https:\/\/antersystem.com\/wp-content\/uploads\/modernlog-2025-009-768x1152.png 768w, https:\/\/antersystem.com\/wp-content\/uploads\/modernlog-2025-009-450x675.png 450w, https:\/\/antersystem.com\/wp-content\/uploads\/modernlog-2025-009-330x495.png 330w, https:\/\/antersystem.com\/wp-content\/uploads\/modernlog-2025-009.png 800w\" sizes=\"auto, (max-width: 683px) 100vw, 683px\" \/><\/figure><\/div>\n\n\n\n<div style=\"height:30px\" aria-hidden=\"true\" class=\"wp-block-spacer\"><\/div>\n\n\n\n<figure class=\"wp-block-embed is-type-video is-provider-youtube wp-block-embed-youtube wp-embed-aspect-16-9 wp-has-aspect-ratio\"><div class=\"wp-block-embed__wrapper\" style=\"text-align: center;\">\n<iframe loading=\"lazy\" title=\"Targi Modernlog i ITM Industry Europe 2025\" width=\"500\" height=\"281\" src=\"https:\/\/www.youtube.com\/embed\/ofugWHZvKVU?feature=oembed\" frameborder=\"0\" allow=\"accelerometer; autoplay; clipboard-write; encrypted-media; gyroscope; picture-in-picture; web-share\" referrerpolicy=\"strict-origin-when-cross-origin\" allowfullscreen><\/iframe>\n<\/div><\/figure>\n\n\n<p>R\u00e1di bychom pod\u011bkovali v\u0161em, kte\u0159\u00ed nav\u0161t\u00edvili na\u0161e st\u00e1nky. V\u00e1\u0161 z\u00e1jem, \u010detn\u00e9 dotazy a diskuse jsou pro n\u00e1s velmi cenn\u00e9. Jsme r\u00e1di, \u017ee jsme m\u011bli mo\u017enost prezentovat na\u0161e \u0159e\u0161en\u00ed v tak profesion\u00e1ln\u00edm a inovativn\u00edm prost\u0159ed\u00ed.  <\/p>\n\n\n\n<p>Uvid\u00edme se na p\u0159\u00ed\u0161t\u00edch veletrz\u00edch!<\/p>\n<\/div>\n\n\n\n<div class=\"wp-block-column is-layout-flow wp-block-column-is-layout-flow\" style=\"flex-basis:10%\"><\/div>\n<\/div>\n\n\n\nngg_shortcode_0_placeholder\n<\/div>\n<\/div>\n","protected":false},"excerpt":{"rendered":"<p>Zpr\u00e1va z veletrhu pr\u016fmyslu a logistiky v Poznani Ve dnech 3.-5. \u010dervna 2025 jsme se z\u00fa\u010dastnili dvou kl\u00ed\u010dov\u00fdch oborov\u00fdch akc\u00ed &#8211; Modernlog a ITM Industry Europe. Ob\u011b akce, kter\u00e9 se konaly na mezin\u00e1rodn\u00edm veletrhu v Poznani, p\u0159il\u00e1kaly tis\u00edce odborn\u00edk\u016f hledaj\u00edc\u00edch modern\u00ed \u0159e\u0161en\u00ed pro pr\u016fmysl, logistiku a automatizaci. Letos byly na\u0161e produkty k vid\u011bn\u00ed ve dvou [&hellip;]<\/p>\n","protected":false},"author":11,"featured_media":0,"parent":30524,"menu_order":0,"comment_status":"closed","ping_status":"closed","template":"","meta":{"inline_featured_image":false,"ngg_post_thumbnail":0,"footnotes":""},"class_list":["post-38985","page","type-page","status-publish","hentry"],"acf":[],"yoast_head":"<!-- This site is optimized with the Yoast SEO plugin v27.0 - https:\/\/yoast.com\/product\/yoast-seo-wordpress\/ -->\n<title>Veletrhy Modernlog a ITM Industry Europe 2025 - Anter System<\/title>\n<meta name=\"description\" content=\"Zpr\u00e1va z veletrhu pr\u016fmyslu a logistiky v Poznani Ve dnech 3.-5. \u010dervna 2025 jsme se z\u00fa\u010dastnili dvou kl\u00ed\u010dov\u00fdch oborov\u00fdch akc\u00ed - Modernlog a ITM Industry\" \/>\n<meta name=\"robots\" content=\"index, follow, max-snippet:-1, max-image-preview:large, max-video-preview:-1\" \/>\n<link rel=\"canonical\" href=\"https:\/\/antersystem.com\/cs\/novinky\/trade-fairs-modernlog-and-itm-industry-europe-2025\/\" \/>\n<meta property=\"og:locale\" content=\"cs_CZ\" \/>\n<meta property=\"og:type\" content=\"article\" \/>\n<meta property=\"og:title\" content=\"Veletrhy Modernlog a ITM Industry Europe 2025 - Anter System\" \/>\n<meta property=\"og:description\" content=\"Zpr\u00e1va z veletrhu pr\u016fmyslu a logistiky v Poznani Ve dnech 3.-5. \u010dervna 2025 jsme se z\u00fa\u010dastnili dvou kl\u00ed\u010dov\u00fdch oborov\u00fdch akc\u00ed - Modernlog a ITM Industry\" \/>\n<meta property=\"og:url\" content=\"https:\/\/antersystem.com\/cs\/novinky\/trade-fairs-modernlog-and-itm-industry-europe-2025\/\" \/>\n<meta property=\"og:site_name\" content=\"Anter System\" \/>\n<meta property=\"article:modified_time\" content=\"2026-02-02T14:23:24+00:00\" \/>\n<meta property=\"og:image\" content=\"https:\/\/antersystem.com\/wp-content\/uploads\/modernlog-2025-011-683x1024.png\" \/>\n<meta name=\"twitter:card\" content=\"summary_large_image\" \/>\n<meta name=\"twitter:label1\" content=\"Odhadovan\u00e1 doba \u010dten\u00ed\" \/>\n\t<meta name=\"twitter:data1\" content=\"3 minuty\" \/>\n<script type=\"application\/ld+json\" class=\"yoast-schema-graph\">{\"@context\":\"https:\/\/schema.org\",\"@graph\":[{\"@type\":\"WebPage\",\"@id\":\"https:\/\/antersystem.com\/cs\/novinky\/trade-fairs-modernlog-and-itm-industry-europe-2025\/\",\"url\":\"https:\/\/antersystem.com\/cs\/novinky\/trade-fairs-modernlog-and-itm-industry-europe-2025\/\",\"name\":\"Veletrhy Modernlog a ITM Industry Europe 2025 - Anter System\",\"isPartOf\":{\"@id\":\"https:\/\/antersystem.com\/cs\/#website\"},\"primaryImageOfPage\":{\"@id\":\"https:\/\/antersystem.com\/cs\/novinky\/trade-fairs-modernlog-and-itm-industry-europe-2025\/#primaryimage\"},\"image\":{\"@id\":\"https:\/\/antersystem.com\/cs\/novinky\/trade-fairs-modernlog-and-itm-industry-europe-2025\/#primaryimage\"},\"thumbnailUrl\":\"https:\/\/antersystem.com\/wp-content\/uploads\/modernlog-2025-011-683x1024.png\",\"datePublished\":\"2025-06-09T06:46:29+00:00\",\"dateModified\":\"2026-02-02T14:23:24+00:00\",\"description\":\"Zpr\u00e1va z veletrhu pr\u016fmyslu a logistiky v Poznani Ve dnech 3.-5. \u010dervna 2025 jsme se z\u00fa\u010dastnili dvou kl\u00ed\u010dov\u00fdch oborov\u00fdch akc\u00ed - Modernlog a ITM Industry\",\"breadcrumb\":{\"@id\":\"https:\/\/antersystem.com\/cs\/novinky\/trade-fairs-modernlog-and-itm-industry-europe-2025\/#breadcrumb\"},\"inLanguage\":\"cs\",\"potentialAction\":[{\"@type\":\"ReadAction\",\"target\":[\"https:\/\/antersystem.com\/cs\/novinky\/trade-fairs-modernlog-and-itm-industry-europe-2025\/\"]}]},{\"@type\":\"ImageObject\",\"inLanguage\":\"cs\",\"@id\":\"https:\/\/antersystem.com\/cs\/novinky\/trade-fairs-modernlog-and-itm-industry-europe-2025\/#primaryimage\",\"url\":\"https:\/\/antersystem.com\/wp-content\/uploads\/modernlog-2025-011-683x1024.png\",\"contentUrl\":\"https:\/\/antersystem.com\/wp-content\/uploads\/modernlog-2025-011-683x1024.png\"},{\"@type\":\"BreadcrumbList\",\"@id\":\"https:\/\/antersystem.com\/cs\/novinky\/trade-fairs-modernlog-and-itm-industry-europe-2025\/#breadcrumb\",\"itemListElement\":[{\"@type\":\"ListItem\",\"position\":1,\"name\":\"AnterSystem\",\"item\":\"https:\/\/antersystem.com\/cs\/\"},{\"@type\":\"ListItem\",\"position\":2,\"name\":\"Zpr\u00e1vy\",\"item\":\"https:\/\/antersystem.com\/cs\/novinky\/\"},{\"@type\":\"ListItem\",\"position\":3,\"name\":\"Veletrhy Modernlog a ITM Industry Europe 2025\"}]},{\"@type\":\"WebSite\",\"@id\":\"https:\/\/antersystem.com\/cs\/#website\",\"url\":\"https:\/\/antersystem.com\/cs\/\",\"name\":\"Anter System\",\"description\":\"Jeste\u015bmy polskim producentem elastycznych barier ochronnych wykonywanych z polimerowych tworzyw sztucznych. Na rynku krajowym i zagranicznym dzia\u0142amy od ponad 15 lat dbaj\u0105c o zapewnienie bezpiecze\u0144stwa w zak\u0142adach produkcyjnych, magazynach oraz centrach logistycznych.\",\"potentialAction\":[{\"@type\":\"SearchAction\",\"target\":{\"@type\":\"EntryPoint\",\"urlTemplate\":\"https:\/\/antersystem.com\/cs\/?s={search_term_string}\"},\"query-input\":{\"@type\":\"PropertyValueSpecification\",\"valueRequired\":true,\"valueName\":\"search_term_string\"}}],\"inLanguage\":\"cs\"}]}<\/script>\n<!-- \/ Yoast SEO plugin. -->","yoast_head_json":{"title":"Veletrhy Modernlog a ITM Industry Europe 2025 - Anter System","description":"Zpr\u00e1va z veletrhu pr\u016fmyslu a logistiky v Poznani Ve dnech 3.-5. \u010dervna 2025 jsme se z\u00fa\u010dastnili dvou kl\u00ed\u010dov\u00fdch oborov\u00fdch akc\u00ed - Modernlog a ITM Industry","robots":{"index":"index","follow":"follow","max-snippet":"max-snippet:-1","max-image-preview":"max-image-preview:large","max-video-preview":"max-video-preview:-1"},"canonical":"https:\/\/antersystem.com\/cs\/novinky\/trade-fairs-modernlog-and-itm-industry-europe-2025\/","og_locale":"cs_CZ","og_type":"article","og_title":"Veletrhy Modernlog a ITM Industry Europe 2025 - Anter System","og_description":"Zpr\u00e1va z veletrhu pr\u016fmyslu a logistiky v Poznani Ve dnech 3.-5. \u010dervna 2025 jsme se z\u00fa\u010dastnili dvou kl\u00ed\u010dov\u00fdch oborov\u00fdch akc\u00ed - Modernlog a ITM Industry","og_url":"https:\/\/antersystem.com\/cs\/novinky\/trade-fairs-modernlog-and-itm-industry-europe-2025\/","og_site_name":"Anter System","article_modified_time":"2026-02-02T14:23:24+00:00","og_image":[{"url":"https:\/\/antersystem.com\/wp-content\/uploads\/modernlog-2025-011-683x1024.png","type":"","width":"","height":""}],"twitter_card":"summary_large_image","twitter_misc":{"Odhadovan\u00e1 doba \u010dten\u00ed":"3 minuty"},"schema":{"@context":"https:\/\/schema.org","@graph":[{"@type":"WebPage","@id":"https:\/\/antersystem.com\/cs\/novinky\/trade-fairs-modernlog-and-itm-industry-europe-2025\/","url":"https:\/\/antersystem.com\/cs\/novinky\/trade-fairs-modernlog-and-itm-industry-europe-2025\/","name":"Veletrhy Modernlog a ITM Industry Europe 2025 - Anter System","isPartOf":{"@id":"https:\/\/antersystem.com\/cs\/#website"},"primaryImageOfPage":{"@id":"https:\/\/antersystem.com\/cs\/novinky\/trade-fairs-modernlog-and-itm-industry-europe-2025\/#primaryimage"},"image":{"@id":"https:\/\/antersystem.com\/cs\/novinky\/trade-fairs-modernlog-and-itm-industry-europe-2025\/#primaryimage"},"thumbnailUrl":"https:\/\/antersystem.com\/wp-content\/uploads\/modernlog-2025-011-683x1024.png","datePublished":"2025-06-09T06:46:29+00:00","dateModified":"2026-02-02T14:23:24+00:00","description":"Zpr\u00e1va z veletrhu pr\u016fmyslu a logistiky v Poznani Ve dnech 3.-5. \u010dervna 2025 jsme se z\u00fa\u010dastnili dvou kl\u00ed\u010dov\u00fdch oborov\u00fdch akc\u00ed - Modernlog a ITM Industry","breadcrumb":{"@id":"https:\/\/antersystem.com\/cs\/novinky\/trade-fairs-modernlog-and-itm-industry-europe-2025\/#breadcrumb"},"inLanguage":"cs","potentialAction":[{"@type":"ReadAction","target":["https:\/\/antersystem.com\/cs\/novinky\/trade-fairs-modernlog-and-itm-industry-europe-2025\/"]}]},{"@type":"ImageObject","inLanguage":"cs","@id":"https:\/\/antersystem.com\/cs\/novinky\/trade-fairs-modernlog-and-itm-industry-europe-2025\/#primaryimage","url":"https:\/\/antersystem.com\/wp-content\/uploads\/modernlog-2025-011-683x1024.png","contentUrl":"https:\/\/antersystem.com\/wp-content\/uploads\/modernlog-2025-011-683x1024.png"},{"@type":"BreadcrumbList","@id":"https:\/\/antersystem.com\/cs\/novinky\/trade-fairs-modernlog-and-itm-industry-europe-2025\/#breadcrumb","itemListElement":[{"@type":"ListItem","position":1,"name":"AnterSystem","item":"https:\/\/antersystem.com\/cs\/"},{"@type":"ListItem","position":2,"name":"Zpr\u00e1vy","item":"https:\/\/antersystem.com\/cs\/novinky\/"},{"@type":"ListItem","position":3,"name":"Veletrhy Modernlog a ITM Industry Europe 2025"}]},{"@type":"WebSite","@id":"https:\/\/antersystem.com\/cs\/#website","url":"https:\/\/antersystem.com\/cs\/","name":"Anter System","description":"Jeste\u015bmy polskim producentem elastycznych barier ochronnych wykonywanych z polimerowych tworzyw sztucznych. Na rynku krajowym i zagranicznym dzia\u0142amy od ponad 15 lat dbaj\u0105c o zapewnienie bezpiecze\u0144stwa w zak\u0142adach produkcyjnych, magazynach oraz centrach logistycznych.","potentialAction":[{"@type":"SearchAction","target":{"@type":"EntryPoint","urlTemplate":"https:\/\/antersystem.com\/cs\/?s={search_term_string}"},"query-input":{"@type":"PropertyValueSpecification","valueRequired":true,"valueName":"search_term_string"}}],"inLanguage":"cs"}]}},"_links":{"self":[{"href":"https:\/\/antersystem.com\/cs\/wp-json\/wp\/v2\/pages\/38985","targetHints":{"allow":["GET"]}}],"collection":[{"href":"https:\/\/antersystem.com\/cs\/wp-json\/wp\/v2\/pages"}],"about":[{"href":"https:\/\/antersystem.com\/cs\/wp-json\/wp\/v2\/types\/page"}],"author":[{"embeddable":true,"href":"https:\/\/antersystem.com\/cs\/wp-json\/wp\/v2\/users\/11"}],"replies":[{"embeddable":true,"href":"https:\/\/antersystem.com\/cs\/wp-json\/wp\/v2\/comments?post=38985"}],"version-history":[{"count":1,"href":"https:\/\/antersystem.com\/cs\/wp-json\/wp\/v2\/pages\/38985\/revisions"}],"predecessor-version":[{"id":38987,"href":"https:\/\/antersystem.com\/cs\/wp-json\/wp\/v2\/pages\/38985\/revisions\/38987"}],"up":[{"embeddable":true,"href":"https:\/\/antersystem.com\/cs\/wp-json\/wp\/v2\/pages\/30524"}],"wp:attachment":[{"href":"https:\/\/antersystem.com\/cs\/wp-json\/wp\/v2\/media?parent=38985"}],"curies":[{"name":"wp","href":"https:\/\/api.w.org\/{rel}","templated":true}]}}