{"id":39207,"date":"2024-02-08T14:55:05","date_gmt":"2024-02-08T13:55:05","guid":{"rendered":"https:\/\/antersystem.com\/novinky\/warehouse-logistics-at-the-trade-fair-intralogistica-2024\/"},"modified":"2026-02-04T11:22:29","modified_gmt":"2026-02-04T10:22:29","slug":"warehouse-logistics-at-the-trade-fair-intralogistica-2024","status":"publish","type":"page","link":"https:\/\/antersystem.com\/cs\/novinky\/warehouse-logistics-at-the-trade-fair-intralogistica-2024\/","title":{"rendered":"Skladov\u00e1 logistika na veletrhu"},"content":{"rendered":"\n<div class=\"wp-block-columns is-layout-flex wp-container-core-columns-is-layout-9d6595d7 wp-block-columns-is-layout-flex\">\n  \n  <div class=\"wp-block-column is-layout-flow wp-block-column-is-layout-flow\">\n    \n    <h3 class=\"wp-block-heading\"><\/h3>\n    \n\n    \n    <div class=\"wp-block-columns is-layout-flex wp-container-core-columns-is-layout-9d6595d7 wp-block-columns-is-layout-flex\">\n      \n      <div class=\"wp-block-column is-layout-flow wp-block-column-is-layout-flow\" style=\"flex-basis:10%\"><\/div>\n      \n\n      \n      <div class=\"wp-block-column is-layout-flow wp-block-column-is-layout-flow\">\n        \n        <h3 class=\"wp-block-heading\"><strong> <\/strong>Intralogistica Poland EXPO &#8211; 24.-26. ledna 2024<\/h3>\n        \n\n        \n        <p>Z\u00e1\u017eitek je nyn\u00ed za n\u00e1mi &#8211; a \u017ee to byl z\u00e1\u017eitek! R\u00e1di bychom pod\u011bkovali za n\u00e1v\u0161t\u011bvu na\u0161eho st\u00e1nku s <a href=\"https:\/\/antersystem.com\/kategorie_produktow\/bariery-bezpieczenstwa-dla-pieszych\/\">Flexibiln\u00edmi bezpe\u010dnostn\u00edmi bari\u00e9rami a<\/a> za skv\u011blou atmosf\u00e9ru, kterou jsme spole\u010dn\u011b s n\u00e1v\u0161t\u011bvn\u00edky i organiz\u00e1tory vytvo\u0159ili. Jsme obzvl\u00e1\u0161t\u011b spokojeni, \u017ee jsme mohli prezentovat na\u0161e <a href=\"https:\/\/antersystem.com\/kategorie_produktow\/technika-zaladunkowa\/\">\u0159e\u0161en\u00ed Loading Technology,<\/a> kter\u00e1 zat\u00edm nejsou na trhu p\u0159\u00edli\u0161 zn\u00e1m\u00e1, ale v\u00fdznamn\u011b zlep\u0161uj\u00ed p\u0159ekl\u00e1dkov\u00e9 procesy. Jako v\u00fdrobce bezpe\u010dnostn\u00edch podp\u011br a ru\u010dn\u00edch z\u00e1mk\u016f kol podporujeme kulturu bezpe\u010dn\u00e9 pr\u00e1ce a chytr\u00e9 vyu\u017e\u00edv\u00e1n\u00ed n\u00e1stroj\u016f dostupn\u00fdch v integrovan\u00fdch syst\u00e9mech \u0159\u00edzen\u00ed logistiky.   <\/p>\n        \n\n        \n        <p>Veletrhy, jako je tento, nab\u00edzej\u00ed \u0161irok\u00fd p\u0159ehled o d\u011bn\u00ed v oboru &#8211; inspiruj\u00ed, propojuj\u00ed a umo\u017e\u0148uj\u00ed n\u00e1m setkat se s l\u00eddry, kte\u0159\u00ed se s n\u00e1mi pod\u011bl\u00ed o sv\u00e9 zku\u0161enosti a \u00fasp\u011bchy. R\u00e1di bychom vyj\u00e1d\u0159ili pod\u011bkov\u00e1n\u00ed za: <\/p>\n        \n\n        \n        <ul class=\"wp-block-list\"><li>Rozhovory o n\u00e1ro\u010dn\u00fdch pracovn\u00edch procesech, kter\u00e9 vy\u017eaduj\u00ed p\u0159\u00edli\u0161 mnoho du\u0161evn\u00edho \u00fasil\u00ed &#8211; \u00favaha inspirovan\u00e1 akademick\u00fdm odborn\u00edkem, kter\u00e9ho jsme na akci potkali.<\/li>\n          <li>Zv\u011bdavost a f\u00e9rov\u00fd p\u0159\u00edstup ostatn\u00edch spole\u010dnost\u00ed, dokonce i konkurence.<\/li>\n          <li>Otev\u0159enost, s jakou p\u0159ekra\u010dujete obchodn\u00ed role a setk\u00e1v\u00e1te se s n\u00e1mi osobn\u011b, s up\u0159\u00edmnost\u00ed a nadhledem diskutujete o ka\u017edodenn\u00edch rizic\u00edch na pracovi\u0161ti.<\/li>\n          <li>Poutav\u00e9 diskuse a v\u00fdm\u011bna n\u00e1zor\u016f.<\/li>\n          <li>\u010cas, kter\u00fd jste v\u011bnovali sezn\u00e1men\u00ed s na\u0161\u00ed nab\u00eddkou a prohl\u00eddce na\u0161ich flexibiln\u00edch bezpe\u010dnostn\u00edch bari\u00e9r v akci.<\/li>\n          <li>Va\u0161e mil\u00e1 slova a ocen\u011bn\u00ed designu a estetick\u00e9 hodnoty na\u0161eho st\u00e1nku a v\u00fdrobk\u016f.<\/li>\n        <\/ul>\n\n        \n        <p>Uji\u0161\u0165ujeme v\u00e1s, \u017ee v\u00e1m poskytneme pouze relevantn\u00ed informace. Jsme v\u017edy otev\u0159eni n\u00e1v\u0161t\u011bv\u011b va\u0161eho skladu nebo v\u00fdrobn\u00edho z\u00e1vodu, abychom v\u00e1m poradili s nejefektivn\u011bj\u0161\u00edmi bezpe\u010dnostn\u00edmi \u0159e\u0161en\u00edmi pro v\u00e1\u0161 podnik. Na\u0161e kontaktn\u00ed \u00fadaje najdete na na\u0161ich webov\u00fdch str\u00e1nk\u00e1ch.  <\/p>\n        \n\n      <\/div>\n      \n\n      \n      <div class=\"wp-block-column is-layout-flow wp-block-column-is-layout-flow\" style=\"flex-basis:10%\"><\/div>\n      \n    <\/div>\n    \n\n    \n    ngg_shortcode_0_placeholder\n    \n  <\/div>\n  \n<\/div>\n","protected":false},"excerpt":{"rendered":"<p>Intralogistica Poland EXPO &#8211; 24.-26. ledna 2024 Z\u00e1\u017eitek je nyn\u00ed za n\u00e1mi &#8211; a \u017ee to byl z\u00e1\u017eitek! R\u00e1di bychom pod\u011bkovali za n\u00e1v\u0161t\u011bvu na\u0161eho st\u00e1nku s Flexibiln\u00edmi bezpe\u010dnostn\u00edmi bari\u00e9rami a za skv\u011blou atmosf\u00e9ru, kterou jsme spole\u010dn\u011b s n\u00e1v\u0161t\u011bvn\u00edky i organiz\u00e1tory vytvo\u0159ili. Jsme obzvl\u00e1\u0161t\u011b spokojeni, \u017ee jsme mohli prezentovat na\u0161e \u0159e\u0161en\u00ed Loading Technology, kter\u00e1 zat\u00edm nejsou [&hellip;]<\/p>\n","protected":false},"author":1,"featured_media":0,"parent":30524,"menu_order":0,"comment_status":"closed","ping_status":"closed","template":"","meta":{"inline_featured_image":false,"ngg_post_thumbnail":0,"footnotes":""},"class_list":["post-39207","page","type-page","status-publish","hentry"],"acf":[],"yoast_head":"<!-- This site is optimized with the Yoast SEO plugin v27.0 - https:\/\/yoast.com\/product\/yoast-seo-wordpress\/ -->\n<title>Skladov\u00e1 logistika na veletrhu - Anter System<\/title>\n<meta name=\"description\" content=\"Intralogistica Poland EXPO - 24.-26. ledna 2024 Z\u00e1\u017eitek je nyn\u00ed za n\u00e1mi - a \u017ee to byl z\u00e1\u017eitek! R\u00e1di bychom pod\u011bkovali za n\u00e1v\u0161t\u011bvu na\u0161eho st\u00e1nku s\" \/>\n<meta name=\"robots\" content=\"index, follow, max-snippet:-1, max-image-preview:large, max-video-preview:-1\" \/>\n<link rel=\"canonical\" href=\"https:\/\/antersystem.com\/cs\/novinky\/warehouse-logistics-at-the-trade-fair-intralogistica-2024\/\" \/>\n<meta property=\"og:locale\" content=\"cs_CZ\" \/>\n<meta property=\"og:type\" content=\"article\" \/>\n<meta property=\"og:title\" content=\"Skladov\u00e1 logistika na veletrhu - Anter System\" \/>\n<meta property=\"og:description\" content=\"Intralogistica Poland EXPO - 24.-26. ledna 2024 Z\u00e1\u017eitek je nyn\u00ed za n\u00e1mi - a \u017ee to byl z\u00e1\u017eitek! R\u00e1di bychom pod\u011bkovali za n\u00e1v\u0161t\u011bvu na\u0161eho st\u00e1nku s\" \/>\n<meta property=\"og:url\" content=\"https:\/\/antersystem.com\/cs\/novinky\/warehouse-logistics-at-the-trade-fair-intralogistica-2024\/\" \/>\n<meta property=\"og:site_name\" content=\"Anter System\" \/>\n<meta property=\"article:modified_time\" content=\"2026-02-04T10:22:29+00:00\" \/>\n<meta name=\"twitter:card\" content=\"summary_large_image\" \/>\n<meta name=\"twitter:label1\" content=\"Odhadovan\u00e1 doba \u010dten\u00ed\" \/>\n\t<meta name=\"twitter:data1\" content=\"2 minuty\" \/>\n<script type=\"application\/ld+json\" class=\"yoast-schema-graph\">{\"@context\":\"https:\/\/schema.org\",\"@graph\":[{\"@type\":\"WebPage\",\"@id\":\"https:\/\/antersystem.com\/cs\/novinky\/warehouse-logistics-at-the-trade-fair-intralogistica-2024\/\",\"url\":\"https:\/\/antersystem.com\/cs\/novinky\/warehouse-logistics-at-the-trade-fair-intralogistica-2024\/\",\"name\":\"Skladov\u00e1 logistika na veletrhu - Anter System\",\"isPartOf\":{\"@id\":\"https:\/\/antersystem.com\/cs\/#website\"},\"datePublished\":\"2024-02-08T13:55:05+00:00\",\"dateModified\":\"2026-02-04T10:22:29+00:00\",\"description\":\"Intralogistica Poland EXPO - 24.-26. ledna 2024 Z\u00e1\u017eitek je nyn\u00ed za n\u00e1mi - a \u017ee to byl z\u00e1\u017eitek! R\u00e1di bychom pod\u011bkovali za n\u00e1v\u0161t\u011bvu na\u0161eho st\u00e1nku s\",\"breadcrumb\":{\"@id\":\"https:\/\/antersystem.com\/cs\/novinky\/warehouse-logistics-at-the-trade-fair-intralogistica-2024\/#breadcrumb\"},\"inLanguage\":\"cs\",\"potentialAction\":[{\"@type\":\"ReadAction\",\"target\":[\"https:\/\/antersystem.com\/cs\/novinky\/warehouse-logistics-at-the-trade-fair-intralogistica-2024\/\"]}]},{\"@type\":\"BreadcrumbList\",\"@id\":\"https:\/\/antersystem.com\/cs\/novinky\/warehouse-logistics-at-the-trade-fair-intralogistica-2024\/#breadcrumb\",\"itemListElement\":[{\"@type\":\"ListItem\",\"position\":1,\"name\":\"AnterSystem\",\"item\":\"https:\/\/antersystem.com\/cs\/\"},{\"@type\":\"ListItem\",\"position\":2,\"name\":\"Zpr\u00e1vy\",\"item\":\"https:\/\/antersystem.com\/cs\/novinky\/\"},{\"@type\":\"ListItem\",\"position\":3,\"name\":\"Skladov\u00e1 logistika na veletrhu\"}]},{\"@type\":\"WebSite\",\"@id\":\"https:\/\/antersystem.com\/cs\/#website\",\"url\":\"https:\/\/antersystem.com\/cs\/\",\"name\":\"Anter System\",\"description\":\"Jeste\u015bmy polskim producentem elastycznych barier ochronnych wykonywanych z polimerowych tworzyw sztucznych. Na rynku krajowym i zagranicznym dzia\u0142amy od ponad 15 lat dbaj\u0105c o zapewnienie bezpiecze\u0144stwa w zak\u0142adach produkcyjnych, magazynach oraz centrach logistycznych.\",\"potentialAction\":[{\"@type\":\"SearchAction\",\"target\":{\"@type\":\"EntryPoint\",\"urlTemplate\":\"https:\/\/antersystem.com\/cs\/?s={search_term_string}\"},\"query-input\":{\"@type\":\"PropertyValueSpecification\",\"valueRequired\":true,\"valueName\":\"search_term_string\"}}],\"inLanguage\":\"cs\"}]}<\/script>\n<!-- \/ Yoast SEO plugin. -->","yoast_head_json":{"title":"Skladov\u00e1 logistika na veletrhu - Anter System","description":"Intralogistica Poland EXPO - 24.-26. ledna 2024 Z\u00e1\u017eitek je nyn\u00ed za n\u00e1mi - a \u017ee to byl z\u00e1\u017eitek! R\u00e1di bychom pod\u011bkovali za n\u00e1v\u0161t\u011bvu na\u0161eho st\u00e1nku s","robots":{"index":"index","follow":"follow","max-snippet":"max-snippet:-1","max-image-preview":"max-image-preview:large","max-video-preview":"max-video-preview:-1"},"canonical":"https:\/\/antersystem.com\/cs\/novinky\/warehouse-logistics-at-the-trade-fair-intralogistica-2024\/","og_locale":"cs_CZ","og_type":"article","og_title":"Skladov\u00e1 logistika na veletrhu - Anter System","og_description":"Intralogistica Poland EXPO - 24.-26. ledna 2024 Z\u00e1\u017eitek je nyn\u00ed za n\u00e1mi - a \u017ee to byl z\u00e1\u017eitek! R\u00e1di bychom pod\u011bkovali za n\u00e1v\u0161t\u011bvu na\u0161eho st\u00e1nku s","og_url":"https:\/\/antersystem.com\/cs\/novinky\/warehouse-logistics-at-the-trade-fair-intralogistica-2024\/","og_site_name":"Anter System","article_modified_time":"2026-02-04T10:22:29+00:00","twitter_card":"summary_large_image","twitter_misc":{"Odhadovan\u00e1 doba \u010dten\u00ed":"2 minuty"},"schema":{"@context":"https:\/\/schema.org","@graph":[{"@type":"WebPage","@id":"https:\/\/antersystem.com\/cs\/novinky\/warehouse-logistics-at-the-trade-fair-intralogistica-2024\/","url":"https:\/\/antersystem.com\/cs\/novinky\/warehouse-logistics-at-the-trade-fair-intralogistica-2024\/","name":"Skladov\u00e1 logistika na veletrhu - Anter System","isPartOf":{"@id":"https:\/\/antersystem.com\/cs\/#website"},"datePublished":"2024-02-08T13:55:05+00:00","dateModified":"2026-02-04T10:22:29+00:00","description":"Intralogistica Poland EXPO - 24.-26. ledna 2024 Z\u00e1\u017eitek je nyn\u00ed za n\u00e1mi - a \u017ee to byl z\u00e1\u017eitek! R\u00e1di bychom pod\u011bkovali za n\u00e1v\u0161t\u011bvu na\u0161eho st\u00e1nku s","breadcrumb":{"@id":"https:\/\/antersystem.com\/cs\/novinky\/warehouse-logistics-at-the-trade-fair-intralogistica-2024\/#breadcrumb"},"inLanguage":"cs","potentialAction":[{"@type":"ReadAction","target":["https:\/\/antersystem.com\/cs\/novinky\/warehouse-logistics-at-the-trade-fair-intralogistica-2024\/"]}]},{"@type":"BreadcrumbList","@id":"https:\/\/antersystem.com\/cs\/novinky\/warehouse-logistics-at-the-trade-fair-intralogistica-2024\/#breadcrumb","itemListElement":[{"@type":"ListItem","position":1,"name":"AnterSystem","item":"https:\/\/antersystem.com\/cs\/"},{"@type":"ListItem","position":2,"name":"Zpr\u00e1vy","item":"https:\/\/antersystem.com\/cs\/novinky\/"},{"@type":"ListItem","position":3,"name":"Skladov\u00e1 logistika na veletrhu"}]},{"@type":"WebSite","@id":"https:\/\/antersystem.com\/cs\/#website","url":"https:\/\/antersystem.com\/cs\/","name":"Anter System","description":"Jeste\u015bmy polskim producentem elastycznych barier ochronnych wykonywanych z polimerowych tworzyw sztucznych. Na rynku krajowym i zagranicznym dzia\u0142amy od ponad 15 lat dbaj\u0105c o zapewnienie bezpiecze\u0144stwa w zak\u0142adach produkcyjnych, magazynach oraz centrach logistycznych.","potentialAction":[{"@type":"SearchAction","target":{"@type":"EntryPoint","urlTemplate":"https:\/\/antersystem.com\/cs\/?s={search_term_string}"},"query-input":{"@type":"PropertyValueSpecification","valueRequired":true,"valueName":"search_term_string"}}],"inLanguage":"cs"}]}},"_links":{"self":[{"href":"https:\/\/antersystem.com\/cs\/wp-json\/wp\/v2\/pages\/39207","targetHints":{"allow":["GET"]}}],"collection":[{"href":"https:\/\/antersystem.com\/cs\/wp-json\/wp\/v2\/pages"}],"about":[{"href":"https:\/\/antersystem.com\/cs\/wp-json\/wp\/v2\/types\/page"}],"author":[{"embeddable":true,"href":"https:\/\/antersystem.com\/cs\/wp-json\/wp\/v2\/users\/1"}],"replies":[{"embeddable":true,"href":"https:\/\/antersystem.com\/cs\/wp-json\/wp\/v2\/comments?post=39207"}],"version-history":[{"count":3,"href":"https:\/\/antersystem.com\/cs\/wp-json\/wp\/v2\/pages\/39207\/revisions"}],"predecessor-version":[{"id":39220,"href":"https:\/\/antersystem.com\/cs\/wp-json\/wp\/v2\/pages\/39207\/revisions\/39220"}],"up":[{"embeddable":true,"href":"https:\/\/antersystem.com\/cs\/wp-json\/wp\/v2\/pages\/30524"}],"wp:attachment":[{"href":"https:\/\/antersystem.com\/cs\/wp-json\/wp\/v2\/media?parent=39207"}],"curies":[{"name":"wp","href":"https:\/\/api.w.org\/{rel}","templated":true}]}}