{"id":39387,"date":"2024-12-10T10:04:39","date_gmt":"2024-12-10T09:04:39","guid":{"rendered":"https:\/\/antersystem.com\/novinky\/summary-of-the-technical-conference-in-swarzedz\/"},"modified":"2026-02-04T12:37:18","modified_gmt":"2026-02-04T11:37:18","slug":"summary-of-the-technical-conference-in-swarzedz","status":"publish","type":"page","link":"https:\/\/antersystem.com\/cs\/novinky\/summary-of-the-technical-conference-in-swarzedz\/","title":{"rendered":"Shrnut\u00ed technick\u00e9 konference ve Swarz\u0119dzu"},"content":{"rendered":"\n<div class=\"wp-block-columns is-layout-flex wp-container-core-columns-is-layout-9d6595d7 wp-block-columns-is-layout-flex\">\n<div class=\"wp-block-column is-layout-flow wp-block-column-is-layout-flow\">\n<h2 class=\"wp-block-heading\">Shrnut\u00ed technick\u00e9 konference ve Swarz\u0119dzu &#8211; 5. prosince 2024<\/h2>\n\n\n\n<div class=\"wp-block-columns is-layout-flex wp-container-core-columns-is-layout-9d6595d7 wp-block-columns-is-layout-flex\">\n<div class=\"wp-block-column is-layout-flow wp-block-column-is-layout-flow\" style=\"flex-basis:10%\"><\/div>\n\n\n\n<div class=\"wp-block-column is-layout-flow wp-block-column-is-layout-flow\">\n<p>Dne 5. prosince <strong>se<\/strong> ve Swarz\u0119dzu u Poznan\u011b <strong>konala<\/strong> technick\u00e1 konference s n\u00e1zvem &#8220; <strong>Optimalizace intralogistick\u00fdch a skladov\u00fdch proces\u016f&#8220;<\/strong>, kterou po\u0159\u00e1dala spole\u010dnost Axon Media a partnerem byla spole\u010dnost Anter System. Na akci se se\u0161li odborn\u00edci z logistick\u00e9ho pr\u016fmyslu, kte\u0159\u00ed se pod\u011blili o sv\u00e9 znalosti a zku\u0161enosti v oblasti inovativn\u00edch technologi\u00ed zlep\u0161uj\u00edc\u00edch skladov\u00e9 operace. <\/p>\n\n\n\n<p><strong>Diskutovan\u00e1 t\u00e9mata zahrnovala mimo jin\u00e9:<\/strong><\/p>\n\n\n\n<p>1. <strong>Automatizace a robotizace sklad\u016f &#8211;<\/strong> b\u011bhem prezentac\u00ed se \u00fa\u010dastn\u00edci sezn\u00e1mili s \u0159e\u0161en\u00edmi, jako jsou automatizovan\u00e9 skladovac\u00ed syst\u00e9my, skladovac\u00ed roboti a autonomn\u00ed dopravn\u00ed syst\u00e9my.<\/p>\n\n\n\n<p>2. <strong>Technologie budoucnosti &#8211;<\/strong> \u0159e\u010dn\u00edci hovo\u0159ili mimo jin\u00e9 o vyu\u017eit\u00ed um\u011bl\u00e9 inteligence v syst\u00e9mech WMS, pokro\u010dil\u00fdch identifika\u010dn\u00edch technologi\u00edch, jako je RFID, a inteligentn\u00edch mobiln\u00edch \u0159e\u0161en\u00edch.<\/p>\n\n\n\n<p>3. <strong>Energetick\u00e1 \u00fa\u010dinnost a udr\u017eitelnost &#8211;<\/strong> byla p\u0159edstavena inovativn\u00ed \u0159e\u0161en\u00ed, v\u010detn\u011b modernizace osv\u011btlen\u00ed sklad\u016f a v\u00fdrobn\u00edch proces\u016f \u0161etrn\u00fdch k \u017eivotn\u00edmu prost\u0159ed\u00ed.<\/p>\n\n\n\n<p>4. <strong>Projektov\u00e1n\u00ed sklad\u016f a \u0159\u00edzen\u00ed z\u00e1sob &#8211;<\/strong> prezentace se t\u00fdkaly nap\u0159\u00edklad projektov\u00e1n\u00ed skladov\u00fdch prostor, \u0159\u00edzen\u00ed z\u00e1sob v konsigna\u010dn\u00edch skladech a projektov\u00e9ho poradenstv\u00ed.<\/p>\n\n\n\n<ol class=\"wp-block-list\"><\/ol>\n\n\n<p>Konference m\u011bla formu p\u0159edn\u00e1\u0161ek a konzultac\u00ed, co\u017e \u00fa\u010dastn\u00edk\u016fm umo\u017enilo prozkoumat \u0159adu p\u0159\u00edpadov\u00fdch studi\u00ed a sezn\u00e1mit se s praktick\u00fdmi p\u0159\u00edklady zav\u00e1d\u011bn\u00ed modern\u00edch technologi\u00ed p\u0159izp\u016fsoben\u00fdch specifik\u016fm v\u00fdrobn\u00edch podnik\u016f a jejich zdroj\u016f.<\/p>\n\n\n\n<p><strong>Setk\u00e1n\u00ed a diskuse o budoucnosti odv\u011btv\u00ed<\/strong><\/p>\n\n\n\n<p>Akce byla tak\u00e9 <strong>skv\u011blou p\u0159\u00edle\u017eitost\u00ed k v\u00fdm\u011bn\u011b zku\u0161enost\u00ed a<\/strong> navazov\u00e1n\u00ed obchodn\u00edch vztah\u016f a nab\u00eddla p\u0159ehled nejnov\u011bj\u0161\u00edch trend\u016f v logistice. Rozhovory mezi specialisty a odborn\u00edky spole\u010dnosti Anter System v takto p\u0159\u00edzniv\u00e9 atmosf\u00e9\u0159e jsou v\u017edy <strong>cenn\u00e9 v souvislosti s dal\u0161\u00edm rozvojem na\u0161\u00ed nab\u00eddky<\/strong> modul\u00e1rn\u00edch flexibiln\u00edch bezpe\u010dnostn\u00edch bari\u00e9rov\u00fdch syst\u00e9m\u016f <strong>, kter\u00e9<\/strong> odpov\u00eddaj\u00ed pot\u0159eb\u00e1m rychle se vyv\u00edjej\u00edc\u00edho odv\u011btv\u00ed intralogistiky. <\/p>\n\n\n\n<p>D\u011bkujeme za v\u0161echny diskuse o sm\u011brech v\u00fdvoje a o\u010dek\u00e1v\u00e1n\u00edch t\u00fdkaj\u00edc\u00edch se ochrany skladov\u00fdch prostor. Uvid\u00edme se na nadch\u00e1zej\u00edc\u00edch oborov\u00fdch konferenc\u00edch!   <\/p>\n\n\n\n<div class=\"wp-block-columns is-layout-flex wp-container-core-columns-is-layout-9d6595d7 wp-block-columns-is-layout-flex\">\n<div class=\"wp-block-column is-layout-flow wp-block-column-is-layout-flow\"><\/div>\n\n\n\n<div class=\"wp-block-column is-layout-flow wp-block-column-is-layout-flow\"><\/div>\n\n\n\n<div class=\"wp-block-column is-layout-flow wp-block-column-is-layout-flow\"><\/div>\n<\/div>\n<\/div>\n\n\n\n<div class=\"wp-block-column is-layout-flow wp-block-column-is-layout-flow\" style=\"flex-basis:10%\"><\/div>\n<\/div>\n\n\n\nngg_shortcode_0_placeholder\n<\/div>\n<\/div>\n","protected":false},"excerpt":{"rendered":"<p>Shrnut\u00ed technick\u00e9 konference ve Swarz\u0119dzu &#8211; 5. prosince 2024 Dne 5. prosince se ve Swarz\u0119dzu u Poznan\u011b konala technick\u00e1 konference s n\u00e1zvem &#8220; Optimalizace intralogistick\u00fdch a skladov\u00fdch proces\u016f&#8220;, kterou po\u0159\u00e1dala spole\u010dnost Axon Media a partnerem byla spole\u010dnost Anter System. Na akci se se\u0161li odborn\u00edci z logistick\u00e9ho pr\u016fmyslu, kte\u0159\u00ed se pod\u011blili o sv\u00e9 znalosti a zku\u0161enosti [&hellip;]<\/p>\n","protected":false},"author":1,"featured_media":0,"parent":30524,"menu_order":0,"comment_status":"closed","ping_status":"closed","template":"","meta":{"inline_featured_image":false,"ngg_post_thumbnail":0,"footnotes":""},"class_list":["post-39387","page","type-page","status-publish","hentry"],"acf":[],"yoast_head":"<!-- This site is optimized with the Yoast SEO plugin v27.0 - https:\/\/yoast.com\/product\/yoast-seo-wordpress\/ -->\n<title>Shrnut\u00ed technick\u00e9 konference ve Swarz\u0119dzu - Anter System<\/title>\n<meta name=\"description\" content=\"Shrnut\u00ed technick\u00e9 konference ve Swarz\u0119dzu - 5. prosince 2024 Dne 5. prosince se ve Swarz\u0119dzu u Poznan\u011b konala technick\u00e1 konference s n\u00e1zvem &quot; Optimalizace\" \/>\n<meta name=\"robots\" content=\"index, follow, max-snippet:-1, max-image-preview:large, max-video-preview:-1\" \/>\n<link rel=\"canonical\" href=\"https:\/\/antersystem.com\/cs\/novinky\/summary-of-the-technical-conference-in-swarzedz\/\" \/>\n<meta property=\"og:locale\" content=\"cs_CZ\" \/>\n<meta property=\"og:type\" content=\"article\" \/>\n<meta property=\"og:title\" content=\"Shrnut\u00ed technick\u00e9 konference ve Swarz\u0119dzu - Anter System\" \/>\n<meta property=\"og:description\" content=\"Shrnut\u00ed technick\u00e9 konference ve Swarz\u0119dzu - 5. prosince 2024 Dne 5. prosince se ve Swarz\u0119dzu u Poznan\u011b konala technick\u00e1 konference s n\u00e1zvem &quot; Optimalizace\" \/>\n<meta property=\"og:url\" content=\"https:\/\/antersystem.com\/cs\/novinky\/summary-of-the-technical-conference-in-swarzedz\/\" \/>\n<meta property=\"og:site_name\" content=\"Anter System\" \/>\n<meta property=\"article:modified_time\" content=\"2026-02-04T11:37:18+00:00\" \/>\n<meta name=\"twitter:card\" content=\"summary_large_image\" \/>\n<meta name=\"twitter:label1\" content=\"Odhadovan\u00e1 doba \u010dten\u00ed\" \/>\n\t<meta name=\"twitter:data1\" content=\"2 minuty\" \/>\n<script type=\"application\/ld+json\" class=\"yoast-schema-graph\">{\"@context\":\"https:\/\/schema.org\",\"@graph\":[{\"@type\":\"WebPage\",\"@id\":\"https:\/\/antersystem.com\/cs\/novinky\/summary-of-the-technical-conference-in-swarzedz\/\",\"url\":\"https:\/\/antersystem.com\/cs\/novinky\/summary-of-the-technical-conference-in-swarzedz\/\",\"name\":\"Shrnut\u00ed technick\u00e9 konference ve Swarz\u0119dzu - Anter System\",\"isPartOf\":{\"@id\":\"https:\/\/antersystem.com\/cs\/#website\"},\"datePublished\":\"2024-12-10T09:04:39+00:00\",\"dateModified\":\"2026-02-04T11:37:18+00:00\",\"description\":\"Shrnut\u00ed technick\u00e9 konference ve Swarz\u0119dzu - 5. prosince 2024 Dne 5. prosince se ve Swarz\u0119dzu u Poznan\u011b konala technick\u00e1 konference s n\u00e1zvem \\\" Optimalizace\",\"breadcrumb\":{\"@id\":\"https:\/\/antersystem.com\/cs\/novinky\/summary-of-the-technical-conference-in-swarzedz\/#breadcrumb\"},\"inLanguage\":\"cs\",\"potentialAction\":[{\"@type\":\"ReadAction\",\"target\":[\"https:\/\/antersystem.com\/cs\/novinky\/summary-of-the-technical-conference-in-swarzedz\/\"]}]},{\"@type\":\"BreadcrumbList\",\"@id\":\"https:\/\/antersystem.com\/cs\/novinky\/summary-of-the-technical-conference-in-swarzedz\/#breadcrumb\",\"itemListElement\":[{\"@type\":\"ListItem\",\"position\":1,\"name\":\"AnterSystem\",\"item\":\"https:\/\/antersystem.com\/cs\/\"},{\"@type\":\"ListItem\",\"position\":2,\"name\":\"Zpr\u00e1vy\",\"item\":\"https:\/\/antersystem.com\/cs\/novinky\/\"},{\"@type\":\"ListItem\",\"position\":3,\"name\":\"Shrnut\u00ed technick\u00e9 konference ve Swarz\u0119dzu\"}]},{\"@type\":\"WebSite\",\"@id\":\"https:\/\/antersystem.com\/cs\/#website\",\"url\":\"https:\/\/antersystem.com\/cs\/\",\"name\":\"Anter System\",\"description\":\"Jeste\u015bmy polskim producentem elastycznych barier ochronnych wykonywanych z polimerowych tworzyw sztucznych. Na rynku krajowym i zagranicznym dzia\u0142amy od ponad 15 lat dbaj\u0105c o zapewnienie bezpiecze\u0144stwa w zak\u0142adach produkcyjnych, magazynach oraz centrach logistycznych.\",\"potentialAction\":[{\"@type\":\"SearchAction\",\"target\":{\"@type\":\"EntryPoint\",\"urlTemplate\":\"https:\/\/antersystem.com\/cs\/?s={search_term_string}\"},\"query-input\":{\"@type\":\"PropertyValueSpecification\",\"valueRequired\":true,\"valueName\":\"search_term_string\"}}],\"inLanguage\":\"cs\"}]}<\/script>\n<!-- \/ Yoast SEO plugin. -->","yoast_head_json":{"title":"Shrnut\u00ed technick\u00e9 konference ve Swarz\u0119dzu - Anter System","description":"Shrnut\u00ed technick\u00e9 konference ve Swarz\u0119dzu - 5. prosince 2024 Dne 5. prosince se ve Swarz\u0119dzu u Poznan\u011b konala technick\u00e1 konference s n\u00e1zvem \" Optimalizace","robots":{"index":"index","follow":"follow","max-snippet":"max-snippet:-1","max-image-preview":"max-image-preview:large","max-video-preview":"max-video-preview:-1"},"canonical":"https:\/\/antersystem.com\/cs\/novinky\/summary-of-the-technical-conference-in-swarzedz\/","og_locale":"cs_CZ","og_type":"article","og_title":"Shrnut\u00ed technick\u00e9 konference ve Swarz\u0119dzu - Anter System","og_description":"Shrnut\u00ed technick\u00e9 konference ve Swarz\u0119dzu - 5. prosince 2024 Dne 5. prosince se ve Swarz\u0119dzu u Poznan\u011b konala technick\u00e1 konference s n\u00e1zvem \" Optimalizace","og_url":"https:\/\/antersystem.com\/cs\/novinky\/summary-of-the-technical-conference-in-swarzedz\/","og_site_name":"Anter System","article_modified_time":"2026-02-04T11:37:18+00:00","twitter_card":"summary_large_image","twitter_misc":{"Odhadovan\u00e1 doba \u010dten\u00ed":"2 minuty"},"schema":{"@context":"https:\/\/schema.org","@graph":[{"@type":"WebPage","@id":"https:\/\/antersystem.com\/cs\/novinky\/summary-of-the-technical-conference-in-swarzedz\/","url":"https:\/\/antersystem.com\/cs\/novinky\/summary-of-the-technical-conference-in-swarzedz\/","name":"Shrnut\u00ed technick\u00e9 konference ve Swarz\u0119dzu - Anter System","isPartOf":{"@id":"https:\/\/antersystem.com\/cs\/#website"},"datePublished":"2024-12-10T09:04:39+00:00","dateModified":"2026-02-04T11:37:18+00:00","description":"Shrnut\u00ed technick\u00e9 konference ve Swarz\u0119dzu - 5. prosince 2024 Dne 5. prosince se ve Swarz\u0119dzu u Poznan\u011b konala technick\u00e1 konference s n\u00e1zvem \" Optimalizace","breadcrumb":{"@id":"https:\/\/antersystem.com\/cs\/novinky\/summary-of-the-technical-conference-in-swarzedz\/#breadcrumb"},"inLanguage":"cs","potentialAction":[{"@type":"ReadAction","target":["https:\/\/antersystem.com\/cs\/novinky\/summary-of-the-technical-conference-in-swarzedz\/"]}]},{"@type":"BreadcrumbList","@id":"https:\/\/antersystem.com\/cs\/novinky\/summary-of-the-technical-conference-in-swarzedz\/#breadcrumb","itemListElement":[{"@type":"ListItem","position":1,"name":"AnterSystem","item":"https:\/\/antersystem.com\/cs\/"},{"@type":"ListItem","position":2,"name":"Zpr\u00e1vy","item":"https:\/\/antersystem.com\/cs\/novinky\/"},{"@type":"ListItem","position":3,"name":"Shrnut\u00ed technick\u00e9 konference ve Swarz\u0119dzu"}]},{"@type":"WebSite","@id":"https:\/\/antersystem.com\/cs\/#website","url":"https:\/\/antersystem.com\/cs\/","name":"Anter System","description":"Jeste\u015bmy polskim producentem elastycznych barier ochronnych wykonywanych z polimerowych tworzyw sztucznych. Na rynku krajowym i zagranicznym dzia\u0142amy od ponad 15 lat dbaj\u0105c o zapewnienie bezpiecze\u0144stwa w zak\u0142adach produkcyjnych, magazynach oraz centrach logistycznych.","potentialAction":[{"@type":"SearchAction","target":{"@type":"EntryPoint","urlTemplate":"https:\/\/antersystem.com\/cs\/?s={search_term_string}"},"query-input":{"@type":"PropertyValueSpecification","valueRequired":true,"valueName":"search_term_string"}}],"inLanguage":"cs"}]}},"_links":{"self":[{"href":"https:\/\/antersystem.com\/cs\/wp-json\/wp\/v2\/pages\/39387","targetHints":{"allow":["GET"]}}],"collection":[{"href":"https:\/\/antersystem.com\/cs\/wp-json\/wp\/v2\/pages"}],"about":[{"href":"https:\/\/antersystem.com\/cs\/wp-json\/wp\/v2\/types\/page"}],"author":[{"embeddable":true,"href":"https:\/\/antersystem.com\/cs\/wp-json\/wp\/v2\/users\/1"}],"replies":[{"embeddable":true,"href":"https:\/\/antersystem.com\/cs\/wp-json\/wp\/v2\/comments?post=39387"}],"version-history":[{"count":1,"href":"https:\/\/antersystem.com\/cs\/wp-json\/wp\/v2\/pages\/39387\/revisions"}],"predecessor-version":[{"id":39388,"href":"https:\/\/antersystem.com\/cs\/wp-json\/wp\/v2\/pages\/39387\/revisions\/39388"}],"up":[{"embeddable":true,"href":"https:\/\/antersystem.com\/cs\/wp-json\/wp\/v2\/pages\/30524"}],"wp:attachment":[{"href":"https:\/\/antersystem.com\/cs\/wp-json\/wp\/v2\/media?parent=39387"}],"curies":[{"name":"wp","href":"https:\/\/api.w.org\/{rel}","templated":true}]}}