{"id":39483,"date":"2024-03-27T16:28:30","date_gmt":"2024-03-27T15:28:30","guid":{"rendered":"https:\/\/antersystem.com\/novinky\/automotive-cee-day\/"},"modified":"2026-02-04T13:51:25","modified_gmt":"2026-02-04T12:51:25","slug":"automotive-cee-day","status":"publish","type":"page","link":"https:\/\/antersystem.com\/cs\/novinky\/automotive-cee-day\/","title":{"rendered":"Automobilov\u00fd den st\u0159edn\u00ed a v\u00fdchodn\u00ed Evropy"},"content":{"rendered":"\n<div class=\"wp-block-columns is-layout-flex wp-container-core-columns-is-layout-9d6595d7 wp-block-columns-is-layout-flex\">\n<div class=\"wp-block-column is-layout-flow wp-block-column-is-layout-flow\" style=\"flex-basis:10%\"><\/div>\n\n\n\n<div class=\"wp-block-column is-layout-flow wp-block-column-is-layout-flow\">\n<h3 class=\"wp-block-heading\">9. setk\u00e1n\u00ed n\u00e1kup\u010d\u00edch automobil\u016f &#8211; 18.-19. dubna 2024<\/h3>\n\n\n\n<p><strong>Automotive CEE Day &#8211; akce po\u0159\u00e1dan\u00e1 spole\u010dnost\u00ed AutomotiveSuppliers.pl a m\u011bstem Opole &#8211; je vynikaj\u00edc\u00ed p\u0159\u00edle\u017eitost\u00ed k setk\u00e1n\u00ed s kl\u00ed\u010dov\u00fdmi hr\u00e1\u010di automobilov\u00e9ho pr\u016fmyslu.<\/strong>  Ve dnech 18. a 19. dubna se v Opole sejdou z\u00e1stupci velk\u00fdch v\u00fdrobc\u016f automobil\u016f i dodavatel\u016f Tier 1.<\/p>\n\n\n\n<p>B\u011bhem dvou dn\u016f budou m\u00edt \u00fa\u010dastn\u00edci mo\u017enost setkat se s klienty, kte\u0159\u00ed jsou pro n\u011b nejd\u016fle\u017eit\u011bj\u0161\u00ed, a p\u0159edstavit sv\u00e9 v\u00fdrobn\u00ed a servisn\u00ed mo\u017enosti. Jak organiz\u00e1to\u0159i zd\u016fraz\u0148uj\u00ed, akce vyu\u017e\u00edv\u00e1 pokro\u010dilou platformu B2B matchmakingu, kter\u00e1 umo\u017e\u0148uje p\u0159esn\u00e9 p\u00e1rov\u00e1n\u00ed obchodn\u00edch partner\u016f. Slibuje, \u017ee p\u016fjde o dynamickou ud\u00e1lost v automobilov\u00e9m sv\u011bt\u011b &#8211; a douf\u00e1me, \u017ee s vynikaj\u00edc\u00edmi v\u00fdsledky. O\u010dek\u00e1v\u00e1 se velk\u00fd po\u010det z\u00e1stupc\u016f jak z glob\u00e1ln\u00edch korporac\u00ed, tak z m\u00edstn\u00edch trh\u016f.   <\/p>\n\n\n\n<p>T\u011b\u0161\u00edme se tak\u00e9 na setk\u00e1n\u00ed s potenci\u00e1ln\u00edmi obchodn\u00edmi a technologick\u00fdmi partnery, s nimi\u017e si budeme moci vym\u011b\u0148ovat n\u00e1pady, dojmy a know-how. Ji\u017e 15 let z\u00edsk\u00e1v\u00e1me zku\u0161enosti v <strong>automobilov\u00e9m pr\u016fmyslu a dod\u00e1v\u00e1me v\u00fdznamn\u00fdm v\u00fdrobc\u016fm syst\u00e9my, kter\u00e9 zvy\u0161uj\u00ed bezpe\u010dnost a p\u0159izp\u016fsobuj\u00ed se dynamick\u00fdm zm\u011bn\u00e1m.<\/strong> Na\u0161e <a href=\"https:\/\/antersystem.com\/kategorie_produktow\/bariery-bezpieczenstwa-dla-pieszych\/\">v\u00fdrobky zaji\u0161\u0165uj\u00ed spolehliv\u00e9 odd\u011blen\u00ed v\u00fdrobn\u00edch a logistick\u00fdch z\u00f3n a<\/a> poskytuj\u00ed bezpe\u010dnost v nakl\u00e1dac\u00edch prostor\u00e1ch. <a href=\"https:\/\/antersystem.com\/kategorie_produktow\/technika-zaladunkowa\/\"><strong>P\u0159edn\u00ed a zadn\u00ed stabiliza\u010dn\u00ed stojany pro p\u0159\u00edv\u011bsy<\/strong><\/a> pou\u017e\u00edvan\u00e9 p\u0159i logistick\u00fdch operac\u00edch chr\u00e1n\u00ed osoby, zbo\u017e\u00ed a infrastrukturu p\u0159ed po\u0161kozen\u00edm. Pom\u00e1haj\u00ed tak\u00e9 zkr\u00e1tit dobu nakl\u00e1dky a zlep\u0161it vyu\u017eit\u00ed vozidel, zejm\u00e9na t\u011bch, kter\u00e1 do\u010dasn\u011b pln\u00ed podp\u016frn\u00e9 funkce.  <\/p>\n\n\n\n<p>Vyu\u017eijte t\u00e9to p\u0159\u00edle\u017eitosti k v\u00fdm\u011bn\u011b poznatk\u016f a zku\u0161enost\u00ed s ostatn\u00edmi \u00fa\u010dastn\u00edky! Nav\u0161tivte n\u00e1s na <strong>st\u00e1nku B a<\/strong> prohl\u00e9dn\u011bte si <strong>produkty Anter System v<\/strong> akci. <\/p>\n\n\n\n<p>Program akce: <strong><a href=\"https:\/\/www.automotiveceeday.eu\/page-3761\">Automotiveceeday.eu<\/a><\/strong><\/p>\n\n\n\n<p><strong>#AutomotiveCEEDay #automotive #OHS #manufacturing #flexiblesafetybarriers<\/strong><\/p>\n<\/div>\n\n\n\n<div class=\"wp-block-column is-layout-flow wp-block-column-is-layout-flow\" style=\"flex-basis:10%\"><\/div>\n<\/div>\n<div class=\"wp-block-image\">\n<figure class=\"aligncenter size-large is-resized\"><img loading=\"lazy\" decoding=\"async\" width=\"1024\" height=\"535\" src=\"https:\/\/antersystem.com\/wp-content\/uploads\/CEE-DAY-18-19-kwieccien-Anter-System-3-1024x535.jpg\" alt=\"Na obr&#xE1;zku je pozv&#xE1;nka spole&#x10D;nosti Anter System k &#xFA;&#x10D;asti na n&#xE1;kupn&#xED;ch setk&#xE1;n&#xED;ch v r&#xE1;mci Dne st&#x159;edn&#xED; a v&#xFD;chodn&#xED; Evropy v Opol&#xED; ve dnech 18.-19. dubna 2024.\" class=\"wp-image-4335\" style=\"width:720px;height:auto\" srcset=\"https:\/\/antersystem.com\/wp-content\/uploads\/CEE-DAY-18-19-kwieccien-Anter-System-3-1024x535.jpg 1024w, https:\/\/antersystem.com\/wp-content\/uploads\/CEE-DAY-18-19-kwieccien-Anter-System-3-300x157.jpg 300w, https:\/\/antersystem.com\/wp-content\/uploads\/CEE-DAY-18-19-kwieccien-Anter-System-3-768x401.jpg 768w, https:\/\/antersystem.com\/wp-content\/uploads\/CEE-DAY-18-19-kwieccien-Anter-System-3-450x235.jpg 450w, https:\/\/antersystem.com\/wp-content\/uploads\/CEE-DAY-18-19-kwieccien-Anter-System-3-330x172.jpg 330w, https:\/\/antersystem.com\/wp-content\/uploads\/CEE-DAY-18-19-kwieccien-Anter-System-3.jpg 1200w\" sizes=\"auto, (max-width: 1024px) 100vw, 1024px\" \/><\/figure><\/div>","protected":false},"excerpt":{"rendered":"<p>9. setk\u00e1n\u00ed n\u00e1kup\u010d\u00edch automobil\u016f &#8211; 18.-19. dubna 2024 Automotive CEE Day &#8211; akce po\u0159\u00e1dan\u00e1 spole\u010dnost\u00ed AutomotiveSuppliers.pl a m\u011bstem Opole &#8211; je vynikaj\u00edc\u00ed p\u0159\u00edle\u017eitost\u00ed k setk\u00e1n\u00ed s kl\u00ed\u010dov\u00fdmi hr\u00e1\u010di automobilov\u00e9ho pr\u016fmyslu. Ve dnech 18. a 19. dubna se v Opole sejdou z\u00e1stupci velk\u00fdch v\u00fdrobc\u016f automobil\u016f i dodavatel\u016f Tier 1. B\u011bhem dvou dn\u016f budou m\u00edt \u00fa\u010dastn\u00edci mo\u017enost [&hellip;]<\/p>\n","protected":false},"author":1,"featured_media":0,"parent":30524,"menu_order":0,"comment_status":"closed","ping_status":"closed","template":"","meta":{"inline_featured_image":false,"ngg_post_thumbnail":0,"footnotes":""},"class_list":["post-39483","page","type-page","status-publish","hentry"],"acf":[],"yoast_head":"<!-- This site is optimized with the Yoast SEO plugin v27.0 - https:\/\/yoast.com\/product\/yoast-seo-wordpress\/ -->\n<title>Automobilov\u00fd den st\u0159edn\u00ed a v\u00fdchodn\u00ed Evropy - Anter System<\/title>\n<meta name=\"description\" content=\"Automotive CEE Day - wydarzenie organizowane przez AutomotiveSuppliers.pl i samorz\u0105d miasta Opole - to doskona\u0142a okazja do spotka\u0144\" \/>\n<meta name=\"robots\" content=\"index, follow, max-snippet:-1, max-image-preview:large, max-video-preview:-1\" \/>\n<link rel=\"canonical\" href=\"https:\/\/antersystem.com\/cs\/novinky\/automotive-cee-day\/\" \/>\n<meta property=\"og:locale\" content=\"cs_CZ\" \/>\n<meta property=\"og:type\" content=\"article\" \/>\n<meta property=\"og:title\" content=\"Automobilov\u00fd den st\u0159edn\u00ed a v\u00fdchodn\u00ed Evropy - Anter System\" \/>\n<meta property=\"og:description\" content=\"Automotive CEE Day - wydarzenie organizowane przez AutomotiveSuppliers.pl i samorz\u0105d miasta Opole - to doskona\u0142a okazja do spotka\u0144\" \/>\n<meta property=\"og:url\" content=\"https:\/\/antersystem.com\/cs\/novinky\/automotive-cee-day\/\" \/>\n<meta property=\"og:site_name\" content=\"Anter System\" \/>\n<meta property=\"article:modified_time\" content=\"2026-02-04T12:51:25+00:00\" \/>\n<meta property=\"og:image\" content=\"https:\/\/antersystem.com\/wp-content\/uploads\/CEE-DAY-18-19-kwieccien-Anter-System-3-1024x535.jpg\" \/>\n<meta name=\"twitter:card\" content=\"summary_large_image\" \/>\n<meta name=\"twitter:label1\" content=\"Odhadovan\u00e1 doba \u010dten\u00ed\" \/>\n\t<meta name=\"twitter:data1\" content=\"2 minuty\" \/>\n<script type=\"application\/ld+json\" class=\"yoast-schema-graph\">{\"@context\":\"https:\/\/schema.org\",\"@graph\":[{\"@type\":\"WebPage\",\"@id\":\"https:\/\/antersystem.com\/cs\/novinky\/automotive-cee-day\/\",\"url\":\"https:\/\/antersystem.com\/cs\/novinky\/automotive-cee-day\/\",\"name\":\"Automobilov\u00fd den st\u0159edn\u00ed a v\u00fdchodn\u00ed Evropy - Anter System\",\"isPartOf\":{\"@id\":\"https:\/\/antersystem.com\/cs\/#website\"},\"primaryImageOfPage\":{\"@id\":\"https:\/\/antersystem.com\/cs\/novinky\/automotive-cee-day\/#primaryimage\"},\"image\":{\"@id\":\"https:\/\/antersystem.com\/cs\/novinky\/automotive-cee-day\/#primaryimage\"},\"thumbnailUrl\":\"https:\/\/antersystem.com\/wp-content\/uploads\/CEE-DAY-18-19-kwieccien-Anter-System-3-1024x535.jpg\",\"datePublished\":\"2024-03-27T15:28:30+00:00\",\"dateModified\":\"2026-02-04T12:51:25+00:00\",\"description\":\"Automotive CEE Day - wydarzenie organizowane przez AutomotiveSuppliers.pl i samorz\u0105d miasta Opole - to doskona\u0142a okazja do spotka\u0144\",\"breadcrumb\":{\"@id\":\"https:\/\/antersystem.com\/cs\/novinky\/automotive-cee-day\/#breadcrumb\"},\"inLanguage\":\"cs\",\"potentialAction\":[{\"@type\":\"ReadAction\",\"target\":[\"https:\/\/antersystem.com\/cs\/novinky\/automotive-cee-day\/\"]}]},{\"@type\":\"ImageObject\",\"inLanguage\":\"cs\",\"@id\":\"https:\/\/antersystem.com\/cs\/novinky\/automotive-cee-day\/#primaryimage\",\"url\":\"https:\/\/antersystem.com\/wp-content\/uploads\/CEE-DAY-18-19-kwieccien-Anter-System-3-1024x535.jpg\",\"contentUrl\":\"https:\/\/antersystem.com\/wp-content\/uploads\/CEE-DAY-18-19-kwieccien-Anter-System-3-1024x535.jpg\"},{\"@type\":\"BreadcrumbList\",\"@id\":\"https:\/\/antersystem.com\/cs\/novinky\/automotive-cee-day\/#breadcrumb\",\"itemListElement\":[{\"@type\":\"ListItem\",\"position\":1,\"name\":\"AnterSystem\",\"item\":\"https:\/\/antersystem.com\/cs\/\"},{\"@type\":\"ListItem\",\"position\":2,\"name\":\"Zpr\u00e1vy\",\"item\":\"https:\/\/antersystem.com\/cs\/novinky\/\"},{\"@type\":\"ListItem\",\"position\":3,\"name\":\"Automobilov\u00fd den st\u0159edn\u00ed a v\u00fdchodn\u00ed Evropy\"}]},{\"@type\":\"WebSite\",\"@id\":\"https:\/\/antersystem.com\/cs\/#website\",\"url\":\"https:\/\/antersystem.com\/cs\/\",\"name\":\"Anter System\",\"description\":\"Jeste\u015bmy polskim producentem elastycznych barier ochronnych wykonywanych z polimerowych tworzyw sztucznych. Na rynku krajowym i zagranicznym dzia\u0142amy od ponad 15 lat dbaj\u0105c o zapewnienie bezpiecze\u0144stwa w zak\u0142adach produkcyjnych, magazynach oraz centrach logistycznych.\",\"potentialAction\":[{\"@type\":\"SearchAction\",\"target\":{\"@type\":\"EntryPoint\",\"urlTemplate\":\"https:\/\/antersystem.com\/cs\/?s={search_term_string}\"},\"query-input\":{\"@type\":\"PropertyValueSpecification\",\"valueRequired\":true,\"valueName\":\"search_term_string\"}}],\"inLanguage\":\"cs\"}]}<\/script>\n<!-- \/ Yoast SEO plugin. -->","yoast_head_json":{"title":"Automobilov\u00fd den st\u0159edn\u00ed a v\u00fdchodn\u00ed Evropy - Anter System","description":"Automotive CEE Day - wydarzenie organizowane przez AutomotiveSuppliers.pl i samorz\u0105d miasta Opole - to doskona\u0142a okazja do spotka\u0144","robots":{"index":"index","follow":"follow","max-snippet":"max-snippet:-1","max-image-preview":"max-image-preview:large","max-video-preview":"max-video-preview:-1"},"canonical":"https:\/\/antersystem.com\/cs\/novinky\/automotive-cee-day\/","og_locale":"cs_CZ","og_type":"article","og_title":"Automobilov\u00fd den st\u0159edn\u00ed a v\u00fdchodn\u00ed Evropy - Anter System","og_description":"Automotive CEE Day - wydarzenie organizowane przez AutomotiveSuppliers.pl i samorz\u0105d miasta Opole - to doskona\u0142a okazja do spotka\u0144","og_url":"https:\/\/antersystem.com\/cs\/novinky\/automotive-cee-day\/","og_site_name":"Anter System","article_modified_time":"2026-02-04T12:51:25+00:00","og_image":[{"url":"https:\/\/antersystem.com\/wp-content\/uploads\/CEE-DAY-18-19-kwieccien-Anter-System-3-1024x535.jpg","type":"","width":"","height":""}],"twitter_card":"summary_large_image","twitter_misc":{"Odhadovan\u00e1 doba \u010dten\u00ed":"2 minuty"},"schema":{"@context":"https:\/\/schema.org","@graph":[{"@type":"WebPage","@id":"https:\/\/antersystem.com\/cs\/novinky\/automotive-cee-day\/","url":"https:\/\/antersystem.com\/cs\/novinky\/automotive-cee-day\/","name":"Automobilov\u00fd den st\u0159edn\u00ed a v\u00fdchodn\u00ed Evropy - Anter System","isPartOf":{"@id":"https:\/\/antersystem.com\/cs\/#website"},"primaryImageOfPage":{"@id":"https:\/\/antersystem.com\/cs\/novinky\/automotive-cee-day\/#primaryimage"},"image":{"@id":"https:\/\/antersystem.com\/cs\/novinky\/automotive-cee-day\/#primaryimage"},"thumbnailUrl":"https:\/\/antersystem.com\/wp-content\/uploads\/CEE-DAY-18-19-kwieccien-Anter-System-3-1024x535.jpg","datePublished":"2024-03-27T15:28:30+00:00","dateModified":"2026-02-04T12:51:25+00:00","description":"Automotive CEE Day - wydarzenie organizowane przez AutomotiveSuppliers.pl i samorz\u0105d miasta Opole - to doskona\u0142a okazja do spotka\u0144","breadcrumb":{"@id":"https:\/\/antersystem.com\/cs\/novinky\/automotive-cee-day\/#breadcrumb"},"inLanguage":"cs","potentialAction":[{"@type":"ReadAction","target":["https:\/\/antersystem.com\/cs\/novinky\/automotive-cee-day\/"]}]},{"@type":"ImageObject","inLanguage":"cs","@id":"https:\/\/antersystem.com\/cs\/novinky\/automotive-cee-day\/#primaryimage","url":"https:\/\/antersystem.com\/wp-content\/uploads\/CEE-DAY-18-19-kwieccien-Anter-System-3-1024x535.jpg","contentUrl":"https:\/\/antersystem.com\/wp-content\/uploads\/CEE-DAY-18-19-kwieccien-Anter-System-3-1024x535.jpg"},{"@type":"BreadcrumbList","@id":"https:\/\/antersystem.com\/cs\/novinky\/automotive-cee-day\/#breadcrumb","itemListElement":[{"@type":"ListItem","position":1,"name":"AnterSystem","item":"https:\/\/antersystem.com\/cs\/"},{"@type":"ListItem","position":2,"name":"Zpr\u00e1vy","item":"https:\/\/antersystem.com\/cs\/novinky\/"},{"@type":"ListItem","position":3,"name":"Automobilov\u00fd den st\u0159edn\u00ed a v\u00fdchodn\u00ed Evropy"}]},{"@type":"WebSite","@id":"https:\/\/antersystem.com\/cs\/#website","url":"https:\/\/antersystem.com\/cs\/","name":"Anter System","description":"Jeste\u015bmy polskim producentem elastycznych barier ochronnych wykonywanych z polimerowych tworzyw sztucznych. Na rynku krajowym i zagranicznym dzia\u0142amy od ponad 15 lat dbaj\u0105c o zapewnienie bezpiecze\u0144stwa w zak\u0142adach produkcyjnych, magazynach oraz centrach logistycznych.","potentialAction":[{"@type":"SearchAction","target":{"@type":"EntryPoint","urlTemplate":"https:\/\/antersystem.com\/cs\/?s={search_term_string}"},"query-input":{"@type":"PropertyValueSpecification","valueRequired":true,"valueName":"search_term_string"}}],"inLanguage":"cs"}]}},"_links":{"self":[{"href":"https:\/\/antersystem.com\/cs\/wp-json\/wp\/v2\/pages\/39483","targetHints":{"allow":["GET"]}}],"collection":[{"href":"https:\/\/antersystem.com\/cs\/wp-json\/wp\/v2\/pages"}],"about":[{"href":"https:\/\/antersystem.com\/cs\/wp-json\/wp\/v2\/types\/page"}],"author":[{"embeddable":true,"href":"https:\/\/antersystem.com\/cs\/wp-json\/wp\/v2\/users\/1"}],"replies":[{"embeddable":true,"href":"https:\/\/antersystem.com\/cs\/wp-json\/wp\/v2\/comments?post=39483"}],"version-history":[{"count":1,"href":"https:\/\/antersystem.com\/cs\/wp-json\/wp\/v2\/pages\/39483\/revisions"}],"predecessor-version":[{"id":39485,"href":"https:\/\/antersystem.com\/cs\/wp-json\/wp\/v2\/pages\/39483\/revisions\/39485"}],"up":[{"embeddable":true,"href":"https:\/\/antersystem.com\/cs\/wp-json\/wp\/v2\/pages\/30524"}],"wp:attachment":[{"href":"https:\/\/antersystem.com\/cs\/wp-json\/wp\/v2\/media?parent=39483"}],"curies":[{"name":"wp","href":"https:\/\/api.w.org\/{rel}","templated":true}]}}