{"id":30163,"date":"2024-01-05T12:14:14","date_gmt":"2024-01-05T11:14:14","guid":{"rendered":"https:\/\/new.antersystem.com\/intralogistica-poland-expo\/"},"modified":"2026-02-02T12:56:11","modified_gmt":"2026-02-02T11:56:11","slug":"intralogistica-poland-expo-2024","status":"publish","type":"page","link":"https:\/\/antersystem.com\/de\/nachrichten\/intralogistica-poland-expo-2024\/","title":{"rendered":"Intralogistica Polen Ausstellung"},"content":{"rendered":"\n<div class=\"wp-block-columns is-layout-flex wp-container-core-columns-is-layout-9d6595d7 wp-block-columns-is-layout-flex\">\n  \n  <div class=\"wp-block-column is-layout-flow wp-block-column-is-layout-flow\" style=\"flex-basis:10%\"><\/div>\n  \n\n  \n  <div class=\"wp-block-column is-layout-flow wp-block-column-is-layout-flow\">\n    \n    <h3 class=\"wp-block-heading\"><strong>Intralogistica Poland Expo &#8211; das n\u00e4chste Branchenereignis mit Anter System.<\/strong><\/h3>\n    \n\n    \n    <p>Am <strong>24. Januar 2024<\/strong> werden wir uns in den modernen <strong>Ptak Warschau Expo-Hallen<\/strong> wieder treffen, um unsere Produkte einem breiten Publikum zu pr\u00e4sentieren. Die Besucher k\u00f6nnen sich selbst ein Bild von der Konstruktion und Leistung unserer <a href=\"https:\/\/antersystem.com\/kategorie_produktow\/technika-zaladunkowa\/\">Lkw-Frontschutzb\u00fcgel<\/a>, <a href=\"https:\/\/antersystem.com\/kategorie_produktow\/bariery-bezpieczenstwa-dla-pieszych\/\">Fu\u00dfg\u00e4ngerschutzw\u00e4nde<\/a>, Regalschutzsysteme und verschiedenen Arten von Sicherheitspollern machen. Wir sind sehr gespannt, wie die flexiblen Sicherheitsbarrieren von Anter System angenommen werden und freuen uns darauf, Fragen zur Sicherheit am Arbeitsplatz zu beantworten. Die Plattform f\u00fcr diesen Austausch wird die <a href=\"https:\/\/intralogisticapoland.com\/\"><strong>Intralogistica Poland Expo<\/strong><\/a> &#8211; die internationale Logistik- und Lagermesse, die vom 24. bis 26. Januar 2024 stattfindet.<\/p>\n    \n\n    \n    <h4 class=\"wp-block-heading\"><strong>Der Beitrag des Sektors zur Wirtschaft<\/strong><\/h4>\n    \n\n    \n    <p>Untersuchungen zufolge leisten der Transport-, Speditions- und Logistiksektor einen bedeutenden Beitrag zum polnischen BIP und erwirtschaften fast 6 % der j\u00e4hrlichen Wirtschaftseinnahmen des Landes. Lagerverwalter stellen die drittgr\u00f6\u00dfte Berufsgruppe innerhalb des Dienstleistungssektors dar.<\/p>\n    \n\n    \n    <p>Weltweit ist Europa derzeit der zweitgr\u00f6\u00dfte Kontraktlogistikmarkt nach Asien mit einem Anteil von 29% am globalen Marktwert. Es wird gesch\u00e4tzt, dass die Einnahmen des Sektors auf dem Kontinent bis Ende 2023 etwa 82,5 Milliarden Euro erreichen werden.*<\/p>\n    \n\n    \n    <p>Trotz der hohen Inflation und der Revision der Unternehmensprognosen bleiben die Erwartungen f\u00fcr 2024 positiv. Nach Angaben von Oxford Economics wird die Wirtschaft der Eurozone zwischen 2024 und 2027 voraussichtlich um 6% wachsen. Polen wird diese Rate mit einem BIP-Wachstum von rund 11% im gleichen Zeitraum voraussichtlich \u00fcbertreffen.*<\/p>\n    \n\n    \n    <h4 class=\"wp-block-heading\"><strong>\u00dcber die Messe<\/strong><\/h4>\n    \n\n    \n    <p>Die Veranstaltung zieht Besucher von au\u00dferhalb Polens an &#8211; es wird erwartet, dass fast 15% der Teilnehmer aus dem Ausland kommen. Eine starke internationale Pr\u00e4senz unter den Ausstellern wird die Messe ebenfalls kennzeichnen und M\u00f6glichkeiten schaffen, neue M\u00e4rkte zu erschlie\u00dfen und Unternehmern zu helfen, eine st\u00e4rkere internationale Zukunft f\u00fcr die Logistikbranche aufzubauen.<\/p>\n    \n\n    \n    <p>Wir planen, unsere <strong>flexiblen Sicherheitsbarrieren<\/strong>, die die Sicherheit in gro\u00dfen Einrichtungen verbessern, einem breit gef\u00e4cherten Publikum vorzustellen, zu dem Vertreter von Logistikunternehmen, Ausr\u00fcstungsh\u00e4ndlern, Anbietern von Lagertechnik und Lagerdesignern geh\u00f6ren. Die Veranstaltung richtet sich auch an Supply Chain Manager, Logistiker und Vertreter von Transportunternehmen. W\u00e4hrend der Intralogistica Poland Expo findet auch ein Bildungskongress statt, an dem einige der angesehensten Experten der Lagerbranche teilnehmen.<\/p>\n    \n\n    \n    <p>Wir laden alle ein, die den n\u00e4chsten Schritt in ihrem Unternehmen machen, wertvolle Erkenntnisse austauschen und <strong>L\u00f6sungen f\u00fcr Sicherheitsherausforderungen finden<\/strong> wollen <strong>&#8211; besuchen Sie Anter System an Stand D1.20a.<\/strong><\/p>\n    \n\n    \n    <hr class=\"wp-block-separator has-text-color has-white-color has-alpha-channel-opacity has-white-background-color has-background is-style-default\"\/>\n    \n\n    \n    <p>* <em>&#8222;Kontraktlogistik \u00fcbertrifft Erwartungen f\u00fcr 2023&#8220;, K. Oflakowski, TSL Biznes<\/em><\/p>\n    \n\n    \n    <figure class=\"wp-block-embed\"><div class=\"wp-block-embed__wrapper\">\n \nhttps:\/\/tsl-biznes.pl\/polecamy\/logistyka-kontraktowa-przebila-oczekiwania-na-2023-r\/\n    <\/div><\/figure>\n    \n\n    \n    <p>* <em>https:\/\/www.jll.pl\/pl\/trendy-i-analizy\/badanie\/rynek-magazynowy-w-polsce<\/em><\/p>\n    \n  <\/div>\n  \n\n  \n  <div class=\"wp-block-column is-layout-flow wp-block-column-is-layout-flow\" style=\"flex-basis:10%\"><\/div>\n  \n<\/div>\n<div class=\"wp-block-image\">\n<figure class=\"aligncenter size-large is-resized\"><img loading=\"lazy\" decoding=\"async\" width=\"1024\" height=\"535\" src=\"https:\/\/antersystem.com\/wp-content\/uploads\/Targi-Intralogistica-Anter-System-1-1024x535.jpg\" alt=\"Anter System auf der Intralogistica Poland Expo 2024\" class=\"wp-image-4095\" style=\"width:720px;height:auto\" srcset=\"https:\/\/antersystem.com\/wp-content\/uploads\/Targi-Intralogistica-Anter-System-1-1024x535.jpg 1024w, https:\/\/antersystem.com\/wp-content\/uploads\/Targi-Intralogistica-Anter-System-1-300x157.jpg 300w, https:\/\/antersystem.com\/wp-content\/uploads\/Targi-Intralogistica-Anter-System-1-768x401.jpg 768w, https:\/\/antersystem.com\/wp-content\/uploads\/Targi-Intralogistica-Anter-System-1-450x235.jpg 450w, https:\/\/antersystem.com\/wp-content\/uploads\/Targi-Intralogistica-Anter-System-1-330x172.jpg 330w, https:\/\/antersystem.com\/wp-content\/uploads\/Targi-Intralogistica-Anter-System-1.jpg 1200w\" sizes=\"auto, (max-width: 1024px) 100vw, 1024px\" \/><\/figure><\/div>","protected":false},"excerpt":{"rendered":"<p>Intralogistica Poland Expo &#8211; das n\u00e4chste Branchenereignis mit Anter System. Am 24. Januar 2024 werden wir uns in den modernen Ptak Warschau Expo-Hallen wieder treffen, um unsere Produkte einem breiten Publikum zu pr\u00e4sentieren. Die Besucher k\u00f6nnen sich selbst ein Bild von der Konstruktion und Leistung unserer Lkw-Frontschutzb\u00fcgel, Fu\u00dfg\u00e4ngerschutzw\u00e4nde, Regalschutzsysteme und verschiedenen Arten von Sicherheitspollern machen. [&hellip;]<\/p>\n","protected":false},"author":1,"featured_media":0,"parent":30484,"menu_order":0,"comment_status":"closed","ping_status":"closed","template":"","meta":{"inline_featured_image":false,"ngg_post_thumbnail":0,"footnotes":""},"class_list":["post-30163","page","type-page","status-publish","hentry"],"acf":[],"yoast_head":"<!-- This site is optimized with the Yoast SEO plugin v27.0 - https:\/\/yoast.com\/product\/yoast-seo-wordpress\/ -->\n<title>Intralogistica Polen Ausstellung - Anter System<\/title>\n<meta name=\"description\" content=\"Ju\u017c 24.01.24 spotykamy si\u0119 podczas Intralogistica Poland Expo, \u017ceby pokaza\u0107 szerokiemu gronu odbiorc\u00f3w nasze produkty.\" \/>\n<meta name=\"robots\" content=\"index, follow, max-snippet:-1, max-image-preview:large, max-video-preview:-1\" \/>\n<link rel=\"canonical\" href=\"https:\/\/antersystem.com\/de\/nachrichten\/intralogistica-poland-expo-2024\/\" \/>\n<meta property=\"og:locale\" content=\"de_DE\" \/>\n<meta property=\"og:type\" content=\"article\" \/>\n<meta property=\"og:title\" content=\"Intralogistica Polen Ausstellung - Anter System\" \/>\n<meta property=\"og:description\" content=\"Ju\u017c 24.01.24 spotykamy si\u0119 podczas Intralogistica Poland Expo, \u017ceby pokaza\u0107 szerokiemu gronu odbiorc\u00f3w nasze produkty.\" \/>\n<meta property=\"og:url\" content=\"https:\/\/antersystem.com\/de\/nachrichten\/intralogistica-poland-expo-2024\/\" \/>\n<meta property=\"og:site_name\" content=\"Anter System\" \/>\n<meta property=\"article:modified_time\" content=\"2026-02-02T11:56:11+00:00\" \/>\n<meta property=\"og:image\" content=\"https:\/\/antersystem.com\/wp-content\/uploads\/Targi-Intralogistica-Anter-System-1-1024x535.jpg\" \/>\n<meta name=\"twitter:card\" content=\"summary_large_image\" \/>\n<meta name=\"twitter:label1\" content=\"Gesch\u00e4tzte Lesezeit\" \/>\n\t<meta name=\"twitter:data1\" content=\"2\u00a0Minuten\" \/>\n<script type=\"application\/ld+json\" class=\"yoast-schema-graph\">{\"@context\":\"https:\/\/schema.org\",\"@graph\":[{\"@type\":\"WebPage\",\"@id\":\"https:\/\/antersystem.com\/de\/nachrichten\/intralogistica-poland-expo-2024\/\",\"url\":\"https:\/\/antersystem.com\/de\/nachrichten\/intralogistica-poland-expo-2024\/\",\"name\":\"Intralogistica Polen Ausstellung - Anter System\",\"isPartOf\":{\"@id\":\"https:\/\/antersystem.com\/de\/#website\"},\"primaryImageOfPage\":{\"@id\":\"https:\/\/antersystem.com\/de\/nachrichten\/intralogistica-poland-expo-2024\/#primaryimage\"},\"image\":{\"@id\":\"https:\/\/antersystem.com\/de\/nachrichten\/intralogistica-poland-expo-2024\/#primaryimage\"},\"thumbnailUrl\":\"https:\/\/antersystem.com\/wp-content\/uploads\/Targi-Intralogistica-Anter-System-1-1024x535.jpg\",\"datePublished\":\"2024-01-05T11:14:14+00:00\",\"dateModified\":\"2026-02-02T11:56:11+00:00\",\"description\":\"Ju\u017c 24.01.24 spotykamy si\u0119 podczas Intralogistica Poland Expo, \u017ceby pokaza\u0107 szerokiemu gronu odbiorc\u00f3w nasze produkty.\",\"breadcrumb\":{\"@id\":\"https:\/\/antersystem.com\/de\/nachrichten\/intralogistica-poland-expo-2024\/#breadcrumb\"},\"inLanguage\":\"de\",\"potentialAction\":[{\"@type\":\"ReadAction\",\"target\":[\"https:\/\/antersystem.com\/de\/nachrichten\/intralogistica-poland-expo-2024\/\"]}]},{\"@type\":\"ImageObject\",\"inLanguage\":\"de\",\"@id\":\"https:\/\/antersystem.com\/de\/nachrichten\/intralogistica-poland-expo-2024\/#primaryimage\",\"url\":\"https:\/\/antersystem.com\/wp-content\/uploads\/Targi-Intralogistica-Anter-System-1-1024x535.jpg\",\"contentUrl\":\"https:\/\/antersystem.com\/wp-content\/uploads\/Targi-Intralogistica-Anter-System-1-1024x535.jpg\"},{\"@type\":\"BreadcrumbList\",\"@id\":\"https:\/\/antersystem.com\/de\/nachrichten\/intralogistica-poland-expo-2024\/#breadcrumb\",\"itemListElement\":[{\"@type\":\"ListItem\",\"position\":1,\"name\":\"AnterSystem\",\"item\":\"https:\/\/antersystem.com\/de\/\"},{\"@type\":\"ListItem\",\"position\":2,\"name\":\"Nachrichten\",\"item\":\"https:\/\/antersystem.com\/de\/nachrichten\/\"},{\"@type\":\"ListItem\",\"position\":3,\"name\":\"Intralogistica Polen Ausstellung\"}]},{\"@type\":\"WebSite\",\"@id\":\"https:\/\/antersystem.com\/de\/#website\",\"url\":\"https:\/\/antersystem.com\/de\/\",\"name\":\"Anter System\",\"description\":\"Jeste\u015bmy polskim producentem elastycznych barier ochronnych wykonywanych z polimerowych tworzyw sztucznych. Na rynku krajowym i zagranicznym dzia\u0142amy od ponad 15 lat dbaj\u0105c o zapewnienie bezpiecze\u0144stwa w zak\u0142adach produkcyjnych, magazynach oraz centrach logistycznych.\",\"potentialAction\":[{\"@type\":\"SearchAction\",\"target\":{\"@type\":\"EntryPoint\",\"urlTemplate\":\"https:\/\/antersystem.com\/de\/?s={search_term_string}\"},\"query-input\":{\"@type\":\"PropertyValueSpecification\",\"valueRequired\":true,\"valueName\":\"search_term_string\"}}],\"inLanguage\":\"de\"}]}<\/script>\n<!-- \/ Yoast SEO plugin. -->","yoast_head_json":{"title":"Intralogistica Polen Ausstellung - Anter System","description":"Ju\u017c 24.01.24 spotykamy si\u0119 podczas Intralogistica Poland Expo, \u017ceby pokaza\u0107 szerokiemu gronu odbiorc\u00f3w nasze produkty.","robots":{"index":"index","follow":"follow","max-snippet":"max-snippet:-1","max-image-preview":"max-image-preview:large","max-video-preview":"max-video-preview:-1"},"canonical":"https:\/\/antersystem.com\/de\/nachrichten\/intralogistica-poland-expo-2024\/","og_locale":"de_DE","og_type":"article","og_title":"Intralogistica Polen Ausstellung - Anter System","og_description":"Ju\u017c 24.01.24 spotykamy si\u0119 podczas Intralogistica Poland Expo, \u017ceby pokaza\u0107 szerokiemu gronu odbiorc\u00f3w nasze produkty.","og_url":"https:\/\/antersystem.com\/de\/nachrichten\/intralogistica-poland-expo-2024\/","og_site_name":"Anter System","article_modified_time":"2026-02-02T11:56:11+00:00","og_image":[{"url":"https:\/\/antersystem.com\/wp-content\/uploads\/Targi-Intralogistica-Anter-System-1-1024x535.jpg","type":"","width":"","height":""}],"twitter_card":"summary_large_image","twitter_misc":{"Gesch\u00e4tzte Lesezeit":"2\u00a0Minuten"},"schema":{"@context":"https:\/\/schema.org","@graph":[{"@type":"WebPage","@id":"https:\/\/antersystem.com\/de\/nachrichten\/intralogistica-poland-expo-2024\/","url":"https:\/\/antersystem.com\/de\/nachrichten\/intralogistica-poland-expo-2024\/","name":"Intralogistica Polen Ausstellung - Anter System","isPartOf":{"@id":"https:\/\/antersystem.com\/de\/#website"},"primaryImageOfPage":{"@id":"https:\/\/antersystem.com\/de\/nachrichten\/intralogistica-poland-expo-2024\/#primaryimage"},"image":{"@id":"https:\/\/antersystem.com\/de\/nachrichten\/intralogistica-poland-expo-2024\/#primaryimage"},"thumbnailUrl":"https:\/\/antersystem.com\/wp-content\/uploads\/Targi-Intralogistica-Anter-System-1-1024x535.jpg","datePublished":"2024-01-05T11:14:14+00:00","dateModified":"2026-02-02T11:56:11+00:00","description":"Ju\u017c 24.01.24 spotykamy si\u0119 podczas Intralogistica Poland Expo, \u017ceby pokaza\u0107 szerokiemu gronu odbiorc\u00f3w nasze produkty.","breadcrumb":{"@id":"https:\/\/antersystem.com\/de\/nachrichten\/intralogistica-poland-expo-2024\/#breadcrumb"},"inLanguage":"de","potentialAction":[{"@type":"ReadAction","target":["https:\/\/antersystem.com\/de\/nachrichten\/intralogistica-poland-expo-2024\/"]}]},{"@type":"ImageObject","inLanguage":"de","@id":"https:\/\/antersystem.com\/de\/nachrichten\/intralogistica-poland-expo-2024\/#primaryimage","url":"https:\/\/antersystem.com\/wp-content\/uploads\/Targi-Intralogistica-Anter-System-1-1024x535.jpg","contentUrl":"https:\/\/antersystem.com\/wp-content\/uploads\/Targi-Intralogistica-Anter-System-1-1024x535.jpg"},{"@type":"BreadcrumbList","@id":"https:\/\/antersystem.com\/de\/nachrichten\/intralogistica-poland-expo-2024\/#breadcrumb","itemListElement":[{"@type":"ListItem","position":1,"name":"AnterSystem","item":"https:\/\/antersystem.com\/de\/"},{"@type":"ListItem","position":2,"name":"Nachrichten","item":"https:\/\/antersystem.com\/de\/nachrichten\/"},{"@type":"ListItem","position":3,"name":"Intralogistica Polen Ausstellung"}]},{"@type":"WebSite","@id":"https:\/\/antersystem.com\/de\/#website","url":"https:\/\/antersystem.com\/de\/","name":"Anter System","description":"Jeste\u015bmy polskim producentem elastycznych barier ochronnych wykonywanych z polimerowych tworzyw sztucznych. Na rynku krajowym i zagranicznym dzia\u0142amy od ponad 15 lat dbaj\u0105c o zapewnienie bezpiecze\u0144stwa w zak\u0142adach produkcyjnych, magazynach oraz centrach logistycznych.","potentialAction":[{"@type":"SearchAction","target":{"@type":"EntryPoint","urlTemplate":"https:\/\/antersystem.com\/de\/?s={search_term_string}"},"query-input":{"@type":"PropertyValueSpecification","valueRequired":true,"valueName":"search_term_string"}}],"inLanguage":"de"}]}},"_links":{"self":[{"href":"https:\/\/antersystem.com\/de\/wp-json\/wp\/v2\/pages\/30163","targetHints":{"allow":["GET"]}}],"collection":[{"href":"https:\/\/antersystem.com\/de\/wp-json\/wp\/v2\/pages"}],"about":[{"href":"https:\/\/antersystem.com\/de\/wp-json\/wp\/v2\/types\/page"}],"author":[{"embeddable":true,"href":"https:\/\/antersystem.com\/de\/wp-json\/wp\/v2\/users\/1"}],"replies":[{"embeddable":true,"href":"https:\/\/antersystem.com\/de\/wp-json\/wp\/v2\/comments?post=30163"}],"version-history":[{"count":1,"href":"https:\/\/antersystem.com\/de\/wp-json\/wp\/v2\/pages\/30163\/revisions"}],"predecessor-version":[{"id":30167,"href":"https:\/\/antersystem.com\/de\/wp-json\/wp\/v2\/pages\/30163\/revisions\/30167"}],"up":[{"embeddable":true,"href":"https:\/\/antersystem.com\/de\/wp-json\/wp\/v2\/pages\/30484"}],"wp:attachment":[{"href":"https:\/\/antersystem.com\/de\/wp-json\/wp\/v2\/media?parent=30163"}],"curies":[{"name":"wp","href":"https:\/\/api.w.org\/{rel}","templated":true}]}}