{"id":38974,"date":"2025-06-09T08:46:29","date_gmt":"2025-06-09T06:46:29","guid":{"rendered":"https:\/\/antersystem.com\/nachrichten\/trade-fairs-modernlog-and-itm-industry-europe-2025\/"},"modified":"2026-02-02T15:23:24","modified_gmt":"2026-02-02T14:23:24","slug":"trade-fairs-modernlog-and-itm-industry-europe-2025","status":"publish","type":"page","link":"https:\/\/antersystem.com\/de\/nachrichten\/trade-fairs-modernlog-and-itm-industry-europe-2025\/","title":{"rendered":"Fachmessen Modernlog und ITM Industry Europe 2025"},"content":{"rendered":"\n<div class=\"wp-block-columns is-layout-flex wp-container-core-columns-is-layout-9d6595d7 wp-block-columns-is-layout-flex\">\n<div class=\"wp-block-column is-layout-flow wp-block-column-is-layout-flow\">\n<h2 class=\"wp-block-heading\">Bericht von der Industrie- und Logistik-Messe in Pozna\u0144<\/h2>\n\n\n\n<div class=\"wp-block-columns is-layout-flex wp-container-core-columns-is-layout-9d6595d7 wp-block-columns-is-layout-flex\">\n<div class=\"wp-block-column is-layout-flow wp-block-column-is-layout-flow\" style=\"flex-basis:10%\"><\/div>\n\n\n\n<div class=\"wp-block-column is-layout-flow wp-block-column-is-layout-flow\">\n<p>Vom 3. bis 5. Juni 2025 haben wir an zwei wichtigen Branchenveranstaltungen teilgenommen &#8211; Modernlog und ITM Industry Europe. Beide Veranstaltungen, die auf der Internationalen Messe in Pozna\u0144 stattfanden, zogen Tausende von Fachleuten an, die moderne L\u00f6sungen f\u00fcr Industrie, Logistik und Automatisierung suchten. In diesem Jahr waren unsere Produkte in zwei einzigartigen Bereichen zu sehen: in der Safety Zone w\u00e4hrend der ITM Industry Europe und im In4Log-Bereich auf der Modernlog. Beide Zonen dienten als Drehscheiben f\u00fcr dynamische Demonstrationen, praktische Vorf\u00fchrungen und den Wissensaustausch im Geiste von Industrie 4.0.   <\/p>\n\n\n\n<div style=\"height:30px\" aria-hidden=\"true\" class=\"wp-block-spacer\"><\/div>\n\n\n\n<div class=\"wp-block-media-text is-stacked-on-mobile is-image-fill-element\" style=\"grid-template-columns:40% auto\"><figure class=\"wp-block-media-text__media\"><img loading=\"lazy\" decoding=\"async\" width=\"683\" height=\"1024\" src=\"https:\/\/antersystem.com\/wp-content\/uploads\/modernlog-2025-011-683x1024.png\" alt=\"\" class=\"wp-image-6172 size-full\" style=\"object-position:50% 54%\" srcset=\"https:\/\/antersystem.com\/wp-content\/uploads\/modernlog-2025-011-683x1024.png 683w, https:\/\/antersystem.com\/wp-content\/uploads\/modernlog-2025-011-200x300.png 200w, https:\/\/antersystem.com\/wp-content\/uploads\/modernlog-2025-011-768x1152.png 768w, https:\/\/antersystem.com\/wp-content\/uploads\/modernlog-2025-011-450x675.png 450w, https:\/\/antersystem.com\/wp-content\/uploads\/modernlog-2025-011-330x495.png 330w, https:\/\/antersystem.com\/wp-content\/uploads\/modernlog-2025-011.png 800w\" sizes=\"auto, (max-width: 683px) 100vw, 683px\" \/><\/figure><div class=\"wp-block-media-text__content\">\n<h3 class=\"wp-block-heading\">Die Logistik der Zukunft in der In4Log Zone &#8211; Modernlog 2025<\/h3>\n\n\n\n<p>In der In4Log-Zone konnten die Besucher den gesamten Logistikprozess verfolgen &#8211; von der Warenpufferung \u00fcber die automatische Kommissionierung und Verpackung bis hin zur Vorbereitung der Paletten f\u00fcr den Versand. Unsere flexiblen Sicherheitsbarrieren, die mit Detektions- und Signalsystemen integriert sind, spielten eine wichtige Rolle bei der Sicherung des gesamten Logistikbereichs. Wir demonstrierten, wie moderne Schutztechnologien mit Automatisierung und Robotik harmonieren k\u00f6nnen, um einen reibungslosen und sicheren Betrieb zu gew\u00e4hrleisten.  <\/p>\n<\/div><\/div>\n\n\n\n<div style=\"height:30px\" aria-hidden=\"true\" class=\"wp-block-spacer\"><\/div>\n\n\n\n<div class=\"wp-block-media-text has-media-on-the-right is-stacked-on-mobile\" style=\"grid-template-columns:auto 40%\"><div class=\"wp-block-media-text__content\" style=\"padding-left: 0px\">\n\n<h3 class=\"wp-block-heading\">Innovationen in der Sicherheitszone &#8211; ITM Industry Europe<\/h3>\n\n\n<p>In der Safety Zone pr\u00e4sentierten wir gemeinsam mit anderen f\u00fchrenden Unternehmen im Bereich Prozess- und Personenschutz innovative L\u00f6sungen zur Sicherung von Produktions- und Lagerr\u00e4umen. Einer der H\u00f6hepunkte des Programms waren die &#8222;Crashtests&#8220;, die zeigten, wie richtige Schutzma\u00dfnahmen das Unfallrisiko minimieren und die Gesundheit der Arbeiter sch\u00fctzen k\u00f6nnen. <\/p>\n\n<\/div><figure class=\"wp-block-media-text__media\"><img loading=\"lazy\" decoding=\"async\" width=\"1024\" height=\"683\" src=\"https:\/\/antersystem.com\/wp-content\/uploads\/ITM-2025-002-1024x683.png\" alt=\"\" class=\"wp-image-6158 size-full\" srcset=\"https:\/\/antersystem.com\/wp-content\/uploads\/ITM-2025-002-1024x683.png 1024w, https:\/\/antersystem.com\/wp-content\/uploads\/ITM-2025-002-300x200.png 300w, https:\/\/antersystem.com\/wp-content\/uploads\/ITM-2025-002-768x512.png 768w, https:\/\/antersystem.com\/wp-content\/uploads\/ITM-2025-002-450x300.png 450w, https:\/\/antersystem.com\/wp-content\/uploads\/ITM-2025-002-330x220.png 330w, https:\/\/antersystem.com\/wp-content\/uploads\/ITM-2025-002.png 1200w\" sizes=\"auto, (max-width: 1024px) 100vw, 1024px\" \/><\/figure><\/div>\n\n\n\n<div style=\"height:30px\" aria-hidden=\"true\" class=\"wp-block-spacer\"><\/div>\n\n\n\n<div class=\"wp-block-media-text is-stacked-on-mobile is-image-fill-element\" style=\"grid-template-columns:40% auto\"><figure class=\"wp-block-media-text__media\"><img loading=\"lazy\" decoding=\"async\" width=\"683\" height=\"1024\" src=\"https:\/\/antersystem.com\/wp-content\/uploads\/modernlog-2025-012-683x1024.png\" alt=\"\" class=\"wp-image-6168 size-full\" style=\"object-position:51% 48%\" srcset=\"https:\/\/antersystem.com\/wp-content\/uploads\/modernlog-2025-012-683x1024.png 683w, https:\/\/antersystem.com\/wp-content\/uploads\/modernlog-2025-012-200x300.png 200w, https:\/\/antersystem.com\/wp-content\/uploads\/modernlog-2025-012-768x1152.png 768w, https:\/\/antersystem.com\/wp-content\/uploads\/modernlog-2025-012-450x675.png 450w, https:\/\/antersystem.com\/wp-content\/uploads\/modernlog-2025-012-330x495.png 330w, https:\/\/antersystem.com\/wp-content\/uploads\/modernlog-2025-012.png 800w\" sizes=\"auto, (max-width: 683px) 100vw, 683px\" \/><\/figure><div class=\"wp-block-media-text__content\">\n<h3 class=\"wp-block-heading\">Eine Gelegenheit zum Austausch<\/h3>\n\n\n\n<p>Angrenzend an die beiden Vorf\u00fchrbereiche haben wir R\u00e4ume geschaffen, in denen die Besucher die Produkte von Anter System n\u00e4her kennenlernen konnten. Diese Bereiche boten den perfekten Rahmen f\u00fcr anregende Gespr\u00e4che \u00fcber L\u00f6sungen, die die Sicherheit in der Industrie unterst\u00fctzen. <\/p>\n\n\n\n<p>Die gr\u00f6\u00dfte Attraktion an unseren St\u00e4nden waren wie immer die neuen Produkte, darunter die Gate Protector Barrieren mit Warnsystem, die in Pozna\u0144 zum ersten Mal vorgestellt wurden. Die Gate Protectors wurden zum Schutz von Toren, Zwischengeschossen und tief h\u00e4ngenden Infrastrukturen entwickelt und sind mit Warnleuchten ausgestattet, die Gefahr signalisieren. Die Tore verf\u00fcgen \u00fcber fortschrittliche Erkennungssysteme, die ein sich n\u00e4herndes Fahrzeug, das in die Gefahrenzone einf\u00e4hrt, identifizieren und sofort intensive rote Warnleuchten aktivieren, die sowohl auf Augenh\u00f6he der Fu\u00dfg\u00e4nger als auch f\u00fcr Gabelstaplerfahrer sichtbar sind.  <\/p>\n<\/div><\/div>\n\n\n\n<div style=\"height:30px\" aria-hidden=\"true\" class=\"wp-block-spacer\"><\/div>\n\n\n\n<div class=\"wp-block-media-text has-media-on-the-right is-stacked-on-mobile is-image-fill-element\" style=\"grid-template-columns:auto 35%\"><div class=\"wp-block-media-text__content\" style=\"padding-left: 0px\">\n\n<h3 class=\"wp-block-heading\">Goldmedaille beim Modernlog 2025<\/h3>\n\n\n<p>Wir freuen uns, Ihnen mitteilen zu k\u00f6nnen, dass unser Produkt &#8211; der Intelligent SGA GATE PROTECTOR &#8211; auf der Modernlog 2025 mit der Goldmedaille ausgezeichnet wurde. Die Jury des Wettbewerbs w\u00fcrdigte diese L\u00f6sung in der Kategorie Produkte f\u00fcr die Sicherheit am Arbeitsplatz. Der SGA GATE PROTECTOR ist nicht nur ein physischer Schutz f\u00fcr Bereiche, die von Fu\u00dfg\u00e4ngern und Fahrzeugen gemeinsam genutzt werden &#8211; er ist ein intelligentes System, das aktiv auf potenzielle Gefahren reagiert. Durch die fortschrittliche Erkennung in Kombination mit einem aktiven Lichtsignalsystem und einer Durchgangssperre reduziert das Tor das Risiko von Kollisionen erheblich und gew\u00e4hrleistet so die sichere Koexistenz von Menschen und Maschinen in dynamischen Arbeitsumgebungen. Die Goldmedaille ist eine gro\u00dfe Ehre und Motivation f\u00fcr uns, weiterhin Technologien zu entwickeln, die die Sicherheit am Arbeitsplatz verbessern. Mehr \u00fcber das Tor finden Sie <a href=\"https:\/\/antersystem.com\/produkty\/elastyczna-bariera-gate-protector-with-sga-gate\/\"><strong>hier<\/strong><\/a>.     <\/p>\n\n<\/div><figure class=\"wp-block-media-text__media\"><img loading=\"lazy\" decoding=\"async\" width=\"683\" height=\"1024\" src=\"https:\/\/antersystem.com\/wp-content\/uploads\/modernlog-2025-009-683x1024.png\" alt=\"\" class=\"wp-image-6157 size-full\" style=\"object-position:39% 51%\" srcset=\"https:\/\/antersystem.com\/wp-content\/uploads\/modernlog-2025-009-683x1024.png 683w, https:\/\/antersystem.com\/wp-content\/uploads\/modernlog-2025-009-200x300.png 200w, https:\/\/antersystem.com\/wp-content\/uploads\/modernlog-2025-009-768x1152.png 768w, https:\/\/antersystem.com\/wp-content\/uploads\/modernlog-2025-009-450x675.png 450w, https:\/\/antersystem.com\/wp-content\/uploads\/modernlog-2025-009-330x495.png 330w, https:\/\/antersystem.com\/wp-content\/uploads\/modernlog-2025-009.png 800w\" sizes=\"auto, (max-width: 683px) 100vw, 683px\" \/><\/figure><\/div>\n\n\n\n<div style=\"height:30px\" aria-hidden=\"true\" class=\"wp-block-spacer\"><\/div>\n\n\n\n<figure class=\"wp-block-embed is-type-video is-provider-youtube wp-block-embed-youtube wp-embed-aspect-16-9 wp-has-aspect-ratio\"><div class=\"wp-block-embed__wrapper\" style=\"text-align: center;\">\n<iframe loading=\"lazy\" title=\"Targi Modernlog i ITM Industry Europe 2025\" width=\"500\" height=\"281\" src=\"https:\/\/www.youtube.com\/embed\/ofugWHZvKVU?feature=oembed\" frameborder=\"0\" allow=\"accelerometer; autoplay; clipboard-write; encrypted-media; gyroscope; picture-in-picture; web-share\" referrerpolicy=\"strict-origin-when-cross-origin\" allowfullscreen><\/iframe>\n<\/div><\/figure>\n\n\n<p>Wir m\u00f6chten uns bei allen bedanken, die unsere St\u00e4nde besucht haben. Ihr Interesse, Ihre zahlreichen Fragen und Gespr\u00e4che sind f\u00fcr uns von gro\u00dfem Wert. Wir freuen uns, dass wir die Gelegenheit hatten, unsere L\u00f6sungen in einem so professionellen und innovativen Rahmen zu pr\u00e4sentieren.  <\/p>\n\n\n\n<p>Wir sehen uns auf den n\u00e4chsten Messen!<\/p>\n<\/div>\n\n\n\n<div class=\"wp-block-column is-layout-flow wp-block-column-is-layout-flow\" style=\"flex-basis:10%\"><\/div>\n<\/div>\n\n\n\nngg_shortcode_0_placeholder\n<\/div>\n<\/div>\n","protected":false},"excerpt":{"rendered":"<p>Bericht von der Industrie- und Logistik-Messe in Pozna\u0144 Vom 3. bis 5. Juni 2025 haben wir an zwei wichtigen Branchenveranstaltungen teilgenommen &#8211; Modernlog und ITM Industry Europe. Beide Veranstaltungen, die auf der Internationalen Messe in Pozna\u0144 stattfanden, zogen Tausende von Fachleuten an, die moderne L\u00f6sungen f\u00fcr Industrie, Logistik und Automatisierung suchten. In diesem Jahr waren [&hellip;]<\/p>\n","protected":false},"author":11,"featured_media":0,"parent":30484,"menu_order":0,"comment_status":"closed","ping_status":"closed","template":"","meta":{"inline_featured_image":false,"ngg_post_thumbnail":0,"footnotes":""},"class_list":["post-38974","page","type-page","status-publish","hentry"],"acf":[],"yoast_head":"<!-- This site is optimized with the Yoast SEO plugin v27.0 - https:\/\/yoast.com\/product\/yoast-seo-wordpress\/ -->\n<title>Fachmessen Modernlog und ITM Industry Europe 2025 - Anter System<\/title>\n<meta name=\"description\" content=\"Bericht von der Industrie- und Logistik-Messe in Pozna\u0144 Vom 3. bis 5. Juni 2025 haben wir an zwei wichtigen Branchenveranstaltungen teilgenommen -\" \/>\n<meta name=\"robots\" content=\"index, follow, max-snippet:-1, max-image-preview:large, max-video-preview:-1\" \/>\n<link rel=\"canonical\" href=\"https:\/\/antersystem.com\/de\/nachrichten\/trade-fairs-modernlog-and-itm-industry-europe-2025\/\" \/>\n<meta property=\"og:locale\" content=\"de_DE\" \/>\n<meta property=\"og:type\" content=\"article\" \/>\n<meta property=\"og:title\" content=\"Fachmessen Modernlog und ITM Industry Europe 2025 - Anter System\" \/>\n<meta property=\"og:description\" content=\"Bericht von der Industrie- und Logistik-Messe in Pozna\u0144 Vom 3. bis 5. Juni 2025 haben wir an zwei wichtigen Branchenveranstaltungen teilgenommen -\" \/>\n<meta property=\"og:url\" content=\"https:\/\/antersystem.com\/de\/nachrichten\/trade-fairs-modernlog-and-itm-industry-europe-2025\/\" \/>\n<meta property=\"og:site_name\" content=\"Anter System\" \/>\n<meta property=\"article:modified_time\" content=\"2026-02-02T14:23:24+00:00\" \/>\n<meta property=\"og:image\" content=\"https:\/\/antersystem.com\/wp-content\/uploads\/modernlog-2025-011-683x1024.png\" \/>\n<meta name=\"twitter:card\" content=\"summary_large_image\" \/>\n<meta name=\"twitter:label1\" content=\"Gesch\u00e4tzte Lesezeit\" \/>\n\t<meta name=\"twitter:data1\" content=\"3\u00a0Minuten\" \/>\n<script type=\"application\/ld+json\" class=\"yoast-schema-graph\">{\"@context\":\"https:\/\/schema.org\",\"@graph\":[{\"@type\":\"WebPage\",\"@id\":\"https:\/\/antersystem.com\/de\/nachrichten\/trade-fairs-modernlog-and-itm-industry-europe-2025\/\",\"url\":\"https:\/\/antersystem.com\/de\/nachrichten\/trade-fairs-modernlog-and-itm-industry-europe-2025\/\",\"name\":\"Fachmessen Modernlog und ITM Industry Europe 2025 - Anter System\",\"isPartOf\":{\"@id\":\"https:\/\/antersystem.com\/de\/#website\"},\"primaryImageOfPage\":{\"@id\":\"https:\/\/antersystem.com\/de\/nachrichten\/trade-fairs-modernlog-and-itm-industry-europe-2025\/#primaryimage\"},\"image\":{\"@id\":\"https:\/\/antersystem.com\/de\/nachrichten\/trade-fairs-modernlog-and-itm-industry-europe-2025\/#primaryimage\"},\"thumbnailUrl\":\"https:\/\/antersystem.com\/wp-content\/uploads\/modernlog-2025-011-683x1024.png\",\"datePublished\":\"2025-06-09T06:46:29+00:00\",\"dateModified\":\"2026-02-02T14:23:24+00:00\",\"description\":\"Bericht von der Industrie- und Logistik-Messe in Pozna\u0144 Vom 3. bis 5. Juni 2025 haben wir an zwei wichtigen Branchenveranstaltungen teilgenommen -\",\"breadcrumb\":{\"@id\":\"https:\/\/antersystem.com\/de\/nachrichten\/trade-fairs-modernlog-and-itm-industry-europe-2025\/#breadcrumb\"},\"inLanguage\":\"de\",\"potentialAction\":[{\"@type\":\"ReadAction\",\"target\":[\"https:\/\/antersystem.com\/de\/nachrichten\/trade-fairs-modernlog-and-itm-industry-europe-2025\/\"]}]},{\"@type\":\"ImageObject\",\"inLanguage\":\"de\",\"@id\":\"https:\/\/antersystem.com\/de\/nachrichten\/trade-fairs-modernlog-and-itm-industry-europe-2025\/#primaryimage\",\"url\":\"https:\/\/antersystem.com\/wp-content\/uploads\/modernlog-2025-011-683x1024.png\",\"contentUrl\":\"https:\/\/antersystem.com\/wp-content\/uploads\/modernlog-2025-011-683x1024.png\"},{\"@type\":\"BreadcrumbList\",\"@id\":\"https:\/\/antersystem.com\/de\/nachrichten\/trade-fairs-modernlog-and-itm-industry-europe-2025\/#breadcrumb\",\"itemListElement\":[{\"@type\":\"ListItem\",\"position\":1,\"name\":\"AnterSystem\",\"item\":\"https:\/\/antersystem.com\/de\/\"},{\"@type\":\"ListItem\",\"position\":2,\"name\":\"Nachrichten\",\"item\":\"https:\/\/antersystem.com\/de\/nachrichten\/\"},{\"@type\":\"ListItem\",\"position\":3,\"name\":\"Fachmessen Modernlog und ITM Industry Europe 2025\"}]},{\"@type\":\"WebSite\",\"@id\":\"https:\/\/antersystem.com\/de\/#website\",\"url\":\"https:\/\/antersystem.com\/de\/\",\"name\":\"Anter System\",\"description\":\"Jeste\u015bmy polskim producentem elastycznych barier ochronnych wykonywanych z polimerowych tworzyw sztucznych. Na rynku krajowym i zagranicznym dzia\u0142amy od ponad 15 lat dbaj\u0105c o zapewnienie bezpiecze\u0144stwa w zak\u0142adach produkcyjnych, magazynach oraz centrach logistycznych.\",\"potentialAction\":[{\"@type\":\"SearchAction\",\"target\":{\"@type\":\"EntryPoint\",\"urlTemplate\":\"https:\/\/antersystem.com\/de\/?s={search_term_string}\"},\"query-input\":{\"@type\":\"PropertyValueSpecification\",\"valueRequired\":true,\"valueName\":\"search_term_string\"}}],\"inLanguage\":\"de\"}]}<\/script>\n<!-- \/ Yoast SEO plugin. -->","yoast_head_json":{"title":"Fachmessen Modernlog und ITM Industry Europe 2025 - Anter System","description":"Bericht von der Industrie- und Logistik-Messe in Pozna\u0144 Vom 3. bis 5. Juni 2025 haben wir an zwei wichtigen Branchenveranstaltungen teilgenommen -","robots":{"index":"index","follow":"follow","max-snippet":"max-snippet:-1","max-image-preview":"max-image-preview:large","max-video-preview":"max-video-preview:-1"},"canonical":"https:\/\/antersystem.com\/de\/nachrichten\/trade-fairs-modernlog-and-itm-industry-europe-2025\/","og_locale":"de_DE","og_type":"article","og_title":"Fachmessen Modernlog und ITM Industry Europe 2025 - Anter System","og_description":"Bericht von der Industrie- und Logistik-Messe in Pozna\u0144 Vom 3. bis 5. Juni 2025 haben wir an zwei wichtigen Branchenveranstaltungen teilgenommen -","og_url":"https:\/\/antersystem.com\/de\/nachrichten\/trade-fairs-modernlog-and-itm-industry-europe-2025\/","og_site_name":"Anter System","article_modified_time":"2026-02-02T14:23:24+00:00","og_image":[{"url":"https:\/\/antersystem.com\/wp-content\/uploads\/modernlog-2025-011-683x1024.png","type":"","width":"","height":""}],"twitter_card":"summary_large_image","twitter_misc":{"Gesch\u00e4tzte Lesezeit":"3\u00a0Minuten"},"schema":{"@context":"https:\/\/schema.org","@graph":[{"@type":"WebPage","@id":"https:\/\/antersystem.com\/de\/nachrichten\/trade-fairs-modernlog-and-itm-industry-europe-2025\/","url":"https:\/\/antersystem.com\/de\/nachrichten\/trade-fairs-modernlog-and-itm-industry-europe-2025\/","name":"Fachmessen Modernlog und ITM Industry Europe 2025 - Anter System","isPartOf":{"@id":"https:\/\/antersystem.com\/de\/#website"},"primaryImageOfPage":{"@id":"https:\/\/antersystem.com\/de\/nachrichten\/trade-fairs-modernlog-and-itm-industry-europe-2025\/#primaryimage"},"image":{"@id":"https:\/\/antersystem.com\/de\/nachrichten\/trade-fairs-modernlog-and-itm-industry-europe-2025\/#primaryimage"},"thumbnailUrl":"https:\/\/antersystem.com\/wp-content\/uploads\/modernlog-2025-011-683x1024.png","datePublished":"2025-06-09T06:46:29+00:00","dateModified":"2026-02-02T14:23:24+00:00","description":"Bericht von der Industrie- und Logistik-Messe in Pozna\u0144 Vom 3. bis 5. Juni 2025 haben wir an zwei wichtigen Branchenveranstaltungen teilgenommen -","breadcrumb":{"@id":"https:\/\/antersystem.com\/de\/nachrichten\/trade-fairs-modernlog-and-itm-industry-europe-2025\/#breadcrumb"},"inLanguage":"de","potentialAction":[{"@type":"ReadAction","target":["https:\/\/antersystem.com\/de\/nachrichten\/trade-fairs-modernlog-and-itm-industry-europe-2025\/"]}]},{"@type":"ImageObject","inLanguage":"de","@id":"https:\/\/antersystem.com\/de\/nachrichten\/trade-fairs-modernlog-and-itm-industry-europe-2025\/#primaryimage","url":"https:\/\/antersystem.com\/wp-content\/uploads\/modernlog-2025-011-683x1024.png","contentUrl":"https:\/\/antersystem.com\/wp-content\/uploads\/modernlog-2025-011-683x1024.png"},{"@type":"BreadcrumbList","@id":"https:\/\/antersystem.com\/de\/nachrichten\/trade-fairs-modernlog-and-itm-industry-europe-2025\/#breadcrumb","itemListElement":[{"@type":"ListItem","position":1,"name":"AnterSystem","item":"https:\/\/antersystem.com\/de\/"},{"@type":"ListItem","position":2,"name":"Nachrichten","item":"https:\/\/antersystem.com\/de\/nachrichten\/"},{"@type":"ListItem","position":3,"name":"Fachmessen Modernlog und ITM Industry Europe 2025"}]},{"@type":"WebSite","@id":"https:\/\/antersystem.com\/de\/#website","url":"https:\/\/antersystem.com\/de\/","name":"Anter System","description":"Jeste\u015bmy polskim producentem elastycznych barier ochronnych wykonywanych z polimerowych tworzyw sztucznych. Na rynku krajowym i zagranicznym dzia\u0142amy od ponad 15 lat dbaj\u0105c o zapewnienie bezpiecze\u0144stwa w zak\u0142adach produkcyjnych, magazynach oraz centrach logistycznych.","potentialAction":[{"@type":"SearchAction","target":{"@type":"EntryPoint","urlTemplate":"https:\/\/antersystem.com\/de\/?s={search_term_string}"},"query-input":{"@type":"PropertyValueSpecification","valueRequired":true,"valueName":"search_term_string"}}],"inLanguage":"de"}]}},"_links":{"self":[{"href":"https:\/\/antersystem.com\/de\/wp-json\/wp\/v2\/pages\/38974","targetHints":{"allow":["GET"]}}],"collection":[{"href":"https:\/\/antersystem.com\/de\/wp-json\/wp\/v2\/pages"}],"about":[{"href":"https:\/\/antersystem.com\/de\/wp-json\/wp\/v2\/types\/page"}],"author":[{"embeddable":true,"href":"https:\/\/antersystem.com\/de\/wp-json\/wp\/v2\/users\/11"}],"replies":[{"embeddable":true,"href":"https:\/\/antersystem.com\/de\/wp-json\/wp\/v2\/comments?post=38974"}],"version-history":[{"count":1,"href":"https:\/\/antersystem.com\/de\/wp-json\/wp\/v2\/pages\/38974\/revisions"}],"predecessor-version":[{"id":38976,"href":"https:\/\/antersystem.com\/de\/wp-json\/wp\/v2\/pages\/38974\/revisions\/38976"}],"up":[{"embeddable":true,"href":"https:\/\/antersystem.com\/de\/wp-json\/wp\/v2\/pages\/30484"}],"wp:attachment":[{"href":"https:\/\/antersystem.com\/de\/wp-json\/wp\/v2\/media?parent=38974"}],"curies":[{"name":"wp","href":"https:\/\/api.w.org\/{rel}","templated":true}]}}