{"id":15461,"date":"2023-11-16T15:30:28","date_gmt":"2023-11-16T14:30:28","guid":{"rendered":"https:\/\/new.antersystem.com\/congress-modern-warehouse\/"},"modified":"2026-01-30T14:29:51","modified_gmt":"2026-01-30T13:29:51","slug":"congress-modern-warehouse","status":"publish","type":"page","link":"https:\/\/antersystem.com\/es\/noticias\/congress-modern-warehouse\/","title":{"rendered":"Congreso Almac\u00e9n Moderno"},"content":{"rendered":"\n<div class=\"wp-block-columns is-layout-flex wp-container-core-columns-is-layout-9d6595d7 wp-block-columns-is-layout-flex\">\n  \n  <div class=\"wp-block-column is-layout-flow wp-block-column-is-layout-flow\" style=\"flex-basis:10%\"><\/div>\n  \n\n  \n  <div class=\"wp-block-column is-layout-flow wp-block-column-is-layout-flow\">\n    \n    <h3 class=\"wp-block-heading\"><strong>Congreso Almac\u00e9n Moderno<\/strong><\/h3>\n    \n\n    \n    <p>El <strong>Congreso de Almacenes Modernos<\/strong> se ha convertido en un acontecimiento consolidado en el calendario del sector, organizado por la revista <strong>Nowoczesny Magazyn<\/strong>. Este a\u00f1o no ser\u00e1 diferente. Estamos deseando reunirnos de nuevo con los profesionales de la log\u00edstica y el almacenamiento el <strong>20 de noviembre en Varsovia<\/strong>. Durante la edici\u00f3n de este a\u00f1o, <strong>\u00a1Anter System<\/strong> tambi\u00e9n estar\u00e1 presente! Como expositor, hemos preparado un stand en el que los participantes podr\u00e1n ver de cerca nuestras <a href=\"https:\/\/antersystem.com\/kategorie_produktow\/bariery-bezpieczenstwa-dla-pieszych\/\">barreras de seguridad flexibles<\/a> y <a href=\"https:\/\/antersystem.com\/realizacje\/\">debatir ideas para mejorar la seguridad y la organizaci\u00f3n del almac\u00e9n<\/a>. Si sigues buscando respuestas sobre c\u00f3mo optimizar los costes log\u00edsticos y gestionar eficazmente el espacio de los almacenes, te invitamos a reunirte con nosotros all\u00ed.<\/p>\n    \n\n    \n    <h4 class=\"wp-block-heading\">Como dicen los organizadores, la edici\u00f3n de este a\u00f1o, cuyo tema es \u00abEficiencia de costes e innovaci\u00f3n tecnol\u00f3gica\u00bb, pretende: <em>\u00abno s\u00f3lo debatir las tendencias y retos actuales, sino tambi\u00e9n inspirar a los participantes para que busquen soluciones innovadoras y den forma al futuro del sector de la log\u00edstica y el almacenamiento\u00bb.<\/em><\/h4>\n    \n\n    \n    <p>Una novedad de esta edici\u00f3n del Congreso de Almacenes Modernos ser\u00e1n las <strong>sesiones magistrales<\/strong>: paneles de debate dise\u00f1ados para intercambiar experiencias y abordar en colaboraci\u00f3n con expertos los retos del sector. Tambi\u00e9n habr\u00e1 espacio para compartir ideas empresariales y establecer contactos.<\/p>\n    \n\n    \n    <p>Entre los temas previstos para las sesiones mastermind se incluyen:<\/p>\n    \n\n    \n    <ul class=\"wp-block-list\"><li>automatizaci\u00f3n de almacenes,<\/li>\n      <li>inversiones en instalaciones de almacenamiento,<\/li>\n      <li>almacenamiento &#8211; temas a la carta sugeridos por los participantes,<\/li>\n      <li>sistemas inform\u00e1ticos de almac\u00e9n,<\/li>\n      <li>etiquetado y seguimiento de mercanc\u00edas,<\/li>\n      <li>tecnolog\u00eda de almac\u00e9n y transporte interno,<\/li>\n      <li>gesti\u00f3n del personal de almac\u00e9n,<\/li>\n      <li>Sesi\u00f3n <em>\u00abLibera tu mente<\/em> \u00ab: una mesa de debate abierta para los participantes que deseen intercambiar ideas, compartir experiencias y obtener opiniones.<\/li>\n    <\/ul>\n\n    \n    <p><strong>Lugar de celebraci\u00f3n:<\/strong><br\/>Novotel Warszawa Aeropuerto<br\/>1 Sierpnia 1, 02-134 Varsovia<\/p>\n    \n\n    <div class=\"wp-block-image\">\n    <figure class=\"aligncenter size-large is-resized\"><img loading=\"lazy\" decoding=\"async\" width=\"1024\" height=\"683\" src=\"https:\/\/antersystem.com\/wp-content\/uploads\/Modern-Warehouse-Anter-System-2023-1024x683.png\" alt=\"Congreso de Almacenes Modernos 2024 - Anter System\" class=\"wp-image-3567\" style=\"width:620px;height:auto\" srcset=\"https:\/\/antersystem.com\/wp-content\/uploads\/Modern-Warehouse-Anter-System-2023-1024x683.png 1024w, https:\/\/antersystem.com\/wp-content\/uploads\/Modern-Warehouse-Anter-System-2023-300x200.png 300w, https:\/\/antersystem.com\/wp-content\/uploads\/Modern-Warehouse-Anter-System-2023-768x512.png 768w, https:\/\/antersystem.com\/wp-content\/uploads\/Modern-Warehouse-Anter-System-2023-1536x1024.png 1536w, https:\/\/antersystem.com\/wp-content\/uploads\/Modern-Warehouse-Anter-System-2023-450x300.png 450w, https:\/\/antersystem.com\/wp-content\/uploads\/Modern-Warehouse-Anter-System-2023-330x220.png 330w, https:\/\/antersystem.com\/wp-content\/uploads\/Modern-Warehouse-Anter-System-2023.png 1800w\" sizes=\"auto, (max-width: 1024px) 100vw, 1024px\" \/><\/figure><\/div>\n  <\/div>\n  \n\n  \n  <div class=\"wp-block-column is-layout-flow wp-block-column-is-layout-flow\" style=\"flex-basis:10%\"><\/div>\n  \n<\/div>\n","protected":false},"excerpt":{"rendered":"<p>Congreso Almac\u00e9n Moderno El Congreso de Almacenes Modernos se ha convertido en un acontecimiento consolidado en el calendario del sector, organizado por la revista Nowoczesny Magazyn. Este a\u00f1o no ser\u00e1 diferente. Estamos deseando reunirnos de nuevo con los profesionales de la log\u00edstica y el almacenamiento el 20 de noviembre en Varsovia. Durante la edici\u00f3n de [&hellip;]<\/p>\n","protected":false},"author":1,"featured_media":0,"parent":30348,"menu_order":0,"comment_status":"closed","ping_status":"closed","template":"","meta":{"inline_featured_image":false,"ngg_post_thumbnail":0,"footnotes":""},"class_list":["post-15461","page","type-page","status-publish","hentry"],"acf":[],"yoast_head":"<!-- This site is optimized with the Yoast SEO plugin v27.0 - https:\/\/yoast.com\/product\/yoast-seo-wordpress\/ -->\n<title>Congreso Almac\u00e9n Moderno - Anter System<\/title>\n<meta name=\"description\" content=\"El Congreso de Almacenes Modernos es una cita habitual en el calendario de eventos del sector, organizado por la revista Nowoczesny Magazyn, y esta vez no ser\u00e1 diferente. Estamos deseando volver a vernos.\" \/>\n<meta name=\"robots\" content=\"index, follow, max-snippet:-1, max-image-preview:large, max-video-preview:-1\" \/>\n<link rel=\"canonical\" href=\"https:\/\/antersystem.com\/es\/noticias\/congress-modern-warehouse\/\" \/>\n<meta property=\"og:locale\" content=\"es_ES\" \/>\n<meta property=\"og:type\" content=\"article\" \/>\n<meta property=\"og:title\" content=\"Congreso Almac\u00e9n Moderno - Anter System\" \/>\n<meta property=\"og:description\" content=\"El Congreso de Almacenes Modernos es una cita habitual en el calendario de eventos del sector, organizado por la revista Nowoczesny Magazyn, y esta vez no ser\u00e1 diferente. Estamos deseando volver a vernos.\" \/>\n<meta property=\"og:url\" content=\"https:\/\/antersystem.com\/es\/noticias\/congress-modern-warehouse\/\" \/>\n<meta property=\"og:site_name\" content=\"Anter System\" \/>\n<meta property=\"article:modified_time\" content=\"2026-01-30T13:29:51+00:00\" \/>\n<meta property=\"og:image\" content=\"https:\/\/antersystem.com\/wp-content\/uploads\/Modern-Warehouse-Anter-System-2023-1024x683.png\" \/>\n<meta name=\"twitter:card\" content=\"summary_large_image\" \/>\n<meta name=\"twitter:label1\" content=\"Tiempo de lectura\" \/>\n\t<meta name=\"twitter:data1\" content=\"2 minutos\" \/>\n<script type=\"application\/ld+json\" class=\"yoast-schema-graph\">{\"@context\":\"https:\/\/schema.org\",\"@graph\":[{\"@type\":\"WebPage\",\"@id\":\"https:\/\/antersystem.com\/es\/noticias\/congress-modern-warehouse\/\",\"url\":\"https:\/\/antersystem.com\/es\/noticias\/congress-modern-warehouse\/\",\"name\":\"Congreso Almac\u00e9n Moderno - Anter System\",\"isPartOf\":{\"@id\":\"https:\/\/antersystem.com\/es\/#website\"},\"primaryImageOfPage\":{\"@id\":\"https:\/\/antersystem.com\/es\/noticias\/congress-modern-warehouse\/#primaryimage\"},\"image\":{\"@id\":\"https:\/\/antersystem.com\/es\/noticias\/congress-modern-warehouse\/#primaryimage\"},\"thumbnailUrl\":\"https:\/\/antersystem.com\/wp-content\/uploads\/Modern-Warehouse-Anter-System-2023-1024x683.png\",\"datePublished\":\"2023-11-16T14:30:28+00:00\",\"dateModified\":\"2026-01-30T13:29:51+00:00\",\"description\":\"El Congreso de Almacenes Modernos es una cita habitual en el calendario de eventos del sector, organizado por la revista Nowoczesny Magazyn, y esta vez no ser\u00e1 diferente. Estamos deseando volver a vernos.\",\"breadcrumb\":{\"@id\":\"https:\/\/antersystem.com\/es\/noticias\/congress-modern-warehouse\/#breadcrumb\"},\"inLanguage\":\"es\",\"potentialAction\":[{\"@type\":\"ReadAction\",\"target\":[\"https:\/\/antersystem.com\/es\/noticias\/congress-modern-warehouse\/\"]}]},{\"@type\":\"ImageObject\",\"inLanguage\":\"es\",\"@id\":\"https:\/\/antersystem.com\/es\/noticias\/congress-modern-warehouse\/#primaryimage\",\"url\":\"https:\/\/antersystem.com\/wp-content\/uploads\/Modern-Warehouse-Anter-System-2023-1024x683.png\",\"contentUrl\":\"https:\/\/antersystem.com\/wp-content\/uploads\/Modern-Warehouse-Anter-System-2023-1024x683.png\"},{\"@type\":\"BreadcrumbList\",\"@id\":\"https:\/\/antersystem.com\/es\/noticias\/congress-modern-warehouse\/#breadcrumb\",\"itemListElement\":[{\"@type\":\"ListItem\",\"position\":1,\"name\":\"AnterSystem\",\"item\":\"https:\/\/antersystem.com\/es\/\"},{\"@type\":\"ListItem\",\"position\":2,\"name\":\"Noticias\",\"item\":\"https:\/\/antersystem.com\/es\/noticias\/\"},{\"@type\":\"ListItem\",\"position\":3,\"name\":\"Congreso Almac\u00e9n Moderno\"}]},{\"@type\":\"WebSite\",\"@id\":\"https:\/\/antersystem.com\/es\/#website\",\"url\":\"https:\/\/antersystem.com\/es\/\",\"name\":\"Anter System\",\"description\":\"Jeste\u015bmy polskim producentem elastycznych barier ochronnych wykonywanych z polimerowych tworzyw sztucznych. Na rynku krajowym i zagranicznym dzia\u0142amy od ponad 15 lat dbaj\u0105c o zapewnienie bezpiecze\u0144stwa w zak\u0142adach produkcyjnych, magazynach oraz centrach logistycznych.\",\"potentialAction\":[{\"@type\":\"SearchAction\",\"target\":{\"@type\":\"EntryPoint\",\"urlTemplate\":\"https:\/\/antersystem.com\/es\/?s={search_term_string}\"},\"query-input\":{\"@type\":\"PropertyValueSpecification\",\"valueRequired\":true,\"valueName\":\"search_term_string\"}}],\"inLanguage\":\"es\"}]}<\/script>\n<!-- \/ Yoast SEO plugin. -->","yoast_head_json":{"title":"Congreso Almac\u00e9n Moderno - Anter System","description":"El Congreso de Almacenes Modernos es una cita habitual en el calendario de eventos del sector, organizado por la revista Nowoczesny Magazyn, y esta vez no ser\u00e1 diferente. Estamos deseando volver a vernos.","robots":{"index":"index","follow":"follow","max-snippet":"max-snippet:-1","max-image-preview":"max-image-preview:large","max-video-preview":"max-video-preview:-1"},"canonical":"https:\/\/antersystem.com\/es\/noticias\/congress-modern-warehouse\/","og_locale":"es_ES","og_type":"article","og_title":"Congreso Almac\u00e9n Moderno - Anter System","og_description":"El Congreso de Almacenes Modernos es una cita habitual en el calendario de eventos del sector, organizado por la revista Nowoczesny Magazyn, y esta vez no ser\u00e1 diferente. Estamos deseando volver a vernos.","og_url":"https:\/\/antersystem.com\/es\/noticias\/congress-modern-warehouse\/","og_site_name":"Anter System","article_modified_time":"2026-01-30T13:29:51+00:00","og_image":[{"url":"https:\/\/antersystem.com\/wp-content\/uploads\/Modern-Warehouse-Anter-System-2023-1024x683.png","type":"","width":"","height":""}],"twitter_card":"summary_large_image","twitter_misc":{"Tiempo de lectura":"2 minutos"},"schema":{"@context":"https:\/\/schema.org","@graph":[{"@type":"WebPage","@id":"https:\/\/antersystem.com\/es\/noticias\/congress-modern-warehouse\/","url":"https:\/\/antersystem.com\/es\/noticias\/congress-modern-warehouse\/","name":"Congreso Almac\u00e9n Moderno - Anter System","isPartOf":{"@id":"https:\/\/antersystem.com\/es\/#website"},"primaryImageOfPage":{"@id":"https:\/\/antersystem.com\/es\/noticias\/congress-modern-warehouse\/#primaryimage"},"image":{"@id":"https:\/\/antersystem.com\/es\/noticias\/congress-modern-warehouse\/#primaryimage"},"thumbnailUrl":"https:\/\/antersystem.com\/wp-content\/uploads\/Modern-Warehouse-Anter-System-2023-1024x683.png","datePublished":"2023-11-16T14:30:28+00:00","dateModified":"2026-01-30T13:29:51+00:00","description":"El Congreso de Almacenes Modernos es una cita habitual en el calendario de eventos del sector, organizado por la revista Nowoczesny Magazyn, y esta vez no ser\u00e1 diferente. Estamos deseando volver a vernos.","breadcrumb":{"@id":"https:\/\/antersystem.com\/es\/noticias\/congress-modern-warehouse\/#breadcrumb"},"inLanguage":"es","potentialAction":[{"@type":"ReadAction","target":["https:\/\/antersystem.com\/es\/noticias\/congress-modern-warehouse\/"]}]},{"@type":"ImageObject","inLanguage":"es","@id":"https:\/\/antersystem.com\/es\/noticias\/congress-modern-warehouse\/#primaryimage","url":"https:\/\/antersystem.com\/wp-content\/uploads\/Modern-Warehouse-Anter-System-2023-1024x683.png","contentUrl":"https:\/\/antersystem.com\/wp-content\/uploads\/Modern-Warehouse-Anter-System-2023-1024x683.png"},{"@type":"BreadcrumbList","@id":"https:\/\/antersystem.com\/es\/noticias\/congress-modern-warehouse\/#breadcrumb","itemListElement":[{"@type":"ListItem","position":1,"name":"AnterSystem","item":"https:\/\/antersystem.com\/es\/"},{"@type":"ListItem","position":2,"name":"Noticias","item":"https:\/\/antersystem.com\/es\/noticias\/"},{"@type":"ListItem","position":3,"name":"Congreso Almac\u00e9n Moderno"}]},{"@type":"WebSite","@id":"https:\/\/antersystem.com\/es\/#website","url":"https:\/\/antersystem.com\/es\/","name":"Anter System","description":"Jeste\u015bmy polskim producentem elastycznych barier ochronnych wykonywanych z polimerowych tworzyw sztucznych. Na rynku krajowym i zagranicznym dzia\u0142amy od ponad 15 lat dbaj\u0105c o zapewnienie bezpiecze\u0144stwa w zak\u0142adach produkcyjnych, magazynach oraz centrach logistycznych.","potentialAction":[{"@type":"SearchAction","target":{"@type":"EntryPoint","urlTemplate":"https:\/\/antersystem.com\/es\/?s={search_term_string}"},"query-input":{"@type":"PropertyValueSpecification","valueRequired":true,"valueName":"search_term_string"}}],"inLanguage":"es"}]}},"_links":{"self":[{"href":"https:\/\/antersystem.com\/es\/wp-json\/wp\/v2\/pages\/15461","targetHints":{"allow":["GET"]}}],"collection":[{"href":"https:\/\/antersystem.com\/es\/wp-json\/wp\/v2\/pages"}],"about":[{"href":"https:\/\/antersystem.com\/es\/wp-json\/wp\/v2\/types\/page"}],"author":[{"embeddable":true,"href":"https:\/\/antersystem.com\/es\/wp-json\/wp\/v2\/users\/1"}],"replies":[{"embeddable":true,"href":"https:\/\/antersystem.com\/es\/wp-json\/wp\/v2\/comments?post=15461"}],"version-history":[{"count":1,"href":"https:\/\/antersystem.com\/es\/wp-json\/wp\/v2\/pages\/15461\/revisions"}],"predecessor-version":[{"id":15466,"href":"https:\/\/antersystem.com\/es\/wp-json\/wp\/v2\/pages\/15461\/revisions\/15466"}],"up":[{"embeddable":true,"href":"https:\/\/antersystem.com\/es\/wp-json\/wp\/v2\/pages\/30348"}],"wp:attachment":[{"href":"https:\/\/antersystem.com\/es\/wp-json\/wp\/v2\/media?parent=15461"}],"curies":[{"name":"wp","href":"https:\/\/api.w.org\/{rel}","templated":true}]}}