{"id":15752,"date":"2024-05-28T10:54:04","date_gmt":"2024-05-28T08:54:04","guid":{"rendered":"https:\/\/new.antersystem.com\/modernlog24\/"},"modified":"2026-01-30T14:29:51","modified_gmt":"2026-01-30T13:29:51","slug":"modernlog24","status":"publish","type":"page","link":"https:\/\/antersystem.com\/es\/noticias\/modernlog24\/","title":{"rendered":"MODERNLOG&#8217;24"},"content":{"rendered":"\n<div class=\"wp-block-columns is-layout-flex wp-container-core-columns-is-layout-9d6595d7 wp-block-columns-is-layout-flex\">\n<div class=\"wp-block-column is-layout-flow wp-block-column-is-layout-flow\" style=\"flex-basis:10%\"><\/div>\n\n\n\n<div class=\"wp-block-column is-layout-flow wp-block-column-is-layout-flow\">\n<h2 class=\"wp-block-heading\">Anter System &#8211; Socio tecnol\u00f3gico de IN4LOG<\/h2>\n\n\n\n<h2 class=\"wp-block-heading\"><br\/>La Feria MODERNLOG tendr\u00e1 lugar del 4 al 7 de junio de 2024 en el Recinto Ferial Internacional de Pozna\u0144, en los pabellones 7, 7A, 8 y 8A.<\/h2>\n\n\n\n<p>El comienzo de junio promete ser emocionante en el Recinto Ferial Internacional de Pozna\u0144. <strong>Modernlog<\/strong> y la <strong>Conferencia sobre Almacenes Inteligentes<\/strong> se celebran junto con <strong>ITM Industry Europe<\/strong>, una gran feria que presenta los logros de la industria polaca y mundial. Entre los actos paralelos tambi\u00e9n se encuentra la <strong>Feria de Cooperaci\u00f3n Industrial en Subcontrataci\u00f3n<\/strong>. <a href=\"https:\/\/modernlog.pl\/pl\/aktualnosci\/wieksze-potrzeby-wieksza-powierzchnia-targi-modernlog-i-konferencja-smart-warehouse-z-nowa-lokalizacja\/\">Hay m\u00e1s informaci\u00f3n disponible en el sitio web del organizador.<\/a> Los visitantes que tengan previsto asistir deben planificar cuidadosamente su ruta.<\/p>\n\n\n\n<p>Ahora, volvamos a Modernlog. Una de las principales atracciones de la <strong>Feria de Log\u00edstica, Almacenamiento y Transporte<\/strong> son las demostraciones de m\u00e1quinas en directo en la <strong>zona In4Log<\/strong>, organizadas en colaboraci\u00f3n con socios tecnol\u00f3gicos. <strong>Aqu\u00ed es donde nos encontrar\u00e1s, exhibiendo nuestras barreras de seguridad flexibles.<\/strong> Como socio tecnol\u00f3gico de la zona y de la conferencia, <strong>Anter<\/strong> System proporcionar\u00e1 sistemas de seguridad para la zona In4Log. Muchas de las soluciones de protecci\u00f3n que describimos aqu\u00ed de forma continua estar\u00e1n disponibles in situ para una experiencia pr\u00e1ctica.<\/p>\n\n\n\n<h3 class=\"wp-block-heading\">Optimizaci\u00f3n en acci\u00f3n<\/h3>\n\n\n\n<p><strong>In4Log<\/strong> es una presentaci\u00f3n en directo de procesos intralog\u00edsticos, recreando operaciones cr\u00edticas de entornos de almac\u00e9n y log\u00edstica. Es el lugar perfecto para contemplar tu equipo actual desde una nueva perspectiva y desbloquear una mayor productividad mediante un mejor uso de los recursos. Las buenas pr\u00e1cticas y los productos de apoyo pueden inspirar un enfoque m\u00e1s creativo de la log\u00edstica. Las demostraciones tendr\u00e1n lugar todos los d\u00edas del evento.<\/p>\n\n\n\n<h3 class=\"wp-block-heading\">Tecnolog\u00edas futuras en log\u00edstica<\/h3>\n\n\n\n<p>El Modernlog de este a\u00f1o est\u00e1 repleto de conocimientos. Se invita a los visitantes a asistir a la <strong>Conferencia sobre Almacenes Inteligentes<\/strong>, en la que se expondr\u00e1n casos pr\u00e1cticos, conocimientos sobre <strong>la Log\u00edstica 4.0<\/strong> y soluciones modernas para los almacenes del futuro. El programa incluye paneles tem\u00e1ticos como<\/p>\n\n\n\n<ul>\n<li>Los directivos ante los retos de la log\u00edstica del futuro<\/li>\n<li>Digitalizaci\u00f3n e IoT &#8211; Apoyo en los Procesos de Almac\u00e9n<\/li>\n<li>Almacenes inteligentes &#8211; Automatizaci\u00f3n y transformaci\u00f3n<\/li>\n<li>Robots y tecnolog\u00edas del futuro<\/li>\n<li>Cumplimiento del comercio electr\u00f3nico: necesidades crecientes, nuevos retos<\/li>\n<\/ul>\n\n\n\n<p>Un punto especialmente intrigante para los interesados en el impacto de la IA en el lugar de trabajo es la conferencia \u00bb <em>Entre el sentido y el sinsentido: c\u00f3mo el desarrollo tecnol\u00f3gico cambiar\u00e1 nuestra experiencia laboral\u00bb<\/em> (D\u00eda 1, ponente: Bart\u0142omiej Brach).<\/p>\n\n\n\n<p>Nuestras <strong>barreras flexibles<\/strong> son una respuesta directa a los retos de un mundo en r\u00e1pida evoluci\u00f3n e impulsado por la tecnolog\u00eda. Permiten una adaptaci\u00f3n din\u00e1mica a las cambiantes condiciones operativas, ofreciendo tanto control como protecci\u00f3n y permitiendo al mismo tiempo que prosperen las ventajas de la automatizaci\u00f3n.<\/p>\n\n\n\n<p>Te invitamos a explorar las ventajas de las barreras flexibles, productos con muchas caracter\u00edsticas innovadoras a\u00fan por descubrir. Tambi\u00e9n mostraremos <strong>las innovaciones galardonadas de Anter<\/strong> System, reconocidas en los principales concursos del sector. <strong>Espera consejos de expertos y una experiencia atractiva y pr\u00e1ctica.<\/strong> Y para quienes quieran ver lo que les espera, aqu\u00ed est\u00e1 nuestro <strong><a href=\"https:\/\/antersystem.com\/wiedza-i-nowosci\/modernlog-targi-logistyki-magazynowania-i-transportu\/\">resumen de la edici\u00f3n anterior.<\/a><\/strong><\/p>\n\n\n\n<p>\u00a1Nos vemos pronto en <strong>Modernlog 2024!<\/strong> Descubre c\u00f3mo las soluciones de Anter System pueden transformar tu empresa: <strong>Pabell\u00f3n 7A, Stand 44.<\/strong><\/p>\n\n\n\n<p>Enlace al evento: <strong><a href=\"https:\/\/modernlog.pl\/pl\/\">MODERNLOG<\/a><\/strong><\/p>\n\n\n\n<p><strong>#MODERNLOG #feria #seguridad #OHS #barrerasflexibles<\/strong><\/p>\n<\/div>\n\n\n\n<div class=\"wp-block-column is-layout-flow wp-block-column-is-layout-flow\" style=\"flex-basis:10%\"><\/div>\n<\/div>\n<div class=\"wp-block-image\">\n<figure class=\"aligncenter size-large is-resized\"><img loading=\"lazy\" decoding=\"async\" width=\"1024\" height=\"535\" src=\"https:\/\/antersystem.com\/wp-content\/uploads\/ZAJAWKA-MODERNLOG-1024x535.webp\" alt=\"Anter System en Modernlog 2024\" class=\"wp-image-4733\" style=\"width:720px;height:auto\" srcset=\"https:\/\/antersystem.com\/wp-content\/uploads\/ZAJAWKA-MODERNLOG-1024x535.webp 1024w, https:\/\/antersystem.com\/wp-content\/uploads\/ZAJAWKA-MODERNLOG-300x157.webp 300w, https:\/\/antersystem.com\/wp-content\/uploads\/ZAJAWKA-MODERNLOG-768x401.webp 768w, https:\/\/antersystem.com\/wp-content\/uploads\/ZAJAWKA-MODERNLOG-450x235.webp 450w, https:\/\/antersystem.com\/wp-content\/uploads\/ZAJAWKA-MODERNLOG-330x172.webp 330w, https:\/\/antersystem.com\/wp-content\/uploads\/ZAJAWKA-MODERNLOG.webp 1200w\" sizes=\"auto, (max-width: 1024px) 100vw, 1024px\" \/><\/figure><\/div>","protected":false},"excerpt":{"rendered":"<p>Anter System &#8211; Socio tecnol\u00f3gico de IN4LOG La Feria MODERNLOG tendr\u00e1 lugar del 4 al 7 de junio de 2024 en el Recinto Ferial Internacional de Pozna\u0144, en los pabellones 7, 7A, 8 y 8A. El comienzo de junio promete ser emocionante en el Recinto Ferial Internacional de Pozna\u0144. Modernlog y la Conferencia sobre Almacenes [&hellip;]<\/p>\n","protected":false},"author":1,"featured_media":0,"parent":30348,"menu_order":0,"comment_status":"closed","ping_status":"closed","template":"","meta":{"inline_featured_image":false,"ngg_post_thumbnail":0,"footnotes":""},"class_list":["post-15752","page","type-page","status-publish","hentry"],"acf":[],"yoast_head":"<!-- This site is optimized with the Yoast SEO plugin v27.0 - https:\/\/yoast.com\/product\/yoast-seo-wordpress\/ -->\n<title>MODERNLOG&#039;24 - Anter System<\/title>\n<meta name=\"description\" content=\"Targi MODERNLOG potrwaj\u0105 od 4 do 7 czerwca&#039;24 na terenie Mi\u0119dzynarodowych Targ\u00f3w Pozna\u0144skich. Anter System zabezpieczy tam stref\u0119 In4Log.\" \/>\n<meta name=\"robots\" content=\"index, follow, max-snippet:-1, max-image-preview:large, max-video-preview:-1\" \/>\n<link rel=\"canonical\" href=\"https:\/\/antersystem.com\/es\/noticias\/modernlog24\/\" \/>\n<meta property=\"og:locale\" content=\"es_ES\" \/>\n<meta property=\"og:type\" content=\"article\" \/>\n<meta property=\"og:title\" content=\"MODERNLOG&#039;24 - Anter System\" \/>\n<meta property=\"og:description\" content=\"Targi MODERNLOG potrwaj\u0105 od 4 do 7 czerwca&#039;24 na terenie Mi\u0119dzynarodowych Targ\u00f3w Pozna\u0144skich. Anter System zabezpieczy tam stref\u0119 In4Log.\" \/>\n<meta property=\"og:url\" content=\"https:\/\/antersystem.com\/es\/noticias\/modernlog24\/\" \/>\n<meta property=\"og:site_name\" content=\"Anter System\" \/>\n<meta property=\"article:modified_time\" content=\"2026-01-30T13:29:51+00:00\" \/>\n<meta property=\"og:image\" content=\"https:\/\/antersystem.com\/wp-content\/uploads\/ZAJAWKA-MODERNLOG-1024x535.webp\" \/>\n<meta name=\"twitter:card\" content=\"summary_large_image\" \/>\n<meta name=\"twitter:label1\" content=\"Tiempo de lectura\" \/>\n\t<meta name=\"twitter:data1\" content=\"3 minutos\" \/>\n<script type=\"application\/ld+json\" class=\"yoast-schema-graph\">{\"@context\":\"https:\/\/schema.org\",\"@graph\":[{\"@type\":\"WebPage\",\"@id\":\"https:\/\/antersystem.com\/es\/noticias\/modernlog24\/\",\"url\":\"https:\/\/antersystem.com\/es\/noticias\/modernlog24\/\",\"name\":\"MODERNLOG'24 - Anter System\",\"isPartOf\":{\"@id\":\"https:\/\/antersystem.com\/es\/#website\"},\"primaryImageOfPage\":{\"@id\":\"https:\/\/antersystem.com\/es\/noticias\/modernlog24\/#primaryimage\"},\"image\":{\"@id\":\"https:\/\/antersystem.com\/es\/noticias\/modernlog24\/#primaryimage\"},\"thumbnailUrl\":\"https:\/\/antersystem.com\/wp-content\/uploads\/ZAJAWKA-MODERNLOG-1024x535.webp\",\"datePublished\":\"2024-05-28T08:54:04+00:00\",\"dateModified\":\"2026-01-30T13:29:51+00:00\",\"description\":\"Targi MODERNLOG potrwaj\u0105 od 4 do 7 czerwca'24 na terenie Mi\u0119dzynarodowych Targ\u00f3w Pozna\u0144skich. Anter System zabezpieczy tam stref\u0119 In4Log.\",\"breadcrumb\":{\"@id\":\"https:\/\/antersystem.com\/es\/noticias\/modernlog24\/#breadcrumb\"},\"inLanguage\":\"es\",\"potentialAction\":[{\"@type\":\"ReadAction\",\"target\":[\"https:\/\/antersystem.com\/es\/noticias\/modernlog24\/\"]}]},{\"@type\":\"ImageObject\",\"inLanguage\":\"es\",\"@id\":\"https:\/\/antersystem.com\/es\/noticias\/modernlog24\/#primaryimage\",\"url\":\"https:\/\/antersystem.com\/wp-content\/uploads\/ZAJAWKA-MODERNLOG-1024x535.webp\",\"contentUrl\":\"https:\/\/antersystem.com\/wp-content\/uploads\/ZAJAWKA-MODERNLOG-1024x535.webp\"},{\"@type\":\"BreadcrumbList\",\"@id\":\"https:\/\/antersystem.com\/es\/noticias\/modernlog24\/#breadcrumb\",\"itemListElement\":[{\"@type\":\"ListItem\",\"position\":1,\"name\":\"AnterSystem\",\"item\":\"https:\/\/antersystem.com\/es\/\"},{\"@type\":\"ListItem\",\"position\":2,\"name\":\"Noticias\",\"item\":\"https:\/\/antersystem.com\/es\/noticias\/\"},{\"@type\":\"ListItem\",\"position\":3,\"name\":\"MODERNLOG&#8217;24\"}]},{\"@type\":\"WebSite\",\"@id\":\"https:\/\/antersystem.com\/es\/#website\",\"url\":\"https:\/\/antersystem.com\/es\/\",\"name\":\"Anter System\",\"description\":\"Jeste\u015bmy polskim producentem elastycznych barier ochronnych wykonywanych z polimerowych tworzyw sztucznych. Na rynku krajowym i zagranicznym dzia\u0142amy od ponad 15 lat dbaj\u0105c o zapewnienie bezpiecze\u0144stwa w zak\u0142adach produkcyjnych, magazynach oraz centrach logistycznych.\",\"potentialAction\":[{\"@type\":\"SearchAction\",\"target\":{\"@type\":\"EntryPoint\",\"urlTemplate\":\"https:\/\/antersystem.com\/es\/?s={search_term_string}\"},\"query-input\":{\"@type\":\"PropertyValueSpecification\",\"valueRequired\":true,\"valueName\":\"search_term_string\"}}],\"inLanguage\":\"es\"}]}<\/script>\n<!-- \/ Yoast SEO plugin. -->","yoast_head_json":{"title":"MODERNLOG'24 - Anter System","description":"Targi MODERNLOG potrwaj\u0105 od 4 do 7 czerwca'24 na terenie Mi\u0119dzynarodowych Targ\u00f3w Pozna\u0144skich. Anter System zabezpieczy tam stref\u0119 In4Log.","robots":{"index":"index","follow":"follow","max-snippet":"max-snippet:-1","max-image-preview":"max-image-preview:large","max-video-preview":"max-video-preview:-1"},"canonical":"https:\/\/antersystem.com\/es\/noticias\/modernlog24\/","og_locale":"es_ES","og_type":"article","og_title":"MODERNLOG'24 - Anter System","og_description":"Targi MODERNLOG potrwaj\u0105 od 4 do 7 czerwca'24 na terenie Mi\u0119dzynarodowych Targ\u00f3w Pozna\u0144skich. Anter System zabezpieczy tam stref\u0119 In4Log.","og_url":"https:\/\/antersystem.com\/es\/noticias\/modernlog24\/","og_site_name":"Anter System","article_modified_time":"2026-01-30T13:29:51+00:00","og_image":[{"url":"https:\/\/antersystem.com\/wp-content\/uploads\/ZAJAWKA-MODERNLOG-1024x535.webp","type":"","width":"","height":""}],"twitter_card":"summary_large_image","twitter_misc":{"Tiempo de lectura":"3 minutos"},"schema":{"@context":"https:\/\/schema.org","@graph":[{"@type":"WebPage","@id":"https:\/\/antersystem.com\/es\/noticias\/modernlog24\/","url":"https:\/\/antersystem.com\/es\/noticias\/modernlog24\/","name":"MODERNLOG'24 - Anter System","isPartOf":{"@id":"https:\/\/antersystem.com\/es\/#website"},"primaryImageOfPage":{"@id":"https:\/\/antersystem.com\/es\/noticias\/modernlog24\/#primaryimage"},"image":{"@id":"https:\/\/antersystem.com\/es\/noticias\/modernlog24\/#primaryimage"},"thumbnailUrl":"https:\/\/antersystem.com\/wp-content\/uploads\/ZAJAWKA-MODERNLOG-1024x535.webp","datePublished":"2024-05-28T08:54:04+00:00","dateModified":"2026-01-30T13:29:51+00:00","description":"Targi MODERNLOG potrwaj\u0105 od 4 do 7 czerwca'24 na terenie Mi\u0119dzynarodowych Targ\u00f3w Pozna\u0144skich. Anter System zabezpieczy tam stref\u0119 In4Log.","breadcrumb":{"@id":"https:\/\/antersystem.com\/es\/noticias\/modernlog24\/#breadcrumb"},"inLanguage":"es","potentialAction":[{"@type":"ReadAction","target":["https:\/\/antersystem.com\/es\/noticias\/modernlog24\/"]}]},{"@type":"ImageObject","inLanguage":"es","@id":"https:\/\/antersystem.com\/es\/noticias\/modernlog24\/#primaryimage","url":"https:\/\/antersystem.com\/wp-content\/uploads\/ZAJAWKA-MODERNLOG-1024x535.webp","contentUrl":"https:\/\/antersystem.com\/wp-content\/uploads\/ZAJAWKA-MODERNLOG-1024x535.webp"},{"@type":"BreadcrumbList","@id":"https:\/\/antersystem.com\/es\/noticias\/modernlog24\/#breadcrumb","itemListElement":[{"@type":"ListItem","position":1,"name":"AnterSystem","item":"https:\/\/antersystem.com\/es\/"},{"@type":"ListItem","position":2,"name":"Noticias","item":"https:\/\/antersystem.com\/es\/noticias\/"},{"@type":"ListItem","position":3,"name":"MODERNLOG&#8217;24"}]},{"@type":"WebSite","@id":"https:\/\/antersystem.com\/es\/#website","url":"https:\/\/antersystem.com\/es\/","name":"Anter System","description":"Jeste\u015bmy polskim producentem elastycznych barier ochronnych wykonywanych z polimerowych tworzyw sztucznych. Na rynku krajowym i zagranicznym dzia\u0142amy od ponad 15 lat dbaj\u0105c o zapewnienie bezpiecze\u0144stwa w zak\u0142adach produkcyjnych, magazynach oraz centrach logistycznych.","potentialAction":[{"@type":"SearchAction","target":{"@type":"EntryPoint","urlTemplate":"https:\/\/antersystem.com\/es\/?s={search_term_string}"},"query-input":{"@type":"PropertyValueSpecification","valueRequired":true,"valueName":"search_term_string"}}],"inLanguage":"es"}]}},"_links":{"self":[{"href":"https:\/\/antersystem.com\/es\/wp-json\/wp\/v2\/pages\/15752","targetHints":{"allow":["GET"]}}],"collection":[{"href":"https:\/\/antersystem.com\/es\/wp-json\/wp\/v2\/pages"}],"about":[{"href":"https:\/\/antersystem.com\/es\/wp-json\/wp\/v2\/types\/page"}],"author":[{"embeddable":true,"href":"https:\/\/antersystem.com\/es\/wp-json\/wp\/v2\/users\/1"}],"replies":[{"embeddable":true,"href":"https:\/\/antersystem.com\/es\/wp-json\/wp\/v2\/comments?post=15752"}],"version-history":[{"count":1,"href":"https:\/\/antersystem.com\/es\/wp-json\/wp\/v2\/pages\/15752\/revisions"}],"predecessor-version":[{"id":15755,"href":"https:\/\/antersystem.com\/es\/wp-json\/wp\/v2\/pages\/15752\/revisions\/15755"}],"up":[{"embeddable":true,"href":"https:\/\/antersystem.com\/es\/wp-json\/wp\/v2\/pages\/30348"}],"wp:attachment":[{"href":"https:\/\/antersystem.com\/es\/wp-json\/wp\/v2\/media?parent=15752"}],"curies":[{"name":"wp","href":"https:\/\/api.w.org\/{rel}","templated":true}]}}