{"id":38841,"date":"2024-06-14T14:17:21","date_gmt":"2024-06-14T12:17:21","guid":{"rendered":"https:\/\/antersystem.com\/noticias\/modernlog-2024\/"},"modified":"2026-02-02T14:14:31","modified_gmt":"2026-02-02T13:14:31","slug":"modernlog-2024","status":"publish","type":"page","link":"https:\/\/antersystem.com\/es\/noticias\/modernlog-2024\/","title":{"rendered":"Modernlog 2024"},"content":{"rendered":"\n<div class=\"wp-block-columns is-layout-flex wp-container-core-columns-is-layout-9d6595d7 wp-block-columns-is-layout-flex\">\n<div class=\"wp-block-column is-layout-flow wp-block-column-is-layout-flow\">\n<h2 class=\"wp-block-heading\">Informe de Modernlog, 4-7 de junio de 2024<\/h2>\n\n\n\n<div class=\"wp-block-columns is-layout-flex wp-container-core-columns-is-layout-9d6595d7 wp-block-columns-is-layout-flex\">\n<div class=\"wp-block-column is-layout-flow wp-block-column-is-layout-flow\" style=\"flex-basis:10%\"><\/div>\n\n\n\n<div class=\"wp-block-column is-layout-flow wp-block-column-is-layout-flow\">\n<div class=\"wp-block-media-text has-media-on-the-right is-stacked-on-mobile\"><div class=\"wp-block-media-text__content\">\n<p>La celebraci\u00f3n de la industria log\u00edstica en Pozna\u0144 -parte del mayor bloque de eventos industriales para la Industria 4.0 en Polonia- ha llegado a su fin. Entre el 4 y el 7 de junio se celebr\u00f3 en el Recinto Ferial Internacional de Pozna\u0144 la <strong>Feria Modernlog<\/strong>, con conferencias especializadas, demostraciones en directo y sesiones de networking. Los participantes tuvieron la oportunidad de explorar una amplia gama de ofertas de los expositores, lo que dio lugar a numerosas nuevas relaciones comerciales con empresas que buscan soluciones log\u00edsticas innovadoras.  <\/p>\n<\/div><figure class=\"wp-block-media-text__media\"><img loading=\"lazy\" decoding=\"async\" width=\"1024\" height=\"683\" src=\"https:\/\/antersystem.com\/wp-content\/uploads\/2024-06-05_modernlog_fotobueno_-1836-1-1024x683.jpg\" alt=\"Feria Modernlog 2024 en Pozna\u0144\" class=\"wp-image-4800 size-full\" srcset=\"https:\/\/antersystem.com\/wp-content\/uploads\/2024-06-05_modernlog_fotobueno_-1836-1-1024x683.jpg 1024w, https:\/\/antersystem.com\/wp-content\/uploads\/2024-06-05_modernlog_fotobueno_-1836-1-300x200.jpg 300w, https:\/\/antersystem.com\/wp-content\/uploads\/2024-06-05_modernlog_fotobueno_-1836-1-768x512.jpg 768w, https:\/\/antersystem.com\/wp-content\/uploads\/2024-06-05_modernlog_fotobueno_-1836-1-1536x1024.jpg 1536w, https:\/\/antersystem.com\/wp-content\/uploads\/2024-06-05_modernlog_fotobueno_-1836-1-2048x1365.jpg 2048w, https:\/\/antersystem.com\/wp-content\/uploads\/2024-06-05_modernlog_fotobueno_-1836-1-450x300.jpg 450w, https:\/\/antersystem.com\/wp-content\/uploads\/2024-06-05_modernlog_fotobueno_-1836-1-330x220.jpg 330w\" sizes=\"auto, (max-width: 1024px) 100vw, 1024px\" \/><\/figure><\/div>\n\n\n\n<div class=\"wp-block-media-text is-stacked-on-mobile\"><figure class=\"wp-block-media-text__media\"><img loading=\"lazy\" decoding=\"async\" width=\"1024\" height=\"683\" src=\"https:\/\/antersystem.com\/wp-content\/uploads\/2024-06-05_modernlog_fotobueno_-1976-1-1024x683.jpg\" alt=\"Conferencia sobre Almacenes Inteligentes en Modernlog 2024\" class=\"wp-image-4794 size-full\" srcset=\"https:\/\/antersystem.com\/wp-content\/uploads\/2024-06-05_modernlog_fotobueno_-1976-1-1024x683.jpg 1024w, https:\/\/antersystem.com\/wp-content\/uploads\/2024-06-05_modernlog_fotobueno_-1976-1-300x200.jpg 300w, https:\/\/antersystem.com\/wp-content\/uploads\/2024-06-05_modernlog_fotobueno_-1976-1-768x512.jpg 768w, https:\/\/antersystem.com\/wp-content\/uploads\/2024-06-05_modernlog_fotobueno_-1976-1-1536x1024.jpg 1536w, https:\/\/antersystem.com\/wp-content\/uploads\/2024-06-05_modernlog_fotobueno_-1976-1-2048x1365.jpg 2048w, https:\/\/antersystem.com\/wp-content\/uploads\/2024-06-05_modernlog_fotobueno_-1976-1-450x300.jpg 450w, https:\/\/antersystem.com\/wp-content\/uploads\/2024-06-05_modernlog_fotobueno_-1976-1-330x220.jpg 330w\" sizes=\"auto, (max-width: 1024px) 100vw, 1024px\" \/><\/figure><div class=\"wp-block-media-text__content\">\n<p>Durante la conferencia <strong>Almac\u00e9n Inteligente<\/strong>, ponentes y participantes debatieron la futura direcci\u00f3n del almacenamiento polaco, centr\u00e1ndose en la rob\u00f3tica, la automatizaci\u00f3n y el uso de la inteligencia artificial. Los visitantes pudieron explorar tecnolog\u00edas log\u00edsticas presentadas por m\u00e1s de 100 expositores. En la <strong>Zona In4Log<\/strong>, creada en colaboraci\u00f3n con la editorial MEDIALOG y socios tecnol\u00f3gicos, tuvieron lugar demostraciones de maquinaria en vivo. La instalaci\u00f3n log\u00edstica simulada mostraba soluciones de almac\u00e9n de vanguardia para el siglo XXI, incluidas las tecnolog\u00edas proporcionadas por <strong>ANTER SYSTEM<\/strong>.   <\/p>\n<\/div><\/div>\n\n\n\n<div class=\"wp-block-media-text has-media-on-the-right is-stacked-on-mobile\"><div class=\"wp-block-media-text__content\">\n<p>El evento de este a\u00f1o fue tambi\u00e9n una oportunidad para abordar los retos clave a los que se enfrenta el sector de la log\u00edstica. Para seguir siendo competitivo, el sector debe someterse efectivamente a una transformaci\u00f3n tecnol\u00f3gica y digital hacia la <strong>Industria 4.0<\/strong> y a una transici\u00f3n ecol\u00f3gica hacia <strong>una producci\u00f3n de bajas emisiones<\/strong>. Polonia, como uno de los l\u00edderes de la reindustrializaci\u00f3n en Europa, a\u00fan tiene un potencial significativo para desarrollar una base industrial tecnol\u00f3gicamente avanzada, automatizada y robotizada.  <\/p>\n<\/div><figure class=\"wp-block-media-text__media\"><img loading=\"lazy\" decoding=\"async\" width=\"840\" height=\"560\" src=\"https:\/\/antersystem.com\/wp-content\/uploads\/2024-06-05_modernlog_fotobueno_-3154.jpg\" alt=\"Mesa redonda en Modernlog 2024\" class=\"wp-image-4795 size-full\" srcset=\"https:\/\/antersystem.com\/wp-content\/uploads\/2024-06-05_modernlog_fotobueno_-3154.jpg 840w, https:\/\/antersystem.com\/wp-content\/uploads\/2024-06-05_modernlog_fotobueno_-3154-300x200.jpg 300w, https:\/\/antersystem.com\/wp-content\/uploads\/2024-06-05_modernlog_fotobueno_-3154-768x512.jpg 768w, https:\/\/antersystem.com\/wp-content\/uploads\/2024-06-05_modernlog_fotobueno_-3154-450x300.jpg 450w, https:\/\/antersystem.com\/wp-content\/uploads\/2024-06-05_modernlog_fotobueno_-3154-330x220.jpg 330w\" sizes=\"auto, (max-width: 840px) 100vw, 840px\" \/><\/figure><\/div>\n\n\n\n<div class=\"wp-block-media-text is-stacked-on-mobile\"><figure class=\"wp-block-media-text__media\"><img loading=\"lazy\" decoding=\"async\" width=\"1024\" height=\"683\" src=\"https:\/\/antersystem.com\/wp-content\/uploads\/2024-06-05_modernlog_fotobueno_-2950-1-1024x683.jpg\" alt=\"Ceremonia de inauguraci\u00f3n de Modernlog 2024\" class=\"wp-image-4797 size-full\" srcset=\"https:\/\/antersystem.com\/wp-content\/uploads\/2024-06-05_modernlog_fotobueno_-2950-1-1024x683.jpg 1024w, https:\/\/antersystem.com\/wp-content\/uploads\/2024-06-05_modernlog_fotobueno_-2950-1-300x200.jpg 300w, https:\/\/antersystem.com\/wp-content\/uploads\/2024-06-05_modernlog_fotobueno_-2950-1-768x512.jpg 768w, https:\/\/antersystem.com\/wp-content\/uploads\/2024-06-05_modernlog_fotobueno_-2950-1-1536x1024.jpg 1536w, https:\/\/antersystem.com\/wp-content\/uploads\/2024-06-05_modernlog_fotobueno_-2950-1-2048x1365.jpg 2048w, https:\/\/antersystem.com\/wp-content\/uploads\/2024-06-05_modernlog_fotobueno_-2950-1-450x300.jpg 450w, https:\/\/antersystem.com\/wp-content\/uploads\/2024-06-05_modernlog_fotobueno_-2950-1-330x220.jpg 330w\" sizes=\"auto, (max-width: 1024px) 100vw, 1024px\" \/><\/figure><div class=\"wp-block-media-text__content\">\n<p>La inauguraci\u00f3n de la feria cont\u00f3 con la presencia de <strong>Ignacy Niemczycki<\/strong>, Subsecretario de Estado del Ministerio de Desarrollo y Tecnolog\u00eda. El acto cont\u00f3 con din\u00e1micas mesas redondas, interesantes estudios de casos y valiosas oportunidades para establecer contactos. Los participantes ampliaron sus conexiones profesionales -entre proveedores, consultores y operadores log\u00edsticos- mientras exploraban las \u00faltimas tendencias y las comparaban con las realidades de sus propias organizaciones.  <\/p>\n<\/div><\/div>\n\n\n\n<div class=\"wp-block-media-text has-media-on-the-right is-stacked-on-mobile\"><div class=\"wp-block-media-text__content\">\n<p><strong>Modernlog 2024<\/strong> fue una oportunidad excepcional para conocer las \u00faltimas tecnolog\u00edas log\u00edsticas y las tendencias de la Industria 4.0, as\u00ed como para establecer valiosos contactos comerciales e intercambiar experiencias con l\u00edderes del sector. Te invitamos a navegar por nuestra galer\u00eda de fotos a continuaci\u00f3n: <\/p>\n<\/div><figure class=\"wp-block-media-text__media\"><img loading=\"lazy\" decoding=\"async\" width=\"1024\" height=\"683\" src=\"https:\/\/antersystem.com\/wp-content\/uploads\/2024-06-05_modernlog_fotobueno_-1954-1-1024x683.jpg\" alt=\"Reportaje fotogr\u00e1fico Modernlog 2024\" class=\"wp-image-4798 size-full\" srcset=\"https:\/\/antersystem.com\/wp-content\/uploads\/2024-06-05_modernlog_fotobueno_-1954-1-1024x683.jpg 1024w, https:\/\/antersystem.com\/wp-content\/uploads\/2024-06-05_modernlog_fotobueno_-1954-1-300x200.jpg 300w, https:\/\/antersystem.com\/wp-content\/uploads\/2024-06-05_modernlog_fotobueno_-1954-1-768x512.jpg 768w, https:\/\/antersystem.com\/wp-content\/uploads\/2024-06-05_modernlog_fotobueno_-1954-1-1536x1024.jpg 1536w, https:\/\/antersystem.com\/wp-content\/uploads\/2024-06-05_modernlog_fotobueno_-1954-1-2048x1365.jpg 2048w, https:\/\/antersystem.com\/wp-content\/uploads\/2024-06-05_modernlog_fotobueno_-1954-1-450x300.jpg 450w, https:\/\/antersystem.com\/wp-content\/uploads\/2024-06-05_modernlog_fotobueno_-1954-1-330x220.jpg 330w\" sizes=\"auto, (max-width: 1024px) 100vw, 1024px\" \/><\/figure><\/div>\n<\/div>\n\n\n\n<div class=\"wp-block-column is-layout-flow wp-block-column-is-layout-flow\" style=\"flex-basis:10%\"><\/div>\n<\/div>\n\n\n\nngg_shortcode_0_placeholder\n<\/div>\n<\/div>\n\n<p><\/p>\n","protected":false},"excerpt":{"rendered":"<p>Informe de Modernlog, 4-7 de junio de 2024 La celebraci\u00f3n de la industria log\u00edstica en Pozna\u0144 -parte del mayor bloque de eventos industriales para la Industria 4.0 en Polonia- ha llegado a su fin. Entre el 4 y el 7 de junio se celebr\u00f3 en el Recinto Ferial Internacional de Pozna\u0144 la Feria Modernlog, con [&hellip;]<\/p>\n","protected":false},"author":1,"featured_media":0,"parent":30348,"menu_order":0,"comment_status":"closed","ping_status":"closed","template":"","meta":{"inline_featured_image":false,"ngg_post_thumbnail":0,"footnotes":""},"class_list":["post-38841","page","type-page","status-publish","hentry"],"acf":[],"yoast_head":"<!-- This site is optimized with the Yoast SEO plugin v27.0 - https:\/\/yoast.com\/product\/yoast-seo-wordpress\/ -->\n<title>Modernlog 2024 - Anter System<\/title>\n<meta name=\"description\" content=\"Del 4 al 7 de enero, se celebrar\u00e1 la Conferencia Modernlog, en la que participar\u00e1n representantes de las organizaciones y organizaciones de la sociedad civil.\" \/>\n<meta name=\"robots\" content=\"index, follow, max-snippet:-1, max-image-preview:large, max-video-preview:-1\" \/>\n<link rel=\"canonical\" href=\"https:\/\/antersystem.com\/es\/noticias\/modernlog-2024\/\" \/>\n<meta property=\"og:locale\" content=\"es_ES\" \/>\n<meta property=\"og:type\" content=\"article\" \/>\n<meta property=\"og:title\" content=\"Modernlog 2024 - Anter System\" \/>\n<meta property=\"og:description\" content=\"Del 4 al 7 de enero, se celebrar\u00e1 la Conferencia Modernlog, en la que participar\u00e1n representantes de las organizaciones y organizaciones de la sociedad civil.\" \/>\n<meta property=\"og:url\" content=\"https:\/\/antersystem.com\/es\/noticias\/modernlog-2024\/\" \/>\n<meta property=\"og:site_name\" content=\"Anter System\" \/>\n<meta property=\"article:modified_time\" content=\"2026-02-02T13:14:31+00:00\" \/>\n<meta property=\"og:image\" content=\"https:\/\/antersystem.com\/wp-content\/uploads\/2024-06-05_modernlog_fotobueno_-1836-1-1024x683.jpg\" \/>\n<meta name=\"twitter:card\" content=\"summary_large_image\" \/>\n<meta name=\"twitter:label1\" content=\"Tiempo de lectura\" \/>\n\t<meta name=\"twitter:data1\" content=\"2 minutos\" \/>\n<script type=\"application\/ld+json\" class=\"yoast-schema-graph\">{\"@context\":\"https:\/\/schema.org\",\"@graph\":[{\"@type\":\"WebPage\",\"@id\":\"https:\/\/antersystem.com\/es\/noticias\/modernlog-2024\/\",\"url\":\"https:\/\/antersystem.com\/es\/noticias\/modernlog-2024\/\",\"name\":\"Modernlog 2024 - Anter System\",\"isPartOf\":{\"@id\":\"https:\/\/antersystem.com\/es\/#website\"},\"primaryImageOfPage\":{\"@id\":\"https:\/\/antersystem.com\/es\/noticias\/modernlog-2024\/#primaryimage\"},\"image\":{\"@id\":\"https:\/\/antersystem.com\/es\/noticias\/modernlog-2024\/#primaryimage\"},\"thumbnailUrl\":\"https:\/\/antersystem.com\/wp-content\/uploads\/2024-06-05_modernlog_fotobueno_-1836-1-1024x683.jpg\",\"datePublished\":\"2024-06-14T12:17:21+00:00\",\"dateModified\":\"2026-02-02T13:14:31+00:00\",\"description\":\"Del 4 al 7 de enero, se celebrar\u00e1 la Conferencia Modernlog, en la que participar\u00e1n representantes de las organizaciones y organizaciones de la sociedad civil.\",\"breadcrumb\":{\"@id\":\"https:\/\/antersystem.com\/es\/noticias\/modernlog-2024\/#breadcrumb\"},\"inLanguage\":\"es\",\"potentialAction\":[{\"@type\":\"ReadAction\",\"target\":[\"https:\/\/antersystem.com\/es\/noticias\/modernlog-2024\/\"]}]},{\"@type\":\"ImageObject\",\"inLanguage\":\"es\",\"@id\":\"https:\/\/antersystem.com\/es\/noticias\/modernlog-2024\/#primaryimage\",\"url\":\"https:\/\/antersystem.com\/wp-content\/uploads\/2024-06-05_modernlog_fotobueno_-1836-1-1024x683.jpg\",\"contentUrl\":\"https:\/\/antersystem.com\/wp-content\/uploads\/2024-06-05_modernlog_fotobueno_-1836-1-1024x683.jpg\"},{\"@type\":\"BreadcrumbList\",\"@id\":\"https:\/\/antersystem.com\/es\/noticias\/modernlog-2024\/#breadcrumb\",\"itemListElement\":[{\"@type\":\"ListItem\",\"position\":1,\"name\":\"AnterSystem\",\"item\":\"https:\/\/antersystem.com\/es\/\"},{\"@type\":\"ListItem\",\"position\":2,\"name\":\"Noticias\",\"item\":\"https:\/\/antersystem.com\/es\/noticias\/\"},{\"@type\":\"ListItem\",\"position\":3,\"name\":\"Modernlog 2024\"}]},{\"@type\":\"WebSite\",\"@id\":\"https:\/\/antersystem.com\/es\/#website\",\"url\":\"https:\/\/antersystem.com\/es\/\",\"name\":\"Anter System\",\"description\":\"Jeste\u015bmy polskim producentem elastycznych barier ochronnych wykonywanych z polimerowych tworzyw sztucznych. Na rynku krajowym i zagranicznym dzia\u0142amy od ponad 15 lat dbaj\u0105c o zapewnienie bezpiecze\u0144stwa w zak\u0142adach produkcyjnych, magazynach oraz centrach logistycznych.\",\"potentialAction\":[{\"@type\":\"SearchAction\",\"target\":{\"@type\":\"EntryPoint\",\"urlTemplate\":\"https:\/\/antersystem.com\/es\/?s={search_term_string}\"},\"query-input\":{\"@type\":\"PropertyValueSpecification\",\"valueRequired\":true,\"valueName\":\"search_term_string\"}}],\"inLanguage\":\"es\"}]}<\/script>\n<!-- \/ Yoast SEO plugin. -->","yoast_head_json":{"title":"Modernlog 2024 - Anter System","description":"Del 4 al 7 de enero, se celebrar\u00e1 la Conferencia Modernlog, en la que participar\u00e1n representantes de las organizaciones y organizaciones de la sociedad civil.","robots":{"index":"index","follow":"follow","max-snippet":"max-snippet:-1","max-image-preview":"max-image-preview:large","max-video-preview":"max-video-preview:-1"},"canonical":"https:\/\/antersystem.com\/es\/noticias\/modernlog-2024\/","og_locale":"es_ES","og_type":"article","og_title":"Modernlog 2024 - Anter System","og_description":"Del 4 al 7 de enero, se celebrar\u00e1 la Conferencia Modernlog, en la que participar\u00e1n representantes de las organizaciones y organizaciones de la sociedad civil.","og_url":"https:\/\/antersystem.com\/es\/noticias\/modernlog-2024\/","og_site_name":"Anter System","article_modified_time":"2026-02-02T13:14:31+00:00","og_image":[{"url":"https:\/\/antersystem.com\/wp-content\/uploads\/2024-06-05_modernlog_fotobueno_-1836-1-1024x683.jpg","type":"","width":"","height":""}],"twitter_card":"summary_large_image","twitter_misc":{"Tiempo de lectura":"2 minutos"},"schema":{"@context":"https:\/\/schema.org","@graph":[{"@type":"WebPage","@id":"https:\/\/antersystem.com\/es\/noticias\/modernlog-2024\/","url":"https:\/\/antersystem.com\/es\/noticias\/modernlog-2024\/","name":"Modernlog 2024 - Anter System","isPartOf":{"@id":"https:\/\/antersystem.com\/es\/#website"},"primaryImageOfPage":{"@id":"https:\/\/antersystem.com\/es\/noticias\/modernlog-2024\/#primaryimage"},"image":{"@id":"https:\/\/antersystem.com\/es\/noticias\/modernlog-2024\/#primaryimage"},"thumbnailUrl":"https:\/\/antersystem.com\/wp-content\/uploads\/2024-06-05_modernlog_fotobueno_-1836-1-1024x683.jpg","datePublished":"2024-06-14T12:17:21+00:00","dateModified":"2026-02-02T13:14:31+00:00","description":"Del 4 al 7 de enero, se celebrar\u00e1 la Conferencia Modernlog, en la que participar\u00e1n representantes de las organizaciones y organizaciones de la sociedad civil.","breadcrumb":{"@id":"https:\/\/antersystem.com\/es\/noticias\/modernlog-2024\/#breadcrumb"},"inLanguage":"es","potentialAction":[{"@type":"ReadAction","target":["https:\/\/antersystem.com\/es\/noticias\/modernlog-2024\/"]}]},{"@type":"ImageObject","inLanguage":"es","@id":"https:\/\/antersystem.com\/es\/noticias\/modernlog-2024\/#primaryimage","url":"https:\/\/antersystem.com\/wp-content\/uploads\/2024-06-05_modernlog_fotobueno_-1836-1-1024x683.jpg","contentUrl":"https:\/\/antersystem.com\/wp-content\/uploads\/2024-06-05_modernlog_fotobueno_-1836-1-1024x683.jpg"},{"@type":"BreadcrumbList","@id":"https:\/\/antersystem.com\/es\/noticias\/modernlog-2024\/#breadcrumb","itemListElement":[{"@type":"ListItem","position":1,"name":"AnterSystem","item":"https:\/\/antersystem.com\/es\/"},{"@type":"ListItem","position":2,"name":"Noticias","item":"https:\/\/antersystem.com\/es\/noticias\/"},{"@type":"ListItem","position":3,"name":"Modernlog 2024"}]},{"@type":"WebSite","@id":"https:\/\/antersystem.com\/es\/#website","url":"https:\/\/antersystem.com\/es\/","name":"Anter System","description":"Jeste\u015bmy polskim producentem elastycznych barier ochronnych wykonywanych z polimerowych tworzyw sztucznych. Na rynku krajowym i zagranicznym dzia\u0142amy od ponad 15 lat dbaj\u0105c o zapewnienie bezpiecze\u0144stwa w zak\u0142adach produkcyjnych, magazynach oraz centrach logistycznych.","potentialAction":[{"@type":"SearchAction","target":{"@type":"EntryPoint","urlTemplate":"https:\/\/antersystem.com\/es\/?s={search_term_string}"},"query-input":{"@type":"PropertyValueSpecification","valueRequired":true,"valueName":"search_term_string"}}],"inLanguage":"es"}]}},"_links":{"self":[{"href":"https:\/\/antersystem.com\/es\/wp-json\/wp\/v2\/pages\/38841","targetHints":{"allow":["GET"]}}],"collection":[{"href":"https:\/\/antersystem.com\/es\/wp-json\/wp\/v2\/pages"}],"about":[{"href":"https:\/\/antersystem.com\/es\/wp-json\/wp\/v2\/types\/page"}],"author":[{"embeddable":true,"href":"https:\/\/antersystem.com\/es\/wp-json\/wp\/v2\/users\/1"}],"replies":[{"embeddable":true,"href":"https:\/\/antersystem.com\/es\/wp-json\/wp\/v2\/comments?post=38841"}],"version-history":[{"count":1,"href":"https:\/\/antersystem.com\/es\/wp-json\/wp\/v2\/pages\/38841\/revisions"}],"predecessor-version":[{"id":38842,"href":"https:\/\/antersystem.com\/es\/wp-json\/wp\/v2\/pages\/38841\/revisions\/38842"}],"up":[{"embeddable":true,"href":"https:\/\/antersystem.com\/es\/wp-json\/wp\/v2\/pages\/30348"}],"wp:attachment":[{"href":"https:\/\/antersystem.com\/es\/wp-json\/wp\/v2\/media?parent=38841"}],"curies":[{"name":"wp","href":"https:\/\/api.w.org\/{rel}","templated":true}]}}