{"id":38897,"date":"2024-11-25T09:14:04","date_gmt":"2024-11-25T08:14:04","guid":{"rendered":"https:\/\/antersystem.com\/noticias\/anter-system-at-intralogistyka-i-magazynowanie-conference-2024\/"},"modified":"2026-02-02T14:15:57","modified_gmt":"2026-02-02T13:15:57","slug":"anter-system-at-intralogistyka-i-magazynowanie-conference-2024","status":"publish","type":"page","link":"https:\/\/antersystem.com\/es\/noticias\/anter-system-at-intralogistyka-i-magazynowanie-conference-2024\/","title":{"rendered":"Anter System en la conferencia \u00abIntralogistyka i magazynowanie"},"content":{"rendered":"\n<div class=\"wp-block-columns is-layout-flex wp-container-core-columns-is-layout-9d6595d7 wp-block-columns-is-layout-flex\">\n<div class=\"wp-block-column is-layout-flow wp-block-column-is-layout-flow\" style=\"flex-basis:10%\"><\/div>\n\n\n\n<div class=\"wp-block-column is-layout-flow wp-block-column-is-layout-flow\">\n<h2 class=\"wp-block-heading\">\u00a1Descubre las \u00faltimas tendencias en intralog\u00edstica!<\/h2>\n\n\n\n<p>Nos complace anunciar que Anter System es socio de la conferencia <strong>\u00abOptimizaci\u00f3n de los procesos intralog\u00edsticos y de almac\u00e9n\u00bb<\/strong>, que tendr\u00e1 lugar el <strong>5 de diciembre de 2024<\/strong> en Swarz\u0119dz, cerca de Pozna\u0144. El objetivo principal del evento es reunir a expertos de los sectores de la log\u00edstica de almacenes, la industria y la automatizaci\u00f3n, creando una plataforma para el intercambio de conocimientos y la presentaci\u00f3n de las \u00faltimas soluciones. <\/p>\n\n\n\n<p><strong>Conferencias, talleres, redes empresariales<\/strong><\/p>\n\n\n\n<p>En la conferencia se tratar\u00e1n temas clave relacionados con la <strong>automatizaci\u00f3n de los procesos de almac\u00e9n, la aplicaci\u00f3n de tecnolog\u00edas innovadoras<\/strong> y la <strong>mejora de la seguridad<\/strong> en los entornos de almac\u00e9n. Los temas tratados incluir\u00e1n sistemas de transporte interno, robots de almac\u00e9n, sistemas automatizados de almacenamiento y preparaci\u00f3n de pedidos, RFID y tecnolog\u00edas de identificaci\u00f3n inal\u00e1mbrica, as\u00ed como programaci\u00f3n para intralog\u00edstica. Los participantes tambi\u00e9n tendr\u00e1n la oportunidad de tomar parte en talleres t\u00e9cnicos, una oportunidad excelente para profundizar en los conocimientos pr\u00e1cticos relacionados con los temas de la conferencia. Una ventaja adicional del evento ser\u00e1 la <strong>oportunidad de establecer valiosas relaciones comerciales<\/strong> que pueden apoyar el desarrollo profesional o conducir a nuevas asociaciones.   <\/p>\n\n\n\n<p><strong>Hablemos de seguridad<\/strong><\/p>\n\n\n\n<p>Como <strong>socio del evento, Anter System estar\u00e1 presente en la conferencia<\/strong> para responder a las preguntas sobre las soluciones m\u00e1s modernas de apoyo a la eficacia y la seguridad intralog\u00edsticas. Los participantes tendr\u00e1n la oportunidad de obtener m\u00e1s informaci\u00f3n sobre nuestros sistemas de protecci\u00f3n de infraestructuras, productos de gesti\u00f3n del espacio de almac\u00e9n y soluciones de seguridad dise\u00f1adas para instalaciones industriales y de almacenamiento. <\/p>\n\n\n\n<p>Te invitamos cordialmente a participar en la conferencia y a hablar con nuestros representantes.<\/p>\n\n\n\n<p><strong>Fecha:<\/strong> 5 de diciembre de 2024, Swarz\u0119dz, cerca de Pozna\u0144, 8:00 &#8211; 15:30<br\/><strong>Lugar:<\/strong> Hampton by Hilton Pozna\u0144 Swarz\u0119dz, calle Antoniego Tabaki, 1, Swarz\u0119dz<\/p>\n\n\n\n<p>La participaci\u00f3n en la conferencia es gratuita.<\/p>\n\n\n\n<p><strong>M\u00e1s informaci\u00f3n e inscripciones:<\/strong> <em><a href=\"https:\/\/www.axonmedia.pl\/konferencje\/aktualne\/intralogistyka-magazynowanie-2024-poznan\/\">\u00abIntralog\u00edstica y Almacenamiento\u00bb<\/a><\/em><\/p>\n\n\n\n<p>Nos vemos en Swarz\u0119dz: \u00a1trabajemos juntos para dar forma al futuro de los almacenes modernos!<\/p>\n\n\n\n<p><\/p>\n\n\n\n<p><\/p>\n<\/div>\n\n\n\n<div class=\"wp-block-column is-layout-flow wp-block-column-is-layout-flow\" style=\"flex-basis:10%\"><\/div>\n<\/div>\n<div class=\"wp-block-image\">\n<figure class=\"aligncenter size-large is-resized\"><img loading=\"lazy\" decoding=\"async\" width=\"1024\" height=\"576\" src=\"https:\/\/antersystem.com\/wp-content\/uploads\/axon_12_2024_konferencja_Intralogistyka-1024x576.jpg\" alt=\"\" class=\"wp-image-5650\" style=\"width:620px;height:auto\" srcset=\"https:\/\/antersystem.com\/wp-content\/uploads\/axon_12_2024_konferencja_Intralogistyka-1024x576.jpg 1024w, https:\/\/antersystem.com\/wp-content\/uploads\/axon_12_2024_konferencja_Intralogistyka-300x169.jpg 300w, https:\/\/antersystem.com\/wp-content\/uploads\/axon_12_2024_konferencja_Intralogistyka-768x432.jpg 768w, https:\/\/antersystem.com\/wp-content\/uploads\/axon_12_2024_konferencja_Intralogistyka-450x253.jpg 450w, https:\/\/antersystem.com\/wp-content\/uploads\/axon_12_2024_konferencja_Intralogistyka-330x186.jpg 330w, https:\/\/antersystem.com\/wp-content\/uploads\/axon_12_2024_konferencja_Intralogistyka.jpg 1115w\" sizes=\"auto, (max-width: 1024px) 100vw, 1024px\" \/><\/figure><\/div>","protected":false},"excerpt":{"rendered":"<p>\u00a1Descubre las \u00faltimas tendencias en intralog\u00edstica! Nos complace anunciar que Anter System es socio de la conferencia \u00abOptimizaci\u00f3n de los procesos intralog\u00edsticos y de almac\u00e9n\u00bb, que tendr\u00e1 lugar el 5 de diciembre de 2024 en Swarz\u0119dz, cerca de Pozna\u0144. El objetivo principal del evento es reunir a expertos de los sectores de la log\u00edstica de [&hellip;]<\/p>\n","protected":false},"author":1,"featured_media":0,"parent":30348,"menu_order":0,"comment_status":"closed","ping_status":"closed","template":"","meta":{"inline_featured_image":false,"ngg_post_thumbnail":0,"footnotes":""},"class_list":["post-38897","page","type-page","status-publish","hentry"],"acf":[],"yoast_head":"<!-- This site is optimized with the Yoast SEO plugin v27.0 - https:\/\/yoast.com\/product\/yoast-seo-wordpress\/ -->\n<title>Anter System en la conferencia &quot;Intralogistyka i magazynowanie - Anter System<\/title>\n<meta name=\"description\" content=\"Zapraszamy na konferencj\u0119 &quot;Intralogistyka i magazynowanie, kt\u00f3rej tematyka obejmuj mi\u0119dzy innymi zagadnienia zwi\u0105zane z bezpiecznym magazynem\" \/>\n<meta name=\"robots\" content=\"index, follow, max-snippet:-1, max-image-preview:large, max-video-preview:-1\" \/>\n<link rel=\"canonical\" href=\"https:\/\/antersystem.com\/es\/noticias\/anter-system-at-intralogistyka-i-magazynowanie-conference-2024\/\" \/>\n<meta property=\"og:locale\" content=\"es_ES\" \/>\n<meta property=\"og:type\" content=\"article\" \/>\n<meta property=\"og:title\" content=\"Anter System en la conferencia &quot;Intralogistyka i magazynowanie - Anter System\" \/>\n<meta property=\"og:description\" content=\"Zapraszamy na konferencj\u0119 &quot;Intralogistyka i magazynowanie, kt\u00f3rej tematyka obejmuj mi\u0119dzy innymi zagadnienia zwi\u0105zane z bezpiecznym magazynem\" \/>\n<meta property=\"og:url\" content=\"https:\/\/antersystem.com\/es\/noticias\/anter-system-at-intralogistyka-i-magazynowanie-conference-2024\/\" \/>\n<meta property=\"og:site_name\" content=\"Anter System\" \/>\n<meta property=\"article:modified_time\" content=\"2026-02-02T13:15:57+00:00\" \/>\n<meta property=\"og:image\" content=\"https:\/\/antersystem.com\/wp-content\/uploads\/axon_12_2024_konferencja_Intralogistyka-1024x576.jpg\" \/>\n<meta name=\"twitter:card\" content=\"summary_large_image\" \/>\n<meta name=\"twitter:label1\" content=\"Tiempo de lectura\" \/>\n\t<meta name=\"twitter:data1\" content=\"2 minutos\" \/>\n<script type=\"application\/ld+json\" class=\"yoast-schema-graph\">{\"@context\":\"https:\/\/schema.org\",\"@graph\":[{\"@type\":\"WebPage\",\"@id\":\"https:\/\/antersystem.com\/es\/noticias\/anter-system-at-intralogistyka-i-magazynowanie-conference-2024\/\",\"url\":\"https:\/\/antersystem.com\/es\/noticias\/anter-system-at-intralogistyka-i-magazynowanie-conference-2024\/\",\"name\":\"Anter System en la conferencia \\\"Intralogistyka i magazynowanie - Anter System\",\"isPartOf\":{\"@id\":\"https:\/\/antersystem.com\/es\/#website\"},\"primaryImageOfPage\":{\"@id\":\"https:\/\/antersystem.com\/es\/noticias\/anter-system-at-intralogistyka-i-magazynowanie-conference-2024\/#primaryimage\"},\"image\":{\"@id\":\"https:\/\/antersystem.com\/es\/noticias\/anter-system-at-intralogistyka-i-magazynowanie-conference-2024\/#primaryimage\"},\"thumbnailUrl\":\"https:\/\/antersystem.com\/wp-content\/uploads\/axon_12_2024_konferencja_Intralogistyka-1024x576.jpg\",\"datePublished\":\"2024-11-25T08:14:04+00:00\",\"dateModified\":\"2026-02-02T13:15:57+00:00\",\"description\":\"Zapraszamy na konferencj\u0119 \\\"Intralogistyka i magazynowanie, kt\u00f3rej tematyka obejmuj mi\u0119dzy innymi zagadnienia zwi\u0105zane z bezpiecznym magazynem\",\"breadcrumb\":{\"@id\":\"https:\/\/antersystem.com\/es\/noticias\/anter-system-at-intralogistyka-i-magazynowanie-conference-2024\/#breadcrumb\"},\"inLanguage\":\"es\",\"potentialAction\":[{\"@type\":\"ReadAction\",\"target\":[\"https:\/\/antersystem.com\/es\/noticias\/anter-system-at-intralogistyka-i-magazynowanie-conference-2024\/\"]}]},{\"@type\":\"ImageObject\",\"inLanguage\":\"es\",\"@id\":\"https:\/\/antersystem.com\/es\/noticias\/anter-system-at-intralogistyka-i-magazynowanie-conference-2024\/#primaryimage\",\"url\":\"https:\/\/antersystem.com\/wp-content\/uploads\/axon_12_2024_konferencja_Intralogistyka-1024x576.jpg\",\"contentUrl\":\"https:\/\/antersystem.com\/wp-content\/uploads\/axon_12_2024_konferencja_Intralogistyka-1024x576.jpg\"},{\"@type\":\"BreadcrumbList\",\"@id\":\"https:\/\/antersystem.com\/es\/noticias\/anter-system-at-intralogistyka-i-magazynowanie-conference-2024\/#breadcrumb\",\"itemListElement\":[{\"@type\":\"ListItem\",\"position\":1,\"name\":\"AnterSystem\",\"item\":\"https:\/\/antersystem.com\/es\/\"},{\"@type\":\"ListItem\",\"position\":2,\"name\":\"Noticias\",\"item\":\"https:\/\/antersystem.com\/es\/noticias\/\"},{\"@type\":\"ListItem\",\"position\":3,\"name\":\"Anter System en la conferencia &#8220;Intralogistyka i magazynowanie\"}]},{\"@type\":\"WebSite\",\"@id\":\"https:\/\/antersystem.com\/es\/#website\",\"url\":\"https:\/\/antersystem.com\/es\/\",\"name\":\"Anter System\",\"description\":\"Jeste\u015bmy polskim producentem elastycznych barier ochronnych wykonywanych z polimerowych tworzyw sztucznych. Na rynku krajowym i zagranicznym dzia\u0142amy od ponad 15 lat dbaj\u0105c o zapewnienie bezpiecze\u0144stwa w zak\u0142adach produkcyjnych, magazynach oraz centrach logistycznych.\",\"potentialAction\":[{\"@type\":\"SearchAction\",\"target\":{\"@type\":\"EntryPoint\",\"urlTemplate\":\"https:\/\/antersystem.com\/es\/?s={search_term_string}\"},\"query-input\":{\"@type\":\"PropertyValueSpecification\",\"valueRequired\":true,\"valueName\":\"search_term_string\"}}],\"inLanguage\":\"es\"}]}<\/script>\n<!-- \/ Yoast SEO plugin. -->","yoast_head_json":{"title":"Anter System en la conferencia \"Intralogistyka i magazynowanie - Anter System","description":"Zapraszamy na konferencj\u0119 \"Intralogistyka i magazynowanie, kt\u00f3rej tematyka obejmuj mi\u0119dzy innymi zagadnienia zwi\u0105zane z bezpiecznym magazynem","robots":{"index":"index","follow":"follow","max-snippet":"max-snippet:-1","max-image-preview":"max-image-preview:large","max-video-preview":"max-video-preview:-1"},"canonical":"https:\/\/antersystem.com\/es\/noticias\/anter-system-at-intralogistyka-i-magazynowanie-conference-2024\/","og_locale":"es_ES","og_type":"article","og_title":"Anter System en la conferencia \"Intralogistyka i magazynowanie - Anter System","og_description":"Zapraszamy na konferencj\u0119 \"Intralogistyka i magazynowanie, kt\u00f3rej tematyka obejmuj mi\u0119dzy innymi zagadnienia zwi\u0105zane z bezpiecznym magazynem","og_url":"https:\/\/antersystem.com\/es\/noticias\/anter-system-at-intralogistyka-i-magazynowanie-conference-2024\/","og_site_name":"Anter System","article_modified_time":"2026-02-02T13:15:57+00:00","og_image":[{"url":"https:\/\/antersystem.com\/wp-content\/uploads\/axon_12_2024_konferencja_Intralogistyka-1024x576.jpg","type":"","width":"","height":""}],"twitter_card":"summary_large_image","twitter_misc":{"Tiempo de lectura":"2 minutos"},"schema":{"@context":"https:\/\/schema.org","@graph":[{"@type":"WebPage","@id":"https:\/\/antersystem.com\/es\/noticias\/anter-system-at-intralogistyka-i-magazynowanie-conference-2024\/","url":"https:\/\/antersystem.com\/es\/noticias\/anter-system-at-intralogistyka-i-magazynowanie-conference-2024\/","name":"Anter System en la conferencia \"Intralogistyka i magazynowanie - Anter System","isPartOf":{"@id":"https:\/\/antersystem.com\/es\/#website"},"primaryImageOfPage":{"@id":"https:\/\/antersystem.com\/es\/noticias\/anter-system-at-intralogistyka-i-magazynowanie-conference-2024\/#primaryimage"},"image":{"@id":"https:\/\/antersystem.com\/es\/noticias\/anter-system-at-intralogistyka-i-magazynowanie-conference-2024\/#primaryimage"},"thumbnailUrl":"https:\/\/antersystem.com\/wp-content\/uploads\/axon_12_2024_konferencja_Intralogistyka-1024x576.jpg","datePublished":"2024-11-25T08:14:04+00:00","dateModified":"2026-02-02T13:15:57+00:00","description":"Zapraszamy na konferencj\u0119 \"Intralogistyka i magazynowanie, kt\u00f3rej tematyka obejmuj mi\u0119dzy innymi zagadnienia zwi\u0105zane z bezpiecznym magazynem","breadcrumb":{"@id":"https:\/\/antersystem.com\/es\/noticias\/anter-system-at-intralogistyka-i-magazynowanie-conference-2024\/#breadcrumb"},"inLanguage":"es","potentialAction":[{"@type":"ReadAction","target":["https:\/\/antersystem.com\/es\/noticias\/anter-system-at-intralogistyka-i-magazynowanie-conference-2024\/"]}]},{"@type":"ImageObject","inLanguage":"es","@id":"https:\/\/antersystem.com\/es\/noticias\/anter-system-at-intralogistyka-i-magazynowanie-conference-2024\/#primaryimage","url":"https:\/\/antersystem.com\/wp-content\/uploads\/axon_12_2024_konferencja_Intralogistyka-1024x576.jpg","contentUrl":"https:\/\/antersystem.com\/wp-content\/uploads\/axon_12_2024_konferencja_Intralogistyka-1024x576.jpg"},{"@type":"BreadcrumbList","@id":"https:\/\/antersystem.com\/es\/noticias\/anter-system-at-intralogistyka-i-magazynowanie-conference-2024\/#breadcrumb","itemListElement":[{"@type":"ListItem","position":1,"name":"AnterSystem","item":"https:\/\/antersystem.com\/es\/"},{"@type":"ListItem","position":2,"name":"Noticias","item":"https:\/\/antersystem.com\/es\/noticias\/"},{"@type":"ListItem","position":3,"name":"Anter System en la conferencia &#8220;Intralogistyka i magazynowanie"}]},{"@type":"WebSite","@id":"https:\/\/antersystem.com\/es\/#website","url":"https:\/\/antersystem.com\/es\/","name":"Anter System","description":"Jeste\u015bmy polskim producentem elastycznych barier ochronnych wykonywanych z polimerowych tworzyw sztucznych. Na rynku krajowym i zagranicznym dzia\u0142amy od ponad 15 lat dbaj\u0105c o zapewnienie bezpiecze\u0144stwa w zak\u0142adach produkcyjnych, magazynach oraz centrach logistycznych.","potentialAction":[{"@type":"SearchAction","target":{"@type":"EntryPoint","urlTemplate":"https:\/\/antersystem.com\/es\/?s={search_term_string}"},"query-input":{"@type":"PropertyValueSpecification","valueRequired":true,"valueName":"search_term_string"}}],"inLanguage":"es"}]}},"_links":{"self":[{"href":"https:\/\/antersystem.com\/es\/wp-json\/wp\/v2\/pages\/38897","targetHints":{"allow":["GET"]}}],"collection":[{"href":"https:\/\/antersystem.com\/es\/wp-json\/wp\/v2\/pages"}],"about":[{"href":"https:\/\/antersystem.com\/es\/wp-json\/wp\/v2\/types\/page"}],"author":[{"embeddable":true,"href":"https:\/\/antersystem.com\/es\/wp-json\/wp\/v2\/users\/1"}],"replies":[{"embeddable":true,"href":"https:\/\/antersystem.com\/es\/wp-json\/wp\/v2\/comments?post=38897"}],"version-history":[{"count":1,"href":"https:\/\/antersystem.com\/es\/wp-json\/wp\/v2\/pages\/38897\/revisions"}],"predecessor-version":[{"id":38898,"href":"https:\/\/antersystem.com\/es\/wp-json\/wp\/v2\/pages\/38897\/revisions\/38898"}],"up":[{"embeddable":true,"href":"https:\/\/antersystem.com\/es\/wp-json\/wp\/v2\/pages\/30348"}],"wp:attachment":[{"href":"https:\/\/antersystem.com\/es\/wp-json\/wp\/v2\/media?parent=38897"}],"curies":[{"name":"wp","href":"https:\/\/api.w.org\/{rel}","templated":true}]}}