{"id":39705,"date":"2024-03-25T16:20:11","date_gmt":"2024-03-25T15:20:11","guid":{"rendered":"https:\/\/antersystem.com\/noticias\/technical-conference-szczecin\/"},"modified":"2026-02-04T14:07:26","modified_gmt":"2026-02-04T13:07:26","slug":"technical-conference-szczecin","status":"publish","type":"page","link":"https:\/\/antersystem.com\/es\/noticias\/technical-conference-szczecin\/","title":{"rendered":"Conferencia T\u00e9cnica, Szczecin 18.04"},"content":{"rendered":"\n<div class=\"wp-block-columns is-layout-flex wp-container-core-columns-is-layout-9d6595d7 wp-block-columns-is-layout-flex\">\n  \n  <div class=\"wp-block-column is-layout-flow wp-block-column-is-layout-flow\" style=\"flex-basis:10%\"><\/div>\n  \n\n  \n  <div class=\"wp-block-column is-layout-flow wp-block-column-is-layout-flow\">\n    \n    <h3 class=\"wp-block-heading\">Nos volvemos a encontrar, gracias a Axon Media.<\/h3>\n    \n\n    \n    <p><strong>Axon Media<\/strong>, organizador de las Jornadas T\u00e9cnicas, ya nos tiene acostumbrados a las reuniones mensuales de networking. Su frecuencia y energ\u00eda siguen siendo altas. La pr\u00f3xima conferencia tendr\u00e1 lugar el <a href=\"https:\/\/www.axonmedia.pl\/konferencje\/aktualne\/intralogistyka-magazynowanie-2024-szczecin\/\">18 de abril en Szczecin<\/a>, con el tema principal: c\u00f3mo aplicar peque\u00f1os cambios que ahorran tiempo y recursos econ\u00f3micos.  <\/p>\n    \n\n    \n    <p>Tambi\u00e9n participaremos en esta edici\u00f3n para presentar las posibilidades de soluciones t\u00e9cnicas adaptadas a las necesidades individuales. Desde la <a href=\"https:\/\/antersystem.com\/kategorie_produktow\/ochrona-kolumny\/\">protecci\u00f3n de estructuras cr\u00edticas<\/a> y <a href=\"https:\/\/antersystem.com\/produkty\/plyta-zderzeniowa-ertax\/\">zonas de impacto en las que no caben las barreras de seguridad est\u00e1ndar<\/a>, hasta la seguridad de las rutas peatonales y la protecci\u00f3n de maquinaria e infraestructuras frente a colisiones de carretillas elevadoras: \u00e9sta es nuestra experiencia y nuestra pr\u00e1ctica diaria. Estaremos encantados de compartir casos pr\u00e1cticos de proyectos en los que hemos participado activamente en el dise\u00f1o y la aplicaci\u00f3n de soluciones de seguridad personalizadas.  <\/p>\n    \n\n    \n    <p>Tambi\u00e9n te animamos a que participes en las sesiones de la conferencia y escuches las presentaciones de los expertos, sin necesidad de interactuar. El programa de la conferencia <em>\u00abOptimizaci\u00f3n de los procesos intralog\u00edsticos y de almac\u00e9n<\/em> \u00bb incluye temas como sistemas de transporte interno, rob\u00f3tica de almac\u00e9n, sistemas automatizados de almacenamiento y preparaci\u00f3n de pedidos, RFID e identificaci\u00f3n inal\u00e1mbrica, software intralog\u00edstico, dise\u00f1o y consultor\u00eda de log\u00edstica, maquinaria de etiquetado y salud y seguridad en el trabajo (SST) en instalaciones industriales y de almac\u00e9n. <\/p>\n    \n\n    \n    <p><strong>Cu\u00e1ndo:<\/strong> 18 de abril (jueves) | 8:00 &#8211; 15:30 | <a href=\"https:\/\/www.axonmedia.pl\/konferencje\/program\/intralogistyka-magazynowanie-2024-szczecin\/\">Programa<\/a><\/p>\n    \n\n    \n    <p><strong>D\u00f3nde:<\/strong> Hotel VULCAN, ul. F.K. Druckiego-Lubeckiego 6a, Szczecin | aparcamiento gratuito <\/p>\n    \n\n    \n    <p><strong>La participaci\u00f3n es gratuita<\/strong><\/p>\n    \n\n    \n    <p>Como orgullosos socios del evento, \u00a1te invitamos cordialmente a unirte a nosotros!<\/p>\n    \n\n    \n    <p><strong>#ConferenciasT\u00e9cnicas #AxonMedia #Intralog\u00edstica #Almacenamiento<\/strong><\/p>\n    \n  <\/div>\n  \n\n  \n  <div class=\"wp-block-column is-layout-flow wp-block-column-is-layout-flow\" style=\"flex-basis:10%\"><\/div>\n  \n<\/div>\n<div class=\"wp-block-image\">\n<figure class=\"aligncenter size-large is-resized\"><img loading=\"lazy\" decoding=\"async\" width=\"1024\" height=\"535\" src=\"https:\/\/antersystem.com\/wp-content\/uploads\/18-KWIETNIA-ANTER-SYSTEM-partnerem-konferencji-technicznych-Axon-Media-1-1024x535.jpg\" alt=\"Anter System - Conferencia T&#xE9;cnica en Szczecin, 18 de abril de 2024\" class=\"wp-image-4321\" style=\"width:720px;height:auto\" srcset=\"https:\/\/antersystem.com\/wp-content\/uploads\/18-KWIETNIA-ANTER-SYSTEM-partnerem-konferencji-technicznych-Axon-Media-1-1024x535.jpg 1024w, https:\/\/antersystem.com\/wp-content\/uploads\/18-KWIETNIA-ANTER-SYSTEM-partnerem-konferencji-technicznych-Axon-Media-1-300x157.jpg 300w, https:\/\/antersystem.com\/wp-content\/uploads\/18-KWIETNIA-ANTER-SYSTEM-partnerem-konferencji-technicznych-Axon-Media-1-768x401.jpg 768w, https:\/\/antersystem.com\/wp-content\/uploads\/18-KWIETNIA-ANTER-SYSTEM-partnerem-konferencji-technicznych-Axon-Media-1-450x235.jpg 450w, https:\/\/antersystem.com\/wp-content\/uploads\/18-KWIETNIA-ANTER-SYSTEM-partnerem-konferencji-technicznych-Axon-Media-1-330x172.jpg 330w, https:\/\/antersystem.com\/wp-content\/uploads\/18-KWIETNIA-ANTER-SYSTEM-partnerem-konferencji-technicznych-Axon-Media-1.jpg 1200w\" sizes=\"auto, (max-width: 1024px) 100vw, 1024px\" \/><\/figure><\/div>","protected":false},"excerpt":{"rendered":"<p>Nos volvemos a encontrar, gracias a Axon Media. Axon Media, organizador de las Jornadas T\u00e9cnicas, ya nos tiene acostumbrados a las reuniones mensuales de networking. Su frecuencia y energ\u00eda siguen siendo altas. La pr\u00f3xima conferencia tendr\u00e1 lugar el 18 de abril en Szczecin, con el tema principal: c\u00f3mo aplicar peque\u00f1os cambios que ahorran tiempo y [&hellip;]<\/p>\n","protected":false},"author":1,"featured_media":0,"parent":30348,"menu_order":0,"comment_status":"closed","ping_status":"closed","template":"","meta":{"inline_featured_image":false,"ngg_post_thumbnail":0,"footnotes":""},"class_list":["post-39705","page","type-page","status-publish","hentry"],"acf":[],"yoast_head":"<!-- This site is optimized with the Yoast SEO plugin v27.0 - https:\/\/yoast.com\/product\/yoast-seo-wordpress\/ -->\n<title>Conferencia T\u00e9cnica, Szczecin 18.04 - Anter System<\/title>\n<meta name=\"description\" content=\"Nos volvemos a encontrar, gracias a Axon Media. Axon Media, organizador de las Jornadas T\u00e9cnicas, ya nos tiene acostumbrados a las reuniones mensuales de\" \/>\n<meta name=\"robots\" content=\"index, follow, max-snippet:-1, max-image-preview:large, max-video-preview:-1\" \/>\n<link rel=\"canonical\" href=\"https:\/\/antersystem.com\/es\/noticias\/technical-conference-szczecin\/\" \/>\n<meta property=\"og:locale\" content=\"es_ES\" \/>\n<meta property=\"og:type\" content=\"article\" \/>\n<meta property=\"og:title\" content=\"Conferencia T\u00e9cnica, Szczecin 18.04 - Anter System\" \/>\n<meta property=\"og:description\" content=\"Nos volvemos a encontrar, gracias a Axon Media. Axon Media, organizador de las Jornadas T\u00e9cnicas, ya nos tiene acostumbrados a las reuniones mensuales de\" \/>\n<meta property=\"og:url\" content=\"https:\/\/antersystem.com\/es\/noticias\/technical-conference-szczecin\/\" \/>\n<meta property=\"og:site_name\" content=\"Anter System\" \/>\n<meta property=\"article:modified_time\" content=\"2026-02-04T13:07:26+00:00\" \/>\n<meta property=\"og:image\" content=\"https:\/\/antersystem.com\/wp-content\/uploads\/18-KWIETNIA-ANTER-SYSTEM-partnerem-konferencji-technicznych-Axon-Media-1-1024x535.jpg\" \/>\n<meta name=\"twitter:card\" content=\"summary_large_image\" \/>\n<meta name=\"twitter:label1\" content=\"Tiempo de lectura\" \/>\n\t<meta name=\"twitter:data1\" content=\"2 minutos\" \/>\n<script type=\"application\/ld+json\" class=\"yoast-schema-graph\">{\"@context\":\"https:\/\/schema.org\",\"@graph\":[{\"@type\":\"WebPage\",\"@id\":\"https:\/\/antersystem.com\/es\/noticias\/technical-conference-szczecin\/\",\"url\":\"https:\/\/antersystem.com\/es\/noticias\/technical-conference-szczecin\/\",\"name\":\"Conferencia T\u00e9cnica, Szczecin 18.04 - Anter System\",\"isPartOf\":{\"@id\":\"https:\/\/antersystem.com\/es\/#website\"},\"primaryImageOfPage\":{\"@id\":\"https:\/\/antersystem.com\/es\/noticias\/technical-conference-szczecin\/#primaryimage\"},\"image\":{\"@id\":\"https:\/\/antersystem.com\/es\/noticias\/technical-conference-szczecin\/#primaryimage\"},\"thumbnailUrl\":\"https:\/\/antersystem.com\/wp-content\/uploads\/18-KWIETNIA-ANTER-SYSTEM-partnerem-konferencji-technicznych-Axon-Media-1-1024x535.jpg\",\"datePublished\":\"2024-03-25T15:20:11+00:00\",\"dateModified\":\"2026-02-04T13:07:26+00:00\",\"description\":\"Nos volvemos a encontrar, gracias a Axon Media. Axon Media, organizador de las Jornadas T\u00e9cnicas, ya nos tiene acostumbrados a las reuniones mensuales de\",\"breadcrumb\":{\"@id\":\"https:\/\/antersystem.com\/es\/noticias\/technical-conference-szczecin\/#breadcrumb\"},\"inLanguage\":\"es\",\"potentialAction\":[{\"@type\":\"ReadAction\",\"target\":[\"https:\/\/antersystem.com\/es\/noticias\/technical-conference-szczecin\/\"]}]},{\"@type\":\"ImageObject\",\"inLanguage\":\"es\",\"@id\":\"https:\/\/antersystem.com\/es\/noticias\/technical-conference-szczecin\/#primaryimage\",\"url\":\"https:\/\/antersystem.com\/wp-content\/uploads\/18-KWIETNIA-ANTER-SYSTEM-partnerem-konferencji-technicznych-Axon-Media-1-1024x535.jpg\",\"contentUrl\":\"https:\/\/antersystem.com\/wp-content\/uploads\/18-KWIETNIA-ANTER-SYSTEM-partnerem-konferencji-technicznych-Axon-Media-1-1024x535.jpg\"},{\"@type\":\"BreadcrumbList\",\"@id\":\"https:\/\/antersystem.com\/es\/noticias\/technical-conference-szczecin\/#breadcrumb\",\"itemListElement\":[{\"@type\":\"ListItem\",\"position\":1,\"name\":\"AnterSystem\",\"item\":\"https:\/\/antersystem.com\/es\/\"},{\"@type\":\"ListItem\",\"position\":2,\"name\":\"Noticias\",\"item\":\"https:\/\/antersystem.com\/es\/noticias\/\"},{\"@type\":\"ListItem\",\"position\":3,\"name\":\"Conferencia T\u00e9cnica, Szczecin 18.04\"}]},{\"@type\":\"WebSite\",\"@id\":\"https:\/\/antersystem.com\/es\/#website\",\"url\":\"https:\/\/antersystem.com\/es\/\",\"name\":\"Anter System\",\"description\":\"Jeste\u015bmy polskim producentem elastycznych barier ochronnych wykonywanych z polimerowych tworzyw sztucznych. Na rynku krajowym i zagranicznym dzia\u0142amy od ponad 15 lat dbaj\u0105c o zapewnienie bezpiecze\u0144stwa w zak\u0142adach produkcyjnych, magazynach oraz centrach logistycznych.\",\"potentialAction\":[{\"@type\":\"SearchAction\",\"target\":{\"@type\":\"EntryPoint\",\"urlTemplate\":\"https:\/\/antersystem.com\/es\/?s={search_term_string}\"},\"query-input\":{\"@type\":\"PropertyValueSpecification\",\"valueRequired\":true,\"valueName\":\"search_term_string\"}}],\"inLanguage\":\"es\"}]}<\/script>\n<!-- \/ Yoast SEO plugin. -->","yoast_head_json":{"title":"Conferencia T\u00e9cnica, Szczecin 18.04 - Anter System","description":"Nos volvemos a encontrar, gracias a Axon Media. Axon Media, organizador de las Jornadas T\u00e9cnicas, ya nos tiene acostumbrados a las reuniones mensuales de","robots":{"index":"index","follow":"follow","max-snippet":"max-snippet:-1","max-image-preview":"max-image-preview:large","max-video-preview":"max-video-preview:-1"},"canonical":"https:\/\/antersystem.com\/es\/noticias\/technical-conference-szczecin\/","og_locale":"es_ES","og_type":"article","og_title":"Conferencia T\u00e9cnica, Szczecin 18.04 - Anter System","og_description":"Nos volvemos a encontrar, gracias a Axon Media. Axon Media, organizador de las Jornadas T\u00e9cnicas, ya nos tiene acostumbrados a las reuniones mensuales de","og_url":"https:\/\/antersystem.com\/es\/noticias\/technical-conference-szczecin\/","og_site_name":"Anter System","article_modified_time":"2026-02-04T13:07:26+00:00","og_image":[{"url":"https:\/\/antersystem.com\/wp-content\/uploads\/18-KWIETNIA-ANTER-SYSTEM-partnerem-konferencji-technicznych-Axon-Media-1-1024x535.jpg","type":"","width":"","height":""}],"twitter_card":"summary_large_image","twitter_misc":{"Tiempo de lectura":"2 minutos"},"schema":{"@context":"https:\/\/schema.org","@graph":[{"@type":"WebPage","@id":"https:\/\/antersystem.com\/es\/noticias\/technical-conference-szczecin\/","url":"https:\/\/antersystem.com\/es\/noticias\/technical-conference-szczecin\/","name":"Conferencia T\u00e9cnica, Szczecin 18.04 - Anter System","isPartOf":{"@id":"https:\/\/antersystem.com\/es\/#website"},"primaryImageOfPage":{"@id":"https:\/\/antersystem.com\/es\/noticias\/technical-conference-szczecin\/#primaryimage"},"image":{"@id":"https:\/\/antersystem.com\/es\/noticias\/technical-conference-szczecin\/#primaryimage"},"thumbnailUrl":"https:\/\/antersystem.com\/wp-content\/uploads\/18-KWIETNIA-ANTER-SYSTEM-partnerem-konferencji-technicznych-Axon-Media-1-1024x535.jpg","datePublished":"2024-03-25T15:20:11+00:00","dateModified":"2026-02-04T13:07:26+00:00","description":"Nos volvemos a encontrar, gracias a Axon Media. Axon Media, organizador de las Jornadas T\u00e9cnicas, ya nos tiene acostumbrados a las reuniones mensuales de","breadcrumb":{"@id":"https:\/\/antersystem.com\/es\/noticias\/technical-conference-szczecin\/#breadcrumb"},"inLanguage":"es","potentialAction":[{"@type":"ReadAction","target":["https:\/\/antersystem.com\/es\/noticias\/technical-conference-szczecin\/"]}]},{"@type":"ImageObject","inLanguage":"es","@id":"https:\/\/antersystem.com\/es\/noticias\/technical-conference-szczecin\/#primaryimage","url":"https:\/\/antersystem.com\/wp-content\/uploads\/18-KWIETNIA-ANTER-SYSTEM-partnerem-konferencji-technicznych-Axon-Media-1-1024x535.jpg","contentUrl":"https:\/\/antersystem.com\/wp-content\/uploads\/18-KWIETNIA-ANTER-SYSTEM-partnerem-konferencji-technicznych-Axon-Media-1-1024x535.jpg"},{"@type":"BreadcrumbList","@id":"https:\/\/antersystem.com\/es\/noticias\/technical-conference-szczecin\/#breadcrumb","itemListElement":[{"@type":"ListItem","position":1,"name":"AnterSystem","item":"https:\/\/antersystem.com\/es\/"},{"@type":"ListItem","position":2,"name":"Noticias","item":"https:\/\/antersystem.com\/es\/noticias\/"},{"@type":"ListItem","position":3,"name":"Conferencia T\u00e9cnica, Szczecin 18.04"}]},{"@type":"WebSite","@id":"https:\/\/antersystem.com\/es\/#website","url":"https:\/\/antersystem.com\/es\/","name":"Anter System","description":"Jeste\u015bmy polskim producentem elastycznych barier ochronnych wykonywanych z polimerowych tworzyw sztucznych. Na rynku krajowym i zagranicznym dzia\u0142amy od ponad 15 lat dbaj\u0105c o zapewnienie bezpiecze\u0144stwa w zak\u0142adach produkcyjnych, magazynach oraz centrach logistycznych.","potentialAction":[{"@type":"SearchAction","target":{"@type":"EntryPoint","urlTemplate":"https:\/\/antersystem.com\/es\/?s={search_term_string}"},"query-input":{"@type":"PropertyValueSpecification","valueRequired":true,"valueName":"search_term_string"}}],"inLanguage":"es"}]}},"_links":{"self":[{"href":"https:\/\/antersystem.com\/es\/wp-json\/wp\/v2\/pages\/39705","targetHints":{"allow":["GET"]}}],"collection":[{"href":"https:\/\/antersystem.com\/es\/wp-json\/wp\/v2\/pages"}],"about":[{"href":"https:\/\/antersystem.com\/es\/wp-json\/wp\/v2\/types\/page"}],"author":[{"embeddable":true,"href":"https:\/\/antersystem.com\/es\/wp-json\/wp\/v2\/users\/1"}],"replies":[{"embeddable":true,"href":"https:\/\/antersystem.com\/es\/wp-json\/wp\/v2\/comments?post=39705"}],"version-history":[{"count":1,"href":"https:\/\/antersystem.com\/es\/wp-json\/wp\/v2\/pages\/39705\/revisions"}],"predecessor-version":[{"id":39707,"href":"https:\/\/antersystem.com\/es\/wp-json\/wp\/v2\/pages\/39705\/revisions\/39707"}],"up":[{"embeddable":true,"href":"https:\/\/antersystem.com\/es\/wp-json\/wp\/v2\/pages\/30348"}],"wp:attachment":[{"href":"https:\/\/antersystem.com\/es\/wp-json\/wp\/v2\/media?parent=39705"}],"curies":[{"name":"wp","href":"https:\/\/api.w.org\/{rel}","templated":true}]}}