{"id":30168,"date":"2024-01-05T12:14:14","date_gmt":"2024-01-05T11:14:14","guid":{"rendered":"https:\/\/new.antersystem.com\/intralogistica-poland-expo\/"},"modified":"2026-02-02T12:56:11","modified_gmt":"2026-02-02T11:56:11","slug":"intralogistica-poland-expo-2024","status":"publish","type":"page","link":"https:\/\/antersystem.com\/fr\/nouvelles\/intralogistica-poland-expo-2024\/","title":{"rendered":"Intralogistica Poland Expo"},"content":{"rendered":"\n<div class=\"wp-block-columns is-layout-flex wp-container-core-columns-is-layout-9d6595d7 wp-block-columns-is-layout-flex\">\n  \n  <div class=\"wp-block-column is-layout-flow wp-block-column-is-layout-flow\" style=\"flex-basis:10%\"><\/div>\n  \n\n  \n  <div class=\"wp-block-column is-layout-flow wp-block-column-is-layout-flow\">\n    \n    <h3 class=\"wp-block-heading\"><strong>Intralogistica Poland Expo &#8211; le prochain \u00e9v\u00e9nement industriel mettant en vedette Anter System.<\/strong><\/h3>\n    \n\n    \n    <p>Le <strong>24 janvier 2024<\/strong>, nous nous retrouverons dans les halls modernes du <strong>Ptak Warsaw Expo<\/strong> pour pr\u00e9senter nos produits \u00e0 un large public. Les visiteurs pourront constater par eux-m\u00eames la conception et les performances de nos <a href=\"https:\/\/antersystem.com\/kategorie_produktow\/technika-zaladunkowa\/\">supports de s\u00e9curit\u00e9 pour l&rsquo;avant des camions<\/a>, de nos <a href=\"https:\/\/antersystem.com\/kategorie_produktow\/bariery-bezpieczenstwa-dla-pieszych\/\">barri\u00e8res de s\u00e9curit\u00e9 pour les pi\u00e9tons<\/a>, de nos syst\u00e8mes de protection des rayonnages et de nos diff\u00e9rents types de bornes de s\u00e9curit\u00e9. Nous sommes tr\u00e8s curieux de voir comment les barri\u00e8res de s\u00e9curit\u00e9 flexibles d&rsquo;Anter System sont accueillies et nous sommes impatients de r\u00e9pondre aux questions relatives \u00e0 la s\u00e9curit\u00e9 sur le lieu de travail. La plateforme de cet \u00e9change sera l&rsquo;exposition <a href=\"https:\/\/intralogisticapoland.com\/\"><strong>Intralogistica Poland Expo<\/strong><\/a> &#8211; le salon international de la logistique et de l&rsquo;entreposage, qui se tiendra du 24 au 26 janvier 2024.<\/p>\n    \n\n    \n    <h4 class=\"wp-block-heading\"><strong>La contribution du secteur \u00e0 l&rsquo;\u00e9conomie<\/strong><\/h4>\n    \n\n    \n    <p>Selon une \u00e9tude, les secteurs du transport, de l&rsquo;exp\u00e9dition de marchandises et de la logistique contribuent de mani\u00e8re significative au PIB de la Pologne, g\u00e9n\u00e9rant pr\u00e8s de 6 % du revenu \u00e9conomique annuel du pays. Les directeurs d&rsquo;entrep\u00f4t constituent la troisi\u00e8me cat\u00e9gorie professionnelle du secteur des services.<\/p>\n    \n\n    \n    <p>Au niveau mondial, l&rsquo;Europe est actuellement le deuxi\u00e8me march\u00e9 de la logistique contractuelle apr\u00e8s l&rsquo;Asie, repr\u00e9sentant 29 % de la valeur du march\u00e9 mondial. On estime qu&rsquo;\u00e0 la fin de 2023, les recettes du secteur sur le continent atteindront environ 82,5 milliards d&rsquo;euros*.<\/p>\n    \n\n    \n    <p>Malgr\u00e9 l&rsquo;inflation \u00e9lev\u00e9e et la r\u00e9vision des pr\u00e9visions des entreprises, les attentes pour 2024 restent positives. Selon Oxford Economics, l&rsquo;\u00e9conomie de la zone euro devrait cro\u00eetre de 6 % entre 2024 et 2027. La Pologne devrait d\u00e9passer ce taux, avec une croissance du PIB d&rsquo;environ 11 % sur la m\u00eame p\u00e9riode*.<\/p>\n    \n\n    \n    <h4 class=\"wp-block-heading\"><strong>\u00c0 propos de la foire<\/strong><\/h4>\n    \n\n    \n    <p>L&rsquo;\u00e9v\u00e9nement attire des visiteurs de l&rsquo;ext\u00e9rieur de la Pologne &#8211; pr\u00e8s de 15 % des participants devraient venir de l&rsquo;\u00e9tranger. Une forte pr\u00e9sence internationale parmi les exposants marquera \u00e9galement la foire, cr\u00e9ant des opportunit\u00e9s d&rsquo;ouvrir les entreprises \u00e0 de nouveaux march\u00e9s et d&rsquo;aider les entrepreneurs \u00e0 construire un avenir international plus fort pour l&rsquo;industrie de la logistique.<\/p>\n    \n\n    \n    <p>Nous pr\u00e9voyons de pr\u00e9senter nos <strong>barri\u00e8res de s\u00e9curit\u00e9 flexibles<\/strong>, qui am\u00e9liorent la s\u00e9curit\u00e9 dans les grandes installations, \u00e0 un public vari\u00e9 comprenant des repr\u00e9sentants de soci\u00e9t\u00e9s de logistique, des distributeurs d&rsquo;\u00e9quipements, des fournisseurs de technologies d&rsquo;entreposage et des concepteurs d&rsquo;entrep\u00f4ts. L&rsquo;\u00e9v\u00e9nement s&rsquo;adresse \u00e9galement aux gestionnaires de la cha\u00eene d&rsquo;approvisionnement, aux sp\u00e9cialistes de la logistique et aux repr\u00e9sentants des entreprises de transport. Au cours de l&rsquo;exposition Intralogistica Poland, un congr\u00e8s \u00e9ducatif sera \u00e9galement organis\u00e9 avec la participation de certains des experts les plus r\u00e9put\u00e9s de l&rsquo;industrie de l&rsquo;entreposage.<\/p>\n    \n\n    \n    <p>Nous invitons tous ceux qui souhaitent franchir une nouvelle \u00e9tape dans leur activit\u00e9, \u00e9changer des id\u00e9es pr\u00e9cieuses et <strong>trouver des solutions aux probl\u00e8mes de s\u00e9curit\u00e9 \u00e0 rendre visite \u00e0 Anter System au stand D1.20a.<\/strong><\/p>\n    \n\n    \n    <hr class=\"wp-block-separator has-text-color has-white-color has-alpha-channel-opacity has-white-background-color has-background is-style-default\"\/>\n    \n\n    \n    <p>* <em>\u00ab\u00a0La logistique des contrats a d\u00e9pass\u00e9 les attentes pour 2023\u00a0\u00bb, K. Oflakowski, TSL Biznes<\/em><\/p>\n    \n\n    \n    <figure class=\"wp-block-embed\"><div class=\"wp-block-embed__wrapper\">\n \nhttps:\/\/tsl-biznes.pl\/polecamy\/logistyka-kontraktowa-przebila-oczekiwania-na-2023-r\/\n    <\/div><\/figure>\n    \n\n    \n    <p>* <em>https:\/\/www.jll.pl\/pl\/trendy-i-analizy\/badanie\/rynek-magazynowy-w-polsce<\/em><\/p>\n    \n  <\/div>\n  \n\n  \n  <div class=\"wp-block-column is-layout-flow wp-block-column-is-layout-flow\" style=\"flex-basis:10%\"><\/div>\n  \n<\/div>\n<div class=\"wp-block-image\">\n<figure class=\"aligncenter size-large is-resized\"><img loading=\"lazy\" decoding=\"async\" width=\"1024\" height=\"535\" src=\"https:\/\/antersystem.com\/wp-content\/uploads\/Targi-Intralogistica-Anter-System-1-1024x535.jpg\" alt=\"Anter System au salon Intralogistica Poland Expo 2024\" class=\"wp-image-4095\" style=\"width:720px;height:auto\" srcset=\"https:\/\/antersystem.com\/wp-content\/uploads\/Targi-Intralogistica-Anter-System-1-1024x535.jpg 1024w, https:\/\/antersystem.com\/wp-content\/uploads\/Targi-Intralogistica-Anter-System-1-300x157.jpg 300w, https:\/\/antersystem.com\/wp-content\/uploads\/Targi-Intralogistica-Anter-System-1-768x401.jpg 768w, https:\/\/antersystem.com\/wp-content\/uploads\/Targi-Intralogistica-Anter-System-1-450x235.jpg 450w, https:\/\/antersystem.com\/wp-content\/uploads\/Targi-Intralogistica-Anter-System-1-330x172.jpg 330w, https:\/\/antersystem.com\/wp-content\/uploads\/Targi-Intralogistica-Anter-System-1.jpg 1200w\" sizes=\"auto, (max-width: 1024px) 100vw, 1024px\" \/><\/figure><\/div>","protected":false},"excerpt":{"rendered":"<p>Intralogistica Poland Expo &#8211; le prochain \u00e9v\u00e9nement industriel mettant en vedette Anter System. Le 24 janvier 2024, nous nous retrouverons dans les halls modernes du Ptak Warsaw Expo pour pr\u00e9senter nos produits \u00e0 un large public. Les visiteurs pourront constater par eux-m\u00eames la conception et les performances de nos supports de s\u00e9curit\u00e9 pour l&rsquo;avant des [&hellip;]<\/p>\n","protected":false},"author":1,"featured_media":0,"parent":30302,"menu_order":0,"comment_status":"closed","ping_status":"closed","template":"","meta":{"inline_featured_image":false,"ngg_post_thumbnail":0,"footnotes":""},"class_list":["post-30168","page","type-page","status-publish","hentry"],"acf":[],"yoast_head":"<!-- This site is optimized with the Yoast SEO plugin v27.0 - https:\/\/yoast.com\/product\/yoast-seo-wordpress\/ -->\n<title>Intralogistica Poland Expo - Anter System<\/title>\n<meta name=\"description\" content=\"Ju\u017c 24.01.24 spotykamy si\u0119 podczas Intralogistica Poland Expo, \u017ceby pokaza\u0107 szerokiemu gronu odbiorc\u00f3w nasze produkty.\" \/>\n<meta name=\"robots\" content=\"index, follow, max-snippet:-1, max-image-preview:large, max-video-preview:-1\" \/>\n<link rel=\"canonical\" href=\"https:\/\/antersystem.com\/fr\/nouvelles\/intralogistica-poland-expo-2024\/\" \/>\n<meta property=\"og:locale\" content=\"fr_FR\" \/>\n<meta property=\"og:type\" content=\"article\" \/>\n<meta property=\"og:title\" content=\"Intralogistica Poland Expo - Anter System\" \/>\n<meta property=\"og:description\" content=\"Ju\u017c 24.01.24 spotykamy si\u0119 podczas Intralogistica Poland Expo, \u017ceby pokaza\u0107 szerokiemu gronu odbiorc\u00f3w nasze produkty.\" \/>\n<meta property=\"og:url\" content=\"https:\/\/antersystem.com\/fr\/nouvelles\/intralogistica-poland-expo-2024\/\" \/>\n<meta property=\"og:site_name\" content=\"Anter System\" \/>\n<meta property=\"article:modified_time\" content=\"2026-02-02T11:56:11+00:00\" \/>\n<meta property=\"og:image\" content=\"https:\/\/antersystem.com\/wp-content\/uploads\/Targi-Intralogistica-Anter-System-1-1024x535.jpg\" \/>\n<meta name=\"twitter:card\" content=\"summary_large_image\" \/>\n<meta name=\"twitter:label1\" content=\"Dur\u00e9e de lecture estim\u00e9e\" \/>\n\t<meta name=\"twitter:data1\" content=\"3 minutes\" \/>\n<script type=\"application\/ld+json\" class=\"yoast-schema-graph\">{\"@context\":\"https:\/\/schema.org\",\"@graph\":[{\"@type\":\"WebPage\",\"@id\":\"https:\/\/antersystem.com\/fr\/nouvelles\/intralogistica-poland-expo-2024\/\",\"url\":\"https:\/\/antersystem.com\/fr\/nouvelles\/intralogistica-poland-expo-2024\/\",\"name\":\"Intralogistica Poland Expo - Anter System\",\"isPartOf\":{\"@id\":\"https:\/\/antersystem.com\/fr\/#website\"},\"primaryImageOfPage\":{\"@id\":\"https:\/\/antersystem.com\/fr\/nouvelles\/intralogistica-poland-expo-2024\/#primaryimage\"},\"image\":{\"@id\":\"https:\/\/antersystem.com\/fr\/nouvelles\/intralogistica-poland-expo-2024\/#primaryimage\"},\"thumbnailUrl\":\"https:\/\/antersystem.com\/wp-content\/uploads\/Targi-Intralogistica-Anter-System-1-1024x535.jpg\",\"datePublished\":\"2024-01-05T11:14:14+00:00\",\"dateModified\":\"2026-02-02T11:56:11+00:00\",\"description\":\"Ju\u017c 24.01.24 spotykamy si\u0119 podczas Intralogistica Poland Expo, \u017ceby pokaza\u0107 szerokiemu gronu odbiorc\u00f3w nasze produkty.\",\"breadcrumb\":{\"@id\":\"https:\/\/antersystem.com\/fr\/nouvelles\/intralogistica-poland-expo-2024\/#breadcrumb\"},\"inLanguage\":\"fr-FR\",\"potentialAction\":[{\"@type\":\"ReadAction\",\"target\":[\"https:\/\/antersystem.com\/fr\/nouvelles\/intralogistica-poland-expo-2024\/\"]}]},{\"@type\":\"ImageObject\",\"inLanguage\":\"fr-FR\",\"@id\":\"https:\/\/antersystem.com\/fr\/nouvelles\/intralogistica-poland-expo-2024\/#primaryimage\",\"url\":\"https:\/\/antersystem.com\/wp-content\/uploads\/Targi-Intralogistica-Anter-System-1-1024x535.jpg\",\"contentUrl\":\"https:\/\/antersystem.com\/wp-content\/uploads\/Targi-Intralogistica-Anter-System-1-1024x535.jpg\"},{\"@type\":\"BreadcrumbList\",\"@id\":\"https:\/\/antersystem.com\/fr\/nouvelles\/intralogistica-poland-expo-2024\/#breadcrumb\",\"itemListElement\":[{\"@type\":\"ListItem\",\"position\":1,\"name\":\"AnterSystem\",\"item\":\"https:\/\/antersystem.com\/fr\/\"},{\"@type\":\"ListItem\",\"position\":2,\"name\":\"Actualit\u00e9s\",\"item\":\"https:\/\/antersystem.com\/fr\/nouvelles\/\"},{\"@type\":\"ListItem\",\"position\":3,\"name\":\"Intralogistica Poland Expo\"}]},{\"@type\":\"WebSite\",\"@id\":\"https:\/\/antersystem.com\/fr\/#website\",\"url\":\"https:\/\/antersystem.com\/fr\/\",\"name\":\"Anter System\",\"description\":\"Jeste\u015bmy polskim producentem elastycznych barier ochronnych wykonywanych z polimerowych tworzyw sztucznych. Na rynku krajowym i zagranicznym dzia\u0142amy od ponad 15 lat dbaj\u0105c o zapewnienie bezpiecze\u0144stwa w zak\u0142adach produkcyjnych, magazynach oraz centrach logistycznych.\",\"potentialAction\":[{\"@type\":\"SearchAction\",\"target\":{\"@type\":\"EntryPoint\",\"urlTemplate\":\"https:\/\/antersystem.com\/fr\/?s={search_term_string}\"},\"query-input\":{\"@type\":\"PropertyValueSpecification\",\"valueRequired\":true,\"valueName\":\"search_term_string\"}}],\"inLanguage\":\"fr-FR\"}]}<\/script>\n<!-- \/ Yoast SEO plugin. -->","yoast_head_json":{"title":"Intralogistica Poland Expo - Anter System","description":"Ju\u017c 24.01.24 spotykamy si\u0119 podczas Intralogistica Poland Expo, \u017ceby pokaza\u0107 szerokiemu gronu odbiorc\u00f3w nasze produkty.","robots":{"index":"index","follow":"follow","max-snippet":"max-snippet:-1","max-image-preview":"max-image-preview:large","max-video-preview":"max-video-preview:-1"},"canonical":"https:\/\/antersystem.com\/fr\/nouvelles\/intralogistica-poland-expo-2024\/","og_locale":"fr_FR","og_type":"article","og_title":"Intralogistica Poland Expo - Anter System","og_description":"Ju\u017c 24.01.24 spotykamy si\u0119 podczas Intralogistica Poland Expo, \u017ceby pokaza\u0107 szerokiemu gronu odbiorc\u00f3w nasze produkty.","og_url":"https:\/\/antersystem.com\/fr\/nouvelles\/intralogistica-poland-expo-2024\/","og_site_name":"Anter System","article_modified_time":"2026-02-02T11:56:11+00:00","og_image":[{"url":"https:\/\/antersystem.com\/wp-content\/uploads\/Targi-Intralogistica-Anter-System-1-1024x535.jpg","type":"","width":"","height":""}],"twitter_card":"summary_large_image","twitter_misc":{"Dur\u00e9e de lecture estim\u00e9e":"3 minutes"},"schema":{"@context":"https:\/\/schema.org","@graph":[{"@type":"WebPage","@id":"https:\/\/antersystem.com\/fr\/nouvelles\/intralogistica-poland-expo-2024\/","url":"https:\/\/antersystem.com\/fr\/nouvelles\/intralogistica-poland-expo-2024\/","name":"Intralogistica Poland Expo - Anter System","isPartOf":{"@id":"https:\/\/antersystem.com\/fr\/#website"},"primaryImageOfPage":{"@id":"https:\/\/antersystem.com\/fr\/nouvelles\/intralogistica-poland-expo-2024\/#primaryimage"},"image":{"@id":"https:\/\/antersystem.com\/fr\/nouvelles\/intralogistica-poland-expo-2024\/#primaryimage"},"thumbnailUrl":"https:\/\/antersystem.com\/wp-content\/uploads\/Targi-Intralogistica-Anter-System-1-1024x535.jpg","datePublished":"2024-01-05T11:14:14+00:00","dateModified":"2026-02-02T11:56:11+00:00","description":"Ju\u017c 24.01.24 spotykamy si\u0119 podczas Intralogistica Poland Expo, \u017ceby pokaza\u0107 szerokiemu gronu odbiorc\u00f3w nasze produkty.","breadcrumb":{"@id":"https:\/\/antersystem.com\/fr\/nouvelles\/intralogistica-poland-expo-2024\/#breadcrumb"},"inLanguage":"fr-FR","potentialAction":[{"@type":"ReadAction","target":["https:\/\/antersystem.com\/fr\/nouvelles\/intralogistica-poland-expo-2024\/"]}]},{"@type":"ImageObject","inLanguage":"fr-FR","@id":"https:\/\/antersystem.com\/fr\/nouvelles\/intralogistica-poland-expo-2024\/#primaryimage","url":"https:\/\/antersystem.com\/wp-content\/uploads\/Targi-Intralogistica-Anter-System-1-1024x535.jpg","contentUrl":"https:\/\/antersystem.com\/wp-content\/uploads\/Targi-Intralogistica-Anter-System-1-1024x535.jpg"},{"@type":"BreadcrumbList","@id":"https:\/\/antersystem.com\/fr\/nouvelles\/intralogistica-poland-expo-2024\/#breadcrumb","itemListElement":[{"@type":"ListItem","position":1,"name":"AnterSystem","item":"https:\/\/antersystem.com\/fr\/"},{"@type":"ListItem","position":2,"name":"Actualit\u00e9s","item":"https:\/\/antersystem.com\/fr\/nouvelles\/"},{"@type":"ListItem","position":3,"name":"Intralogistica Poland Expo"}]},{"@type":"WebSite","@id":"https:\/\/antersystem.com\/fr\/#website","url":"https:\/\/antersystem.com\/fr\/","name":"Anter System","description":"Jeste\u015bmy polskim producentem elastycznych barier ochronnych wykonywanych z polimerowych tworzyw sztucznych. Na rynku krajowym i zagranicznym dzia\u0142amy od ponad 15 lat dbaj\u0105c o zapewnienie bezpiecze\u0144stwa w zak\u0142adach produkcyjnych, magazynach oraz centrach logistycznych.","potentialAction":[{"@type":"SearchAction","target":{"@type":"EntryPoint","urlTemplate":"https:\/\/antersystem.com\/fr\/?s={search_term_string}"},"query-input":{"@type":"PropertyValueSpecification","valueRequired":true,"valueName":"search_term_string"}}],"inLanguage":"fr-FR"}]}},"_links":{"self":[{"href":"https:\/\/antersystem.com\/fr\/wp-json\/wp\/v2\/pages\/30168","targetHints":{"allow":["GET"]}}],"collection":[{"href":"https:\/\/antersystem.com\/fr\/wp-json\/wp\/v2\/pages"}],"about":[{"href":"https:\/\/antersystem.com\/fr\/wp-json\/wp\/v2\/types\/page"}],"author":[{"embeddable":true,"href":"https:\/\/antersystem.com\/fr\/wp-json\/wp\/v2\/users\/1"}],"replies":[{"embeddable":true,"href":"https:\/\/antersystem.com\/fr\/wp-json\/wp\/v2\/comments?post=30168"}],"version-history":[{"count":1,"href":"https:\/\/antersystem.com\/fr\/wp-json\/wp\/v2\/pages\/30168\/revisions"}],"predecessor-version":[{"id":30169,"href":"https:\/\/antersystem.com\/fr\/wp-json\/wp\/v2\/pages\/30168\/revisions\/30169"}],"up":[{"embeddable":true,"href":"https:\/\/antersystem.com\/fr\/wp-json\/wp\/v2\/pages\/30302"}],"wp:attachment":[{"href":"https:\/\/antersystem.com\/fr\/wp-json\/wp\/v2\/media?parent=30168"}],"curies":[{"name":"wp","href":"https:\/\/api.w.org\/{rel}","templated":true}]}}