{"id":38977,"date":"2025-06-09T08:46:29","date_gmt":"2025-06-09T06:46:29","guid":{"rendered":"https:\/\/antersystem.com\/nouvelles\/trade-fairs-modernlog-and-itm-industry-europe-2025\/"},"modified":"2026-02-02T15:23:24","modified_gmt":"2026-02-02T14:23:24","slug":"trade-fairs-modernlog-and-itm-industry-europe-2025","status":"publish","type":"page","link":"https:\/\/antersystem.com\/fr\/nouvelles\/trade-fairs-modernlog-and-itm-industry-europe-2025\/","title":{"rendered":"Salons Modernlog et ITM Industry Europe 2025"},"content":{"rendered":"\n<div class=\"wp-block-columns is-layout-flex wp-container-core-columns-is-layout-9d6595d7 wp-block-columns-is-layout-flex\">\n<div class=\"wp-block-column is-layout-flow wp-block-column-is-layout-flow\">\n<h2 class=\"wp-block-heading\">Rapport sur les salons de l&rsquo;industrie et de la logistique \u00e0 Pozna\u0144<\/h2>\n\n\n\n<div class=\"wp-block-columns is-layout-flex wp-container-core-columns-is-layout-9d6595d7 wp-block-columns-is-layout-flex\">\n<div class=\"wp-block-column is-layout-flow wp-block-column-is-layout-flow\" style=\"flex-basis:10%\"><\/div>\n\n\n\n<div class=\"wp-block-column is-layout-flow wp-block-column-is-layout-flow\">\n<p>Du 3 au 5 juin 2025, nous avons particip\u00e9 \u00e0 deux \u00e9v\u00e9nements industriels cl\u00e9s &#8211; Modernlog et ITM Industry Europe. Ces deux \u00e9v\u00e9nements, qui se sont tenus \u00e0 la Foire internationale de Pozna\u0144, ont attir\u00e9 des milliers de professionnels \u00e0 la recherche de solutions modernes pour l&rsquo;industrie, la logistique et l&rsquo;automatisation. Cette ann\u00e9e, nos produits ont \u00e9t\u00e9 pr\u00e9sent\u00e9s dans deux espaces uniques : la zone de s\u00e9curit\u00e9 pendant ITM Industry Europe et la zone In4Log \u00e0 Modernlog. Ces deux zones ont servi de carrefours pour des d\u00e9monstrations dynamiques, des vitrines pratiques et des \u00e9changes de connaissances dans l&rsquo;esprit de l&rsquo;industrie 4.0.   <\/p>\n\n\n\n<div style=\"height:30px\" aria-hidden=\"true\" class=\"wp-block-spacer\"><\/div>\n\n\n\n<div class=\"wp-block-media-text is-stacked-on-mobile is-image-fill-element\" style=\"grid-template-columns:40% auto\"><figure class=\"wp-block-media-text__media\"><img loading=\"lazy\" decoding=\"async\" width=\"683\" height=\"1024\" src=\"https:\/\/antersystem.com\/wp-content\/uploads\/modernlog-2025-011-683x1024.png\" alt=\"\" class=\"wp-image-6172 size-full\" style=\"object-position:50% 54%\" srcset=\"https:\/\/antersystem.com\/wp-content\/uploads\/modernlog-2025-011-683x1024.png 683w, https:\/\/antersystem.com\/wp-content\/uploads\/modernlog-2025-011-200x300.png 200w, https:\/\/antersystem.com\/wp-content\/uploads\/modernlog-2025-011-768x1152.png 768w, https:\/\/antersystem.com\/wp-content\/uploads\/modernlog-2025-011-450x675.png 450w, https:\/\/antersystem.com\/wp-content\/uploads\/modernlog-2025-011-330x495.png 330w, https:\/\/antersystem.com\/wp-content\/uploads\/modernlog-2025-011.png 800w\" sizes=\"auto, (max-width: 683px) 100vw, 683px\" \/><\/figure><div class=\"wp-block-media-text__content\">\n<h3 class=\"wp-block-heading\">La logistique du futur dans la zone In4Log &#8211; Modernlog 2025<\/h3>\n\n\n\n<p>Dans la zone In4Log, les visiteurs pouvaient suivre l&rsquo;ensemble du processus logistique, depuis le stockage des marchandises jusqu&rsquo;\u00e0 la pr\u00e9paration des palettes pour l&rsquo;exp\u00e9dition, en passant par la pr\u00e9paration automatis\u00e9e des commandes et l&#8217;emballage. Nos barri\u00e8res de s\u00e9curit\u00e9 flexibles, int\u00e9gr\u00e9es \u00e0 des syst\u00e8mes de d\u00e9tection et de signalisation, ont jou\u00e9 un r\u00f4le cl\u00e9 dans la s\u00e9curisation de l&rsquo;ensemble de l&rsquo;espace logistique. Nous avons d\u00e9montr\u00e9 comment les technologies de protection modernes peuvent fonctionner en harmonie avec l&rsquo;automatisation et la robotique, garantissant ainsi des op\u00e9rations fluides et s\u00fbres.  <\/p>\n<\/div><\/div>\n\n\n\n<div style=\"height:30px\" aria-hidden=\"true\" class=\"wp-block-spacer\"><\/div>\n\n\n\n<div class=\"wp-block-media-text has-media-on-the-right is-stacked-on-mobile\" style=\"grid-template-columns:auto 40%\"><div class=\"wp-block-media-text__content\" style=\"padding-left: 0px\">\n\n<h3 class=\"wp-block-heading\">Innovations dans la zone de s\u00e9curit\u00e9 &#8211; ITM Industry Europe<\/h3>\n\n\n<p>Dans la zone de s\u00e9curit\u00e9, nous avons pr\u00e9sent\u00e9, avec d&rsquo;autres leaders de la protection des processus et des personnes, des solutions innovantes pour s\u00e9curiser les espaces de production et d&rsquo;entreposage. L&rsquo;un des points forts du programme a \u00e9t\u00e9 les \u00ab\u00a0crash-tests\u00a0\u00bb, qui ont montr\u00e9 comment des mesures de protection appropri\u00e9es peuvent minimiser les risques d&rsquo;accident et pr\u00e9server la sant\u00e9 des travailleurs. <\/p>\n\n<\/div><figure class=\"wp-block-media-text__media\"><img loading=\"lazy\" decoding=\"async\" width=\"1024\" height=\"683\" src=\"https:\/\/antersystem.com\/wp-content\/uploads\/ITM-2025-002-1024x683.png\" alt=\"\" class=\"wp-image-6158 size-full\" srcset=\"https:\/\/antersystem.com\/wp-content\/uploads\/ITM-2025-002-1024x683.png 1024w, https:\/\/antersystem.com\/wp-content\/uploads\/ITM-2025-002-300x200.png 300w, https:\/\/antersystem.com\/wp-content\/uploads\/ITM-2025-002-768x512.png 768w, https:\/\/antersystem.com\/wp-content\/uploads\/ITM-2025-002-450x300.png 450w, https:\/\/antersystem.com\/wp-content\/uploads\/ITM-2025-002-330x220.png 330w, https:\/\/antersystem.com\/wp-content\/uploads\/ITM-2025-002.png 1200w\" sizes=\"auto, (max-width: 1024px) 100vw, 1024px\" \/><\/figure><\/div>\n\n\n\n<div style=\"height:30px\" aria-hidden=\"true\" class=\"wp-block-spacer\"><\/div>\n\n\n\n<div class=\"wp-block-media-text is-stacked-on-mobile is-image-fill-element\" style=\"grid-template-columns:40% auto\"><figure class=\"wp-block-media-text__media\"><img loading=\"lazy\" decoding=\"async\" width=\"683\" height=\"1024\" src=\"https:\/\/antersystem.com\/wp-content\/uploads\/modernlog-2025-012-683x1024.png\" alt=\"\" class=\"wp-image-6168 size-full\" style=\"object-position:51% 48%\" srcset=\"https:\/\/antersystem.com\/wp-content\/uploads\/modernlog-2025-012-683x1024.png 683w, https:\/\/antersystem.com\/wp-content\/uploads\/modernlog-2025-012-200x300.png 200w, https:\/\/antersystem.com\/wp-content\/uploads\/modernlog-2025-012-768x1152.png 768w, https:\/\/antersystem.com\/wp-content\/uploads\/modernlog-2025-012-450x675.png 450w, https:\/\/antersystem.com\/wp-content\/uploads\/modernlog-2025-012-330x495.png 330w, https:\/\/antersystem.com\/wp-content\/uploads\/modernlog-2025-012.png 800w\" sizes=\"auto, (max-width: 683px) 100vw, 683px\" \/><\/figure><div class=\"wp-block-media-text__content\">\n<h3 class=\"wp-block-heading\">Une occasion de se connecter<\/h3>\n\n\n\n<p>\u00c0 c\u00f4t\u00e9 des deux zones de d\u00e9monstration, nous avons cr\u00e9\u00e9 des espaces o\u00f9 les visiteurs pouvaient examiner de plus pr\u00e8s les produits d&rsquo;Anter System. Ces zones constituaient le cadre id\u00e9al pour des conversations inspirantes sur les solutions qui soutiennent la s\u00e9curit\u00e9 dans l&rsquo;industrie. <\/p>\n\n\n\n<p>La plus grande attraction de nos stands, comme toujours, \u00e9tait les nouveaux produits, notamment les barri\u00e8res Gate Protector avec syst\u00e8me d&rsquo;avertissement, pr\u00e9sent\u00e9es \u00e0 Pozna\u0144 pour la premi\u00e8re fois. Con\u00e7ues pour prot\u00e9ger les portails, les mezzanines et les infrastructures de faible hauteur, les GATE PROTECTOR sont \u00e9quip\u00e9es de voyants lumineux signalant le danger. Les barri\u00e8res sont dot\u00e9es de syst\u00e8mes de d\u00e9tection avanc\u00e9s qui identifient l&rsquo;approche d&rsquo;un v\u00e9hicule entrant dans la zone dangereuse et activent instantan\u00e9ment des feux d&rsquo;avertissement rouges intenses, visibles \u00e0 la fois au niveau des yeux des pi\u00e9tons et des op\u00e9rateurs de chariots \u00e9l\u00e9vateurs \u00e0 fourche.  <\/p>\n<\/div><\/div>\n\n\n\n<div style=\"height:30px\" aria-hidden=\"true\" class=\"wp-block-spacer\"><\/div>\n\n\n\n<div class=\"wp-block-media-text has-media-on-the-right is-stacked-on-mobile is-image-fill-element\" style=\"grid-template-columns:auto 35%\"><div class=\"wp-block-media-text__content\" style=\"padding-left: 0px\">\n\n<h3 class=\"wp-block-heading\">M\u00e9daille d&rsquo;or \u00e0 Modernlog 2025<\/h3>\n\n\n<p>Nous sommes fiers d&rsquo;annoncer que notre produit &#8211; le SGA GATE PROTECTOR intelligent &#8211; a re\u00e7u la m\u00e9daille d&rsquo;or au concours Modernlog 2025. Le jury du concours a reconnu cette solution dans la cat\u00e9gorie des produits de s\u00e9curit\u00e9 sur le lieu de travail. Le SGA GATE PROTECTOR n&rsquo;est pas seulement une protection physique pour les zones partag\u00e9es par les pi\u00e9tons et les v\u00e9hicules &#8211; c&rsquo;est un syst\u00e8me intelligent qui r\u00e9agit activement aux dangers potentiels. Gr\u00e2ce \u00e0 une d\u00e9tection avanc\u00e9e combin\u00e9e \u00e0 un syst\u00e8me de signalisation lumineuse active et \u00e0 un verrouillage du passage, le portillon r\u00e9duit consid\u00e9rablement le risque de collision, garantissant la coexistence en toute s\u00e9curit\u00e9 des personnes et des machines dans des environnements de travail dynamiques. Cette m\u00e9daille d&rsquo;or est un grand honneur et nous motive \u00e0 poursuivre le d\u00e9veloppement de technologies qui am\u00e9liorent la s\u00e9curit\u00e9 sur le lieu de travail. Pour en savoir plus sur le portillon <a href=\"https:\/\/antersystem.com\/produkty\/elastyczna-bariera-gate-protector-with-sga-gate\/\"><strong>ici<\/strong><\/a>.     <\/p>\n\n<\/div><figure class=\"wp-block-media-text__media\"><img loading=\"lazy\" decoding=\"async\" width=\"683\" height=\"1024\" src=\"https:\/\/antersystem.com\/wp-content\/uploads\/modernlog-2025-009-683x1024.png\" alt=\"\" class=\"wp-image-6157 size-full\" style=\"object-position:39% 51%\" srcset=\"https:\/\/antersystem.com\/wp-content\/uploads\/modernlog-2025-009-683x1024.png 683w, https:\/\/antersystem.com\/wp-content\/uploads\/modernlog-2025-009-200x300.png 200w, https:\/\/antersystem.com\/wp-content\/uploads\/modernlog-2025-009-768x1152.png 768w, https:\/\/antersystem.com\/wp-content\/uploads\/modernlog-2025-009-450x675.png 450w, https:\/\/antersystem.com\/wp-content\/uploads\/modernlog-2025-009-330x495.png 330w, https:\/\/antersystem.com\/wp-content\/uploads\/modernlog-2025-009.png 800w\" sizes=\"auto, (max-width: 683px) 100vw, 683px\" \/><\/figure><\/div>\n\n\n\n<div style=\"height:30px\" aria-hidden=\"true\" class=\"wp-block-spacer\"><\/div>\n\n\n\n<figure class=\"wp-block-embed is-type-video is-provider-youtube wp-block-embed-youtube wp-embed-aspect-16-9 wp-has-aspect-ratio\"><div class=\"wp-block-embed__wrapper\" style=\"text-align: center;\">\n<iframe loading=\"lazy\" title=\"Targi Modernlog i ITM Industry Europe 2025\" width=\"500\" height=\"281\" src=\"https:\/\/www.youtube.com\/embed\/ofugWHZvKVU?feature=oembed\" frameborder=\"0\" allow=\"accelerometer; autoplay; clipboard-write; encrypted-media; gyroscope; picture-in-picture; web-share\" referrerpolicy=\"strict-origin-when-cross-origin\" allowfullscreen><\/iframe>\n<\/div><\/figure>\n\n\n<p>Nous tenons \u00e0 remercier toutes les personnes qui ont visit\u00e9 nos stands. Votre int\u00e9r\u00eat, vos nombreuses questions et vos discussions nous sont tr\u00e8s pr\u00e9cieux. Nous sommes ravis d&rsquo;avoir eu l&rsquo;occasion de pr\u00e9senter nos solutions dans un cadre aussi professionnel et innovant.  <\/p>\n\n\n\n<p>Rendez-vous aux prochains salons !<\/p>\n<\/div>\n\n\n\n<div class=\"wp-block-column is-layout-flow wp-block-column-is-layout-flow\" style=\"flex-basis:10%\"><\/div>\n<\/div>\n\n\n\nngg_shortcode_0_placeholder\n<\/div>\n<\/div>\n","protected":false},"excerpt":{"rendered":"<p>Rapport sur les salons de l&rsquo;industrie et de la logistique \u00e0 Pozna\u0144 Du 3 au 5 juin 2025, nous avons particip\u00e9 \u00e0 deux \u00e9v\u00e9nements industriels cl\u00e9s &#8211; Modernlog et ITM Industry Europe. Ces deux \u00e9v\u00e9nements, qui se sont tenus \u00e0 la Foire internationale de Pozna\u0144, ont attir\u00e9 des milliers de professionnels \u00e0 la recherche de [&hellip;]<\/p>\n","protected":false},"author":11,"featured_media":0,"parent":30302,"menu_order":0,"comment_status":"closed","ping_status":"closed","template":"","meta":{"inline_featured_image":false,"ngg_post_thumbnail":0,"footnotes":""},"class_list":["post-38977","page","type-page","status-publish","hentry"],"acf":[],"yoast_head":"<!-- This site is optimized with the Yoast SEO plugin v27.0 - https:\/\/yoast.com\/product\/yoast-seo-wordpress\/ -->\n<title>Salons Modernlog et ITM Industry Europe 2025 - Anter System<\/title>\n<meta name=\"description\" content=\"Rapport sur les salons de l&#039;industrie et de la logistique \u00e0 Pozna\u0144 Du 3 au 5 juin 2025, nous avons particip\u00e9 \u00e0 deux \u00e9v\u00e9nements industriels cl\u00e9s -\" \/>\n<meta name=\"robots\" content=\"index, follow, max-snippet:-1, max-image-preview:large, max-video-preview:-1\" \/>\n<link rel=\"canonical\" href=\"https:\/\/antersystem.com\/fr\/nouvelles\/trade-fairs-modernlog-and-itm-industry-europe-2025\/\" \/>\n<meta property=\"og:locale\" content=\"fr_FR\" \/>\n<meta property=\"og:type\" content=\"article\" \/>\n<meta property=\"og:title\" content=\"Salons Modernlog et ITM Industry Europe 2025 - Anter System\" \/>\n<meta property=\"og:description\" content=\"Rapport sur les salons de l&#039;industrie et de la logistique \u00e0 Pozna\u0144 Du 3 au 5 juin 2025, nous avons particip\u00e9 \u00e0 deux \u00e9v\u00e9nements industriels cl\u00e9s -\" \/>\n<meta property=\"og:url\" content=\"https:\/\/antersystem.com\/fr\/nouvelles\/trade-fairs-modernlog-and-itm-industry-europe-2025\/\" \/>\n<meta property=\"og:site_name\" content=\"Anter System\" \/>\n<meta property=\"article:modified_time\" content=\"2026-02-02T14:23:24+00:00\" \/>\n<meta property=\"og:image\" content=\"https:\/\/antersystem.com\/wp-content\/uploads\/modernlog-2025-011-683x1024.png\" \/>\n<meta name=\"twitter:card\" content=\"summary_large_image\" \/>\n<meta name=\"twitter:label1\" content=\"Dur\u00e9e de lecture estim\u00e9e\" \/>\n\t<meta name=\"twitter:data1\" content=\"3 minutes\" \/>\n<script type=\"application\/ld+json\" class=\"yoast-schema-graph\">{\"@context\":\"https:\/\/schema.org\",\"@graph\":[{\"@type\":\"WebPage\",\"@id\":\"https:\/\/antersystem.com\/fr\/nouvelles\/trade-fairs-modernlog-and-itm-industry-europe-2025\/\",\"url\":\"https:\/\/antersystem.com\/fr\/nouvelles\/trade-fairs-modernlog-and-itm-industry-europe-2025\/\",\"name\":\"Salons Modernlog et ITM Industry Europe 2025 - Anter System\",\"isPartOf\":{\"@id\":\"https:\/\/antersystem.com\/fr\/#website\"},\"primaryImageOfPage\":{\"@id\":\"https:\/\/antersystem.com\/fr\/nouvelles\/trade-fairs-modernlog-and-itm-industry-europe-2025\/#primaryimage\"},\"image\":{\"@id\":\"https:\/\/antersystem.com\/fr\/nouvelles\/trade-fairs-modernlog-and-itm-industry-europe-2025\/#primaryimage\"},\"thumbnailUrl\":\"https:\/\/antersystem.com\/wp-content\/uploads\/modernlog-2025-011-683x1024.png\",\"datePublished\":\"2025-06-09T06:46:29+00:00\",\"dateModified\":\"2026-02-02T14:23:24+00:00\",\"description\":\"Rapport sur les salons de l'industrie et de la logistique \u00e0 Pozna\u0144 Du 3 au 5 juin 2025, nous avons particip\u00e9 \u00e0 deux \u00e9v\u00e9nements industriels cl\u00e9s -\",\"breadcrumb\":{\"@id\":\"https:\/\/antersystem.com\/fr\/nouvelles\/trade-fairs-modernlog-and-itm-industry-europe-2025\/#breadcrumb\"},\"inLanguage\":\"fr-FR\",\"potentialAction\":[{\"@type\":\"ReadAction\",\"target\":[\"https:\/\/antersystem.com\/fr\/nouvelles\/trade-fairs-modernlog-and-itm-industry-europe-2025\/\"]}]},{\"@type\":\"ImageObject\",\"inLanguage\":\"fr-FR\",\"@id\":\"https:\/\/antersystem.com\/fr\/nouvelles\/trade-fairs-modernlog-and-itm-industry-europe-2025\/#primaryimage\",\"url\":\"https:\/\/antersystem.com\/wp-content\/uploads\/modernlog-2025-011-683x1024.png\",\"contentUrl\":\"https:\/\/antersystem.com\/wp-content\/uploads\/modernlog-2025-011-683x1024.png\"},{\"@type\":\"BreadcrumbList\",\"@id\":\"https:\/\/antersystem.com\/fr\/nouvelles\/trade-fairs-modernlog-and-itm-industry-europe-2025\/#breadcrumb\",\"itemListElement\":[{\"@type\":\"ListItem\",\"position\":1,\"name\":\"AnterSystem\",\"item\":\"https:\/\/antersystem.com\/fr\/\"},{\"@type\":\"ListItem\",\"position\":2,\"name\":\"Actualit\u00e9s\",\"item\":\"https:\/\/antersystem.com\/fr\/nouvelles\/\"},{\"@type\":\"ListItem\",\"position\":3,\"name\":\"Salons Modernlog et ITM Industry Europe 2025\"}]},{\"@type\":\"WebSite\",\"@id\":\"https:\/\/antersystem.com\/fr\/#website\",\"url\":\"https:\/\/antersystem.com\/fr\/\",\"name\":\"Anter System\",\"description\":\"Jeste\u015bmy polskim producentem elastycznych barier ochronnych wykonywanych z polimerowych tworzyw sztucznych. Na rynku krajowym i zagranicznym dzia\u0142amy od ponad 15 lat dbaj\u0105c o zapewnienie bezpiecze\u0144stwa w zak\u0142adach produkcyjnych, magazynach oraz centrach logistycznych.\",\"potentialAction\":[{\"@type\":\"SearchAction\",\"target\":{\"@type\":\"EntryPoint\",\"urlTemplate\":\"https:\/\/antersystem.com\/fr\/?s={search_term_string}\"},\"query-input\":{\"@type\":\"PropertyValueSpecification\",\"valueRequired\":true,\"valueName\":\"search_term_string\"}}],\"inLanguage\":\"fr-FR\"}]}<\/script>\n<!-- \/ Yoast SEO plugin. -->","yoast_head_json":{"title":"Salons Modernlog et ITM Industry Europe 2025 - Anter System","description":"Rapport sur les salons de l'industrie et de la logistique \u00e0 Pozna\u0144 Du 3 au 5 juin 2025, nous avons particip\u00e9 \u00e0 deux \u00e9v\u00e9nements industriels cl\u00e9s -","robots":{"index":"index","follow":"follow","max-snippet":"max-snippet:-1","max-image-preview":"max-image-preview:large","max-video-preview":"max-video-preview:-1"},"canonical":"https:\/\/antersystem.com\/fr\/nouvelles\/trade-fairs-modernlog-and-itm-industry-europe-2025\/","og_locale":"fr_FR","og_type":"article","og_title":"Salons Modernlog et ITM Industry Europe 2025 - Anter System","og_description":"Rapport sur les salons de l'industrie et de la logistique \u00e0 Pozna\u0144 Du 3 au 5 juin 2025, nous avons particip\u00e9 \u00e0 deux \u00e9v\u00e9nements industriels cl\u00e9s -","og_url":"https:\/\/antersystem.com\/fr\/nouvelles\/trade-fairs-modernlog-and-itm-industry-europe-2025\/","og_site_name":"Anter System","article_modified_time":"2026-02-02T14:23:24+00:00","og_image":[{"url":"https:\/\/antersystem.com\/wp-content\/uploads\/modernlog-2025-011-683x1024.png","type":"","width":"","height":""}],"twitter_card":"summary_large_image","twitter_misc":{"Dur\u00e9e de lecture estim\u00e9e":"3 minutes"},"schema":{"@context":"https:\/\/schema.org","@graph":[{"@type":"WebPage","@id":"https:\/\/antersystem.com\/fr\/nouvelles\/trade-fairs-modernlog-and-itm-industry-europe-2025\/","url":"https:\/\/antersystem.com\/fr\/nouvelles\/trade-fairs-modernlog-and-itm-industry-europe-2025\/","name":"Salons Modernlog et ITM Industry Europe 2025 - Anter System","isPartOf":{"@id":"https:\/\/antersystem.com\/fr\/#website"},"primaryImageOfPage":{"@id":"https:\/\/antersystem.com\/fr\/nouvelles\/trade-fairs-modernlog-and-itm-industry-europe-2025\/#primaryimage"},"image":{"@id":"https:\/\/antersystem.com\/fr\/nouvelles\/trade-fairs-modernlog-and-itm-industry-europe-2025\/#primaryimage"},"thumbnailUrl":"https:\/\/antersystem.com\/wp-content\/uploads\/modernlog-2025-011-683x1024.png","datePublished":"2025-06-09T06:46:29+00:00","dateModified":"2026-02-02T14:23:24+00:00","description":"Rapport sur les salons de l'industrie et de la logistique \u00e0 Pozna\u0144 Du 3 au 5 juin 2025, nous avons particip\u00e9 \u00e0 deux \u00e9v\u00e9nements industriels cl\u00e9s -","breadcrumb":{"@id":"https:\/\/antersystem.com\/fr\/nouvelles\/trade-fairs-modernlog-and-itm-industry-europe-2025\/#breadcrumb"},"inLanguage":"fr-FR","potentialAction":[{"@type":"ReadAction","target":["https:\/\/antersystem.com\/fr\/nouvelles\/trade-fairs-modernlog-and-itm-industry-europe-2025\/"]}]},{"@type":"ImageObject","inLanguage":"fr-FR","@id":"https:\/\/antersystem.com\/fr\/nouvelles\/trade-fairs-modernlog-and-itm-industry-europe-2025\/#primaryimage","url":"https:\/\/antersystem.com\/wp-content\/uploads\/modernlog-2025-011-683x1024.png","contentUrl":"https:\/\/antersystem.com\/wp-content\/uploads\/modernlog-2025-011-683x1024.png"},{"@type":"BreadcrumbList","@id":"https:\/\/antersystem.com\/fr\/nouvelles\/trade-fairs-modernlog-and-itm-industry-europe-2025\/#breadcrumb","itemListElement":[{"@type":"ListItem","position":1,"name":"AnterSystem","item":"https:\/\/antersystem.com\/fr\/"},{"@type":"ListItem","position":2,"name":"Actualit\u00e9s","item":"https:\/\/antersystem.com\/fr\/nouvelles\/"},{"@type":"ListItem","position":3,"name":"Salons Modernlog et ITM Industry Europe 2025"}]},{"@type":"WebSite","@id":"https:\/\/antersystem.com\/fr\/#website","url":"https:\/\/antersystem.com\/fr\/","name":"Anter System","description":"Jeste\u015bmy polskim producentem elastycznych barier ochronnych wykonywanych z polimerowych tworzyw sztucznych. Na rynku krajowym i zagranicznym dzia\u0142amy od ponad 15 lat dbaj\u0105c o zapewnienie bezpiecze\u0144stwa w zak\u0142adach produkcyjnych, magazynach oraz centrach logistycznych.","potentialAction":[{"@type":"SearchAction","target":{"@type":"EntryPoint","urlTemplate":"https:\/\/antersystem.com\/fr\/?s={search_term_string}"},"query-input":{"@type":"PropertyValueSpecification","valueRequired":true,"valueName":"search_term_string"}}],"inLanguage":"fr-FR"}]}},"_links":{"self":[{"href":"https:\/\/antersystem.com\/fr\/wp-json\/wp\/v2\/pages\/38977","targetHints":{"allow":["GET"]}}],"collection":[{"href":"https:\/\/antersystem.com\/fr\/wp-json\/wp\/v2\/pages"}],"about":[{"href":"https:\/\/antersystem.com\/fr\/wp-json\/wp\/v2\/types\/page"}],"author":[{"embeddable":true,"href":"https:\/\/antersystem.com\/fr\/wp-json\/wp\/v2\/users\/11"}],"replies":[{"embeddable":true,"href":"https:\/\/antersystem.com\/fr\/wp-json\/wp\/v2\/comments?post=38977"}],"version-history":[{"count":1,"href":"https:\/\/antersystem.com\/fr\/wp-json\/wp\/v2\/pages\/38977\/revisions"}],"predecessor-version":[{"id":38979,"href":"https:\/\/antersystem.com\/fr\/wp-json\/wp\/v2\/pages\/38977\/revisions\/38979"}],"up":[{"embeddable":true,"href":"https:\/\/antersystem.com\/fr\/wp-json\/wp\/v2\/pages\/30302"}],"wp:attachment":[{"href":"https:\/\/antersystem.com\/fr\/wp-json\/wp\/v2\/media?parent=38977"}],"curies":[{"name":"wp","href":"https:\/\/api.w.org\/{rel}","templated":true}]}}