{"id":39495,"date":"2024-06-17T15:23:53","date_gmt":"2024-06-17T13:23:53","guid":{"rendered":"https:\/\/antersystem.com\/nouvelles\/technical-conferences-mielec-20-06\/"},"modified":"2026-02-04T13:51:31","modified_gmt":"2026-02-04T12:51:31","slug":"technical-conferences-mielec-20-06","status":"publish","type":"page","link":"https:\/\/antersystem.com\/fr\/nouvelles\/technical-conferences-mielec-20-06\/","title":{"rendered":"Conf\u00e9rences techniques, Mielec 20.06"},"content":{"rendered":"\n<div class=\"wp-block-columns is-layout-flex wp-container-core-columns-is-layout-9d6595d7 wp-block-columns-is-layout-flex\">\n  \n  <div class=\"wp-block-column is-layout-flow wp-block-column-is-layout-flow\" style=\"flex-basis:10%\"><\/div>\n  \n\n  \n  <div class=\"wp-block-column is-layout-flow wp-block-column-is-layout-flow\">\n    \n    <h2 class=\"wp-block-heading\">Meilleures pratiques en mati\u00e8re de logistique &#8211; Conf\u00e9rence technique<\/h2>\n    \n\n    \n    <p>Nous vous invitons \u00e0 une conf\u00e9rence gratuite, <strong>\u00ab\u00a0Optimisation des processus d&rsquo;intralogistique et d&rsquo;entreposage\u00a0\u00bb,<\/strong> consacr\u00e9e aux changements dynamiques qui se produisent dans l&rsquo;industrie de la logistique. L&rsquo;\u00e9v\u00e9nement aura lieu le <strong>20 juin<\/strong> \u00e0 l&rsquo;<strong>h\u00f4tel Atena \u00e0 Mielec<\/strong>. <\/p>\n    \n\n    \n    <p>Nous encourageons vivement tous ceux qui souhaitent <strong>\u00e9largir leur r\u00e9seau professionnel<\/strong> \u00e0 y participer. Il y aura de nombreuses possibilit\u00e9s de discussions int\u00e9ressantes et un acc\u00e8s garanti \u00e0 de v\u00e9ritables professionnels du secteur. La force des conf\u00e9rences <strong>d&rsquo;Axon Media<\/strong> r\u00e9side dans le fait qu&rsquo;elles rassemblent des praticiens &#8211; des <strong>experts de divers secteurs<\/strong> qui partageront leur exp\u00e9rience en mati\u00e8re d&rsquo;am\u00e9lioration des processus de logistique et d&rsquo;entreposage et <strong>discuteront des d\u00e9fis li\u00e9s \u00e0 l&rsquo;adaptation de ces processus aux besoins sp\u00e9cifiques des installations<\/strong>. Les pr\u00e9sentations porteront aussi bien sur des mises en \u0153uvre globales que sur des am\u00e9liorations plus modestes qui permettent de gagner du temps et de r\u00e9duire les co\u00fbts.   <\/p>\n    \n\n    \n    <p><strong>En tant que partenaire des conf\u00e9rences techniques, Anter System soutient les efforts visant \u00e0 am\u00e9liorer la s\u00e9curit\u00e9 et l&rsquo;hygi\u00e8ne (OHS) dans les entrep\u00f4ts et les halls industriels.<\/strong>  Nous fournissons des conseils professionnels sur l&rsquo;utilisation de syst\u00e8mes de protection pour les pi\u00e9tons, les marchandises, les machines et les infrastructures. Lorsqu&rsquo;il s&rsquo;agit de s\u00e9curit\u00e9 pendant les op\u00e9rations de chargement et de d\u00e9chargement, <a href=\"https:\/\/antersystem.com\/fr\/categories-de-produits\/equipements-de-quai\/\"><strong>nous avons \u00e9galement de nombreux produits \u00e9prouv\u00e9s \u00e0 pr\u00e9senter et \u00e0 discuter<\/strong><\/a>. Parmi les autres th\u00e8mes abord\u00e9s lors de la conf\u00e9rence figurent les syst\u00e8mes de transport interne, la robotique d&rsquo;entrep\u00f4t, les syst\u00e8mes de stockage et de pr\u00e9paration de commandes automatis\u00e9s, la RFID et l&rsquo;identification sans fil, les logiciels d&rsquo;intralogistique, la conception et le conseil en mati\u00e8re de logistique d&rsquo;entrep\u00f4t, ainsi que les machines d&rsquo;\u00e9tiquetage et de marquage.  <\/p>\n    \n\n    \n    <p>La conf\u00e9rence offre une excellente occasion de d\u00e9couvrir des solutions technologiques adapt\u00e9es aux besoins individuels de chaque participant. \u00c0 long terme, elle favorise un environnement de collaboration qui soutient les changements li\u00e9s \u00e0 la num\u00e9risation, \u00e0 l&rsquo;automatisation et \u00e0 l&rsquo;avenir du travail. Nous pensons qu&rsquo;il s&rsquo;agit d&rsquo;une direction prometteuse &#8211; venez visiter le stand d&rsquo;<strong>Anter System<\/strong> et rejoignez-nous dans l&rsquo;amphith\u00e9\u00e2tre !  <\/p>\n    \n\n    \n    <p>Programme de l&rsquo;\u00e9v\u00e9nement : <strong><a href=\"https:\/\/www.axonmedia.pl\/konferencje\/aktualne\/intralogistyka-magazynowanie-2024-mielec\/\">Conf\u00e9rences techniques<\/a><\/strong><\/p>\n    \n\n    \n    <p><strong>#TechnicalConferences #AxonMedia #OHS #Production #FlexibleSafetyBarriers<\/strong><\/p>\n    \n  <\/div>\n  \n\n  \n  <div class=\"wp-block-column is-layout-flow wp-block-column-is-layout-flow\" style=\"flex-basis:10%\"><\/div>\n  \n<\/div>\n<div class=\"wp-block-image\">\n<figure class=\"aligncenter size-large is-resized\"><img loading=\"lazy\" decoding=\"async\" width=\"1024\" height=\"576\" src=\"https:\/\/antersystem.com\/wp-content\/uploads\/AxonMedia-konferencja-w-Mielcu-1-edited-1024x576.webp\" alt=\"Conf&#xE9;rence Axon Media &#xE0; Mielec 2024 - Anter System\" class=\"wp-image-4856\" style=\"width:620px;height:auto\" srcset=\"https:\/\/antersystem.com\/wp-content\/uploads\/AxonMedia-konferencja-w-Mielcu-1-edited-1024x576.webp 1024w, https:\/\/antersystem.com\/wp-content\/uploads\/AxonMedia-konferencja-w-Mielcu-1-edited-300x169.webp 300w, https:\/\/antersystem.com\/wp-content\/uploads\/AxonMedia-konferencja-w-Mielcu-1-edited-768x432.webp 768w, https:\/\/antersystem.com\/wp-content\/uploads\/AxonMedia-konferencja-w-Mielcu-1-edited-450x253.webp 450w, https:\/\/antersystem.com\/wp-content\/uploads\/AxonMedia-konferencja-w-Mielcu-1-edited-330x186.webp 330w, https:\/\/antersystem.com\/wp-content\/uploads\/AxonMedia-konferencja-w-Mielcu-1-edited.webp 1115w\" sizes=\"auto, (max-width: 1024px) 100vw, 1024px\" \/><\/figure><\/div>","protected":false},"excerpt":{"rendered":"<p>Meilleures pratiques en mati\u00e8re de logistique &#8211; Conf\u00e9rence technique Nous vous invitons \u00e0 une conf\u00e9rence gratuite, \u00ab\u00a0Optimisation des processus d&rsquo;intralogistique et d&rsquo;entreposage\u00a0\u00bb, consacr\u00e9e aux changements dynamiques qui se produisent dans l&rsquo;industrie de la logistique. L&rsquo;\u00e9v\u00e9nement aura lieu le 20 juin \u00e0 l&rsquo;h\u00f4tel Atena \u00e0 Mielec. Nous encourageons vivement tous ceux qui souhaitent \u00e9largir leur r\u00e9seau [&hellip;]<\/p>\n","protected":false},"author":1,"featured_media":0,"parent":30302,"menu_order":0,"comment_status":"closed","ping_status":"closed","template":"","meta":{"inline_featured_image":false,"ngg_post_thumbnail":0,"footnotes":""},"class_list":["post-39495","page","type-page","status-publish","hentry"],"acf":[],"yoast_head":"<!-- This site is optimized with the Yoast SEO plugin v27.0 - https:\/\/yoast.com\/product\/yoast-seo-wordpress\/ -->\n<title>Conf\u00e9rences techniques, Mielec 20.06 - Anter System<\/title>\n<meta name=\"description\" content=\"Meilleures pratiques en mati\u00e8re de logistique - Conf\u00e9rence technique Nous vous invitons \u00e0 une conf\u00e9rence gratuite, &quot;Optimisation des processus\" \/>\n<meta name=\"robots\" content=\"index, follow, max-snippet:-1, max-image-preview:large, max-video-preview:-1\" \/>\n<link rel=\"canonical\" href=\"https:\/\/antersystem.com\/fr\/nouvelles\/technical-conferences-mielec-20-06\/\" \/>\n<meta property=\"og:locale\" content=\"fr_FR\" \/>\n<meta property=\"og:type\" content=\"article\" \/>\n<meta property=\"og:title\" content=\"Conf\u00e9rences techniques, Mielec 20.06 - Anter System\" \/>\n<meta property=\"og:description\" content=\"Meilleures pratiques en mati\u00e8re de logistique - Conf\u00e9rence technique Nous vous invitons \u00e0 une conf\u00e9rence gratuite, &quot;Optimisation des processus\" \/>\n<meta property=\"og:url\" content=\"https:\/\/antersystem.com\/fr\/nouvelles\/technical-conferences-mielec-20-06\/\" \/>\n<meta property=\"og:site_name\" content=\"Anter System\" \/>\n<meta property=\"article:modified_time\" content=\"2026-02-04T12:51:31+00:00\" \/>\n<meta property=\"og:image\" content=\"https:\/\/antersystem.com\/wp-content\/uploads\/AxonMedia-konferencja-w-Mielcu-1-edited-1024x576.webp\" \/>\n<meta name=\"twitter:card\" content=\"summary_large_image\" \/>\n<meta name=\"twitter:label1\" content=\"Dur\u00e9e de lecture estim\u00e9e\" \/>\n\t<meta name=\"twitter:data1\" content=\"2 minutes\" \/>\n<script type=\"application\/ld+json\" class=\"yoast-schema-graph\">{\"@context\":\"https:\/\/schema.org\",\"@graph\":[{\"@type\":\"WebPage\",\"@id\":\"https:\/\/antersystem.com\/fr\/nouvelles\/technical-conferences-mielec-20-06\/\",\"url\":\"https:\/\/antersystem.com\/fr\/nouvelles\/technical-conferences-mielec-20-06\/\",\"name\":\"Conf\u00e9rences techniques, Mielec 20.06 - Anter System\",\"isPartOf\":{\"@id\":\"https:\/\/antersystem.com\/fr\/#website\"},\"primaryImageOfPage\":{\"@id\":\"https:\/\/antersystem.com\/fr\/nouvelles\/technical-conferences-mielec-20-06\/#primaryimage\"},\"image\":{\"@id\":\"https:\/\/antersystem.com\/fr\/nouvelles\/technical-conferences-mielec-20-06\/#primaryimage\"},\"thumbnailUrl\":\"https:\/\/antersystem.com\/wp-content\/uploads\/AxonMedia-konferencja-w-Mielcu-1-edited-1024x576.webp\",\"datePublished\":\"2024-06-17T13:23:53+00:00\",\"dateModified\":\"2026-02-04T12:51:31+00:00\",\"description\":\"Meilleures pratiques en mati\u00e8re de logistique - Conf\u00e9rence technique Nous vous invitons \u00e0 une conf\u00e9rence gratuite, \\\"Optimisation des processus\",\"breadcrumb\":{\"@id\":\"https:\/\/antersystem.com\/fr\/nouvelles\/technical-conferences-mielec-20-06\/#breadcrumb\"},\"inLanguage\":\"fr-FR\",\"potentialAction\":[{\"@type\":\"ReadAction\",\"target\":[\"https:\/\/antersystem.com\/fr\/nouvelles\/technical-conferences-mielec-20-06\/\"]}]},{\"@type\":\"ImageObject\",\"inLanguage\":\"fr-FR\",\"@id\":\"https:\/\/antersystem.com\/fr\/nouvelles\/technical-conferences-mielec-20-06\/#primaryimage\",\"url\":\"https:\/\/antersystem.com\/wp-content\/uploads\/AxonMedia-konferencja-w-Mielcu-1-edited-1024x576.webp\",\"contentUrl\":\"https:\/\/antersystem.com\/wp-content\/uploads\/AxonMedia-konferencja-w-Mielcu-1-edited-1024x576.webp\"},{\"@type\":\"BreadcrumbList\",\"@id\":\"https:\/\/antersystem.com\/fr\/nouvelles\/technical-conferences-mielec-20-06\/#breadcrumb\",\"itemListElement\":[{\"@type\":\"ListItem\",\"position\":1,\"name\":\"AnterSystem\",\"item\":\"https:\/\/antersystem.com\/fr\/\"},{\"@type\":\"ListItem\",\"position\":2,\"name\":\"Actualit\u00e9s\",\"item\":\"https:\/\/antersystem.com\/fr\/nouvelles\/\"},{\"@type\":\"ListItem\",\"position\":3,\"name\":\"Conf\u00e9rences techniques, Mielec 20.06\"}]},{\"@type\":\"WebSite\",\"@id\":\"https:\/\/antersystem.com\/fr\/#website\",\"url\":\"https:\/\/antersystem.com\/fr\/\",\"name\":\"Anter System\",\"description\":\"Jeste\u015bmy polskim producentem elastycznych barier ochronnych wykonywanych z polimerowych tworzyw sztucznych. Na rynku krajowym i zagranicznym dzia\u0142amy od ponad 15 lat dbaj\u0105c o zapewnienie bezpiecze\u0144stwa w zak\u0142adach produkcyjnych, magazynach oraz centrach logistycznych.\",\"potentialAction\":[{\"@type\":\"SearchAction\",\"target\":{\"@type\":\"EntryPoint\",\"urlTemplate\":\"https:\/\/antersystem.com\/fr\/?s={search_term_string}\"},\"query-input\":{\"@type\":\"PropertyValueSpecification\",\"valueRequired\":true,\"valueName\":\"search_term_string\"}}],\"inLanguage\":\"fr-FR\"}]}<\/script>\n<!-- \/ Yoast SEO plugin. -->","yoast_head_json":{"title":"Conf\u00e9rences techniques, Mielec 20.06 - Anter System","description":"Meilleures pratiques en mati\u00e8re de logistique - Conf\u00e9rence technique Nous vous invitons \u00e0 une conf\u00e9rence gratuite, \"Optimisation des processus","robots":{"index":"index","follow":"follow","max-snippet":"max-snippet:-1","max-image-preview":"max-image-preview:large","max-video-preview":"max-video-preview:-1"},"canonical":"https:\/\/antersystem.com\/fr\/nouvelles\/technical-conferences-mielec-20-06\/","og_locale":"fr_FR","og_type":"article","og_title":"Conf\u00e9rences techniques, Mielec 20.06 - Anter System","og_description":"Meilleures pratiques en mati\u00e8re de logistique - Conf\u00e9rence technique Nous vous invitons \u00e0 une conf\u00e9rence gratuite, \"Optimisation des processus","og_url":"https:\/\/antersystem.com\/fr\/nouvelles\/technical-conferences-mielec-20-06\/","og_site_name":"Anter System","article_modified_time":"2026-02-04T12:51:31+00:00","og_image":[{"url":"https:\/\/antersystem.com\/wp-content\/uploads\/AxonMedia-konferencja-w-Mielcu-1-edited-1024x576.webp","type":"","width":"","height":""}],"twitter_card":"summary_large_image","twitter_misc":{"Dur\u00e9e de lecture estim\u00e9e":"2 minutes"},"schema":{"@context":"https:\/\/schema.org","@graph":[{"@type":"WebPage","@id":"https:\/\/antersystem.com\/fr\/nouvelles\/technical-conferences-mielec-20-06\/","url":"https:\/\/antersystem.com\/fr\/nouvelles\/technical-conferences-mielec-20-06\/","name":"Conf\u00e9rences techniques, Mielec 20.06 - Anter System","isPartOf":{"@id":"https:\/\/antersystem.com\/fr\/#website"},"primaryImageOfPage":{"@id":"https:\/\/antersystem.com\/fr\/nouvelles\/technical-conferences-mielec-20-06\/#primaryimage"},"image":{"@id":"https:\/\/antersystem.com\/fr\/nouvelles\/technical-conferences-mielec-20-06\/#primaryimage"},"thumbnailUrl":"https:\/\/antersystem.com\/wp-content\/uploads\/AxonMedia-konferencja-w-Mielcu-1-edited-1024x576.webp","datePublished":"2024-06-17T13:23:53+00:00","dateModified":"2026-02-04T12:51:31+00:00","description":"Meilleures pratiques en mati\u00e8re de logistique - Conf\u00e9rence technique Nous vous invitons \u00e0 une conf\u00e9rence gratuite, \"Optimisation des processus","breadcrumb":{"@id":"https:\/\/antersystem.com\/fr\/nouvelles\/technical-conferences-mielec-20-06\/#breadcrumb"},"inLanguage":"fr-FR","potentialAction":[{"@type":"ReadAction","target":["https:\/\/antersystem.com\/fr\/nouvelles\/technical-conferences-mielec-20-06\/"]}]},{"@type":"ImageObject","inLanguage":"fr-FR","@id":"https:\/\/antersystem.com\/fr\/nouvelles\/technical-conferences-mielec-20-06\/#primaryimage","url":"https:\/\/antersystem.com\/wp-content\/uploads\/AxonMedia-konferencja-w-Mielcu-1-edited-1024x576.webp","contentUrl":"https:\/\/antersystem.com\/wp-content\/uploads\/AxonMedia-konferencja-w-Mielcu-1-edited-1024x576.webp"},{"@type":"BreadcrumbList","@id":"https:\/\/antersystem.com\/fr\/nouvelles\/technical-conferences-mielec-20-06\/#breadcrumb","itemListElement":[{"@type":"ListItem","position":1,"name":"AnterSystem","item":"https:\/\/antersystem.com\/fr\/"},{"@type":"ListItem","position":2,"name":"Actualit\u00e9s","item":"https:\/\/antersystem.com\/fr\/nouvelles\/"},{"@type":"ListItem","position":3,"name":"Conf\u00e9rences techniques, Mielec 20.06"}]},{"@type":"WebSite","@id":"https:\/\/antersystem.com\/fr\/#website","url":"https:\/\/antersystem.com\/fr\/","name":"Anter System","description":"Jeste\u015bmy polskim producentem elastycznych barier ochronnych wykonywanych z polimerowych tworzyw sztucznych. Na rynku krajowym i zagranicznym dzia\u0142amy od ponad 15 lat dbaj\u0105c o zapewnienie bezpiecze\u0144stwa w zak\u0142adach produkcyjnych, magazynach oraz centrach logistycznych.","potentialAction":[{"@type":"SearchAction","target":{"@type":"EntryPoint","urlTemplate":"https:\/\/antersystem.com\/fr\/?s={search_term_string}"},"query-input":{"@type":"PropertyValueSpecification","valueRequired":true,"valueName":"search_term_string"}}],"inLanguage":"fr-FR"}]}},"_links":{"self":[{"href":"https:\/\/antersystem.com\/fr\/wp-json\/wp\/v2\/pages\/39495","targetHints":{"allow":["GET"]}}],"collection":[{"href":"https:\/\/antersystem.com\/fr\/wp-json\/wp\/v2\/pages"}],"about":[{"href":"https:\/\/antersystem.com\/fr\/wp-json\/wp\/v2\/types\/page"}],"author":[{"embeddable":true,"href":"https:\/\/antersystem.com\/fr\/wp-json\/wp\/v2\/users\/1"}],"replies":[{"embeddable":true,"href":"https:\/\/antersystem.com\/fr\/wp-json\/wp\/v2\/comments?post=39495"}],"version-history":[{"count":1,"href":"https:\/\/antersystem.com\/fr\/wp-json\/wp\/v2\/pages\/39495\/revisions"}],"predecessor-version":[{"id":39497,"href":"https:\/\/antersystem.com\/fr\/wp-json\/wp\/v2\/pages\/39495\/revisions\/39497"}],"up":[{"embeddable":true,"href":"https:\/\/antersystem.com\/fr\/wp-json\/wp\/v2\/pages\/30302"}],"wp:attachment":[{"href":"https:\/\/antersystem.com\/fr\/wp-json\/wp\/v2\/media?parent=39495"}],"curies":[{"name":"wp","href":"https:\/\/api.w.org\/{rel}","templated":true}]}}