{"id":39681,"date":"2024-03-25T16:20:11","date_gmt":"2024-03-25T15:20:11","guid":{"rendered":"https:\/\/antersystem.com\/nouvelles\/technical-conference-szczecin\/"},"modified":"2026-02-04T14:07:10","modified_gmt":"2026-02-04T13:07:10","slug":"technical-conference-szczecin","status":"publish","type":"page","link":"https:\/\/antersystem.com\/fr\/nouvelles\/technical-conference-szczecin\/","title":{"rendered":"Conf\u00e9rence technique, Szczecin 18.04"},"content":{"rendered":"\n<div class=\"wp-block-columns is-layout-flex wp-container-core-columns-is-layout-9d6595d7 wp-block-columns-is-layout-flex\">\n  \n  <div class=\"wp-block-column is-layout-flow wp-block-column-is-layout-flow\" style=\"flex-basis:10%\"><\/div>\n  \n\n  \n  <div class=\"wp-block-column is-layout-flow wp-block-column-is-layout-flow\">\n    \n    <h3 class=\"wp-block-heading\">Nous nous rencontrons \u00e0 nouveau &#8211; gr\u00e2ce \u00e0 Axon Media.<\/h3>\n    \n\n    \n    <p><strong>Axon Media<\/strong>, l&rsquo;organisateur des conf\u00e9rences techniques, nous a d\u00e9j\u00e0 habitu\u00e9s \u00e0 des r\u00e9unions mensuelles de mise en r\u00e9seau. Leur fr\u00e9quence et leur dynamisme ne se d\u00e9mentent pas. La prochaine conf\u00e9rence aura lieu le <a href=\"https:\/\/www.axonmedia.pl\/konferencje\/aktualne\/intralogistyka-magazynowanie-2024-szczecin\/\">18 avril \u00e0 Szczecin<\/a>, avec pour th\u00e8me principal : comment mettre en \u0153uvre de petits changements qui permettent d&rsquo;\u00e9conomiser du temps et des ressources financi\u00e8res.  <\/p>\n    \n\n    \n    <p>Nous participerons \u00e9galement \u00e0 cette \u00e9dition pour pr\u00e9senter les possibilit\u00e9s de solutions techniques adapt\u00e9es aux besoins individuels. Qu&rsquo;il s&rsquo;agisse de la <a href=\"https:\/\/antersystem.com\/kategorie_produktow\/ochrona-kolumny\/\">protection de structures critiques<\/a> et de <a href=\"https:\/\/antersystem.com\/produkty\/plyta-zderzeniowa-ertax\/\">zones d&rsquo;impact o\u00f9 il n&rsquo;y a pas de place pour des barri\u00e8res de s\u00e9curit\u00e9 standard<\/a>, de la s\u00e9curisation de voies pi\u00e9tonnes ou de la protection de machines et d&rsquo;infrastructures contre les collisions avec des chariots \u00e9l\u00e9vateurs, c&rsquo;est l\u00e0 notre expertise et notre pratique quotidienne. Nous serons heureux de partager avec vous des \u00e9tudes de cas concernant des projets pour lesquels nous avons particip\u00e9 activement \u00e0 la conception et \u00e0 la mise en \u0153uvre de solutions de s\u00e9curit\u00e9 personnalis\u00e9es.  <\/p>\n    \n\n    \n    <p>Nous vous encourageons \u00e9galement \u00e0 participer aux sessions de la conf\u00e9rence et \u00e0 \u00e9couter les pr\u00e9sentations des experts &#8211; aucune interaction n&rsquo;est requise. L&rsquo;ordre du jour de la conf\u00e9rence <em>\u00ab\u00a0Optimisation des processus d&rsquo;intralogistique et d&rsquo;entreposage\u00a0\u00bb<\/em> comprend des sujets tels que les syst\u00e8mes de transport interne, la robotique d&rsquo;entreposage, les syst\u00e8mes de stockage et de pr\u00e9paration de commandes automatis\u00e9s, la RFID et l&rsquo;identification sans fil, les logiciels d&rsquo;intralogistique, la conception et le conseil en logistique, les machines d&rsquo;\u00e9tiquetage et la sant\u00e9 et la s\u00e9curit\u00e9 au travail (SST) dans les installations industrielles et d&rsquo;entreposage. <\/p>\n    \n\n    \n    <p><strong>Quand :<\/strong> 18 avril (jeudi) | 8h00 &#8211; 15h30 | <a href=\"https:\/\/www.axonmedia.pl\/konferencje\/program\/intralogistyka-magazynowanie-2024-szczecin\/\">Programme<\/a><\/p>\n    \n\n    \n    <p><strong>O\u00f9 :<\/strong> H\u00f4tel VULCAN, ul. F.K. Druckiego-Lubeckiego 6a, Szczecin | parking gratuit <\/p>\n    \n\n    \n    <p><strong>La participation est gratuite<\/strong><\/p>\n    \n\n    \n    <p>En tant que fiers partenaires de l&rsquo;\u00e9v\u00e9nement, nous vous invitons chaleureusement \u00e0 vous joindre \u00e0 nous !<\/p>\n    \n\n    \n    <p><strong>#TechnicalConferences #AxonMedia #Intralogistics #Warehousing<\/strong><\/p>\n    \n  <\/div>\n  \n\n  \n  <div class=\"wp-block-column is-layout-flow wp-block-column-is-layout-flow\" style=\"flex-basis:10%\"><\/div>\n  \n<\/div>\n<div class=\"wp-block-image\">\n<figure class=\"aligncenter size-large is-resized\"><img loading=\"lazy\" decoding=\"async\" width=\"1024\" height=\"535\" src=\"https:\/\/antersystem.com\/wp-content\/uploads\/18-KWIETNIA-ANTER-SYSTEM-partnerem-konferencji-technicznych-Axon-Media-1-1024x535.jpg\" alt=\"Anter System - Conf&#xE9;rence technique &#xE0; Szczecin, 18 avril 2024\" class=\"wp-image-4321\" style=\"width:720px;height:auto\" srcset=\"https:\/\/antersystem.com\/wp-content\/uploads\/18-KWIETNIA-ANTER-SYSTEM-partnerem-konferencji-technicznych-Axon-Media-1-1024x535.jpg 1024w, https:\/\/antersystem.com\/wp-content\/uploads\/18-KWIETNIA-ANTER-SYSTEM-partnerem-konferencji-technicznych-Axon-Media-1-300x157.jpg 300w, https:\/\/antersystem.com\/wp-content\/uploads\/18-KWIETNIA-ANTER-SYSTEM-partnerem-konferencji-technicznych-Axon-Media-1-768x401.jpg 768w, https:\/\/antersystem.com\/wp-content\/uploads\/18-KWIETNIA-ANTER-SYSTEM-partnerem-konferencji-technicznych-Axon-Media-1-450x235.jpg 450w, https:\/\/antersystem.com\/wp-content\/uploads\/18-KWIETNIA-ANTER-SYSTEM-partnerem-konferencji-technicznych-Axon-Media-1-330x172.jpg 330w, https:\/\/antersystem.com\/wp-content\/uploads\/18-KWIETNIA-ANTER-SYSTEM-partnerem-konferencji-technicznych-Axon-Media-1.jpg 1200w\" sizes=\"auto, (max-width: 1024px) 100vw, 1024px\" \/><\/figure><\/div>","protected":false},"excerpt":{"rendered":"<p>Nous nous rencontrons \u00e0 nouveau &#8211; gr\u00e2ce \u00e0 Axon Media. Axon Media, l&rsquo;organisateur des conf\u00e9rences techniques, nous a d\u00e9j\u00e0 habitu\u00e9s \u00e0 des r\u00e9unions mensuelles de mise en r\u00e9seau. Leur fr\u00e9quence et leur dynamisme ne se d\u00e9mentent pas. La prochaine conf\u00e9rence aura lieu le 18 avril \u00e0 Szczecin, avec pour th\u00e8me principal : comment mettre en [&hellip;]<\/p>\n","protected":false},"author":1,"featured_media":0,"parent":30302,"menu_order":0,"comment_status":"closed","ping_status":"closed","template":"","meta":{"inline_featured_image":false,"ngg_post_thumbnail":0,"footnotes":""},"class_list":["post-39681","page","type-page","status-publish","hentry"],"acf":[],"yoast_head":"<!-- This site is optimized with the Yoast SEO plugin v27.0 - https:\/\/yoast.com\/product\/yoast-seo-wordpress\/ -->\n<title>Conf\u00e9rence technique, Szczecin 18.04 - Anter System<\/title>\n<meta name=\"description\" content=\"Nous nous rencontrons \u00e0 nouveau - gr\u00e2ce \u00e0 Axon Media. Axon Media, l&#039;organisateur des conf\u00e9rences techniques, nous a d\u00e9j\u00e0 habitu\u00e9s \u00e0 des r\u00e9unions\" \/>\n<meta name=\"robots\" content=\"index, follow, max-snippet:-1, max-image-preview:large, max-video-preview:-1\" \/>\n<link rel=\"canonical\" href=\"https:\/\/antersystem.com\/fr\/nouvelles\/technical-conference-szczecin\/\" \/>\n<meta property=\"og:locale\" content=\"fr_FR\" \/>\n<meta property=\"og:type\" content=\"article\" \/>\n<meta property=\"og:title\" content=\"Conf\u00e9rence technique, Szczecin 18.04 - Anter System\" \/>\n<meta property=\"og:description\" content=\"Nous nous rencontrons \u00e0 nouveau - gr\u00e2ce \u00e0 Axon Media. Axon Media, l&#039;organisateur des conf\u00e9rences techniques, nous a d\u00e9j\u00e0 habitu\u00e9s \u00e0 des r\u00e9unions\" \/>\n<meta property=\"og:url\" content=\"https:\/\/antersystem.com\/fr\/nouvelles\/technical-conference-szczecin\/\" \/>\n<meta property=\"og:site_name\" content=\"Anter System\" \/>\n<meta property=\"article:modified_time\" content=\"2026-02-04T13:07:10+00:00\" \/>\n<meta property=\"og:image\" content=\"https:\/\/antersystem.com\/wp-content\/uploads\/18-KWIETNIA-ANTER-SYSTEM-partnerem-konferencji-technicznych-Axon-Media-1-1024x535.jpg\" \/>\n<meta name=\"twitter:card\" content=\"summary_large_image\" \/>\n<meta name=\"twitter:label1\" content=\"Dur\u00e9e de lecture estim\u00e9e\" \/>\n\t<meta name=\"twitter:data1\" content=\"2 minutes\" \/>\n<script type=\"application\/ld+json\" class=\"yoast-schema-graph\">{\"@context\":\"https:\/\/schema.org\",\"@graph\":[{\"@type\":\"WebPage\",\"@id\":\"https:\/\/antersystem.com\/fr\/nouvelles\/technical-conference-szczecin\/\",\"url\":\"https:\/\/antersystem.com\/fr\/nouvelles\/technical-conference-szczecin\/\",\"name\":\"Conf\u00e9rence technique, Szczecin 18.04 - Anter System\",\"isPartOf\":{\"@id\":\"https:\/\/antersystem.com\/fr\/#website\"},\"primaryImageOfPage\":{\"@id\":\"https:\/\/antersystem.com\/fr\/nouvelles\/technical-conference-szczecin\/#primaryimage\"},\"image\":{\"@id\":\"https:\/\/antersystem.com\/fr\/nouvelles\/technical-conference-szczecin\/#primaryimage\"},\"thumbnailUrl\":\"https:\/\/antersystem.com\/wp-content\/uploads\/18-KWIETNIA-ANTER-SYSTEM-partnerem-konferencji-technicznych-Axon-Media-1-1024x535.jpg\",\"datePublished\":\"2024-03-25T15:20:11+00:00\",\"dateModified\":\"2026-02-04T13:07:10+00:00\",\"description\":\"Nous nous rencontrons \u00e0 nouveau - gr\u00e2ce \u00e0 Axon Media. Axon Media, l'organisateur des conf\u00e9rences techniques, nous a d\u00e9j\u00e0 habitu\u00e9s \u00e0 des r\u00e9unions\",\"breadcrumb\":{\"@id\":\"https:\/\/antersystem.com\/fr\/nouvelles\/technical-conference-szczecin\/#breadcrumb\"},\"inLanguage\":\"fr-FR\",\"potentialAction\":[{\"@type\":\"ReadAction\",\"target\":[\"https:\/\/antersystem.com\/fr\/nouvelles\/technical-conference-szczecin\/\"]}]},{\"@type\":\"ImageObject\",\"inLanguage\":\"fr-FR\",\"@id\":\"https:\/\/antersystem.com\/fr\/nouvelles\/technical-conference-szczecin\/#primaryimage\",\"url\":\"https:\/\/antersystem.com\/wp-content\/uploads\/18-KWIETNIA-ANTER-SYSTEM-partnerem-konferencji-technicznych-Axon-Media-1-1024x535.jpg\",\"contentUrl\":\"https:\/\/antersystem.com\/wp-content\/uploads\/18-KWIETNIA-ANTER-SYSTEM-partnerem-konferencji-technicznych-Axon-Media-1-1024x535.jpg\"},{\"@type\":\"BreadcrumbList\",\"@id\":\"https:\/\/antersystem.com\/fr\/nouvelles\/technical-conference-szczecin\/#breadcrumb\",\"itemListElement\":[{\"@type\":\"ListItem\",\"position\":1,\"name\":\"AnterSystem\",\"item\":\"https:\/\/antersystem.com\/fr\/\"},{\"@type\":\"ListItem\",\"position\":2,\"name\":\"Actualit\u00e9s\",\"item\":\"https:\/\/antersystem.com\/fr\/nouvelles\/\"},{\"@type\":\"ListItem\",\"position\":3,\"name\":\"Conf\u00e9rence technique, Szczecin 18.04\"}]},{\"@type\":\"WebSite\",\"@id\":\"https:\/\/antersystem.com\/fr\/#website\",\"url\":\"https:\/\/antersystem.com\/fr\/\",\"name\":\"Anter System\",\"description\":\"Jeste\u015bmy polskim producentem elastycznych barier ochronnych wykonywanych z polimerowych tworzyw sztucznych. Na rynku krajowym i zagranicznym dzia\u0142amy od ponad 15 lat dbaj\u0105c o zapewnienie bezpiecze\u0144stwa w zak\u0142adach produkcyjnych, magazynach oraz centrach logistycznych.\",\"potentialAction\":[{\"@type\":\"SearchAction\",\"target\":{\"@type\":\"EntryPoint\",\"urlTemplate\":\"https:\/\/antersystem.com\/fr\/?s={search_term_string}\"},\"query-input\":{\"@type\":\"PropertyValueSpecification\",\"valueRequired\":true,\"valueName\":\"search_term_string\"}}],\"inLanguage\":\"fr-FR\"}]}<\/script>\n<!-- \/ Yoast SEO plugin. -->","yoast_head_json":{"title":"Conf\u00e9rence technique, Szczecin 18.04 - Anter System","description":"Nous nous rencontrons \u00e0 nouveau - gr\u00e2ce \u00e0 Axon Media. Axon Media, l'organisateur des conf\u00e9rences techniques, nous a d\u00e9j\u00e0 habitu\u00e9s \u00e0 des r\u00e9unions","robots":{"index":"index","follow":"follow","max-snippet":"max-snippet:-1","max-image-preview":"max-image-preview:large","max-video-preview":"max-video-preview:-1"},"canonical":"https:\/\/antersystem.com\/fr\/nouvelles\/technical-conference-szczecin\/","og_locale":"fr_FR","og_type":"article","og_title":"Conf\u00e9rence technique, Szczecin 18.04 - Anter System","og_description":"Nous nous rencontrons \u00e0 nouveau - gr\u00e2ce \u00e0 Axon Media. Axon Media, l'organisateur des conf\u00e9rences techniques, nous a d\u00e9j\u00e0 habitu\u00e9s \u00e0 des r\u00e9unions","og_url":"https:\/\/antersystem.com\/fr\/nouvelles\/technical-conference-szczecin\/","og_site_name":"Anter System","article_modified_time":"2026-02-04T13:07:10+00:00","og_image":[{"url":"https:\/\/antersystem.com\/wp-content\/uploads\/18-KWIETNIA-ANTER-SYSTEM-partnerem-konferencji-technicznych-Axon-Media-1-1024x535.jpg","type":"","width":"","height":""}],"twitter_card":"summary_large_image","twitter_misc":{"Dur\u00e9e de lecture estim\u00e9e":"2 minutes"},"schema":{"@context":"https:\/\/schema.org","@graph":[{"@type":"WebPage","@id":"https:\/\/antersystem.com\/fr\/nouvelles\/technical-conference-szczecin\/","url":"https:\/\/antersystem.com\/fr\/nouvelles\/technical-conference-szczecin\/","name":"Conf\u00e9rence technique, Szczecin 18.04 - Anter System","isPartOf":{"@id":"https:\/\/antersystem.com\/fr\/#website"},"primaryImageOfPage":{"@id":"https:\/\/antersystem.com\/fr\/nouvelles\/technical-conference-szczecin\/#primaryimage"},"image":{"@id":"https:\/\/antersystem.com\/fr\/nouvelles\/technical-conference-szczecin\/#primaryimage"},"thumbnailUrl":"https:\/\/antersystem.com\/wp-content\/uploads\/18-KWIETNIA-ANTER-SYSTEM-partnerem-konferencji-technicznych-Axon-Media-1-1024x535.jpg","datePublished":"2024-03-25T15:20:11+00:00","dateModified":"2026-02-04T13:07:10+00:00","description":"Nous nous rencontrons \u00e0 nouveau - gr\u00e2ce \u00e0 Axon Media. Axon Media, l'organisateur des conf\u00e9rences techniques, nous a d\u00e9j\u00e0 habitu\u00e9s \u00e0 des r\u00e9unions","breadcrumb":{"@id":"https:\/\/antersystem.com\/fr\/nouvelles\/technical-conference-szczecin\/#breadcrumb"},"inLanguage":"fr-FR","potentialAction":[{"@type":"ReadAction","target":["https:\/\/antersystem.com\/fr\/nouvelles\/technical-conference-szczecin\/"]}]},{"@type":"ImageObject","inLanguage":"fr-FR","@id":"https:\/\/antersystem.com\/fr\/nouvelles\/technical-conference-szczecin\/#primaryimage","url":"https:\/\/antersystem.com\/wp-content\/uploads\/18-KWIETNIA-ANTER-SYSTEM-partnerem-konferencji-technicznych-Axon-Media-1-1024x535.jpg","contentUrl":"https:\/\/antersystem.com\/wp-content\/uploads\/18-KWIETNIA-ANTER-SYSTEM-partnerem-konferencji-technicznych-Axon-Media-1-1024x535.jpg"},{"@type":"BreadcrumbList","@id":"https:\/\/antersystem.com\/fr\/nouvelles\/technical-conference-szczecin\/#breadcrumb","itemListElement":[{"@type":"ListItem","position":1,"name":"AnterSystem","item":"https:\/\/antersystem.com\/fr\/"},{"@type":"ListItem","position":2,"name":"Actualit\u00e9s","item":"https:\/\/antersystem.com\/fr\/nouvelles\/"},{"@type":"ListItem","position":3,"name":"Conf\u00e9rence technique, Szczecin 18.04"}]},{"@type":"WebSite","@id":"https:\/\/antersystem.com\/fr\/#website","url":"https:\/\/antersystem.com\/fr\/","name":"Anter System","description":"Jeste\u015bmy polskim producentem elastycznych barier ochronnych wykonywanych z polimerowych tworzyw sztucznych. Na rynku krajowym i zagranicznym dzia\u0142amy od ponad 15 lat dbaj\u0105c o zapewnienie bezpiecze\u0144stwa w zak\u0142adach produkcyjnych, magazynach oraz centrach logistycznych.","potentialAction":[{"@type":"SearchAction","target":{"@type":"EntryPoint","urlTemplate":"https:\/\/antersystem.com\/fr\/?s={search_term_string}"},"query-input":{"@type":"PropertyValueSpecification","valueRequired":true,"valueName":"search_term_string"}}],"inLanguage":"fr-FR"}]}},"_links":{"self":[{"href":"https:\/\/antersystem.com\/fr\/wp-json\/wp\/v2\/pages\/39681","targetHints":{"allow":["GET"]}}],"collection":[{"href":"https:\/\/antersystem.com\/fr\/wp-json\/wp\/v2\/pages"}],"about":[{"href":"https:\/\/antersystem.com\/fr\/wp-json\/wp\/v2\/types\/page"}],"author":[{"embeddable":true,"href":"https:\/\/antersystem.com\/fr\/wp-json\/wp\/v2\/users\/1"}],"replies":[{"embeddable":true,"href":"https:\/\/antersystem.com\/fr\/wp-json\/wp\/v2\/comments?post=39681"}],"version-history":[{"count":1,"href":"https:\/\/antersystem.com\/fr\/wp-json\/wp\/v2\/pages\/39681\/revisions"}],"predecessor-version":[{"id":39683,"href":"https:\/\/antersystem.com\/fr\/wp-json\/wp\/v2\/pages\/39681\/revisions\/39683"}],"up":[{"embeddable":true,"href":"https:\/\/antersystem.com\/fr\/wp-json\/wp\/v2\/pages\/30302"}],"wp:attachment":[{"href":"https:\/\/antersystem.com\/fr\/wp-json\/wp\/v2\/media?parent=39681"}],"curies":[{"name":"wp","href":"https:\/\/api.w.org\/{rel}","templated":true}]}}