{"id":15484,"date":"2023-11-16T15:30:28","date_gmt":"2023-11-16T14:30:28","guid":{"rendered":"https:\/\/new.antersystem.com\/congress-modern-warehouse\/"},"modified":"2026-01-30T14:29:22","modified_gmt":"2026-01-30T13:29:22","slug":"congress-modern-warehouse","status":"publish","type":"page","link":"https:\/\/antersystem.com\/hu\/hirek\/congress-modern-warehouse\/","title":{"rendered":"Congress Modern rakt\u00e1r"},"content":{"rendered":"\n<div class=\"wp-block-columns is-layout-flex wp-container-core-columns-is-layout-9d6595d7 wp-block-columns-is-layout-flex\">\n  \n  <div class=\"wp-block-column is-layout-flow wp-block-column-is-layout-flow\" style=\"flex-basis:10%\"><\/div>\n  \n\n  \n  <div class=\"wp-block-column is-layout-flow wp-block-column-is-layout-flow\">\n    \n    <h3 class=\"wp-block-heading\"><strong>Modern rakt\u00e1r kongresszus<\/strong><\/h3>\n    \n\n    \n    <p>A <strong>Modern Rakt\u00e1rkongresszus<\/strong> <strong>a Nowoczesny Magazyn magazin<\/strong> \u00e1ltal szervezett, az ipar\u00e1gi napt\u00e1rban <strong>m\u00e1r<\/strong> j\u00f3l bev\u00e1lt esem\u00e9ny. Ez az \u00e9v sem lesz m\u00e1sk\u00e9nt. Alig v\u00e1rjuk, hogy <strong>november 20-\u00e1n Vars\u00f3ban<\/strong> ism\u00e9t tal\u00e1lkozhassunk a logisztikai \u00e9s rakt\u00e1roz\u00e1si szakemberekkel <strong>.<\/strong> Az idei kiad\u00e1s sor\u00e1n az Anter <strong>System is<\/strong> jelen <strong>lesz<\/strong>! Ki\u00e1ll\u00edt\u00f3k\u00e9nt felk\u00e9sz\u00edtett\u00fcnk egy standot, ahol a r\u00e9sztvev\u0151k k\u00f6zelr\u0151l megtekinthetik <a href=\"https:\/\/antersystem.com\/kategorie_produktow\/bariery-bezpieczenstwa-dla-pieszych\/\">rugalmas biztons\u00e1gi korl\u00e1tjainkat, \u00e9s<\/a> <a href=\"https:\/\/antersystem.com\/realizacje\/\">megvitathatj\u00e1k a rakt\u00e1rak biztons\u00e1g\u00e1nak \u00e9s szervez\u00e9s\u00e9nek jav\u00edt\u00e1s\u00e1ra vonatkoz\u00f3 \u00f6tleteket.<\/a> Ha m\u00e9g mindig arra keresi a v\u00e1laszt, hogyan optimaliz\u00e1lhatja a logisztikai k\u00f6lts\u00e9geket \u00e9s hogyan kezelheti hat\u00e9konyan a rakt\u00e1rter\u00fcleteket &#8211; megh\u00edvjuk \u00d6nt, hogy tal\u00e1lkozzon vel\u00fcnk.<\/p>\n    \n\n    \n    <h4 class=\"wp-block-heading\">A szervez\u0151k szerint az idei kiad\u00e1s t\u00e9m\u00e1ja &#8222;K\u00f6lts\u00e9ghat\u00e9konys\u00e1g \u00e9s technol\u00f3giai innov\u00e1ci\u00f3&#8221;: <em>&#8222;nem csup\u00e1n az aktu\u00e1lis trendek \u00e9s kih\u00edv\u00e1sok megvitat\u00e1s\u00e1t, hanem a r\u00e9sztvev\u0151ket innovat\u00edv megold\u00e1sok keres\u00e9s\u00e9re \u00e9s a logisztikai \u00e9s rakt\u00e1roz\u00e1si \u00e1gazat j\u00f6v\u0151j\u00e9nek alak\u00edt\u00e1s\u00e1ra is \u00f6szt\u00f6n\u00f6zni k\u00edv\u00e1nja&#8221;.<\/em><\/h4>\n    \n\n    \n    <p>A Modern Rakt\u00e1rkongresszus \u00fajdons\u00e1ga lesz az <strong>\u00f6tletgazd\u00e1k \u00fcl\u00e9se &#8211;<\/strong> a tapasztalatcser\u00e9re \u00e9s az ipar\u00e1gi kih\u00edv\u00e1sok szak\u00e9rt\u0151kkel val\u00f3 k\u00f6z\u00f6s megold\u00e1s\u00e1ra kialak\u00edtott vitaf\u00f3rumok. A rendezv\u00e9nyen lehet\u0151s\u00e9g ny\u00edlik az \u00fczleti ismeretek megoszt\u00e1s\u00e1ra \u00e9s a h\u00e1l\u00f3zat\u00e9p\u00edt\u00e9sre is.<\/p>\n    \n\n    \n    <p>A mastermind \u00fcl\u00e9sek tervezett t\u00e9m\u00e1i a k\u00f6vetkez\u0151k:<\/p>\n    \n\n    \n    <ul class=\"wp-block-list\"><li>rakt\u00e1r automatiz\u00e1l\u00e1s,<\/li>\n      <li>rakt\u00e1rl\u00e9tes\u00edtm\u00e9nyekbe t\u00f6rt\u00e9n\u0151 beruh\u00e1z\u00e1sok,<\/li>\n      <li>t\u00e1rol\u00e1s &#8211; a r\u00e9sztvev\u0151k \u00e1ltal javasolt, ig\u00e9ny szerinti t\u00e9m\u00e1k,<\/li>\n      <li>rakt\u00e1ri informatikai rendszerek,<\/li>\n      <li>\u00e1ruk c\u00edmk\u00e9z\u00e9se \u00e9s nyomon k\u00f6vet\u00e9se,<\/li>\n      <li>rakt\u00e1rtechnol\u00f3gia \u00e9s bels\u0151 sz\u00e1ll\u00edt\u00e1s,<\/li>\n      <li>rakt\u00e1ri munkaer\u0151-gazd\u00e1lkod\u00e1s,<\/li>\n      <li><em>Szabad\u00edtsd fel az elm\u00e9det \u00fcl\u00e9s<\/em> &#8211; egy ny\u00edlt vitaf\u00f3rum a r\u00e9sztvev\u0151k sz\u00e1m\u00e1ra, akik gondolatokat cser\u00e9lnek, tapasztalatokat osztanak meg \u00e9s visszajelz\u00e9st kapnak.<\/li>\n    <\/ul>\n\n    \n    <p><strong>Helysz\u00edn:<\/strong><br\/>Novotel Warszawa rep\u00fcl\u0151t\u00e9r<br\/>1 Sierpnia 1, 02-134 Vars\u00f3<\/p>\n    \n\n    <div class=\"wp-block-image\">\n    <figure class=\"aligncenter size-large is-resized\"><img loading=\"lazy\" decoding=\"async\" width=\"1024\" height=\"683\" src=\"https:\/\/antersystem.com\/wp-content\/uploads\/Modern-Warehouse-Anter-System-2023-1024x683.png\" alt=\"Modern Rakt&#xE1;rkongresszus 2024 - Anter System\" class=\"wp-image-3567\" style=\"width:620px;height:auto\" srcset=\"https:\/\/antersystem.com\/wp-content\/uploads\/Modern-Warehouse-Anter-System-2023-1024x683.png 1024w, https:\/\/antersystem.com\/wp-content\/uploads\/Modern-Warehouse-Anter-System-2023-300x200.png 300w, https:\/\/antersystem.com\/wp-content\/uploads\/Modern-Warehouse-Anter-System-2023-768x512.png 768w, https:\/\/antersystem.com\/wp-content\/uploads\/Modern-Warehouse-Anter-System-2023-1536x1024.png 1536w, https:\/\/antersystem.com\/wp-content\/uploads\/Modern-Warehouse-Anter-System-2023-450x300.png 450w, https:\/\/antersystem.com\/wp-content\/uploads\/Modern-Warehouse-Anter-System-2023-330x220.png 330w, https:\/\/antersystem.com\/wp-content\/uploads\/Modern-Warehouse-Anter-System-2023.png 1800w\" sizes=\"auto, (max-width: 1024px) 100vw, 1024px\" \/><\/figure><\/div>\n  <\/div>\n  \n\n  \n  <div class=\"wp-block-column is-layout-flow wp-block-column-is-layout-flow\" style=\"flex-basis:10%\"><\/div>\n  \n<\/div>\n","protected":false},"excerpt":{"rendered":"<p>Modern rakt\u00e1r kongresszus A Modern Rakt\u00e1rkongresszus a Nowoczesny Magazyn magazin \u00e1ltal szervezett, az ipar\u00e1gi napt\u00e1rban m\u00e1r j\u00f3l bev\u00e1lt esem\u00e9ny. Ez az \u00e9v sem lesz m\u00e1sk\u00e9nt. Alig v\u00e1rjuk, hogy november 20-\u00e1n Vars\u00f3ban ism\u00e9t tal\u00e1lkozhassunk a logisztikai \u00e9s rakt\u00e1roz\u00e1si szakemberekkel . Az idei kiad\u00e1s sor\u00e1n az Anter System is jelen lesz! Ki\u00e1ll\u00edt\u00f3k\u00e9nt felk\u00e9sz\u00edtett\u00fcnk egy standot, ahol a [&hellip;]<\/p>\n","protected":false},"author":1,"featured_media":0,"parent":30300,"menu_order":0,"comment_status":"closed","ping_status":"closed","template":"","meta":{"inline_featured_image":false,"ngg_post_thumbnail":0,"footnotes":""},"class_list":["post-15484","page","type-page","status-publish","hentry"],"acf":[],"yoast_head":"<!-- This site is optimized with the Yoast SEO plugin v27.0 - https:\/\/yoast.com\/product\/yoast-seo-wordpress\/ -->\n<title>Congress Modern rakt\u00e1r - Anter System<\/title>\n<meta name=\"description\" content=\"A Nowoczesny Magazyn magazin \u00e1ltal szervezett Modern Rakt\u00e1rkongresszus rendszeresen szerepel az ipar\u00e1g esem\u00e9nynapt\u00e1r\u00e1ban, \u00e9s ez\u00fattal sem lesz ez m\u00e1sk\u00e9pp. Alig v\u00e1rjuk, hogy ism\u00e9t tal\u00e1lkozhassunk.\" \/>\n<meta name=\"robots\" content=\"index, follow, max-snippet:-1, max-image-preview:large, max-video-preview:-1\" \/>\n<link rel=\"canonical\" href=\"https:\/\/antersystem.com\/hu\/hirek\/congress-modern-warehouse\/\" \/>\n<meta property=\"og:locale\" content=\"hu_HU\" \/>\n<meta property=\"og:type\" content=\"article\" \/>\n<meta property=\"og:title\" content=\"Congress Modern rakt\u00e1r - Anter System\" \/>\n<meta property=\"og:description\" content=\"A Nowoczesny Magazyn magazin \u00e1ltal szervezett Modern Rakt\u00e1rkongresszus rendszeresen szerepel az ipar\u00e1g esem\u00e9nynapt\u00e1r\u00e1ban, \u00e9s ez\u00fattal sem lesz ez m\u00e1sk\u00e9pp. Alig v\u00e1rjuk, hogy ism\u00e9t tal\u00e1lkozhassunk.\" \/>\n<meta property=\"og:url\" content=\"https:\/\/antersystem.com\/hu\/hirek\/congress-modern-warehouse\/\" \/>\n<meta property=\"og:site_name\" content=\"Anter System\" \/>\n<meta property=\"article:modified_time\" content=\"2026-01-30T13:29:22+00:00\" \/>\n<meta property=\"og:image\" content=\"https:\/\/antersystem.com\/wp-content\/uploads\/Modern-Warehouse-Anter-System-2023-1024x683.png\" \/>\n<meta name=\"twitter:card\" content=\"summary_large_image\" \/>\n<meta name=\"twitter:label1\" content=\"Becs\u00fclt olvas\u00e1si id\u0151\" \/>\n\t<meta name=\"twitter:data1\" content=\"2 perc\" \/>\n<script type=\"application\/ld+json\" class=\"yoast-schema-graph\">{\"@context\":\"https:\/\/schema.org\",\"@graph\":[{\"@type\":\"WebPage\",\"@id\":\"https:\/\/antersystem.com\/hu\/hirek\/congress-modern-warehouse\/\",\"url\":\"https:\/\/antersystem.com\/hu\/hirek\/congress-modern-warehouse\/\",\"name\":\"Congress Modern rakt\u00e1r - Anter System\",\"isPartOf\":{\"@id\":\"https:\/\/antersystem.com\/hu\/#website\"},\"primaryImageOfPage\":{\"@id\":\"https:\/\/antersystem.com\/hu\/hirek\/congress-modern-warehouse\/#primaryimage\"},\"image\":{\"@id\":\"https:\/\/antersystem.com\/hu\/hirek\/congress-modern-warehouse\/#primaryimage\"},\"thumbnailUrl\":\"https:\/\/antersystem.com\/wp-content\/uploads\/Modern-Warehouse-Anter-System-2023-1024x683.png\",\"datePublished\":\"2023-11-16T14:30:28+00:00\",\"dateModified\":\"2026-01-30T13:29:22+00:00\",\"description\":\"A Nowoczesny Magazyn magazin \u00e1ltal szervezett Modern Rakt\u00e1rkongresszus rendszeresen szerepel az ipar\u00e1g esem\u00e9nynapt\u00e1r\u00e1ban, \u00e9s ez\u00fattal sem lesz ez m\u00e1sk\u00e9pp. Alig v\u00e1rjuk, hogy ism\u00e9t tal\u00e1lkozhassunk.\",\"breadcrumb\":{\"@id\":\"https:\/\/antersystem.com\/hu\/hirek\/congress-modern-warehouse\/#breadcrumb\"},\"inLanguage\":\"hu\",\"potentialAction\":[{\"@type\":\"ReadAction\",\"target\":[\"https:\/\/antersystem.com\/hu\/hirek\/congress-modern-warehouse\/\"]}]},{\"@type\":\"ImageObject\",\"inLanguage\":\"hu\",\"@id\":\"https:\/\/antersystem.com\/hu\/hirek\/congress-modern-warehouse\/#primaryimage\",\"url\":\"https:\/\/antersystem.com\/wp-content\/uploads\/Modern-Warehouse-Anter-System-2023-1024x683.png\",\"contentUrl\":\"https:\/\/antersystem.com\/wp-content\/uploads\/Modern-Warehouse-Anter-System-2023-1024x683.png\"},{\"@type\":\"BreadcrumbList\",\"@id\":\"https:\/\/antersystem.com\/hu\/hirek\/congress-modern-warehouse\/#breadcrumb\",\"itemListElement\":[{\"@type\":\"ListItem\",\"position\":1,\"name\":\"AnterSystem\",\"item\":\"https:\/\/antersystem.com\/hu\/\"},{\"@type\":\"ListItem\",\"position\":2,\"name\":\"H\u00edrek\",\"item\":\"https:\/\/antersystem.com\/hu\/hirek\/\"},{\"@type\":\"ListItem\",\"position\":3,\"name\":\"Congress Modern rakt\u00e1r\"}]},{\"@type\":\"WebSite\",\"@id\":\"https:\/\/antersystem.com\/hu\/#website\",\"url\":\"https:\/\/antersystem.com\/hu\/\",\"name\":\"Anter System\",\"description\":\"Jeste\u015bmy polskim producentem elastycznych barier ochronnych wykonywanych z polimerowych tworzyw sztucznych. Na rynku krajowym i zagranicznym dzia\u0142amy od ponad 15 lat dbaj\u0105c o zapewnienie bezpiecze\u0144stwa w zak\u0142adach produkcyjnych, magazynach oraz centrach logistycznych.\",\"potentialAction\":[{\"@type\":\"SearchAction\",\"target\":{\"@type\":\"EntryPoint\",\"urlTemplate\":\"https:\/\/antersystem.com\/hu\/?s={search_term_string}\"},\"query-input\":{\"@type\":\"PropertyValueSpecification\",\"valueRequired\":true,\"valueName\":\"search_term_string\"}}],\"inLanguage\":\"hu\"}]}<\/script>\n<!-- \/ Yoast SEO plugin. -->","yoast_head_json":{"title":"Congress Modern rakt\u00e1r - Anter System","description":"A Nowoczesny Magazyn magazin \u00e1ltal szervezett Modern Rakt\u00e1rkongresszus rendszeresen szerepel az ipar\u00e1g esem\u00e9nynapt\u00e1r\u00e1ban, \u00e9s ez\u00fattal sem lesz ez m\u00e1sk\u00e9pp. Alig v\u00e1rjuk, hogy ism\u00e9t tal\u00e1lkozhassunk.","robots":{"index":"index","follow":"follow","max-snippet":"max-snippet:-1","max-image-preview":"max-image-preview:large","max-video-preview":"max-video-preview:-1"},"canonical":"https:\/\/antersystem.com\/hu\/hirek\/congress-modern-warehouse\/","og_locale":"hu_HU","og_type":"article","og_title":"Congress Modern rakt\u00e1r - Anter System","og_description":"A Nowoczesny Magazyn magazin \u00e1ltal szervezett Modern Rakt\u00e1rkongresszus rendszeresen szerepel az ipar\u00e1g esem\u00e9nynapt\u00e1r\u00e1ban, \u00e9s ez\u00fattal sem lesz ez m\u00e1sk\u00e9pp. Alig v\u00e1rjuk, hogy ism\u00e9t tal\u00e1lkozhassunk.","og_url":"https:\/\/antersystem.com\/hu\/hirek\/congress-modern-warehouse\/","og_site_name":"Anter System","article_modified_time":"2026-01-30T13:29:22+00:00","og_image":[{"url":"https:\/\/antersystem.com\/wp-content\/uploads\/Modern-Warehouse-Anter-System-2023-1024x683.png","type":"","width":"","height":""}],"twitter_card":"summary_large_image","twitter_misc":{"Becs\u00fclt olvas\u00e1si id\u0151":"2 perc"},"schema":{"@context":"https:\/\/schema.org","@graph":[{"@type":"WebPage","@id":"https:\/\/antersystem.com\/hu\/hirek\/congress-modern-warehouse\/","url":"https:\/\/antersystem.com\/hu\/hirek\/congress-modern-warehouse\/","name":"Congress Modern rakt\u00e1r - Anter System","isPartOf":{"@id":"https:\/\/antersystem.com\/hu\/#website"},"primaryImageOfPage":{"@id":"https:\/\/antersystem.com\/hu\/hirek\/congress-modern-warehouse\/#primaryimage"},"image":{"@id":"https:\/\/antersystem.com\/hu\/hirek\/congress-modern-warehouse\/#primaryimage"},"thumbnailUrl":"https:\/\/antersystem.com\/wp-content\/uploads\/Modern-Warehouse-Anter-System-2023-1024x683.png","datePublished":"2023-11-16T14:30:28+00:00","dateModified":"2026-01-30T13:29:22+00:00","description":"A Nowoczesny Magazyn magazin \u00e1ltal szervezett Modern Rakt\u00e1rkongresszus rendszeresen szerepel az ipar\u00e1g esem\u00e9nynapt\u00e1r\u00e1ban, \u00e9s ez\u00fattal sem lesz ez m\u00e1sk\u00e9pp. Alig v\u00e1rjuk, hogy ism\u00e9t tal\u00e1lkozhassunk.","breadcrumb":{"@id":"https:\/\/antersystem.com\/hu\/hirek\/congress-modern-warehouse\/#breadcrumb"},"inLanguage":"hu","potentialAction":[{"@type":"ReadAction","target":["https:\/\/antersystem.com\/hu\/hirek\/congress-modern-warehouse\/"]}]},{"@type":"ImageObject","inLanguage":"hu","@id":"https:\/\/antersystem.com\/hu\/hirek\/congress-modern-warehouse\/#primaryimage","url":"https:\/\/antersystem.com\/wp-content\/uploads\/Modern-Warehouse-Anter-System-2023-1024x683.png","contentUrl":"https:\/\/antersystem.com\/wp-content\/uploads\/Modern-Warehouse-Anter-System-2023-1024x683.png"},{"@type":"BreadcrumbList","@id":"https:\/\/antersystem.com\/hu\/hirek\/congress-modern-warehouse\/#breadcrumb","itemListElement":[{"@type":"ListItem","position":1,"name":"AnterSystem","item":"https:\/\/antersystem.com\/hu\/"},{"@type":"ListItem","position":2,"name":"H\u00edrek","item":"https:\/\/antersystem.com\/hu\/hirek\/"},{"@type":"ListItem","position":3,"name":"Congress Modern rakt\u00e1r"}]},{"@type":"WebSite","@id":"https:\/\/antersystem.com\/hu\/#website","url":"https:\/\/antersystem.com\/hu\/","name":"Anter System","description":"Jeste\u015bmy polskim producentem elastycznych barier ochronnych wykonywanych z polimerowych tworzyw sztucznych. Na rynku krajowym i zagranicznym dzia\u0142amy od ponad 15 lat dbaj\u0105c o zapewnienie bezpiecze\u0144stwa w zak\u0142adach produkcyjnych, magazynach oraz centrach logistycznych.","potentialAction":[{"@type":"SearchAction","target":{"@type":"EntryPoint","urlTemplate":"https:\/\/antersystem.com\/hu\/?s={search_term_string}"},"query-input":{"@type":"PropertyValueSpecification","valueRequired":true,"valueName":"search_term_string"}}],"inLanguage":"hu"}]}},"_links":{"self":[{"href":"https:\/\/antersystem.com\/hu\/wp-json\/wp\/v2\/pages\/15484","targetHints":{"allow":["GET"]}}],"collection":[{"href":"https:\/\/antersystem.com\/hu\/wp-json\/wp\/v2\/pages"}],"about":[{"href":"https:\/\/antersystem.com\/hu\/wp-json\/wp\/v2\/types\/page"}],"author":[{"embeddable":true,"href":"https:\/\/antersystem.com\/hu\/wp-json\/wp\/v2\/users\/1"}],"replies":[{"embeddable":true,"href":"https:\/\/antersystem.com\/hu\/wp-json\/wp\/v2\/comments?post=15484"}],"version-history":[{"count":1,"href":"https:\/\/antersystem.com\/hu\/wp-json\/wp\/v2\/pages\/15484\/revisions"}],"predecessor-version":[{"id":15487,"href":"https:\/\/antersystem.com\/hu\/wp-json\/wp\/v2\/pages\/15484\/revisions\/15487"}],"up":[{"embeddable":true,"href":"https:\/\/antersystem.com\/hu\/wp-json\/wp\/v2\/pages\/30300"}],"wp:attachment":[{"href":"https:\/\/antersystem.com\/hu\/wp-json\/wp\/v2\/media?parent=15484"}],"curies":[{"name":"wp","href":"https:\/\/api.w.org\/{rel}","templated":true}]}}