{"id":15696,"date":"2023-10-20T11:06:59","date_gmt":"2023-10-20T09:06:59","guid":{"rendered":"https:\/\/new.antersystem.com\/ecovadis-2023-anter-system\/"},"modified":"2026-01-30T14:29:22","modified_gmt":"2026-01-30T13:29:22","slug":"ecovadis-2023-anter-system","status":"publish","type":"page","link":"https:\/\/antersystem.com\/hu\/hirek\/ecovadis-2023-anter-system\/","title":{"rendered":"EcoVadis Silver fenntarthat\u00f3s\u00e1gi tan\u00fas\u00edtv\u00e1ny"},"content":{"rendered":"\n<div class=\"wp-block-columns is-layout-flex wp-container-core-columns-is-layout-9d6595d7 wp-block-columns-is-layout-flex\">\n  \n  <div class=\"wp-block-column is-layout-flow wp-block-column-is-layout-flow\" style=\"flex-basis:10%\"><\/div>\n  \n\n  \n  <div class=\"wp-block-column is-layout-flow wp-block-column-is-layout-flow\">\n    \n    <h3 class=\"wp-block-heading\">Az \u00fczleti \u00e9letnek tisztelnie kell a k\u00f6rnyezetet!  <br\/>2023-ban megkaptuk az EcoVadis Silver fenntarthat\u00f3s\u00e1gi tan\u00fas\u00edtv\u00e1nyt.<\/h3>\n    \n\n    \n    <p>Ez nagy megtiszteltet\u00e9s, amely megkoron\u00e1zza a k\u00f6rnyezetv\u00e9delem \u00e9s a t\u00e1rsadalmi felel\u0151ss\u00e9gv\u00e1llal\u00e1s ter\u00e9n tett er\u0151fesz\u00edt\u00e9seinket. Ha tov\u00e1bbra is lakni akarjuk ezt a helyet, vil\u00e1gos \u00e9s tiszteletteljes kapcsolatot kell fenntartanunk a t\u00e1rsadalom, a term\u00e9szet \u00e9s annak kereskedelmi hasznos\u00edt\u00e1sa k\u00f6z\u00f6tt.<\/p>\n\n    <h4>EcoVadis tan\u00fas\u00edtv\u00e1ny &#8211; Mit jelent?<\/h4>\n    <p>Az EcoVadis tan\u00fas\u00edtv\u00e1ny meger\u0151s\u00edti, hogy egy v\u00e1llalat hat\u00e9konyan kezeli a <strong>CSR (v\u00e1llalati t\u00e1rsadalmi felel\u0151ss\u00e9gv\u00e1llal\u00e1s) \u00e9s ESG (<\/strong> <strong>k\u00f6rnyezeti, t\u00e1rsadalmi \u00e9s korm\u00e1nyz\u00e1si) gyakorlat\u00e1t.<\/strong>  A nemzetk\u00f6zi szabv\u00e1nyok alapj\u00e1n \u00e9rt\u00e9keli a teljes\u00edtm\u00e9nyt olyan ter\u00fcleteken, mint <strong>a munkajogok, a k\u00f6rnyezeti hat\u00e1sok, az etika, a fenntarthat\u00f3 beszerz\u00e9s \u00e9s az emberi jogok &#8211; 200 kateg\u00f3ri\u00e1ban<\/strong>.<\/p>\n\n    <p>Az EcoVadis technol\u00f3giai platformon kereszt\u00fcl t\u00f6bb szakter\u00fclet szak\u00e9rt\u0151ib\u0151l \u00e1ll\u00f3 glob\u00e1lis csapat \u00e9rt\u00e9keli a v\u00e1llalatokat egy \u00e1tfog\u00f3 fenntarthat\u00f3s\u00e1gi \u00e9rt\u00e9kel\u0151lap alapj\u00e1n.  <strong>Vil\u00e1gszerte csak a c\u00e9gek 25%-a kapja meg az Ez\u00fcst tan\u00fas\u00edtv\u00e1nyt, \u00e9s mi b\u00fcszk\u00e9k vagyunk arra, hogy k\u00f6z\u00e9j\u00fck tartozunk.<\/strong><\/p>\n\n    <p>Sikeresen elv\u00e9gezt\u00fck az \u00e9rt\u00e9kel\u00e9st, \u00e9s az EcoVadis m\u00f3dszertan\u00e1nak megfelel\u0151, er\u0151s ir\u00e1ny\u00edt\u00e1si rendszerr\u0151l tett\u00fcnk tan\u00fabizonys\u00e1got. A tan\u00fas\u00edt\u00e1s a k\u00f6vetkez\u0151 nemzetk\u00f6zi szabv\u00e1nyokat veszi figyelembe:<\/p>\n    <ul>\n      <li>Az ENSZ Glob\u00e1lis Meg\u00e1llapod\u00e1s h\u00e1l\u00f3zata<\/li>\n      <li>Glob\u00e1lis Jelent\u00e9sk\u00e9sz\u00edt\u00e9si Kezdem\u00e9nyez\u00e9s (GRI)<\/li>\n      <li>Nemzetk\u00f6zi Munka\u00fcgyi Szervezet (ILO) egyezm\u00e9nyek<\/li>\n      <li>ISO 26000 szabv\u00e1ny<\/li>\n      <li>Az ENSZ ir\u00e1nymutat\u00f3 elvei az \u00fczleti \u00e9letr\u0151l \u00e9s az emberi jogokr\u00f3l<\/li>\n      <li>CERES \u00fctemterv<\/li>\n    <\/ul>\n\n    <p><strong>K\u00f6sz\u00f6nj\u00fck minden munkat\u00e1rsunknak \u00e9s partner\u00fcnknek, hogy hozz\u00e1j\u00e1rultak e m\u00e9rf\u00f6ldk\u0151 el\u00e9r\u00e9s\u00e9hez.<\/strong><\/p>\n    <p>&nbsp;<\/p>\n    \n  <\/div>\n  \n\n  \n  <div class=\"wp-block-column is-layout-flow wp-block-column-is-layout-flow\" style=\"flex-basis:10%\"><\/div>\n  \n<\/div>\n<div class=\"wp-block-image\">\n<figure class=\"aligncenter size-full is-resized\"><img loading=\"lazy\" decoding=\"async\" width=\"720\" height=\"480\" src=\"https:\/\/antersystem.com\/wp-content\/uploads\/eco-vadis-111-eng-edited.jpg\" alt=\"EcoVadis Silver fenntarthat&#xF3;s&#xE1;gi tan&#xFA;s&#xED;tv&#xE1;ny 2023\" class=\"wp-image-3096\" style=\"aspect-ratio:1.5;object-fit:cover;width:504px;height:auto\" srcset=\"https:\/\/antersystem.com\/wp-content\/uploads\/eco-vadis-111-eng-edited.jpg 720w, https:\/\/antersystem.com\/wp-content\/uploads\/eco-vadis-111-eng-edited-300x200.jpg 300w, https:\/\/antersystem.com\/wp-content\/uploads\/eco-vadis-111-eng-edited-450x300.jpg 450w, https:\/\/antersystem.com\/wp-content\/uploads\/eco-vadis-111-eng-edited-330x220.jpg 330w\" sizes=\"auto, (max-width: 720px) 100vw, 720px\" \/><\/figure><\/div>","protected":false},"excerpt":{"rendered":"<p>Az \u00fczleti \u00e9letnek tisztelnie kell a k\u00f6rnyezetet! 2023-ban megkaptuk az EcoVadis Silver fenntarthat\u00f3s\u00e1gi tan\u00fas\u00edtv\u00e1nyt. Ez nagy megtiszteltet\u00e9s, amely megkoron\u00e1zza a k\u00f6rnyezetv\u00e9delem \u00e9s a t\u00e1rsadalmi felel\u0151ss\u00e9gv\u00e1llal\u00e1s ter\u00e9n tett er\u0151fesz\u00edt\u00e9seinket. Ha tov\u00e1bbra is lakni akarjuk ezt a helyet, vil\u00e1gos \u00e9s tiszteletteljes kapcsolatot kell fenntartanunk a t\u00e1rsadalom, a term\u00e9szet \u00e9s annak kereskedelmi hasznos\u00edt\u00e1sa k\u00f6z\u00f6tt. EcoVadis tan\u00fas\u00edtv\u00e1ny &#8211; Mit [&hellip;]<\/p>\n","protected":false},"author":1,"featured_media":0,"parent":30300,"menu_order":0,"comment_status":"closed","ping_status":"closed","template":"","meta":{"inline_featured_image":false,"ngg_post_thumbnail":0,"footnotes":""},"class_list":["post-15696","page","type-page","status-publish","hentry"],"acf":[],"yoast_head":"<!-- This site is optimized with the Yoast SEO plugin v27.0 - https:\/\/yoast.com\/product\/yoast-seo-wordpress\/ -->\n<title>EcoVadis Silver fenntarthat\u00f3s\u00e1gi tan\u00fas\u00edtv\u00e1ny - Anter System<\/title>\n<meta name=\"description\" content=\"Az \u00fczleti \u00e9letnek tisztelnie kell a k\u00f6rnyezetet! 2023-ban megkaptuk az EcoVadis Silver fenntarthat\u00f3s\u00e1gi tan\u00fas\u00edtv\u00e1nyt. Ez nagy megtiszteltet\u00e9s, amely\" \/>\n<meta name=\"robots\" content=\"index, follow, max-snippet:-1, max-image-preview:large, max-video-preview:-1\" \/>\n<link rel=\"canonical\" href=\"https:\/\/antersystem.com\/hu\/hirek\/ecovadis-2023-anter-system\/\" \/>\n<meta property=\"og:locale\" content=\"hu_HU\" \/>\n<meta property=\"og:type\" content=\"article\" \/>\n<meta property=\"og:title\" content=\"EcoVadis Silver fenntarthat\u00f3s\u00e1gi tan\u00fas\u00edtv\u00e1ny - Anter System\" \/>\n<meta property=\"og:description\" content=\"Az \u00fczleti \u00e9letnek tisztelnie kell a k\u00f6rnyezetet! 2023-ban megkaptuk az EcoVadis Silver fenntarthat\u00f3s\u00e1gi tan\u00fas\u00edtv\u00e1nyt. Ez nagy megtiszteltet\u00e9s, amely\" \/>\n<meta property=\"og:url\" content=\"https:\/\/antersystem.com\/hu\/hirek\/ecovadis-2023-anter-system\/\" \/>\n<meta property=\"og:site_name\" content=\"Anter System\" \/>\n<meta property=\"article:modified_time\" content=\"2026-01-30T13:29:22+00:00\" \/>\n<meta property=\"og:image\" content=\"https:\/\/antersystem.com\/wp-content\/uploads\/eco-vadis-111-eng-edited.jpg\" \/>\n<meta name=\"twitter:card\" content=\"summary_large_image\" \/>\n<meta name=\"twitter:label1\" content=\"Becs\u00fclt olvas\u00e1si id\u0151\" \/>\n\t<meta name=\"twitter:data1\" content=\"2 perc\" \/>\n<script type=\"application\/ld+json\" class=\"yoast-schema-graph\">{\"@context\":\"https:\/\/schema.org\",\"@graph\":[{\"@type\":\"WebPage\",\"@id\":\"https:\/\/antersystem.com\/hu\/hirek\/ecovadis-2023-anter-system\/\",\"url\":\"https:\/\/antersystem.com\/hu\/hirek\/ecovadis-2023-anter-system\/\",\"name\":\"EcoVadis Silver fenntarthat\u00f3s\u00e1gi tan\u00fas\u00edtv\u00e1ny - Anter System\",\"isPartOf\":{\"@id\":\"https:\/\/antersystem.com\/hu\/#website\"},\"primaryImageOfPage\":{\"@id\":\"https:\/\/antersystem.com\/hu\/hirek\/ecovadis-2023-anter-system\/#primaryimage\"},\"image\":{\"@id\":\"https:\/\/antersystem.com\/hu\/hirek\/ecovadis-2023-anter-system\/#primaryimage\"},\"thumbnailUrl\":\"https:\/\/antersystem.com\/wp-content\/uploads\/eco-vadis-111-eng-edited.jpg\",\"datePublished\":\"2023-10-20T09:06:59+00:00\",\"dateModified\":\"2026-01-30T13:29:22+00:00\",\"description\":\"Az \u00fczleti \u00e9letnek tisztelnie kell a k\u00f6rnyezetet! 2023-ban megkaptuk az EcoVadis Silver fenntarthat\u00f3s\u00e1gi tan\u00fas\u00edtv\u00e1nyt. Ez nagy megtiszteltet\u00e9s, amely\",\"breadcrumb\":{\"@id\":\"https:\/\/antersystem.com\/hu\/hirek\/ecovadis-2023-anter-system\/#breadcrumb\"},\"inLanguage\":\"hu\",\"potentialAction\":[{\"@type\":\"ReadAction\",\"target\":[\"https:\/\/antersystem.com\/hu\/hirek\/ecovadis-2023-anter-system\/\"]}]},{\"@type\":\"ImageObject\",\"inLanguage\":\"hu\",\"@id\":\"https:\/\/antersystem.com\/hu\/hirek\/ecovadis-2023-anter-system\/#primaryimage\",\"url\":\"https:\/\/antersystem.com\/wp-content\/uploads\/eco-vadis-111-eng-edited.jpg\",\"contentUrl\":\"https:\/\/antersystem.com\/wp-content\/uploads\/eco-vadis-111-eng-edited.jpg\"},{\"@type\":\"BreadcrumbList\",\"@id\":\"https:\/\/antersystem.com\/hu\/hirek\/ecovadis-2023-anter-system\/#breadcrumb\",\"itemListElement\":[{\"@type\":\"ListItem\",\"position\":1,\"name\":\"AnterSystem\",\"item\":\"https:\/\/antersystem.com\/hu\/\"},{\"@type\":\"ListItem\",\"position\":2,\"name\":\"H\u00edrek\",\"item\":\"https:\/\/antersystem.com\/hu\/hirek\/\"},{\"@type\":\"ListItem\",\"position\":3,\"name\":\"EcoVadis Silver fenntarthat\u00f3s\u00e1gi tan\u00fas\u00edtv\u00e1ny\"}]},{\"@type\":\"WebSite\",\"@id\":\"https:\/\/antersystem.com\/hu\/#website\",\"url\":\"https:\/\/antersystem.com\/hu\/\",\"name\":\"Anter System\",\"description\":\"Jeste\u015bmy polskim producentem elastycznych barier ochronnych wykonywanych z polimerowych tworzyw sztucznych. Na rynku krajowym i zagranicznym dzia\u0142amy od ponad 15 lat dbaj\u0105c o zapewnienie bezpiecze\u0144stwa w zak\u0142adach produkcyjnych, magazynach oraz centrach logistycznych.\",\"potentialAction\":[{\"@type\":\"SearchAction\",\"target\":{\"@type\":\"EntryPoint\",\"urlTemplate\":\"https:\/\/antersystem.com\/hu\/?s={search_term_string}\"},\"query-input\":{\"@type\":\"PropertyValueSpecification\",\"valueRequired\":true,\"valueName\":\"search_term_string\"}}],\"inLanguage\":\"hu\"}]}<\/script>\n<!-- \/ Yoast SEO plugin. -->","yoast_head_json":{"title":"EcoVadis Silver fenntarthat\u00f3s\u00e1gi tan\u00fas\u00edtv\u00e1ny - Anter System","description":"Az \u00fczleti \u00e9letnek tisztelnie kell a k\u00f6rnyezetet! 2023-ban megkaptuk az EcoVadis Silver fenntarthat\u00f3s\u00e1gi tan\u00fas\u00edtv\u00e1nyt. Ez nagy megtiszteltet\u00e9s, amely","robots":{"index":"index","follow":"follow","max-snippet":"max-snippet:-1","max-image-preview":"max-image-preview:large","max-video-preview":"max-video-preview:-1"},"canonical":"https:\/\/antersystem.com\/hu\/hirek\/ecovadis-2023-anter-system\/","og_locale":"hu_HU","og_type":"article","og_title":"EcoVadis Silver fenntarthat\u00f3s\u00e1gi tan\u00fas\u00edtv\u00e1ny - Anter System","og_description":"Az \u00fczleti \u00e9letnek tisztelnie kell a k\u00f6rnyezetet! 2023-ban megkaptuk az EcoVadis Silver fenntarthat\u00f3s\u00e1gi tan\u00fas\u00edtv\u00e1nyt. Ez nagy megtiszteltet\u00e9s, amely","og_url":"https:\/\/antersystem.com\/hu\/hirek\/ecovadis-2023-anter-system\/","og_site_name":"Anter System","article_modified_time":"2026-01-30T13:29:22+00:00","og_image":[{"url":"https:\/\/antersystem.com\/wp-content\/uploads\/eco-vadis-111-eng-edited.jpg","type":"","width":"","height":""}],"twitter_card":"summary_large_image","twitter_misc":{"Becs\u00fclt olvas\u00e1si id\u0151":"2 perc"},"schema":{"@context":"https:\/\/schema.org","@graph":[{"@type":"WebPage","@id":"https:\/\/antersystem.com\/hu\/hirek\/ecovadis-2023-anter-system\/","url":"https:\/\/antersystem.com\/hu\/hirek\/ecovadis-2023-anter-system\/","name":"EcoVadis Silver fenntarthat\u00f3s\u00e1gi tan\u00fas\u00edtv\u00e1ny - Anter System","isPartOf":{"@id":"https:\/\/antersystem.com\/hu\/#website"},"primaryImageOfPage":{"@id":"https:\/\/antersystem.com\/hu\/hirek\/ecovadis-2023-anter-system\/#primaryimage"},"image":{"@id":"https:\/\/antersystem.com\/hu\/hirek\/ecovadis-2023-anter-system\/#primaryimage"},"thumbnailUrl":"https:\/\/antersystem.com\/wp-content\/uploads\/eco-vadis-111-eng-edited.jpg","datePublished":"2023-10-20T09:06:59+00:00","dateModified":"2026-01-30T13:29:22+00:00","description":"Az \u00fczleti \u00e9letnek tisztelnie kell a k\u00f6rnyezetet! 2023-ban megkaptuk az EcoVadis Silver fenntarthat\u00f3s\u00e1gi tan\u00fas\u00edtv\u00e1nyt. Ez nagy megtiszteltet\u00e9s, amely","breadcrumb":{"@id":"https:\/\/antersystem.com\/hu\/hirek\/ecovadis-2023-anter-system\/#breadcrumb"},"inLanguage":"hu","potentialAction":[{"@type":"ReadAction","target":["https:\/\/antersystem.com\/hu\/hirek\/ecovadis-2023-anter-system\/"]}]},{"@type":"ImageObject","inLanguage":"hu","@id":"https:\/\/antersystem.com\/hu\/hirek\/ecovadis-2023-anter-system\/#primaryimage","url":"https:\/\/antersystem.com\/wp-content\/uploads\/eco-vadis-111-eng-edited.jpg","contentUrl":"https:\/\/antersystem.com\/wp-content\/uploads\/eco-vadis-111-eng-edited.jpg"},{"@type":"BreadcrumbList","@id":"https:\/\/antersystem.com\/hu\/hirek\/ecovadis-2023-anter-system\/#breadcrumb","itemListElement":[{"@type":"ListItem","position":1,"name":"AnterSystem","item":"https:\/\/antersystem.com\/hu\/"},{"@type":"ListItem","position":2,"name":"H\u00edrek","item":"https:\/\/antersystem.com\/hu\/hirek\/"},{"@type":"ListItem","position":3,"name":"EcoVadis Silver fenntarthat\u00f3s\u00e1gi tan\u00fas\u00edtv\u00e1ny"}]},{"@type":"WebSite","@id":"https:\/\/antersystem.com\/hu\/#website","url":"https:\/\/antersystem.com\/hu\/","name":"Anter System","description":"Jeste\u015bmy polskim producentem elastycznych barier ochronnych wykonywanych z polimerowych tworzyw sztucznych. Na rynku krajowym i zagranicznym dzia\u0142amy od ponad 15 lat dbaj\u0105c o zapewnienie bezpiecze\u0144stwa w zak\u0142adach produkcyjnych, magazynach oraz centrach logistycznych.","potentialAction":[{"@type":"SearchAction","target":{"@type":"EntryPoint","urlTemplate":"https:\/\/antersystem.com\/hu\/?s={search_term_string}"},"query-input":{"@type":"PropertyValueSpecification","valueRequired":true,"valueName":"search_term_string"}}],"inLanguage":"hu"}]}},"_links":{"self":[{"href":"https:\/\/antersystem.com\/hu\/wp-json\/wp\/v2\/pages\/15696","targetHints":{"allow":["GET"]}}],"collection":[{"href":"https:\/\/antersystem.com\/hu\/wp-json\/wp\/v2\/pages"}],"about":[{"href":"https:\/\/antersystem.com\/hu\/wp-json\/wp\/v2\/types\/page"}],"author":[{"embeddable":true,"href":"https:\/\/antersystem.com\/hu\/wp-json\/wp\/v2\/users\/1"}],"replies":[{"embeddable":true,"href":"https:\/\/antersystem.com\/hu\/wp-json\/wp\/v2\/comments?post=15696"}],"version-history":[{"count":1,"href":"https:\/\/antersystem.com\/hu\/wp-json\/wp\/v2\/pages\/15696\/revisions"}],"predecessor-version":[{"id":15699,"href":"https:\/\/antersystem.com\/hu\/wp-json\/wp\/v2\/pages\/15696\/revisions\/15699"}],"up":[{"embeddable":true,"href":"https:\/\/antersystem.com\/hu\/wp-json\/wp\/v2\/pages\/30300"}],"wp:attachment":[{"href":"https:\/\/antersystem.com\/hu\/wp-json\/wp\/v2\/media?parent=15696"}],"curies":[{"name":"wp","href":"https:\/\/api.w.org\/{rel}","templated":true}]}}