{"id":15748,"date":"2024-05-28T10:54:04","date_gmt":"2024-05-28T08:54:04","guid":{"rendered":"https:\/\/new.antersystem.com\/modernlog24\/"},"modified":"2026-01-30T14:29:22","modified_gmt":"2026-01-30T13:29:22","slug":"modernlog24","status":"publish","type":"page","link":"https:\/\/antersystem.com\/hu\/hirek\/modernlog24\/","title":{"rendered":"MODERNLOG&#8217;24"},"content":{"rendered":"\n<div class=\"wp-block-columns is-layout-flex wp-container-core-columns-is-layout-9d6595d7 wp-block-columns-is-layout-flex\">\n<div class=\"wp-block-column is-layout-flow wp-block-column-is-layout-flow\" style=\"flex-basis:10%\"><\/div>\n\n\n\n<div class=\"wp-block-column is-layout-flow wp-block-column-is-layout-flow\">\n<h2 class=\"wp-block-heading\">Anter System &#8211; Az IN4LOG technol\u00f3giai partnere<\/h2>\n\n\n\n<h2 class=\"wp-block-heading\"><br\/>A Modernlog szakv\u00e1s\u00e1r 2024. j\u00fanius 4-7. k\u00f6z\u00f6tt ker\u00fcl megrendez\u00e9sre a pozna\u0144i nemzetk\u00f6zi v\u00e1s\u00e1rcsarnokban, a 7., 7A, 8. \u00e9s 8A pavilonban.<\/h2>\n\n\n\n<p>J\u00fanius eleje izgalmasnak \u00edg\u00e9rkezik a Pozna\u0144i Nemzetk\u00f6zi V\u00e1s\u00e1rk\u00f6zpontban. <strong>Modernlog \u00e9s<\/strong> az <strong>Intelligens rakt\u00e1rak konferenci\u00e1t<\/strong> <strong>az ITM Industry Europe<\/strong> mellett <strong>tartj\u00e1k<\/strong> <strong>&#8211;<\/strong> ez egy nagyszab\u00e1s\u00fa v\u00e1s\u00e1r, amely a lengyel \u00e9s a glob\u00e1lis ipar eredm\u00e9nyeit mutatja be. A k\u00eds\u00e9r\u0151 rendezv\u00e9nyek k\u00f6z\u00f6tt szerepel az <strong>alv\u00e1llalkoz\u00f3i ipari egy\u00fcttm\u0171k\u00f6d\u00e9si v\u00e1s\u00e1r<\/strong> is <strong>.<\/strong> <a href=\"https:\/\/modernlog.pl\/pl\/aktualnosci\/wieksze-potrzeby-wieksza-powierzchnia-targi-modernlog-i-konferencja-smart-warehouse-z-nowa-lokalizacja\/\">Tov\u00e1bbi inform\u00e1ci\u00f3k a szervez\u0151 honlapj\u00e1n tal\u00e1lhat\u00f3k.<\/a> A r\u00e9szv\u00e9telt tervez\u0151 l\u00e1togat\u00f3knak mindenk\u00e9ppen gondosan meg kell tervezni\u00fck az \u00fatvonalukat!<\/p>\n\n\n\n<p>Most pedig vissza a Modernloghoz. A <strong>logisztikai, rakt\u00e1roz\u00e1si \u00e9s sz\u00e1ll\u00edt\u00e1si szakv\u00e1s\u00e1r egyik<\/strong> f\u0151 attrakci\u00f3ja az <strong>In4Log z\u00f3n\u00e1ban<\/strong> <strong>a<\/strong> technol\u00f3giai partnerekkel egy\u00fcttm\u0171k\u00f6d\u00e9sben <strong>szervezett<\/strong> \u00e9l\u0151 <strong>g\u00e9pbemutat\u00f3k<\/strong> <strong>.<\/strong> <strong>Itt tal\u00e1l meg minket &#8211; rugalmas biztons\u00e1gi korl\u00e1tjainkat bemutatva.<\/strong> A z\u00f3na \u00e9s a konferencia technol\u00f3giai partnerek\u00e9nt az Anter <strong>System<\/strong> biztons\u00e1gi rendszereket <strong>biztos\u00edt<\/strong> az In4Log ter\u00fcletre. Az itt folyamatosan ismertetett v\u00e9delmi megold\u00e1sok k\u00f6z\u00fcl sokan a helysz\u00ednen is rendelkez\u00e9sre \u00e1llnak majd a gyakorlati tapasztalatszerz\u00e9shez.<\/p>\n\n\n\n<h3 class=\"wp-block-heading\">Optimaliz\u00e1l\u00e1s akci\u00f3ban<\/h3>\n\n\n\n<p><strong>Az In4Log az<\/strong> intralogisztikai folyamatok \u00e9l\u0151 bemutat\u00e1sa, a rakt\u00e1ri \u00e9s logisztikai k\u00f6rnyezetek kritikus m\u0171veleteinek \u00fajrateremt\u00e9se. Ez a t\u00f6k\u00e9letes hely arra, hogy \u00faj szemsz\u00f6gb\u0151l tekintse jelenlegi berendez\u00e9seit, \u00e9s a jobb er\u0151forr\u00e1s-felhaszn\u00e1l\u00e1s r\u00e9v\u00e9n nagyobb termel\u00e9kenys\u00e9get \u00e9rjen el. A j\u00f3 gyakorlatok \u00e9s a t\u00e1mogat\u00f3 term\u00e9kek kreat\u00edvabb logisztikai megk\u00f6zel\u00edt\u00e9sre \u00f6szt\u00f6n\u00f6zhetnek. A bemutat\u00f3kra a rendezv\u00e9ny minden napj\u00e1n sor ker\u00fcl.<\/p>\n\n\n\n<h3 class=\"wp-block-heading\">J\u00f6v\u0151beli technol\u00f3gi\u00e1k a logisztik\u00e1ban<\/h3>\n\n\n\n<p>Az idei Modernlog tele van tud\u00e1ssal. A l\u00e1togat\u00f3kat megh\u00edvj\u00e1k az <strong>intelligens rakt\u00e1rak konferenci\u00e1j\u00e1ra,<\/strong> amely gyakorlati esettanulm\u00e1nyokat, <strong>a<\/strong> logisztika <strong>4.0-ba<\/strong> val\u00f3 betekint\u00e9st <strong>\u00e9s<\/strong> a j\u00f6v\u0151 rakt\u00e1rainak <strong>modern megold\u00e1sait<\/strong> mutatja be <strong>.<\/strong> A program olyan tematikus paneleket tartalmaz, mint:<\/p>\n\n\n\n<ul>\n<li>A j\u00f6v\u0151 logisztik\u00e1j\u00e1nak kih\u00edv\u00e1saival szemben\u00e9z\u0151 vezet\u0151k<\/li>\n<li>Digitaliz\u00e1ci\u00f3 \u00e9s IoT &#8211; rakt\u00e1ri folyamatok t\u00e1mogat\u00e1sa<\/li>\n<li>Intelligens rakt\u00e1rak &#8211; automatiz\u00e1l\u00e1s \u00e9s \u00e1talakul\u00e1s<\/li>\n<li>Robotok \u00e9s j\u00f6v\u0151beli technol\u00f3gi\u00e1k<\/li>\n<li>E-kereskedelmi teljes\u00edt\u00e9s &#8211; n\u00f6vekv\u0151 ig\u00e9nyek, \u00faj kih\u00edv\u00e1sok<\/li>\n<\/ul>\n\n\n\n<p>A mesters\u00e9ges intelligencia munkahelyi hat\u00e1sa ir\u00e1nt \u00e9rdekl\u0151d\u0151k sz\u00e1m\u00e1ra k\u00fcl\u00f6n\u00f6sen \u00e9rdekes az el\u0151ad\u00e1s: <em>&#8222;\u00c9rtelem \u00e9s \u00e9rtelmetlens\u00e9g k\u00f6z\u00f6tt &#8211; Hogyan v\u00e1ltoztatja meg a technol\u00f3giai fejl\u0151d\u00e9s a munkatapasztalatunkat&#8221; (<\/em> 1. <em>nap<\/em>, el\u0151ad\u00f3: Bart\u0142omiej Brach).<\/p>\n\n\n\n<p><strong>Rugalmas akad\u00e1lyaink<\/strong> k\u00f6zvetlen v\u00e1laszt <strong>adnak<\/strong> a gyorsan fejl\u0151d\u0151, technol\u00f3gia \u00e1ltal vez\u00e9relt vil\u00e1g kih\u00edv\u00e1saira. Lehet\u0151v\u00e9 teszik a v\u00e1ltoz\u00f3 m\u0171k\u00f6d\u00e9si felt\u00e9telekhez val\u00f3 dinamikus alkalmazkod\u00e1st, egyszerre ny\u00fajtanak vez\u00e9rl\u00e9st \u00e9s v\u00e9delmet, mik\u00f6zben lehet\u0151v\u00e9 teszik az automatiz\u00e1l\u00e1s el\u0151nyeinek kibontakoztat\u00e1s\u00e1t.<\/p>\n\n\n\n<p>Megh\u00edvjuk \u00d6nt, hogy fedezze fel a rugalmas korl\u00e1tok el\u0151nyeit &#8211; a sok innovat\u00edv funkci\u00f3val rendelkez\u0151 term\u00e9kek m\u00e9g felfedez\u00e9sre v\u00e1rnak. Bemutatjuk <strong>az Anter System d\u00edjnyertes innov\u00e1ci\u00f3it<\/strong> is <strong>,<\/strong> amelyeket jelent\u0151s ipar\u00e1gi versenyeken <strong>ismertek el<\/strong>. <strong>Sz\u00e1m\u00edtson szak\u00e9rt\u0151i tan\u00e1csad\u00e1sra \u00e9s egy mag\u00e1val ragad\u00f3, gyakorlatias \u00e9lm\u00e9nyre.<\/strong> \u00c9s azok sz\u00e1m\u00e1ra, akik l\u00e1tni szeretn\u00e9k, mi v\u00e1r r\u00e1juk &#8211; itt a mi <strong><a href=\"https:\/\/antersystem.com\/wiedza-i-nowosci\/modernlog-targi-logistyki-magazynowania-i-transportu\/\">\u00f6sszefoglal\u00f3 az el\u0151z\u0151 kiad\u00e1sr\u00f3l.<\/a><\/strong><\/p>\n\n\n\n<p>Hamarosan tal\u00e1lkozunk a <strong>Modernlog 2024<\/strong> &#8211; <strong>en!<\/strong> Fedezze fel, hogy az Anter System megold\u00e1sai hogyan alak\u00edthatj\u00e1k \u00e1t az \u00d6n v\u00e1llalkoz\u00e1s\u00e1t: <strong>7A pavilon, 44. stand.<\/strong><\/p>\n\n\n\n<p>Esem\u00e9ny link: <strong><a href=\"https:\/\/modernlog.pl\/pl\/\">Modernlog<\/a><\/strong><\/p>\n\n\n\n<p><strong>#Modernlog #tradeshow #biztons\u00e1g #OHS #flexibilis korl\u00e1tok #hajl\u00e9kony korl\u00e1tok<\/strong><\/p>\n<\/div>\n\n\n\n<div class=\"wp-block-column is-layout-flow wp-block-column-is-layout-flow\" style=\"flex-basis:10%\"><\/div>\n<\/div>\n<div class=\"wp-block-image\">\n<figure class=\"aligncenter size-large is-resized\"><img loading=\"lazy\" decoding=\"async\" width=\"1024\" height=\"535\" src=\"https:\/\/antersystem.com\/wp-content\/uploads\/ZAJAWKA-MODERNLOG-1024x535.webp\" alt=\"Anter System a Modernlog 2024-en\" class=\"wp-image-4733\" style=\"width:720px;height:auto\" srcset=\"https:\/\/antersystem.com\/wp-content\/uploads\/ZAJAWKA-MODERNLOG-1024x535.webp 1024w, https:\/\/antersystem.com\/wp-content\/uploads\/ZAJAWKA-MODERNLOG-300x157.webp 300w, https:\/\/antersystem.com\/wp-content\/uploads\/ZAJAWKA-MODERNLOG-768x401.webp 768w, https:\/\/antersystem.com\/wp-content\/uploads\/ZAJAWKA-MODERNLOG-450x235.webp 450w, https:\/\/antersystem.com\/wp-content\/uploads\/ZAJAWKA-MODERNLOG-330x172.webp 330w, https:\/\/antersystem.com\/wp-content\/uploads\/ZAJAWKA-MODERNLOG.webp 1200w\" sizes=\"auto, (max-width: 1024px) 100vw, 1024px\" \/><\/figure><\/div>","protected":false},"excerpt":{"rendered":"<p>Anter System &#8211; Az IN4LOG technol\u00f3giai partnere A Modernlog szakv\u00e1s\u00e1r 2024. j\u00fanius 4-7. k\u00f6z\u00f6tt ker\u00fcl megrendez\u00e9sre a pozna\u0144i nemzetk\u00f6zi v\u00e1s\u00e1rcsarnokban, a 7., 7A, 8. \u00e9s 8A pavilonban. J\u00fanius eleje izgalmasnak \u00edg\u00e9rkezik a Pozna\u0144i Nemzetk\u00f6zi V\u00e1s\u00e1rk\u00f6zpontban. Modernlog \u00e9s az Intelligens rakt\u00e1rak konferenci\u00e1t az ITM Industry Europe mellett tartj\u00e1k &#8211; ez egy nagyszab\u00e1s\u00fa v\u00e1s\u00e1r, amely a lengyel [&hellip;]<\/p>\n","protected":false},"author":1,"featured_media":0,"parent":30300,"menu_order":0,"comment_status":"closed","ping_status":"closed","template":"","meta":{"inline_featured_image":false,"ngg_post_thumbnail":0,"footnotes":""},"class_list":["post-15748","page","type-page","status-publish","hentry"],"acf":[],"yoast_head":"<!-- This site is optimized with the Yoast SEO plugin v27.0 - https:\/\/yoast.com\/product\/yoast-seo-wordpress\/ -->\n<title>MODERNLOG&#039;24 - Anter System<\/title>\n<meta name=\"description\" content=\"Targi Modernlog potrwaj\u0105 od 4 do 7 czerwca&#039;24 na terenie Mi\u0119dzynarodowych Targ\u00f3w Pozna\u0144skich. Anter System zabezpieczy tam stref\u0119 In4Log.\" \/>\n<meta name=\"robots\" content=\"index, follow, max-snippet:-1, max-image-preview:large, max-video-preview:-1\" \/>\n<link rel=\"canonical\" href=\"https:\/\/antersystem.com\/hu\/hirek\/modernlog24\/\" \/>\n<meta property=\"og:locale\" content=\"hu_HU\" \/>\n<meta property=\"og:type\" content=\"article\" \/>\n<meta property=\"og:title\" content=\"MODERNLOG&#039;24 - Anter System\" \/>\n<meta property=\"og:description\" content=\"Targi Modernlog potrwaj\u0105 od 4 do 7 czerwca&#039;24 na terenie Mi\u0119dzynarodowych Targ\u00f3w Pozna\u0144skich. Anter System zabezpieczy tam stref\u0119 In4Log.\" \/>\n<meta property=\"og:url\" content=\"https:\/\/antersystem.com\/hu\/hirek\/modernlog24\/\" \/>\n<meta property=\"og:site_name\" content=\"Anter System\" \/>\n<meta property=\"article:modified_time\" content=\"2026-01-30T13:29:22+00:00\" \/>\n<meta property=\"og:image\" content=\"https:\/\/antersystem.com\/wp-content\/uploads\/ZAJAWKA-MODERNLOG-1024x535.webp\" \/>\n<meta name=\"twitter:card\" content=\"summary_large_image\" \/>\n<meta name=\"twitter:label1\" content=\"Becs\u00fclt olvas\u00e1si id\u0151\" \/>\n\t<meta name=\"twitter:data1\" content=\"3 perc\" \/>\n<script type=\"application\/ld+json\" class=\"yoast-schema-graph\">{\"@context\":\"https:\/\/schema.org\",\"@graph\":[{\"@type\":\"WebPage\",\"@id\":\"https:\/\/antersystem.com\/hu\/hirek\/modernlog24\/\",\"url\":\"https:\/\/antersystem.com\/hu\/hirek\/modernlog24\/\",\"name\":\"MODERNLOG'24 - Anter System\",\"isPartOf\":{\"@id\":\"https:\/\/antersystem.com\/hu\/#website\"},\"primaryImageOfPage\":{\"@id\":\"https:\/\/antersystem.com\/hu\/hirek\/modernlog24\/#primaryimage\"},\"image\":{\"@id\":\"https:\/\/antersystem.com\/hu\/hirek\/modernlog24\/#primaryimage\"},\"thumbnailUrl\":\"https:\/\/antersystem.com\/wp-content\/uploads\/ZAJAWKA-MODERNLOG-1024x535.webp\",\"datePublished\":\"2024-05-28T08:54:04+00:00\",\"dateModified\":\"2026-01-30T13:29:22+00:00\",\"description\":\"Targi Modernlog potrwaj\u0105 od 4 do 7 czerwca'24 na terenie Mi\u0119dzynarodowych Targ\u00f3w Pozna\u0144skich. Anter System zabezpieczy tam stref\u0119 In4Log.\",\"breadcrumb\":{\"@id\":\"https:\/\/antersystem.com\/hu\/hirek\/modernlog24\/#breadcrumb\"},\"inLanguage\":\"hu\",\"potentialAction\":[{\"@type\":\"ReadAction\",\"target\":[\"https:\/\/antersystem.com\/hu\/hirek\/modernlog24\/\"]}]},{\"@type\":\"ImageObject\",\"inLanguage\":\"hu\",\"@id\":\"https:\/\/antersystem.com\/hu\/hirek\/modernlog24\/#primaryimage\",\"url\":\"https:\/\/antersystem.com\/wp-content\/uploads\/ZAJAWKA-MODERNLOG-1024x535.webp\",\"contentUrl\":\"https:\/\/antersystem.com\/wp-content\/uploads\/ZAJAWKA-MODERNLOG-1024x535.webp\"},{\"@type\":\"BreadcrumbList\",\"@id\":\"https:\/\/antersystem.com\/hu\/hirek\/modernlog24\/#breadcrumb\",\"itemListElement\":[{\"@type\":\"ListItem\",\"position\":1,\"name\":\"AnterSystem\",\"item\":\"https:\/\/antersystem.com\/hu\/\"},{\"@type\":\"ListItem\",\"position\":2,\"name\":\"H\u00edrek\",\"item\":\"https:\/\/antersystem.com\/hu\/hirek\/\"},{\"@type\":\"ListItem\",\"position\":3,\"name\":\"MODERNLOG&#8217;24\"}]},{\"@type\":\"WebSite\",\"@id\":\"https:\/\/antersystem.com\/hu\/#website\",\"url\":\"https:\/\/antersystem.com\/hu\/\",\"name\":\"Anter System\",\"description\":\"Jeste\u015bmy polskim producentem elastycznych barier ochronnych wykonywanych z polimerowych tworzyw sztucznych. Na rynku krajowym i zagranicznym dzia\u0142amy od ponad 15 lat dbaj\u0105c o zapewnienie bezpiecze\u0144stwa w zak\u0142adach produkcyjnych, magazynach oraz centrach logistycznych.\",\"potentialAction\":[{\"@type\":\"SearchAction\",\"target\":{\"@type\":\"EntryPoint\",\"urlTemplate\":\"https:\/\/antersystem.com\/hu\/?s={search_term_string}\"},\"query-input\":{\"@type\":\"PropertyValueSpecification\",\"valueRequired\":true,\"valueName\":\"search_term_string\"}}],\"inLanguage\":\"hu\"}]}<\/script>\n<!-- \/ Yoast SEO plugin. -->","yoast_head_json":{"title":"MODERNLOG'24 - Anter System","description":"Targi Modernlog potrwaj\u0105 od 4 do 7 czerwca'24 na terenie Mi\u0119dzynarodowych Targ\u00f3w Pozna\u0144skich. Anter System zabezpieczy tam stref\u0119 In4Log.","robots":{"index":"index","follow":"follow","max-snippet":"max-snippet:-1","max-image-preview":"max-image-preview:large","max-video-preview":"max-video-preview:-1"},"canonical":"https:\/\/antersystem.com\/hu\/hirek\/modernlog24\/","og_locale":"hu_HU","og_type":"article","og_title":"MODERNLOG'24 - Anter System","og_description":"Targi Modernlog potrwaj\u0105 od 4 do 7 czerwca'24 na terenie Mi\u0119dzynarodowych Targ\u00f3w Pozna\u0144skich. Anter System zabezpieczy tam stref\u0119 In4Log.","og_url":"https:\/\/antersystem.com\/hu\/hirek\/modernlog24\/","og_site_name":"Anter System","article_modified_time":"2026-01-30T13:29:22+00:00","og_image":[{"url":"https:\/\/antersystem.com\/wp-content\/uploads\/ZAJAWKA-MODERNLOG-1024x535.webp","type":"","width":"","height":""}],"twitter_card":"summary_large_image","twitter_misc":{"Becs\u00fclt olvas\u00e1si id\u0151":"3 perc"},"schema":{"@context":"https:\/\/schema.org","@graph":[{"@type":"WebPage","@id":"https:\/\/antersystem.com\/hu\/hirek\/modernlog24\/","url":"https:\/\/antersystem.com\/hu\/hirek\/modernlog24\/","name":"MODERNLOG'24 - Anter System","isPartOf":{"@id":"https:\/\/antersystem.com\/hu\/#website"},"primaryImageOfPage":{"@id":"https:\/\/antersystem.com\/hu\/hirek\/modernlog24\/#primaryimage"},"image":{"@id":"https:\/\/antersystem.com\/hu\/hirek\/modernlog24\/#primaryimage"},"thumbnailUrl":"https:\/\/antersystem.com\/wp-content\/uploads\/ZAJAWKA-MODERNLOG-1024x535.webp","datePublished":"2024-05-28T08:54:04+00:00","dateModified":"2026-01-30T13:29:22+00:00","description":"Targi Modernlog potrwaj\u0105 od 4 do 7 czerwca'24 na terenie Mi\u0119dzynarodowych Targ\u00f3w Pozna\u0144skich. Anter System zabezpieczy tam stref\u0119 In4Log.","breadcrumb":{"@id":"https:\/\/antersystem.com\/hu\/hirek\/modernlog24\/#breadcrumb"},"inLanguage":"hu","potentialAction":[{"@type":"ReadAction","target":["https:\/\/antersystem.com\/hu\/hirek\/modernlog24\/"]}]},{"@type":"ImageObject","inLanguage":"hu","@id":"https:\/\/antersystem.com\/hu\/hirek\/modernlog24\/#primaryimage","url":"https:\/\/antersystem.com\/wp-content\/uploads\/ZAJAWKA-MODERNLOG-1024x535.webp","contentUrl":"https:\/\/antersystem.com\/wp-content\/uploads\/ZAJAWKA-MODERNLOG-1024x535.webp"},{"@type":"BreadcrumbList","@id":"https:\/\/antersystem.com\/hu\/hirek\/modernlog24\/#breadcrumb","itemListElement":[{"@type":"ListItem","position":1,"name":"AnterSystem","item":"https:\/\/antersystem.com\/hu\/"},{"@type":"ListItem","position":2,"name":"H\u00edrek","item":"https:\/\/antersystem.com\/hu\/hirek\/"},{"@type":"ListItem","position":3,"name":"MODERNLOG&#8217;24"}]},{"@type":"WebSite","@id":"https:\/\/antersystem.com\/hu\/#website","url":"https:\/\/antersystem.com\/hu\/","name":"Anter System","description":"Jeste\u015bmy polskim producentem elastycznych barier ochronnych wykonywanych z polimerowych tworzyw sztucznych. Na rynku krajowym i zagranicznym dzia\u0142amy od ponad 15 lat dbaj\u0105c o zapewnienie bezpiecze\u0144stwa w zak\u0142adach produkcyjnych, magazynach oraz centrach logistycznych.","potentialAction":[{"@type":"SearchAction","target":{"@type":"EntryPoint","urlTemplate":"https:\/\/antersystem.com\/hu\/?s={search_term_string}"},"query-input":{"@type":"PropertyValueSpecification","valueRequired":true,"valueName":"search_term_string"}}],"inLanguage":"hu"}]}},"_links":{"self":[{"href":"https:\/\/antersystem.com\/hu\/wp-json\/wp\/v2\/pages\/15748","targetHints":{"allow":["GET"]}}],"collection":[{"href":"https:\/\/antersystem.com\/hu\/wp-json\/wp\/v2\/pages"}],"about":[{"href":"https:\/\/antersystem.com\/hu\/wp-json\/wp\/v2\/types\/page"}],"author":[{"embeddable":true,"href":"https:\/\/antersystem.com\/hu\/wp-json\/wp\/v2\/users\/1"}],"replies":[{"embeddable":true,"href":"https:\/\/antersystem.com\/hu\/wp-json\/wp\/v2\/comments?post=15748"}],"version-history":[{"count":1,"href":"https:\/\/antersystem.com\/hu\/wp-json\/wp\/v2\/pages\/15748\/revisions"}],"predecessor-version":[{"id":15751,"href":"https:\/\/antersystem.com\/hu\/wp-json\/wp\/v2\/pages\/15748\/revisions\/15751"}],"up":[{"embeddable":true,"href":"https:\/\/antersystem.com\/hu\/wp-json\/wp\/v2\/pages\/30300"}],"wp:attachment":[{"href":"https:\/\/antersystem.com\/hu\/wp-json\/wp\/v2\/media?parent=15748"}],"curies":[{"name":"wp","href":"https:\/\/api.w.org\/{rel}","templated":true}]}}