{"id":30233,"date":"2024-01-05T12:14:14","date_gmt":"2024-01-05T11:14:14","guid":{"rendered":"https:\/\/new.antersystem.com\/intralogistica-poland-expo\/"},"modified":"2026-02-02T12:56:11","modified_gmt":"2026-02-02T11:56:11","slug":"intralogistica-poland-expo-2024","status":"publish","type":"page","link":"https:\/\/antersystem.com\/hu\/hirek\/intralogistica-poland-expo-2024\/","title":{"rendered":"Intralogistica Lengyelorsz\u00e1g Expo"},"content":{"rendered":"\n<div class=\"wp-block-columns is-layout-flex wp-container-core-columns-is-layout-9d6595d7 wp-block-columns-is-layout-flex\">\n  \n  <div class=\"wp-block-column is-layout-flow wp-block-column-is-layout-flow\" style=\"flex-basis:10%\"><\/div>\n  \n\n  \n  <div class=\"wp-block-column is-layout-flow wp-block-column-is-layout-flow\">\n    \n    <h3 class=\"wp-block-heading\"><strong>Intralogistica Poland Expo &#8211; az Anter System k\u00f6vetkez\u0151 ipari esem\u00e9nye.<\/strong><\/h3>\n    \n\n    \n    <p><strong>2024. janu\u00e1r 24-<\/strong>\u00e9n ism\u00e9t <strong>tal\u00e1lkozunk<\/strong> a modern Ptak <strong>Warsaw Expo csarnokban<\/strong> <strong>,<\/strong> <strong>hogy<\/strong> sz\u00e9les k\u00f6z\u00f6ns\u00e9gnek mutassuk be term\u00e9keinket. A l\u00e1togat\u00f3k saj\u00e1t szem\u00fckkel l\u00e1thatj\u00e1k <a href=\"https:\/\/antersystem.com\/kategorie_produktow\/technika-zaladunkowa\/\">a teherg\u00e9pkocsik el\u00fcls\u0151 biztons\u00e1gi t\u00e1maszainak,<\/a> <a href=\"https:\/\/antersystem.com\/kategorie_produktow\/bariery-bezpieczenstwa-dla-pieszych\/\">a gyalogosbiztons\u00e1gi korl\u00e1toknak, a rack-v\u00e9delmi<\/a> rendszereknek \u00e9s a k\u00fcl\u00f6nb\u00f6z\u0151 t\u00edpus\u00fa biztons\u00e1gi pollerek kialak\u00edt\u00e1s\u00e1t \u00e9s teljes\u00edtm\u00e9ny\u00e9t. Nagyon k\u00edv\u00e1ncsian v\u00e1rjuk, hogyan fogadj\u00e1k az Anter System rugalmas biztons\u00e1gi korl\u00e1tjait, \u00e9s \u00f6r\u00f6mmel v\u00e1laszolunk a munkahelyi biztons\u00e1ggal kapcsolatos k\u00e9rd\u00e9sekre. Ennek a cser\u00e9nek a platformja a <a href=\"https:\/\/intralogisticapoland.com\/\"><strong>Intralogistica Poland Expo<\/strong><\/a> &#8211; Nemzetk\u00f6zi Logisztikai \u00e9s Rakt\u00e1rv\u00e1s\u00e1r, amely 2024. janu\u00e1r 24-26. k\u00f6z\u00f6tt ker\u00fcl megrendez\u00e9sre.<\/p>\n    \n\n    \n    <h4 class=\"wp-block-heading\"><strong>Az \u00e1gazat hozz\u00e1j\u00e1rul\u00e1sa a gazdas\u00e1ghoz<\/strong><\/h4>\n    \n\n    \n    <p>A kutat\u00e1sok szerint a sz\u00e1ll\u00edt\u00e1s, a sz\u00e1ll\u00edtm\u00e1nyoz\u00e1s \u00e9s a logisztikai \u00e1gazat jelent\u0151sen hozz\u00e1j\u00e1rul a lengyel GDP-hez, az orsz\u00e1g \u00e9ves gazdas\u00e1gi bev\u00e9tel\u00e9nek k\u00f6zel 6%-\u00e1t termeli. A rakt\u00e1rvezet\u0151k a harmadik legnagyobb foglalkoz\u00e1si csoportot k\u00e9pviselik a szolg\u00e1ltat\u00e1si \u00e1gazaton bel\u00fcl.<\/p>\n    \n\n    \n    <p>Vil\u00e1gviszonylatban Eur\u00f3pa jelenleg \u00c1zsia ut\u00e1n a m\u00e1sodik legnagyobb szerz\u0151d\u00e9ses logisztikai piac, a glob\u00e1lis piaci \u00e9rt\u00e9k 29%-\u00e1t teszi ki. Becsl\u00e9sek szerint 2023 v\u00e9g\u00e9re az \u00e1gazat bev\u00e9telei a kontinensen megk\u00f6zel\u00edt\u0151leg 82,5 milli\u00e1rd eur\u00f3t \u00e9rnek el*.<\/p>\n    \n\n    \n    <p>A magas infl\u00e1ci\u00f3 \u00e9s az el\u0151rejelz\u00e9seiket fel\u00fclvizsg\u00e1l\u00f3 v\u00e1llalatok ellen\u00e9re a 2024-re vonatkoz\u00f3 v\u00e1rakoz\u00e1sok tov\u00e1bbra is pozit\u00edvak. Az Oxford Economics szerint az eur\u00f3\u00f6vezet gazdas\u00e1ga 2024 \u00e9s 2027 k\u00f6z\u00f6tt v\u00e1rhat\u00f3an 6%-kal fog n\u00f6vekedni. Lengyelorsz\u00e1g az el\u0151rejelz\u00e9sek szerint ezt az ar\u00e1nyt meghaladja, ugyanebben az id\u0151szakban 11% k\u00f6r\u00fcli GDP-n\u00f6veked\u00e9ssel*.<\/p>\n    \n\n    \n    <h4 class=\"wp-block-heading\"><strong>A v\u00e1s\u00e1rr\u00f3l<\/strong><\/h4>\n    \n\n    \n    <p>A rendezv\u00e9ny Lengyelorsz\u00e1gon k\u00edv\u00fclr\u0151l is vonzza a l\u00e1togat\u00f3kat &#8211; a r\u00e9sztvev\u0151k k\u00f6zel 15%-a v\u00e1rhat\u00f3an k\u00fclf\u00f6ldr\u0151l \u00e9rkezik. A ki\u00e1ll\u00edt\u00f3k er\u0151s nemzetk\u00f6zi jelenl\u00e9te is jellemzi a v\u00e1s\u00e1rt, ami lehet\u0151s\u00e9get teremt arra, hogy a v\u00e1llalkoz\u00e1sok \u00faj piacok fel\u00e9 nyissanak, \u00e9s seg\u00edtse a v\u00e1llalkoz\u00f3kat a logisztikai ipar er\u0151sebb nemzetk\u00f6zi j\u00f6v\u0151j\u00e9nek megteremt\u00e9s\u00e9ben.<\/p>\n    \n\n    \n    <p>A nagy l\u00e9tes\u00edtm\u00e9nyek biztons\u00e1g\u00e1t n\u00f6vel\u0151 <strong>rugalmas biztons\u00e1gi korl\u00e1tjainkat<\/strong> a logisztikai v\u00e1llalatok, a berendez\u00e9sforgalmaz\u00f3k, a rakt\u00e1rtechnol\u00f3giai szolg\u00e1ltat\u00f3k \u00e9s a rakt\u00e1rtervez\u0151k k\u00e9pvisel\u0151it t\u00f6m\u00f6r\u00edt\u0151 <strong>,<\/strong> soksz\u00edn\u0171 k\u00f6z\u00f6ns\u00e9gnek tervezz\u00fck bemutatni. A rendezv\u00e9ny az ell\u00e1t\u00e1si l\u00e1nc vezet\u0151inek, logisztikai szakembereknek \u00e9s a sz\u00e1ll\u00edtm\u00e1nyoz\u00e1si v\u00e1llalatok k\u00e9pvisel\u0151inek is sz\u00f3l. Az Intralogistica Poland Expo ideje alatt egy oktat\u00e1si kongresszusra is sor ker\u00fcl, amelyen a rakt\u00e1ripar legelismertebb szak\u00e9rt\u0151i vesznek r\u00e9szt.<\/p>\n    \n\n    \n    <p>Megh\u00edvunk mindenkit, aki szeretn\u00e9 megtenni a k\u00f6vetkez\u0151 l\u00e9p\u00e9st a v\u00e1llalkoz\u00e1s\u00e1ban, \u00e9rt\u00e9kes ismereteket cser\u00e9lni \u00e9s <strong>megold\u00e1sokat<\/strong> tal\u00e1lni <strong>a biztons\u00e1gi kih\u00edv\u00e1sokra &#8211; l\u00e1togasson el az Anter Systemhez a D1.20a standon.<\/strong><\/p>\n    \n\n    \n    <hr class=\"wp-block-separator has-text-color has-white-color has-alpha-channel-opacity has-white-background-color has-background is-style-default\"\/>\n    \n\n    \n    <p>* <em>&#8222;A szerz\u0151d\u00e9ses logisztika meghaladta a 2023-as v\u00e1rakoz\u00e1sokat&#8221;, K. Oflakowski, TSL Biznes<\/em><\/p>\n    \n\n    \n    <figure class=\"wp-block-embed\"><div class=\"wp-block-embed__wrapper\">\n \nhttps:\/\/tsl-biznes.pl\/polecamy\/logistyka-kontraktowa-przebila-oczekiwania-na-2023-r\/\n    <\/div><\/figure>\n    \n\n    \n    <p>* <em>https:\/\/www.jll.pl\/pl\/trendy-i-analizy\/badanie\/rynek-magazynowy-w-polsce<\/em><\/p>\n    \n  <\/div>\n  \n\n  \n  <div class=\"wp-block-column is-layout-flow wp-block-column-is-layout-flow\" style=\"flex-basis:10%\"><\/div>\n  \n<\/div>\n<div class=\"wp-block-image\">\n<figure class=\"aligncenter size-large is-resized\"><img loading=\"lazy\" decoding=\"async\" width=\"1024\" height=\"535\" src=\"https:\/\/antersystem.com\/wp-content\/uploads\/Targi-Intralogistica-Anter-System-1-1024x535.jpg\" alt=\"Anter System az Intralogistica Poland Expo 2024 ki&#xE1;ll&#xED;t&#xE1;son\" class=\"wp-image-4095\" style=\"width:720px;height:auto\" srcset=\"https:\/\/antersystem.com\/wp-content\/uploads\/Targi-Intralogistica-Anter-System-1-1024x535.jpg 1024w, https:\/\/antersystem.com\/wp-content\/uploads\/Targi-Intralogistica-Anter-System-1-300x157.jpg 300w, https:\/\/antersystem.com\/wp-content\/uploads\/Targi-Intralogistica-Anter-System-1-768x401.jpg 768w, https:\/\/antersystem.com\/wp-content\/uploads\/Targi-Intralogistica-Anter-System-1-450x235.jpg 450w, https:\/\/antersystem.com\/wp-content\/uploads\/Targi-Intralogistica-Anter-System-1-330x172.jpg 330w, https:\/\/antersystem.com\/wp-content\/uploads\/Targi-Intralogistica-Anter-System-1.jpg 1200w\" sizes=\"auto, (max-width: 1024px) 100vw, 1024px\" \/><\/figure><\/div>","protected":false},"excerpt":{"rendered":"<p>Intralogistica Poland Expo &#8211; az Anter System k\u00f6vetkez\u0151 ipari esem\u00e9nye. 2024. janu\u00e1r 24-\u00e9n ism\u00e9t tal\u00e1lkozunk a modern Ptak Warsaw Expo csarnokban , hogy sz\u00e9les k\u00f6z\u00f6ns\u00e9gnek mutassuk be term\u00e9keinket. A l\u00e1togat\u00f3k saj\u00e1t szem\u00fckkel l\u00e1thatj\u00e1k a teherg\u00e9pkocsik el\u00fcls\u0151 biztons\u00e1gi t\u00e1maszainak, a gyalogosbiztons\u00e1gi korl\u00e1toknak, a rack-v\u00e9delmi rendszereknek \u00e9s a k\u00fcl\u00f6nb\u00f6z\u0151 t\u00edpus\u00fa biztons\u00e1gi pollerek kialak\u00edt\u00e1s\u00e1t \u00e9s teljes\u00edtm\u00e9ny\u00e9t. Nagyon k\u00edv\u00e1ncsian [&hellip;]<\/p>\n","protected":false},"author":1,"featured_media":0,"parent":30300,"menu_order":0,"comment_status":"closed","ping_status":"closed","template":"","meta":{"inline_featured_image":false,"ngg_post_thumbnail":0,"footnotes":""},"class_list":["post-30233","page","type-page","status-publish","hentry"],"acf":[],"yoast_head":"<!-- This site is optimized with the Yoast SEO plugin v27.0 - https:\/\/yoast.com\/product\/yoast-seo-wordpress\/ -->\n<title>Intralogistica Lengyelorsz\u00e1g Expo - Anter System<\/title>\n<meta name=\"description\" content=\"Ju\u017c 24.01.24 spotykamy si\u0119 podczas Intralogistica Poland Expo, \u017ceby pokaza\u0107 szerokiemu gronu odbiorc\u00f3w nasze produkty.\" \/>\n<meta name=\"robots\" content=\"index, follow, max-snippet:-1, max-image-preview:large, max-video-preview:-1\" \/>\n<link rel=\"canonical\" href=\"https:\/\/antersystem.com\/hu\/hirek\/intralogistica-poland-expo-2024\/\" \/>\n<meta property=\"og:locale\" content=\"hu_HU\" \/>\n<meta property=\"og:type\" content=\"article\" \/>\n<meta property=\"og:title\" content=\"Intralogistica Lengyelorsz\u00e1g Expo - Anter System\" \/>\n<meta property=\"og:description\" content=\"Ju\u017c 24.01.24 spotykamy si\u0119 podczas Intralogistica Poland Expo, \u017ceby pokaza\u0107 szerokiemu gronu odbiorc\u00f3w nasze produkty.\" \/>\n<meta property=\"og:url\" content=\"https:\/\/antersystem.com\/hu\/hirek\/intralogistica-poland-expo-2024\/\" \/>\n<meta property=\"og:site_name\" content=\"Anter System\" \/>\n<meta property=\"article:modified_time\" content=\"2026-02-02T11:56:11+00:00\" \/>\n<meta property=\"og:image\" content=\"https:\/\/antersystem.com\/wp-content\/uploads\/Targi-Intralogistica-Anter-System-1-1024x535.jpg\" \/>\n<meta name=\"twitter:card\" content=\"summary_large_image\" \/>\n<meta name=\"twitter:label1\" content=\"Becs\u00fclt olvas\u00e1si id\u0151\" \/>\n\t<meta name=\"twitter:data1\" content=\"3 perc\" \/>\n<script type=\"application\/ld+json\" class=\"yoast-schema-graph\">{\"@context\":\"https:\/\/schema.org\",\"@graph\":[{\"@type\":\"WebPage\",\"@id\":\"https:\/\/antersystem.com\/hu\/hirek\/intralogistica-poland-expo-2024\/\",\"url\":\"https:\/\/antersystem.com\/hu\/hirek\/intralogistica-poland-expo-2024\/\",\"name\":\"Intralogistica Lengyelorsz\u00e1g Expo - Anter System\",\"isPartOf\":{\"@id\":\"https:\/\/antersystem.com\/hu\/#website\"},\"primaryImageOfPage\":{\"@id\":\"https:\/\/antersystem.com\/hu\/hirek\/intralogistica-poland-expo-2024\/#primaryimage\"},\"image\":{\"@id\":\"https:\/\/antersystem.com\/hu\/hirek\/intralogistica-poland-expo-2024\/#primaryimage\"},\"thumbnailUrl\":\"https:\/\/antersystem.com\/wp-content\/uploads\/Targi-Intralogistica-Anter-System-1-1024x535.jpg\",\"datePublished\":\"2024-01-05T11:14:14+00:00\",\"dateModified\":\"2026-02-02T11:56:11+00:00\",\"description\":\"Ju\u017c 24.01.24 spotykamy si\u0119 podczas Intralogistica Poland Expo, \u017ceby pokaza\u0107 szerokiemu gronu odbiorc\u00f3w nasze produkty.\",\"breadcrumb\":{\"@id\":\"https:\/\/antersystem.com\/hu\/hirek\/intralogistica-poland-expo-2024\/#breadcrumb\"},\"inLanguage\":\"hu\",\"potentialAction\":[{\"@type\":\"ReadAction\",\"target\":[\"https:\/\/antersystem.com\/hu\/hirek\/intralogistica-poland-expo-2024\/\"]}]},{\"@type\":\"ImageObject\",\"inLanguage\":\"hu\",\"@id\":\"https:\/\/antersystem.com\/hu\/hirek\/intralogistica-poland-expo-2024\/#primaryimage\",\"url\":\"https:\/\/antersystem.com\/wp-content\/uploads\/Targi-Intralogistica-Anter-System-1-1024x535.jpg\",\"contentUrl\":\"https:\/\/antersystem.com\/wp-content\/uploads\/Targi-Intralogistica-Anter-System-1-1024x535.jpg\"},{\"@type\":\"BreadcrumbList\",\"@id\":\"https:\/\/antersystem.com\/hu\/hirek\/intralogistica-poland-expo-2024\/#breadcrumb\",\"itemListElement\":[{\"@type\":\"ListItem\",\"position\":1,\"name\":\"AnterSystem\",\"item\":\"https:\/\/antersystem.com\/hu\/\"},{\"@type\":\"ListItem\",\"position\":2,\"name\":\"H\u00edrek\",\"item\":\"https:\/\/antersystem.com\/hu\/hirek\/\"},{\"@type\":\"ListItem\",\"position\":3,\"name\":\"Intralogistica Lengyelorsz\u00e1g Expo\"}]},{\"@type\":\"WebSite\",\"@id\":\"https:\/\/antersystem.com\/hu\/#website\",\"url\":\"https:\/\/antersystem.com\/hu\/\",\"name\":\"Anter System\",\"description\":\"Jeste\u015bmy polskim producentem elastycznych barier ochronnych wykonywanych z polimerowych tworzyw sztucznych. Na rynku krajowym i zagranicznym dzia\u0142amy od ponad 15 lat dbaj\u0105c o zapewnienie bezpiecze\u0144stwa w zak\u0142adach produkcyjnych, magazynach oraz centrach logistycznych.\",\"potentialAction\":[{\"@type\":\"SearchAction\",\"target\":{\"@type\":\"EntryPoint\",\"urlTemplate\":\"https:\/\/antersystem.com\/hu\/?s={search_term_string}\"},\"query-input\":{\"@type\":\"PropertyValueSpecification\",\"valueRequired\":true,\"valueName\":\"search_term_string\"}}],\"inLanguage\":\"hu\"}]}<\/script>\n<!-- \/ Yoast SEO plugin. -->","yoast_head_json":{"title":"Intralogistica Lengyelorsz\u00e1g Expo - Anter System","description":"Ju\u017c 24.01.24 spotykamy si\u0119 podczas Intralogistica Poland Expo, \u017ceby pokaza\u0107 szerokiemu gronu odbiorc\u00f3w nasze produkty.","robots":{"index":"index","follow":"follow","max-snippet":"max-snippet:-1","max-image-preview":"max-image-preview:large","max-video-preview":"max-video-preview:-1"},"canonical":"https:\/\/antersystem.com\/hu\/hirek\/intralogistica-poland-expo-2024\/","og_locale":"hu_HU","og_type":"article","og_title":"Intralogistica Lengyelorsz\u00e1g Expo - Anter System","og_description":"Ju\u017c 24.01.24 spotykamy si\u0119 podczas Intralogistica Poland Expo, \u017ceby pokaza\u0107 szerokiemu gronu odbiorc\u00f3w nasze produkty.","og_url":"https:\/\/antersystem.com\/hu\/hirek\/intralogistica-poland-expo-2024\/","og_site_name":"Anter System","article_modified_time":"2026-02-02T11:56:11+00:00","og_image":[{"url":"https:\/\/antersystem.com\/wp-content\/uploads\/Targi-Intralogistica-Anter-System-1-1024x535.jpg","type":"","width":"","height":""}],"twitter_card":"summary_large_image","twitter_misc":{"Becs\u00fclt olvas\u00e1si id\u0151":"3 perc"},"schema":{"@context":"https:\/\/schema.org","@graph":[{"@type":"WebPage","@id":"https:\/\/antersystem.com\/hu\/hirek\/intralogistica-poland-expo-2024\/","url":"https:\/\/antersystem.com\/hu\/hirek\/intralogistica-poland-expo-2024\/","name":"Intralogistica Lengyelorsz\u00e1g Expo - Anter System","isPartOf":{"@id":"https:\/\/antersystem.com\/hu\/#website"},"primaryImageOfPage":{"@id":"https:\/\/antersystem.com\/hu\/hirek\/intralogistica-poland-expo-2024\/#primaryimage"},"image":{"@id":"https:\/\/antersystem.com\/hu\/hirek\/intralogistica-poland-expo-2024\/#primaryimage"},"thumbnailUrl":"https:\/\/antersystem.com\/wp-content\/uploads\/Targi-Intralogistica-Anter-System-1-1024x535.jpg","datePublished":"2024-01-05T11:14:14+00:00","dateModified":"2026-02-02T11:56:11+00:00","description":"Ju\u017c 24.01.24 spotykamy si\u0119 podczas Intralogistica Poland Expo, \u017ceby pokaza\u0107 szerokiemu gronu odbiorc\u00f3w nasze produkty.","breadcrumb":{"@id":"https:\/\/antersystem.com\/hu\/hirek\/intralogistica-poland-expo-2024\/#breadcrumb"},"inLanguage":"hu","potentialAction":[{"@type":"ReadAction","target":["https:\/\/antersystem.com\/hu\/hirek\/intralogistica-poland-expo-2024\/"]}]},{"@type":"ImageObject","inLanguage":"hu","@id":"https:\/\/antersystem.com\/hu\/hirek\/intralogistica-poland-expo-2024\/#primaryimage","url":"https:\/\/antersystem.com\/wp-content\/uploads\/Targi-Intralogistica-Anter-System-1-1024x535.jpg","contentUrl":"https:\/\/antersystem.com\/wp-content\/uploads\/Targi-Intralogistica-Anter-System-1-1024x535.jpg"},{"@type":"BreadcrumbList","@id":"https:\/\/antersystem.com\/hu\/hirek\/intralogistica-poland-expo-2024\/#breadcrumb","itemListElement":[{"@type":"ListItem","position":1,"name":"AnterSystem","item":"https:\/\/antersystem.com\/hu\/"},{"@type":"ListItem","position":2,"name":"H\u00edrek","item":"https:\/\/antersystem.com\/hu\/hirek\/"},{"@type":"ListItem","position":3,"name":"Intralogistica Lengyelorsz\u00e1g Expo"}]},{"@type":"WebSite","@id":"https:\/\/antersystem.com\/hu\/#website","url":"https:\/\/antersystem.com\/hu\/","name":"Anter System","description":"Jeste\u015bmy polskim producentem elastycznych barier ochronnych wykonywanych z polimerowych tworzyw sztucznych. Na rynku krajowym i zagranicznym dzia\u0142amy od ponad 15 lat dbaj\u0105c o zapewnienie bezpiecze\u0144stwa w zak\u0142adach produkcyjnych, magazynach oraz centrach logistycznych.","potentialAction":[{"@type":"SearchAction","target":{"@type":"EntryPoint","urlTemplate":"https:\/\/antersystem.com\/hu\/?s={search_term_string}"},"query-input":{"@type":"PropertyValueSpecification","valueRequired":true,"valueName":"search_term_string"}}],"inLanguage":"hu"}]}},"_links":{"self":[{"href":"https:\/\/antersystem.com\/hu\/wp-json\/wp\/v2\/pages\/30233","targetHints":{"allow":["GET"]}}],"collection":[{"href":"https:\/\/antersystem.com\/hu\/wp-json\/wp\/v2\/pages"}],"about":[{"href":"https:\/\/antersystem.com\/hu\/wp-json\/wp\/v2\/types\/page"}],"author":[{"embeddable":true,"href":"https:\/\/antersystem.com\/hu\/wp-json\/wp\/v2\/users\/1"}],"replies":[{"embeddable":true,"href":"https:\/\/antersystem.com\/hu\/wp-json\/wp\/v2\/comments?post=30233"}],"version-history":[{"count":1,"href":"https:\/\/antersystem.com\/hu\/wp-json\/wp\/v2\/pages\/30233\/revisions"}],"predecessor-version":[{"id":30234,"href":"https:\/\/antersystem.com\/hu\/wp-json\/wp\/v2\/pages\/30233\/revisions\/30234"}],"up":[{"embeddable":true,"href":"https:\/\/antersystem.com\/hu\/wp-json\/wp\/v2\/pages\/30300"}],"wp:attachment":[{"href":"https:\/\/antersystem.com\/hu\/wp-json\/wp\/v2\/media?parent=30233"}],"curies":[{"name":"wp","href":"https:\/\/api.w.org\/{rel}","templated":true}]}}