{"id":38816,"date":"2025-06-11T10:14:00","date_gmt":"2025-06-11T08:14:00","guid":{"rendered":"https:\/\/antersystem.com\/hirek\/anter-system-gets-polska-nagroda-inteligentnego-rozwoju\/"},"modified":"2026-02-02T10:37:41","modified_gmt":"2026-02-02T09:37:41","slug":"anter-system-gets-polska-nagroda-inteligentnego-rozwoju","status":"publish","type":"page","link":"https:\/\/antersystem.com\/hu\/hirek\/anter-system-gets-polska-nagroda-inteligentnego-rozwoju\/","title":{"rendered":"Anter System megkapja a Polska Nagroda Inteligentnego Rozwoju-t"},"content":{"rendered":"\n<div class=\"wp-block-columns is-layout-flex wp-container-core-columns-is-layout-9d6595d7 wp-block-columns-is-layout-flex\">\n<div class=\"wp-block-column is-layout-flow wp-block-column-is-layout-flow\">\n<div class=\"wp-block-columns is-layout-flex wp-container-core-columns-is-layout-9d6595d7 wp-block-columns-is-layout-flex\">\n<div class=\"wp-block-column is-layout-flow wp-block-column-is-layout-flow\">\n<p>\u00d6r\u00f6mmel osztjuk meg, hogy az Uniej\u00f3wban megrendezett, 10. \u00e9vfordul\u00f3s Intelligens Fejleszt\u00e9si F\u00f3rumon az Anter System elnyerte a rangos lengyel Intelligens Fejleszt\u00e9si D\u00edjat. Ezt a d\u00edjat olyan szem\u00e9lyek, v\u00e1llalatok \u00e9s szervezetek kapj\u00e1k, akiknek tev\u00e9kenys\u00e9ge hozz\u00e1j\u00e1rul a t\u00e1rsadalom \u00e9s a gazdas\u00e1g fenntarthat\u00f3 fejl\u0151d\u00e9s\u00e9t t\u00e1mogat\u00f3 innovat\u00edv megold\u00e1sok l\u00e9trehoz\u00e1s\u00e1hoz. <\/p>\n\n\n\n<p>Ez a kit\u00fcntet\u00e9s nagy megtiszteltet\u00e9s sz\u00e1munkra, \u00e9s meger\u0151s\u00edti, hogy az \u00e1ltalunk v\u00e1lasztott ir\u00e1nyt &#8211; az emberek \u00e9s az infrastrukt\u00fara v\u00e9delm\u00e9t szolg\u00e1l\u00f3 intelligens technol\u00f3gi\u00e1k kifejleszt\u00e9s\u00e9t az ipari ter\u00fcleteken &#8211; nemcsak \u00fcgyfeleink, hanem a lengyelorsz\u00e1gi szak\u00e9rt\u0151k \u00e9s innov\u00e1ci\u00f3s vezet\u0151k is elismerik.<\/p>\n\n\n\n<h2 class=\"wp-block-heading\">A j\u00f6v\u0151 f\u00f3ruma, amely \u00f6sszekapcsolja a tudom\u00e1nyt, a technol\u00f3gi\u00e1t \u00e9s az \u00fczleti \u00e9letet.<\/h2>\n\n\n\n<p>Az Intelligens Fejleszt\u00e9si F\u00f3rum Lengyelorsz\u00e1g egyik leginspir\u00e1l\u00f3bb gazdas\u00e1gi \u00e9s technol\u00f3giai esem\u00e9nye. A kongresszuson az \u00fczleti \u00e9let, a tudom\u00e1ny, a helyi \u00f6nkorm\u00e1nyzatok \u00e9s a befektet\u0151i k\u00f6z\u00f6ss\u00e9g k\u00e9pvisel\u0151i tal\u00e1lkoznak, hogy k\u00f6z\u00f6sen vizsg\u00e1lj\u00e1k meg, hogyan tudnak a modern technol\u00f3gi\u00e1k val\u00f3di hat\u00e1st gyakorolni az \u00e9letmin\u0151s\u00e9gre \u00e9s a gazdas\u00e1gi n\u00f6veked\u00e9sre. Az esem\u00e9nyen val\u00f3 r\u00e9szv\u00e9tel nemcsak megtiszteltet\u00e9s, hanem lehet\u0151s\u00e9g is arra, hogy tapasztalatokat \u00e9s megl\u00e1t\u00e1sokat cser\u00e9lj\u00fcnk m\u00e1s innov\u00e1ci\u00f3s vezet\u0151kkel.  <\/p>\n\n\n\n<h2 class=\"wp-block-heading\">El\u0151ad\u00e1s a technol\u00f3gi\u00e1r\u00f3l, amely megv\u00e9di<\/h2>\n\n\n\n<p>A f\u00f3rum r\u00e9szek\u00e9nt lehet\u0151s\u00e9g\u00fcnk volt r\u00e9szt venni a szak\u00e9rt\u0151i programon is. Tomasz Bary\u0142a, az Anter System term\u00e9kmenedzsere r\u00e9szt vett a &#8222;Future Technologies in Action &#8211; How Innovations Shape Science, Business, and Society&#8221; (A j\u00f6v\u0151 technol\u00f3gi\u00e1i m\u0171k\u00f6d\u00e9sben &#8211; Hogyan alak\u00edtj\u00e1k az innov\u00e1ci\u00f3k a tudom\u00e1nyt, az \u00fczleti \u00e9letet \u00e9s a t\u00e1rsadalmat) c\u00edm\u0171 panelen, ahol &#8222;Technology That Protects &#8211; Intelligent Safety Systems in Industrial Spaces&#8221; c\u00edmmel tartott el\u0151ad\u00e1st. <\/p>\n\n\n\n<p>Besz\u00e9de sor\u00e1n Tomasz t\u00f6bbek k\u00f6z\u00f6tt a k\u00f6vetkez\u0151 t\u00e9m\u00e1kr\u00f3l besz\u00e9lt:<\/p>\n\n\n\n<ul class=\"wp-block-list\">\n<li>az intralogisztika jelenlegi biztons\u00e1gi kih\u00edv\u00e1sai,<\/li>\n\n\n\n<li>hogyan jav\u00edtj\u00e1k a munkahelyi biztons\u00e1got \u00e9s hat\u00e9konys\u00e1got az automatiz\u00e1l\u00e1si elemekkel kombin\u00e1lt rugalmas biztons\u00e1gi korl\u00e1tok.<\/li>\n<\/ul>\n\n\n\n<h2 class=\"wp-block-heading\">Motiv\u00e1ci\u00f3 a tov\u00e1bbi n\u00f6veked\u00e9shez<\/h2>\n\n\n\n<p>Az elnyert d\u00edj nem csup\u00e1n preszt\u00edzst jelent, hanem elk\u00f6telezetts\u00e9get is arra, hogy folytassuk a fejleszt\u00e9st, \u00faj innov\u00e1ci\u00f3kat vezess\u00fcnk be, \u00e9s folyamatosan emelj\u00fck az ipar\u00e1g biztons\u00e1gi szabv\u00e1nyait. K\u00f6sz\u00f6nj\u00fck a verseny zs\u0171rij\u00e9nek a bizalmat \u00e9s az elismer\u00e9st, valamint a f\u00f3rum minden r\u00e9sztvev\u0151j\u00e9nek az \u00e9rt\u00e9kes besz\u00e9lget\u00e9seket \u00e9s az inspir\u00e1l\u00f3 tal\u00e1lkoz\u00f3kat. <\/p>\n<\/div>\n<\/div>\n<\/div>\n<\/div>\n","protected":false},"excerpt":{"rendered":"<p>\u00d6r\u00f6mmel osztjuk meg, hogy az Uniej\u00f3wban megrendezett, 10. \u00e9vfordul\u00f3s Intelligens Fejleszt\u00e9si F\u00f3rumon az Anter System elnyerte a rangos lengyel Intelligens Fejleszt\u00e9si D\u00edjat. Ezt a d\u00edjat olyan szem\u00e9lyek, v\u00e1llalatok \u00e9s szervezetek kapj\u00e1k, akiknek tev\u00e9kenys\u00e9ge hozz\u00e1j\u00e1rul a t\u00e1rsadalom \u00e9s a gazdas\u00e1g fenntarthat\u00f3 fejl\u0151d\u00e9s\u00e9t t\u00e1mogat\u00f3 innovat\u00edv megold\u00e1sok l\u00e9trehoz\u00e1s\u00e1hoz. Ez a kit\u00fcntet\u00e9s nagy megtiszteltet\u00e9s sz\u00e1munkra, \u00e9s meger\u0151s\u00edti, hogy az [&hellip;]<\/p>\n","protected":false},"author":11,"featured_media":0,"parent":30300,"menu_order":0,"comment_status":"closed","ping_status":"closed","template":"","meta":{"inline_featured_image":false,"ngg_post_thumbnail":0,"footnotes":""},"class_list":["post-38816","page","type-page","status-publish","hentry"],"acf":[],"yoast_head":"<!-- This site is optimized with the Yoast SEO plugin v27.0 - https:\/\/yoast.com\/product\/yoast-seo-wordpress\/ -->\n<title>Anter System megkapja a Polska Nagroda Inteligentnego Rozwoju-t - Anter System<\/title>\n<meta name=\"description\" content=\"\u00d6r\u00f6mmel osztjuk meg, hogy az Uniej\u00f3wban megrendezett, 10. \u00e9vfordul\u00f3s Intelligens Fejleszt\u00e9si F\u00f3rumon az Anter System elnyerte a rangos lengyel Intelligens\" \/>\n<meta name=\"robots\" content=\"index, follow, max-snippet:-1, max-image-preview:large, max-video-preview:-1\" \/>\n<link rel=\"canonical\" href=\"https:\/\/antersystem.com\/hu\/hirek\/anter-system-gets-polska-nagroda-inteligentnego-rozwoju\/\" \/>\n<meta property=\"og:locale\" content=\"hu_HU\" \/>\n<meta property=\"og:type\" content=\"article\" \/>\n<meta property=\"og:title\" content=\"Anter System megkapja a Polska Nagroda Inteligentnego Rozwoju-t - Anter System\" \/>\n<meta property=\"og:description\" content=\"\u00d6r\u00f6mmel osztjuk meg, hogy az Uniej\u00f3wban megrendezett, 10. \u00e9vfordul\u00f3s Intelligens Fejleszt\u00e9si F\u00f3rumon az Anter System elnyerte a rangos lengyel Intelligens\" \/>\n<meta property=\"og:url\" content=\"https:\/\/antersystem.com\/hu\/hirek\/anter-system-gets-polska-nagroda-inteligentnego-rozwoju\/\" \/>\n<meta property=\"og:site_name\" content=\"Anter System\" \/>\n<meta property=\"article:modified_time\" content=\"2026-02-02T09:37:41+00:00\" \/>\n<meta name=\"twitter:card\" content=\"summary_large_image\" \/>\n<meta name=\"twitter:label1\" content=\"Becs\u00fclt olvas\u00e1si id\u0151\" \/>\n\t<meta name=\"twitter:data1\" content=\"2 perc\" \/>\n<script type=\"application\/ld+json\" class=\"yoast-schema-graph\">{\"@context\":\"https:\/\/schema.org\",\"@graph\":[{\"@type\":\"WebPage\",\"@id\":\"https:\/\/antersystem.com\/hu\/hirek\/anter-system-gets-polska-nagroda-inteligentnego-rozwoju\/\",\"url\":\"https:\/\/antersystem.com\/hu\/hirek\/anter-system-gets-polska-nagroda-inteligentnego-rozwoju\/\",\"name\":\"Anter System megkapja a Polska Nagroda Inteligentnego Rozwoju-t - Anter System\",\"isPartOf\":{\"@id\":\"https:\/\/antersystem.com\/hu\/#website\"},\"datePublished\":\"2025-06-11T08:14:00+00:00\",\"dateModified\":\"2026-02-02T09:37:41+00:00\",\"description\":\"\u00d6r\u00f6mmel osztjuk meg, hogy az Uniej\u00f3wban megrendezett, 10. \u00e9vfordul\u00f3s Intelligens Fejleszt\u00e9si F\u00f3rumon az Anter System elnyerte a rangos lengyel Intelligens\",\"breadcrumb\":{\"@id\":\"https:\/\/antersystem.com\/hu\/hirek\/anter-system-gets-polska-nagroda-inteligentnego-rozwoju\/#breadcrumb\"},\"inLanguage\":\"hu\",\"potentialAction\":[{\"@type\":\"ReadAction\",\"target\":[\"https:\/\/antersystem.com\/hu\/hirek\/anter-system-gets-polska-nagroda-inteligentnego-rozwoju\/\"]}]},{\"@type\":\"BreadcrumbList\",\"@id\":\"https:\/\/antersystem.com\/hu\/hirek\/anter-system-gets-polska-nagroda-inteligentnego-rozwoju\/#breadcrumb\",\"itemListElement\":[{\"@type\":\"ListItem\",\"position\":1,\"name\":\"AnterSystem\",\"item\":\"https:\/\/antersystem.com\/hu\/\"},{\"@type\":\"ListItem\",\"position\":2,\"name\":\"H\u00edrek\",\"item\":\"https:\/\/antersystem.com\/hu\/hirek\/\"},{\"@type\":\"ListItem\",\"position\":3,\"name\":\"Anter System megkapja a Polska Nagroda Inteligentnego Rozwoju-t\"}]},{\"@type\":\"WebSite\",\"@id\":\"https:\/\/antersystem.com\/hu\/#website\",\"url\":\"https:\/\/antersystem.com\/hu\/\",\"name\":\"Anter System\",\"description\":\"Jeste\u015bmy polskim producentem elastycznych barier ochronnych wykonywanych z polimerowych tworzyw sztucznych. Na rynku krajowym i zagranicznym dzia\u0142amy od ponad 15 lat dbaj\u0105c o zapewnienie bezpiecze\u0144stwa w zak\u0142adach produkcyjnych, magazynach oraz centrach logistycznych.\",\"potentialAction\":[{\"@type\":\"SearchAction\",\"target\":{\"@type\":\"EntryPoint\",\"urlTemplate\":\"https:\/\/antersystem.com\/hu\/?s={search_term_string}\"},\"query-input\":{\"@type\":\"PropertyValueSpecification\",\"valueRequired\":true,\"valueName\":\"search_term_string\"}}],\"inLanguage\":\"hu\"}]}<\/script>\n<!-- \/ Yoast SEO plugin. -->","yoast_head_json":{"title":"Anter System megkapja a Polska Nagroda Inteligentnego Rozwoju-t - Anter System","description":"\u00d6r\u00f6mmel osztjuk meg, hogy az Uniej\u00f3wban megrendezett, 10. \u00e9vfordul\u00f3s Intelligens Fejleszt\u00e9si F\u00f3rumon az Anter System elnyerte a rangos lengyel Intelligens","robots":{"index":"index","follow":"follow","max-snippet":"max-snippet:-1","max-image-preview":"max-image-preview:large","max-video-preview":"max-video-preview:-1"},"canonical":"https:\/\/antersystem.com\/hu\/hirek\/anter-system-gets-polska-nagroda-inteligentnego-rozwoju\/","og_locale":"hu_HU","og_type":"article","og_title":"Anter System megkapja a Polska Nagroda Inteligentnego Rozwoju-t - Anter System","og_description":"\u00d6r\u00f6mmel osztjuk meg, hogy az Uniej\u00f3wban megrendezett, 10. \u00e9vfordul\u00f3s Intelligens Fejleszt\u00e9si F\u00f3rumon az Anter System elnyerte a rangos lengyel Intelligens","og_url":"https:\/\/antersystem.com\/hu\/hirek\/anter-system-gets-polska-nagroda-inteligentnego-rozwoju\/","og_site_name":"Anter System","article_modified_time":"2026-02-02T09:37:41+00:00","twitter_card":"summary_large_image","twitter_misc":{"Becs\u00fclt olvas\u00e1si id\u0151":"2 perc"},"schema":{"@context":"https:\/\/schema.org","@graph":[{"@type":"WebPage","@id":"https:\/\/antersystem.com\/hu\/hirek\/anter-system-gets-polska-nagroda-inteligentnego-rozwoju\/","url":"https:\/\/antersystem.com\/hu\/hirek\/anter-system-gets-polska-nagroda-inteligentnego-rozwoju\/","name":"Anter System megkapja a Polska Nagroda Inteligentnego Rozwoju-t - Anter System","isPartOf":{"@id":"https:\/\/antersystem.com\/hu\/#website"},"datePublished":"2025-06-11T08:14:00+00:00","dateModified":"2026-02-02T09:37:41+00:00","description":"\u00d6r\u00f6mmel osztjuk meg, hogy az Uniej\u00f3wban megrendezett, 10. \u00e9vfordul\u00f3s Intelligens Fejleszt\u00e9si F\u00f3rumon az Anter System elnyerte a rangos lengyel Intelligens","breadcrumb":{"@id":"https:\/\/antersystem.com\/hu\/hirek\/anter-system-gets-polska-nagroda-inteligentnego-rozwoju\/#breadcrumb"},"inLanguage":"hu","potentialAction":[{"@type":"ReadAction","target":["https:\/\/antersystem.com\/hu\/hirek\/anter-system-gets-polska-nagroda-inteligentnego-rozwoju\/"]}]},{"@type":"BreadcrumbList","@id":"https:\/\/antersystem.com\/hu\/hirek\/anter-system-gets-polska-nagroda-inteligentnego-rozwoju\/#breadcrumb","itemListElement":[{"@type":"ListItem","position":1,"name":"AnterSystem","item":"https:\/\/antersystem.com\/hu\/"},{"@type":"ListItem","position":2,"name":"H\u00edrek","item":"https:\/\/antersystem.com\/hu\/hirek\/"},{"@type":"ListItem","position":3,"name":"Anter System megkapja a Polska Nagroda Inteligentnego Rozwoju-t"}]},{"@type":"WebSite","@id":"https:\/\/antersystem.com\/hu\/#website","url":"https:\/\/antersystem.com\/hu\/","name":"Anter System","description":"Jeste\u015bmy polskim producentem elastycznych barier ochronnych wykonywanych z polimerowych tworzyw sztucznych. Na rynku krajowym i zagranicznym dzia\u0142amy od ponad 15 lat dbaj\u0105c o zapewnienie bezpiecze\u0144stwa w zak\u0142adach produkcyjnych, magazynach oraz centrach logistycznych.","potentialAction":[{"@type":"SearchAction","target":{"@type":"EntryPoint","urlTemplate":"https:\/\/antersystem.com\/hu\/?s={search_term_string}"},"query-input":{"@type":"PropertyValueSpecification","valueRequired":true,"valueName":"search_term_string"}}],"inLanguage":"hu"}]}},"_links":{"self":[{"href":"https:\/\/antersystem.com\/hu\/wp-json\/wp\/v2\/pages\/38816","targetHints":{"allow":["GET"]}}],"collection":[{"href":"https:\/\/antersystem.com\/hu\/wp-json\/wp\/v2\/pages"}],"about":[{"href":"https:\/\/antersystem.com\/hu\/wp-json\/wp\/v2\/types\/page"}],"author":[{"embeddable":true,"href":"https:\/\/antersystem.com\/hu\/wp-json\/wp\/v2\/users\/11"}],"replies":[{"embeddable":true,"href":"https:\/\/antersystem.com\/hu\/wp-json\/wp\/v2\/comments?post=38816"}],"version-history":[{"count":1,"href":"https:\/\/antersystem.com\/hu\/wp-json\/wp\/v2\/pages\/38816\/revisions"}],"predecessor-version":[{"id":38817,"href":"https:\/\/antersystem.com\/hu\/wp-json\/wp\/v2\/pages\/38816\/revisions\/38817"}],"up":[{"embeddable":true,"href":"https:\/\/antersystem.com\/hu\/wp-json\/wp\/v2\/pages\/30300"}],"wp:attachment":[{"href":"https:\/\/antersystem.com\/hu\/wp-json\/wp\/v2\/media?parent=38816"}],"curies":[{"name":"wp","href":"https:\/\/api.w.org\/{rel}","templated":true}]}}