{"id":38877,"date":"2024-11-25T09:14:04","date_gmt":"2024-11-25T08:14:04","guid":{"rendered":"https:\/\/antersystem.com\/hirek\/anter-system-at-intralogistyka-i-magazynowanie-conference-2024\/"},"modified":"2026-02-02T14:15:40","modified_gmt":"2026-02-02T13:15:40","slug":"anter-system-at-intralogistyka-i-magazynowanie-conference-2024","status":"publish","type":"page","link":"https:\/\/antersystem.com\/hu\/hirek\/anter-system-at-intralogistyka-i-magazynowanie-conference-2024\/","title":{"rendered":"Anter System az &#8222;Intralogistyka i magazynowanie&#8221; konferenci\u00e1n"},"content":{"rendered":"\n<div class=\"wp-block-columns is-layout-flex wp-container-core-columns-is-layout-9d6595d7 wp-block-columns-is-layout-flex\">\n<div class=\"wp-block-column is-layout-flow wp-block-column-is-layout-flow\" style=\"flex-basis:10%\"><\/div>\n\n\n\n<div class=\"wp-block-column is-layout-flow wp-block-column-is-layout-flow\">\n<h2 class=\"wp-block-heading\">Fedezze fel az intralogisztika leg\u00fajabb trendjeit!<\/h2>\n\n\n\n<p>\u00d6r\u00f6mmel jelentj\u00fck be, hogy az Anter System partnere az &#8221; <strong>Optimization of Intralogistics and Warehouse Processes&#8221;<\/strong> c\u00edm\u0171 konferenci\u00e1nak <strong>, amely<\/strong> <strong>2024.<\/strong> december 5-\u00e9n <strong> ker\u00fcl<\/strong> megrendez\u00e9sre <strong>a<\/strong> Pozna\u0144 <strong>melletti Swarz\u0119dzben<\/strong>. A rendezv\u00e9ny f\u0151 c\u00e9lja, hogy \u00f6sszehozza a rakt\u00e1rlogisztikai, ipari \u00e9s automatiz\u00e1l\u00e1si szektorok szak\u00e9rt\u0151it, platformot teremtve a tud\u00e1scser\u00e9hez \u00e9s a leg\u00fajabb megold\u00e1sok bemutat\u00e1s\u00e1hoz. <\/p>\n\n\n\n<p><strong>El\u0151ad\u00e1sok, workshopok, \u00fczleti kapcsolat\u00e9p\u00edt\u00e9s<\/strong><\/p>\n\n\n\n<p>A konferencia <strong>a rakt\u00e1ri folyamatok automatiz\u00e1l\u00e1s\u00e1val, az innovat\u00edv technol\u00f3gi\u00e1k bevezet\u00e9s\u00e9vel \u00e9s<\/strong> <strong>a rakt\u00e1ri<\/strong> k\u00f6rnyezet <strong>biztons\u00e1g\u00e1nak jav\u00edt\u00e1s\u00e1val<\/strong> kapcsolatos kulcsfontoss\u00e1g\u00fa t\u00e9m\u00e1kkal foglalkozik. A t\u00e1rgyalt t\u00e9m\u00e1k k\u00f6z\u00f6tt szerepelnek a bels\u0151 sz\u00e1ll\u00edt\u00e1si rendszerek, a rakt\u00e1ri robotok, az automatiz\u00e1lt rakt\u00e1roz\u00e1si \u00e9s komissi\u00f3z\u00e1si rendszerek, az RFID \u00e9s a vezet\u00e9k n\u00e9lk\u00fcli azonos\u00edt\u00e1si technol\u00f3gi\u00e1k, valamint az intralogisztika programoz\u00e1sa. A r\u00e9sztvev\u0151knek lehet\u0151s\u00e9g\u00fck lesz arra is, hogy r\u00e9szt vegyenek technikai m\u0171helymunk\u00e1kon &#8211; ez kiv\u00e1l\u00f3 lehet\u0151s\u00e9g a konferencia t\u00e9m\u00e1ihoz kapcsol\u00f3d\u00f3 gyakorlati ismeretek elm\u00e9ly\u00edt\u00e9s\u00e9re. A rendezv\u00e9ny tov\u00e1bbi el\u0151nye, hogy <strong>\u00e9rt\u00e9kes \u00fczleti kapcsolatok kialak\u00edt\u00e1s\u00e1ra<\/strong> ny\u00edlik <strong>lehet\u0151s\u00e9g, amelyek<\/strong> t\u00e1mogathatj\u00e1k a szakmai fejl\u0151d\u00e9st, vagy \u00faj partners\u00e9gekhez vezethetnek.   <\/p>\n\n\n\n<p><strong>Besz\u00e9lj\u00fcnk a biztons\u00e1gr\u00f3l<\/strong><\/p>\n\n\n\n<p><strong>A rendezv\u00e9ny partnerek\u00e9nt az Anter System jelen lesz a konferenci\u00e1n, hogy v\u00e1laszoljon<\/strong> az intralogisztikai hat\u00e9konys\u00e1got \u00e9s biztons\u00e1got t\u00e1mogat\u00f3 legmodernebb megold\u00e1sokkal kapcsolatos k\u00e9rd\u00e9sekre. A r\u00e9sztvev\u0151knek lehet\u0151s\u00e9g\u00fck lesz t\u00f6bbet megtudni az infrastrukt\u00fara v\u00e9delmi rendszereinkr\u0151l, rakt\u00e1rhelyis\u00e9g-kezel\u0151 term\u00e9keinkr\u0151l, valamint az ipari \u00e9s rakt\u00e1roz\u00e1si l\u00e9tes\u00edtm\u00e9nyek sz\u00e1m\u00e1ra tervezett biztons\u00e1gi megold\u00e1sainkr\u00f3l. <\/p>\n\n\n\n<p>Szeretettel megh\u00edvjuk \u00d6nt, hogy vegyen r\u00e9szt a konferenci\u00e1n \u00e9s besz\u00e9lgessen k\u00e9pvisel\u0151inkkel.<\/p>\n\n\n\n<p><strong>D\u00e1tum:<\/strong><strong>Helysz\u00edn:<\/strong> 2024. december 5., Swarz\u0119dz, Pozna\u0144 k\u00f6zel\u00e9ben, 8:00 &#8211; 15:30<br\/><strong>:<\/strong> 1 Antoniego Tabaki St., Swarz\u0119dz<\/p>\n\n\n\n<p>A konferenci\u00e1n val\u00f3 r\u00e9szv\u00e9tel ingyenes.<\/p>\n\n\n\n<p><strong>Tov\u00e1bbi inform\u00e1ci\u00f3 \u00e9s regisztr\u00e1ci\u00f3:<\/strong> <em><a href=\"https:\/\/www.axonmedia.pl\/konferencje\/aktualne\/intralogistyka-magazynowanie-2024-poznan\/\">&#8222;Intralogisztika \u00e9s rakt\u00e1roz\u00e1s&#8221;<\/a><\/em><\/p>\n\n\n\n<p>Tal\u00e1lkozunk Swarz\u0119dzben &#8211; dolgozzunk egy\u00fctt a modern rakt\u00e1rak j\u00f6v\u0151j\u00e9nek alak\u00edt\u00e1s\u00e1n!<\/p>\n\n\n\n<p><\/p>\n\n\n\n<p><\/p>\n<\/div>\n\n\n\n<div class=\"wp-block-column is-layout-flow wp-block-column-is-layout-flow\" style=\"flex-basis:10%\"><\/div>\n<\/div>\n<div class=\"wp-block-image\">\n<figure class=\"aligncenter size-large is-resized\"><img loading=\"lazy\" decoding=\"async\" width=\"1024\" height=\"576\" src=\"https:\/\/antersystem.com\/wp-content\/uploads\/axon_12_2024_konferencja_Intralogistyka-1024x576.jpg\" alt=\"\" class=\"wp-image-5650\" style=\"width:620px;height:auto\" srcset=\"https:\/\/antersystem.com\/wp-content\/uploads\/axon_12_2024_konferencja_Intralogistyka-1024x576.jpg 1024w, https:\/\/antersystem.com\/wp-content\/uploads\/axon_12_2024_konferencja_Intralogistyka-300x169.jpg 300w, https:\/\/antersystem.com\/wp-content\/uploads\/axon_12_2024_konferencja_Intralogistyka-768x432.jpg 768w, https:\/\/antersystem.com\/wp-content\/uploads\/axon_12_2024_konferencja_Intralogistyka-450x253.jpg 450w, https:\/\/antersystem.com\/wp-content\/uploads\/axon_12_2024_konferencja_Intralogistyka-330x186.jpg 330w, https:\/\/antersystem.com\/wp-content\/uploads\/axon_12_2024_konferencja_Intralogistyka.jpg 1115w\" sizes=\"auto, (max-width: 1024px) 100vw, 1024px\" \/><\/figure><\/div>","protected":false},"excerpt":{"rendered":"<p>Fedezze fel az intralogisztika leg\u00fajabb trendjeit! \u00d6r\u00f6mmel jelentj\u00fck be, hogy az Anter System partnere az &#8221; Optimization of Intralogistics and Warehouse Processes&#8221; c\u00edm\u0171 konferenci\u00e1nak , amely 2024. december 5-\u00e9n ker\u00fcl megrendez\u00e9sre a Pozna\u0144 melletti Swarz\u0119dzben. A rendezv\u00e9ny f\u0151 c\u00e9lja, hogy \u00f6sszehozza a rakt\u00e1rlogisztikai, ipari \u00e9s automatiz\u00e1l\u00e1si szektorok szak\u00e9rt\u0151it, platformot teremtve a tud\u00e1scser\u00e9hez \u00e9s a leg\u00fajabb [&hellip;]<\/p>\n","protected":false},"author":1,"featured_media":0,"parent":30300,"menu_order":0,"comment_status":"closed","ping_status":"closed","template":"","meta":{"inline_featured_image":false,"ngg_post_thumbnail":0,"footnotes":""},"class_list":["post-38877","page","type-page","status-publish","hentry"],"acf":[],"yoast_head":"<!-- This site is optimized with the Yoast SEO plugin v27.0 - https:\/\/yoast.com\/product\/yoast-seo-wordpress\/ -->\n<title>Anter System az &quot;Intralogistyka i magazynowanie&quot; konferenci\u00e1n - Anter System<\/title>\n<meta name=\"description\" content=\"Zapraszamy na konferencj\u0119 &quot;Intralogistyka i magazynowanie, kt\u00f3rej tematyka obejmuj mi\u0119dzy innymi zagadnienia zwi\u0105zane z bezpiecznym magazynem\" \/>\n<meta name=\"robots\" content=\"index, follow, max-snippet:-1, max-image-preview:large, max-video-preview:-1\" \/>\n<link rel=\"canonical\" href=\"https:\/\/antersystem.com\/hu\/hirek\/anter-system-at-intralogistyka-i-magazynowanie-conference-2024\/\" \/>\n<meta property=\"og:locale\" content=\"hu_HU\" \/>\n<meta property=\"og:type\" content=\"article\" \/>\n<meta property=\"og:title\" content=\"Anter System az &quot;Intralogistyka i magazynowanie&quot; konferenci\u00e1n - Anter System\" \/>\n<meta property=\"og:description\" content=\"Zapraszamy na konferencj\u0119 &quot;Intralogistyka i magazynowanie, kt\u00f3rej tematyka obejmuj mi\u0119dzy innymi zagadnienia zwi\u0105zane z bezpiecznym magazynem\" \/>\n<meta property=\"og:url\" content=\"https:\/\/antersystem.com\/hu\/hirek\/anter-system-at-intralogistyka-i-magazynowanie-conference-2024\/\" \/>\n<meta property=\"og:site_name\" content=\"Anter System\" \/>\n<meta property=\"article:modified_time\" content=\"2026-02-02T13:15:40+00:00\" \/>\n<meta property=\"og:image\" content=\"https:\/\/antersystem.com\/wp-content\/uploads\/axon_12_2024_konferencja_Intralogistyka-1024x576.jpg\" \/>\n<meta name=\"twitter:card\" content=\"summary_large_image\" \/>\n<meta name=\"twitter:label1\" content=\"Becs\u00fclt olvas\u00e1si id\u0151\" \/>\n\t<meta name=\"twitter:data1\" content=\"2 perc\" \/>\n<script type=\"application\/ld+json\" class=\"yoast-schema-graph\">{\"@context\":\"https:\/\/schema.org\",\"@graph\":[{\"@type\":\"WebPage\",\"@id\":\"https:\/\/antersystem.com\/hu\/hirek\/anter-system-at-intralogistyka-i-magazynowanie-conference-2024\/\",\"url\":\"https:\/\/antersystem.com\/hu\/hirek\/anter-system-at-intralogistyka-i-magazynowanie-conference-2024\/\",\"name\":\"Anter System az \\\"Intralogistyka i magazynowanie\\\" konferenci\u00e1n - Anter System\",\"isPartOf\":{\"@id\":\"https:\/\/antersystem.com\/hu\/#website\"},\"primaryImageOfPage\":{\"@id\":\"https:\/\/antersystem.com\/hu\/hirek\/anter-system-at-intralogistyka-i-magazynowanie-conference-2024\/#primaryimage\"},\"image\":{\"@id\":\"https:\/\/antersystem.com\/hu\/hirek\/anter-system-at-intralogistyka-i-magazynowanie-conference-2024\/#primaryimage\"},\"thumbnailUrl\":\"https:\/\/antersystem.com\/wp-content\/uploads\/axon_12_2024_konferencja_Intralogistyka-1024x576.jpg\",\"datePublished\":\"2024-11-25T08:14:04+00:00\",\"dateModified\":\"2026-02-02T13:15:40+00:00\",\"description\":\"Zapraszamy na konferencj\u0119 \\\"Intralogistyka i magazynowanie, kt\u00f3rej tematyka obejmuj mi\u0119dzy innymi zagadnienia zwi\u0105zane z bezpiecznym magazynem\",\"breadcrumb\":{\"@id\":\"https:\/\/antersystem.com\/hu\/hirek\/anter-system-at-intralogistyka-i-magazynowanie-conference-2024\/#breadcrumb\"},\"inLanguage\":\"hu\",\"potentialAction\":[{\"@type\":\"ReadAction\",\"target\":[\"https:\/\/antersystem.com\/hu\/hirek\/anter-system-at-intralogistyka-i-magazynowanie-conference-2024\/\"]}]},{\"@type\":\"ImageObject\",\"inLanguage\":\"hu\",\"@id\":\"https:\/\/antersystem.com\/hu\/hirek\/anter-system-at-intralogistyka-i-magazynowanie-conference-2024\/#primaryimage\",\"url\":\"https:\/\/antersystem.com\/wp-content\/uploads\/axon_12_2024_konferencja_Intralogistyka-1024x576.jpg\",\"contentUrl\":\"https:\/\/antersystem.com\/wp-content\/uploads\/axon_12_2024_konferencja_Intralogistyka-1024x576.jpg\"},{\"@type\":\"BreadcrumbList\",\"@id\":\"https:\/\/antersystem.com\/hu\/hirek\/anter-system-at-intralogistyka-i-magazynowanie-conference-2024\/#breadcrumb\",\"itemListElement\":[{\"@type\":\"ListItem\",\"position\":1,\"name\":\"AnterSystem\",\"item\":\"https:\/\/antersystem.com\/hu\/\"},{\"@type\":\"ListItem\",\"position\":2,\"name\":\"H\u00edrek\",\"item\":\"https:\/\/antersystem.com\/hu\/hirek\/\"},{\"@type\":\"ListItem\",\"position\":3,\"name\":\"Anter System az &#8220;Intralogistyka i magazynowanie&#8221; konferenci\u00e1n\"}]},{\"@type\":\"WebSite\",\"@id\":\"https:\/\/antersystem.com\/hu\/#website\",\"url\":\"https:\/\/antersystem.com\/hu\/\",\"name\":\"Anter System\",\"description\":\"Jeste\u015bmy polskim producentem elastycznych barier ochronnych wykonywanych z polimerowych tworzyw sztucznych. Na rynku krajowym i zagranicznym dzia\u0142amy od ponad 15 lat dbaj\u0105c o zapewnienie bezpiecze\u0144stwa w zak\u0142adach produkcyjnych, magazynach oraz centrach logistycznych.\",\"potentialAction\":[{\"@type\":\"SearchAction\",\"target\":{\"@type\":\"EntryPoint\",\"urlTemplate\":\"https:\/\/antersystem.com\/hu\/?s={search_term_string}\"},\"query-input\":{\"@type\":\"PropertyValueSpecification\",\"valueRequired\":true,\"valueName\":\"search_term_string\"}}],\"inLanguage\":\"hu\"}]}<\/script>\n<!-- \/ Yoast SEO plugin. -->","yoast_head_json":{"title":"Anter System az \"Intralogistyka i magazynowanie\" konferenci\u00e1n - Anter System","description":"Zapraszamy na konferencj\u0119 \"Intralogistyka i magazynowanie, kt\u00f3rej tematyka obejmuj mi\u0119dzy innymi zagadnienia zwi\u0105zane z bezpiecznym magazynem","robots":{"index":"index","follow":"follow","max-snippet":"max-snippet:-1","max-image-preview":"max-image-preview:large","max-video-preview":"max-video-preview:-1"},"canonical":"https:\/\/antersystem.com\/hu\/hirek\/anter-system-at-intralogistyka-i-magazynowanie-conference-2024\/","og_locale":"hu_HU","og_type":"article","og_title":"Anter System az \"Intralogistyka i magazynowanie\" konferenci\u00e1n - Anter System","og_description":"Zapraszamy na konferencj\u0119 \"Intralogistyka i magazynowanie, kt\u00f3rej tematyka obejmuj mi\u0119dzy innymi zagadnienia zwi\u0105zane z bezpiecznym magazynem","og_url":"https:\/\/antersystem.com\/hu\/hirek\/anter-system-at-intralogistyka-i-magazynowanie-conference-2024\/","og_site_name":"Anter System","article_modified_time":"2026-02-02T13:15:40+00:00","og_image":[{"url":"https:\/\/antersystem.com\/wp-content\/uploads\/axon_12_2024_konferencja_Intralogistyka-1024x576.jpg","type":"","width":"","height":""}],"twitter_card":"summary_large_image","twitter_misc":{"Becs\u00fclt olvas\u00e1si id\u0151":"2 perc"},"schema":{"@context":"https:\/\/schema.org","@graph":[{"@type":"WebPage","@id":"https:\/\/antersystem.com\/hu\/hirek\/anter-system-at-intralogistyka-i-magazynowanie-conference-2024\/","url":"https:\/\/antersystem.com\/hu\/hirek\/anter-system-at-intralogistyka-i-magazynowanie-conference-2024\/","name":"Anter System az \"Intralogistyka i magazynowanie\" konferenci\u00e1n - Anter System","isPartOf":{"@id":"https:\/\/antersystem.com\/hu\/#website"},"primaryImageOfPage":{"@id":"https:\/\/antersystem.com\/hu\/hirek\/anter-system-at-intralogistyka-i-magazynowanie-conference-2024\/#primaryimage"},"image":{"@id":"https:\/\/antersystem.com\/hu\/hirek\/anter-system-at-intralogistyka-i-magazynowanie-conference-2024\/#primaryimage"},"thumbnailUrl":"https:\/\/antersystem.com\/wp-content\/uploads\/axon_12_2024_konferencja_Intralogistyka-1024x576.jpg","datePublished":"2024-11-25T08:14:04+00:00","dateModified":"2026-02-02T13:15:40+00:00","description":"Zapraszamy na konferencj\u0119 \"Intralogistyka i magazynowanie, kt\u00f3rej tematyka obejmuj mi\u0119dzy innymi zagadnienia zwi\u0105zane z bezpiecznym magazynem","breadcrumb":{"@id":"https:\/\/antersystem.com\/hu\/hirek\/anter-system-at-intralogistyka-i-magazynowanie-conference-2024\/#breadcrumb"},"inLanguage":"hu","potentialAction":[{"@type":"ReadAction","target":["https:\/\/antersystem.com\/hu\/hirek\/anter-system-at-intralogistyka-i-magazynowanie-conference-2024\/"]}]},{"@type":"ImageObject","inLanguage":"hu","@id":"https:\/\/antersystem.com\/hu\/hirek\/anter-system-at-intralogistyka-i-magazynowanie-conference-2024\/#primaryimage","url":"https:\/\/antersystem.com\/wp-content\/uploads\/axon_12_2024_konferencja_Intralogistyka-1024x576.jpg","contentUrl":"https:\/\/antersystem.com\/wp-content\/uploads\/axon_12_2024_konferencja_Intralogistyka-1024x576.jpg"},{"@type":"BreadcrumbList","@id":"https:\/\/antersystem.com\/hu\/hirek\/anter-system-at-intralogistyka-i-magazynowanie-conference-2024\/#breadcrumb","itemListElement":[{"@type":"ListItem","position":1,"name":"AnterSystem","item":"https:\/\/antersystem.com\/hu\/"},{"@type":"ListItem","position":2,"name":"H\u00edrek","item":"https:\/\/antersystem.com\/hu\/hirek\/"},{"@type":"ListItem","position":3,"name":"Anter System az &#8220;Intralogistyka i magazynowanie&#8221; konferenci\u00e1n"}]},{"@type":"WebSite","@id":"https:\/\/antersystem.com\/hu\/#website","url":"https:\/\/antersystem.com\/hu\/","name":"Anter System","description":"Jeste\u015bmy polskim producentem elastycznych barier ochronnych wykonywanych z polimerowych tworzyw sztucznych. Na rynku krajowym i zagranicznym dzia\u0142amy od ponad 15 lat dbaj\u0105c o zapewnienie bezpiecze\u0144stwa w zak\u0142adach produkcyjnych, magazynach oraz centrach logistycznych.","potentialAction":[{"@type":"SearchAction","target":{"@type":"EntryPoint","urlTemplate":"https:\/\/antersystem.com\/hu\/?s={search_term_string}"},"query-input":{"@type":"PropertyValueSpecification","valueRequired":true,"valueName":"search_term_string"}}],"inLanguage":"hu"}]}},"_links":{"self":[{"href":"https:\/\/antersystem.com\/hu\/wp-json\/wp\/v2\/pages\/38877","targetHints":{"allow":["GET"]}}],"collection":[{"href":"https:\/\/antersystem.com\/hu\/wp-json\/wp\/v2\/pages"}],"about":[{"href":"https:\/\/antersystem.com\/hu\/wp-json\/wp\/v2\/types\/page"}],"author":[{"embeddable":true,"href":"https:\/\/antersystem.com\/hu\/wp-json\/wp\/v2\/users\/1"}],"replies":[{"embeddable":true,"href":"https:\/\/antersystem.com\/hu\/wp-json\/wp\/v2\/comments?post=38877"}],"version-history":[{"count":1,"href":"https:\/\/antersystem.com\/hu\/wp-json\/wp\/v2\/pages\/38877\/revisions"}],"predecessor-version":[{"id":38879,"href":"https:\/\/antersystem.com\/hu\/wp-json\/wp\/v2\/pages\/38877\/revisions\/38879"}],"up":[{"embeddable":true,"href":"https:\/\/antersystem.com\/hu\/wp-json\/wp\/v2\/pages\/30300"}],"wp:attachment":[{"href":"https:\/\/antersystem.com\/hu\/wp-json\/wp\/v2\/media?parent=38877"}],"curies":[{"name":"wp","href":"https:\/\/api.w.org\/{rel}","templated":true}]}}