{"id":38988,"date":"2025-06-09T08:46:29","date_gmt":"2025-06-09T06:46:29","guid":{"rendered":"https:\/\/antersystem.com\/hirek\/trade-fairs-modernlog-and-itm-industry-europe-2025\/"},"modified":"2026-02-02T15:23:25","modified_gmt":"2026-02-02T14:23:25","slug":"trade-fairs-modernlog-and-itm-industry-europe-2025","status":"publish","type":"page","link":"https:\/\/antersystem.com\/hu\/hirek\/trade-fairs-modernlog-and-itm-industry-europe-2025\/","title":{"rendered":"Modernlog \u00e9s ITM Industry Europe 2025 v\u00e1s\u00e1rok"},"content":{"rendered":"\n<div class=\"wp-block-columns is-layout-flex wp-container-core-columns-is-layout-9d6595d7 wp-block-columns-is-layout-flex\">\n<div class=\"wp-block-column is-layout-flow wp-block-column-is-layout-flow\">\n<h2 class=\"wp-block-heading\">Jelent\u00e9s a pozna\u0144i ipari \u00e9s logisztikai v\u00e1s\u00e1rokr\u00f3l<\/h2>\n\n\n\n<div class=\"wp-block-columns is-layout-flex wp-container-core-columns-is-layout-9d6595d7 wp-block-columns-is-layout-flex\">\n<div class=\"wp-block-column is-layout-flow wp-block-column-is-layout-flow\" style=\"flex-basis:10%\"><\/div>\n\n\n\n<div class=\"wp-block-column is-layout-flow wp-block-column-is-layout-flow\">\n<p>2025. j\u00fanius 3-5. k\u00f6z\u00f6tt k\u00e9t fontos ipar\u00e1gi rendezv\u00e9nyen vett\u00fcnk r\u00e9szt: a Modernlog \u00e9s az ITM Industry Europe rendezv\u00e9nyeken. Mindk\u00e9t rendezv\u00e9ny a Pozna\u0144i Nemzetk\u00f6zi V\u00e1s\u00e1ron tartott, \u00e9s t\u00f6bb ezer szakembert vonzott, akik modern megold\u00e1sokat kerestek az ipar, a logisztika \u00e9s az automatiz\u00e1l\u00e1s sz\u00e1m\u00e1ra. Id\u00e9n term\u00e9keinket k\u00e9t egyed\u00fcl\u00e1ll\u00f3 t\u00e9rben lehetett l\u00e1tni: a Safety Zone az ITM Industry Europe sor\u00e1n \u00e9s az In4Log ter\u00fclet a Modernlogon. Mindk\u00e9t z\u00f3na dinamikus bemutat\u00f3k, gyakorlati bemutat\u00f3k \u00e9s tud\u00e1scsere k\u00f6zpontjak\u00e9nt szolg\u00e1lt az Ipar 4.0 szellem\u00e9ben.   <\/p>\n\n\n\n<div style=\"height:30px\" aria-hidden=\"true\" class=\"wp-block-spacer\"><\/div>\n\n\n\n<div class=\"wp-block-media-text is-stacked-on-mobile is-image-fill-element\" style=\"grid-template-columns:40% auto\"><figure class=\"wp-block-media-text__media\"><img loading=\"lazy\" decoding=\"async\" width=\"683\" height=\"1024\" src=\"https:\/\/antersystem.com\/wp-content\/uploads\/modernlog-2025-011-683x1024.png\" alt=\"\" class=\"wp-image-6172 size-full\" style=\"object-position:50% 54%\" srcset=\"https:\/\/antersystem.com\/wp-content\/uploads\/modernlog-2025-011-683x1024.png 683w, https:\/\/antersystem.com\/wp-content\/uploads\/modernlog-2025-011-200x300.png 200w, https:\/\/antersystem.com\/wp-content\/uploads\/modernlog-2025-011-768x1152.png 768w, https:\/\/antersystem.com\/wp-content\/uploads\/modernlog-2025-011-450x675.png 450w, https:\/\/antersystem.com\/wp-content\/uploads\/modernlog-2025-011-330x495.png 330w, https:\/\/antersystem.com\/wp-content\/uploads\/modernlog-2025-011.png 800w\" sizes=\"auto, (max-width: 683px) 100vw, 683px\" \/><\/figure><div class=\"wp-block-media-text__content\">\n<h3 class=\"wp-block-heading\">A j\u00f6v\u0151 logisztik\u00e1ja az In4Log z\u00f3n\u00e1ban &#8211; Modernlog 2025<\/h3>\n\n\n\n<p>Az In4Log z\u00f3n\u00e1ban a l\u00e1togat\u00f3k v\u00e9gigk\u00f6vethett\u00e9k a teljes logisztikai folyamatot &#8211; az \u00e1ruk pufferel\u00e9s\u00e9t\u0151l az automatiz\u00e1lt komissi\u00f3z\u00e1son \u00e9s csomagol\u00e1son \u00e1t a raklapok sz\u00e1ll\u00edt\u00e1sra val\u00f3 el\u0151k\u00e9sz\u00edt\u00e9s\u00e9ig. Az \u00e9rz\u00e9kel\u0151 \u00e9s jelz\u0151rendszerekkel integr\u00e1lt rugalmas biztons\u00e1gi korl\u00e1tjaink kulcsszerepet j\u00e1tszottak a teljes logisztikai t\u00e9r biztos\u00edt\u00e1s\u00e1ban. Bemutattuk, hogy a modern v\u00e9delmi technol\u00f3gi\u00e1k hogyan m\u0171k\u00f6dhetnek \u00f6sszhangban az automatiz\u00e1l\u00e1ssal \u00e9s a robotik\u00e1val, biztos\u00edtva a z\u00f6kken\u0151mentes \u00e9s biztons\u00e1gos m\u0171k\u00f6d\u00e9st.  <\/p>\n<\/div><\/div>\n\n\n\n<div style=\"height:30px\" aria-hidden=\"true\" class=\"wp-block-spacer\"><\/div>\n\n\n\n<div class=\"wp-block-media-text has-media-on-the-right is-stacked-on-mobile\" style=\"grid-template-columns:auto 40%\"><div class=\"wp-block-media-text__content\" style=\"padding-left: 0px\">\n\n<h3 class=\"wp-block-heading\">Innov\u00e1ci\u00f3k a biztons\u00e1gi z\u00f3n\u00e1ban &#8211; ITM Industry Europe<\/h3>\n\n\n<p>A biztons\u00e1gi z\u00f3n\u00e1ban a folyamat- \u00e9s szem\u00e9lyv\u00e9delem m\u00e1s vezet\u0151 szerepl\u0151ivel egy\u00fctt innovat\u00edv megold\u00e1sokat mutattunk be a termel\u00e9si \u00e9s rakt\u00e1rter\u00fcletek biztos\u00edt\u00e1s\u00e1ra. A program egyik cs\u00facspontja a &#8222;t\u00f6r\u00e9stesztek&#8221; voltak, amelyek bemutatt\u00e1k, hogy a megfelel\u0151 v\u00e9d\u0151int\u00e9zked\u00e9sekkel hogyan lehet minimaliz\u00e1lni a baleseti kock\u00e1zatokat \u00e9s v\u00e9deni a dolgoz\u00f3k eg\u00e9szs\u00e9g\u00e9t. <\/p>\n\n<\/div><figure class=\"wp-block-media-text__media\"><img loading=\"lazy\" decoding=\"async\" width=\"1024\" height=\"683\" src=\"https:\/\/antersystem.com\/wp-content\/uploads\/ITM-2025-002-1024x683.png\" alt=\"\" class=\"wp-image-6158 size-full\" srcset=\"https:\/\/antersystem.com\/wp-content\/uploads\/ITM-2025-002-1024x683.png 1024w, https:\/\/antersystem.com\/wp-content\/uploads\/ITM-2025-002-300x200.png 300w, https:\/\/antersystem.com\/wp-content\/uploads\/ITM-2025-002-768x512.png 768w, https:\/\/antersystem.com\/wp-content\/uploads\/ITM-2025-002-450x300.png 450w, https:\/\/antersystem.com\/wp-content\/uploads\/ITM-2025-002-330x220.png 330w, https:\/\/antersystem.com\/wp-content\/uploads\/ITM-2025-002.png 1200w\" sizes=\"auto, (max-width: 1024px) 100vw, 1024px\" \/><\/figure><\/div>\n\n\n\n<div style=\"height:30px\" aria-hidden=\"true\" class=\"wp-block-spacer\"><\/div>\n\n\n\n<div class=\"wp-block-media-text is-stacked-on-mobile is-image-fill-element\" style=\"grid-template-columns:40% auto\"><figure class=\"wp-block-media-text__media\"><img loading=\"lazy\" decoding=\"async\" width=\"683\" height=\"1024\" src=\"https:\/\/antersystem.com\/wp-content\/uploads\/modernlog-2025-012-683x1024.png\" alt=\"\" class=\"wp-image-6168 size-full\" style=\"object-position:51% 48%\" srcset=\"https:\/\/antersystem.com\/wp-content\/uploads\/modernlog-2025-012-683x1024.png 683w, https:\/\/antersystem.com\/wp-content\/uploads\/modernlog-2025-012-200x300.png 200w, https:\/\/antersystem.com\/wp-content\/uploads\/modernlog-2025-012-768x1152.png 768w, https:\/\/antersystem.com\/wp-content\/uploads\/modernlog-2025-012-450x675.png 450w, https:\/\/antersystem.com\/wp-content\/uploads\/modernlog-2025-012-330x495.png 330w, https:\/\/antersystem.com\/wp-content\/uploads\/modernlog-2025-012.png 800w\" sizes=\"auto, (max-width: 683px) 100vw, 683px\" \/><\/figure><div class=\"wp-block-media-text__content\">\n<h3 class=\"wp-block-heading\">Lehet\u0151s\u00e9g a kapcsolatteremt\u00e9sre<\/h3>\n\n\n\n<p>Mindk\u00e9t bemutat\u00f3z\u00f3na mellett olyan tereket alak\u00edtottunk ki, ahol a l\u00e1togat\u00f3k k\u00f6zelebbr\u0151l is megismerkedhettek az Anter System term\u00e9keivel. Ezek a ter\u00fcletek t\u00f6k\u00e9letes helysz\u00ednt biztos\u00edtottak az ipari biztons\u00e1got t\u00e1mogat\u00f3 megold\u00e1sokr\u00f3l sz\u00f3l\u00f3 inspir\u00e1l\u00f3 besz\u00e9lget\u00e9sekhez. <\/p>\n\n\n\n<p>A standjaink legnagyobb vonzerej\u00e9t, mint mindig, most is az \u00faj term\u00e9kek jelentett\u00e9k, k\u00f6zt\u00fck a Pozna\u0144ban el\u0151sz\u00f6r bemutatott, figyelmeztet\u0151 rendszerrel ell\u00e1tott GATE PROTECTOR soromp\u00f3k. A kapuk, f\u00e9lemelv\u00e9nyek \u00e9s alacsonyan l\u00f3g\u00f3 infrastrukt\u00fara v\u00e9delm\u00e9re tervezett GATE PROTECTORok vesz\u00e9lyt jelz\u0151 figyelmeztet\u0151 f\u00e9nyekkel vannak felszerelve. A kapuk fejlett \u00e9rz\u00e9kel\u0151 rendszerrel rendelkeznek, amely azonos\u00edtja a vesz\u00e9lyz\u00f3n\u00e1ba bel\u00e9p\u0151 k\u00f6zeled\u0151 j\u00e1rm\u0171vet, \u00e9s azonnal bekapcsolja az intenz\u00edv piros figyelmeztet\u0151 f\u00e9nyeket, amelyek a gyalogosok szemmagass\u00e1g\u00e1ban \u00e9s a targoncavezet\u0151k sz\u00e1m\u00e1ra is l\u00e1that\u00f3ak.  <\/p>\n<\/div><\/div>\n\n\n\n<div style=\"height:30px\" aria-hidden=\"true\" class=\"wp-block-spacer\"><\/div>\n\n\n\n<div class=\"wp-block-media-text has-media-on-the-right is-stacked-on-mobile is-image-fill-element\" style=\"grid-template-columns:auto 35%\"><div class=\"wp-block-media-text__content\" style=\"padding-left: 0px\">\n\n<h3 class=\"wp-block-heading\">Arany\u00e9rem a Modernlog 2025 rendezv\u00e9nyen<\/h3>\n\n\n<p>B\u00fcszk\u00e9n jelentj\u00fck be, hogy term\u00e9k\u00fcnk &#8211; az Intelligens SGA GATE PROTECTOR &#8211; arany\u00e9rmet kapott a Modernlog 2025 rendezv\u00e9nyen. A verseny zs\u0171rije a munkahelyi biztons\u00e1gi term\u00e9kek kateg\u00f3ri\u00e1j\u00e1ban ismerte el ezt a megold\u00e1st. Az SGA GATE PROTECTOR nem csup\u00e1n fizikai v\u00e9delmet ny\u00fajt a gyalogosok \u00e9s j\u00e1rm\u0171vek \u00e1ltal k\u00f6z\u00f6sen haszn\u00e1lt z\u00f3n\u00e1k sz\u00e1m\u00e1ra &#8211; ez egy intelligens rendszer, amely akt\u00edvan reag\u00e1l a potenci\u00e1lis vesz\u00e9lyekre. Az akt\u00edv f\u00e9nyjelz\u0151 rendszerrel \u00e9s \u00e1tj\u00e1r\u00f3z\u00e1rral kombin\u00e1lt fejlett \u00e9rz\u00e9kel\u00e9ssel a kapu jelent\u0151sen cs\u00f6kkenti az \u00fctk\u00f6z\u00e9sek kock\u00e1zat\u00e1t, biztos\u00edtva az emberek \u00e9s g\u00e9pek biztons\u00e1gos egy\u00fctt\u00e9l\u00e9s\u00e9t a dinamikus munkak\u00f6rnyezetekben. Az arany\u00e9rem nagy megtiszteltet\u00e9s \u00e9s motiv\u00e1ci\u00f3 sz\u00e1munkra, hogy folytassuk a munkahelyi biztons\u00e1got fokoz\u00f3 technol\u00f3gi\u00e1k fejleszt\u00e9s\u00e9t. A kapur\u00f3l b\u0151vebben itt olvashat <a href=\"https:\/\/antersystem.com\/produkty\/elastyczna-bariera-gate-protector-with-sga-gate\/\"><strong>itt:<\/strong><\/a>.     <\/p>\n\n<\/div><figure class=\"wp-block-media-text__media\"><img loading=\"lazy\" decoding=\"async\" width=\"683\" height=\"1024\" src=\"https:\/\/antersystem.com\/wp-content\/uploads\/modernlog-2025-009-683x1024.png\" alt=\"\" class=\"wp-image-6157 size-full\" style=\"object-position:39% 51%\" srcset=\"https:\/\/antersystem.com\/wp-content\/uploads\/modernlog-2025-009-683x1024.png 683w, https:\/\/antersystem.com\/wp-content\/uploads\/modernlog-2025-009-200x300.png 200w, https:\/\/antersystem.com\/wp-content\/uploads\/modernlog-2025-009-768x1152.png 768w, https:\/\/antersystem.com\/wp-content\/uploads\/modernlog-2025-009-450x675.png 450w, https:\/\/antersystem.com\/wp-content\/uploads\/modernlog-2025-009-330x495.png 330w, https:\/\/antersystem.com\/wp-content\/uploads\/modernlog-2025-009.png 800w\" sizes=\"auto, (max-width: 683px) 100vw, 683px\" \/><\/figure><\/div>\n\n\n\n<div style=\"height:30px\" aria-hidden=\"true\" class=\"wp-block-spacer\"><\/div>\n\n\n\n<figure class=\"wp-block-embed is-type-video is-provider-youtube wp-block-embed-youtube wp-embed-aspect-16-9 wp-has-aspect-ratio\"><div class=\"wp-block-embed__wrapper\" style=\"text-align: center;\">\n<iframe loading=\"lazy\" title=\"Targi Modernlog i ITM Industry Europe 2025\" width=\"500\" height=\"281\" src=\"https:\/\/www.youtube.com\/embed\/ofugWHZvKVU?feature=oembed\" frameborder=\"0\" allow=\"accelerometer; autoplay; clipboard-write; encrypted-media; gyroscope; picture-in-picture; web-share\" referrerpolicy=\"strict-origin-when-cross-origin\" allowfullscreen><\/iframe>\n<\/div><\/figure>\n\n\n<p>Szeretn\u00e9nk k\u00f6sz\u00f6netet mondani mindenkinek, aki ell\u00e1togatott a standjainkra. \u00c9rdekl\u0151d\u00e9s\u00fck, sz\u00e1mos k\u00e9rd\u00e9s\u00fck \u00e9s besz\u00e9lget\u00e9s\u00fck nagy \u00e9rt\u00e9ket jelent sz\u00e1munkra. \u00d6r\u00fcl\u00fcnk, hogy ilyen professzion\u00e1lis \u00e9s innovat\u00edv k\u00f6rnyezetben mutathattuk be megold\u00e1sainkat.  <\/p>\n\n\n\n<p>Tal\u00e1lkozunk a k\u00f6vetkez\u0151 v\u00e1s\u00e1rokon!<\/p>\n<\/div>\n\n\n\n<div class=\"wp-block-column is-layout-flow wp-block-column-is-layout-flow\" style=\"flex-basis:10%\"><\/div>\n<\/div>\n\n\n\nngg_shortcode_0_placeholder\n<\/div>\n<\/div>\n","protected":false},"excerpt":{"rendered":"<p>Jelent\u00e9s a pozna\u0144i ipari \u00e9s logisztikai v\u00e1s\u00e1rokr\u00f3l 2025. j\u00fanius 3-5. k\u00f6z\u00f6tt k\u00e9t fontos ipar\u00e1gi rendezv\u00e9nyen vett\u00fcnk r\u00e9szt: a Modernlog \u00e9s az ITM Industry Europe rendezv\u00e9nyeken. Mindk\u00e9t rendezv\u00e9ny a Pozna\u0144i Nemzetk\u00f6zi V\u00e1s\u00e1ron tartott, \u00e9s t\u00f6bb ezer szakembert vonzott, akik modern megold\u00e1sokat kerestek az ipar, a logisztika \u00e9s az automatiz\u00e1l\u00e1s sz\u00e1m\u00e1ra. Id\u00e9n term\u00e9keinket k\u00e9t egyed\u00fcl\u00e1ll\u00f3 t\u00e9rben lehetett [&hellip;]<\/p>\n","protected":false},"author":11,"featured_media":0,"parent":30300,"menu_order":0,"comment_status":"closed","ping_status":"closed","template":"","meta":{"inline_featured_image":false,"ngg_post_thumbnail":0,"footnotes":""},"class_list":["post-38988","page","type-page","status-publish","hentry"],"acf":[],"yoast_head":"<!-- This site is optimized with the Yoast SEO plugin v27.0 - https:\/\/yoast.com\/product\/yoast-seo-wordpress\/ -->\n<title>Modernlog \u00e9s ITM Industry Europe 2025 v\u00e1s\u00e1rok - Anter System<\/title>\n<meta name=\"description\" content=\"Jelent\u00e9s a pozna\u0144i ipari \u00e9s logisztikai v\u00e1s\u00e1rokr\u00f3l 2025. j\u00fanius 3-5. k\u00f6z\u00f6tt k\u00e9t fontos ipar\u00e1gi rendezv\u00e9nyen vett\u00fcnk r\u00e9szt: a Modernlog \u00e9s az ITM Industry\" \/>\n<meta name=\"robots\" content=\"index, follow, max-snippet:-1, max-image-preview:large, max-video-preview:-1\" \/>\n<link rel=\"canonical\" href=\"https:\/\/antersystem.com\/hu\/hirek\/trade-fairs-modernlog-and-itm-industry-europe-2025\/\" \/>\n<meta property=\"og:locale\" content=\"hu_HU\" \/>\n<meta property=\"og:type\" content=\"article\" \/>\n<meta property=\"og:title\" content=\"Modernlog \u00e9s ITM Industry Europe 2025 v\u00e1s\u00e1rok - Anter System\" \/>\n<meta property=\"og:description\" content=\"Jelent\u00e9s a pozna\u0144i ipari \u00e9s logisztikai v\u00e1s\u00e1rokr\u00f3l 2025. j\u00fanius 3-5. k\u00f6z\u00f6tt k\u00e9t fontos ipar\u00e1gi rendezv\u00e9nyen vett\u00fcnk r\u00e9szt: a Modernlog \u00e9s az ITM Industry\" \/>\n<meta property=\"og:url\" content=\"https:\/\/antersystem.com\/hu\/hirek\/trade-fairs-modernlog-and-itm-industry-europe-2025\/\" \/>\n<meta property=\"og:site_name\" content=\"Anter System\" \/>\n<meta property=\"article:modified_time\" content=\"2026-02-02T14:23:25+00:00\" \/>\n<meta property=\"og:image\" content=\"https:\/\/antersystem.com\/wp-content\/uploads\/modernlog-2025-011-683x1024.png\" \/>\n<meta name=\"twitter:card\" content=\"summary_large_image\" \/>\n<meta name=\"twitter:label1\" content=\"Becs\u00fclt olvas\u00e1si id\u0151\" \/>\n\t<meta name=\"twitter:data1\" content=\"4 perc\" \/>\n<script type=\"application\/ld+json\" class=\"yoast-schema-graph\">{\"@context\":\"https:\/\/schema.org\",\"@graph\":[{\"@type\":\"WebPage\",\"@id\":\"https:\/\/antersystem.com\/hu\/hirek\/trade-fairs-modernlog-and-itm-industry-europe-2025\/\",\"url\":\"https:\/\/antersystem.com\/hu\/hirek\/trade-fairs-modernlog-and-itm-industry-europe-2025\/\",\"name\":\"Modernlog \u00e9s ITM Industry Europe 2025 v\u00e1s\u00e1rok - Anter System\",\"isPartOf\":{\"@id\":\"https:\/\/antersystem.com\/hu\/#website\"},\"primaryImageOfPage\":{\"@id\":\"https:\/\/antersystem.com\/hu\/hirek\/trade-fairs-modernlog-and-itm-industry-europe-2025\/#primaryimage\"},\"image\":{\"@id\":\"https:\/\/antersystem.com\/hu\/hirek\/trade-fairs-modernlog-and-itm-industry-europe-2025\/#primaryimage\"},\"thumbnailUrl\":\"https:\/\/antersystem.com\/wp-content\/uploads\/modernlog-2025-011-683x1024.png\",\"datePublished\":\"2025-06-09T06:46:29+00:00\",\"dateModified\":\"2026-02-02T14:23:25+00:00\",\"description\":\"Jelent\u00e9s a pozna\u0144i ipari \u00e9s logisztikai v\u00e1s\u00e1rokr\u00f3l 2025. j\u00fanius 3-5. k\u00f6z\u00f6tt k\u00e9t fontos ipar\u00e1gi rendezv\u00e9nyen vett\u00fcnk r\u00e9szt: a Modernlog \u00e9s az ITM Industry\",\"breadcrumb\":{\"@id\":\"https:\/\/antersystem.com\/hu\/hirek\/trade-fairs-modernlog-and-itm-industry-europe-2025\/#breadcrumb\"},\"inLanguage\":\"hu\",\"potentialAction\":[{\"@type\":\"ReadAction\",\"target\":[\"https:\/\/antersystem.com\/hu\/hirek\/trade-fairs-modernlog-and-itm-industry-europe-2025\/\"]}]},{\"@type\":\"ImageObject\",\"inLanguage\":\"hu\",\"@id\":\"https:\/\/antersystem.com\/hu\/hirek\/trade-fairs-modernlog-and-itm-industry-europe-2025\/#primaryimage\",\"url\":\"https:\/\/antersystem.com\/wp-content\/uploads\/modernlog-2025-011-683x1024.png\",\"contentUrl\":\"https:\/\/antersystem.com\/wp-content\/uploads\/modernlog-2025-011-683x1024.png\"},{\"@type\":\"BreadcrumbList\",\"@id\":\"https:\/\/antersystem.com\/hu\/hirek\/trade-fairs-modernlog-and-itm-industry-europe-2025\/#breadcrumb\",\"itemListElement\":[{\"@type\":\"ListItem\",\"position\":1,\"name\":\"AnterSystem\",\"item\":\"https:\/\/antersystem.com\/hu\/\"},{\"@type\":\"ListItem\",\"position\":2,\"name\":\"H\u00edrek\",\"item\":\"https:\/\/antersystem.com\/hu\/hirek\/\"},{\"@type\":\"ListItem\",\"position\":3,\"name\":\"Modernlog \u00e9s ITM Industry Europe 2025 v\u00e1s\u00e1rok\"}]},{\"@type\":\"WebSite\",\"@id\":\"https:\/\/antersystem.com\/hu\/#website\",\"url\":\"https:\/\/antersystem.com\/hu\/\",\"name\":\"Anter System\",\"description\":\"Jeste\u015bmy polskim producentem elastycznych barier ochronnych wykonywanych z polimerowych tworzyw sztucznych. Na rynku krajowym i zagranicznym dzia\u0142amy od ponad 15 lat dbaj\u0105c o zapewnienie bezpiecze\u0144stwa w zak\u0142adach produkcyjnych, magazynach oraz centrach logistycznych.\",\"potentialAction\":[{\"@type\":\"SearchAction\",\"target\":{\"@type\":\"EntryPoint\",\"urlTemplate\":\"https:\/\/antersystem.com\/hu\/?s={search_term_string}\"},\"query-input\":{\"@type\":\"PropertyValueSpecification\",\"valueRequired\":true,\"valueName\":\"search_term_string\"}}],\"inLanguage\":\"hu\"}]}<\/script>\n<!-- \/ Yoast SEO plugin. -->","yoast_head_json":{"title":"Modernlog \u00e9s ITM Industry Europe 2025 v\u00e1s\u00e1rok - Anter System","description":"Jelent\u00e9s a pozna\u0144i ipari \u00e9s logisztikai v\u00e1s\u00e1rokr\u00f3l 2025. j\u00fanius 3-5. k\u00f6z\u00f6tt k\u00e9t fontos ipar\u00e1gi rendezv\u00e9nyen vett\u00fcnk r\u00e9szt: a Modernlog \u00e9s az ITM Industry","robots":{"index":"index","follow":"follow","max-snippet":"max-snippet:-1","max-image-preview":"max-image-preview:large","max-video-preview":"max-video-preview:-1"},"canonical":"https:\/\/antersystem.com\/hu\/hirek\/trade-fairs-modernlog-and-itm-industry-europe-2025\/","og_locale":"hu_HU","og_type":"article","og_title":"Modernlog \u00e9s ITM Industry Europe 2025 v\u00e1s\u00e1rok - Anter System","og_description":"Jelent\u00e9s a pozna\u0144i ipari \u00e9s logisztikai v\u00e1s\u00e1rokr\u00f3l 2025. j\u00fanius 3-5. k\u00f6z\u00f6tt k\u00e9t fontos ipar\u00e1gi rendezv\u00e9nyen vett\u00fcnk r\u00e9szt: a Modernlog \u00e9s az ITM Industry","og_url":"https:\/\/antersystem.com\/hu\/hirek\/trade-fairs-modernlog-and-itm-industry-europe-2025\/","og_site_name":"Anter System","article_modified_time":"2026-02-02T14:23:25+00:00","og_image":[{"url":"https:\/\/antersystem.com\/wp-content\/uploads\/modernlog-2025-011-683x1024.png","type":"","width":"","height":""}],"twitter_card":"summary_large_image","twitter_misc":{"Becs\u00fclt olvas\u00e1si id\u0151":"4 perc"},"schema":{"@context":"https:\/\/schema.org","@graph":[{"@type":"WebPage","@id":"https:\/\/antersystem.com\/hu\/hirek\/trade-fairs-modernlog-and-itm-industry-europe-2025\/","url":"https:\/\/antersystem.com\/hu\/hirek\/trade-fairs-modernlog-and-itm-industry-europe-2025\/","name":"Modernlog \u00e9s ITM Industry Europe 2025 v\u00e1s\u00e1rok - Anter System","isPartOf":{"@id":"https:\/\/antersystem.com\/hu\/#website"},"primaryImageOfPage":{"@id":"https:\/\/antersystem.com\/hu\/hirek\/trade-fairs-modernlog-and-itm-industry-europe-2025\/#primaryimage"},"image":{"@id":"https:\/\/antersystem.com\/hu\/hirek\/trade-fairs-modernlog-and-itm-industry-europe-2025\/#primaryimage"},"thumbnailUrl":"https:\/\/antersystem.com\/wp-content\/uploads\/modernlog-2025-011-683x1024.png","datePublished":"2025-06-09T06:46:29+00:00","dateModified":"2026-02-02T14:23:25+00:00","description":"Jelent\u00e9s a pozna\u0144i ipari \u00e9s logisztikai v\u00e1s\u00e1rokr\u00f3l 2025. j\u00fanius 3-5. k\u00f6z\u00f6tt k\u00e9t fontos ipar\u00e1gi rendezv\u00e9nyen vett\u00fcnk r\u00e9szt: a Modernlog \u00e9s az ITM Industry","breadcrumb":{"@id":"https:\/\/antersystem.com\/hu\/hirek\/trade-fairs-modernlog-and-itm-industry-europe-2025\/#breadcrumb"},"inLanguage":"hu","potentialAction":[{"@type":"ReadAction","target":["https:\/\/antersystem.com\/hu\/hirek\/trade-fairs-modernlog-and-itm-industry-europe-2025\/"]}]},{"@type":"ImageObject","inLanguage":"hu","@id":"https:\/\/antersystem.com\/hu\/hirek\/trade-fairs-modernlog-and-itm-industry-europe-2025\/#primaryimage","url":"https:\/\/antersystem.com\/wp-content\/uploads\/modernlog-2025-011-683x1024.png","contentUrl":"https:\/\/antersystem.com\/wp-content\/uploads\/modernlog-2025-011-683x1024.png"},{"@type":"BreadcrumbList","@id":"https:\/\/antersystem.com\/hu\/hirek\/trade-fairs-modernlog-and-itm-industry-europe-2025\/#breadcrumb","itemListElement":[{"@type":"ListItem","position":1,"name":"AnterSystem","item":"https:\/\/antersystem.com\/hu\/"},{"@type":"ListItem","position":2,"name":"H\u00edrek","item":"https:\/\/antersystem.com\/hu\/hirek\/"},{"@type":"ListItem","position":3,"name":"Modernlog \u00e9s ITM Industry Europe 2025 v\u00e1s\u00e1rok"}]},{"@type":"WebSite","@id":"https:\/\/antersystem.com\/hu\/#website","url":"https:\/\/antersystem.com\/hu\/","name":"Anter System","description":"Jeste\u015bmy polskim producentem elastycznych barier ochronnych wykonywanych z polimerowych tworzyw sztucznych. Na rynku krajowym i zagranicznym dzia\u0142amy od ponad 15 lat dbaj\u0105c o zapewnienie bezpiecze\u0144stwa w zak\u0142adach produkcyjnych, magazynach oraz centrach logistycznych.","potentialAction":[{"@type":"SearchAction","target":{"@type":"EntryPoint","urlTemplate":"https:\/\/antersystem.com\/hu\/?s={search_term_string}"},"query-input":{"@type":"PropertyValueSpecification","valueRequired":true,"valueName":"search_term_string"}}],"inLanguage":"hu"}]}},"_links":{"self":[{"href":"https:\/\/antersystem.com\/hu\/wp-json\/wp\/v2\/pages\/38988","targetHints":{"allow":["GET"]}}],"collection":[{"href":"https:\/\/antersystem.com\/hu\/wp-json\/wp\/v2\/pages"}],"about":[{"href":"https:\/\/antersystem.com\/hu\/wp-json\/wp\/v2\/types\/page"}],"author":[{"embeddable":true,"href":"https:\/\/antersystem.com\/hu\/wp-json\/wp\/v2\/users\/11"}],"replies":[{"embeddable":true,"href":"https:\/\/antersystem.com\/hu\/wp-json\/wp\/v2\/comments?post=38988"}],"version-history":[{"count":1,"href":"https:\/\/antersystem.com\/hu\/wp-json\/wp\/v2\/pages\/38988\/revisions"}],"predecessor-version":[{"id":38990,"href":"https:\/\/antersystem.com\/hu\/wp-json\/wp\/v2\/pages\/38988\/revisions\/38990"}],"up":[{"embeddable":true,"href":"https:\/\/antersystem.com\/hu\/wp-json\/wp\/v2\/pages\/30300"}],"wp:attachment":[{"href":"https:\/\/antersystem.com\/hu\/wp-json\/wp\/v2\/media?parent=38988"}],"curies":[{"name":"wp","href":"https:\/\/api.w.org\/{rel}","templated":true}]}}