{"id":39014,"date":"2023-10-11T15:11:24","date_gmt":"2023-10-11T13:11:24","guid":{"rendered":"https:\/\/antersystem.com\/hirek\/product-of-the-year-2019\/"},"modified":"2026-02-02T15:24:49","modified_gmt":"2026-02-02T14:24:49","slug":"product-of-the-year-2019","status":"publish","type":"page","link":"https:\/\/antersystem.com\/hu\/hirek\/product-of-the-year-2019\/","title":{"rendered":"Az \u00e9v term\u00e9ke 2019"},"content":{"rendered":"\n<div class=\"wp-block-columns is-layout-flex wp-container-core-columns-is-layout-9d6595d7 wp-block-columns-is-layout-flex\">\n<div class=\"wp-block-column is-layout-flow wp-block-column-is-layout-flow\" style=\"flex-basis:10%\"><\/div>\n\n\n\n<div class=\"wp-block-column is-layout-flow wp-block-column-is-layout-flow\">\n<h3 class=\"wp-block-heading\">A JST 1.2 f\u00e9lp\u00f3tkocsitart\u00f3 nyerte a Engineering &amp; Maintenance szavaz\u00e1st &#8211; Az \u00e9v term\u00e9ke 2019-ben<\/h3>\n\n\n\n<p style=\"text-align: left;\">A JST 1.2 f\u00e9lp\u00f3tkocsi-tart\u00f3t \u00fagy tervezt\u00e9k, hogy biztons\u00e1got ny\u00fajtson az \u00e1ruk f\u00e9lp\u00f3tkocsira t\u00f6rt\u00e9n\u0151 be- \u00e9s kirakod\u00e1sakor, vontat\u00f3 haszn\u00e1lata n\u00e9lk\u00fcl. A t\u00e1masz hat\u00e9konyan megakad\u00e1lyozza a p\u00f3tkocsi megd\u0151l\u00e9s\u00e9t vagy felborul\u00e1s\u00e1t, \u00edgy minim\u00e1lisra cs\u00f6kkenti a balesetek kock\u00e1zat\u00e1t. <strong>A megfelel\u0151 biztons\u00e1gi megold\u00e1sokba val\u00f3 befektet\u00e9s el\u0151nyeit a rakod\u00f3\u00e1llom\u00e1sokon a Engineering &amp; Maintenance szavaz\u00e1son ismert\u00e9k el, \u00e9s <a href=\"https:\/\/utrzymanieruchu.pl\/konkurs-produkt-roku-2019-rozstrzygniety\/\">a JST 1.2 p\u00f3tkocsi-t\u00e1masz elnyerte a 2019-es \u00e9v term\u00e9ke d\u00edjat a kateg\u00f3ri\u00e1ban: Sz\u00e1ll\u00edt\u00f3eszk\u00f6z\u00f6k kateg\u00f3ri\u00e1ban.<\/a><\/strong> <\/p>\n<p style=\"text-align: left;\">A term\u00e9k \u00f6nter\u00fcl\u0151 rendszerrel rendelkezik, \u00e9s magass\u00e1ga sz\u00fcks\u00e9g szerint \u00e1ll\u00edthat\u00f3. A mobilit\u00e1si rendszer lehet\u0151v\u00e9 teszi, hogy a t\u00e1maszt\u00e9k k\u00f6nnyen elhelyezhet\u0151 legyen a f\u00e9lp\u00f3tkocsi alatt. A p\u00f3tkocsigy\u00e1rt\u00f3k a vontat\u00f3j\u00e1rm\u0171vek n\u00e9lk\u00fcli rakod\u00e1skor a t\u00e1maszok haszn\u00e1lat\u00e1t javasolj\u00e1k &#8211; s\u0151t, egyes f\u00e9lp\u00f3tkocsikon figyelmeztet\u0151 matric\u00e1k tal\u00e1lhat\u00f3k, amelyek a kieg\u00e9sz\u00edt\u0151 t\u00e1maszok haszn\u00e1lat\u00e1t javasolj\u00e1k.  <\/p>\n\n\n<div class=\"wp-block-image\">\n<figure class=\"aligncenter size-full is-resized\"><img loading=\"lazy\" decoding=\"async\" src=\"https:\/\/antersystem.com\/wp-content\/uploads\/Produkt-roku-2019-1.png\" alt=\"\" class=\"wp-image-2832\" style=\"width:485px;height:451px\" width=\"485\" height=\"451\" srcset=\"https:\/\/antersystem.com\/wp-content\/uploads\/Produkt-roku-2019-1.png 648w, https:\/\/antersystem.com\/wp-content\/uploads\/Produkt-roku-2019-1-300x279.png 300w, https:\/\/antersystem.com\/wp-content\/uploads\/Produkt-roku-2019-1-450x419.png 450w, https:\/\/antersystem.com\/wp-content\/uploads\/Produkt-roku-2019-1-330x307.png 330w\" sizes=\"auto, (max-width: 485px) 100vw, 485px\" \/><\/figure><\/div><\/div>\n\n\n\n<div class=\"wp-block-column is-layout-flow wp-block-column-is-layout-flow\" style=\"flex-basis:10%\"><\/div>\n<\/div>\n","protected":false},"excerpt":{"rendered":"<p>A JST 1.2 f\u00e9lp\u00f3tkocsitart\u00f3 nyerte a Engineering &amp; Maintenance szavaz\u00e1st &#8211; Az \u00e9v term\u00e9ke 2019-ben A JST 1.2 f\u00e9lp\u00f3tkocsi-tart\u00f3t \u00fagy tervezt\u00e9k, hogy biztons\u00e1got ny\u00fajtson az \u00e1ruk f\u00e9lp\u00f3tkocsira t\u00f6rt\u00e9n\u0151 be- \u00e9s kirakod\u00e1sakor, vontat\u00f3 haszn\u00e1lata n\u00e9lk\u00fcl. A t\u00e1masz hat\u00e9konyan megakad\u00e1lyozza a p\u00f3tkocsi megd\u0151l\u00e9s\u00e9t vagy felborul\u00e1s\u00e1t, \u00edgy minim\u00e1lisra cs\u00f6kkenti a balesetek kock\u00e1zat\u00e1t. A megfelel\u0151 biztons\u00e1gi megold\u00e1sokba val\u00f3 befektet\u00e9s [&hellip;]<\/p>\n","protected":false},"author":1,"featured_media":0,"parent":30300,"menu_order":0,"comment_status":"closed","ping_status":"closed","template":"","meta":{"inline_featured_image":false,"ngg_post_thumbnail":0,"footnotes":""},"class_list":["post-39014","page","type-page","status-publish","hentry"],"acf":[],"yoast_head":"<!-- This site is optimized with the Yoast SEO plugin v27.0 - https:\/\/yoast.com\/product\/yoast-seo-wordpress\/ -->\n<title>Az \u00e9v term\u00e9ke 2019 - Anter System<\/title>\n<meta name=\"description\" content=\"A JST 1.2 f\u00e9lp\u00f3tkocsitart\u00f3 nyerte a Engineering &amp; Maintenance szavaz\u00e1st - Az \u00e9v term\u00e9ke 2019-ben A JST 1.2 f\u00e9lp\u00f3tkocsi-tart\u00f3t \u00fagy tervezt\u00e9k, hogy\" \/>\n<meta name=\"robots\" content=\"index, follow, max-snippet:-1, max-image-preview:large, max-video-preview:-1\" \/>\n<link rel=\"canonical\" href=\"https:\/\/antersystem.com\/hu\/hirek\/product-of-the-year-2019\/\" \/>\n<meta property=\"og:locale\" content=\"hu_HU\" \/>\n<meta property=\"og:type\" content=\"article\" \/>\n<meta property=\"og:title\" content=\"Az \u00e9v term\u00e9ke 2019 - Anter System\" \/>\n<meta property=\"og:description\" content=\"A JST 1.2 f\u00e9lp\u00f3tkocsitart\u00f3 nyerte a Engineering &amp; Maintenance szavaz\u00e1st - Az \u00e9v term\u00e9ke 2019-ben A JST 1.2 f\u00e9lp\u00f3tkocsi-tart\u00f3t \u00fagy tervezt\u00e9k, hogy\" \/>\n<meta property=\"og:url\" content=\"https:\/\/antersystem.com\/hu\/hirek\/product-of-the-year-2019\/\" \/>\n<meta property=\"og:site_name\" content=\"Anter System\" \/>\n<meta property=\"article:modified_time\" content=\"2026-02-02T14:24:49+00:00\" \/>\n<meta property=\"og:image\" content=\"https:\/\/antersystem.com\/wp-content\/uploads\/Produkt-roku-2019-1.png\" \/>\n<meta name=\"twitter:card\" content=\"summary_large_image\" \/>\n<meta name=\"twitter:label1\" content=\"Becs\u00fclt olvas\u00e1si id\u0151\" \/>\n\t<meta name=\"twitter:data1\" content=\"1 perc\" \/>\n<script type=\"application\/ld+json\" class=\"yoast-schema-graph\">{\"@context\":\"https:\/\/schema.org\",\"@graph\":[{\"@type\":\"WebPage\",\"@id\":\"https:\/\/antersystem.com\/hu\/hirek\/product-of-the-year-2019\/\",\"url\":\"https:\/\/antersystem.com\/hu\/hirek\/product-of-the-year-2019\/\",\"name\":\"Az \u00e9v term\u00e9ke 2019 - Anter System\",\"isPartOf\":{\"@id\":\"https:\/\/antersystem.com\/hu\/#website\"},\"primaryImageOfPage\":{\"@id\":\"https:\/\/antersystem.com\/hu\/hirek\/product-of-the-year-2019\/#primaryimage\"},\"image\":{\"@id\":\"https:\/\/antersystem.com\/hu\/hirek\/product-of-the-year-2019\/#primaryimage\"},\"thumbnailUrl\":\"https:\/\/antersystem.com\/wp-content\/uploads\/Produkt-roku-2019-1.png\",\"datePublished\":\"2023-10-11T13:11:24+00:00\",\"dateModified\":\"2026-02-02T14:24:49+00:00\",\"description\":\"A JST 1.2 f\u00e9lp\u00f3tkocsitart\u00f3 nyerte a Engineering &amp; Maintenance szavaz\u00e1st - Az \u00e9v term\u00e9ke 2019-ben A JST 1.2 f\u00e9lp\u00f3tkocsi-tart\u00f3t \u00fagy tervezt\u00e9k, hogy\",\"breadcrumb\":{\"@id\":\"https:\/\/antersystem.com\/hu\/hirek\/product-of-the-year-2019\/#breadcrumb\"},\"inLanguage\":\"hu\",\"potentialAction\":[{\"@type\":\"ReadAction\",\"target\":[\"https:\/\/antersystem.com\/hu\/hirek\/product-of-the-year-2019\/\"]}]},{\"@type\":\"ImageObject\",\"inLanguage\":\"hu\",\"@id\":\"https:\/\/antersystem.com\/hu\/hirek\/product-of-the-year-2019\/#primaryimage\",\"url\":\"https:\/\/antersystem.com\/wp-content\/uploads\/Produkt-roku-2019-1.png\",\"contentUrl\":\"https:\/\/antersystem.com\/wp-content\/uploads\/Produkt-roku-2019-1.png\"},{\"@type\":\"BreadcrumbList\",\"@id\":\"https:\/\/antersystem.com\/hu\/hirek\/product-of-the-year-2019\/#breadcrumb\",\"itemListElement\":[{\"@type\":\"ListItem\",\"position\":1,\"name\":\"AnterSystem\",\"item\":\"https:\/\/antersystem.com\/hu\/\"},{\"@type\":\"ListItem\",\"position\":2,\"name\":\"H\u00edrek\",\"item\":\"https:\/\/antersystem.com\/hu\/hirek\/\"},{\"@type\":\"ListItem\",\"position\":3,\"name\":\"Az \u00e9v term\u00e9ke 2019\"}]},{\"@type\":\"WebSite\",\"@id\":\"https:\/\/antersystem.com\/hu\/#website\",\"url\":\"https:\/\/antersystem.com\/hu\/\",\"name\":\"Anter System\",\"description\":\"Jeste\u015bmy polskim producentem elastycznych barier ochronnych wykonywanych z polimerowych tworzyw sztucznych. Na rynku krajowym i zagranicznym dzia\u0142amy od ponad 15 lat dbaj\u0105c o zapewnienie bezpiecze\u0144stwa w zak\u0142adach produkcyjnych, magazynach oraz centrach logistycznych.\",\"potentialAction\":[{\"@type\":\"SearchAction\",\"target\":{\"@type\":\"EntryPoint\",\"urlTemplate\":\"https:\/\/antersystem.com\/hu\/?s={search_term_string}\"},\"query-input\":{\"@type\":\"PropertyValueSpecification\",\"valueRequired\":true,\"valueName\":\"search_term_string\"}}],\"inLanguage\":\"hu\"}]}<\/script>\n<!-- \/ Yoast SEO plugin. -->","yoast_head_json":{"title":"Az \u00e9v term\u00e9ke 2019 - Anter System","description":"A JST 1.2 f\u00e9lp\u00f3tkocsitart\u00f3 nyerte a Engineering &amp; Maintenance szavaz\u00e1st - Az \u00e9v term\u00e9ke 2019-ben A JST 1.2 f\u00e9lp\u00f3tkocsi-tart\u00f3t \u00fagy tervezt\u00e9k, hogy","robots":{"index":"index","follow":"follow","max-snippet":"max-snippet:-1","max-image-preview":"max-image-preview:large","max-video-preview":"max-video-preview:-1"},"canonical":"https:\/\/antersystem.com\/hu\/hirek\/product-of-the-year-2019\/","og_locale":"hu_HU","og_type":"article","og_title":"Az \u00e9v term\u00e9ke 2019 - Anter System","og_description":"A JST 1.2 f\u00e9lp\u00f3tkocsitart\u00f3 nyerte a Engineering &amp; Maintenance szavaz\u00e1st - Az \u00e9v term\u00e9ke 2019-ben A JST 1.2 f\u00e9lp\u00f3tkocsi-tart\u00f3t \u00fagy tervezt\u00e9k, hogy","og_url":"https:\/\/antersystem.com\/hu\/hirek\/product-of-the-year-2019\/","og_site_name":"Anter System","article_modified_time":"2026-02-02T14:24:49+00:00","og_image":[{"url":"https:\/\/antersystem.com\/wp-content\/uploads\/Produkt-roku-2019-1.png","type":"","width":"","height":""}],"twitter_card":"summary_large_image","twitter_misc":{"Becs\u00fclt olvas\u00e1si id\u0151":"1 perc"},"schema":{"@context":"https:\/\/schema.org","@graph":[{"@type":"WebPage","@id":"https:\/\/antersystem.com\/hu\/hirek\/product-of-the-year-2019\/","url":"https:\/\/antersystem.com\/hu\/hirek\/product-of-the-year-2019\/","name":"Az \u00e9v term\u00e9ke 2019 - Anter System","isPartOf":{"@id":"https:\/\/antersystem.com\/hu\/#website"},"primaryImageOfPage":{"@id":"https:\/\/antersystem.com\/hu\/hirek\/product-of-the-year-2019\/#primaryimage"},"image":{"@id":"https:\/\/antersystem.com\/hu\/hirek\/product-of-the-year-2019\/#primaryimage"},"thumbnailUrl":"https:\/\/antersystem.com\/wp-content\/uploads\/Produkt-roku-2019-1.png","datePublished":"2023-10-11T13:11:24+00:00","dateModified":"2026-02-02T14:24:49+00:00","description":"A JST 1.2 f\u00e9lp\u00f3tkocsitart\u00f3 nyerte a Engineering &amp; Maintenance szavaz\u00e1st - Az \u00e9v term\u00e9ke 2019-ben A JST 1.2 f\u00e9lp\u00f3tkocsi-tart\u00f3t \u00fagy tervezt\u00e9k, hogy","breadcrumb":{"@id":"https:\/\/antersystem.com\/hu\/hirek\/product-of-the-year-2019\/#breadcrumb"},"inLanguage":"hu","potentialAction":[{"@type":"ReadAction","target":["https:\/\/antersystem.com\/hu\/hirek\/product-of-the-year-2019\/"]}]},{"@type":"ImageObject","inLanguage":"hu","@id":"https:\/\/antersystem.com\/hu\/hirek\/product-of-the-year-2019\/#primaryimage","url":"https:\/\/antersystem.com\/wp-content\/uploads\/Produkt-roku-2019-1.png","contentUrl":"https:\/\/antersystem.com\/wp-content\/uploads\/Produkt-roku-2019-1.png"},{"@type":"BreadcrumbList","@id":"https:\/\/antersystem.com\/hu\/hirek\/product-of-the-year-2019\/#breadcrumb","itemListElement":[{"@type":"ListItem","position":1,"name":"AnterSystem","item":"https:\/\/antersystem.com\/hu\/"},{"@type":"ListItem","position":2,"name":"H\u00edrek","item":"https:\/\/antersystem.com\/hu\/hirek\/"},{"@type":"ListItem","position":3,"name":"Az \u00e9v term\u00e9ke 2019"}]},{"@type":"WebSite","@id":"https:\/\/antersystem.com\/hu\/#website","url":"https:\/\/antersystem.com\/hu\/","name":"Anter System","description":"Jeste\u015bmy polskim producentem elastycznych barier ochronnych wykonywanych z polimerowych tworzyw sztucznych. Na rynku krajowym i zagranicznym dzia\u0142amy od ponad 15 lat dbaj\u0105c o zapewnienie bezpiecze\u0144stwa w zak\u0142adach produkcyjnych, magazynach oraz centrach logistycznych.","potentialAction":[{"@type":"SearchAction","target":{"@type":"EntryPoint","urlTemplate":"https:\/\/antersystem.com\/hu\/?s={search_term_string}"},"query-input":{"@type":"PropertyValueSpecification","valueRequired":true,"valueName":"search_term_string"}}],"inLanguage":"hu"}]}},"_links":{"self":[{"href":"https:\/\/antersystem.com\/hu\/wp-json\/wp\/v2\/pages\/39014","targetHints":{"allow":["GET"]}}],"collection":[{"href":"https:\/\/antersystem.com\/hu\/wp-json\/wp\/v2\/pages"}],"about":[{"href":"https:\/\/antersystem.com\/hu\/wp-json\/wp\/v2\/types\/page"}],"author":[{"embeddable":true,"href":"https:\/\/antersystem.com\/hu\/wp-json\/wp\/v2\/users\/1"}],"replies":[{"embeddable":true,"href":"https:\/\/antersystem.com\/hu\/wp-json\/wp\/v2\/comments?post=39014"}],"version-history":[{"count":1,"href":"https:\/\/antersystem.com\/hu\/wp-json\/wp\/v2\/pages\/39014\/revisions"}],"predecessor-version":[{"id":39016,"href":"https:\/\/antersystem.com\/hu\/wp-json\/wp\/v2\/pages\/39014\/revisions\/39016"}],"up":[{"embeddable":true,"href":"https:\/\/antersystem.com\/hu\/wp-json\/wp\/v2\/pages\/30300"}],"wp:attachment":[{"href":"https:\/\/antersystem.com\/hu\/wp-json\/wp\/v2\/media?parent=39014"}],"curies":[{"name":"wp","href":"https:\/\/api.w.org\/{rel}","templated":true}]}}