{"id":39209,"date":"2024-02-08T14:55:05","date_gmt":"2024-02-08T13:55:05","guid":{"rendered":"https:\/\/antersystem.com\/hirek\/warehouse-logistics-at-the-trade-fair-intralogistica-2024\/"},"modified":"2026-02-04T11:22:34","modified_gmt":"2026-02-04T10:22:34","slug":"warehouse-logistics-at-the-trade-fair-intralogistica-2024","status":"publish","type":"page","link":"https:\/\/antersystem.com\/hu\/hirek\/warehouse-logistics-at-the-trade-fair-intralogistica-2024\/","title":{"rendered":"Rakt\u00e1rlogisztika a v\u00e1s\u00e1ron"},"content":{"rendered":"\n<div class=\"wp-block-columns is-layout-flex wp-container-core-columns-is-layout-9d6595d7 wp-block-columns-is-layout-flex\">\n  \n  <div class=\"wp-block-column is-layout-flow wp-block-column-is-layout-flow\">\n    \n    <h3 class=\"wp-block-heading\"><\/h3>\n    \n\n    \n    <div class=\"wp-block-columns is-layout-flex wp-container-core-columns-is-layout-9d6595d7 wp-block-columns-is-layout-flex\">\n      \n      <div class=\"wp-block-column is-layout-flow wp-block-column-is-layout-flow\" style=\"flex-basis:10%\"><\/div>\n      \n\n      \n      <div class=\"wp-block-column is-layout-flow wp-block-column-is-layout-flow\">\n        \n        <h3 class=\"wp-block-heading\"><strong> <\/strong>Intralogistica Poland EXPO &#8211; janu\u00e1r 24-26, 2024<\/h3>\n        \n\n        \n        <p>Az \u00e9lm\u00e9ny m\u00e1r m\u00f6g\u00f6tt\u00fcnk van &#8211; \u00e9s micsoda \u00e9lm\u00e9ny volt! Szeretn\u00e9nk k\u00f6sz\u00f6netet mondani <a href=\"https:\/\/antersystem.com\/kategorie_produktow\/bariery-bezpieczenstwa-dla-pieszych\/\">a rugalmas biztons\u00e1gi korl\u00e1tokkal felszerelt standunk megl\u00e1togat\u00e1s\u00e1\u00e9rt , valamint<\/a> a nagyszer\u0171 hangulat\u00e9rt, amelyet a l\u00e1togat\u00f3kkal \u00e9s a szervez\u0151kkel egy\u00fctt teremtett\u00fcnk. K\u00fcl\u00f6n\u00f6sen el\u00e9gedettek vagyunk <a href=\"https:\/\/antersystem.com\/kategorie_produktow\/technika-zaladunkowa\/\">, hogy bemutathattuk a Loading Technology megold\u00e1sainkat,<\/a> amelyek m\u00e9g nem sz\u00e9les k\u00f6rben ismertek a piacon, de jelent\u0151sen jav\u00edtj\u00e1k az \u00e1trakod\u00e1si folyamatokat. Biztons\u00e1gi t\u00e1maszok \u00e9s k\u00e9zi ker\u00e9kz\u00e1rak gy\u00e1rt\u00f3jak\u00e9nt t\u00e1mogatjuk a biztons\u00e1gos munkakult\u00far\u00e1t \u00e9s az integr\u00e1lt logisztikai ir\u00e1ny\u00edt\u00e1si rendszerekben rendelkez\u00e9sre \u00e1ll\u00f3 eszk\u00f6z\u00f6k intelligens haszn\u00e1lat\u00e1t.   <\/p>\n        \n\n        \n        <p>Az ehhez hasonl\u00f3 v\u00e1s\u00e1rok sz\u00e9lesk\u00f6r\u0171 k\u00e9pet ny\u00fajtanak arr\u00f3l, hogy mi t\u00f6rt\u00e9nik az ipar\u00e1gban &#8211; inspir\u00e1lnak, kapcsolatot teremtenek, \u00e9s lehet\u0151v\u00e9 teszik, hogy tal\u00e1lkozzunk olyan vezet\u0151kkel, akik megosztj\u00e1k tapasztalataikat \u00e9s sikert\u00f6rt\u00e9neteiket. Szeretn\u00e9nk k\u00f6sz\u00f6net\u00fcnket kifejezni a k\u00f6vetkez\u0151knek: <\/p>\n        \n\n        \n        <ul class=\"wp-block-list\"><li>Besz\u00e9lget\u00e9sek a t\u00fal nagy szellemi er\u0151fesz\u00edt\u00e9st ig\u00e9nyl\u0151, kih\u00edv\u00e1st jelent\u0151 munkafolyamatokr\u00f3l &#8211; egy olyan elm\u00e9lked\u00e9s, amelyet egy akad\u00e9miai szak\u00e9rt\u0151 inspir\u00e1lt, akivel a rendezv\u00e9nyen tal\u00e1lkoztunk.<\/li>\n          <li>A k\u00edv\u00e1ncsis\u00e1g \u00e9s a tisztess\u00e9ges megk\u00f6zel\u00edt\u00e9s m\u00e1s v\u00e1llalatok, ak\u00e1r versenyt\u00e1rsak fel\u00e9.<\/li>\n          <li>A nyitotts\u00e1g, hogy t\u00fall\u00e9pjen az \u00fczleti szerepeken, \u00e9s szem\u00e9lyesen tal\u00e1lkozzon vel\u00fcnk, \u0151szint\u00e9n \u00e9s \u00e9lesl\u00e1t\u00f3an megvitatva a mindennapi munkahelyi kock\u00e1zatokat.<\/li>\n          <li>Mag\u00e1val ragad\u00f3 besz\u00e9lget\u00e9sek \u00e9s v\u00e9lem\u00e9nycsere.<\/li>\n          <li>Az id\u0151, amit arra sz\u00e1nt, hogy megismerje k\u00edn\u00e1latunkat \u00e9s megn\u00e9zze rugalmas biztons\u00e1gi korl\u00e1tjainkat a gyakorlatban.<\/li>\n          <li>Kedves szavai \u00e9s elismer\u00e9se a standunk \u00e9s term\u00e9keink kialak\u00edt\u00e1s\u00e1val \u00e9s eszt\u00e9tikai \u00e9rt\u00e9k\u00e9vel kapcsolatban.<\/li>\n        <\/ul>\n\n        \n        <p>Biztos\u00edtjuk \u00d6nt, hogy csak relev\u00e1ns inform\u00e1ci\u00f3kkal fogjuk el\u00e9rni. Mindig nyitottak vagyunk arra, hogy megl\u00e1togassuk az \u00d6n rakt\u00e1r\u00e1t vagy gy\u00e1rt\u00e1si helysz\u00edn\u00e9t, hogy tan\u00e1csot adjunk az \u00d6n l\u00e9tes\u00edtm\u00e9nye sz\u00e1m\u00e1ra leghat\u00e9konyabb biztons\u00e1gi megold\u00e1sokkal kapcsolatban. El\u00e9rhet\u0151s\u00e9geinket megtal\u00e1lja weboldalunkon.  <\/p>\n        \n\n      <\/div>\n      \n\n      \n      <div class=\"wp-block-column is-layout-flow wp-block-column-is-layout-flow\" style=\"flex-basis:10%\"><\/div>\n      \n    <\/div>\n    \n\n    \n    ngg_shortcode_0_placeholder\n    \n  <\/div>\n  \n<\/div>\n","protected":false},"excerpt":{"rendered":"<p>Intralogistica Poland EXPO &#8211; janu\u00e1r 24-26, 2024 Az \u00e9lm\u00e9ny m\u00e1r m\u00f6g\u00f6tt\u00fcnk van &#8211; \u00e9s micsoda \u00e9lm\u00e9ny volt! Szeretn\u00e9nk k\u00f6sz\u00f6netet mondani a rugalmas biztons\u00e1gi korl\u00e1tokkal felszerelt standunk megl\u00e1togat\u00e1s\u00e1\u00e9rt , valamint a nagyszer\u0171 hangulat\u00e9rt, amelyet a l\u00e1togat\u00f3kkal \u00e9s a szervez\u0151kkel egy\u00fctt teremtett\u00fcnk. K\u00fcl\u00f6n\u00f6sen el\u00e9gedettek vagyunk , hogy bemutathattuk a Loading Technology megold\u00e1sainkat, amelyek m\u00e9g nem sz\u00e9les k\u00f6rben [&hellip;]<\/p>\n","protected":false},"author":1,"featured_media":0,"parent":30300,"menu_order":0,"comment_status":"closed","ping_status":"closed","template":"","meta":{"inline_featured_image":false,"ngg_post_thumbnail":0,"footnotes":""},"class_list":["post-39209","page","type-page","status-publish","hentry"],"acf":[],"yoast_head":"<!-- This site is optimized with the Yoast SEO plugin v27.0 - https:\/\/yoast.com\/product\/yoast-seo-wordpress\/ -->\n<title>Rakt\u00e1rlogisztika a v\u00e1s\u00e1ron - Anter System<\/title>\n<meta name=\"description\" content=\"Intralogistica Poland EXPO - janu\u00e1r 24-26, 2024 Az \u00e9lm\u00e9ny m\u00e1r m\u00f6g\u00f6tt\u00fcnk van - \u00e9s micsoda \u00e9lm\u00e9ny volt! Szeretn\u00e9nk k\u00f6sz\u00f6netet mondani a rugalmas biztons\u00e1gi\" \/>\n<meta name=\"robots\" content=\"index, follow, max-snippet:-1, max-image-preview:large, max-video-preview:-1\" \/>\n<link rel=\"canonical\" href=\"https:\/\/antersystem.com\/hu\/hirek\/warehouse-logistics-at-the-trade-fair-intralogistica-2024\/\" \/>\n<meta property=\"og:locale\" content=\"hu_HU\" \/>\n<meta property=\"og:type\" content=\"article\" \/>\n<meta property=\"og:title\" content=\"Rakt\u00e1rlogisztika a v\u00e1s\u00e1ron - Anter System\" \/>\n<meta property=\"og:description\" content=\"Intralogistica Poland EXPO - janu\u00e1r 24-26, 2024 Az \u00e9lm\u00e9ny m\u00e1r m\u00f6g\u00f6tt\u00fcnk van - \u00e9s micsoda \u00e9lm\u00e9ny volt! Szeretn\u00e9nk k\u00f6sz\u00f6netet mondani a rugalmas biztons\u00e1gi\" \/>\n<meta property=\"og:url\" content=\"https:\/\/antersystem.com\/hu\/hirek\/warehouse-logistics-at-the-trade-fair-intralogistica-2024\/\" \/>\n<meta property=\"og:site_name\" content=\"Anter System\" \/>\n<meta property=\"article:modified_time\" content=\"2026-02-04T10:22:34+00:00\" \/>\n<meta name=\"twitter:card\" content=\"summary_large_image\" \/>\n<meta name=\"twitter:label1\" content=\"Becs\u00fclt olvas\u00e1si id\u0151\" \/>\n\t<meta name=\"twitter:data1\" content=\"2 perc\" \/>\n<script type=\"application\/ld+json\" class=\"yoast-schema-graph\">{\"@context\":\"https:\/\/schema.org\",\"@graph\":[{\"@type\":\"WebPage\",\"@id\":\"https:\/\/antersystem.com\/hu\/hirek\/warehouse-logistics-at-the-trade-fair-intralogistica-2024\/\",\"url\":\"https:\/\/antersystem.com\/hu\/hirek\/warehouse-logistics-at-the-trade-fair-intralogistica-2024\/\",\"name\":\"Rakt\u00e1rlogisztika a v\u00e1s\u00e1ron - Anter System\",\"isPartOf\":{\"@id\":\"https:\/\/antersystem.com\/hu\/#website\"},\"datePublished\":\"2024-02-08T13:55:05+00:00\",\"dateModified\":\"2026-02-04T10:22:34+00:00\",\"description\":\"Intralogistica Poland EXPO - janu\u00e1r 24-26, 2024 Az \u00e9lm\u00e9ny m\u00e1r m\u00f6g\u00f6tt\u00fcnk van - \u00e9s micsoda \u00e9lm\u00e9ny volt! Szeretn\u00e9nk k\u00f6sz\u00f6netet mondani a rugalmas biztons\u00e1gi\",\"breadcrumb\":{\"@id\":\"https:\/\/antersystem.com\/hu\/hirek\/warehouse-logistics-at-the-trade-fair-intralogistica-2024\/#breadcrumb\"},\"inLanguage\":\"hu\",\"potentialAction\":[{\"@type\":\"ReadAction\",\"target\":[\"https:\/\/antersystem.com\/hu\/hirek\/warehouse-logistics-at-the-trade-fair-intralogistica-2024\/\"]}]},{\"@type\":\"BreadcrumbList\",\"@id\":\"https:\/\/antersystem.com\/hu\/hirek\/warehouse-logistics-at-the-trade-fair-intralogistica-2024\/#breadcrumb\",\"itemListElement\":[{\"@type\":\"ListItem\",\"position\":1,\"name\":\"AnterSystem\",\"item\":\"https:\/\/antersystem.com\/hu\/\"},{\"@type\":\"ListItem\",\"position\":2,\"name\":\"H\u00edrek\",\"item\":\"https:\/\/antersystem.com\/hu\/hirek\/\"},{\"@type\":\"ListItem\",\"position\":3,\"name\":\"Rakt\u00e1rlogisztika a v\u00e1s\u00e1ron\"}]},{\"@type\":\"WebSite\",\"@id\":\"https:\/\/antersystem.com\/hu\/#website\",\"url\":\"https:\/\/antersystem.com\/hu\/\",\"name\":\"Anter System\",\"description\":\"Jeste\u015bmy polskim producentem elastycznych barier ochronnych wykonywanych z polimerowych tworzyw sztucznych. Na rynku krajowym i zagranicznym dzia\u0142amy od ponad 15 lat dbaj\u0105c o zapewnienie bezpiecze\u0144stwa w zak\u0142adach produkcyjnych, magazynach oraz centrach logistycznych.\",\"potentialAction\":[{\"@type\":\"SearchAction\",\"target\":{\"@type\":\"EntryPoint\",\"urlTemplate\":\"https:\/\/antersystem.com\/hu\/?s={search_term_string}\"},\"query-input\":{\"@type\":\"PropertyValueSpecification\",\"valueRequired\":true,\"valueName\":\"search_term_string\"}}],\"inLanguage\":\"hu\"}]}<\/script>\n<!-- \/ Yoast SEO plugin. -->","yoast_head_json":{"title":"Rakt\u00e1rlogisztika a v\u00e1s\u00e1ron - Anter System","description":"Intralogistica Poland EXPO - janu\u00e1r 24-26, 2024 Az \u00e9lm\u00e9ny m\u00e1r m\u00f6g\u00f6tt\u00fcnk van - \u00e9s micsoda \u00e9lm\u00e9ny volt! Szeretn\u00e9nk k\u00f6sz\u00f6netet mondani a rugalmas biztons\u00e1gi","robots":{"index":"index","follow":"follow","max-snippet":"max-snippet:-1","max-image-preview":"max-image-preview:large","max-video-preview":"max-video-preview:-1"},"canonical":"https:\/\/antersystem.com\/hu\/hirek\/warehouse-logistics-at-the-trade-fair-intralogistica-2024\/","og_locale":"hu_HU","og_type":"article","og_title":"Rakt\u00e1rlogisztika a v\u00e1s\u00e1ron - Anter System","og_description":"Intralogistica Poland EXPO - janu\u00e1r 24-26, 2024 Az \u00e9lm\u00e9ny m\u00e1r m\u00f6g\u00f6tt\u00fcnk van - \u00e9s micsoda \u00e9lm\u00e9ny volt! Szeretn\u00e9nk k\u00f6sz\u00f6netet mondani a rugalmas biztons\u00e1gi","og_url":"https:\/\/antersystem.com\/hu\/hirek\/warehouse-logistics-at-the-trade-fair-intralogistica-2024\/","og_site_name":"Anter System","article_modified_time":"2026-02-04T10:22:34+00:00","twitter_card":"summary_large_image","twitter_misc":{"Becs\u00fclt olvas\u00e1si id\u0151":"2 perc"},"schema":{"@context":"https:\/\/schema.org","@graph":[{"@type":"WebPage","@id":"https:\/\/antersystem.com\/hu\/hirek\/warehouse-logistics-at-the-trade-fair-intralogistica-2024\/","url":"https:\/\/antersystem.com\/hu\/hirek\/warehouse-logistics-at-the-trade-fair-intralogistica-2024\/","name":"Rakt\u00e1rlogisztika a v\u00e1s\u00e1ron - Anter System","isPartOf":{"@id":"https:\/\/antersystem.com\/hu\/#website"},"datePublished":"2024-02-08T13:55:05+00:00","dateModified":"2026-02-04T10:22:34+00:00","description":"Intralogistica Poland EXPO - janu\u00e1r 24-26, 2024 Az \u00e9lm\u00e9ny m\u00e1r m\u00f6g\u00f6tt\u00fcnk van - \u00e9s micsoda \u00e9lm\u00e9ny volt! Szeretn\u00e9nk k\u00f6sz\u00f6netet mondani a rugalmas biztons\u00e1gi","breadcrumb":{"@id":"https:\/\/antersystem.com\/hu\/hirek\/warehouse-logistics-at-the-trade-fair-intralogistica-2024\/#breadcrumb"},"inLanguage":"hu","potentialAction":[{"@type":"ReadAction","target":["https:\/\/antersystem.com\/hu\/hirek\/warehouse-logistics-at-the-trade-fair-intralogistica-2024\/"]}]},{"@type":"BreadcrumbList","@id":"https:\/\/antersystem.com\/hu\/hirek\/warehouse-logistics-at-the-trade-fair-intralogistica-2024\/#breadcrumb","itemListElement":[{"@type":"ListItem","position":1,"name":"AnterSystem","item":"https:\/\/antersystem.com\/hu\/"},{"@type":"ListItem","position":2,"name":"H\u00edrek","item":"https:\/\/antersystem.com\/hu\/hirek\/"},{"@type":"ListItem","position":3,"name":"Rakt\u00e1rlogisztika a v\u00e1s\u00e1ron"}]},{"@type":"WebSite","@id":"https:\/\/antersystem.com\/hu\/#website","url":"https:\/\/antersystem.com\/hu\/","name":"Anter System","description":"Jeste\u015bmy polskim producentem elastycznych barier ochronnych wykonywanych z polimerowych tworzyw sztucznych. Na rynku krajowym i zagranicznym dzia\u0142amy od ponad 15 lat dbaj\u0105c o zapewnienie bezpiecze\u0144stwa w zak\u0142adach produkcyjnych, magazynach oraz centrach logistycznych.","potentialAction":[{"@type":"SearchAction","target":{"@type":"EntryPoint","urlTemplate":"https:\/\/antersystem.com\/hu\/?s={search_term_string}"},"query-input":{"@type":"PropertyValueSpecification","valueRequired":true,"valueName":"search_term_string"}}],"inLanguage":"hu"}]}},"_links":{"self":[{"href":"https:\/\/antersystem.com\/hu\/wp-json\/wp\/v2\/pages\/39209","targetHints":{"allow":["GET"]}}],"collection":[{"href":"https:\/\/antersystem.com\/hu\/wp-json\/wp\/v2\/pages"}],"about":[{"href":"https:\/\/antersystem.com\/hu\/wp-json\/wp\/v2\/types\/page"}],"author":[{"embeddable":true,"href":"https:\/\/antersystem.com\/hu\/wp-json\/wp\/v2\/users\/1"}],"replies":[{"embeddable":true,"href":"https:\/\/antersystem.com\/hu\/wp-json\/wp\/v2\/comments?post=39209"}],"version-history":[{"count":3,"href":"https:\/\/antersystem.com\/hu\/wp-json\/wp\/v2\/pages\/39209\/revisions"}],"predecessor-version":[{"id":39236,"href":"https:\/\/antersystem.com\/hu\/wp-json\/wp\/v2\/pages\/39209\/revisions\/39236"}],"up":[{"embeddable":true,"href":"https:\/\/antersystem.com\/hu\/wp-json\/wp\/v2\/pages\/30300"}],"wp:attachment":[{"href":"https:\/\/antersystem.com\/hu\/wp-json\/wp\/v2\/media?parent=39209"}],"curies":[{"name":"wp","href":"https:\/\/api.w.org\/{rel}","templated":true}]}}