{"id":39247,"date":"2023-10-24T15:40:36","date_gmt":"2023-10-24T13:40:36","guid":{"rendered":"https:\/\/antersystem.com\/hirek\/trade-fair-in-toronto-november-79-2023\/"},"modified":"2026-02-04T11:22:38","modified_gmt":"2026-02-04T10:22:38","slug":"trade-fair-in-toronto-november-79-2023","status":"publish","type":"page","link":"https:\/\/antersystem.com\/hu\/hirek\/trade-fair-in-toronto-november-79-2023\/","title":{"rendered":"V\u00e1s\u00e1r Toront\u00f3ban, 2023. november 7-9., Toront\u00f3"},"content":{"rendered":"\n<div class=\"wp-block-columns is-layout-flex wp-container-core-columns-is-layout-9d6595d7 wp-block-columns-is-layout-flex\">\n<div class=\"wp-block-column is-layout-flow wp-block-column-is-layout-flow\" style=\"flex-basis:10%\"><\/div>\n\n\n\n<div class=\"wp-block-column is-layout-flow wp-block-column-is-layout-flow\">\n<h3 class=\"wp-block-heading\">V\u00e1s\u00e1r Toront\u00f3ban, 2023. november 7-9., Toront\u00f3<\/h3>\n\n\n\n<p style=\"text-align: left;\"><strong>November elej\u00e9n a toront\u00f3i PACK EX szakki\u00e1ll\u00edt\u00e1son a gy\u00e1rt\u00e1s vil\u00e1g\u00e1nak \u00fajdons\u00e1gaiba mer\u00fcl\u00fcnk bele.<\/strong>  Az Anter System szint\u00e9n ki\u00e1ll\u00edt az esem\u00e9nyen. November 7-9. k\u00f6z\u00f6tt tal\u00e1lkozhat vel\u00fcnk \u00e9s megtekintheti term\u00e9keinket, mint p\u00e9ld\u00e1ul <a href=\"https:\/\/antersystem.com\/kategorie_produktow\/slupki-ochronne\/\">a PA pollerek, KB v\u00e9d\u0151g\u00e1tak<\/a> \u00e9s rugalmas <a href=\"https:\/\/antersystem.com\/hu\/elastyczna-bariera-pedestrian-r3-hd-flexi-2\/\">gyalogos R3 korl\u00e1tok a 2318-as standon.<\/a> B\u00e1rkit, akit \u00e9rdekelnek a biztons\u00e1got jav\u00edt\u00f3 rendszerek, sz\u00edvesen l\u00e1tunk. <\/p>\n<h3><strong>Mi az a PACK EX?<\/strong><\/h3>\n<p>PACK EX az ADM Toront\u00f3n bel\u00fcli nagy m\u00e9rn\u00f6ki ki\u00e1ll\u00edt\u00e1sok k\u00f6z\u00e9 tartozik, \u00e9s a tervez\u00e9st\u0151l a gy\u00e1rt\u00e1sig a gy\u00e1rt\u00e1si folyamat minden szakasz\u00e1ban k\u00edn\u00e1l megold\u00e1sokat. Ez a maga nem\u00e9ben az egyetlen olyan rendezv\u00e9ny Kanad\u00e1ban, amely a csomagol\u00e1snak van szentelve. A v\u00e1s\u00e1r r\u00e9szek\u00e9nt a besz\u00e1ll\u00edt\u00f3k \u00e9s a v\u00e1s\u00e1rl\u00f3k felfedezhetik az ipar\u00e1gi innov\u00e1ci\u00f3kat, \u00faj technol\u00f3gi\u00e1kat fejleszthetnek, \u00e9s kapcsolatokat \u00e9p\u00edthetnek a szak\u00e9rt\u0151kkel. V\u00e9d\u0151g\u00e1tjainkkal t\u00f6k\u00e9letesen illeszked\u00fcnk a fenntarthat\u00f3s\u00e1gra \u00f6sszpontos\u00edt\u00f3 modern ipari k\u00f6rnyezetbe.   <\/p>\n<h3><strong>A kiad\u00e1s t\u00e9m\u00e1i<\/strong><\/h3>\n<p>Az idei kiad\u00e1s f\u0151 t\u00e9m\u00e1i a k\u00f6vetkez\u0151k:<\/p>\n<ul>\n<li style=\"text-align: left;\">az ipar\u00e1g vezet\u0151i bemutatj\u00e1k a leg\u00fajabb F&amp;B projekteket \u00e9s megold\u00e1sokat a mai kih\u00edv\u00e1soknak \u00e9s a hullad\u00e9kkal kapcsolatos szab\u00e1lyoz\u00e1soknak val\u00f3 megfelel\u00e9s \u00e9rdek\u00e9ben.<\/li>\n<li style=\"text-align: left;\">\u00e9lvonalbeli tartalom az intelligens gy\u00e1rt\u00e1st\u00f3l a csomagol\u00e1s automatiz\u00e1l\u00e1s\u00e1ig a vezet\u0151 termel\u00e9si \u00e1gazatokban: \u00e9lelmiszer- \u00e9s italgy\u00e1rt\u00e1s, elektronika, g\u00e9pipar, rep\u00fcl\u0151g\u00e9pipar \u00e9s aut\u00f3ipar.<\/li>\n<\/ul>\n<p>PACK EX rendezv\u00e9nyek a gy\u00e1rt\u00f3knak, m\u00e9rn\u00f6k\u00f6knek, vezet\u0151knek, karbantart\u00f3 csapatoknak, besz\u00e1ll\u00edt\u00f3knak \u00e9s g\u00e9pkezel\u0151knek sz\u00f3lnak. Olyan v\u00e1llalatokt\u00f3l lehet inspir\u00e1ci\u00f3t mer\u00edteni, mint a DHL, Est\u00e9e Lauder, Ferrero Canada, Unilever Canada, Kellogg \u00e9s sok m\u00e1s v\u00e1llalat. <\/p>\n<p>&nbsp;<\/p>\n\n\n<div class=\"wp-block-image\">\n<figure class=\"aligncenter size-large is-resized\"><a href=\"https:\/\/amto23.mapyourshow.com\/8_0\/exhibitor\/exhibitor-details.cfm?exhid=974402\"><img loading=\"lazy\" decoding=\"async\" width=\"1024\" height=\"535\" src=\"https:\/\/antersystem.com\/wp-content\/uploads\/FLEXIBLE-SAFETY-BARIERS-1-1024x535.jpg\" alt=\"\" class=\"wp-image-3125\" style=\"aspect-ratio:1.9140186915887851;width:647px;height:auto\" srcset=\"https:\/\/antersystem.com\/wp-content\/uploads\/FLEXIBLE-SAFETY-BARIERS-1-1024x535.jpg 1024w, https:\/\/antersystem.com\/wp-content\/uploads\/FLEXIBLE-SAFETY-BARIERS-1-300x157.jpg 300w, https:\/\/antersystem.com\/wp-content\/uploads\/FLEXIBLE-SAFETY-BARIERS-1-768x401.jpg 768w, https:\/\/antersystem.com\/wp-content\/uploads\/FLEXIBLE-SAFETY-BARIERS-1-450x235.jpg 450w, https:\/\/antersystem.com\/wp-content\/uploads\/FLEXIBLE-SAFETY-BARIERS-1-330x172.jpg 330w, https:\/\/antersystem.com\/wp-content\/uploads\/FLEXIBLE-SAFETY-BARIERS-1.jpg 1200w\" sizes=\"auto, (max-width: 1024px) 100vw, 1024px\" \/><\/a><\/figure><\/div><\/div>\n\n\n\n<div class=\"wp-block-column is-layout-flow wp-block-column-is-layout-flow\" style=\"flex-basis:10%\"><\/div>\n<\/div>\n","protected":false},"excerpt":{"rendered":"<p>V\u00e1s\u00e1r Toront\u00f3ban, 2023. november 7-9., Toront\u00f3 November elej\u00e9n a toront\u00f3i PACK EX szakki\u00e1ll\u00edt\u00e1son a gy\u00e1rt\u00e1s vil\u00e1g\u00e1nak \u00fajdons\u00e1gaiba mer\u00fcl\u00fcnk bele. Az Anter System szint\u00e9n ki\u00e1ll\u00edt az esem\u00e9nyen. November 7-9. k\u00f6z\u00f6tt tal\u00e1lkozhat vel\u00fcnk \u00e9s megtekintheti term\u00e9keinket, mint p\u00e9ld\u00e1ul a PA pollerek, KB v\u00e9d\u0151g\u00e1tak \u00e9s rugalmas gyalogos R3 korl\u00e1tok a 2318-as standon. B\u00e1rkit, akit \u00e9rdekelnek a biztons\u00e1got jav\u00edt\u00f3 [&hellip;]<\/p>\n","protected":false},"author":1,"featured_media":0,"parent":30300,"menu_order":0,"comment_status":"closed","ping_status":"closed","template":"","meta":{"inline_featured_image":false,"ngg_post_thumbnail":0,"footnotes":""},"class_list":["post-39247","page","type-page","status-publish","hentry"],"acf":[],"yoast_head":"<!-- This site is optimized with the Yoast SEO plugin v27.0 - https:\/\/yoast.com\/product\/yoast-seo-wordpress\/ -->\n<title>V\u00e1s\u00e1r Toront\u00f3ban, 2023. november 7-9., Toront\u00f3 - Anter System<\/title>\n<meta name=\"description\" content=\"V\u00e1s\u00e1r Toront\u00f3ban, 2023. november 7-9., Toront\u00f3 November elej\u00e9n a toront\u00f3i PACK EX szakki\u00e1ll\u00edt\u00e1son a gy\u00e1rt\u00e1s vil\u00e1g\u00e1nak \u00fajdons\u00e1gaiba mer\u00fcl\u00fcnk bele. Az Anter\" \/>\n<meta name=\"robots\" content=\"index, follow, max-snippet:-1, max-image-preview:large, max-video-preview:-1\" \/>\n<link rel=\"canonical\" href=\"https:\/\/antersystem.com\/hu\/hirek\/trade-fair-in-toronto-november-79-2023\/\" \/>\n<meta property=\"og:locale\" content=\"hu_HU\" \/>\n<meta property=\"og:type\" content=\"article\" \/>\n<meta property=\"og:title\" content=\"V\u00e1s\u00e1r Toront\u00f3ban, 2023. november 7-9., Toront\u00f3 - Anter System\" \/>\n<meta property=\"og:description\" content=\"V\u00e1s\u00e1r Toront\u00f3ban, 2023. november 7-9., Toront\u00f3 November elej\u00e9n a toront\u00f3i PACK EX szakki\u00e1ll\u00edt\u00e1son a gy\u00e1rt\u00e1s vil\u00e1g\u00e1nak \u00fajdons\u00e1gaiba mer\u00fcl\u00fcnk bele. Az Anter\" \/>\n<meta property=\"og:url\" content=\"https:\/\/antersystem.com\/hu\/hirek\/trade-fair-in-toronto-november-79-2023\/\" \/>\n<meta property=\"og:site_name\" content=\"Anter System\" \/>\n<meta property=\"article:modified_time\" content=\"2026-02-04T10:22:38+00:00\" \/>\n<meta property=\"og:image\" content=\"https:\/\/antersystem.com\/wp-content\/uploads\/FLEXIBLE-SAFETY-BARIERS-1-1024x535.jpg\" \/>\n<meta name=\"twitter:card\" content=\"summary_large_image\" \/>\n<meta name=\"twitter:label1\" content=\"Becs\u00fclt olvas\u00e1si id\u0151\" \/>\n\t<meta name=\"twitter:data1\" content=\"2 perc\" \/>\n<script type=\"application\/ld+json\" class=\"yoast-schema-graph\">{\"@context\":\"https:\/\/schema.org\",\"@graph\":[{\"@type\":\"WebPage\",\"@id\":\"https:\/\/antersystem.com\/hu\/hirek\/trade-fair-in-toronto-november-79-2023\/\",\"url\":\"https:\/\/antersystem.com\/hu\/hirek\/trade-fair-in-toronto-november-79-2023\/\",\"name\":\"V\u00e1s\u00e1r Toront\u00f3ban, 2023. november 7-9., Toront\u00f3 - Anter System\",\"isPartOf\":{\"@id\":\"https:\/\/antersystem.com\/hu\/#website\"},\"primaryImageOfPage\":{\"@id\":\"https:\/\/antersystem.com\/hu\/hirek\/trade-fair-in-toronto-november-79-2023\/#primaryimage\"},\"image\":{\"@id\":\"https:\/\/antersystem.com\/hu\/hirek\/trade-fair-in-toronto-november-79-2023\/#primaryimage\"},\"thumbnailUrl\":\"https:\/\/antersystem.com\/wp-content\/uploads\/FLEXIBLE-SAFETY-BARIERS-1-1024x535.jpg\",\"datePublished\":\"2023-10-24T13:40:36+00:00\",\"dateModified\":\"2026-02-04T10:22:38+00:00\",\"description\":\"V\u00e1s\u00e1r Toront\u00f3ban, 2023. november 7-9., Toront\u00f3 November elej\u00e9n a toront\u00f3i PACK EX szakki\u00e1ll\u00edt\u00e1son a gy\u00e1rt\u00e1s vil\u00e1g\u00e1nak \u00fajdons\u00e1gaiba mer\u00fcl\u00fcnk bele. Az Anter\",\"breadcrumb\":{\"@id\":\"https:\/\/antersystem.com\/hu\/hirek\/trade-fair-in-toronto-november-79-2023\/#breadcrumb\"},\"inLanguage\":\"hu\",\"potentialAction\":[{\"@type\":\"ReadAction\",\"target\":[\"https:\/\/antersystem.com\/hu\/hirek\/trade-fair-in-toronto-november-79-2023\/\"]}]},{\"@type\":\"ImageObject\",\"inLanguage\":\"hu\",\"@id\":\"https:\/\/antersystem.com\/hu\/hirek\/trade-fair-in-toronto-november-79-2023\/#primaryimage\",\"url\":\"https:\/\/antersystem.com\/wp-content\/uploads\/FLEXIBLE-SAFETY-BARIERS-1-1024x535.jpg\",\"contentUrl\":\"https:\/\/antersystem.com\/wp-content\/uploads\/FLEXIBLE-SAFETY-BARIERS-1-1024x535.jpg\"},{\"@type\":\"BreadcrumbList\",\"@id\":\"https:\/\/antersystem.com\/hu\/hirek\/trade-fair-in-toronto-november-79-2023\/#breadcrumb\",\"itemListElement\":[{\"@type\":\"ListItem\",\"position\":1,\"name\":\"AnterSystem\",\"item\":\"https:\/\/antersystem.com\/hu\/\"},{\"@type\":\"ListItem\",\"position\":2,\"name\":\"H\u00edrek\",\"item\":\"https:\/\/antersystem.com\/hu\/hirek\/\"},{\"@type\":\"ListItem\",\"position\":3,\"name\":\"V\u00e1s\u00e1r Toront\u00f3ban, 2023. november 7-9., Toront\u00f3\"}]},{\"@type\":\"WebSite\",\"@id\":\"https:\/\/antersystem.com\/hu\/#website\",\"url\":\"https:\/\/antersystem.com\/hu\/\",\"name\":\"Anter System\",\"description\":\"Jeste\u015bmy polskim producentem elastycznych barier ochronnych wykonywanych z polimerowych tworzyw sztucznych. Na rynku krajowym i zagranicznym dzia\u0142amy od ponad 15 lat dbaj\u0105c o zapewnienie bezpiecze\u0144stwa w zak\u0142adach produkcyjnych, magazynach oraz centrach logistycznych.\",\"potentialAction\":[{\"@type\":\"SearchAction\",\"target\":{\"@type\":\"EntryPoint\",\"urlTemplate\":\"https:\/\/antersystem.com\/hu\/?s={search_term_string}\"},\"query-input\":{\"@type\":\"PropertyValueSpecification\",\"valueRequired\":true,\"valueName\":\"search_term_string\"}}],\"inLanguage\":\"hu\"}]}<\/script>\n<!-- \/ Yoast SEO plugin. -->","yoast_head_json":{"title":"V\u00e1s\u00e1r Toront\u00f3ban, 2023. november 7-9., Toront\u00f3 - Anter System","description":"V\u00e1s\u00e1r Toront\u00f3ban, 2023. november 7-9., Toront\u00f3 November elej\u00e9n a toront\u00f3i PACK EX szakki\u00e1ll\u00edt\u00e1son a gy\u00e1rt\u00e1s vil\u00e1g\u00e1nak \u00fajdons\u00e1gaiba mer\u00fcl\u00fcnk bele. Az Anter","robots":{"index":"index","follow":"follow","max-snippet":"max-snippet:-1","max-image-preview":"max-image-preview:large","max-video-preview":"max-video-preview:-1"},"canonical":"https:\/\/antersystem.com\/hu\/hirek\/trade-fair-in-toronto-november-79-2023\/","og_locale":"hu_HU","og_type":"article","og_title":"V\u00e1s\u00e1r Toront\u00f3ban, 2023. november 7-9., Toront\u00f3 - Anter System","og_description":"V\u00e1s\u00e1r Toront\u00f3ban, 2023. november 7-9., Toront\u00f3 November elej\u00e9n a toront\u00f3i PACK EX szakki\u00e1ll\u00edt\u00e1son a gy\u00e1rt\u00e1s vil\u00e1g\u00e1nak \u00fajdons\u00e1gaiba mer\u00fcl\u00fcnk bele. Az Anter","og_url":"https:\/\/antersystem.com\/hu\/hirek\/trade-fair-in-toronto-november-79-2023\/","og_site_name":"Anter System","article_modified_time":"2026-02-04T10:22:38+00:00","og_image":[{"url":"https:\/\/antersystem.com\/wp-content\/uploads\/FLEXIBLE-SAFETY-BARIERS-1-1024x535.jpg","type":"","width":"","height":""}],"twitter_card":"summary_large_image","twitter_misc":{"Becs\u00fclt olvas\u00e1si id\u0151":"2 perc"},"schema":{"@context":"https:\/\/schema.org","@graph":[{"@type":"WebPage","@id":"https:\/\/antersystem.com\/hu\/hirek\/trade-fair-in-toronto-november-79-2023\/","url":"https:\/\/antersystem.com\/hu\/hirek\/trade-fair-in-toronto-november-79-2023\/","name":"V\u00e1s\u00e1r Toront\u00f3ban, 2023. november 7-9., Toront\u00f3 - Anter System","isPartOf":{"@id":"https:\/\/antersystem.com\/hu\/#website"},"primaryImageOfPage":{"@id":"https:\/\/antersystem.com\/hu\/hirek\/trade-fair-in-toronto-november-79-2023\/#primaryimage"},"image":{"@id":"https:\/\/antersystem.com\/hu\/hirek\/trade-fair-in-toronto-november-79-2023\/#primaryimage"},"thumbnailUrl":"https:\/\/antersystem.com\/wp-content\/uploads\/FLEXIBLE-SAFETY-BARIERS-1-1024x535.jpg","datePublished":"2023-10-24T13:40:36+00:00","dateModified":"2026-02-04T10:22:38+00:00","description":"V\u00e1s\u00e1r Toront\u00f3ban, 2023. november 7-9., Toront\u00f3 November elej\u00e9n a toront\u00f3i PACK EX szakki\u00e1ll\u00edt\u00e1son a gy\u00e1rt\u00e1s vil\u00e1g\u00e1nak \u00fajdons\u00e1gaiba mer\u00fcl\u00fcnk bele. Az Anter","breadcrumb":{"@id":"https:\/\/antersystem.com\/hu\/hirek\/trade-fair-in-toronto-november-79-2023\/#breadcrumb"},"inLanguage":"hu","potentialAction":[{"@type":"ReadAction","target":["https:\/\/antersystem.com\/hu\/hirek\/trade-fair-in-toronto-november-79-2023\/"]}]},{"@type":"ImageObject","inLanguage":"hu","@id":"https:\/\/antersystem.com\/hu\/hirek\/trade-fair-in-toronto-november-79-2023\/#primaryimage","url":"https:\/\/antersystem.com\/wp-content\/uploads\/FLEXIBLE-SAFETY-BARIERS-1-1024x535.jpg","contentUrl":"https:\/\/antersystem.com\/wp-content\/uploads\/FLEXIBLE-SAFETY-BARIERS-1-1024x535.jpg"},{"@type":"BreadcrumbList","@id":"https:\/\/antersystem.com\/hu\/hirek\/trade-fair-in-toronto-november-79-2023\/#breadcrumb","itemListElement":[{"@type":"ListItem","position":1,"name":"AnterSystem","item":"https:\/\/antersystem.com\/hu\/"},{"@type":"ListItem","position":2,"name":"H\u00edrek","item":"https:\/\/antersystem.com\/hu\/hirek\/"},{"@type":"ListItem","position":3,"name":"V\u00e1s\u00e1r Toront\u00f3ban, 2023. november 7-9., Toront\u00f3"}]},{"@type":"WebSite","@id":"https:\/\/antersystem.com\/hu\/#website","url":"https:\/\/antersystem.com\/hu\/","name":"Anter System","description":"Jeste\u015bmy polskim producentem elastycznych barier ochronnych wykonywanych z polimerowych tworzyw sztucznych. Na rynku krajowym i zagranicznym dzia\u0142amy od ponad 15 lat dbaj\u0105c o zapewnienie bezpiecze\u0144stwa w zak\u0142adach produkcyjnych, magazynach oraz centrach logistycznych.","potentialAction":[{"@type":"SearchAction","target":{"@type":"EntryPoint","urlTemplate":"https:\/\/antersystem.com\/hu\/?s={search_term_string}"},"query-input":{"@type":"PropertyValueSpecification","valueRequired":true,"valueName":"search_term_string"}}],"inLanguage":"hu"}]}},"_links":{"self":[{"href":"https:\/\/antersystem.com\/hu\/wp-json\/wp\/v2\/pages\/39247","targetHints":{"allow":["GET"]}}],"collection":[{"href":"https:\/\/antersystem.com\/hu\/wp-json\/wp\/v2\/pages"}],"about":[{"href":"https:\/\/antersystem.com\/hu\/wp-json\/wp\/v2\/types\/page"}],"author":[{"embeddable":true,"href":"https:\/\/antersystem.com\/hu\/wp-json\/wp\/v2\/users\/1"}],"replies":[{"embeddable":true,"href":"https:\/\/antersystem.com\/hu\/wp-json\/wp\/v2\/comments?post=39247"}],"version-history":[{"count":1,"href":"https:\/\/antersystem.com\/hu\/wp-json\/wp\/v2\/pages\/39247\/revisions"}],"predecessor-version":[{"id":39249,"href":"https:\/\/antersystem.com\/hu\/wp-json\/wp\/v2\/pages\/39247\/revisions\/39249"}],"up":[{"embeddable":true,"href":"https:\/\/antersystem.com\/hu\/wp-json\/wp\/v2\/pages\/30300"}],"wp:attachment":[{"href":"https:\/\/antersystem.com\/hu\/wp-json\/wp\/v2\/media?parent=39247"}],"curies":[{"name":"wp","href":"https:\/\/api.w.org\/{rel}","templated":true}]}}