{"id":39390,"date":"2024-12-10T10:04:39","date_gmt":"2024-12-10T09:04:39","guid":{"rendered":"https:\/\/antersystem.com\/hirek\/summary-of-the-technical-conference-in-swarzedz\/"},"modified":"2026-02-04T12:37:20","modified_gmt":"2026-02-04T11:37:20","slug":"summary-of-the-technical-conference-in-swarzedz","status":"publish","type":"page","link":"https:\/\/antersystem.com\/hu\/hirek\/summary-of-the-technical-conference-in-swarzedz\/","title":{"rendered":"A swarz\u0119dzi m\u0171szaki konferencia \u00f6sszefoglal\u00f3ja"},"content":{"rendered":"\n<div class=\"wp-block-columns is-layout-flex wp-container-core-columns-is-layout-9d6595d7 wp-block-columns-is-layout-flex\">\n<div class=\"wp-block-column is-layout-flow wp-block-column-is-layout-flow\">\n<h2 class=\"wp-block-heading\">A swarz\u0119dzi m\u0171szaki konferencia \u00f6sszefoglal\u00f3ja &#8211; 2024. december 5.<\/h2>\n\n\n\n<div class=\"wp-block-columns is-layout-flex wp-container-core-columns-is-layout-9d6595d7 wp-block-columns-is-layout-flex\">\n<div class=\"wp-block-column is-layout-flow wp-block-column-is-layout-flow\" style=\"flex-basis:10%\"><\/div>\n\n\n\n<div class=\"wp-block-column is-layout-flow wp-block-column-is-layout-flow\">\n<p>December 5-\u00e9n a Pozna\u0144 melletti Swarz\u0119dzben <strong>ker\u00fclt sor<\/strong> az &#8221; <strong>Intralogisztikai \u00e9s rakt\u00e1roz\u00e1si folyamatok optimaliz\u00e1l\u00e1sa&#8221;<\/strong> c\u00edm\u0171 technikai konferenci\u00e1ra, amelyet az Axon Media szervezett az Anter System partner\u00e9vel. Az esem\u00e9nyen a logisztikai ipar\u00e1g szakemberei tal\u00e1lkoztak, akik megosztott\u00e1k egym\u00e1ssal tud\u00e1sukat \u00e9s tapasztalataikat a rakt\u00e1ri m\u0171veleteket jav\u00edt\u00f3 innovat\u00edv technol\u00f3gi\u00e1k ter\u00e9n. <\/p>\n\n\n\n<p><strong>A megvitatott t\u00e9m\u00e1k t\u00f6bbek k\u00f6z\u00f6tt a k\u00f6vetkez\u0151k voltak:<\/strong><\/p>\n\n\n\n<p>1. <strong>Rakt\u00e1rak automatiz\u00e1l\u00e1sa \u00e9s robotiz\u00e1l\u00e1sa &#8211;<\/strong> az el\u0151ad\u00e1sok sor\u00e1n a r\u00e9sztvev\u0151k olyan megold\u00e1sokat ismertek meg, mint az automatiz\u00e1lt t\u00e1rol\u00f3rendszerek, a rakt\u00e1rrobotok \u00e9s az auton\u00f3m sz\u00e1ll\u00edt\u00f3rendszerek.<\/p>\n\n\n\n<p>2. <strong>A j\u00f6v\u0151 technol\u00f3gi\u00e1i &#8211;<\/strong> az el\u0151ad\u00f3k t\u00f6bbek k\u00f6z\u00f6tt a mesters\u00e9ges intelligencia WMS-rendszerekben val\u00f3 alkalmaz\u00e1s\u00e1r\u00f3l, a fejlett azonos\u00edt\u00e1si technol\u00f3gi\u00e1kr\u00f3l, p\u00e9ld\u00e1ul az RFID-r\u0151l \u00e9s az intelligens mobil megold\u00e1sokr\u00f3l besz\u00e9ltek.<\/p>\n\n\n\n<p>3. <strong>Energiahat\u00e9konys\u00e1g \u00e9s fenntarthat\u00f3s\u00e1g &#8211;<\/strong> innovat\u00edv megold\u00e1sokat mutattak be, t\u00f6bbek k\u00f6z\u00f6tt a rakt\u00e1rvil\u00e1g\u00edt\u00e1s korszer\u0171s\u00edt\u00e9s\u00e9t \u00e9s a k\u00f6rnyezetbar\u00e1t termel\u00e9si folyamatokat.<\/p>\n\n\n\n<p>4. <strong>Rakt\u00e1rtervez\u00e9s \u00e9s k\u00e9szletgazd\u00e1lkod\u00e1s &#8211;<\/strong> az el\u0151ad\u00e1sok olyan t\u00e9m\u00e1kat \u00e9rintettek, mint a rakt\u00e1rhelyis\u00e9gek kialak\u00edt\u00e1sa, k\u00e9szletgazd\u00e1lkod\u00e1s a bizom\u00e1nyi rakt\u00e1rakban, valamint a projekt-tan\u00e1csad\u00e1s.<\/p>\n\n\n\n<ol class=\"wp-block-list\"><\/ol>\n\n\n<p>A konferencia el\u0151ad\u00e1s \u00e9s konzult\u00e1ci\u00f3 form\u00e1j\u00e1ban zajlott, \u00edgy a r\u00e9sztvev\u0151k sz\u00e1mos esettanulm\u00e1nyt tanulm\u00e1nyozhattak, \u00e9s megismerkedhettek a modern technol\u00f3gi\u00e1k bevezet\u00e9s\u00e9nek gyakorlati p\u00e9ld\u00e1ival, amelyek a gy\u00e1rt\u00f3 v\u00e1llalatok saj\u00e1toss\u00e1gaihoz \u00e9s er\u0151forr\u00e1saihoz igazodtak.<\/p>\n\n\n\n<p><strong>Tal\u00e1lkoz\u00f3k \u00e9s megbesz\u00e9l\u00e9sek az \u00e1gazat j\u00f6v\u0151j\u00e9r\u0151l<\/strong><\/p>\n\n\n\n<p>A rendezv\u00e9ny emellett <strong>kiv\u00e1l\u00f3 lehet\u0151s\u00e9get<\/strong> ny\u00fajtott <strong>a tapasztalatcser\u00e9re \u00e9s<\/strong> az \u00fczleti kapcsolatok ki\u00e9p\u00edt\u00e9s\u00e9re, valamint \u00e1ttekint\u00e9st ny\u00fajtott a logisztika leg\u00fajabb trendjeir\u0151l. Az Anter System szakemberei \u00e9s szak\u00e9rt\u0151i k\u00f6z\u00f6tt ilyen kedvez\u0151 l\u00e9gk\u00f6rben folytatott besz\u00e9lget\u00e9sek mindig <strong>\u00e9rt\u00e9kesnek<\/strong> bizonyulnak <strong>a<\/strong> modul\u00e1ris, rugalmas biztons\u00e1gi korl\u00e1trendszerek <strong>k\u00edn\u00e1lat\u00e1nak tov\u00e1bbfejleszt\u00e9se szempontj\u00e1b\u00f3l, hogy<\/strong> megfeleljenek a gyorsan fejl\u0151d\u0151 intralogisztikai ipar ig\u00e9nyeinek. <\/p>\n\n\n\n<p>K\u00f6sz\u00f6n\u00f6m a fejleszt\u00e9si ir\u00e1nyokr\u00f3l \u00e9s a rakt\u00e1rter\u00fcletek v\u00e9delm\u00e9vel kapcsolatos elv\u00e1r\u00e1sokr\u00f3l folytatott megbesz\u00e9l\u00e9seket. Tal\u00e1lkozunk a k\u00f6vetkez\u0151 ipar\u00e1gi konferenci\u00e1kon!   <\/p>\n\n\n\n<div class=\"wp-block-columns is-layout-flex wp-container-core-columns-is-layout-9d6595d7 wp-block-columns-is-layout-flex\">\n<div class=\"wp-block-column is-layout-flow wp-block-column-is-layout-flow\"><\/div>\n\n\n\n<div class=\"wp-block-column is-layout-flow wp-block-column-is-layout-flow\"><\/div>\n\n\n\n<div class=\"wp-block-column is-layout-flow wp-block-column-is-layout-flow\"><\/div>\n<\/div>\n<\/div>\n\n\n\n<div class=\"wp-block-column is-layout-flow wp-block-column-is-layout-flow\" style=\"flex-basis:10%\"><\/div>\n<\/div>\n\n\n\nngg_shortcode_0_placeholder\n<\/div>\n<\/div>\n","protected":false},"excerpt":{"rendered":"<p>A swarz\u0119dzi m\u0171szaki konferencia \u00f6sszefoglal\u00f3ja &#8211; 2024. december 5. December 5-\u00e9n a Pozna\u0144 melletti Swarz\u0119dzben ker\u00fclt sor az &#8221; Intralogisztikai \u00e9s rakt\u00e1roz\u00e1si folyamatok optimaliz\u00e1l\u00e1sa&#8221; c\u00edm\u0171 technikai konferenci\u00e1ra, amelyet az Axon Media szervezett az Anter System partner\u00e9vel. Az esem\u00e9nyen a logisztikai ipar\u00e1g szakemberei tal\u00e1lkoztak, akik megosztott\u00e1k egym\u00e1ssal tud\u00e1sukat \u00e9s tapasztalataikat a rakt\u00e1ri m\u0171veleteket jav\u00edt\u00f3 innovat\u00edv technol\u00f3gi\u00e1k [&hellip;]<\/p>\n","protected":false},"author":1,"featured_media":0,"parent":30300,"menu_order":0,"comment_status":"closed","ping_status":"closed","template":"","meta":{"inline_featured_image":false,"ngg_post_thumbnail":0,"footnotes":""},"class_list":["post-39390","page","type-page","status-publish","hentry"],"acf":[],"yoast_head":"<!-- This site is optimized with the Yoast SEO plugin v27.0 - https:\/\/yoast.com\/product\/yoast-seo-wordpress\/ -->\n<title>A swarz\u0119dzi m\u0171szaki konferencia \u00f6sszefoglal\u00f3ja - Anter System<\/title>\n<meta name=\"description\" content=\"A swarz\u0119dzi m\u0171szaki konferencia \u00f6sszefoglal\u00f3ja - 2024. december 5. December 5-\u00e9n a Pozna\u0144 melletti Swarz\u0119dzben ker\u00fclt sor az &quot; Intralogisztikai \u00e9s\" \/>\n<meta name=\"robots\" content=\"index, follow, max-snippet:-1, max-image-preview:large, max-video-preview:-1\" \/>\n<link rel=\"canonical\" href=\"https:\/\/antersystem.com\/hu\/hirek\/summary-of-the-technical-conference-in-swarzedz\/\" \/>\n<meta property=\"og:locale\" content=\"hu_HU\" \/>\n<meta property=\"og:type\" content=\"article\" \/>\n<meta property=\"og:title\" content=\"A swarz\u0119dzi m\u0171szaki konferencia \u00f6sszefoglal\u00f3ja - Anter System\" \/>\n<meta property=\"og:description\" content=\"A swarz\u0119dzi m\u0171szaki konferencia \u00f6sszefoglal\u00f3ja - 2024. december 5. December 5-\u00e9n a Pozna\u0144 melletti Swarz\u0119dzben ker\u00fclt sor az &quot; Intralogisztikai \u00e9s\" \/>\n<meta property=\"og:url\" content=\"https:\/\/antersystem.com\/hu\/hirek\/summary-of-the-technical-conference-in-swarzedz\/\" \/>\n<meta property=\"og:site_name\" content=\"Anter System\" \/>\n<meta property=\"article:modified_time\" content=\"2026-02-04T11:37:20+00:00\" \/>\n<meta name=\"twitter:card\" content=\"summary_large_image\" \/>\n<meta name=\"twitter:label1\" content=\"Becs\u00fclt olvas\u00e1si id\u0151\" \/>\n\t<meta name=\"twitter:data1\" content=\"2 perc\" \/>\n<script type=\"application\/ld+json\" class=\"yoast-schema-graph\">{\"@context\":\"https:\/\/schema.org\",\"@graph\":[{\"@type\":\"WebPage\",\"@id\":\"https:\/\/antersystem.com\/hu\/hirek\/summary-of-the-technical-conference-in-swarzedz\/\",\"url\":\"https:\/\/antersystem.com\/hu\/hirek\/summary-of-the-technical-conference-in-swarzedz\/\",\"name\":\"A swarz\u0119dzi m\u0171szaki konferencia \u00f6sszefoglal\u00f3ja - Anter System\",\"isPartOf\":{\"@id\":\"https:\/\/antersystem.com\/hu\/#website\"},\"datePublished\":\"2024-12-10T09:04:39+00:00\",\"dateModified\":\"2026-02-04T11:37:20+00:00\",\"description\":\"A swarz\u0119dzi m\u0171szaki konferencia \u00f6sszefoglal\u00f3ja - 2024. december 5. December 5-\u00e9n a Pozna\u0144 melletti Swarz\u0119dzben ker\u00fclt sor az \\\" Intralogisztikai \u00e9s\",\"breadcrumb\":{\"@id\":\"https:\/\/antersystem.com\/hu\/hirek\/summary-of-the-technical-conference-in-swarzedz\/#breadcrumb\"},\"inLanguage\":\"hu\",\"potentialAction\":[{\"@type\":\"ReadAction\",\"target\":[\"https:\/\/antersystem.com\/hu\/hirek\/summary-of-the-technical-conference-in-swarzedz\/\"]}]},{\"@type\":\"BreadcrumbList\",\"@id\":\"https:\/\/antersystem.com\/hu\/hirek\/summary-of-the-technical-conference-in-swarzedz\/#breadcrumb\",\"itemListElement\":[{\"@type\":\"ListItem\",\"position\":1,\"name\":\"AnterSystem\",\"item\":\"https:\/\/antersystem.com\/hu\/\"},{\"@type\":\"ListItem\",\"position\":2,\"name\":\"H\u00edrek\",\"item\":\"https:\/\/antersystem.com\/hu\/hirek\/\"},{\"@type\":\"ListItem\",\"position\":3,\"name\":\"A swarz\u0119dzi m\u0171szaki konferencia \u00f6sszefoglal\u00f3ja\"}]},{\"@type\":\"WebSite\",\"@id\":\"https:\/\/antersystem.com\/hu\/#website\",\"url\":\"https:\/\/antersystem.com\/hu\/\",\"name\":\"Anter System\",\"description\":\"Jeste\u015bmy polskim producentem elastycznych barier ochronnych wykonywanych z polimerowych tworzyw sztucznych. Na rynku krajowym i zagranicznym dzia\u0142amy od ponad 15 lat dbaj\u0105c o zapewnienie bezpiecze\u0144stwa w zak\u0142adach produkcyjnych, magazynach oraz centrach logistycznych.\",\"potentialAction\":[{\"@type\":\"SearchAction\",\"target\":{\"@type\":\"EntryPoint\",\"urlTemplate\":\"https:\/\/antersystem.com\/hu\/?s={search_term_string}\"},\"query-input\":{\"@type\":\"PropertyValueSpecification\",\"valueRequired\":true,\"valueName\":\"search_term_string\"}}],\"inLanguage\":\"hu\"}]}<\/script>\n<!-- \/ Yoast SEO plugin. -->","yoast_head_json":{"title":"A swarz\u0119dzi m\u0171szaki konferencia \u00f6sszefoglal\u00f3ja - Anter System","description":"A swarz\u0119dzi m\u0171szaki konferencia \u00f6sszefoglal\u00f3ja - 2024. december 5. December 5-\u00e9n a Pozna\u0144 melletti Swarz\u0119dzben ker\u00fclt sor az \" Intralogisztikai \u00e9s","robots":{"index":"index","follow":"follow","max-snippet":"max-snippet:-1","max-image-preview":"max-image-preview:large","max-video-preview":"max-video-preview:-1"},"canonical":"https:\/\/antersystem.com\/hu\/hirek\/summary-of-the-technical-conference-in-swarzedz\/","og_locale":"hu_HU","og_type":"article","og_title":"A swarz\u0119dzi m\u0171szaki konferencia \u00f6sszefoglal\u00f3ja - Anter System","og_description":"A swarz\u0119dzi m\u0171szaki konferencia \u00f6sszefoglal\u00f3ja - 2024. december 5. December 5-\u00e9n a Pozna\u0144 melletti Swarz\u0119dzben ker\u00fclt sor az \" Intralogisztikai \u00e9s","og_url":"https:\/\/antersystem.com\/hu\/hirek\/summary-of-the-technical-conference-in-swarzedz\/","og_site_name":"Anter System","article_modified_time":"2026-02-04T11:37:20+00:00","twitter_card":"summary_large_image","twitter_misc":{"Becs\u00fclt olvas\u00e1si id\u0151":"2 perc"},"schema":{"@context":"https:\/\/schema.org","@graph":[{"@type":"WebPage","@id":"https:\/\/antersystem.com\/hu\/hirek\/summary-of-the-technical-conference-in-swarzedz\/","url":"https:\/\/antersystem.com\/hu\/hirek\/summary-of-the-technical-conference-in-swarzedz\/","name":"A swarz\u0119dzi m\u0171szaki konferencia \u00f6sszefoglal\u00f3ja - Anter System","isPartOf":{"@id":"https:\/\/antersystem.com\/hu\/#website"},"datePublished":"2024-12-10T09:04:39+00:00","dateModified":"2026-02-04T11:37:20+00:00","description":"A swarz\u0119dzi m\u0171szaki konferencia \u00f6sszefoglal\u00f3ja - 2024. december 5. December 5-\u00e9n a Pozna\u0144 melletti Swarz\u0119dzben ker\u00fclt sor az \" Intralogisztikai \u00e9s","breadcrumb":{"@id":"https:\/\/antersystem.com\/hu\/hirek\/summary-of-the-technical-conference-in-swarzedz\/#breadcrumb"},"inLanguage":"hu","potentialAction":[{"@type":"ReadAction","target":["https:\/\/antersystem.com\/hu\/hirek\/summary-of-the-technical-conference-in-swarzedz\/"]}]},{"@type":"BreadcrumbList","@id":"https:\/\/antersystem.com\/hu\/hirek\/summary-of-the-technical-conference-in-swarzedz\/#breadcrumb","itemListElement":[{"@type":"ListItem","position":1,"name":"AnterSystem","item":"https:\/\/antersystem.com\/hu\/"},{"@type":"ListItem","position":2,"name":"H\u00edrek","item":"https:\/\/antersystem.com\/hu\/hirek\/"},{"@type":"ListItem","position":3,"name":"A swarz\u0119dzi m\u0171szaki konferencia \u00f6sszefoglal\u00f3ja"}]},{"@type":"WebSite","@id":"https:\/\/antersystem.com\/hu\/#website","url":"https:\/\/antersystem.com\/hu\/","name":"Anter System","description":"Jeste\u015bmy polskim producentem elastycznych barier ochronnych wykonywanych z polimerowych tworzyw sztucznych. Na rynku krajowym i zagranicznym dzia\u0142amy od ponad 15 lat dbaj\u0105c o zapewnienie bezpiecze\u0144stwa w zak\u0142adach produkcyjnych, magazynach oraz centrach logistycznych.","potentialAction":[{"@type":"SearchAction","target":{"@type":"EntryPoint","urlTemplate":"https:\/\/antersystem.com\/hu\/?s={search_term_string}"},"query-input":{"@type":"PropertyValueSpecification","valueRequired":true,"valueName":"search_term_string"}}],"inLanguage":"hu"}]}},"_links":{"self":[{"href":"https:\/\/antersystem.com\/hu\/wp-json\/wp\/v2\/pages\/39390","targetHints":{"allow":["GET"]}}],"collection":[{"href":"https:\/\/antersystem.com\/hu\/wp-json\/wp\/v2\/pages"}],"about":[{"href":"https:\/\/antersystem.com\/hu\/wp-json\/wp\/v2\/types\/page"}],"author":[{"embeddable":true,"href":"https:\/\/antersystem.com\/hu\/wp-json\/wp\/v2\/users\/1"}],"replies":[{"embeddable":true,"href":"https:\/\/antersystem.com\/hu\/wp-json\/wp\/v2\/comments?post=39390"}],"version-history":[{"count":1,"href":"https:\/\/antersystem.com\/hu\/wp-json\/wp\/v2\/pages\/39390\/revisions"}],"predecessor-version":[{"id":39391,"href":"https:\/\/antersystem.com\/hu\/wp-json\/wp\/v2\/pages\/39390\/revisions\/39391"}],"up":[{"embeddable":true,"href":"https:\/\/antersystem.com\/hu\/wp-json\/wp\/v2\/pages\/30300"}],"wp:attachment":[{"href":"https:\/\/antersystem.com\/hu\/wp-json\/wp\/v2\/media?parent=39390"}],"curies":[{"name":"wp","href":"https:\/\/api.w.org\/{rel}","templated":true}]}}