{"id":39503,"date":"2024-06-17T15:23:53","date_gmt":"2024-06-17T13:23:53","guid":{"rendered":"https:\/\/antersystem.com\/hirek\/technical-conferences-mielec-20-06\/"},"modified":"2026-02-04T13:51:30","modified_gmt":"2026-02-04T12:51:30","slug":"technical-conferences-mielec-20-06","status":"publish","type":"page","link":"https:\/\/antersystem.com\/hu\/hirek\/technical-conferences-mielec-20-06\/","title":{"rendered":"M\u0171szaki konferenci\u00e1k, Mielec 20.06"},"content":{"rendered":"\n<div class=\"wp-block-columns is-layout-flex wp-container-core-columns-is-layout-9d6595d7 wp-block-columns-is-layout-flex\">\n  \n  <div class=\"wp-block-column is-layout-flow wp-block-column-is-layout-flow\" style=\"flex-basis:10%\"><\/div>\n  \n\n  \n  <div class=\"wp-block-column is-layout-flow wp-block-column-is-layout-flow\">\n    \n    <h2 class=\"wp-block-heading\">Legjobb gyakorlatok a logisztik\u00e1ban &#8211; Technikai konferencia<\/h2>\n    \n\n    \n    <p>Megh\u00edvjuk \u00d6nt az <strong>&#8222;Intralogisztikai \u00e9s rakt\u00e1roz\u00e1si folyamatok optimaliz\u00e1l\u00e1sa&#8221; c\u00edm\u0171<\/strong> ingyenes konferenci\u00e1ra <strong>, amely<\/strong> a logisztikai ipar\u00e1gban v\u00e9gbemen\u0151 dinamikus <strong>v\u00e1ltoz\u00e1soknak szentelt.<\/strong> Az esem\u00e9nyre <strong>j\u00fanius 20-\u00e1n<\/strong> ker\u00fcl sor <strong>a Mielecben tal\u00e1lhat\u00f3 Hotel Aten\u00e1ban.<\/strong> <\/p>\n    \n\n    \n    <p>Sz\u00edvb\u0151l b\u00e1tor\u00edtunk mindenkit, aki szeretn\u00e9 <strong>b\u0151v\u00edteni szakmai h\u00e1l\u00f3zat\u00e1t, hogy<\/strong> csatlakozzon. Rengeteg lehet\u0151s\u00e9g lesz \u00e9rt\u00e9kes megbesz\u00e9l\u00e9sekre \u00e9s garant\u00e1lt hozz\u00e1f\u00e9r\u00e9s az ipar\u00e1g igazi szakembereihez. <strong>Az Axon Media konferenci\u00e1inak<\/strong> er\u0151ss\u00e9ge abban rejlik, hogy \u00f6sszehozza a gyakorlati szakembereket &#8211; <strong>a k\u00fcl\u00f6nb\u00f6z\u0151 \u00e1gazatok szak\u00e9rt\u0151it, akik megosztj\u00e1k<\/strong> a logisztikai \u00e9s rakt\u00e1roz\u00e1si folyamatok jav\u00edt\u00e1s\u00e1val kapcsolatos tapasztalataikat, \u00e9s <strong>megvitatj\u00e1k a l\u00e9tes\u00edtm\u00e9nyek saj\u00e1tos ig\u00e9nyeihez val\u00f3 igaz\u00edt\u00e1sukkal kapcsolatos kih\u00edv\u00e1sokat.<\/strong> Az el\u0151ad\u00e1sok kiterjednek mind az \u00e1tfog\u00f3 megval\u00f3s\u00edt\u00e1sokra, mind a kisebb fejleszt\u00e9sekre, amelyek seg\u00edtenek id\u0151t megtakar\u00edtani \u00e9s k\u00f6lts\u00e9geket cs\u00f6kkenteni.   <\/p>\n    \n\n    \n    <p><strong>A m\u0171szaki konferenci\u00e1k partnerek\u00e9nt az Anter System t\u00e1mogatja a rakt\u00e1rak \u00e9s ipari csarnokok biztons\u00e1g\u00e1nak \u00e9s higi\u00e9ni\u00e1j\u00e1nak (OHS) jav\u00edt\u00e1s\u00e1ra ir\u00e1nyul\u00f3 er\u0151fesz\u00edt\u00e9seket.<\/strong>  Szakmai tan\u00e1csad\u00e1st ny\u00fajtunk a gyalogosok, \u00e1ruk, g\u00e9pek \u00e9s infrastrukt\u00fara v\u00e9delmi rendszereinek alkalmaz\u00e1s\u00e1val kapcsolatban. Amikor a be- \u00e9s kirakod\u00e1si m\u0171veletek biztons\u00e1g\u00e1r\u00f3l van sz\u00f3, <a href=\"https:\/\/antersystem.com\/hu\/termekkategoriak\/rakodastechnika\/\"><strong>sz\u00e1mos bev\u00e1lt term\u00e9k\u00fcnk is bemutat\u00e1sra \u00e9s megvitat\u00e1sra v\u00e1r.<\/strong><\/a>. A konferencia tov\u00e1bbi t\u00e9m\u00e1i: bels\u0151 sz\u00e1ll\u00edt\u00e1si rendszerek, rakt\u00e1rrobotika, automatiz\u00e1lt rakt\u00e1roz\u00e1si \u00e9s komissi\u00f3z\u00e1si rendszerek, RFID \u00e9s vezet\u00e9k n\u00e9lk\u00fcli azonos\u00edt\u00e1s, intralogisztikai szoftverek, rakt\u00e1rlogisztikai tervez\u00e9s \u00e9s tan\u00e1csad\u00e1s, valamint c\u00edmk\u00e9z\u0151 \u00e9s jel\u00f6l\u0151 g\u00e9pek.  <\/p>\n    \n\n    \n    <p>A konferencia kiv\u00e1l\u00f3 lehet\u0151s\u00e9get k\u00edn\u00e1l az egyes r\u00e9sztvev\u0151k egy\u00e9ni ig\u00e9nyeire szabott technol\u00f3giai megold\u00e1sok megismer\u00e9s\u00e9re. Hossz\u00fa t\u00e1von pedig el\u0151seg\u00edti az egy\u00fcttm\u0171k\u00f6d\u00e9sre \u00e9p\u00fcl\u0151 k\u00f6rnyezetet, amely t\u00e1mogatja a digitaliz\u00e1ci\u00f3val, az automatiz\u00e1l\u00e1ssal \u00e9s a munka j\u00f6v\u0151j\u00e9vel kapcsolatos v\u00e1ltoz\u00e1sokat. \u00dagy gondoljuk, hogy ez egy \u00edg\u00e9retes ir\u00e1ny &#8211; l\u00e1togasson el az <strong>Anter System<\/strong> standj\u00e1ra, \u00e9s csatlakozzon hozz\u00e1nk az el\u0151ad\u00f3teremben!  <\/p>\n    \n\n    \n    <p>Rendezv\u00e9nyprogram: <strong><a href=\"https:\/\/www.axonmedia.pl\/konferencje\/aktualne\/intralogistyka-magazynowanie-2024-mielec\/\">Konferenci\u00e1k<\/a><\/strong><\/p>\n    \n\n    \n    <p><strong>#TechnikaiKonferenci\u00e1k #AxonMedia #OHS #Produkci\u00f3 #FlexibleSafetyBarrier #FlexibleSafetyBarriers<\/strong><\/p>\n    \n  <\/div>\n  \n\n  \n  <div class=\"wp-block-column is-layout-flow wp-block-column-is-layout-flow\" style=\"flex-basis:10%\"><\/div>\n  \n<\/div>\n<div class=\"wp-block-image\">\n<figure class=\"aligncenter size-large is-resized\"><img loading=\"lazy\" decoding=\"async\" width=\"1024\" height=\"576\" src=\"https:\/\/antersystem.com\/wp-content\/uploads\/AxonMedia-konferencja-w-Mielcu-1-edited-1024x576.webp\" alt=\"Axon Media konferencia Mielec 2024-ben - Anter System\" class=\"wp-image-4856\" style=\"width:620px;height:auto\" srcset=\"https:\/\/antersystem.com\/wp-content\/uploads\/AxonMedia-konferencja-w-Mielcu-1-edited-1024x576.webp 1024w, https:\/\/antersystem.com\/wp-content\/uploads\/AxonMedia-konferencja-w-Mielcu-1-edited-300x169.webp 300w, https:\/\/antersystem.com\/wp-content\/uploads\/AxonMedia-konferencja-w-Mielcu-1-edited-768x432.webp 768w, https:\/\/antersystem.com\/wp-content\/uploads\/AxonMedia-konferencja-w-Mielcu-1-edited-450x253.webp 450w, https:\/\/antersystem.com\/wp-content\/uploads\/AxonMedia-konferencja-w-Mielcu-1-edited-330x186.webp 330w, https:\/\/antersystem.com\/wp-content\/uploads\/AxonMedia-konferencja-w-Mielcu-1-edited.webp 1115w\" sizes=\"auto, (max-width: 1024px) 100vw, 1024px\" \/><\/figure><\/div>","protected":false},"excerpt":{"rendered":"<p>Legjobb gyakorlatok a logisztik\u00e1ban &#8211; Technikai konferencia Megh\u00edvjuk \u00d6nt az &#8222;Intralogisztikai \u00e9s rakt\u00e1roz\u00e1si folyamatok optimaliz\u00e1l\u00e1sa&#8221; c\u00edm\u0171 ingyenes konferenci\u00e1ra , amely a logisztikai ipar\u00e1gban v\u00e9gbemen\u0151 dinamikus v\u00e1ltoz\u00e1soknak szentelt. Az esem\u00e9nyre j\u00fanius 20-\u00e1n ker\u00fcl sor a Mielecben tal\u00e1lhat\u00f3 Hotel Aten\u00e1ban. Sz\u00edvb\u0151l b\u00e1tor\u00edtunk mindenkit, aki szeretn\u00e9 b\u0151v\u00edteni szakmai h\u00e1l\u00f3zat\u00e1t, hogy csatlakozzon. Rengeteg lehet\u0151s\u00e9g lesz \u00e9rt\u00e9kes megbesz\u00e9l\u00e9sekre \u00e9s garant\u00e1lt [&hellip;]<\/p>\n","protected":false},"author":1,"featured_media":0,"parent":30300,"menu_order":0,"comment_status":"closed","ping_status":"closed","template":"","meta":{"inline_featured_image":false,"ngg_post_thumbnail":0,"footnotes":""},"class_list":["post-39503","page","type-page","status-publish","hentry"],"acf":[],"yoast_head":"<!-- This site is optimized with the Yoast SEO plugin v27.0 - https:\/\/yoast.com\/product\/yoast-seo-wordpress\/ -->\n<title>M\u0171szaki konferenci\u00e1k, Mielec 20.06 - Anter System<\/title>\n<meta name=\"description\" content=\"Legjobb gyakorlatok a logisztik\u00e1ban - Technikai konferencia Megh\u00edvjuk \u00d6nt az &quot;Intralogisztikai \u00e9s rakt\u00e1roz\u00e1si folyamatok optimaliz\u00e1l\u00e1sa&quot; c\u00edm\u0171 ingyenes\" \/>\n<meta name=\"robots\" content=\"index, follow, max-snippet:-1, max-image-preview:large, max-video-preview:-1\" \/>\n<link rel=\"canonical\" href=\"https:\/\/antersystem.com\/hu\/hirek\/technical-conferences-mielec-20-06\/\" \/>\n<meta property=\"og:locale\" content=\"hu_HU\" \/>\n<meta property=\"og:type\" content=\"article\" \/>\n<meta property=\"og:title\" content=\"M\u0171szaki konferenci\u00e1k, Mielec 20.06 - Anter System\" \/>\n<meta property=\"og:description\" content=\"Legjobb gyakorlatok a logisztik\u00e1ban - Technikai konferencia Megh\u00edvjuk \u00d6nt az &quot;Intralogisztikai \u00e9s rakt\u00e1roz\u00e1si folyamatok optimaliz\u00e1l\u00e1sa&quot; c\u00edm\u0171 ingyenes\" \/>\n<meta property=\"og:url\" content=\"https:\/\/antersystem.com\/hu\/hirek\/technical-conferences-mielec-20-06\/\" \/>\n<meta property=\"og:site_name\" content=\"Anter System\" \/>\n<meta property=\"article:modified_time\" content=\"2026-02-04T12:51:30+00:00\" \/>\n<meta property=\"og:image\" content=\"https:\/\/antersystem.com\/wp-content\/uploads\/AxonMedia-konferencja-w-Mielcu-1-edited-1024x576.webp\" \/>\n<meta name=\"twitter:card\" content=\"summary_large_image\" \/>\n<meta name=\"twitter:label1\" content=\"Becs\u00fclt olvas\u00e1si id\u0151\" \/>\n\t<meta name=\"twitter:data1\" content=\"2 perc\" \/>\n<script type=\"application\/ld+json\" class=\"yoast-schema-graph\">{\"@context\":\"https:\/\/schema.org\",\"@graph\":[{\"@type\":\"WebPage\",\"@id\":\"https:\/\/antersystem.com\/hu\/hirek\/technical-conferences-mielec-20-06\/\",\"url\":\"https:\/\/antersystem.com\/hu\/hirek\/technical-conferences-mielec-20-06\/\",\"name\":\"M\u0171szaki konferenci\u00e1k, Mielec 20.06 - Anter System\",\"isPartOf\":{\"@id\":\"https:\/\/antersystem.com\/hu\/#website\"},\"primaryImageOfPage\":{\"@id\":\"https:\/\/antersystem.com\/hu\/hirek\/technical-conferences-mielec-20-06\/#primaryimage\"},\"image\":{\"@id\":\"https:\/\/antersystem.com\/hu\/hirek\/technical-conferences-mielec-20-06\/#primaryimage\"},\"thumbnailUrl\":\"https:\/\/antersystem.com\/wp-content\/uploads\/AxonMedia-konferencja-w-Mielcu-1-edited-1024x576.webp\",\"datePublished\":\"2024-06-17T13:23:53+00:00\",\"dateModified\":\"2026-02-04T12:51:30+00:00\",\"description\":\"Legjobb gyakorlatok a logisztik\u00e1ban - Technikai konferencia Megh\u00edvjuk \u00d6nt az \\\"Intralogisztikai \u00e9s rakt\u00e1roz\u00e1si folyamatok optimaliz\u00e1l\u00e1sa\\\" c\u00edm\u0171 ingyenes\",\"breadcrumb\":{\"@id\":\"https:\/\/antersystem.com\/hu\/hirek\/technical-conferences-mielec-20-06\/#breadcrumb\"},\"inLanguage\":\"hu\",\"potentialAction\":[{\"@type\":\"ReadAction\",\"target\":[\"https:\/\/antersystem.com\/hu\/hirek\/technical-conferences-mielec-20-06\/\"]}]},{\"@type\":\"ImageObject\",\"inLanguage\":\"hu\",\"@id\":\"https:\/\/antersystem.com\/hu\/hirek\/technical-conferences-mielec-20-06\/#primaryimage\",\"url\":\"https:\/\/antersystem.com\/wp-content\/uploads\/AxonMedia-konferencja-w-Mielcu-1-edited-1024x576.webp\",\"contentUrl\":\"https:\/\/antersystem.com\/wp-content\/uploads\/AxonMedia-konferencja-w-Mielcu-1-edited-1024x576.webp\"},{\"@type\":\"BreadcrumbList\",\"@id\":\"https:\/\/antersystem.com\/hu\/hirek\/technical-conferences-mielec-20-06\/#breadcrumb\",\"itemListElement\":[{\"@type\":\"ListItem\",\"position\":1,\"name\":\"AnterSystem\",\"item\":\"https:\/\/antersystem.com\/hu\/\"},{\"@type\":\"ListItem\",\"position\":2,\"name\":\"H\u00edrek\",\"item\":\"https:\/\/antersystem.com\/hu\/hirek\/\"},{\"@type\":\"ListItem\",\"position\":3,\"name\":\"M\u0171szaki konferenci\u00e1k, Mielec 20.06\"}]},{\"@type\":\"WebSite\",\"@id\":\"https:\/\/antersystem.com\/hu\/#website\",\"url\":\"https:\/\/antersystem.com\/hu\/\",\"name\":\"Anter System\",\"description\":\"Jeste\u015bmy polskim producentem elastycznych barier ochronnych wykonywanych z polimerowych tworzyw sztucznych. Na rynku krajowym i zagranicznym dzia\u0142amy od ponad 15 lat dbaj\u0105c o zapewnienie bezpiecze\u0144stwa w zak\u0142adach produkcyjnych, magazynach oraz centrach logistycznych.\",\"potentialAction\":[{\"@type\":\"SearchAction\",\"target\":{\"@type\":\"EntryPoint\",\"urlTemplate\":\"https:\/\/antersystem.com\/hu\/?s={search_term_string}\"},\"query-input\":{\"@type\":\"PropertyValueSpecification\",\"valueRequired\":true,\"valueName\":\"search_term_string\"}}],\"inLanguage\":\"hu\"}]}<\/script>\n<!-- \/ Yoast SEO plugin. -->","yoast_head_json":{"title":"M\u0171szaki konferenci\u00e1k, Mielec 20.06 - Anter System","description":"Legjobb gyakorlatok a logisztik\u00e1ban - Technikai konferencia Megh\u00edvjuk \u00d6nt az \"Intralogisztikai \u00e9s rakt\u00e1roz\u00e1si folyamatok optimaliz\u00e1l\u00e1sa\" c\u00edm\u0171 ingyenes","robots":{"index":"index","follow":"follow","max-snippet":"max-snippet:-1","max-image-preview":"max-image-preview:large","max-video-preview":"max-video-preview:-1"},"canonical":"https:\/\/antersystem.com\/hu\/hirek\/technical-conferences-mielec-20-06\/","og_locale":"hu_HU","og_type":"article","og_title":"M\u0171szaki konferenci\u00e1k, Mielec 20.06 - Anter System","og_description":"Legjobb gyakorlatok a logisztik\u00e1ban - Technikai konferencia Megh\u00edvjuk \u00d6nt az \"Intralogisztikai \u00e9s rakt\u00e1roz\u00e1si folyamatok optimaliz\u00e1l\u00e1sa\" c\u00edm\u0171 ingyenes","og_url":"https:\/\/antersystem.com\/hu\/hirek\/technical-conferences-mielec-20-06\/","og_site_name":"Anter System","article_modified_time":"2026-02-04T12:51:30+00:00","og_image":[{"url":"https:\/\/antersystem.com\/wp-content\/uploads\/AxonMedia-konferencja-w-Mielcu-1-edited-1024x576.webp","type":"","width":"","height":""}],"twitter_card":"summary_large_image","twitter_misc":{"Becs\u00fclt olvas\u00e1si id\u0151":"2 perc"},"schema":{"@context":"https:\/\/schema.org","@graph":[{"@type":"WebPage","@id":"https:\/\/antersystem.com\/hu\/hirek\/technical-conferences-mielec-20-06\/","url":"https:\/\/antersystem.com\/hu\/hirek\/technical-conferences-mielec-20-06\/","name":"M\u0171szaki konferenci\u00e1k, Mielec 20.06 - Anter System","isPartOf":{"@id":"https:\/\/antersystem.com\/hu\/#website"},"primaryImageOfPage":{"@id":"https:\/\/antersystem.com\/hu\/hirek\/technical-conferences-mielec-20-06\/#primaryimage"},"image":{"@id":"https:\/\/antersystem.com\/hu\/hirek\/technical-conferences-mielec-20-06\/#primaryimage"},"thumbnailUrl":"https:\/\/antersystem.com\/wp-content\/uploads\/AxonMedia-konferencja-w-Mielcu-1-edited-1024x576.webp","datePublished":"2024-06-17T13:23:53+00:00","dateModified":"2026-02-04T12:51:30+00:00","description":"Legjobb gyakorlatok a logisztik\u00e1ban - Technikai konferencia Megh\u00edvjuk \u00d6nt az \"Intralogisztikai \u00e9s rakt\u00e1roz\u00e1si folyamatok optimaliz\u00e1l\u00e1sa\" c\u00edm\u0171 ingyenes","breadcrumb":{"@id":"https:\/\/antersystem.com\/hu\/hirek\/technical-conferences-mielec-20-06\/#breadcrumb"},"inLanguage":"hu","potentialAction":[{"@type":"ReadAction","target":["https:\/\/antersystem.com\/hu\/hirek\/technical-conferences-mielec-20-06\/"]}]},{"@type":"ImageObject","inLanguage":"hu","@id":"https:\/\/antersystem.com\/hu\/hirek\/technical-conferences-mielec-20-06\/#primaryimage","url":"https:\/\/antersystem.com\/wp-content\/uploads\/AxonMedia-konferencja-w-Mielcu-1-edited-1024x576.webp","contentUrl":"https:\/\/antersystem.com\/wp-content\/uploads\/AxonMedia-konferencja-w-Mielcu-1-edited-1024x576.webp"},{"@type":"BreadcrumbList","@id":"https:\/\/antersystem.com\/hu\/hirek\/technical-conferences-mielec-20-06\/#breadcrumb","itemListElement":[{"@type":"ListItem","position":1,"name":"AnterSystem","item":"https:\/\/antersystem.com\/hu\/"},{"@type":"ListItem","position":2,"name":"H\u00edrek","item":"https:\/\/antersystem.com\/hu\/hirek\/"},{"@type":"ListItem","position":3,"name":"M\u0171szaki konferenci\u00e1k, Mielec 20.06"}]},{"@type":"WebSite","@id":"https:\/\/antersystem.com\/hu\/#website","url":"https:\/\/antersystem.com\/hu\/","name":"Anter System","description":"Jeste\u015bmy polskim producentem elastycznych barier ochronnych wykonywanych z polimerowych tworzyw sztucznych. Na rynku krajowym i zagranicznym dzia\u0142amy od ponad 15 lat dbaj\u0105c o zapewnienie bezpiecze\u0144stwa w zak\u0142adach produkcyjnych, magazynach oraz centrach logistycznych.","potentialAction":[{"@type":"SearchAction","target":{"@type":"EntryPoint","urlTemplate":"https:\/\/antersystem.com\/hu\/?s={search_term_string}"},"query-input":{"@type":"PropertyValueSpecification","valueRequired":true,"valueName":"search_term_string"}}],"inLanguage":"hu"}]}},"_links":{"self":[{"href":"https:\/\/antersystem.com\/hu\/wp-json\/wp\/v2\/pages\/39503","targetHints":{"allow":["GET"]}}],"collection":[{"href":"https:\/\/antersystem.com\/hu\/wp-json\/wp\/v2\/pages"}],"about":[{"href":"https:\/\/antersystem.com\/hu\/wp-json\/wp\/v2\/types\/page"}],"author":[{"embeddable":true,"href":"https:\/\/antersystem.com\/hu\/wp-json\/wp\/v2\/users\/1"}],"replies":[{"embeddable":true,"href":"https:\/\/antersystem.com\/hu\/wp-json\/wp\/v2\/comments?post=39503"}],"version-history":[{"count":1,"href":"https:\/\/antersystem.com\/hu\/wp-json\/wp\/v2\/pages\/39503\/revisions"}],"predecessor-version":[{"id":39505,"href":"https:\/\/antersystem.com\/hu\/wp-json\/wp\/v2\/pages\/39503\/revisions\/39505"}],"up":[{"embeddable":true,"href":"https:\/\/antersystem.com\/hu\/wp-json\/wp\/v2\/pages\/30300"}],"wp:attachment":[{"href":"https:\/\/antersystem.com\/hu\/wp-json\/wp\/v2\/media?parent=39503"}],"curies":[{"name":"wp","href":"https:\/\/api.w.org\/{rel}","templated":true}]}}