{"id":39668,"date":"2024-03-25T16:20:11","date_gmt":"2024-03-25T15:20:11","guid":{"rendered":"https:\/\/antersystem.com\/hirek\/technical-conference-szczecin\/"},"modified":"2026-02-04T14:07:09","modified_gmt":"2026-02-04T13:07:09","slug":"technical-conference-szczecin","status":"publish","type":"page","link":"https:\/\/antersystem.com\/hu\/hirek\/technical-conference-szczecin\/","title":{"rendered":"Technikai konferencia, Szczecin 18.04"},"content":{"rendered":"\n<div class=\"wp-block-columns is-layout-flex wp-container-core-columns-is-layout-9d6595d7 wp-block-columns-is-layout-flex\">\n  \n  <div class=\"wp-block-column is-layout-flow wp-block-column-is-layout-flow\" style=\"flex-basis:10%\"><\/div>\n  \n\n  \n  <div class=\"wp-block-column is-layout-flow wp-block-column-is-layout-flow\">\n    \n    <h3 class=\"wp-block-heading\">\u00dajra tal\u00e1lkozunk &#8211; Axon Media j\u00f3volt\u00e1b\u00f3l.<\/h3>\n    \n\n    \n    <p><strong>Az Axon Media,<\/strong> a technikai konferenci\u00e1k szervez\u0151je m\u00e1r megszokta, hogy havonta h\u00e1l\u00f3zat\u00e9p\u00edt\u0151 tal\u00e1lkoz\u00f3kat tartunk. Ezek gyakoris\u00e1ga \u00e9s energi\u00e1ja tov\u00e1bbra is magas. A k\u00f6vetkez\u0151 konferenci\u00e1ra <a href=\"https:\/\/www.axonmedia.pl\/konferencje\/aktualne\/intralogistyka-magazynowanie-2024-szczecin\/\">\u00e1prilis 18-\u00e1n ker\u00fcl sor Szczecinben,<\/a> melynek f\u0151 t\u00e9m\u00e1ja: Hogyan hajtsunk v\u00e9gre apr\u00f3 v\u00e1ltoztat\u00e1sokat, amelyekkel id\u0151t \u00e9s p\u00e9nz\u00fcgyi forr\u00e1sokat takar\u00edthatunk meg.  <\/p>\n    \n\n    \n    <p>Ezen a rendezv\u00e9nyen is r\u00e9szt vesz\u00fcnk, hogy bemutassuk az egy\u00e9ni ig\u00e9nyekre szabott m\u0171szaki megold\u00e1sok lehet\u0151s\u00e9geit. <a href=\"https:\/\/antersystem.com\/kategorie_produktow\/ochrona-kolumny\/\">A kritikus szerkezetek \u00e9s<\/a> <a href=\"https:\/\/antersystem.com\/produkty\/plyta-zderzeniowa-ertax\/\">\u00fctk\u00f6z\u00e9si z\u00f3n\u00e1k<\/a> v\u00e9delm\u00e9t\u0151l kezdve , ahol nincs hely a szabv\u00e1nyos biztons\u00e1gi korl\u00e1tok sz\u00e1m\u00e1ra, a gyalogos \u00fatvonalak biztos\u00edt\u00e1s\u00e1ig, valamint a g\u00e9pek \u00e9s az infrastrukt\u00fara v\u00e9delm\u00e9ig a targonc\u00e1k \u00fctk\u00f6z\u00e9s\u00e9t\u0151l &#8211; ez a mi szak\u00e9rtelm\u00fcnk \u00e9s mindennapi gyakorlatunk. Sz\u00edvesen megosztunk esettanulm\u00e1nyokat olyan projektekr\u0151l, ahol akt\u00edvan r\u00e9szt vett\u00fcnk a szem\u00e9lyre szabott biztons\u00e1gi megold\u00e1sok tervez\u00e9s\u00e9ben \u00e9s megval\u00f3s\u00edt\u00e1s\u00e1ban.  <\/p>\n    \n\n    \n    <p>Arra is b\u00e1tor\u00edtjuk \u00d6nt, hogy csatlakozzon a konferencia el\u0151ad\u00e1saihoz \u00e9s hallgassa meg a szak\u00e9rt\u0151i el\u0151ad\u00e1sokat &#8211; nem sz\u00fcks\u00e9ges interakci\u00f3. Az <em>&#8222;Intralogisztikai \u00e9s rakt\u00e1ri folyamatok optimaliz\u00e1l\u00e1sa&#8221; c\u00edm\u0171 konferencia<\/em> napirendj\u00e9n olyan t\u00e9m\u00e1k szerepelnek, mint a bels\u0151 sz\u00e1ll\u00edt\u00e1si rendszerek, a rakt\u00e1ri robotika, az automatiz\u00e1lt rakt\u00e1roz\u00e1si \u00e9s komissi\u00f3z\u00e1si rendszerek, az RFID \u00e9s a vezet\u00e9k n\u00e9lk\u00fcli azonos\u00edt\u00e1s, az intralogisztikai szoftverek, a logisztikai tervez\u00e9s \u00e9s tan\u00e1csad\u00e1s, a c\u00edmk\u00e9z\u0151 g\u00e9pek, valamint az ipari \u00e9s rakt\u00e1ri l\u00e9tes\u00edtm\u00e9nyekben alkalmazott munkahelyi eg\u00e9szs\u00e9gv\u00e9delem \u00e9s biztons\u00e1g (OHS). <\/p>\n    \n\n    \n    <p><strong>Mikor:<\/strong> \u00e1prilis 18. (cs\u00fct\u00f6rt\u00f6k) | 8:00 &#8211; 15:30 | program<\/p>\n    \n\n    \n    <p><strong>Hol:<\/strong> Hotel VULCAN, ul. F.K. Druckiego-Lubeckiego 6a, Szczecin | ingyenes parkol\u00e1s <\/p>\n    \n\n    \n    <p><strong>A r\u00e9szv\u00e9tel ingyenes<\/strong><\/p>\n    \n\n    \n    <p>Az esem\u00e9ny b\u00fcszke partnereik\u00e9nt szeretettel megh\u00edvjuk \u00d6n\u00f6ket, hogy csatlakozzanak hozz\u00e1nk!<\/p>\n    \n\n    \n    <p><strong>#TechnikaiKonferenci\u00e1k #AxonMedia #Intralogisztika #Warehousing<\/strong><\/p>\n    \n  <\/div>\n  \n\n  \n  <div class=\"wp-block-column is-layout-flow wp-block-column-is-layout-flow\" style=\"flex-basis:10%\"><\/div>\n  \n<\/div>\n<div class=\"wp-block-image\">\n<figure class=\"aligncenter size-large is-resized\"><img loading=\"lazy\" decoding=\"async\" width=\"1024\" height=\"535\" src=\"https:\/\/antersystem.com\/wp-content\/uploads\/18-KWIETNIA-ANTER-SYSTEM-partnerem-konferencji-technicznych-Axon-Media-1-1024x535.jpg\" alt=\"Anter System - Technikai konferencia Szczecinben, 2024. &#xE1;prilis 18.\" class=\"wp-image-4321\" style=\"width:720px;height:auto\" srcset=\"https:\/\/antersystem.com\/wp-content\/uploads\/18-KWIETNIA-ANTER-SYSTEM-partnerem-konferencji-technicznych-Axon-Media-1-1024x535.jpg 1024w, https:\/\/antersystem.com\/wp-content\/uploads\/18-KWIETNIA-ANTER-SYSTEM-partnerem-konferencji-technicznych-Axon-Media-1-300x157.jpg 300w, https:\/\/antersystem.com\/wp-content\/uploads\/18-KWIETNIA-ANTER-SYSTEM-partnerem-konferencji-technicznych-Axon-Media-1-768x401.jpg 768w, https:\/\/antersystem.com\/wp-content\/uploads\/18-KWIETNIA-ANTER-SYSTEM-partnerem-konferencji-technicznych-Axon-Media-1-450x235.jpg 450w, https:\/\/antersystem.com\/wp-content\/uploads\/18-KWIETNIA-ANTER-SYSTEM-partnerem-konferencji-technicznych-Axon-Media-1-330x172.jpg 330w, https:\/\/antersystem.com\/wp-content\/uploads\/18-KWIETNIA-ANTER-SYSTEM-partnerem-konferencji-technicznych-Axon-Media-1.jpg 1200w\" sizes=\"auto, (max-width: 1024px) 100vw, 1024px\" \/><\/figure><\/div>","protected":false},"excerpt":{"rendered":"<p>\u00dajra tal\u00e1lkozunk &#8211; Axon Media j\u00f3volt\u00e1b\u00f3l. Az Axon Media, a technikai konferenci\u00e1k szervez\u0151je m\u00e1r megszokta, hogy havonta h\u00e1l\u00f3zat\u00e9p\u00edt\u0151 tal\u00e1lkoz\u00f3kat tartunk. Ezek gyakoris\u00e1ga \u00e9s energi\u00e1ja tov\u00e1bbra is magas. A k\u00f6vetkez\u0151 konferenci\u00e1ra \u00e1prilis 18-\u00e1n ker\u00fcl sor Szczecinben, melynek f\u0151 t\u00e9m\u00e1ja: Hogyan hajtsunk v\u00e9gre apr\u00f3 v\u00e1ltoztat\u00e1sokat, amelyekkel id\u0151t \u00e9s p\u00e9nz\u00fcgyi forr\u00e1sokat takar\u00edthatunk meg. Ezen a rendezv\u00e9nyen is r\u00e9szt [&hellip;]<\/p>\n","protected":false},"author":1,"featured_media":0,"parent":30300,"menu_order":0,"comment_status":"closed","ping_status":"closed","template":"","meta":{"inline_featured_image":false,"ngg_post_thumbnail":0,"footnotes":""},"class_list":["post-39668","page","type-page","status-publish","hentry"],"acf":[],"yoast_head":"<!-- This site is optimized with the Yoast SEO plugin v27.0 - https:\/\/yoast.com\/product\/yoast-seo-wordpress\/ -->\n<title>Technikai konferencia, Szczecin 18.04 - Anter System<\/title>\n<meta name=\"description\" content=\"\u00dajra tal\u00e1lkozunk - Axon Media j\u00f3volt\u00e1b\u00f3l. Az Axon Media, a technikai konferenci\u00e1k szervez\u0151je m\u00e1r megszokta, hogy havonta h\u00e1l\u00f3zat\u00e9p\u00edt\u0151 tal\u00e1lkoz\u00f3kat\" \/>\n<meta name=\"robots\" content=\"index, follow, max-snippet:-1, max-image-preview:large, max-video-preview:-1\" \/>\n<link rel=\"canonical\" href=\"https:\/\/antersystem.com\/hu\/hirek\/technical-conference-szczecin\/\" \/>\n<meta property=\"og:locale\" content=\"hu_HU\" \/>\n<meta property=\"og:type\" content=\"article\" \/>\n<meta property=\"og:title\" content=\"Technikai konferencia, Szczecin 18.04 - Anter System\" \/>\n<meta property=\"og:description\" content=\"\u00dajra tal\u00e1lkozunk - Axon Media j\u00f3volt\u00e1b\u00f3l. Az Axon Media, a technikai konferenci\u00e1k szervez\u0151je m\u00e1r megszokta, hogy havonta h\u00e1l\u00f3zat\u00e9p\u00edt\u0151 tal\u00e1lkoz\u00f3kat\" \/>\n<meta property=\"og:url\" content=\"https:\/\/antersystem.com\/hu\/hirek\/technical-conference-szczecin\/\" \/>\n<meta property=\"og:site_name\" content=\"Anter System\" \/>\n<meta property=\"article:modified_time\" content=\"2026-02-04T13:07:09+00:00\" \/>\n<meta property=\"og:image\" content=\"https:\/\/antersystem.com\/wp-content\/uploads\/18-KWIETNIA-ANTER-SYSTEM-partnerem-konferencji-technicznych-Axon-Media-1-1024x535.jpg\" \/>\n<meta name=\"twitter:card\" content=\"summary_large_image\" \/>\n<meta name=\"twitter:label1\" content=\"Becs\u00fclt olvas\u00e1si id\u0151\" \/>\n\t<meta name=\"twitter:data1\" content=\"2 perc\" \/>\n<script type=\"application\/ld+json\" class=\"yoast-schema-graph\">{\"@context\":\"https:\/\/schema.org\",\"@graph\":[{\"@type\":\"WebPage\",\"@id\":\"https:\/\/antersystem.com\/hu\/hirek\/technical-conference-szczecin\/\",\"url\":\"https:\/\/antersystem.com\/hu\/hirek\/technical-conference-szczecin\/\",\"name\":\"Technikai konferencia, Szczecin 18.04 - Anter System\",\"isPartOf\":{\"@id\":\"https:\/\/antersystem.com\/hu\/#website\"},\"primaryImageOfPage\":{\"@id\":\"https:\/\/antersystem.com\/hu\/hirek\/technical-conference-szczecin\/#primaryimage\"},\"image\":{\"@id\":\"https:\/\/antersystem.com\/hu\/hirek\/technical-conference-szczecin\/#primaryimage\"},\"thumbnailUrl\":\"https:\/\/antersystem.com\/wp-content\/uploads\/18-KWIETNIA-ANTER-SYSTEM-partnerem-konferencji-technicznych-Axon-Media-1-1024x535.jpg\",\"datePublished\":\"2024-03-25T15:20:11+00:00\",\"dateModified\":\"2026-02-04T13:07:09+00:00\",\"description\":\"\u00dajra tal\u00e1lkozunk - Axon Media j\u00f3volt\u00e1b\u00f3l. Az Axon Media, a technikai konferenci\u00e1k szervez\u0151je m\u00e1r megszokta, hogy havonta h\u00e1l\u00f3zat\u00e9p\u00edt\u0151 tal\u00e1lkoz\u00f3kat\",\"breadcrumb\":{\"@id\":\"https:\/\/antersystem.com\/hu\/hirek\/technical-conference-szczecin\/#breadcrumb\"},\"inLanguage\":\"hu\",\"potentialAction\":[{\"@type\":\"ReadAction\",\"target\":[\"https:\/\/antersystem.com\/hu\/hirek\/technical-conference-szczecin\/\"]}]},{\"@type\":\"ImageObject\",\"inLanguage\":\"hu\",\"@id\":\"https:\/\/antersystem.com\/hu\/hirek\/technical-conference-szczecin\/#primaryimage\",\"url\":\"https:\/\/antersystem.com\/wp-content\/uploads\/18-KWIETNIA-ANTER-SYSTEM-partnerem-konferencji-technicznych-Axon-Media-1-1024x535.jpg\",\"contentUrl\":\"https:\/\/antersystem.com\/wp-content\/uploads\/18-KWIETNIA-ANTER-SYSTEM-partnerem-konferencji-technicznych-Axon-Media-1-1024x535.jpg\"},{\"@type\":\"BreadcrumbList\",\"@id\":\"https:\/\/antersystem.com\/hu\/hirek\/technical-conference-szczecin\/#breadcrumb\",\"itemListElement\":[{\"@type\":\"ListItem\",\"position\":1,\"name\":\"AnterSystem\",\"item\":\"https:\/\/antersystem.com\/hu\/\"},{\"@type\":\"ListItem\",\"position\":2,\"name\":\"H\u00edrek\",\"item\":\"https:\/\/antersystem.com\/hu\/hirek\/\"},{\"@type\":\"ListItem\",\"position\":3,\"name\":\"Technikai konferencia, Szczecin 18.04\"}]},{\"@type\":\"WebSite\",\"@id\":\"https:\/\/antersystem.com\/hu\/#website\",\"url\":\"https:\/\/antersystem.com\/hu\/\",\"name\":\"Anter System\",\"description\":\"Jeste\u015bmy polskim producentem elastycznych barier ochronnych wykonywanych z polimerowych tworzyw sztucznych. Na rynku krajowym i zagranicznym dzia\u0142amy od ponad 15 lat dbaj\u0105c o zapewnienie bezpiecze\u0144stwa w zak\u0142adach produkcyjnych, magazynach oraz centrach logistycznych.\",\"potentialAction\":[{\"@type\":\"SearchAction\",\"target\":{\"@type\":\"EntryPoint\",\"urlTemplate\":\"https:\/\/antersystem.com\/hu\/?s={search_term_string}\"},\"query-input\":{\"@type\":\"PropertyValueSpecification\",\"valueRequired\":true,\"valueName\":\"search_term_string\"}}],\"inLanguage\":\"hu\"}]}<\/script>\n<!-- \/ Yoast SEO plugin. -->","yoast_head_json":{"title":"Technikai konferencia, Szczecin 18.04 - Anter System","description":"\u00dajra tal\u00e1lkozunk - Axon Media j\u00f3volt\u00e1b\u00f3l. Az Axon Media, a technikai konferenci\u00e1k szervez\u0151je m\u00e1r megszokta, hogy havonta h\u00e1l\u00f3zat\u00e9p\u00edt\u0151 tal\u00e1lkoz\u00f3kat","robots":{"index":"index","follow":"follow","max-snippet":"max-snippet:-1","max-image-preview":"max-image-preview:large","max-video-preview":"max-video-preview:-1"},"canonical":"https:\/\/antersystem.com\/hu\/hirek\/technical-conference-szczecin\/","og_locale":"hu_HU","og_type":"article","og_title":"Technikai konferencia, Szczecin 18.04 - Anter System","og_description":"\u00dajra tal\u00e1lkozunk - Axon Media j\u00f3volt\u00e1b\u00f3l. Az Axon Media, a technikai konferenci\u00e1k szervez\u0151je m\u00e1r megszokta, hogy havonta h\u00e1l\u00f3zat\u00e9p\u00edt\u0151 tal\u00e1lkoz\u00f3kat","og_url":"https:\/\/antersystem.com\/hu\/hirek\/technical-conference-szczecin\/","og_site_name":"Anter System","article_modified_time":"2026-02-04T13:07:09+00:00","og_image":[{"url":"https:\/\/antersystem.com\/wp-content\/uploads\/18-KWIETNIA-ANTER-SYSTEM-partnerem-konferencji-technicznych-Axon-Media-1-1024x535.jpg","type":"","width":"","height":""}],"twitter_card":"summary_large_image","twitter_misc":{"Becs\u00fclt olvas\u00e1si id\u0151":"2 perc"},"schema":{"@context":"https:\/\/schema.org","@graph":[{"@type":"WebPage","@id":"https:\/\/antersystem.com\/hu\/hirek\/technical-conference-szczecin\/","url":"https:\/\/antersystem.com\/hu\/hirek\/technical-conference-szczecin\/","name":"Technikai konferencia, Szczecin 18.04 - Anter System","isPartOf":{"@id":"https:\/\/antersystem.com\/hu\/#website"},"primaryImageOfPage":{"@id":"https:\/\/antersystem.com\/hu\/hirek\/technical-conference-szczecin\/#primaryimage"},"image":{"@id":"https:\/\/antersystem.com\/hu\/hirek\/technical-conference-szczecin\/#primaryimage"},"thumbnailUrl":"https:\/\/antersystem.com\/wp-content\/uploads\/18-KWIETNIA-ANTER-SYSTEM-partnerem-konferencji-technicznych-Axon-Media-1-1024x535.jpg","datePublished":"2024-03-25T15:20:11+00:00","dateModified":"2026-02-04T13:07:09+00:00","description":"\u00dajra tal\u00e1lkozunk - Axon Media j\u00f3volt\u00e1b\u00f3l. Az Axon Media, a technikai konferenci\u00e1k szervez\u0151je m\u00e1r megszokta, hogy havonta h\u00e1l\u00f3zat\u00e9p\u00edt\u0151 tal\u00e1lkoz\u00f3kat","breadcrumb":{"@id":"https:\/\/antersystem.com\/hu\/hirek\/technical-conference-szczecin\/#breadcrumb"},"inLanguage":"hu","potentialAction":[{"@type":"ReadAction","target":["https:\/\/antersystem.com\/hu\/hirek\/technical-conference-szczecin\/"]}]},{"@type":"ImageObject","inLanguage":"hu","@id":"https:\/\/antersystem.com\/hu\/hirek\/technical-conference-szczecin\/#primaryimage","url":"https:\/\/antersystem.com\/wp-content\/uploads\/18-KWIETNIA-ANTER-SYSTEM-partnerem-konferencji-technicznych-Axon-Media-1-1024x535.jpg","contentUrl":"https:\/\/antersystem.com\/wp-content\/uploads\/18-KWIETNIA-ANTER-SYSTEM-partnerem-konferencji-technicznych-Axon-Media-1-1024x535.jpg"},{"@type":"BreadcrumbList","@id":"https:\/\/antersystem.com\/hu\/hirek\/technical-conference-szczecin\/#breadcrumb","itemListElement":[{"@type":"ListItem","position":1,"name":"AnterSystem","item":"https:\/\/antersystem.com\/hu\/"},{"@type":"ListItem","position":2,"name":"H\u00edrek","item":"https:\/\/antersystem.com\/hu\/hirek\/"},{"@type":"ListItem","position":3,"name":"Technikai konferencia, Szczecin 18.04"}]},{"@type":"WebSite","@id":"https:\/\/antersystem.com\/hu\/#website","url":"https:\/\/antersystem.com\/hu\/","name":"Anter System","description":"Jeste\u015bmy polskim producentem elastycznych barier ochronnych wykonywanych z polimerowych tworzyw sztucznych. Na rynku krajowym i zagranicznym dzia\u0142amy od ponad 15 lat dbaj\u0105c o zapewnienie bezpiecze\u0144stwa w zak\u0142adach produkcyjnych, magazynach oraz centrach logistycznych.","potentialAction":[{"@type":"SearchAction","target":{"@type":"EntryPoint","urlTemplate":"https:\/\/antersystem.com\/hu\/?s={search_term_string}"},"query-input":{"@type":"PropertyValueSpecification","valueRequired":true,"valueName":"search_term_string"}}],"inLanguage":"hu"}]}},"_links":{"self":[{"href":"https:\/\/antersystem.com\/hu\/wp-json\/wp\/v2\/pages\/39668","targetHints":{"allow":["GET"]}}],"collection":[{"href":"https:\/\/antersystem.com\/hu\/wp-json\/wp\/v2\/pages"}],"about":[{"href":"https:\/\/antersystem.com\/hu\/wp-json\/wp\/v2\/types\/page"}],"author":[{"embeddable":true,"href":"https:\/\/antersystem.com\/hu\/wp-json\/wp\/v2\/users\/1"}],"replies":[{"embeddable":true,"href":"https:\/\/antersystem.com\/hu\/wp-json\/wp\/v2\/comments?post=39668"}],"version-history":[{"count":1,"href":"https:\/\/antersystem.com\/hu\/wp-json\/wp\/v2\/pages\/39668\/revisions"}],"predecessor-version":[{"id":39669,"href":"https:\/\/antersystem.com\/hu\/wp-json\/wp\/v2\/pages\/39668\/revisions\/39669"}],"up":[{"embeddable":true,"href":"https:\/\/antersystem.com\/hu\/wp-json\/wp\/v2\/pages\/30300"}],"wp:attachment":[{"href":"https:\/\/antersystem.com\/hu\/wp-json\/wp\/v2\/media?parent=39668"}],"curies":[{"name":"wp","href":"https:\/\/api.w.org\/{rel}","templated":true}]}}