{"id":39706,"date":"2024-10-22T14:33:00","date_gmt":"2024-10-22T12:33:00","guid":{"rendered":"https:\/\/antersystem.com\/hirek\/anter-system-partner-of-the-industry-conference\/"},"modified":"2026-02-04T14:07:26","modified_gmt":"2026-02-04T13:07:26","slug":"anter-system-partner-of-the-industry-conference","status":"publish","type":"page","link":"https:\/\/antersystem.com\/hu\/hirek\/anter-system-partner-of-the-industry-conference\/","title":{"rendered":"Anter System az ipari konferencia partnere"},"content":{"rendered":"\n<div class=\"wp-block-columns is-layout-flex wp-container-core-columns-is-layout-9d6595d7 wp-block-columns-is-layout-flex\">\n<div class=\"wp-block-column is-layout-flow wp-block-column-is-layout-flow\" style=\"flex-basis:10%\"><\/div>\n\n\n\n<div class=\"wp-block-column is-layout-flow wp-block-column-is-layout-flow\">\n<h2 class=\"wp-block-heading\">Csatlakozzon hozz\u00e1nk a logisztikai \u00e1talakul\u00e1snak szentelt tal\u00e1lkoz\u00f3ra!<\/h2>\n\n\n\n<p>2024. november 7-\u00e9n Zabrze-ben <em>ker\u00fcl megrendez\u00e9sre<\/em> az &#8221; <em>Intralogisztikai \u00e9s rakt\u00e1roz\u00e1si folyamatok optimaliz\u00e1l\u00e1sa&#8221;<\/em> c\u00edm\u0171 konferencia <em>, amely<\/em> az idei \u00e9v egyik legfontosabb esem\u00e9nye a logisztikai ipar\u00e1g sz\u00e1m\u00e1ra <em>.<\/em> Az Axon Media \u00e1ltal szervezett esem\u00e9nyen ism\u00e9t partnerk\u00e9nt vesz r\u00e9szt az Anter System Polska. <\/p>\n\n\n\n<p><strong>Mi\u00e9rt \u00e9rdemes csatlakoznia?<\/strong><\/p>\n\n\n\n<p>A konferenci\u00e1t \u00fczemek \u00e9s logisztikai k\u00f6zpontok tulajdonosai \u00e9s igazgat\u00f3i, valamint a rakt\u00e1roz\u00e1si folyamatok\u00e9rt, ell\u00e1t\u00e1si l\u00e1ncok\u00e9rt \u00e9s termel\u00e9sir\u00e1ny\u00edt\u00e1s\u00e9rt felel\u0151s vezet\u0151k sz\u00e1m\u00e1ra tervezt\u00e9k. A tematikus panelek sor\u00e1n <strong>a szak\u00e9rt\u0151k megosztj\u00e1k a v\u00e1llalatokon bel\u00fcli logisztikai \u00e9s rakt\u00e1roz\u00e1si folyamatok jav\u00edt\u00e1s\u00e1val kapcsolatos tapasztalataikat<\/strong>, \u00e9s megvitatj\u00e1k a folyamatoknak az egyes l\u00e9tes\u00edtm\u00e9nyek saj\u00e1toss\u00e1gaihoz val\u00f3 igaz\u00edt\u00e1s\u00e1val kapcsolatos kih\u00edv\u00e1sokat. A bemutatott p\u00e9ld\u00e1k k\u00f6z\u00f6tt lesznek nagyszab\u00e1s\u00fa megval\u00f3s\u00edt\u00e1sok \u00e9s kisebb m\u00f3dos\u00edt\u00e1sok is, amelyek m\u00e9rhet\u0151 eredm\u00e9nyeket hoztak.  <\/p>\n\n\n\n<p>A t\u00e9m\u00e1k k\u00f6z\u00f6tt szerepelnek a bels\u0151 sz\u00e1ll\u00edt\u00e1si rendszerek, anyagmozgat\u00f3 berendez\u00e9sek, rakt\u00e1ri robotok, automatiz\u00e1lt rakt\u00e1roz\u00e1si \u00e9s komissi\u00f3z\u00e1si rendszerek, RFID \u00e9s vezet\u00e9k n\u00e9lk\u00fcli azonos\u00edt\u00f3 technol\u00f3gi\u00e1k, intralogisztikai szoftverek, intralogisztikai tervez\u00e9s \u00e9s tan\u00e1csad\u00e1s, valamint c\u00edmk\u00e9z\u0151 g\u00e9pek \u00e9s eszk\u00f6z\u00f6k.<\/p>\n\n\n\n<p><strong>Besz\u00e9lj\u00fcnk a munkahelyi biztons\u00e1gr\u00f3l<\/strong><\/p>\n\n\n\n<p>A rendezv\u00e9nyen sz\u00f3 lesz <strong>a rakt\u00e1rak \u00e9s gy\u00e1rt\u00f3csarnokok munkahelyi biztons\u00e1g\u00e1r\u00f3l \u00e9s eg\u00e9szs\u00e9gv\u00e9delm\u00e9r\u0151l<\/strong> is <strong>, amely ter\u00fcleten<\/strong> az Anter System Polska szak\u00e9rt\u0151. T\u00f6bb mint 15 \u00e9ve ny\u00fajtunk tan\u00e1csad\u00e1si szolg\u00e1ltat\u00e1sokat az ipari \u00e9s logisztikai k\u00f6rnyezetben dolgoz\u00f3k, g\u00e9pek \u00e9s infrastrukt\u00fara v\u00e9delmi rendszereihez kapcsol\u00f3d\u00f3an. A konferencia sor\u00e1n sz\u00edvesen <strong>besz\u00e9lget\u00fcnk a<\/strong> munkahelyi biztons\u00e1got <strong>fokoz\u00f3 leg\u00fajabb megold\u00e1sokr\u00f3l<\/strong>.  <\/p>\n\n\n\n<p>A konferencia dinamikus, egynapos form\u00e1ja nemcsak szak\u00e9rt\u0151i el\u0151ad\u00e1sokat tartalmaz, hanem <strong>lehet\u0151s\u00e9get ad \u00e9rt\u00e9kes \u00fczleti kapcsolatok kialak\u00edt\u00e1s\u00e1ra<\/strong> is <strong>.<\/strong> A rendezv\u00e9nyen val\u00f3 r\u00e9szv\u00e9tel ingyenes &#8211; szeretettel megh\u00edvjuk \u00d6nt is!<\/p>\n\n\n\n<p>A konferenci\u00e1n val\u00f3 r\u00e9szv\u00e9tel ingyenes. R\u00e9szletes regisztr\u00e1ci\u00f3s inform\u00e1ci\u00f3k \u00e9s a napirend itt \u00e9rhet\u0151 el: <a href=\"https:\/\/www.axonmedia.pl\/konferencje\/aktualne\/intralogistyka-magazynowanie-2024-zabrze\/\" target=\"_blank\" rel=\"noreferrer noopener\"><em>&#8222;Az intralogisztikai \u00e9s rakt\u00e1roz\u00e1si folyamatok optimaliz\u00e1l\u00e1sa&#8221;<\/em><\/a> <\/p>\n\n\n\n<p><\/p>\n\n\n\n<p><\/p>\n<\/div>\n\n\n\n<div class=\"wp-block-column is-layout-flow wp-block-column-is-layout-flow\" style=\"flex-basis:10%\"><\/div>\n<\/div>\n<div class=\"wp-block-image\">\n<figure class=\"aligncenter size-large is-resized\"><img loading=\"lazy\" decoding=\"async\" width=\"1024\" height=\"576\" src=\"https:\/\/antersystem.com\/wp-content\/uploads\/Konferencja_optymalizacja-procesow-logistycznych-2024-1024x576.jpg\" alt=\"\" class=\"wp-image-5562\" style=\"width:620px;height:auto\" srcset=\"https:\/\/antersystem.com\/wp-content\/uploads\/Konferencja_optymalizacja-procesow-logistycznych-2024-1024x576.jpg 1024w, https:\/\/antersystem.com\/wp-content\/uploads\/Konferencja_optymalizacja-procesow-logistycznych-2024-300x169.jpg 300w, https:\/\/antersystem.com\/wp-content\/uploads\/Konferencja_optymalizacja-procesow-logistycznych-2024-768x432.jpg 768w, https:\/\/antersystem.com\/wp-content\/uploads\/Konferencja_optymalizacja-procesow-logistycznych-2024-450x253.jpg 450w, https:\/\/antersystem.com\/wp-content\/uploads\/Konferencja_optymalizacja-procesow-logistycznych-2024-330x186.jpg 330w, https:\/\/antersystem.com\/wp-content\/uploads\/Konferencja_optymalizacja-procesow-logistycznych-2024.jpg 1115w\" sizes=\"auto, (max-width: 1024px) 100vw, 1024px\" \/><\/figure><\/div>","protected":false},"excerpt":{"rendered":"<p>Csatlakozzon hozz\u00e1nk a logisztikai \u00e1talakul\u00e1snak szentelt tal\u00e1lkoz\u00f3ra! 2024. november 7-\u00e9n Zabrze-ben ker\u00fcl megrendez\u00e9sre az &#8221; Intralogisztikai \u00e9s rakt\u00e1roz\u00e1si folyamatok optimaliz\u00e1l\u00e1sa&#8221; c\u00edm\u0171 konferencia , amely az idei \u00e9v egyik legfontosabb esem\u00e9nye a logisztikai ipar\u00e1g sz\u00e1m\u00e1ra . Az Axon Media \u00e1ltal szervezett esem\u00e9nyen ism\u00e9t partnerk\u00e9nt vesz r\u00e9szt az Anter System Polska. Mi\u00e9rt \u00e9rdemes csatlakoznia? A konferenci\u00e1t \u00fczemek [&hellip;]<\/p>\n","protected":false},"author":1,"featured_media":0,"parent":30300,"menu_order":0,"comment_status":"closed","ping_status":"closed","template":"","meta":{"inline_featured_image":false,"ngg_post_thumbnail":0,"footnotes":""},"class_list":["post-39706","page","type-page","status-publish","hentry"],"acf":[],"yoast_head":"<!-- This site is optimized with the Yoast SEO plugin v27.0 - https:\/\/yoast.com\/product\/yoast-seo-wordpress\/ -->\n<title>Anter System az ipari konferencia partnere - Anter System<\/title>\n<meta name=\"description\" content=\"Csatlakozzon hozz\u00e1nk a logisztikai \u00e1talakul\u00e1snak szentelt tal\u00e1lkoz\u00f3ra! 2024. november 7-\u00e9n Zabrze-ben ker\u00fcl megrendez\u00e9sre az &quot; Intralogisztikai \u00e9s\" \/>\n<meta name=\"robots\" content=\"index, follow, max-snippet:-1, max-image-preview:large, max-video-preview:-1\" \/>\n<link rel=\"canonical\" href=\"https:\/\/antersystem.com\/hu\/hirek\/anter-system-partner-of-the-industry-conference\/\" \/>\n<meta property=\"og:locale\" content=\"hu_HU\" \/>\n<meta property=\"og:type\" content=\"article\" \/>\n<meta property=\"og:title\" content=\"Anter System az ipari konferencia partnere - Anter System\" \/>\n<meta property=\"og:description\" content=\"Csatlakozzon hozz\u00e1nk a logisztikai \u00e1talakul\u00e1snak szentelt tal\u00e1lkoz\u00f3ra! 2024. november 7-\u00e9n Zabrze-ben ker\u00fcl megrendez\u00e9sre az &quot; Intralogisztikai \u00e9s\" \/>\n<meta property=\"og:url\" content=\"https:\/\/antersystem.com\/hu\/hirek\/anter-system-partner-of-the-industry-conference\/\" \/>\n<meta property=\"og:site_name\" content=\"Anter System\" \/>\n<meta property=\"article:modified_time\" content=\"2026-02-04T13:07:26+00:00\" \/>\n<meta property=\"og:image\" content=\"https:\/\/antersystem.com\/wp-content\/uploads\/Konferencja_optymalizacja-procesow-logistycznych-2024-1024x576.jpg\" \/>\n<meta name=\"twitter:card\" content=\"summary_large_image\" \/>\n<meta name=\"twitter:label1\" content=\"Becs\u00fclt olvas\u00e1si id\u0151\" \/>\n\t<meta name=\"twitter:data1\" content=\"2 perc\" \/>\n<script type=\"application\/ld+json\" class=\"yoast-schema-graph\">{\"@context\":\"https:\/\/schema.org\",\"@graph\":[{\"@type\":\"WebPage\",\"@id\":\"https:\/\/antersystem.com\/hu\/hirek\/anter-system-partner-of-the-industry-conference\/\",\"url\":\"https:\/\/antersystem.com\/hu\/hirek\/anter-system-partner-of-the-industry-conference\/\",\"name\":\"Anter System az ipari konferencia partnere - Anter System\",\"isPartOf\":{\"@id\":\"https:\/\/antersystem.com\/hu\/#website\"},\"primaryImageOfPage\":{\"@id\":\"https:\/\/antersystem.com\/hu\/hirek\/anter-system-partner-of-the-industry-conference\/#primaryimage\"},\"image\":{\"@id\":\"https:\/\/antersystem.com\/hu\/hirek\/anter-system-partner-of-the-industry-conference\/#primaryimage\"},\"thumbnailUrl\":\"https:\/\/antersystem.com\/wp-content\/uploads\/Konferencja_optymalizacja-procesow-logistycznych-2024-1024x576.jpg\",\"datePublished\":\"2024-10-22T12:33:00+00:00\",\"dateModified\":\"2026-02-04T13:07:26+00:00\",\"description\":\"Csatlakozzon hozz\u00e1nk a logisztikai \u00e1talakul\u00e1snak szentelt tal\u00e1lkoz\u00f3ra! 2024. november 7-\u00e9n Zabrze-ben ker\u00fcl megrendez\u00e9sre az \\\" Intralogisztikai \u00e9s\",\"breadcrumb\":{\"@id\":\"https:\/\/antersystem.com\/hu\/hirek\/anter-system-partner-of-the-industry-conference\/#breadcrumb\"},\"inLanguage\":\"hu\",\"potentialAction\":[{\"@type\":\"ReadAction\",\"target\":[\"https:\/\/antersystem.com\/hu\/hirek\/anter-system-partner-of-the-industry-conference\/\"]}]},{\"@type\":\"ImageObject\",\"inLanguage\":\"hu\",\"@id\":\"https:\/\/antersystem.com\/hu\/hirek\/anter-system-partner-of-the-industry-conference\/#primaryimage\",\"url\":\"https:\/\/antersystem.com\/wp-content\/uploads\/Konferencja_optymalizacja-procesow-logistycznych-2024-1024x576.jpg\",\"contentUrl\":\"https:\/\/antersystem.com\/wp-content\/uploads\/Konferencja_optymalizacja-procesow-logistycznych-2024-1024x576.jpg\"},{\"@type\":\"BreadcrumbList\",\"@id\":\"https:\/\/antersystem.com\/hu\/hirek\/anter-system-partner-of-the-industry-conference\/#breadcrumb\",\"itemListElement\":[{\"@type\":\"ListItem\",\"position\":1,\"name\":\"AnterSystem\",\"item\":\"https:\/\/antersystem.com\/hu\/\"},{\"@type\":\"ListItem\",\"position\":2,\"name\":\"H\u00edrek\",\"item\":\"https:\/\/antersystem.com\/hu\/hirek\/\"},{\"@type\":\"ListItem\",\"position\":3,\"name\":\"Anter System az ipari konferencia partnere\"}]},{\"@type\":\"WebSite\",\"@id\":\"https:\/\/antersystem.com\/hu\/#website\",\"url\":\"https:\/\/antersystem.com\/hu\/\",\"name\":\"Anter System\",\"description\":\"Jeste\u015bmy polskim producentem elastycznych barier ochronnych wykonywanych z polimerowych tworzyw sztucznych. Na rynku krajowym i zagranicznym dzia\u0142amy od ponad 15 lat dbaj\u0105c o zapewnienie bezpiecze\u0144stwa w zak\u0142adach produkcyjnych, magazynach oraz centrach logistycznych.\",\"potentialAction\":[{\"@type\":\"SearchAction\",\"target\":{\"@type\":\"EntryPoint\",\"urlTemplate\":\"https:\/\/antersystem.com\/hu\/?s={search_term_string}\"},\"query-input\":{\"@type\":\"PropertyValueSpecification\",\"valueRequired\":true,\"valueName\":\"search_term_string\"}}],\"inLanguage\":\"hu\"}]}<\/script>\n<!-- \/ Yoast SEO plugin. -->","yoast_head_json":{"title":"Anter System az ipari konferencia partnere - Anter System","description":"Csatlakozzon hozz\u00e1nk a logisztikai \u00e1talakul\u00e1snak szentelt tal\u00e1lkoz\u00f3ra! 2024. november 7-\u00e9n Zabrze-ben ker\u00fcl megrendez\u00e9sre az \" Intralogisztikai \u00e9s","robots":{"index":"index","follow":"follow","max-snippet":"max-snippet:-1","max-image-preview":"max-image-preview:large","max-video-preview":"max-video-preview:-1"},"canonical":"https:\/\/antersystem.com\/hu\/hirek\/anter-system-partner-of-the-industry-conference\/","og_locale":"hu_HU","og_type":"article","og_title":"Anter System az ipari konferencia partnere - Anter System","og_description":"Csatlakozzon hozz\u00e1nk a logisztikai \u00e1talakul\u00e1snak szentelt tal\u00e1lkoz\u00f3ra! 2024. november 7-\u00e9n Zabrze-ben ker\u00fcl megrendez\u00e9sre az \" Intralogisztikai \u00e9s","og_url":"https:\/\/antersystem.com\/hu\/hirek\/anter-system-partner-of-the-industry-conference\/","og_site_name":"Anter System","article_modified_time":"2026-02-04T13:07:26+00:00","og_image":[{"url":"https:\/\/antersystem.com\/wp-content\/uploads\/Konferencja_optymalizacja-procesow-logistycznych-2024-1024x576.jpg","type":"","width":"","height":""}],"twitter_card":"summary_large_image","twitter_misc":{"Becs\u00fclt olvas\u00e1si id\u0151":"2 perc"},"schema":{"@context":"https:\/\/schema.org","@graph":[{"@type":"WebPage","@id":"https:\/\/antersystem.com\/hu\/hirek\/anter-system-partner-of-the-industry-conference\/","url":"https:\/\/antersystem.com\/hu\/hirek\/anter-system-partner-of-the-industry-conference\/","name":"Anter System az ipari konferencia partnere - Anter System","isPartOf":{"@id":"https:\/\/antersystem.com\/hu\/#website"},"primaryImageOfPage":{"@id":"https:\/\/antersystem.com\/hu\/hirek\/anter-system-partner-of-the-industry-conference\/#primaryimage"},"image":{"@id":"https:\/\/antersystem.com\/hu\/hirek\/anter-system-partner-of-the-industry-conference\/#primaryimage"},"thumbnailUrl":"https:\/\/antersystem.com\/wp-content\/uploads\/Konferencja_optymalizacja-procesow-logistycznych-2024-1024x576.jpg","datePublished":"2024-10-22T12:33:00+00:00","dateModified":"2026-02-04T13:07:26+00:00","description":"Csatlakozzon hozz\u00e1nk a logisztikai \u00e1talakul\u00e1snak szentelt tal\u00e1lkoz\u00f3ra! 2024. november 7-\u00e9n Zabrze-ben ker\u00fcl megrendez\u00e9sre az \" Intralogisztikai \u00e9s","breadcrumb":{"@id":"https:\/\/antersystem.com\/hu\/hirek\/anter-system-partner-of-the-industry-conference\/#breadcrumb"},"inLanguage":"hu","potentialAction":[{"@type":"ReadAction","target":["https:\/\/antersystem.com\/hu\/hirek\/anter-system-partner-of-the-industry-conference\/"]}]},{"@type":"ImageObject","inLanguage":"hu","@id":"https:\/\/antersystem.com\/hu\/hirek\/anter-system-partner-of-the-industry-conference\/#primaryimage","url":"https:\/\/antersystem.com\/wp-content\/uploads\/Konferencja_optymalizacja-procesow-logistycznych-2024-1024x576.jpg","contentUrl":"https:\/\/antersystem.com\/wp-content\/uploads\/Konferencja_optymalizacja-procesow-logistycznych-2024-1024x576.jpg"},{"@type":"BreadcrumbList","@id":"https:\/\/antersystem.com\/hu\/hirek\/anter-system-partner-of-the-industry-conference\/#breadcrumb","itemListElement":[{"@type":"ListItem","position":1,"name":"AnterSystem","item":"https:\/\/antersystem.com\/hu\/"},{"@type":"ListItem","position":2,"name":"H\u00edrek","item":"https:\/\/antersystem.com\/hu\/hirek\/"},{"@type":"ListItem","position":3,"name":"Anter System az ipari konferencia partnere"}]},{"@type":"WebSite","@id":"https:\/\/antersystem.com\/hu\/#website","url":"https:\/\/antersystem.com\/hu\/","name":"Anter System","description":"Jeste\u015bmy polskim producentem elastycznych barier ochronnych wykonywanych z polimerowych tworzyw sztucznych. Na rynku krajowym i zagranicznym dzia\u0142amy od ponad 15 lat dbaj\u0105c o zapewnienie bezpiecze\u0144stwa w zak\u0142adach produkcyjnych, magazynach oraz centrach logistycznych.","potentialAction":[{"@type":"SearchAction","target":{"@type":"EntryPoint","urlTemplate":"https:\/\/antersystem.com\/hu\/?s={search_term_string}"},"query-input":{"@type":"PropertyValueSpecification","valueRequired":true,"valueName":"search_term_string"}}],"inLanguage":"hu"}]}},"_links":{"self":[{"href":"https:\/\/antersystem.com\/hu\/wp-json\/wp\/v2\/pages\/39706","targetHints":{"allow":["GET"]}}],"collection":[{"href":"https:\/\/antersystem.com\/hu\/wp-json\/wp\/v2\/pages"}],"about":[{"href":"https:\/\/antersystem.com\/hu\/wp-json\/wp\/v2\/types\/page"}],"author":[{"embeddable":true,"href":"https:\/\/antersystem.com\/hu\/wp-json\/wp\/v2\/users\/1"}],"replies":[{"embeddable":true,"href":"https:\/\/antersystem.com\/hu\/wp-json\/wp\/v2\/comments?post=39706"}],"version-history":[{"count":1,"href":"https:\/\/antersystem.com\/hu\/wp-json\/wp\/v2\/pages\/39706\/revisions"}],"predecessor-version":[{"id":39708,"href":"https:\/\/antersystem.com\/hu\/wp-json\/wp\/v2\/pages\/39706\/revisions\/39708"}],"up":[{"embeddable":true,"href":"https:\/\/antersystem.com\/hu\/wp-json\/wp\/v2\/pages\/30300"}],"wp:attachment":[{"href":"https:\/\/antersystem.com\/hu\/wp-json\/wp\/v2\/media?parent=39706"}],"curies":[{"name":"wp","href":"https:\/\/api.w.org\/{rel}","templated":true}]}}