{"id":39862,"date":"2025-11-07T14:23:00","date_gmt":"2025-11-07T13:23:00","guid":{"rendered":"https:\/\/antersystem.com\/hirek\/warsaw-industry-week-2025\/"},"modified":"2025-11-07T14:23:00","modified_gmt":"2025-11-07T13:23:00","slug":"warsaw-industry-week-2025","status":"publish","type":"page","link":"https:\/\/antersystem.com\/hu\/hirek\/warsaw-industry-week-2025\/","title":{"rendered":"Warsaw Industry Week 2025"},"content":{"rendered":"<p>Id\u00e9n csapatunknak ism\u00e9t volt szerencs\u00e9je r\u00e9szt venni <strong>a Warsaw Industry Week-en.<\/strong> A 9. kiad\u00e1s vezet\u0151 v\u00e1llalatokat, szak\u00e9rt\u0151ket \u00e9s a technol\u00f3gia szerelmeseit hozta \u00f6ssze h\u00e1rom napra, amely tele volt innov\u00e1ci\u00f3val, inspir\u00e1ci\u00f3val \u00e9s \u00e9rt\u00e9kes besz\u00e9lget\u00e9sekkel. Nagyszer\u0171 lehet\u0151s\u00e9get biztos\u00edtott arra, hogy \u00fajra kapcsolatba l\u00e9pj\u00fcnk az ipar\u00e1gi szakemberekkel, \u00faj partnerekkel tal\u00e1lkozzunk, \u00e9s felfedezz\u00fck a gy\u00e1rt\u00e1s j\u00f6v\u0151j\u00e9t alak\u00edt\u00f3 leg\u00fajabb trendeket.  <\/p>\n<p>Az idei v\u00e1s\u00e1r leny\u0171g\u00f6z\u0151 m\u00e9ret\u0171 \u00e9s terjedelm\u0171 volt, t\u00f6bb mint 500 ki\u00e1ll\u00edt\u00f3val \u00e9s 22 573 l\u00e1togat\u00f3val Lengyelorsz\u00e1gb\u00f3l \u00e9s k\u00fclf\u00f6ldr\u0151l. Minden egyes csarnok lehet\u0151s\u00e9get k\u00edn\u00e1lt a leg\u00fajabb ipari megold\u00e1sok felfedez\u00e9s\u00e9re, \u00e9l\u0151 bemutat\u00f3k megtekint\u00e9s\u00e9re \u00e9s a r\u00e9gi\u00f3 \u00faj\u00edt\u00f3ival val\u00f3 kapcsolatfelv\u00e9telre, ami inspir\u00e1l\u00f3 k\u00f6rnyezetet teremtett a tanul\u00e1shoz \u00e9s az eszmecser\u00e9hez. <\/p>\n<p>Az idei \u00e9v k\u00fcl\u00f6n\u00f6sen k\u00fcl\u00f6nleges volt sz\u00e1munkra. Az a megtiszteltet\u00e9s \u00e9rt benn\u00fcnket, hogy k\u00e9t k\u00fcl\u00f6nb\u00f6z\u0151 <strong>kateg\u00f3ri\u00e1ban is<\/strong> megkaptuk a <strong>Min\u0151s\u00e9g \u00e9s Innov\u00e1ci\u00f3 V\u00e1s\u00e1r\u00e9rmet<\/strong>: <\/p>\n<ol>\n<li><strong>Innov\u00e1ci\u00f3 &#8211;<\/strong> d\u00edjat kaptunk fejlett biztons\u00e1gi megold\u00e1saink\u00e9rt<\/li>\n<li><strong>V\u00e1s\u00e1ri stand &#8211;<\/strong> ki\u00e1ll\u00edt\u00e1si tervez\u00e9s \u00e9s bemutat\u00e1s felismer\u00e9se<\/li>\n<\/ol>\n<p>Ezek a megk\u00fcl\u00f6nb\u00f6ztet\u00e9sek r\u00e1vil\u00e1g\u00edtanak mind technol\u00f3giai amb\u00edci\u00f3inkra, mind pedig arra, hogy milyen figyelmet szentel\u00fcnk arra, hogyan kommunik\u00e1ljuk \u00e9s mutatjuk be munk\u00e1nkat.<\/p>\n<p>Warsaw Industry Week ism\u00e9t felbecs\u00fclhetetlen \u00e9lm\u00e9nyt jelentett csapatunk sz\u00e1m\u00e1ra. A v\u00e1s\u00e1r \u00e1ltal inspir\u00e1lva \u00faj \u00f6tleteket, tartalmas kapcsolatokat \u00e9s megl\u00e1t\u00e1sokat visz\u00fcnk magunkkal, amelyek a j\u00f6v\u0151ben a gy\u00e1rt\u00f3iparban megval\u00f3sul\u00f3 innov\u00e1ci\u00f3inkat ir\u00e1ny\u00edtj\u00e1k majd. <\/p>\n","protected":false},"excerpt":{"rendered":"<p>Id\u00e9n csapatunknak ism\u00e9t volt szerencs\u00e9je r\u00e9szt venni a Warsaw Industry Week-en. A 9. kiad\u00e1s vezet\u0151 v\u00e1llalatokat, szak\u00e9rt\u0151ket \u00e9s a technol\u00f3gia szerelmeseit hozta \u00f6ssze h\u00e1rom napra, amely tele volt innov\u00e1ci\u00f3val, inspir\u00e1ci\u00f3val \u00e9s \u00e9rt\u00e9kes besz\u00e9lget\u00e9sekkel. Nagyszer\u0171 lehet\u0151s\u00e9get biztos\u00edtott arra, hogy \u00fajra kapcsolatba l\u00e9pj\u00fcnk az ipar\u00e1gi szakemberekkel, \u00faj partnerekkel tal\u00e1lkozzunk, \u00e9s felfedezz\u00fck a gy\u00e1rt\u00e1s j\u00f6v\u0151j\u00e9t alak\u00edt\u00f3 leg\u00fajabb trendeket. [&hellip;]<\/p>\n","protected":false},"author":11,"featured_media":39837,"parent":30300,"menu_order":0,"comment_status":"closed","ping_status":"closed","template":"","meta":{"inline_featured_image":false,"ngg_post_thumbnail":0,"footnotes":""},"class_list":["post-39862","page","type-page","status-publish","has-post-thumbnail","hentry"],"acf":[],"yoast_head":"<!-- This site is optimized with the Yoast SEO plugin v27.0 - https:\/\/yoast.com\/product\/yoast-seo-wordpress\/ -->\n<title>Warsaw Industry Week 2025 - Anter System<\/title>\n<meta name=\"description\" content=\"Id\u00e9n csapatunknak ism\u00e9t volt szerencs\u00e9je r\u00e9szt venni a Warsaw Industry Week-en. A 9. kiad\u00e1s vezet\u0151 v\u00e1llalatokat, szak\u00e9rt\u0151ket \u00e9s a technol\u00f3gia szerelmeseit\" \/>\n<meta name=\"robots\" content=\"index, follow, max-snippet:-1, max-image-preview:large, max-video-preview:-1\" \/>\n<link rel=\"canonical\" href=\"https:\/\/antersystem.com\/hu\/hirek\/warsaw-industry-week-2025\/\" \/>\n<meta property=\"og:locale\" content=\"hu_HU\" \/>\n<meta property=\"og:type\" content=\"article\" \/>\n<meta property=\"og:title\" content=\"Warsaw Industry Week 2025 - Anter System\" \/>\n<meta property=\"og:description\" content=\"Id\u00e9n csapatunknak ism\u00e9t volt szerencs\u00e9je r\u00e9szt venni a Warsaw Industry Week-en. A 9. kiad\u00e1s vezet\u0151 v\u00e1llalatokat, szak\u00e9rt\u0151ket \u00e9s a technol\u00f3gia szerelmeseit\" \/>\n<meta property=\"og:url\" content=\"https:\/\/antersystem.com\/hu\/hirek\/warsaw-industry-week-2025\/\" \/>\n<meta property=\"og:site_name\" content=\"Anter System\" \/>\n<meta property=\"og:image\" content=\"https:\/\/antersystem.com\/wp-content\/uploads\/WIW2025-01.webp\" \/>\n\t<meta property=\"og:image:width\" content=\"2001\" \/>\n\t<meta property=\"og:image:height\" content=\"1001\" \/>\n\t<meta property=\"og:image:type\" content=\"image\/webp\" \/>\n<meta name=\"twitter:card\" content=\"summary_large_image\" \/>\n<meta name=\"twitter:label1\" content=\"Becs\u00fclt olvas\u00e1si id\u0151\" \/>\n\t<meta name=\"twitter:data1\" content=\"2 perc\" \/>\n<script type=\"application\/ld+json\" class=\"yoast-schema-graph\">{\"@context\":\"https:\/\/schema.org\",\"@graph\":[{\"@type\":\"WebPage\",\"@id\":\"https:\/\/antersystem.com\/hu\/hirek\/warsaw-industry-week-2025\/\",\"url\":\"https:\/\/antersystem.com\/hu\/hirek\/warsaw-industry-week-2025\/\",\"name\":\"Warsaw Industry Week 2025 - Anter System\",\"isPartOf\":{\"@id\":\"https:\/\/antersystem.com\/hu\/#website\"},\"primaryImageOfPage\":{\"@id\":\"https:\/\/antersystem.com\/hu\/hirek\/warsaw-industry-week-2025\/#primaryimage\"},\"image\":{\"@id\":\"https:\/\/antersystem.com\/hu\/hirek\/warsaw-industry-week-2025\/#primaryimage\"},\"thumbnailUrl\":\"https:\/\/antersystem.com\/wp-content\/uploads\/WIW2025-01.webp\",\"datePublished\":\"2025-11-07T13:23:00+00:00\",\"description\":\"Id\u00e9n csapatunknak ism\u00e9t volt szerencs\u00e9je r\u00e9szt venni a Warsaw Industry Week-en. A 9. kiad\u00e1s vezet\u0151 v\u00e1llalatokat, szak\u00e9rt\u0151ket \u00e9s a technol\u00f3gia szerelmeseit\",\"breadcrumb\":{\"@id\":\"https:\/\/antersystem.com\/hu\/hirek\/warsaw-industry-week-2025\/#breadcrumb\"},\"inLanguage\":\"hu\",\"potentialAction\":[{\"@type\":\"ReadAction\",\"target\":[\"https:\/\/antersystem.com\/hu\/hirek\/warsaw-industry-week-2025\/\"]}]},{\"@type\":\"ImageObject\",\"inLanguage\":\"hu\",\"@id\":\"https:\/\/antersystem.com\/hu\/hirek\/warsaw-industry-week-2025\/#primaryimage\",\"url\":\"https:\/\/antersystem.com\/wp-content\/uploads\/WIW2025-01.webp\",\"contentUrl\":\"https:\/\/antersystem.com\/wp-content\/uploads\/WIW2025-01.webp\",\"width\":2001,\"height\":1001},{\"@type\":\"BreadcrumbList\",\"@id\":\"https:\/\/antersystem.com\/hu\/hirek\/warsaw-industry-week-2025\/#breadcrumb\",\"itemListElement\":[{\"@type\":\"ListItem\",\"position\":1,\"name\":\"AnterSystem\",\"item\":\"https:\/\/antersystem.com\/hu\/\"},{\"@type\":\"ListItem\",\"position\":2,\"name\":\"H\u00edrek\",\"item\":\"https:\/\/antersystem.com\/hu\/hirek\/\"},{\"@type\":\"ListItem\",\"position\":3,\"name\":\"Warsaw Industry Week 2025\"}]},{\"@type\":\"WebSite\",\"@id\":\"https:\/\/antersystem.com\/hu\/#website\",\"url\":\"https:\/\/antersystem.com\/hu\/\",\"name\":\"Anter System\",\"description\":\"Jeste\u015bmy polskim producentem elastycznych barier ochronnych wykonywanych z polimerowych tworzyw sztucznych. Na rynku krajowym i zagranicznym dzia\u0142amy od ponad 15 lat dbaj\u0105c o zapewnienie bezpiecze\u0144stwa w zak\u0142adach produkcyjnych, magazynach oraz centrach logistycznych.\",\"potentialAction\":[{\"@type\":\"SearchAction\",\"target\":{\"@type\":\"EntryPoint\",\"urlTemplate\":\"https:\/\/antersystem.com\/hu\/?s={search_term_string}\"},\"query-input\":{\"@type\":\"PropertyValueSpecification\",\"valueRequired\":true,\"valueName\":\"search_term_string\"}}],\"inLanguage\":\"hu\"}]}<\/script>\n<!-- \/ Yoast SEO plugin. -->","yoast_head_json":{"title":"Warsaw Industry Week 2025 - Anter System","description":"Id\u00e9n csapatunknak ism\u00e9t volt szerencs\u00e9je r\u00e9szt venni a Warsaw Industry Week-en. A 9. kiad\u00e1s vezet\u0151 v\u00e1llalatokat, szak\u00e9rt\u0151ket \u00e9s a technol\u00f3gia szerelmeseit","robots":{"index":"index","follow":"follow","max-snippet":"max-snippet:-1","max-image-preview":"max-image-preview:large","max-video-preview":"max-video-preview:-1"},"canonical":"https:\/\/antersystem.com\/hu\/hirek\/warsaw-industry-week-2025\/","og_locale":"hu_HU","og_type":"article","og_title":"Warsaw Industry Week 2025 - Anter System","og_description":"Id\u00e9n csapatunknak ism\u00e9t volt szerencs\u00e9je r\u00e9szt venni a Warsaw Industry Week-en. A 9. kiad\u00e1s vezet\u0151 v\u00e1llalatokat, szak\u00e9rt\u0151ket \u00e9s a technol\u00f3gia szerelmeseit","og_url":"https:\/\/antersystem.com\/hu\/hirek\/warsaw-industry-week-2025\/","og_site_name":"Anter System","og_image":[{"width":2001,"height":1001,"url":"https:\/\/antersystem.com\/wp-content\/uploads\/WIW2025-01.webp","type":"image\/webp"}],"twitter_card":"summary_large_image","twitter_misc":{"Becs\u00fclt olvas\u00e1si id\u0151":"2 perc"},"schema":{"@context":"https:\/\/schema.org","@graph":[{"@type":"WebPage","@id":"https:\/\/antersystem.com\/hu\/hirek\/warsaw-industry-week-2025\/","url":"https:\/\/antersystem.com\/hu\/hirek\/warsaw-industry-week-2025\/","name":"Warsaw Industry Week 2025 - Anter System","isPartOf":{"@id":"https:\/\/antersystem.com\/hu\/#website"},"primaryImageOfPage":{"@id":"https:\/\/antersystem.com\/hu\/hirek\/warsaw-industry-week-2025\/#primaryimage"},"image":{"@id":"https:\/\/antersystem.com\/hu\/hirek\/warsaw-industry-week-2025\/#primaryimage"},"thumbnailUrl":"https:\/\/antersystem.com\/wp-content\/uploads\/WIW2025-01.webp","datePublished":"2025-11-07T13:23:00+00:00","description":"Id\u00e9n csapatunknak ism\u00e9t volt szerencs\u00e9je r\u00e9szt venni a Warsaw Industry Week-en. A 9. kiad\u00e1s vezet\u0151 v\u00e1llalatokat, szak\u00e9rt\u0151ket \u00e9s a technol\u00f3gia szerelmeseit","breadcrumb":{"@id":"https:\/\/antersystem.com\/hu\/hirek\/warsaw-industry-week-2025\/#breadcrumb"},"inLanguage":"hu","potentialAction":[{"@type":"ReadAction","target":["https:\/\/antersystem.com\/hu\/hirek\/warsaw-industry-week-2025\/"]}]},{"@type":"ImageObject","inLanguage":"hu","@id":"https:\/\/antersystem.com\/hu\/hirek\/warsaw-industry-week-2025\/#primaryimage","url":"https:\/\/antersystem.com\/wp-content\/uploads\/WIW2025-01.webp","contentUrl":"https:\/\/antersystem.com\/wp-content\/uploads\/WIW2025-01.webp","width":2001,"height":1001},{"@type":"BreadcrumbList","@id":"https:\/\/antersystem.com\/hu\/hirek\/warsaw-industry-week-2025\/#breadcrumb","itemListElement":[{"@type":"ListItem","position":1,"name":"AnterSystem","item":"https:\/\/antersystem.com\/hu\/"},{"@type":"ListItem","position":2,"name":"H\u00edrek","item":"https:\/\/antersystem.com\/hu\/hirek\/"},{"@type":"ListItem","position":3,"name":"Warsaw Industry Week 2025"}]},{"@type":"WebSite","@id":"https:\/\/antersystem.com\/hu\/#website","url":"https:\/\/antersystem.com\/hu\/","name":"Anter System","description":"Jeste\u015bmy polskim producentem elastycznych barier ochronnych wykonywanych z polimerowych tworzyw sztucznych. Na rynku krajowym i zagranicznym dzia\u0142amy od ponad 15 lat dbaj\u0105c o zapewnienie bezpiecze\u0144stwa w zak\u0142adach produkcyjnych, magazynach oraz centrach logistycznych.","potentialAction":[{"@type":"SearchAction","target":{"@type":"EntryPoint","urlTemplate":"https:\/\/antersystem.com\/hu\/?s={search_term_string}"},"query-input":{"@type":"PropertyValueSpecification","valueRequired":true,"valueName":"search_term_string"}}],"inLanguage":"hu"}]}},"_links":{"self":[{"href":"https:\/\/antersystem.com\/hu\/wp-json\/wp\/v2\/pages\/39862","targetHints":{"allow":["GET"]}}],"collection":[{"href":"https:\/\/antersystem.com\/hu\/wp-json\/wp\/v2\/pages"}],"about":[{"href":"https:\/\/antersystem.com\/hu\/wp-json\/wp\/v2\/types\/page"}],"author":[{"embeddable":true,"href":"https:\/\/antersystem.com\/hu\/wp-json\/wp\/v2\/users\/11"}],"replies":[{"embeddable":true,"href":"https:\/\/antersystem.com\/hu\/wp-json\/wp\/v2\/comments?post=39862"}],"version-history":[{"count":0,"href":"https:\/\/antersystem.com\/hu\/wp-json\/wp\/v2\/pages\/39862\/revisions"}],"up":[{"embeddable":true,"href":"https:\/\/antersystem.com\/hu\/wp-json\/wp\/v2\/pages\/30300"}],"wp:featuredmedia":[{"embeddable":true,"href":"https:\/\/antersystem.com\/hu\/wp-json\/wp\/v2\/media\/39837"}],"wp:attachment":[{"href":"https:\/\/antersystem.com\/hu\/wp-json\/wp\/v2\/media?parent=39862"}],"curies":[{"name":"wp","href":"https:\/\/api.w.org\/{rel}","templated":true}]}}