{"id":40357,"date":"2026-02-13T14:00:03","date_gmt":"2026-02-13T13:00:03","guid":{"rendered":"https:\/\/antersystem.com\/hirek\/mid-magazine-safe-zone\/"},"modified":"2026-02-22T21:52:20","modified_gmt":"2026-02-22T20:52:20","slug":"mid-magazine-safe-zone","status":"publish","type":"page","link":"https:\/\/antersystem.com\/hu\/hirek\/mid-magazine-safe-zone\/","title":{"rendered":"MID Magazin &#8211; &#8222;Biztons\u00e1gos z\u00f3na&#8221; &#8211; &#8222;Bezpieczna strefa&#8221;"},"content":{"rendered":"\n<div class=\"wp-block-columns is-layout-flex wp-container-core-columns-is-layout-9d6595d7 wp-block-columns-is-layout-flex\">\n<div class=\"wp-block-column is-layout-flow wp-block-column-is-layout-flow\" style=\"flex-basis:10%\"><\/div>\n\n\n\n<div class=\"wp-block-column is-layout-flow wp-block-column-is-layout-flow\">\n<h3 class=\"wp-block-heading\">Szak\u00e9rt\u0151i komment\u00e1runk a MID Magazinban<\/h3>\n\n\n\n<p>\u00d6r\u00f6mmel osztjuk meg, hogy szak\u00e9rt\u0151i komment\u00e1runk megjelent a MID &#8211; <strong>Magazyn Intralogistyki i Dystrybucji<\/strong> c\u00edm\u0171 lapban <strong>.<\/strong><\/p>\n<p>A cikkben azt t\u00e1rgyaljuk, hogy a modern rakt\u00e1rbiztons\u00e1gnak mi\u00e9rt <strong>kell t\u00falmutatnia a felfestett vonalakon \u00e9s figyelmeztet\u0151 t\u00e1bl\u00e1kon &#8211;<\/strong> a tudatos t\u00e9rkialak\u00edt\u00e1sra, a forgalom egy\u00e9rtelm\u0171 elv\u00e1laszt\u00e1s\u00e1ra \u00e9s az \u00fctk\u00f6z\u00e9selnyel\u0151 v\u00e9delmi rendszerekre <strong>\u00f6sszpontos\u00edtva<\/strong>, amelyek cs\u00f6kkentik a kock\u00e1zatot \u00e9s a m\u0171k\u00f6d\u00e9si k\u00f6lts\u00e9geket.<\/p>\n<p>A szak\u00e9rt\u0151i komment\u00e1rokat Tomasz Bary\u0142a, term\u00e9kmenedzser\u00fcnk adta, aki megosztja a biztons\u00e1gosabb \u00e9s hat\u00e9konyabb ipari k\u00f6rnyezet kialak\u00edt\u00e1s\u00e1val kapcsolatos n\u00e9zeteit.<\/p>\n<p><strong>\ud83d\udcc4 K\u00e9rj\u00fck, olvassa el az al\u00e1bbi teljes cikket (PDF).<\/strong><\/p>\n<p>Ha szeretn\u00e9 megvizsg\u00e1lni, hogyan lehetne ezeket az elveket az \u00d6n l\u00e9tes\u00edtm\u00e9ny\u00e9ben is megval\u00f3s\u00edtani, forduljon hozz\u00e1nk bizalommal.<\/p>\n<\/div>\n\n\n\n<div class=\"wp-block-column is-layout-flow wp-block-column-is-layout-flow\" style=\"flex-basis:10%\"><\/div>\n<\/div>\n\n<div data-wp-interactive=\"core\/file\" class=\"wp-block-file\"><object data-wp-bind--hidden=\"!state.hasPdfPreview\" hidden class=\"wp-block-file__embed\" data=\"https:\/\/antersystem.com\/wp-content\/uploads\/MID_109_1_2026_Bezpieczny-obszar.pdf\" type=\"application\/pdf\" style=\"width:100%;height:600px\" aria-label=\"MID_97_1_2024-Anter-System be\u00e1gyaz\u00e1sa\"><\/object><a id=\"wp-block-file--media-c4a79965-4313-4b68-8827-3aa81c41db0a\" href=\"https:\/\/antersystem.com\/wp-content\/uploads\/MID_109_1_2026_Bezpieczny-obszar.pdf\">MID_109_1_2026-Anter-System<\/a><a href=\"https:\/\/antersystem.com\/wp-content\/uploads\/MID_109_1_2026_Bezpieczny-obszar.pdf\" class=\"wp-block-file__button wp-element-button\" download=\"\" aria-describedby=\"wp-block-file--media-c4a79965-4313-4b68-8827-3aa81c41db0a\">Let\u00f6lt\u00e9s<\/a><\/div>\n","protected":false},"excerpt":{"rendered":"<p>Szak\u00e9rt\u0151i komment\u00e1runk a MID Magazinban \u00d6r\u00f6mmel osztjuk meg, hogy szak\u00e9rt\u0151i komment\u00e1runk megjelent a MID &#8211; Magazyn Intralogistyki i Dystrybucji c\u00edm\u0171 lapban . A cikkben azt t\u00e1rgyaljuk, hogy a modern rakt\u00e1rbiztons\u00e1gnak mi\u00e9rt kell t\u00falmutatnia a felfestett vonalakon \u00e9s figyelmeztet\u0151 t\u00e1bl\u00e1kon &#8211; a tudatos t\u00e9rkialak\u00edt\u00e1sra, a forgalom egy\u00e9rtelm\u0171 elv\u00e1laszt\u00e1s\u00e1ra \u00e9s az \u00fctk\u00f6z\u00e9selnyel\u0151 v\u00e9delmi rendszerekre \u00f6sszpontos\u00edtva, amelyek cs\u00f6kkentik [&hellip;]<\/p>\n","protected":false},"author":11,"featured_media":40261,"parent":30300,"menu_order":0,"comment_status":"closed","ping_status":"closed","template":"","meta":{"inline_featured_image":false,"ngg_post_thumbnail":0,"footnotes":""},"class_list":["post-40357","page","type-page","status-publish","has-post-thumbnail","hentry"],"acf":[],"yoast_head":"<!-- This site is optimized with the Yoast SEO plugin v27.0 - https:\/\/yoast.com\/product\/yoast-seo-wordpress\/ -->\n<title>MID Magazin - &quot;Biztons\u00e1gos z\u00f3na&quot; - &quot;Bezpieczna strefa&quot; - Anter System<\/title>\n<meta name=\"description\" content=\"Szak\u00e9rt\u0151i komment\u00e1runk a MID Magazinban \u00d6r\u00f6mmel osztjuk meg, hogy szak\u00e9rt\u0151i komment\u00e1runk megjelent a MID - Magazyn Intralogistyki i Dystrybucji c\u00edm\u0171\" \/>\n<meta name=\"robots\" content=\"index, follow, max-snippet:-1, max-image-preview:large, max-video-preview:-1\" \/>\n<link rel=\"canonical\" href=\"https:\/\/antersystem.com\/hu\/hirek\/mid-magazine-safe-zone\/\" \/>\n<meta property=\"og:locale\" content=\"hu_HU\" \/>\n<meta property=\"og:type\" content=\"article\" \/>\n<meta property=\"og:title\" content=\"MID Magazin - &quot;Biztons\u00e1gos z\u00f3na&quot; - &quot;Bezpieczna strefa&quot; - Anter System\" \/>\n<meta property=\"og:description\" content=\"Szak\u00e9rt\u0151i komment\u00e1runk a MID Magazinban \u00d6r\u00f6mmel osztjuk meg, hogy szak\u00e9rt\u0151i komment\u00e1runk megjelent a MID - Magazyn Intralogistyki i Dystrybucji c\u00edm\u0171\" \/>\n<meta property=\"og:url\" content=\"https:\/\/antersystem.com\/hu\/hirek\/mid-magazine-safe-zone\/\" \/>\n<meta property=\"og:site_name\" content=\"Anter System\" \/>\n<meta property=\"article:modified_time\" content=\"2026-02-22T20:52:20+00:00\" \/>\n<meta property=\"og:image\" content=\"https:\/\/antersystem.com\/wp-content\/uploads\/MID-1-2026.webp\" \/>\n\t<meta property=\"og:image:width\" content=\"1920\" \/>\n\t<meta property=\"og:image:height\" content=\"1080\" \/>\n\t<meta property=\"og:image:type\" content=\"image\/webp\" \/>\n<meta name=\"twitter:card\" content=\"summary_large_image\" \/>\n<meta name=\"twitter:label1\" content=\"Becs\u00fclt olvas\u00e1si id\u0151\" \/>\n\t<meta name=\"twitter:data1\" content=\"1 perc\" \/>\n<script type=\"application\/ld+json\" class=\"yoast-schema-graph\">{\"@context\":\"https:\/\/schema.org\",\"@graph\":[{\"@type\":\"WebPage\",\"@id\":\"https:\/\/antersystem.com\/hu\/hirek\/mid-magazine-safe-zone\/\",\"url\":\"https:\/\/antersystem.com\/hu\/hirek\/mid-magazine-safe-zone\/\",\"name\":\"MID Magazin - \\\"Biztons\u00e1gos z\u00f3na\\\" - \\\"Bezpieczna strefa\\\" - Anter System\",\"isPartOf\":{\"@id\":\"https:\/\/antersystem.com\/hu\/#website\"},\"primaryImageOfPage\":{\"@id\":\"https:\/\/antersystem.com\/hu\/hirek\/mid-magazine-safe-zone\/#primaryimage\"},\"image\":{\"@id\":\"https:\/\/antersystem.com\/hu\/hirek\/mid-magazine-safe-zone\/#primaryimage\"},\"thumbnailUrl\":\"https:\/\/antersystem.com\/wp-content\/uploads\/MID-1-2026.webp\",\"datePublished\":\"2026-02-13T13:00:03+00:00\",\"dateModified\":\"2026-02-22T20:52:20+00:00\",\"description\":\"Szak\u00e9rt\u0151i komment\u00e1runk a MID Magazinban \u00d6r\u00f6mmel osztjuk meg, hogy szak\u00e9rt\u0151i komment\u00e1runk megjelent a MID - Magazyn Intralogistyki i Dystrybucji c\u00edm\u0171\",\"breadcrumb\":{\"@id\":\"https:\/\/antersystem.com\/hu\/hirek\/mid-magazine-safe-zone\/#breadcrumb\"},\"inLanguage\":\"hu\",\"potentialAction\":[{\"@type\":\"ReadAction\",\"target\":[\"https:\/\/antersystem.com\/hu\/hirek\/mid-magazine-safe-zone\/\"]}]},{\"@type\":\"ImageObject\",\"inLanguage\":\"hu\",\"@id\":\"https:\/\/antersystem.com\/hu\/hirek\/mid-magazine-safe-zone\/#primaryimage\",\"url\":\"https:\/\/antersystem.com\/wp-content\/uploads\/MID-1-2026.webp\",\"contentUrl\":\"https:\/\/antersystem.com\/wp-content\/uploads\/MID-1-2026.webp\",\"width\":1920,\"height\":1080},{\"@type\":\"BreadcrumbList\",\"@id\":\"https:\/\/antersystem.com\/hu\/hirek\/mid-magazine-safe-zone\/#breadcrumb\",\"itemListElement\":[{\"@type\":\"ListItem\",\"position\":1,\"name\":\"AnterSystem\",\"item\":\"https:\/\/antersystem.com\/hu\/\"},{\"@type\":\"ListItem\",\"position\":2,\"name\":\"H\u00edrek\",\"item\":\"https:\/\/antersystem.com\/hu\/hirek\/\"},{\"@type\":\"ListItem\",\"position\":3,\"name\":\"MID Magazin &#8211; &#8220;Biztons\u00e1gos z\u00f3na&#8221; &#8211; &#8220;Bezpieczna strefa&#8221;\"}]},{\"@type\":\"WebSite\",\"@id\":\"https:\/\/antersystem.com\/hu\/#website\",\"url\":\"https:\/\/antersystem.com\/hu\/\",\"name\":\"Anter System\",\"description\":\"Jeste\u015bmy polskim producentem elastycznych barier ochronnych wykonywanych z polimerowych tworzyw sztucznych. Na rynku krajowym i zagranicznym dzia\u0142amy od ponad 15 lat dbaj\u0105c o zapewnienie bezpiecze\u0144stwa w zak\u0142adach produkcyjnych, magazynach oraz centrach logistycznych.\",\"potentialAction\":[{\"@type\":\"SearchAction\",\"target\":{\"@type\":\"EntryPoint\",\"urlTemplate\":\"https:\/\/antersystem.com\/hu\/?s={search_term_string}\"},\"query-input\":{\"@type\":\"PropertyValueSpecification\",\"valueRequired\":true,\"valueName\":\"search_term_string\"}}],\"inLanguage\":\"hu\"}]}<\/script>\n<!-- \/ Yoast SEO plugin. -->","yoast_head_json":{"title":"MID Magazin - \"Biztons\u00e1gos z\u00f3na\" - \"Bezpieczna strefa\" - Anter System","description":"Szak\u00e9rt\u0151i komment\u00e1runk a MID Magazinban \u00d6r\u00f6mmel osztjuk meg, hogy szak\u00e9rt\u0151i komment\u00e1runk megjelent a MID - Magazyn Intralogistyki i Dystrybucji c\u00edm\u0171","robots":{"index":"index","follow":"follow","max-snippet":"max-snippet:-1","max-image-preview":"max-image-preview:large","max-video-preview":"max-video-preview:-1"},"canonical":"https:\/\/antersystem.com\/hu\/hirek\/mid-magazine-safe-zone\/","og_locale":"hu_HU","og_type":"article","og_title":"MID Magazin - \"Biztons\u00e1gos z\u00f3na\" - \"Bezpieczna strefa\" - Anter System","og_description":"Szak\u00e9rt\u0151i komment\u00e1runk a MID Magazinban \u00d6r\u00f6mmel osztjuk meg, hogy szak\u00e9rt\u0151i komment\u00e1runk megjelent a MID - Magazyn Intralogistyki i Dystrybucji c\u00edm\u0171","og_url":"https:\/\/antersystem.com\/hu\/hirek\/mid-magazine-safe-zone\/","og_site_name":"Anter System","article_modified_time":"2026-02-22T20:52:20+00:00","og_image":[{"width":1920,"height":1080,"url":"https:\/\/antersystem.com\/wp-content\/uploads\/MID-1-2026.webp","type":"image\/webp"}],"twitter_card":"summary_large_image","twitter_misc":{"Becs\u00fclt olvas\u00e1si id\u0151":"1 perc"},"schema":{"@context":"https:\/\/schema.org","@graph":[{"@type":"WebPage","@id":"https:\/\/antersystem.com\/hu\/hirek\/mid-magazine-safe-zone\/","url":"https:\/\/antersystem.com\/hu\/hirek\/mid-magazine-safe-zone\/","name":"MID Magazin - \"Biztons\u00e1gos z\u00f3na\" - \"Bezpieczna strefa\" - Anter System","isPartOf":{"@id":"https:\/\/antersystem.com\/hu\/#website"},"primaryImageOfPage":{"@id":"https:\/\/antersystem.com\/hu\/hirek\/mid-magazine-safe-zone\/#primaryimage"},"image":{"@id":"https:\/\/antersystem.com\/hu\/hirek\/mid-magazine-safe-zone\/#primaryimage"},"thumbnailUrl":"https:\/\/antersystem.com\/wp-content\/uploads\/MID-1-2026.webp","datePublished":"2026-02-13T13:00:03+00:00","dateModified":"2026-02-22T20:52:20+00:00","description":"Szak\u00e9rt\u0151i komment\u00e1runk a MID Magazinban \u00d6r\u00f6mmel osztjuk meg, hogy szak\u00e9rt\u0151i komment\u00e1runk megjelent a MID - Magazyn Intralogistyki i Dystrybucji c\u00edm\u0171","breadcrumb":{"@id":"https:\/\/antersystem.com\/hu\/hirek\/mid-magazine-safe-zone\/#breadcrumb"},"inLanguage":"hu","potentialAction":[{"@type":"ReadAction","target":["https:\/\/antersystem.com\/hu\/hirek\/mid-magazine-safe-zone\/"]}]},{"@type":"ImageObject","inLanguage":"hu","@id":"https:\/\/antersystem.com\/hu\/hirek\/mid-magazine-safe-zone\/#primaryimage","url":"https:\/\/antersystem.com\/wp-content\/uploads\/MID-1-2026.webp","contentUrl":"https:\/\/antersystem.com\/wp-content\/uploads\/MID-1-2026.webp","width":1920,"height":1080},{"@type":"BreadcrumbList","@id":"https:\/\/antersystem.com\/hu\/hirek\/mid-magazine-safe-zone\/#breadcrumb","itemListElement":[{"@type":"ListItem","position":1,"name":"AnterSystem","item":"https:\/\/antersystem.com\/hu\/"},{"@type":"ListItem","position":2,"name":"H\u00edrek","item":"https:\/\/antersystem.com\/hu\/hirek\/"},{"@type":"ListItem","position":3,"name":"MID Magazin &#8211; &#8220;Biztons\u00e1gos z\u00f3na&#8221; &#8211; &#8220;Bezpieczna strefa&#8221;"}]},{"@type":"WebSite","@id":"https:\/\/antersystem.com\/hu\/#website","url":"https:\/\/antersystem.com\/hu\/","name":"Anter System","description":"Jeste\u015bmy polskim producentem elastycznych barier ochronnych wykonywanych z polimerowych tworzyw sztucznych. Na rynku krajowym i zagranicznym dzia\u0142amy od ponad 15 lat dbaj\u0105c o zapewnienie bezpiecze\u0144stwa w zak\u0142adach produkcyjnych, magazynach oraz centrach logistycznych.","potentialAction":[{"@type":"SearchAction","target":{"@type":"EntryPoint","urlTemplate":"https:\/\/antersystem.com\/hu\/?s={search_term_string}"},"query-input":{"@type":"PropertyValueSpecification","valueRequired":true,"valueName":"search_term_string"}}],"inLanguage":"hu"}]}},"_links":{"self":[{"href":"https:\/\/antersystem.com\/hu\/wp-json\/wp\/v2\/pages\/40357","targetHints":{"allow":["GET"]}}],"collection":[{"href":"https:\/\/antersystem.com\/hu\/wp-json\/wp\/v2\/pages"}],"about":[{"href":"https:\/\/antersystem.com\/hu\/wp-json\/wp\/v2\/types\/page"}],"author":[{"embeddable":true,"href":"https:\/\/antersystem.com\/hu\/wp-json\/wp\/v2\/users\/11"}],"replies":[{"embeddable":true,"href":"https:\/\/antersystem.com\/hu\/wp-json\/wp\/v2\/comments?post=40357"}],"version-history":[{"count":1,"href":"https:\/\/antersystem.com\/hu\/wp-json\/wp\/v2\/pages\/40357\/revisions"}],"predecessor-version":[{"id":40358,"href":"https:\/\/antersystem.com\/hu\/wp-json\/wp\/v2\/pages\/40357\/revisions\/40358"}],"up":[{"embeddable":true,"href":"https:\/\/antersystem.com\/hu\/wp-json\/wp\/v2\/pages\/30300"}],"wp:featuredmedia":[{"embeddable":true,"href":"https:\/\/antersystem.com\/hu\/wp-json\/wp\/v2\/media\/40261"}],"wp:attachment":[{"href":"https:\/\/antersystem.com\/hu\/wp-json\/wp\/v2\/media?parent=40357"}],"curies":[{"name":"wp","href":"https:\/\/api.w.org\/{rel}","templated":true}]}}