{"id":15422,"date":"2023-11-16T15:30:28","date_gmt":"2023-11-16T14:30:28","guid":{"rendered":"https:\/\/new.antersystem.com\/news\/kongres-modern-warehouse\/"},"modified":"2026-01-30T01:25:44","modified_gmt":"2026-01-30T00:25:44","slug":"kongres-modern-warehouse","status":"publish","type":"page","link":"https:\/\/antersystem.com\/pl\/wiedza-i-nowosci\/kongres-modern-warehouse\/","title":{"rendered":"Kongres Modern Warehouse"},"content":{"rendered":"\n<div class=\"wp-block-columns is-layout-flex wp-container-core-columns-is-layout-9d6595d7 wp-block-columns-is-layout-flex\">\n  \n  <div class=\"wp-block-column is-layout-flow wp-block-column-is-layout-flow\" style=\"flex-basis:10%\"><\/div>\n  \n\n  \n  <div class=\"wp-block-column is-layout-flow wp-block-column-is-layout-flow\">\n    \n    <h3 class=\"wp-block-heading\"><strong>Kongres Modern Warehouse<\/strong><\/h3>\n    \n\n    \n    <p><strong>Kongres Modern Warehouse<\/strong> to wydarzenie o ugruntowanej pozycji w kalendarzu bran\u017cowym, organizowane przez <strong>Nowoczesny Magazyn<\/strong>. Nie inaczej b\u0119dzie w tym roku. Z niecierpliwo\u015bci\u0105 czekamy na ponowne spotkanie z profesjonalistami z bran\u017cy logistyki i magazynowania <strong>20 listopada w Warszawie<\/strong>. Podczas tegorocznej edycji obecny b\u0119dzie r\u00f3wnie\u017c <strong>Anter System<\/strong>! Jako wystawca przygotowali\u015bmy stoisko, na kt\u00f3rym uczestnicy b\u0119d\u0105 mogli przyjrze\u0107 si\u0119 z bliska naszym <a href=\"https:\/\/antersystem.com\/kategorie_produktow\/bariery-bezpieczenstwa-dla-pieszych\/\">elastycznym barierom ochronnym<\/a> i <a href=\"https:\/\/antersystem.com\/realizacje\/\">om\u00f3wi\u0107 pomys\u0142y na popraw\u0119 bezpiecze\u0144stwa i organizacji magazynu<\/a>. Je\u015bli nadal szukasz odpowiedzi na pytanie, jak zoptymalizowa\u0107 koszty logistyczne i efektywnie zarz\u0105dza\u0107 powierzchni\u0105 magazynow\u0105 &#8211; zapraszamy na spotkanie.<\/p>\n    \n\n    \n    <h4 class=\"wp-block-heading\">Jak m\u00f3wi\u0105 organizatorzy, tegoroczna edycja pod has\u0142em &#8222;Efektywno\u015b\u0107 kosztowa i innowacje technologiczne&#8221; ma na celu: <em>&#8222;nie tylko om\u00f3wi\u0107 aktualne trendy i wyzwania, ale tak\u017ce zainspirowa\u0107 uczestnik\u00f3w do poszukiwania innowacyjnych rozwi\u0105za\u0144 i kszta\u0142towania przysz\u0142o\u015bci bran\u017cy logistyczno-magazynowej&#8221;.<\/em><\/h4>\n    \n\n    \n    <p>Nowo\u015bci\u0105 tej edycji Kongresu Modern Warehouse b\u0119dzie <strong>sesja mastermind<\/strong> &#8211; panele dyskusyjne maj\u0105ce na celu wymian\u0119 do\u015bwiadcze\u0144 i wsp\u00f3lne rozwi\u0105zywanie wyzwa\u0144 bran\u017cowych z ekspertami. Nie zabraknie r\u00f3wnie\u017c miejsca na dzielenie si\u0119 spostrze\u017ceniami biznesowymi i nawi\u0105zywanie kontakt\u00f3w.<\/p>\n    \n\n    \n    <p>Tematy zaplanowane na sesje mastermind obejmuj\u0105:<\/p>\n    \n\n    \n    <ul class=\"wp-block-list\"><li>automatyzacja magazynu,<\/li>\n      <li>inwestycje w obiekty magazynowe,<\/li>\n      <li>przechowywanie &#8211; tematy na \u017c\u0105danie sugerowane przez uczestnik\u00f3w,<\/li>\n      <li>magazynowe systemy informatyczne,<\/li>\n      <li>etykietowanie i \u015bledzenie towar\u00f3w,<\/li>\n      <li>technologia magazynowa i transport wewn\u0119trzny,<\/li>\n      <li>zarz\u0105dzanie pracownikami magazynu,<\/li>\n      <li>Sesja <em>Free Your Mind<\/em> &#8211; otwarty st\u00f3\u0142 dyskusyjny dla uczestnik\u00f3w, kt\u00f3rzy chc\u0105 wymienia\u0107 my\u015bli, dzieli\u0107 si\u0119 do\u015bwiadczeniami i uzyskiwa\u0107 informacje zwrotne.<\/li>\n    <\/ul>\n\n    \n    <p><strong>Miejsce:<\/strong><br\/>Novotel Warszawa Airport<br\/>1 Sierpnia 1, 02-134 Warszawa<\/p>\n    \n\n    <div class=\"wp-block-image\">\n    <figure class=\"aligncenter size-large is-resized\"><img loading=\"lazy\" decoding=\"async\" width=\"1024\" height=\"683\" src=\"https:\/\/antersystem.com\/wp-content\/uploads\/Modern-Warehouse-Anter-System-2023-1024x683.png\" alt=\"Kongres Nowoczesnych Magazyn&#xF3;w 2024 - Anter System\" class=\"wp-image-3567\" style=\"width:620px;height:auto\" srcset=\"https:\/\/antersystem.com\/wp-content\/uploads\/Modern-Warehouse-Anter-System-2023-1024x683.png 1024w, https:\/\/antersystem.com\/wp-content\/uploads\/Modern-Warehouse-Anter-System-2023-300x200.png 300w, https:\/\/antersystem.com\/wp-content\/uploads\/Modern-Warehouse-Anter-System-2023-768x512.png 768w, https:\/\/antersystem.com\/wp-content\/uploads\/Modern-Warehouse-Anter-System-2023-1536x1024.png 1536w, https:\/\/antersystem.com\/wp-content\/uploads\/Modern-Warehouse-Anter-System-2023-450x300.png 450w, https:\/\/antersystem.com\/wp-content\/uploads\/Modern-Warehouse-Anter-System-2023-330x220.png 330w, https:\/\/antersystem.com\/wp-content\/uploads\/Modern-Warehouse-Anter-System-2023.png 1800w\" sizes=\"auto, (max-width: 1024px) 100vw, 1024px\" \/><\/figure><\/div>\n  <\/div>\n  \n\n  \n  <div class=\"wp-block-column is-layout-flow wp-block-column-is-layout-flow\" style=\"flex-basis:10%\"><\/div>\n  \n<\/div>\n","protected":false},"excerpt":{"rendered":"<p>Kongres Modern Warehouse Kongres Modern Warehouse to wydarzenie o ugruntowanej pozycji w kalendarzu bran\u017cowym, organizowane przez Nowoczesny Magazyn. Nie inaczej b\u0119dzie w tym roku. Z niecierpliwo\u015bci\u0105 czekamy na ponowne spotkanie z profesjonalistami z bran\u017cy logistyki i magazynowania 20 listopada w Warszawie. Podczas tegorocznej edycji obecny b\u0119dzie r\u00f3wnie\u017c Anter System! Jako wystawca przygotowali\u015bmy stoisko, na kt\u00f3rym [&hellip;]<\/p>\n","protected":false},"author":1,"featured_media":0,"parent":12824,"menu_order":0,"comment_status":"closed","ping_status":"closed","template":"","meta":{"inline_featured_image":false,"ngg_post_thumbnail":0,"footnotes":""},"class_list":["post-15422","page","type-page","status-publish","hentry"],"acf":[],"yoast_head":"<!-- This site is optimized with the Yoast SEO plugin v27.0 - https:\/\/yoast.com\/product\/yoast-seo-wordpress\/ -->\n<title>Kongres Modern Warehouse - Anter System<\/title>\n<meta name=\"description\" content=\"Kongres Nowoczesnego Magazynu na sta\u0142e wpisa\u0142 si\u0119 w kalendarz wydarze\u0144 bran\u017cowych organizowanych przez Nowoczesny Magazyn - nie inaczej b\u0119dzie tym razem. Z niecierpliwo\u015bci\u0105 czekamy na kolejne spotkanie.\" \/>\n<meta name=\"robots\" content=\"index, follow, max-snippet:-1, max-image-preview:large, max-video-preview:-1\" \/>\n<link rel=\"canonical\" href=\"https:\/\/antersystem.com\/pl\/wiedza-i-nowosci\/kongres-modern-warehouse\/\" \/>\n<meta property=\"og:locale\" content=\"pl_PL\" \/>\n<meta property=\"og:type\" content=\"article\" \/>\n<meta property=\"og:title\" content=\"Kongres Modern Warehouse - Anter System\" \/>\n<meta property=\"og:description\" content=\"Kongres Nowoczesnego Magazynu na sta\u0142e wpisa\u0142 si\u0119 w kalendarz wydarze\u0144 bran\u017cowych organizowanych przez Nowoczesny Magazyn - nie inaczej b\u0119dzie tym razem. Z niecierpliwo\u015bci\u0105 czekamy na kolejne spotkanie.\" \/>\n<meta property=\"og:url\" content=\"https:\/\/antersystem.com\/pl\/wiedza-i-nowosci\/kongres-modern-warehouse\/\" \/>\n<meta property=\"og:site_name\" content=\"Anter System\" \/>\n<meta property=\"article:modified_time\" content=\"2026-01-30T00:25:44+00:00\" \/>\n<meta property=\"og:image\" content=\"https:\/\/antersystem.com\/wp-content\/uploads\/Modern-Warehouse-Anter-System-2023-1024x683.png\" \/>\n<meta name=\"twitter:card\" content=\"summary_large_image\" \/>\n<meta name=\"twitter:label1\" content=\"Szacowany czas czytania\" \/>\n\t<meta name=\"twitter:data1\" content=\"1 minuta\" \/>\n<script type=\"application\/ld+json\" class=\"yoast-schema-graph\">{\"@context\":\"https:\/\/schema.org\",\"@graph\":[{\"@type\":\"WebPage\",\"@id\":\"https:\/\/antersystem.com\/pl\/wiedza-i-nowosci\/kongres-modern-warehouse\/\",\"url\":\"https:\/\/antersystem.com\/pl\/wiedza-i-nowosci\/kongres-modern-warehouse\/\",\"name\":\"Kongres Modern Warehouse - Anter System\",\"isPartOf\":{\"@id\":\"https:\/\/antersystem.com\/pl\/#website\"},\"primaryImageOfPage\":{\"@id\":\"https:\/\/antersystem.com\/pl\/wiedza-i-nowosci\/kongres-modern-warehouse\/#primaryimage\"},\"image\":{\"@id\":\"https:\/\/antersystem.com\/pl\/wiedza-i-nowosci\/kongres-modern-warehouse\/#primaryimage\"},\"thumbnailUrl\":\"https:\/\/antersystem.com\/wp-content\/uploads\/Modern-Warehouse-Anter-System-2023-1024x683.png\",\"datePublished\":\"2023-11-16T14:30:28+00:00\",\"dateModified\":\"2026-01-30T00:25:44+00:00\",\"description\":\"Kongres Nowoczesnego Magazynu na sta\u0142e wpisa\u0142 si\u0119 w kalendarz wydarze\u0144 bran\u017cowych organizowanych przez Nowoczesny Magazyn - nie inaczej b\u0119dzie tym razem. Z niecierpliwo\u015bci\u0105 czekamy na kolejne spotkanie.\",\"breadcrumb\":{\"@id\":\"https:\/\/antersystem.com\/pl\/wiedza-i-nowosci\/kongres-modern-warehouse\/#breadcrumb\"},\"inLanguage\":\"pl-PL\",\"potentialAction\":[{\"@type\":\"ReadAction\",\"target\":[\"https:\/\/antersystem.com\/pl\/wiedza-i-nowosci\/kongres-modern-warehouse\/\"]}]},{\"@type\":\"ImageObject\",\"inLanguage\":\"pl-PL\",\"@id\":\"https:\/\/antersystem.com\/pl\/wiedza-i-nowosci\/kongres-modern-warehouse\/#primaryimage\",\"url\":\"https:\/\/antersystem.com\/wp-content\/uploads\/Modern-Warehouse-Anter-System-2023-1024x683.png\",\"contentUrl\":\"https:\/\/antersystem.com\/wp-content\/uploads\/Modern-Warehouse-Anter-System-2023-1024x683.png\"},{\"@type\":\"BreadcrumbList\",\"@id\":\"https:\/\/antersystem.com\/pl\/wiedza-i-nowosci\/kongres-modern-warehouse\/#breadcrumb\",\"itemListElement\":[{\"@type\":\"ListItem\",\"position\":1,\"name\":\"AnterSystem\",\"item\":\"https:\/\/antersystem.com\/pl\/\"},{\"@type\":\"ListItem\",\"position\":2,\"name\":\"Wiedza i nowo\u015bci\",\"item\":\"https:\/\/antersystem.com\/pl\/wiedza-i-nowosci\/\"},{\"@type\":\"ListItem\",\"position\":3,\"name\":\"Kongres Modern Warehouse\"}]},{\"@type\":\"WebSite\",\"@id\":\"https:\/\/antersystem.com\/pl\/#website\",\"url\":\"https:\/\/antersystem.com\/pl\/\",\"name\":\"Anter System\",\"description\":\"Jeste\u015bmy polskim producentem elastycznych barier ochronnych wykonywanych z polimerowych tworzyw sztucznych. Na rynku krajowym i zagranicznym dzia\u0142amy od ponad 15 lat dbaj\u0105c o zapewnienie bezpiecze\u0144stwa w zak\u0142adach produkcyjnych, magazynach oraz centrach logistycznych.\",\"potentialAction\":[{\"@type\":\"SearchAction\",\"target\":{\"@type\":\"EntryPoint\",\"urlTemplate\":\"https:\/\/antersystem.com\/pl\/?s={search_term_string}\"},\"query-input\":{\"@type\":\"PropertyValueSpecification\",\"valueRequired\":true,\"valueName\":\"search_term_string\"}}],\"inLanguage\":\"pl-PL\"}]}<\/script>\n<!-- \/ Yoast SEO plugin. -->","yoast_head_json":{"title":"Kongres Modern Warehouse - Anter System","description":"Kongres Nowoczesnego Magazynu na sta\u0142e wpisa\u0142 si\u0119 w kalendarz wydarze\u0144 bran\u017cowych organizowanych przez Nowoczesny Magazyn - nie inaczej b\u0119dzie tym razem. Z niecierpliwo\u015bci\u0105 czekamy na kolejne spotkanie.","robots":{"index":"index","follow":"follow","max-snippet":"max-snippet:-1","max-image-preview":"max-image-preview:large","max-video-preview":"max-video-preview:-1"},"canonical":"https:\/\/antersystem.com\/pl\/wiedza-i-nowosci\/kongres-modern-warehouse\/","og_locale":"pl_PL","og_type":"article","og_title":"Kongres Modern Warehouse - Anter System","og_description":"Kongres Nowoczesnego Magazynu na sta\u0142e wpisa\u0142 si\u0119 w kalendarz wydarze\u0144 bran\u017cowych organizowanych przez Nowoczesny Magazyn - nie inaczej b\u0119dzie tym razem. Z niecierpliwo\u015bci\u0105 czekamy na kolejne spotkanie.","og_url":"https:\/\/antersystem.com\/pl\/wiedza-i-nowosci\/kongres-modern-warehouse\/","og_site_name":"Anter System","article_modified_time":"2026-01-30T00:25:44+00:00","og_image":[{"url":"https:\/\/antersystem.com\/wp-content\/uploads\/Modern-Warehouse-Anter-System-2023-1024x683.png","type":"","width":"","height":""}],"twitter_card":"summary_large_image","twitter_misc":{"Szacowany czas czytania":"1 minuta"},"schema":{"@context":"https:\/\/schema.org","@graph":[{"@type":"WebPage","@id":"https:\/\/antersystem.com\/pl\/wiedza-i-nowosci\/kongres-modern-warehouse\/","url":"https:\/\/antersystem.com\/pl\/wiedza-i-nowosci\/kongres-modern-warehouse\/","name":"Kongres Modern Warehouse - Anter System","isPartOf":{"@id":"https:\/\/antersystem.com\/pl\/#website"},"primaryImageOfPage":{"@id":"https:\/\/antersystem.com\/pl\/wiedza-i-nowosci\/kongres-modern-warehouse\/#primaryimage"},"image":{"@id":"https:\/\/antersystem.com\/pl\/wiedza-i-nowosci\/kongres-modern-warehouse\/#primaryimage"},"thumbnailUrl":"https:\/\/antersystem.com\/wp-content\/uploads\/Modern-Warehouse-Anter-System-2023-1024x683.png","datePublished":"2023-11-16T14:30:28+00:00","dateModified":"2026-01-30T00:25:44+00:00","description":"Kongres Nowoczesnego Magazynu na sta\u0142e wpisa\u0142 si\u0119 w kalendarz wydarze\u0144 bran\u017cowych organizowanych przez Nowoczesny Magazyn - nie inaczej b\u0119dzie tym razem. Z niecierpliwo\u015bci\u0105 czekamy na kolejne spotkanie.","breadcrumb":{"@id":"https:\/\/antersystem.com\/pl\/wiedza-i-nowosci\/kongres-modern-warehouse\/#breadcrumb"},"inLanguage":"pl-PL","potentialAction":[{"@type":"ReadAction","target":["https:\/\/antersystem.com\/pl\/wiedza-i-nowosci\/kongres-modern-warehouse\/"]}]},{"@type":"ImageObject","inLanguage":"pl-PL","@id":"https:\/\/antersystem.com\/pl\/wiedza-i-nowosci\/kongres-modern-warehouse\/#primaryimage","url":"https:\/\/antersystem.com\/wp-content\/uploads\/Modern-Warehouse-Anter-System-2023-1024x683.png","contentUrl":"https:\/\/antersystem.com\/wp-content\/uploads\/Modern-Warehouse-Anter-System-2023-1024x683.png"},{"@type":"BreadcrumbList","@id":"https:\/\/antersystem.com\/pl\/wiedza-i-nowosci\/kongres-modern-warehouse\/#breadcrumb","itemListElement":[{"@type":"ListItem","position":1,"name":"AnterSystem","item":"https:\/\/antersystem.com\/pl\/"},{"@type":"ListItem","position":2,"name":"Wiedza i nowo\u015bci","item":"https:\/\/antersystem.com\/pl\/wiedza-i-nowosci\/"},{"@type":"ListItem","position":3,"name":"Kongres Modern Warehouse"}]},{"@type":"WebSite","@id":"https:\/\/antersystem.com\/pl\/#website","url":"https:\/\/antersystem.com\/pl\/","name":"Anter System","description":"Jeste\u015bmy polskim producentem elastycznych barier ochronnych wykonywanych z polimerowych tworzyw sztucznych. Na rynku krajowym i zagranicznym dzia\u0142amy od ponad 15 lat dbaj\u0105c o zapewnienie bezpiecze\u0144stwa w zak\u0142adach produkcyjnych, magazynach oraz centrach logistycznych.","potentialAction":[{"@type":"SearchAction","target":{"@type":"EntryPoint","urlTemplate":"https:\/\/antersystem.com\/pl\/?s={search_term_string}"},"query-input":{"@type":"PropertyValueSpecification","valueRequired":true,"valueName":"search_term_string"}}],"inLanguage":"pl-PL"}]}},"_links":{"self":[{"href":"https:\/\/antersystem.com\/pl\/wp-json\/wp\/v2\/pages\/15422","targetHints":{"allow":["GET"]}}],"collection":[{"href":"https:\/\/antersystem.com\/pl\/wp-json\/wp\/v2\/pages"}],"about":[{"href":"https:\/\/antersystem.com\/pl\/wp-json\/wp\/v2\/types\/page"}],"author":[{"embeddable":true,"href":"https:\/\/antersystem.com\/pl\/wp-json\/wp\/v2\/users\/1"}],"replies":[{"embeddable":true,"href":"https:\/\/antersystem.com\/pl\/wp-json\/wp\/v2\/comments?post=15422"}],"version-history":[{"count":1,"href":"https:\/\/antersystem.com\/pl\/wp-json\/wp\/v2\/pages\/15422\/revisions"}],"predecessor-version":[{"id":15425,"href":"https:\/\/antersystem.com\/pl\/wp-json\/wp\/v2\/pages\/15422\/revisions\/15425"}],"up":[{"embeddable":true,"href":"https:\/\/antersystem.com\/pl\/wp-json\/wp\/v2\/pages\/12824"}],"wp:attachment":[{"href":"https:\/\/antersystem.com\/pl\/wp-json\/wp\/v2\/media?parent=15422"}],"curies":[{"name":"wp","href":"https:\/\/api.w.org\/{rel}","templated":true}]}}