{"id":38123,"date":"2024-01-05T12:14:14","date_gmt":"2024-01-05T11:14:14","guid":{"rendered":"https:\/\/new.antersystem.com\/news\/intralogistica-poland-expo\/"},"modified":"2026-02-02T12:54:04","modified_gmt":"2026-02-02T11:54:04","slug":"intralogistica-poland-expo-2024","status":"publish","type":"page","link":"https:\/\/antersystem.com\/pl\/wiedza-i-nowosci\/intralogistica-poland-expo-2024\/","title":{"rendered":"Intralogistica Poland Expo"},"content":{"rendered":"\n<div class=\"wp-block-columns is-layout-flex wp-container-core-columns-is-layout-9d6595d7 wp-block-columns-is-layout-flex\">\n  \n  <div class=\"wp-block-column is-layout-flow wp-block-column-is-layout-flow\" style=\"flex-basis:10%\"><\/div>\n  \n\n  \n  <div class=\"wp-block-column is-layout-flow wp-block-column-is-layout-flow\">\n    \n    <h3 class=\"wp-block-heading\"><strong>Intralogistica Poland Expo &#8211; kolejne wydarzenie bran\u017cowe z udzia\u0142em Anter System.<\/strong><\/h3>\n    \n\n    \n    <p><strong>24 stycznia 2024<\/strong> roku spotkamy si\u0119 ponownie w nowoczesnych halach <strong>Ptak Warsaw Expo<\/strong>, aby zaprezentowa\u0107 nasze produkty szerokiej publiczno\u015bci. Odwiedzaj\u0105cy b\u0119d\u0105 mogli na w\u0142asne oczy zobaczy\u0107 konstrukcj\u0119 i dzia\u0142anie naszych <a href=\"https:\/\/antersystem.com\/kategorie_produktow\/technika-zaladunkowa\/\">przednich podp\u00f3r zabezpieczaj\u0105cych do samochod\u00f3w ci\u0119\u017carowych<\/a>, <a href=\"https:\/\/antersystem.com\/kategorie_produktow\/bariery-bezpieczenstwa-dla-pieszyc\">barier ochronnych dla pieszych<\/a>, system\u00f3w ochrony rega\u0142\u00f3w i r\u00f3\u017cnego rodzaju s\u0142upk\u00f3w zabezpieczaj\u0105cych. Jeste\u015bmy bardzo ciekawi, jak zostan\u0105 przyj\u0119te elastyczne bariery ochronne Anter System i z niecierpliwo\u015bci\u0105 czekamy na odpowiedzi na pytania zwi\u0105zane z bezpiecze\u0144stwem w miejscu pracy. Platform\u0105 dla tej wymiany b\u0119d\u0105 targi <a href=\"https:\/\/intralogisticapoland.com\/\"><strong>Intralogistica Poland Expo<\/strong><\/a> &#8211; Mi\u0119dzynarodowe Targi Logistyki i Magazynowania, kt\u00f3re odb\u0119d\u0105 si\u0119 w dniach 24-26 stycznia 2024 roku.<\/p>\n    \n\n    \n    <h4 class=\"wp-block-heading\"><strong>Wk\u0142ad sektora w gospodark\u0119<\/strong><\/h4>\n    \n\n    \n    <p>Wed\u0142ug bada\u0144, sektory transportu, spedycji i logistyki maj\u0105 znacz\u0105cy wk\u0142ad w polski PKB, generuj\u0105c prawie 6% rocznych przychod\u00f3w gospodarczych kraju. Kierownicy magazyn\u00f3w stanowi\u0105 trzeci\u0105 co do wielko\u015bci grup\u0119 zawodow\u0105 w sektorze us\u0142ug.<\/p>\n    \n\n    \n    <p>Na ca\u0142ym \u015bwiecie Europa jest obecnie drugim co do wielko\u015bci rynkiem logistyki kontraktowej po Azji, odpowiadaj\u0105c za 29% globalnej warto\u015bci rynku. Szacuje si\u0119, \u017ce do ko\u0144ca 2023 r. przychody sektora na kontynencie wynios\u0105 oko\u0142o 82,5 mld euro*.<\/p>\n    \n\n    \n    <p>Pomimo wysokiej inflacji i rewizji prognoz przez firmy, oczekiwania na 2024 r. pozostaj\u0105 pozytywne. Wed\u0142ug Oxford Economics oczekuje si\u0119, \u017ce gospodarka strefy euro wzro\u015bnie o 6% w latach 2024-2027. Przewiduje si\u0119, \u017ce Polska przekroczy ten wska\u017anik, przy wzro\u015bcie PKB o oko\u0142o 11% w tym samym okresie*.<\/p>\n    \n\n    \n    <h4 class=\"wp-block-heading\"><strong>O targach<\/strong><\/h4>\n    \n\n    \n    <p>Wydarzenie przyci\u0105ga go\u015bci spoza Polski &#8211; oczekuje si\u0119, \u017ce prawie 15% uczestnik\u00f3w b\u0119dzie pochodzi\u0107 z zagranicy. Silna mi\u0119dzynarodowa obecno\u015b\u0107 w\u015br\u00f3d wystawc\u00f3w b\u0119dzie r\u00f3wnie\u017c znakiem rozpoznawczym targ\u00f3w, stwarzaj\u0105c mo\u017cliwo\u015bci otwarcia firm na nowe rynki i pomagaj\u0105c przedsi\u0119biorcom budowa\u0107 silniejsz\u0105 mi\u0119dzynarodow\u0105 przysz\u0142o\u015b\u0107 bran\u017cy logistycznej.<\/p>\n    \n\n    \n    <p>Planujemy zaprezentowa\u0107 nasze <strong>elastyczne bariery ochronne<\/strong>, kt\u00f3re zwi\u0119kszaj\u0105 bezpiecze\u0144stwo w du\u017cych obiektach, zr\u00f3\u017cnicowanej publiczno\u015bci, w tym przedstawicielom firm logistycznych, dystrybutorom sprz\u0119tu, dostawcom technologii magazynowych i projektantom magazyn\u00f3w. Wydarzenie skierowane jest r\u00f3wnie\u017c do mened\u017cer\u00f3w \u0142a\u0144cucha dostaw, specjalist\u00f3w ds. logistyki oraz przedstawicieli firm transportowych. Podczas targ\u00f3w Intralogistica Poland Expo odb\u0119dzie si\u0119 r\u00f3wnie\u017c kongres edukacyjny z udzia\u0142em najbardziej cenionych ekspert\u00f3w w bran\u017cy magazynowej.<\/p>\n    \n\n    \n    <p>Zapraszamy wszystkich, kt\u00f3rzy chc\u0105 zrobi\u0107 kolejny krok w swoim biznesie, wymieni\u0107 si\u0119 cennymi spostrze\u017ceniami i <strong>znale\u017a\u0107 rozwi\u0105zania dla wyzwa\u0144 zwi\u0105zanych z bezpiecze\u0144stwem &#8211; odwied\u017a Anter System na stoisku D1.20a.<\/strong><\/p>\n    \n\n    \n    <hr class=\"wp-block-separator has-text-color has-white-color has-alpha-channel-opacity has-white-background-color has-background is-style-default\"\/>\n    \n\n    \n    <p>* <em>&#8222;Logistyka kontraktowa przekroczy\u0142a oczekiwania na 2023 r.&#8221;, K. Oflakowski, TSL Biznes<\/em><\/p>\n    \n\n    \n    <figure class=\"wp-block-embed\"><div class=\"wp-block-embed__wrapper\">\n \nhttps:\/\/tsl-biznes.pl\/polecamy\/logistyka-kontraktowa-przebila-oczekiwania-na-2023-r\/\n    <\/div><\/figure>\n    \n\n    \n    <p>* <em>https:\/\/www.jll.pl\/pl\/trendy-i-analizy\/badanie\/rynek-magazynowy-w-polsce<\/em><\/p>\n    \n  <\/div>\n  \n\n  \n  <div class=\"wp-block-column is-layout-flow wp-block-column-is-layout-flow\" style=\"flex-basis:10%\"><\/div>\n  \n<\/div>\n<div class=\"wp-block-image\">\n<figure class=\"aligncenter size-large is-resized\"><img loading=\"lazy\" decoding=\"async\" width=\"1024\" height=\"535\" src=\"https:\/\/antersystem.com\/wp-content\/uploads\/Targi-Intralogistica-Anter-System-1-1024x535.jpg\" alt=\"Anter System na targach Intralogistica Poland Expo 2024\" class=\"wp-image-4095\" style=\"width:720px;height:auto\" srcset=\"https:\/\/antersystem.com\/wp-content\/uploads\/Targi-Intralogistica-Anter-System-1-1024x535.jpg 1024w, https:\/\/antersystem.com\/wp-content\/uploads\/Targi-Intralogistica-Anter-System-1-300x157.jpg 300w, https:\/\/antersystem.com\/wp-content\/uploads\/Targi-Intralogistica-Anter-System-1-768x401.jpg 768w, https:\/\/antersystem.com\/wp-content\/uploads\/Targi-Intralogistica-Anter-System-1-450x235.jpg 450w, https:\/\/antersystem.com\/wp-content\/uploads\/Targi-Intralogistica-Anter-System-1-330x172.jpg 330w, https:\/\/antersystem.com\/wp-content\/uploads\/Targi-Intralogistica-Anter-System-1.jpg 1200w\" sizes=\"auto, (max-width: 1024px) 100vw, 1024px\" \/><\/figure><\/div>","protected":false},"excerpt":{"rendered":"<p>Intralogistica Poland Expo &#8211; kolejne wydarzenie bran\u017cowe z udzia\u0142em Anter System. 24 stycznia 2024 roku spotkamy si\u0119 ponownie w nowoczesnych halach Ptak Warsaw Expo, aby zaprezentowa\u0107 nasze produkty szerokiej publiczno\u015bci. Odwiedzaj\u0105cy b\u0119d\u0105 mogli na w\u0142asne oczy zobaczy\u0107 konstrukcj\u0119 i dzia\u0142anie naszych przednich podp\u00f3r zabezpieczaj\u0105cych do samochod\u00f3w ci\u0119\u017carowych, barier ochronnych dla pieszych, system\u00f3w ochrony rega\u0142\u00f3w i [&hellip;]<\/p>\n","protected":false},"author":1,"featured_media":0,"parent":12824,"menu_order":0,"comment_status":"closed","ping_status":"closed","template":"","meta":{"inline_featured_image":false,"ngg_post_thumbnail":0,"footnotes":""},"class_list":["post-38123","page","type-page","status-publish","hentry"],"acf":[],"yoast_head":"<!-- This site is optimized with the Yoast SEO plugin v27.0 - https:\/\/yoast.com\/product\/yoast-seo-wordpress\/ -->\n<title>Intralogistica Poland Expo - Anter System<\/title>\n<meta name=\"description\" content=\"Ju\u017c 24.01.24 spotykamy si\u0119 podczas Intralogistica Poland Expo, \u017ceby pokaza\u0107 szerokiemu gronu odbiorc\u00f3w nasze produkty.\" \/>\n<meta name=\"robots\" content=\"index, follow, max-snippet:-1, max-image-preview:large, max-video-preview:-1\" \/>\n<link rel=\"canonical\" href=\"https:\/\/antersystem.com\/pl\/wiedza-i-nowosci\/intralogistica-poland-expo-2024\/\" \/>\n<meta property=\"og:locale\" content=\"pl_PL\" \/>\n<meta property=\"og:type\" content=\"article\" \/>\n<meta property=\"og:title\" content=\"Intralogistica Poland Expo - Anter System\" \/>\n<meta property=\"og:description\" content=\"Ju\u017c 24.01.24 spotykamy si\u0119 podczas Intralogistica Poland Expo, \u017ceby pokaza\u0107 szerokiemu gronu odbiorc\u00f3w nasze produkty.\" \/>\n<meta property=\"og:url\" content=\"https:\/\/antersystem.com\/pl\/wiedza-i-nowosci\/intralogistica-poland-expo-2024\/\" \/>\n<meta property=\"og:site_name\" content=\"Anter System\" \/>\n<meta property=\"article:modified_time\" content=\"2026-02-02T11:54:04+00:00\" \/>\n<meta property=\"og:image\" content=\"https:\/\/antersystem.com\/wp-content\/uploads\/Targi-Intralogistica-Anter-System-1-1024x535.jpg\" \/>\n<meta name=\"twitter:card\" content=\"summary_large_image\" \/>\n<meta name=\"twitter:label1\" content=\"Szacowany czas czytania\" \/>\n\t<meta name=\"twitter:data1\" content=\"2 minuty\" \/>\n<script type=\"application\/ld+json\" class=\"yoast-schema-graph\">{\"@context\":\"https:\/\/schema.org\",\"@graph\":[{\"@type\":\"WebPage\",\"@id\":\"https:\/\/antersystem.com\/pl\/wiedza-i-nowosci\/intralogistica-poland-expo-2024\/\",\"url\":\"https:\/\/antersystem.com\/pl\/wiedza-i-nowosci\/intralogistica-poland-expo-2024\/\",\"name\":\"Intralogistica Poland Expo - Anter System\",\"isPartOf\":{\"@id\":\"https:\/\/antersystem.com\/pl\/#website\"},\"primaryImageOfPage\":{\"@id\":\"https:\/\/antersystem.com\/pl\/wiedza-i-nowosci\/intralogistica-poland-expo-2024\/#primaryimage\"},\"image\":{\"@id\":\"https:\/\/antersystem.com\/pl\/wiedza-i-nowosci\/intralogistica-poland-expo-2024\/#primaryimage\"},\"thumbnailUrl\":\"https:\/\/antersystem.com\/wp-content\/uploads\/Targi-Intralogistica-Anter-System-1-1024x535.jpg\",\"datePublished\":\"2024-01-05T11:14:14+00:00\",\"dateModified\":\"2026-02-02T11:54:04+00:00\",\"description\":\"Ju\u017c 24.01.24 spotykamy si\u0119 podczas Intralogistica Poland Expo, \u017ceby pokaza\u0107 szerokiemu gronu odbiorc\u00f3w nasze produkty.\",\"breadcrumb\":{\"@id\":\"https:\/\/antersystem.com\/pl\/wiedza-i-nowosci\/intralogistica-poland-expo-2024\/#breadcrumb\"},\"inLanguage\":\"pl-PL\",\"potentialAction\":[{\"@type\":\"ReadAction\",\"target\":[\"https:\/\/antersystem.com\/pl\/wiedza-i-nowosci\/intralogistica-poland-expo-2024\/\"]}]},{\"@type\":\"ImageObject\",\"inLanguage\":\"pl-PL\",\"@id\":\"https:\/\/antersystem.com\/pl\/wiedza-i-nowosci\/intralogistica-poland-expo-2024\/#primaryimage\",\"url\":\"https:\/\/antersystem.com\/wp-content\/uploads\/Targi-Intralogistica-Anter-System-1-1024x535.jpg\",\"contentUrl\":\"https:\/\/antersystem.com\/wp-content\/uploads\/Targi-Intralogistica-Anter-System-1-1024x535.jpg\"},{\"@type\":\"BreadcrumbList\",\"@id\":\"https:\/\/antersystem.com\/pl\/wiedza-i-nowosci\/intralogistica-poland-expo-2024\/#breadcrumb\",\"itemListElement\":[{\"@type\":\"ListItem\",\"position\":1,\"name\":\"AnterSystem\",\"item\":\"https:\/\/antersystem.com\/pl\/\"},{\"@type\":\"ListItem\",\"position\":2,\"name\":\"Wiedza i nowo\u015bci\",\"item\":\"https:\/\/antersystem.com\/pl\/wiedza-i-nowosci\/\"},{\"@type\":\"ListItem\",\"position\":3,\"name\":\"Intralogistica Poland Expo\"}]},{\"@type\":\"WebSite\",\"@id\":\"https:\/\/antersystem.com\/pl\/#website\",\"url\":\"https:\/\/antersystem.com\/pl\/\",\"name\":\"Anter System\",\"description\":\"Jeste\u015bmy polskim producentem elastycznych barier ochronnych wykonywanych z polimerowych tworzyw sztucznych. Na rynku krajowym i zagranicznym dzia\u0142amy od ponad 15 lat dbaj\u0105c o zapewnienie bezpiecze\u0144stwa w zak\u0142adach produkcyjnych, magazynach oraz centrach logistycznych.\",\"potentialAction\":[{\"@type\":\"SearchAction\",\"target\":{\"@type\":\"EntryPoint\",\"urlTemplate\":\"https:\/\/antersystem.com\/pl\/?s={search_term_string}\"},\"query-input\":{\"@type\":\"PropertyValueSpecification\",\"valueRequired\":true,\"valueName\":\"search_term_string\"}}],\"inLanguage\":\"pl-PL\"}]}<\/script>\n<!-- \/ Yoast SEO plugin. -->","yoast_head_json":{"title":"Intralogistica Poland Expo - Anter System","description":"Ju\u017c 24.01.24 spotykamy si\u0119 podczas Intralogistica Poland Expo, \u017ceby pokaza\u0107 szerokiemu gronu odbiorc\u00f3w nasze produkty.","robots":{"index":"index","follow":"follow","max-snippet":"max-snippet:-1","max-image-preview":"max-image-preview:large","max-video-preview":"max-video-preview:-1"},"canonical":"https:\/\/antersystem.com\/pl\/wiedza-i-nowosci\/intralogistica-poland-expo-2024\/","og_locale":"pl_PL","og_type":"article","og_title":"Intralogistica Poland Expo - Anter System","og_description":"Ju\u017c 24.01.24 spotykamy si\u0119 podczas Intralogistica Poland Expo, \u017ceby pokaza\u0107 szerokiemu gronu odbiorc\u00f3w nasze produkty.","og_url":"https:\/\/antersystem.com\/pl\/wiedza-i-nowosci\/intralogistica-poland-expo-2024\/","og_site_name":"Anter System","article_modified_time":"2026-02-02T11:54:04+00:00","og_image":[{"url":"https:\/\/antersystem.com\/wp-content\/uploads\/Targi-Intralogistica-Anter-System-1-1024x535.jpg","type":"","width":"","height":""}],"twitter_card":"summary_large_image","twitter_misc":{"Szacowany czas czytania":"2 minuty"},"schema":{"@context":"https:\/\/schema.org","@graph":[{"@type":"WebPage","@id":"https:\/\/antersystem.com\/pl\/wiedza-i-nowosci\/intralogistica-poland-expo-2024\/","url":"https:\/\/antersystem.com\/pl\/wiedza-i-nowosci\/intralogistica-poland-expo-2024\/","name":"Intralogistica Poland Expo - Anter System","isPartOf":{"@id":"https:\/\/antersystem.com\/pl\/#website"},"primaryImageOfPage":{"@id":"https:\/\/antersystem.com\/pl\/wiedza-i-nowosci\/intralogistica-poland-expo-2024\/#primaryimage"},"image":{"@id":"https:\/\/antersystem.com\/pl\/wiedza-i-nowosci\/intralogistica-poland-expo-2024\/#primaryimage"},"thumbnailUrl":"https:\/\/antersystem.com\/wp-content\/uploads\/Targi-Intralogistica-Anter-System-1-1024x535.jpg","datePublished":"2024-01-05T11:14:14+00:00","dateModified":"2026-02-02T11:54:04+00:00","description":"Ju\u017c 24.01.24 spotykamy si\u0119 podczas Intralogistica Poland Expo, \u017ceby pokaza\u0107 szerokiemu gronu odbiorc\u00f3w nasze produkty.","breadcrumb":{"@id":"https:\/\/antersystem.com\/pl\/wiedza-i-nowosci\/intralogistica-poland-expo-2024\/#breadcrumb"},"inLanguage":"pl-PL","potentialAction":[{"@type":"ReadAction","target":["https:\/\/antersystem.com\/pl\/wiedza-i-nowosci\/intralogistica-poland-expo-2024\/"]}]},{"@type":"ImageObject","inLanguage":"pl-PL","@id":"https:\/\/antersystem.com\/pl\/wiedza-i-nowosci\/intralogistica-poland-expo-2024\/#primaryimage","url":"https:\/\/antersystem.com\/wp-content\/uploads\/Targi-Intralogistica-Anter-System-1-1024x535.jpg","contentUrl":"https:\/\/antersystem.com\/wp-content\/uploads\/Targi-Intralogistica-Anter-System-1-1024x535.jpg"},{"@type":"BreadcrumbList","@id":"https:\/\/antersystem.com\/pl\/wiedza-i-nowosci\/intralogistica-poland-expo-2024\/#breadcrumb","itemListElement":[{"@type":"ListItem","position":1,"name":"AnterSystem","item":"https:\/\/antersystem.com\/pl\/"},{"@type":"ListItem","position":2,"name":"Wiedza i nowo\u015bci","item":"https:\/\/antersystem.com\/pl\/wiedza-i-nowosci\/"},{"@type":"ListItem","position":3,"name":"Intralogistica Poland Expo"}]},{"@type":"WebSite","@id":"https:\/\/antersystem.com\/pl\/#website","url":"https:\/\/antersystem.com\/pl\/","name":"Anter System","description":"Jeste\u015bmy polskim producentem elastycznych barier ochronnych wykonywanych z polimerowych tworzyw sztucznych. Na rynku krajowym i zagranicznym dzia\u0142amy od ponad 15 lat dbaj\u0105c o zapewnienie bezpiecze\u0144stwa w zak\u0142adach produkcyjnych, magazynach oraz centrach logistycznych.","potentialAction":[{"@type":"SearchAction","target":{"@type":"EntryPoint","urlTemplate":"https:\/\/antersystem.com\/pl\/?s={search_term_string}"},"query-input":{"@type":"PropertyValueSpecification","valueRequired":true,"valueName":"search_term_string"}}],"inLanguage":"pl-PL"}]}},"_links":{"self":[{"href":"https:\/\/antersystem.com\/pl\/wp-json\/wp\/v2\/pages\/38123","targetHints":{"allow":["GET"]}}],"collection":[{"href":"https:\/\/antersystem.com\/pl\/wp-json\/wp\/v2\/pages"}],"about":[{"href":"https:\/\/antersystem.com\/pl\/wp-json\/wp\/v2\/types\/page"}],"author":[{"embeddable":true,"href":"https:\/\/antersystem.com\/pl\/wp-json\/wp\/v2\/users\/1"}],"replies":[{"embeddable":true,"href":"https:\/\/antersystem.com\/pl\/wp-json\/wp\/v2\/comments?post=38123"}],"version-history":[{"count":1,"href":"https:\/\/antersystem.com\/pl\/wp-json\/wp\/v2\/pages\/38123\/revisions"}],"predecessor-version":[{"id":38125,"href":"https:\/\/antersystem.com\/pl\/wp-json\/wp\/v2\/pages\/38123\/revisions\/38125"}],"up":[{"embeddable":true,"href":"https:\/\/antersystem.com\/pl\/wp-json\/wp\/v2\/pages\/12824"}],"wp:attachment":[{"href":"https:\/\/antersystem.com\/pl\/wp-json\/wp\/v2\/media?parent=38123"}],"curies":[{"name":"wp","href":"https:\/\/api.w.org\/{rel}","templated":true}]}}