{"id":38932,"date":"2025-06-09T08:46:29","date_gmt":"2025-06-09T06:46:29","guid":{"rendered":"https:\/\/antersystem.com\/wiedza-i-nowosci\/targi-modernlog-itm-industry-europe-2025\/"},"modified":"2026-02-02T15:20:43","modified_gmt":"2026-02-02T14:20:43","slug":"targi-modernlog-itm-industry-europe-2025","status":"publish","type":"page","link":"https:\/\/antersystem.com\/pl\/wiedza-i-nowosci\/targi-modernlog-itm-industry-europe-2025\/","title":{"rendered":"Targi Modernlog i ITM Industry Europe 2025"},"content":{"rendered":"\n<div class=\"wp-block-columns is-layout-flex wp-container-core-columns-is-layout-9d6595d7 wp-block-columns-is-layout-flex\">\n<div class=\"wp-block-column is-layout-flow wp-block-column-is-layout-flow\">\n<h2 class=\"wp-block-heading\">Relacja z Targ\u00f3w Przemys\u0142u i Logistyki w Poznaniu<\/h2>\n\n\n\n<div class=\"wp-block-columns is-layout-flex wp-container-core-columns-is-layout-9d6595d7 wp-block-columns-is-layout-flex\">\n<div class=\"wp-block-column is-layout-flow wp-block-column-is-layout-flow\" style=\"flex-basis:10%\"><\/div>\n\n\n\n<div class=\"wp-block-column is-layout-flow wp-block-column-is-layout-flow\">\n<p>W dniach 3-5 czerwca 2025 roku uczestniczyli\u015bmy w dw\u00f3ch kluczowych wydarzeniach bran\u017cowych &#8211; Modernlog i ITM Industry Europe. Oba wydarzenia, odbywaj\u0105ce si\u0119 na terenie Mi\u0119dzynarodowych Targ\u00f3w Pozna\u0144skich, przyci\u0105gn\u0119\u0142y tysi\u0105ce profesjonalist\u00f3w poszukuj\u0105cych nowoczesnych rozwi\u0105za\u0144 dla przemys\u0142u, logistyki i automatyki. W tym roku nasze produkty mo\u017cna by\u0142o zobaczy\u0107 w dw\u00f3ch wyj\u0105tkowych przestrzeniach: w Strefie Bezpiecze\u0144stwa podczas ITM Industry Europe oraz w strefie In4Log na targach Modernlog. Obie strefy s\u0142u\u017cy\u0142y jako centra dynamicznych demonstracji, praktycznych pokaz\u00f3w i wymiany wiedzy w duchu Przemys\u0142u 4.0.   <\/p>\n\n\n\n<div style=\"height:30px\" aria-hidden=\"true\" class=\"wp-block-spacer\"><\/div>\n\n\n\n<div class=\"wp-block-media-text is-stacked-on-mobile is-image-fill-element\" style=\"grid-template-columns:40% auto\"><figure class=\"wp-block-media-text__media\"><img loading=\"lazy\" decoding=\"async\" width=\"683\" height=\"1024\" src=\"https:\/\/antersystem.com\/wp-content\/uploads\/modernlog-2025-011-683x1024.png\" alt=\"\" class=\"wp-image-6172 size-full\" style=\"object-position:50% 54%\" srcset=\"https:\/\/antersystem.com\/wp-content\/uploads\/modernlog-2025-011-683x1024.png 683w, https:\/\/antersystem.com\/wp-content\/uploads\/modernlog-2025-011-200x300.png 200w, https:\/\/antersystem.com\/wp-content\/uploads\/modernlog-2025-011-768x1152.png 768w, https:\/\/antersystem.com\/wp-content\/uploads\/modernlog-2025-011-450x675.png 450w, https:\/\/antersystem.com\/wp-content\/uploads\/modernlog-2025-011-330x495.png 330w, https:\/\/antersystem.com\/wp-content\/uploads\/modernlog-2025-011.png 800w\" sizes=\"auto, (max-width: 683px) 100vw, 683px\" \/><\/figure><div class=\"wp-block-media-text__content\">\n<h3 class=\"wp-block-heading\">Logistyka przysz\u0142o\u015bci w Strefie In4Log &#8211; Modernlog 2025<\/h3>\n\n\n\n<p>W strefie In4Log odwiedzaj\u0105cy mogli \u015bledzi\u0107 ca\u0142y proces logistyczny &#8211; od buforowania towar\u00f3w, poprzez zautomatyzowan\u0105 kompletacj\u0119 zam\u00f3wie\u0144 i pakowanie, a\u017c po przygotowanie palet do wysy\u0142ki. Nasze elastyczne bariery ochronne, zintegrowane z systemami detekcji i sygnalizacji, odegra\u0142y kluczow\u0105 rol\u0119 w zabezpieczeniu ca\u0142ej przestrzeni logistycznej. Zademonstrowali\u015bmy, jak nowoczesne technologie ochronne mog\u0105 wsp\u00f3\u0142gra\u0107 z automatyk\u0105 i robotyk\u0105, zapewniaj\u0105c p\u0142ynno\u015b\u0107 i bezpiecze\u0144stwo operacji.  <\/p>\n<\/div><\/div>\n\n\n\n<div style=\"height:30px\" aria-hidden=\"true\" class=\"wp-block-spacer\"><\/div>\n\n\n\n<div class=\"wp-block-media-text has-media-on-the-right is-stacked-on-mobile\" style=\"grid-template-columns:auto 40%\"><div class=\"wp-block-media-text__content\" style=\"padding-left: 0px\">\n\n<h3 class=\"wp-block-heading\">Innowacje w strefie bezpiecze\u0144stwa &#8211; ITM Industry Europe<\/h3>\n\n\n<p>W Strefie Bezpiecze\u0144stwa, wraz z innymi liderami w dziedzinie ochrony proces\u00f3w i ludzi, zaprezentowali\u015bmy innowacyjne rozwi\u0105zania w zakresie zabezpieczania przestrzeni produkcyjnych i magazynowych. Jednym z najwa\u017cniejszych punkt\u00f3w programu by\u0142y &#8222;testy zderzeniowe&#8221;, kt\u00f3re pokaza\u0142y, jak odpowiednie \u015brodki ochronne mog\u0105 zminimalizowa\u0107 ryzyko wypadk\u00f3w i chroni\u0107 zdrowie pracownik\u00f3w. <\/p>\n\n<\/div><figure class=\"wp-block-media-text__media\"><img loading=\"lazy\" decoding=\"async\" width=\"1024\" height=\"683\" src=\"https:\/\/antersystem.com\/wp-content\/uploads\/ITM-2025-002-1024x683.png\" alt=\"\" class=\"wp-image-6158 size-full\" srcset=\"https:\/\/antersystem.com\/wp-content\/uploads\/ITM-2025-002-1024x683.png 1024w, https:\/\/antersystem.com\/wp-content\/uploads\/ITM-2025-002-300x200.png 300w, https:\/\/antersystem.com\/wp-content\/uploads\/ITM-2025-002-768x512.png 768w, https:\/\/antersystem.com\/wp-content\/uploads\/ITM-2025-002-450x300.png 450w, https:\/\/antersystem.com\/wp-content\/uploads\/ITM-2025-002-330x220.png 330w, https:\/\/antersystem.com\/wp-content\/uploads\/ITM-2025-002.png 1200w\" sizes=\"auto, (max-width: 1024px) 100vw, 1024px\" \/><\/figure><\/div>\n\n\n\n<div style=\"height:30px\" aria-hidden=\"true\" class=\"wp-block-spacer\"><\/div>\n\n\n\n<div class=\"wp-block-media-text is-stacked-on-mobile is-image-fill-element\" style=\"grid-template-columns:40% auto\"><figure class=\"wp-block-media-text__media\"><img loading=\"lazy\" decoding=\"async\" width=\"683\" height=\"1024\" src=\"https:\/\/antersystem.com\/wp-content\/uploads\/modernlog-2025-012-683x1024.png\" alt=\"\" class=\"wp-image-6168 size-full\" style=\"object-position:51% 48%\" srcset=\"https:\/\/antersystem.com\/wp-content\/uploads\/modernlog-2025-012-683x1024.png 683w, https:\/\/antersystem.com\/wp-content\/uploads\/modernlog-2025-012-200x300.png 200w, https:\/\/antersystem.com\/wp-content\/uploads\/modernlog-2025-012-768x1152.png 768w, https:\/\/antersystem.com\/wp-content\/uploads\/modernlog-2025-012-450x675.png 450w, https:\/\/antersystem.com\/wp-content\/uploads\/modernlog-2025-012-330x495.png 330w, https:\/\/antersystem.com\/wp-content\/uploads\/modernlog-2025-012.png 800w\" sizes=\"auto, (max-width: 683px) 100vw, 683px\" \/><\/figure><div class=\"wp-block-media-text__content\">\n<h3 class=\"wp-block-heading\">Okazja do nawi\u0105zania kontaktu<\/h3>\n\n\n\n<p>W s\u0105siedztwie obu stref demonstracyjnych stworzyli\u015bmy przestrzenie, w kt\u00f3rych odwiedzaj\u0105cy mogli bli\u017cej przyjrze\u0107 si\u0119 produktom Anter System. Obszary te stanowi\u0142y idealne miejsce do inspiruj\u0105cych rozm\u00f3w na temat rozwi\u0105za\u0144 wspieraj\u0105cych bezpiecze\u0144stwo w przemy\u015ble. <\/p>\n\n\n\n<p>Najwi\u0119ksz\u0105 atrakcj\u0105 na naszych stoiskach jak zawsze by\u0142y nowo\u015bci produktowe, w tym prezentowane w Poznaniu po raz pierwszy barierki Gate Protector z systemem ostrzegawczym. Zaprojektowane z my\u015bl\u0105 o ochronie bram, antresol i nisko zawieszonej infrastruktury, Gate Protector wyposa\u017cone s\u0105 w \u015bwiat\u0142a ostrzegawcze sygnalizuj\u0105ce niebezpiecze\u0144stwo. Bramki wyposa\u017cone s\u0105 w zaawansowane systemy detekcji, kt\u00f3re identyfikuj\u0105 zbli\u017caj\u0105cy si\u0119 pojazd wje\u017cd\u017caj\u0105cy w stref\u0119 zagro\u017cenia i natychmiast aktywuj\u0105 intensywne czerwone \u015bwiat\u0142a ostrzegawcze, widoczne zar\u00f3wno na poziomie oczu pieszych, jak i dla operator\u00f3w w\u00f3zk\u00f3w wid\u0142owych.  <\/p>\n<\/div><\/div>\n\n\n\n<div style=\"height:30px\" aria-hidden=\"true\" class=\"wp-block-spacer\"><\/div>\n\n\n\n<div class=\"wp-block-media-text has-media-on-the-right is-stacked-on-mobile is-image-fill-element\" style=\"grid-template-columns:auto 35%\"><div class=\"wp-block-media-text__content\" style=\"padding-left: 0px\">\n\n<h3 class=\"wp-block-heading\">Z\u0142oty medal na targach Modernlog 2025<\/h3>\n\n\n<p>Z dum\u0105 informujemy, \u017ce nasz produkt &#8211; Inteligentny SGA GATE PROTECTOR &#8211; zosta\u0142 nagrodzony Z\u0142otym Medalem na targach Modernlog 2025. Jury konkursu doceni\u0142o to rozwi\u0105zanie w kategorii produkt\u00f3w bezpiecze\u0144stwa w miejscu pracy. SGA GATE PROTECTOR to nie tylko fizyczne zabezpieczenie stref wsp\u00f3\u0142dzielonych przez pieszych i pojazdy &#8211; to inteligentny system, kt\u00f3ry aktywnie reaguje na potencjalne zagro\u017cenia. Dzi\u0119ki zaawansowanej detekcji po\u0142\u0105czonej z aktywnym systemem sygnalizacji \u015bwietlnej i blokad\u0105 przejazdu, bramka znacz\u0105co zmniejsza ryzyko kolizji, zapewniaj\u0105c bezpieczn\u0105 koegzystencj\u0119 ludzi i maszyn w dynamicznych \u015brodowiskach pracy. Z\u0142oty Medal to dla nas wielki zaszczyt i motywacja do dalszego rozwoju technologii zwi\u0119kszaj\u0105cych bezpiecze\u0144stwo w miejscu pracy. Wi\u0119cej informacji o bramce mo\u017cna znale\u017a\u0107 <a href=\"https:\/\/antersystem.com\/produkty\/elastyczna-bariera-gate-protector-with-sga-gate\/\"><strong>tutaj<\/strong><\/a>.     <\/p>\n\n<\/div><figure class=\"wp-block-media-text__media\"><img loading=\"lazy\" decoding=\"async\" width=\"683\" height=\"1024\" src=\"https:\/\/antersystem.com\/wp-content\/uploads\/modernlog-2025-009-683x1024.png\" alt=\"\" class=\"wp-image-6157 size-full\" style=\"object-position:39% 51%\" srcset=\"https:\/\/antersystem.com\/wp-content\/uploads\/modernlog-2025-009-683x1024.png 683w, https:\/\/antersystem.com\/wp-content\/uploads\/modernlog-2025-009-200x300.png 200w, https:\/\/antersystem.com\/wp-content\/uploads\/modernlog-2025-009-768x1152.png 768w, https:\/\/antersystem.com\/wp-content\/uploads\/modernlog-2025-009-450x675.png 450w, https:\/\/antersystem.com\/wp-content\/uploads\/modernlog-2025-009-330x495.png 330w, https:\/\/antersystem.com\/wp-content\/uploads\/modernlog-2025-009.png 800w\" sizes=\"auto, (max-width: 683px) 100vw, 683px\" \/><\/figure><\/div>\n\n\n\n<div style=\"height:30px\" aria-hidden=\"true\" class=\"wp-block-spacer\"><\/div>\n\n\n\n<figure class=\"wp-block-embed is-type-video is-provider-youtube wp-block-embed-youtube wp-embed-aspect-16-9 wp-has-aspect-ratio\"><div class=\"wp-block-embed__wrapper\" style=\"text-align: center;\">\n<iframe loading=\"lazy\" title=\"Targi Modernlog i ITM Industry Europe 2025\" width=\"500\" height=\"281\" src=\"https:\/\/www.youtube.com\/embed\/ofugWHZvKVU?feature=oembed\" frameborder=\"0\" allow=\"accelerometer; autoplay; clipboard-write; encrypted-media; gyroscope; picture-in-picture; web-share\" referrerpolicy=\"strict-origin-when-cross-origin\" allowfullscreen><\/iframe>\n<\/div><\/figure>\n\n\n<p>Chcieliby\u015bmy podzi\u0119kowa\u0107 wszystkim, kt\u00f3rzy odwiedzili nasze stoiska. Zainteresowanie, liczne pytania i dyskusje s\u0105 dla nas bardzo cenne. Cieszymy si\u0119, \u017ce mogli\u015bmy zaprezentowa\u0107 nasze rozwi\u0105zania w tak profesjonalnym i innowacyjnym otoczeniu.  <\/p>\n\n\n\n<p>Do zobaczenia na kolejnych targach!<\/p>\n<\/div>\n\n\n\n<div class=\"wp-block-column is-layout-flow wp-block-column-is-layout-flow\" style=\"flex-basis:10%\"><\/div>\n<\/div>\n\n\n\nngg_shortcode_0_placeholder\n<\/div>\n<\/div>\n","protected":false},"excerpt":{"rendered":"<p>Relacja z Targ\u00f3w Przemys\u0142u i Logistyki w Poznaniu W dniach 3-5 czerwca 2025 roku uczestniczyli\u015bmy w dw\u00f3ch kluczowych wydarzeniach bran\u017cowych &#8211; Modernlog i ITM Industry Europe. Oba wydarzenia, odbywaj\u0105ce si\u0119 na terenie Mi\u0119dzynarodowych Targ\u00f3w Pozna\u0144skich, przyci\u0105gn\u0119\u0142y tysi\u0105ce profesjonalist\u00f3w poszukuj\u0105cych nowoczesnych rozwi\u0105za\u0144 dla przemys\u0142u, logistyki i automatyki. W tym roku nasze produkty mo\u017cna by\u0142o zobaczy\u0107 w [&hellip;]<\/p>\n","protected":false},"author":11,"featured_media":0,"parent":12824,"menu_order":0,"comment_status":"closed","ping_status":"closed","template":"","meta":{"inline_featured_image":false,"ngg_post_thumbnail":0,"footnotes":""},"class_list":["post-38932","page","type-page","status-publish","hentry"],"acf":[],"yoast_head":"<!-- This site is optimized with the Yoast SEO plugin v27.0 - https:\/\/yoast.com\/product\/yoast-seo-wordpress\/ -->\n<title>Targi Modernlog i ITM Industry Europe 2025 - Anter System<\/title>\n<meta name=\"description\" content=\"Relacja z Targ\u00f3w Przemys\u0142u i Logistyki w Poznaniu W dniach 3-5 czerwca 2025 roku uczestniczyli\u015bmy w dw\u00f3ch kluczowych wydarzeniach bran\u017cowych - Modernlog i\" \/>\n<meta name=\"robots\" content=\"index, follow, max-snippet:-1, max-image-preview:large, max-video-preview:-1\" \/>\n<link rel=\"canonical\" href=\"https:\/\/antersystem.com\/pl\/wiedza-i-nowosci\/targi-modernlog-itm-industry-europe-2025\/\" \/>\n<meta property=\"og:locale\" content=\"pl_PL\" \/>\n<meta property=\"og:type\" content=\"article\" \/>\n<meta property=\"og:title\" content=\"Targi Modernlog i ITM Industry Europe 2025 - Anter System\" \/>\n<meta property=\"og:description\" content=\"Relacja z Targ\u00f3w Przemys\u0142u i Logistyki w Poznaniu W dniach 3-5 czerwca 2025 roku uczestniczyli\u015bmy w dw\u00f3ch kluczowych wydarzeniach bran\u017cowych - Modernlog i\" \/>\n<meta property=\"og:url\" content=\"https:\/\/antersystem.com\/pl\/wiedza-i-nowosci\/targi-modernlog-itm-industry-europe-2025\/\" \/>\n<meta property=\"og:site_name\" content=\"Anter System\" \/>\n<meta property=\"article:modified_time\" content=\"2026-02-02T14:20:43+00:00\" \/>\n<meta property=\"og:image\" content=\"https:\/\/antersystem.com\/wp-content\/uploads\/modernlog-2025-011-683x1024.png\" \/>\n<meta name=\"twitter:card\" content=\"summary_large_image\" \/>\n<meta name=\"twitter:label1\" content=\"Szacowany czas czytania\" \/>\n\t<meta name=\"twitter:data1\" content=\"3 minuty\" \/>\n<script type=\"application\/ld+json\" class=\"yoast-schema-graph\">{\"@context\":\"https:\/\/schema.org\",\"@graph\":[{\"@type\":\"WebPage\",\"@id\":\"https:\/\/antersystem.com\/pl\/wiedza-i-nowosci\/targi-modernlog-itm-industry-europe-2025\/\",\"url\":\"https:\/\/antersystem.com\/pl\/wiedza-i-nowosci\/targi-modernlog-itm-industry-europe-2025\/\",\"name\":\"Targi Modernlog i ITM Industry Europe 2025 - Anter System\",\"isPartOf\":{\"@id\":\"https:\/\/antersystem.com\/pl\/#website\"},\"primaryImageOfPage\":{\"@id\":\"https:\/\/antersystem.com\/pl\/wiedza-i-nowosci\/targi-modernlog-itm-industry-europe-2025\/#primaryimage\"},\"image\":{\"@id\":\"https:\/\/antersystem.com\/pl\/wiedza-i-nowosci\/targi-modernlog-itm-industry-europe-2025\/#primaryimage\"},\"thumbnailUrl\":\"https:\/\/antersystem.com\/wp-content\/uploads\/modernlog-2025-011-683x1024.png\",\"datePublished\":\"2025-06-09T06:46:29+00:00\",\"dateModified\":\"2026-02-02T14:20:43+00:00\",\"description\":\"Relacja z Targ\u00f3w Przemys\u0142u i Logistyki w Poznaniu W dniach 3-5 czerwca 2025 roku uczestniczyli\u015bmy w dw\u00f3ch kluczowych wydarzeniach bran\u017cowych - Modernlog i\",\"breadcrumb\":{\"@id\":\"https:\/\/antersystem.com\/pl\/wiedza-i-nowosci\/targi-modernlog-itm-industry-europe-2025\/#breadcrumb\"},\"inLanguage\":\"pl-PL\",\"potentialAction\":[{\"@type\":\"ReadAction\",\"target\":[\"https:\/\/antersystem.com\/pl\/wiedza-i-nowosci\/targi-modernlog-itm-industry-europe-2025\/\"]}]},{\"@type\":\"ImageObject\",\"inLanguage\":\"pl-PL\",\"@id\":\"https:\/\/antersystem.com\/pl\/wiedza-i-nowosci\/targi-modernlog-itm-industry-europe-2025\/#primaryimage\",\"url\":\"https:\/\/antersystem.com\/wp-content\/uploads\/modernlog-2025-011-683x1024.png\",\"contentUrl\":\"https:\/\/antersystem.com\/wp-content\/uploads\/modernlog-2025-011-683x1024.png\"},{\"@type\":\"BreadcrumbList\",\"@id\":\"https:\/\/antersystem.com\/pl\/wiedza-i-nowosci\/targi-modernlog-itm-industry-europe-2025\/#breadcrumb\",\"itemListElement\":[{\"@type\":\"ListItem\",\"position\":1,\"name\":\"AnterSystem\",\"item\":\"https:\/\/antersystem.com\/pl\/\"},{\"@type\":\"ListItem\",\"position\":2,\"name\":\"Wiedza i nowo\u015bci\",\"item\":\"https:\/\/antersystem.com\/pl\/wiedza-i-nowosci\/\"},{\"@type\":\"ListItem\",\"position\":3,\"name\":\"Targi Modernlog i ITM Industry Europe 2025\"}]},{\"@type\":\"WebSite\",\"@id\":\"https:\/\/antersystem.com\/pl\/#website\",\"url\":\"https:\/\/antersystem.com\/pl\/\",\"name\":\"Anter System\",\"description\":\"Jeste\u015bmy polskim producentem elastycznych barier ochronnych wykonywanych z polimerowych tworzyw sztucznych. Na rynku krajowym i zagranicznym dzia\u0142amy od ponad 15 lat dbaj\u0105c o zapewnienie bezpiecze\u0144stwa w zak\u0142adach produkcyjnych, magazynach oraz centrach logistycznych.\",\"potentialAction\":[{\"@type\":\"SearchAction\",\"target\":{\"@type\":\"EntryPoint\",\"urlTemplate\":\"https:\/\/antersystem.com\/pl\/?s={search_term_string}\"},\"query-input\":{\"@type\":\"PropertyValueSpecification\",\"valueRequired\":true,\"valueName\":\"search_term_string\"}}],\"inLanguage\":\"pl-PL\"}]}<\/script>\n<!-- \/ Yoast SEO plugin. -->","yoast_head_json":{"title":"Targi Modernlog i ITM Industry Europe 2025 - Anter System","description":"Relacja z Targ\u00f3w Przemys\u0142u i Logistyki w Poznaniu W dniach 3-5 czerwca 2025 roku uczestniczyli\u015bmy w dw\u00f3ch kluczowych wydarzeniach bran\u017cowych - Modernlog i","robots":{"index":"index","follow":"follow","max-snippet":"max-snippet:-1","max-image-preview":"max-image-preview:large","max-video-preview":"max-video-preview:-1"},"canonical":"https:\/\/antersystem.com\/pl\/wiedza-i-nowosci\/targi-modernlog-itm-industry-europe-2025\/","og_locale":"pl_PL","og_type":"article","og_title":"Targi Modernlog i ITM Industry Europe 2025 - Anter System","og_description":"Relacja z Targ\u00f3w Przemys\u0142u i Logistyki w Poznaniu W dniach 3-5 czerwca 2025 roku uczestniczyli\u015bmy w dw\u00f3ch kluczowych wydarzeniach bran\u017cowych - Modernlog i","og_url":"https:\/\/antersystem.com\/pl\/wiedza-i-nowosci\/targi-modernlog-itm-industry-europe-2025\/","og_site_name":"Anter System","article_modified_time":"2026-02-02T14:20:43+00:00","og_image":[{"url":"https:\/\/antersystem.com\/wp-content\/uploads\/modernlog-2025-011-683x1024.png","type":"","width":"","height":""}],"twitter_card":"summary_large_image","twitter_misc":{"Szacowany czas czytania":"3 minuty"},"schema":{"@context":"https:\/\/schema.org","@graph":[{"@type":"WebPage","@id":"https:\/\/antersystem.com\/pl\/wiedza-i-nowosci\/targi-modernlog-itm-industry-europe-2025\/","url":"https:\/\/antersystem.com\/pl\/wiedza-i-nowosci\/targi-modernlog-itm-industry-europe-2025\/","name":"Targi Modernlog i ITM Industry Europe 2025 - Anter System","isPartOf":{"@id":"https:\/\/antersystem.com\/pl\/#website"},"primaryImageOfPage":{"@id":"https:\/\/antersystem.com\/pl\/wiedza-i-nowosci\/targi-modernlog-itm-industry-europe-2025\/#primaryimage"},"image":{"@id":"https:\/\/antersystem.com\/pl\/wiedza-i-nowosci\/targi-modernlog-itm-industry-europe-2025\/#primaryimage"},"thumbnailUrl":"https:\/\/antersystem.com\/wp-content\/uploads\/modernlog-2025-011-683x1024.png","datePublished":"2025-06-09T06:46:29+00:00","dateModified":"2026-02-02T14:20:43+00:00","description":"Relacja z Targ\u00f3w Przemys\u0142u i Logistyki w Poznaniu W dniach 3-5 czerwca 2025 roku uczestniczyli\u015bmy w dw\u00f3ch kluczowych wydarzeniach bran\u017cowych - Modernlog i","breadcrumb":{"@id":"https:\/\/antersystem.com\/pl\/wiedza-i-nowosci\/targi-modernlog-itm-industry-europe-2025\/#breadcrumb"},"inLanguage":"pl-PL","potentialAction":[{"@type":"ReadAction","target":["https:\/\/antersystem.com\/pl\/wiedza-i-nowosci\/targi-modernlog-itm-industry-europe-2025\/"]}]},{"@type":"ImageObject","inLanguage":"pl-PL","@id":"https:\/\/antersystem.com\/pl\/wiedza-i-nowosci\/targi-modernlog-itm-industry-europe-2025\/#primaryimage","url":"https:\/\/antersystem.com\/wp-content\/uploads\/modernlog-2025-011-683x1024.png","contentUrl":"https:\/\/antersystem.com\/wp-content\/uploads\/modernlog-2025-011-683x1024.png"},{"@type":"BreadcrumbList","@id":"https:\/\/antersystem.com\/pl\/wiedza-i-nowosci\/targi-modernlog-itm-industry-europe-2025\/#breadcrumb","itemListElement":[{"@type":"ListItem","position":1,"name":"AnterSystem","item":"https:\/\/antersystem.com\/pl\/"},{"@type":"ListItem","position":2,"name":"Wiedza i nowo\u015bci","item":"https:\/\/antersystem.com\/pl\/wiedza-i-nowosci\/"},{"@type":"ListItem","position":3,"name":"Targi Modernlog i ITM Industry Europe 2025"}]},{"@type":"WebSite","@id":"https:\/\/antersystem.com\/pl\/#website","url":"https:\/\/antersystem.com\/pl\/","name":"Anter System","description":"Jeste\u015bmy polskim producentem elastycznych barier ochronnych wykonywanych z polimerowych tworzyw sztucznych. Na rynku krajowym i zagranicznym dzia\u0142amy od ponad 15 lat dbaj\u0105c o zapewnienie bezpiecze\u0144stwa w zak\u0142adach produkcyjnych, magazynach oraz centrach logistycznych.","potentialAction":[{"@type":"SearchAction","target":{"@type":"EntryPoint","urlTemplate":"https:\/\/antersystem.com\/pl\/?s={search_term_string}"},"query-input":{"@type":"PropertyValueSpecification","valueRequired":true,"valueName":"search_term_string"}}],"inLanguage":"pl-PL"}]}},"_links":{"self":[{"href":"https:\/\/antersystem.com\/pl\/wp-json\/wp\/v2\/pages\/38932","targetHints":{"allow":["GET"]}}],"collection":[{"href":"https:\/\/antersystem.com\/pl\/wp-json\/wp\/v2\/pages"}],"about":[{"href":"https:\/\/antersystem.com\/pl\/wp-json\/wp\/v2\/types\/page"}],"author":[{"embeddable":true,"href":"https:\/\/antersystem.com\/pl\/wp-json\/wp\/v2\/users\/11"}],"replies":[{"embeddable":true,"href":"https:\/\/antersystem.com\/pl\/wp-json\/wp\/v2\/comments?post=38932"}],"version-history":[{"count":1,"href":"https:\/\/antersystem.com\/pl\/wp-json\/wp\/v2\/pages\/38932\/revisions"}],"predecessor-version":[{"id":38933,"href":"https:\/\/antersystem.com\/pl\/wp-json\/wp\/v2\/pages\/38932\/revisions\/38933"}],"up":[{"embeddable":true,"href":"https:\/\/antersystem.com\/pl\/wp-json\/wp\/v2\/pages\/12824"}],"wp:attachment":[{"href":"https:\/\/antersystem.com\/pl\/wp-json\/wp\/v2\/media?parent=38932"}],"curies":[{"name":"wp","href":"https:\/\/api.w.org\/{rel}","templated":true}]}}