{"id":39197,"date":"2024-02-08T14:55:05","date_gmt":"2024-02-08T13:55:05","guid":{"rendered":"https:\/\/antersystem.com\/wiedza-i-nowosci\/logistyka-magazynowa-na-targach-intralogistica-2024\/"},"modified":"2026-02-04T11:21:28","modified_gmt":"2026-02-04T10:21:28","slug":"logistyka-magazynowa-na-targach-intralogistica-2024","status":"publish","type":"page","link":"https:\/\/antersystem.com\/pl\/wiedza-i-nowosci\/logistyka-magazynowa-na-targach-intralogistica-2024\/","title":{"rendered":"Logistyka magazynowa na targach"},"content":{"rendered":"\n<div class=\"wp-block-columns is-layout-flex wp-container-core-columns-is-layout-9d6595d7 wp-block-columns-is-layout-flex\">\n  \n  <div class=\"wp-block-column is-layout-flow wp-block-column-is-layout-flow\">\n    \n    <h3 class=\"wp-block-heading\"><\/h3>\n    \n\n    \n    <div class=\"wp-block-columns is-layout-flex wp-container-core-columns-is-layout-9d6595d7 wp-block-columns-is-layout-flex\">\n      \n      <div class=\"wp-block-column is-layout-flow wp-block-column-is-layout-flow\" style=\"flex-basis:10%\"><\/div>\n      \n\n      \n      <div class=\"wp-block-column is-layout-flow wp-block-column-is-layout-flow\">\n        \n        <h3 class=\"wp-block-heading\"><strong> <\/strong>Intralogistica Poland EXPO &#8211; 24-26 stycznia 2024 r.<\/h3>\n        \n\n        \n        <p>To do\u015bwiadczenie jest ju\u017c za nami &#8211; i c\u00f3\u017c to by\u0142o za do\u015bwiadczenie! Chcieliby\u015bmy wyrazi\u0107 nasz\u0105 wdzi\u0119czno\u015b\u0107 za odwiedzenie naszego stoiska z <a href=\"https:\/\/antersystem.com\/kategorie_produktow\/bariery-bezpieczenstwa-dla-pieszyc\">elastycznymi barierami<\/a> bezpiecze\u0144stwa i za wspania\u0142\u0105 atmosfer\u0119, kt\u00f3r\u0105 stworzyli\u015bmy wsp\u00f3lnie z odwiedzaj\u0105cymi i organizatorami. Jeste\u015bmy szczeg\u00f3lnie zadowoleni, \u017ce mogli\u015bmy zaprezentowa\u0107 nasze <a href=\"https:\/\/antersystem.com\/kategorie_produktow\/technika-zaladunkowa\/\">rozwi\u0105zania Loading Technology<\/a>, kt\u00f3re nie s\u0105 jeszcze powszechnie znane na rynku, ale znacznie usprawniaj\u0105 procesy prze\u0142adunkowe. Jako producent podp\u00f3r bezpiecze\u0144stwa i r\u0119cznych blokad k\u00f3\u0142 promujemy kultur\u0119 bezpiecznej pracy i inteligentne wykorzystanie narz\u0119dzi dost\u0119pnych w zintegrowanych systemach zarz\u0105dzania logistyk\u0105.   <\/p>\n        \n\n        \n        <p>Targi takie jak te oferuj\u0105 szeroki wgl\u0105d w to, co dzieje si\u0119 w bran\u017cy &#8211; inspiruj\u0105, \u0142\u0105cz\u0105 i pozwalaj\u0105 nam spotka\u0107 lider\u00f3w, kt\u00f3rzy dziel\u0105 si\u0119 swoimi do\u015bwiadczeniami i historiami sukcesu. Chcieliby\u015bmy wyrazi\u0107 nasz\u0105 wdzi\u0119czno\u015b\u0107 dla: <\/p>\n        \n\n        \n        <ul class=\"wp-block-list\"><li>Rozmowy o trudnych procesach pracy, kt\u00f3re wymagaj\u0105 zbyt du\u017cego wysi\u0142ku umys\u0142owego &#8211; refleksja zainspirowana przez eksperta akademickiego, kt\u00f3rego spotkali\u015bmy podczas wydarzenia.<\/li>\n          <li>Ciekawo\u015b\u0107 i uczciwe podej\u015bcie innych firm, nawet konkurent\u00f3w.<\/li>\n          <li>Otwarto\u015b\u0107 na wykraczanie poza role biznesowe i spotykanie si\u0119 z nami osobi\u015bcie, omawianie codziennych zagro\u017ce\u0144 w miejscu pracy ze szczero\u015bci\u0105 i wnikliwo\u015bci\u0105.<\/li>\n          <li>Anga\u017cuj\u0105ce dyskusje i wymiana pogl\u0105d\u00f3w.<\/li>\n          <li>Czas po\u015bwi\u0119cony na zapoznanie si\u0119 z nasz\u0105 ofert\u0105 i zobaczenie naszych elastycznych barier ochronnych w akcji.<\/li>\n          <li>Pa\u0144stwa mi\u0142e s\u0142owa i uznanie dla projektu i walor\u00f3w estetycznych naszego stoiska i produkt\u00f3w.<\/li>\n        <\/ul>\n\n        \n        <p>Zapewniamy, \u017ce b\u0119dziemy przekazywa\u0107 wy\u0142\u0105cznie istotne informacje. Zawsze jeste\u015bmy otwarci na wizyt\u0119 w Twoim magazynie lub zak\u0142adzie produkcyjnym, aby doradzi\u0107 w zakresie najskuteczniejszych rozwi\u0105za\u0144 bezpiecze\u0144stwa dla Twojego zak\u0142adu. Nasze dane kontaktowe mo\u017cna znale\u017a\u0107 na naszej stronie internetowej.  <\/p>\n        \n\n      <\/div>\n      \n\n      \n      <div class=\"wp-block-column is-layout-flow wp-block-column-is-layout-flow\" style=\"flex-basis:10%\"><\/div>\n      \n    <\/div>\n    \n\n    \n    ngg_shortcode_0_placeholder\n    \n  <\/div>\n  \n<\/div>\n","protected":false},"excerpt":{"rendered":"<p>Intralogistica Poland EXPO &#8211; 24-26 stycznia 2024 r. To do\u015bwiadczenie jest ju\u017c za nami &#8211; i c\u00f3\u017c to by\u0142o za do\u015bwiadczenie! Chcieliby\u015bmy wyrazi\u0107 nasz\u0105 wdzi\u0119czno\u015b\u0107 za odwiedzenie naszego stoiska z elastycznymi barierami bezpiecze\u0144stwa i za wspania\u0142\u0105 atmosfer\u0119, kt\u00f3r\u0105 stworzyli\u015bmy wsp\u00f3lnie z odwiedzaj\u0105cymi i organizatorami. Jeste\u015bmy szczeg\u00f3lnie zadowoleni, \u017ce mogli\u015bmy zaprezentowa\u0107 nasze rozwi\u0105zania Loading Technology, kt\u00f3re [&hellip;]<\/p>\n","protected":false},"author":1,"featured_media":0,"parent":12824,"menu_order":0,"comment_status":"closed","ping_status":"closed","template":"","meta":{"inline_featured_image":false,"ngg_post_thumbnail":0,"footnotes":""},"class_list":["post-39197","page","type-page","status-publish","hentry"],"acf":[],"yoast_head":"<!-- This site is optimized with the Yoast SEO plugin v27.0 - https:\/\/yoast.com\/product\/yoast-seo-wordpress\/ -->\n<title>Logistyka magazynowa na targach - Anter System<\/title>\n<meta name=\"description\" content=\"Intralogistica Poland EXPO - 24-26 stycznia 2024 r. To do\u015bwiadczenie jest ju\u017c za nami - i c\u00f3\u017c to by\u0142o za do\u015bwiadczenie! Chcieliby\u015bmy wyrazi\u0107 nasz\u0105\" \/>\n<meta name=\"robots\" content=\"index, follow, max-snippet:-1, max-image-preview:large, max-video-preview:-1\" \/>\n<link rel=\"canonical\" href=\"https:\/\/antersystem.com\/pl\/wiedza-i-nowosci\/logistyka-magazynowa-na-targach-intralogistica-2024\/\" \/>\n<meta property=\"og:locale\" content=\"pl_PL\" \/>\n<meta property=\"og:type\" content=\"article\" \/>\n<meta property=\"og:title\" content=\"Logistyka magazynowa na targach - Anter System\" \/>\n<meta property=\"og:description\" content=\"Intralogistica Poland EXPO - 24-26 stycznia 2024 r. To do\u015bwiadczenie jest ju\u017c za nami - i c\u00f3\u017c to by\u0142o za do\u015bwiadczenie! Chcieliby\u015bmy wyrazi\u0107 nasz\u0105\" \/>\n<meta property=\"og:url\" content=\"https:\/\/antersystem.com\/pl\/wiedza-i-nowosci\/logistyka-magazynowa-na-targach-intralogistica-2024\/\" \/>\n<meta property=\"og:site_name\" content=\"Anter System\" \/>\n<meta property=\"article:modified_time\" content=\"2026-02-04T10:21:28+00:00\" \/>\n<meta name=\"twitter:card\" content=\"summary_large_image\" \/>\n<meta name=\"twitter:label1\" content=\"Szacowany czas czytania\" \/>\n\t<meta name=\"twitter:data1\" content=\"2 minuty\" \/>\n<script type=\"application\/ld+json\" class=\"yoast-schema-graph\">{\"@context\":\"https:\/\/schema.org\",\"@graph\":[{\"@type\":\"WebPage\",\"@id\":\"https:\/\/antersystem.com\/pl\/wiedza-i-nowosci\/logistyka-magazynowa-na-targach-intralogistica-2024\/\",\"url\":\"https:\/\/antersystem.com\/pl\/wiedza-i-nowosci\/logistyka-magazynowa-na-targach-intralogistica-2024\/\",\"name\":\"Logistyka magazynowa na targach - Anter System\",\"isPartOf\":{\"@id\":\"https:\/\/antersystem.com\/pl\/#website\"},\"datePublished\":\"2024-02-08T13:55:05+00:00\",\"dateModified\":\"2026-02-04T10:21:28+00:00\",\"description\":\"Intralogistica Poland EXPO - 24-26 stycznia 2024 r. To do\u015bwiadczenie jest ju\u017c za nami - i c\u00f3\u017c to by\u0142o za do\u015bwiadczenie! Chcieliby\u015bmy wyrazi\u0107 nasz\u0105\",\"breadcrumb\":{\"@id\":\"https:\/\/antersystem.com\/pl\/wiedza-i-nowosci\/logistyka-magazynowa-na-targach-intralogistica-2024\/#breadcrumb\"},\"inLanguage\":\"pl-PL\",\"potentialAction\":[{\"@type\":\"ReadAction\",\"target\":[\"https:\/\/antersystem.com\/pl\/wiedza-i-nowosci\/logistyka-magazynowa-na-targach-intralogistica-2024\/\"]}]},{\"@type\":\"BreadcrumbList\",\"@id\":\"https:\/\/antersystem.com\/pl\/wiedza-i-nowosci\/logistyka-magazynowa-na-targach-intralogistica-2024\/#breadcrumb\",\"itemListElement\":[{\"@type\":\"ListItem\",\"position\":1,\"name\":\"AnterSystem\",\"item\":\"https:\/\/antersystem.com\/pl\/\"},{\"@type\":\"ListItem\",\"position\":2,\"name\":\"Wiedza i nowo\u015bci\",\"item\":\"https:\/\/antersystem.com\/pl\/wiedza-i-nowosci\/\"},{\"@type\":\"ListItem\",\"position\":3,\"name\":\"Logistyka magazynowa na targach\"}]},{\"@type\":\"WebSite\",\"@id\":\"https:\/\/antersystem.com\/pl\/#website\",\"url\":\"https:\/\/antersystem.com\/pl\/\",\"name\":\"Anter System\",\"description\":\"Jeste\u015bmy polskim producentem elastycznych barier ochronnych wykonywanych z polimerowych tworzyw sztucznych. Na rynku krajowym i zagranicznym dzia\u0142amy od ponad 15 lat dbaj\u0105c o zapewnienie bezpiecze\u0144stwa w zak\u0142adach produkcyjnych, magazynach oraz centrach logistycznych.\",\"potentialAction\":[{\"@type\":\"SearchAction\",\"target\":{\"@type\":\"EntryPoint\",\"urlTemplate\":\"https:\/\/antersystem.com\/pl\/?s={search_term_string}\"},\"query-input\":{\"@type\":\"PropertyValueSpecification\",\"valueRequired\":true,\"valueName\":\"search_term_string\"}}],\"inLanguage\":\"pl-PL\"}]}<\/script>\n<!-- \/ Yoast SEO plugin. -->","yoast_head_json":{"title":"Logistyka magazynowa na targach - Anter System","description":"Intralogistica Poland EXPO - 24-26 stycznia 2024 r. To do\u015bwiadczenie jest ju\u017c za nami - i c\u00f3\u017c to by\u0142o za do\u015bwiadczenie! Chcieliby\u015bmy wyrazi\u0107 nasz\u0105","robots":{"index":"index","follow":"follow","max-snippet":"max-snippet:-1","max-image-preview":"max-image-preview:large","max-video-preview":"max-video-preview:-1"},"canonical":"https:\/\/antersystem.com\/pl\/wiedza-i-nowosci\/logistyka-magazynowa-na-targach-intralogistica-2024\/","og_locale":"pl_PL","og_type":"article","og_title":"Logistyka magazynowa na targach - Anter System","og_description":"Intralogistica Poland EXPO - 24-26 stycznia 2024 r. To do\u015bwiadczenie jest ju\u017c za nami - i c\u00f3\u017c to by\u0142o za do\u015bwiadczenie! Chcieliby\u015bmy wyrazi\u0107 nasz\u0105","og_url":"https:\/\/antersystem.com\/pl\/wiedza-i-nowosci\/logistyka-magazynowa-na-targach-intralogistica-2024\/","og_site_name":"Anter System","article_modified_time":"2026-02-04T10:21:28+00:00","twitter_card":"summary_large_image","twitter_misc":{"Szacowany czas czytania":"2 minuty"},"schema":{"@context":"https:\/\/schema.org","@graph":[{"@type":"WebPage","@id":"https:\/\/antersystem.com\/pl\/wiedza-i-nowosci\/logistyka-magazynowa-na-targach-intralogistica-2024\/","url":"https:\/\/antersystem.com\/pl\/wiedza-i-nowosci\/logistyka-magazynowa-na-targach-intralogistica-2024\/","name":"Logistyka magazynowa na targach - Anter System","isPartOf":{"@id":"https:\/\/antersystem.com\/pl\/#website"},"datePublished":"2024-02-08T13:55:05+00:00","dateModified":"2026-02-04T10:21:28+00:00","description":"Intralogistica Poland EXPO - 24-26 stycznia 2024 r. To do\u015bwiadczenie jest ju\u017c za nami - i c\u00f3\u017c to by\u0142o za do\u015bwiadczenie! Chcieliby\u015bmy wyrazi\u0107 nasz\u0105","breadcrumb":{"@id":"https:\/\/antersystem.com\/pl\/wiedza-i-nowosci\/logistyka-magazynowa-na-targach-intralogistica-2024\/#breadcrumb"},"inLanguage":"pl-PL","potentialAction":[{"@type":"ReadAction","target":["https:\/\/antersystem.com\/pl\/wiedza-i-nowosci\/logistyka-magazynowa-na-targach-intralogistica-2024\/"]}]},{"@type":"BreadcrumbList","@id":"https:\/\/antersystem.com\/pl\/wiedza-i-nowosci\/logistyka-magazynowa-na-targach-intralogistica-2024\/#breadcrumb","itemListElement":[{"@type":"ListItem","position":1,"name":"AnterSystem","item":"https:\/\/antersystem.com\/pl\/"},{"@type":"ListItem","position":2,"name":"Wiedza i nowo\u015bci","item":"https:\/\/antersystem.com\/pl\/wiedza-i-nowosci\/"},{"@type":"ListItem","position":3,"name":"Logistyka magazynowa na targach"}]},{"@type":"WebSite","@id":"https:\/\/antersystem.com\/pl\/#website","url":"https:\/\/antersystem.com\/pl\/","name":"Anter System","description":"Jeste\u015bmy polskim producentem elastycznych barier ochronnych wykonywanych z polimerowych tworzyw sztucznych. Na rynku krajowym i zagranicznym dzia\u0142amy od ponad 15 lat dbaj\u0105c o zapewnienie bezpiecze\u0144stwa w zak\u0142adach produkcyjnych, magazynach oraz centrach logistycznych.","potentialAction":[{"@type":"SearchAction","target":{"@type":"EntryPoint","urlTemplate":"https:\/\/antersystem.com\/pl\/?s={search_term_string}"},"query-input":{"@type":"PropertyValueSpecification","valueRequired":true,"valueName":"search_term_string"}}],"inLanguage":"pl-PL"}]}},"_links":{"self":[{"href":"https:\/\/antersystem.com\/pl\/wp-json\/wp\/v2\/pages\/39197","targetHints":{"allow":["GET"]}}],"collection":[{"href":"https:\/\/antersystem.com\/pl\/wp-json\/wp\/v2\/pages"}],"about":[{"href":"https:\/\/antersystem.com\/pl\/wp-json\/wp\/v2\/types\/page"}],"author":[{"embeddable":true,"href":"https:\/\/antersystem.com\/pl\/wp-json\/wp\/v2\/users\/1"}],"replies":[{"embeddable":true,"href":"https:\/\/antersystem.com\/pl\/wp-json\/wp\/v2\/comments?post=39197"}],"version-history":[{"count":1,"href":"https:\/\/antersystem.com\/pl\/wp-json\/wp\/v2\/pages\/39197\/revisions"}],"predecessor-version":[{"id":39198,"href":"https:\/\/antersystem.com\/pl\/wp-json\/wp\/v2\/pages\/39197\/revisions\/39198"}],"up":[{"embeddable":true,"href":"https:\/\/antersystem.com\/pl\/wp-json\/wp\/v2\/pages\/12824"}],"wp:attachment":[{"href":"https:\/\/antersystem.com\/pl\/wp-json\/wp\/v2\/media?parent=39197"}],"curies":[{"name":"wp","href":"https:\/\/api.w.org\/{rel}","templated":true}]}}