{"id":39447,"date":"2024-06-17T15:23:53","date_gmt":"2024-06-17T13:23:53","guid":{"rendered":"https:\/\/antersystem.com\/wiedza-i-nowosci\/konferencje-techniczne-mielec-20-06\/"},"modified":"2026-02-04T13:16:32","modified_gmt":"2026-02-04T12:16:32","slug":"konferencje-techniczne-mielec-20-06","status":"publish","type":"page","link":"https:\/\/antersystem.com\/pl\/wiedza-i-nowosci\/konferencje-techniczne-mielec-20-06\/","title":{"rendered":"Konferencje Techniczne, Mielec 20.06"},"content":{"rendered":"\n<div class=\"wp-block-columns is-layout-flex wp-container-core-columns-is-layout-9d6595d7 wp-block-columns-is-layout-flex\">\n  \n  <div class=\"wp-block-column is-layout-flow wp-block-column-is-layout-flow\" style=\"flex-basis:10%\"><\/div>\n  \n\n  \n  <div class=\"wp-block-column is-layout-flow wp-block-column-is-layout-flow\">\n    \n    <h2 class=\"wp-block-heading\">Zestawienie dobrych praktyk logistycznych \u2013 Konferencja Techniczna<\/h2>\n    \n\n    \n    <p>Zapraszamy na bezp\u0142atn\u0105 Konferencj\u0119 \u201cOptymalizacja proces\u00f3w intralogistycznych i magazynowych\u201d, po\u015bwi\u0119con\u0105 dynamicznym zmianom w bran\u017cy logistycznej. 20 czerwca spotykamy si\u0119 w Hotelu Atena, w Mielcu. <\/p>\n    \n\n    \n    <p>Z pe\u0142nym przekonaniem zapraszamy wszystkich, kt\u00f3rzy chcieliby <strong>rozwin\u0105\u0107 sie\u0107 swoich biznesowych kontakt\u00f3w<\/strong>. Sposobno\u015bci b\u0119dzie du\u017co, a gwarancja, \u017ce ma si\u0119 do czynienia ze specjalistami z bran\u017cy solidna. Si\u0142\u0105 spotka\u0144 organizowanych przez <strong>Axon Media<\/strong> jest zapraszanie do wyst\u0119p\u00f3w praktyk\u00f3w. <strong>Eksperci z r\u00f3\u017cnych sektor\u00f3w<\/strong> podziel\u0105 si\u0119 swoimi do\u015bwiadczeniami z doskonalenia proces\u00f3w logistyczno-magazynowych w firmach oraz <strong>om\u00f3wi\u0105 wyzwania zwi\u0105zane z ich adaptacj\u0105 do specyficznych wymaga\u0144 zak\u0142ad\u00f3w<\/strong>. Przedstawione zostan\u0105 kompleksowe wdro\u017cenia, jak i drobne usprawnienia, kt\u00f3re pozwalaj\u0105 na oszcz\u0119dno\u015b\u0107 czasu i pieni\u0119dzy.   <\/p>\n    \n\n    \n    <p><strong>Anter System, jako partner Konferencji Technicznych, wspiera poszukiwania w dziedzinie bezpiecze\u0144stwa i higieny pracy (BHP) w magazynach i halach.<\/strong> S\u0142u\u017cymy doradztwem w zakresie stosowania zabezpiecze\u0144 dla pieszych, towaru, maszyn i infrastruktury. W kwestii <a href=\"https:\/\/antersystem.com\/pl\/kategorie-produktow\/technika-zaladunkowa\/\"><strong>ochrony pracy w trakcie proces\u00f3w prze\u0142adunkowych te\u017c mamy wiele sprawdzonych produkt\u00f3w<\/strong><\/a>, o kt\u00f3rych z ch\u0119ci\u0105 opowiemy. Opr\u00f3cz tego tematy, z kt\u00f3rych mo\u017cecie skorzysta\u0107 bior\u0105c udzia\u0142 w konferencji to: systemy transportu wewn\u0119trznego w magazynach, urz\u0105dzenia do transportu wewn\u0119trznego, robotyka magazynowa, systemy automatycznego sk\u0142adowania i kompletacji zam\u00f3wie\u0144, systemy RFID i identyfikacji bezprzewodowej, oprogramowanie dla intralogistyki, projektowanie i doradztwo w zakresie intralogistyki oraz maszyny i urz\u0105dzenia do etykietowania.  <\/p>\n    \n\n    \n    <p>Konferencja daje mo\u017cliwo\u015b\u0107 znalezienia technologicznych rozwi\u0105za\u0144 dopasowanych do indywidualnych potrzeb ka\u017cdego uczestnika. A w dalszej perspektywie buduje \u015brodowisko wspieraj\u0105ce si\u0119 na gruncie wprowadzania zmian zwi\u0105zanych z cyfryzacj\u0105, robotyzacj\u0105 i ze sposobami pracy przysz\u0142o\u015bci. Wed\u0142ug nas nie jest to czarny scenariusz, zainteresowanych zapraszamy na stoisko Anter System i na sal\u0119 wyk\u0142adow\u0105.  <\/p>\n    \n\n    \n    <p>Program wydarzenia: <strong><a href=\"https:\/\/www.axonmedia.pl\/konferencje\/aktualne\/intralogistyka-magazynowanie-2024-mielec\/\">Konferencje Techniczne<\/a><\/strong><\/p>\n    \n\n    \n    <p><strong>#konferencjetechniczne #axonmedia #BHP #produkcja #elastycznebarieryochronne #flexiblesafetybarriers<\/strong><\/p>\n    \n  <\/div>\n  \n\n  \n  <div class=\"wp-block-column is-layout-flow wp-block-column-is-layout-flow\" style=\"flex-basis:10%\"><\/div>\n  \n<\/div>\n<div class=\"wp-block-image\">\n<figure class=\"aligncenter size-large is-resized\"><img loading=\"lazy\" decoding=\"async\" width=\"1024\" height=\"576\" src=\"https:\/\/antersystem.com\/wp-content\/uploads\/AxonMedia-konferencja-w-Mielcu-1-edited-1024x576.webp\" alt=\"Axon Media conference in Mielec 2024 - Anter System\" class=\"wp-image-4856\" style=\"width:620px;height:auto\" srcset=\"https:\/\/antersystem.com\/wp-content\/uploads\/AxonMedia-konferencja-w-Mielcu-1-edited-1024x576.webp 1024w, https:\/\/antersystem.com\/wp-content\/uploads\/AxonMedia-konferencja-w-Mielcu-1-edited-300x169.webp 300w, https:\/\/antersystem.com\/wp-content\/uploads\/AxonMedia-konferencja-w-Mielcu-1-edited-768x432.webp 768w, https:\/\/antersystem.com\/wp-content\/uploads\/AxonMedia-konferencja-w-Mielcu-1-edited-450x253.webp 450w, https:\/\/antersystem.com\/wp-content\/uploads\/AxonMedia-konferencja-w-Mielcu-1-edited-330x186.webp 330w, https:\/\/antersystem.com\/wp-content\/uploads\/AxonMedia-konferencja-w-Mielcu-1-edited.webp 1115w\" sizes=\"auto, (max-width: 1024px) 100vw, 1024px\" \/><\/figure><\/div>","protected":false},"excerpt":{"rendered":"<p>Zestawienie dobrych praktyk logistycznych \u2013 Konferencja Techniczna Zapraszamy na bezp\u0142atn\u0105 Konferencj\u0119 \u201cOptymalizacja proces\u00f3w intralogistycznych i magazynowych\u201d, po\u015bwi\u0119con\u0105 dynamicznym zmianom w bran\u017cy logistycznej. 20 czerwca spotykamy si\u0119 w Hotelu Atena, w Mielcu. Z pe\u0142nym przekonaniem zapraszamy wszystkich, kt\u00f3rzy chcieliby rozwin\u0105\u0107 sie\u0107 swoich biznesowych kontakt\u00f3w. Sposobno\u015bci b\u0119dzie du\u017co, a gwarancja, \u017ce ma si\u0119 do czynienia ze specjalistami [&hellip;]<\/p>\n","protected":false},"author":1,"featured_media":0,"parent":12824,"menu_order":0,"comment_status":"closed","ping_status":"closed","template":"","meta":{"inline_featured_image":false,"ngg_post_thumbnail":0,"footnotes":""},"class_list":["post-39447","page","type-page","status-publish","hentry"],"acf":[],"yoast_head":"<!-- This site is optimized with the Yoast SEO plugin v27.0 - https:\/\/yoast.com\/product\/yoast-seo-wordpress\/ -->\n<title>Konferencje Techniczne, Mielec 20.06 - Anter System<\/title>\n<meta name=\"description\" content=\"Zestawienie dobrych praktyk logistycznych \u2013 Konferencja Techniczna Zapraszamy na bezp\u0142atn\u0105 Konferencj\u0119 \u201cOptymalizacja proces\u00f3w intralogistycznych i\" \/>\n<meta name=\"robots\" content=\"index, follow, max-snippet:-1, max-image-preview:large, max-video-preview:-1\" \/>\n<link rel=\"canonical\" href=\"https:\/\/antersystem.com\/pl\/wiedza-i-nowosci\/konferencje-techniczne-mielec-20-06\/\" \/>\n<meta property=\"og:locale\" content=\"pl_PL\" \/>\n<meta property=\"og:type\" content=\"article\" \/>\n<meta property=\"og:title\" content=\"Konferencje Techniczne, Mielec 20.06 - Anter System\" \/>\n<meta property=\"og:description\" content=\"Zestawienie dobrych praktyk logistycznych \u2013 Konferencja Techniczna Zapraszamy na bezp\u0142atn\u0105 Konferencj\u0119 \u201cOptymalizacja proces\u00f3w intralogistycznych i\" \/>\n<meta property=\"og:url\" content=\"https:\/\/antersystem.com\/pl\/wiedza-i-nowosci\/konferencje-techniczne-mielec-20-06\/\" \/>\n<meta property=\"og:site_name\" content=\"Anter System\" \/>\n<meta property=\"article:modified_time\" content=\"2026-02-04T12:16:32+00:00\" \/>\n<meta property=\"og:image\" content=\"https:\/\/antersystem.com\/wp-content\/uploads\/AxonMedia-konferencja-w-Mielcu-1-edited-1024x576.webp\" \/>\n<meta name=\"twitter:card\" content=\"summary_large_image\" \/>\n<meta name=\"twitter:label1\" content=\"Szacowany czas czytania\" \/>\n\t<meta name=\"twitter:data1\" content=\"2 minuty\" \/>\n<script type=\"application\/ld+json\" class=\"yoast-schema-graph\">{\"@context\":\"https:\/\/schema.org\",\"@graph\":[{\"@type\":\"WebPage\",\"@id\":\"https:\/\/antersystem.com\/pl\/wiedza-i-nowosci\/konferencje-techniczne-mielec-20-06\/\",\"url\":\"https:\/\/antersystem.com\/pl\/wiedza-i-nowosci\/konferencje-techniczne-mielec-20-06\/\",\"name\":\"Konferencje Techniczne, Mielec 20.06 - Anter System\",\"isPartOf\":{\"@id\":\"https:\/\/antersystem.com\/pl\/#website\"},\"primaryImageOfPage\":{\"@id\":\"https:\/\/antersystem.com\/pl\/wiedza-i-nowosci\/konferencje-techniczne-mielec-20-06\/#primaryimage\"},\"image\":{\"@id\":\"https:\/\/antersystem.com\/pl\/wiedza-i-nowosci\/konferencje-techniczne-mielec-20-06\/#primaryimage\"},\"thumbnailUrl\":\"https:\/\/antersystem.com\/wp-content\/uploads\/AxonMedia-konferencja-w-Mielcu-1-edited-1024x576.webp\",\"datePublished\":\"2024-06-17T13:23:53+00:00\",\"dateModified\":\"2026-02-04T12:16:32+00:00\",\"description\":\"Zestawienie dobrych praktyk logistycznych \u2013 Konferencja Techniczna Zapraszamy na bezp\u0142atn\u0105 Konferencj\u0119 \u201cOptymalizacja proces\u00f3w intralogistycznych i\",\"breadcrumb\":{\"@id\":\"https:\/\/antersystem.com\/pl\/wiedza-i-nowosci\/konferencje-techniczne-mielec-20-06\/#breadcrumb\"},\"inLanguage\":\"pl-PL\",\"potentialAction\":[{\"@type\":\"ReadAction\",\"target\":[\"https:\/\/antersystem.com\/pl\/wiedza-i-nowosci\/konferencje-techniczne-mielec-20-06\/\"]}]},{\"@type\":\"ImageObject\",\"inLanguage\":\"pl-PL\",\"@id\":\"https:\/\/antersystem.com\/pl\/wiedza-i-nowosci\/konferencje-techniczne-mielec-20-06\/#primaryimage\",\"url\":\"https:\/\/antersystem.com\/wp-content\/uploads\/AxonMedia-konferencja-w-Mielcu-1-edited-1024x576.webp\",\"contentUrl\":\"https:\/\/antersystem.com\/wp-content\/uploads\/AxonMedia-konferencja-w-Mielcu-1-edited-1024x576.webp\"},{\"@type\":\"BreadcrumbList\",\"@id\":\"https:\/\/antersystem.com\/pl\/wiedza-i-nowosci\/konferencje-techniczne-mielec-20-06\/#breadcrumb\",\"itemListElement\":[{\"@type\":\"ListItem\",\"position\":1,\"name\":\"AnterSystem\",\"item\":\"https:\/\/antersystem.com\/pl\/\"},{\"@type\":\"ListItem\",\"position\":2,\"name\":\"Wiedza i nowo\u015bci\",\"item\":\"https:\/\/antersystem.com\/pl\/wiedza-i-nowosci\/\"},{\"@type\":\"ListItem\",\"position\":3,\"name\":\"Konferencje Techniczne, Mielec 20.06\"}]},{\"@type\":\"WebSite\",\"@id\":\"https:\/\/antersystem.com\/pl\/#website\",\"url\":\"https:\/\/antersystem.com\/pl\/\",\"name\":\"Anter System\",\"description\":\"Jeste\u015bmy polskim producentem elastycznych barier ochronnych wykonywanych z polimerowych tworzyw sztucznych. Na rynku krajowym i zagranicznym dzia\u0142amy od ponad 15 lat dbaj\u0105c o zapewnienie bezpiecze\u0144stwa w zak\u0142adach produkcyjnych, magazynach oraz centrach logistycznych.\",\"potentialAction\":[{\"@type\":\"SearchAction\",\"target\":{\"@type\":\"EntryPoint\",\"urlTemplate\":\"https:\/\/antersystem.com\/pl\/?s={search_term_string}\"},\"query-input\":{\"@type\":\"PropertyValueSpecification\",\"valueRequired\":true,\"valueName\":\"search_term_string\"}}],\"inLanguage\":\"pl-PL\"}]}<\/script>\n<!-- \/ Yoast SEO plugin. -->","yoast_head_json":{"title":"Konferencje Techniczne, Mielec 20.06 - Anter System","description":"Zestawienie dobrych praktyk logistycznych \u2013 Konferencja Techniczna Zapraszamy na bezp\u0142atn\u0105 Konferencj\u0119 \u201cOptymalizacja proces\u00f3w intralogistycznych i","robots":{"index":"index","follow":"follow","max-snippet":"max-snippet:-1","max-image-preview":"max-image-preview:large","max-video-preview":"max-video-preview:-1"},"canonical":"https:\/\/antersystem.com\/pl\/wiedza-i-nowosci\/konferencje-techniczne-mielec-20-06\/","og_locale":"pl_PL","og_type":"article","og_title":"Konferencje Techniczne, Mielec 20.06 - Anter System","og_description":"Zestawienie dobrych praktyk logistycznych \u2013 Konferencja Techniczna Zapraszamy na bezp\u0142atn\u0105 Konferencj\u0119 \u201cOptymalizacja proces\u00f3w intralogistycznych i","og_url":"https:\/\/antersystem.com\/pl\/wiedza-i-nowosci\/konferencje-techniczne-mielec-20-06\/","og_site_name":"Anter System","article_modified_time":"2026-02-04T12:16:32+00:00","og_image":[{"url":"https:\/\/antersystem.com\/wp-content\/uploads\/AxonMedia-konferencja-w-Mielcu-1-edited-1024x576.webp","type":"","width":"","height":""}],"twitter_card":"summary_large_image","twitter_misc":{"Szacowany czas czytania":"2 minuty"},"schema":{"@context":"https:\/\/schema.org","@graph":[{"@type":"WebPage","@id":"https:\/\/antersystem.com\/pl\/wiedza-i-nowosci\/konferencje-techniczne-mielec-20-06\/","url":"https:\/\/antersystem.com\/pl\/wiedza-i-nowosci\/konferencje-techniczne-mielec-20-06\/","name":"Konferencje Techniczne, Mielec 20.06 - Anter System","isPartOf":{"@id":"https:\/\/antersystem.com\/pl\/#website"},"primaryImageOfPage":{"@id":"https:\/\/antersystem.com\/pl\/wiedza-i-nowosci\/konferencje-techniczne-mielec-20-06\/#primaryimage"},"image":{"@id":"https:\/\/antersystem.com\/pl\/wiedza-i-nowosci\/konferencje-techniczne-mielec-20-06\/#primaryimage"},"thumbnailUrl":"https:\/\/antersystem.com\/wp-content\/uploads\/AxonMedia-konferencja-w-Mielcu-1-edited-1024x576.webp","datePublished":"2024-06-17T13:23:53+00:00","dateModified":"2026-02-04T12:16:32+00:00","description":"Zestawienie dobrych praktyk logistycznych \u2013 Konferencja Techniczna Zapraszamy na bezp\u0142atn\u0105 Konferencj\u0119 \u201cOptymalizacja proces\u00f3w intralogistycznych i","breadcrumb":{"@id":"https:\/\/antersystem.com\/pl\/wiedza-i-nowosci\/konferencje-techniczne-mielec-20-06\/#breadcrumb"},"inLanguage":"pl-PL","potentialAction":[{"@type":"ReadAction","target":["https:\/\/antersystem.com\/pl\/wiedza-i-nowosci\/konferencje-techniczne-mielec-20-06\/"]}]},{"@type":"ImageObject","inLanguage":"pl-PL","@id":"https:\/\/antersystem.com\/pl\/wiedza-i-nowosci\/konferencje-techniczne-mielec-20-06\/#primaryimage","url":"https:\/\/antersystem.com\/wp-content\/uploads\/AxonMedia-konferencja-w-Mielcu-1-edited-1024x576.webp","contentUrl":"https:\/\/antersystem.com\/wp-content\/uploads\/AxonMedia-konferencja-w-Mielcu-1-edited-1024x576.webp"},{"@type":"BreadcrumbList","@id":"https:\/\/antersystem.com\/pl\/wiedza-i-nowosci\/konferencje-techniczne-mielec-20-06\/#breadcrumb","itemListElement":[{"@type":"ListItem","position":1,"name":"AnterSystem","item":"https:\/\/antersystem.com\/pl\/"},{"@type":"ListItem","position":2,"name":"Wiedza i nowo\u015bci","item":"https:\/\/antersystem.com\/pl\/wiedza-i-nowosci\/"},{"@type":"ListItem","position":3,"name":"Konferencje Techniczne, Mielec 20.06"}]},{"@type":"WebSite","@id":"https:\/\/antersystem.com\/pl\/#website","url":"https:\/\/antersystem.com\/pl\/","name":"Anter System","description":"Jeste\u015bmy polskim producentem elastycznych barier ochronnych wykonywanych z polimerowych tworzyw sztucznych. Na rynku krajowym i zagranicznym dzia\u0142amy od ponad 15 lat dbaj\u0105c o zapewnienie bezpiecze\u0144stwa w zak\u0142adach produkcyjnych, magazynach oraz centrach logistycznych.","potentialAction":[{"@type":"SearchAction","target":{"@type":"EntryPoint","urlTemplate":"https:\/\/antersystem.com\/pl\/?s={search_term_string}"},"query-input":{"@type":"PropertyValueSpecification","valueRequired":true,"valueName":"search_term_string"}}],"inLanguage":"pl-PL"}]}},"_links":{"self":[{"href":"https:\/\/antersystem.com\/pl\/wp-json\/wp\/v2\/pages\/39447","targetHints":{"allow":["GET"]}}],"collection":[{"href":"https:\/\/antersystem.com\/pl\/wp-json\/wp\/v2\/pages"}],"about":[{"href":"https:\/\/antersystem.com\/pl\/wp-json\/wp\/v2\/types\/page"}],"author":[{"embeddable":true,"href":"https:\/\/antersystem.com\/pl\/wp-json\/wp\/v2\/users\/1"}],"replies":[{"embeddable":true,"href":"https:\/\/antersystem.com\/pl\/wp-json\/wp\/v2\/comments?post=39447"}],"version-history":[{"count":1,"href":"https:\/\/antersystem.com\/pl\/wp-json\/wp\/v2\/pages\/39447\/revisions"}],"predecessor-version":[{"id":39448,"href":"https:\/\/antersystem.com\/pl\/wp-json\/wp\/v2\/pages\/39447\/revisions\/39448"}],"up":[{"embeddable":true,"href":"https:\/\/antersystem.com\/pl\/wp-json\/wp\/v2\/pages\/12824"}],"wp:attachment":[{"href":"https:\/\/antersystem.com\/pl\/wp-json\/wp\/v2\/media?parent=39447"}],"curies":[{"name":"wp","href":"https:\/\/api.w.org\/{rel}","templated":true}]}}