{"id":15468,"date":"2023-11-16T15:30:28","date_gmt":"2023-11-16T14:30:28","guid":{"rendered":"https:\/\/new.antersystem.com\/congress-modern-warehouse\/"},"modified":"2026-01-30T14:29:57","modified_gmt":"2026-01-30T13:29:57","slug":"congress-modern-warehouse","status":"publish","type":"page","link":"https:\/\/antersystem.com\/sk\/novinky\/congress-modern-warehouse\/","title":{"rendered":"Kongres Modern\u00fd sklad"},"content":{"rendered":"\n<div class=\"wp-block-columns is-layout-flex wp-container-core-columns-is-layout-9d6595d7 wp-block-columns-is-layout-flex\">\n  \n  <div class=\"wp-block-column is-layout-flow wp-block-column-is-layout-flow\" style=\"flex-basis:10%\"><\/div>\n  \n\n  \n  <div class=\"wp-block-column is-layout-flow wp-block-column-is-layout-flow\">\n    \n    <h3 class=\"wp-block-heading\"><strong>Kongres modern\u00fdch skladov<\/strong><\/h3>\n    \n\n    \n    <p><strong>Kongres Modern\u00e9 sklady sa<\/strong> stal osved\u010den\u00fdm podujat\u00edm v priemyselnom kalend\u00e1ri, ktor\u00e9 organizuje <strong>\u010dasopis Nowoczesny Magazyn<\/strong>. Tento rok to nebude inak. Te\u0161\u00edme sa na \u010fal\u0161ie stretnutie s odborn\u00edkmi na logistiku a skladovanie, ktor\u00e9 sa uskuto\u010dn\u00ed <strong>20. novembra vo Var\u0161ave.<\/strong> Po\u010das tohto ro\u010dn\u00edka <strong>sa predstav\u00ed aj<\/strong> spolo\u010d <strong>nos\u0165<\/strong> Anter <strong>System<\/strong>! Ako vystavovate\u013e sme pripravili st\u00e1nok, kde si \u00fa\u010dastn\u00edci m\u00f4\u017eu zbl\u00edzka pozrie\u0165 na\u0161e <a href=\"https:\/\/antersystem.com\/kategorie_produktow\/bariery-bezpieczenstwa-dla-pieszych\/\">flexibiln\u00e9 bezpe\u010dnostn\u00e9 bari\u00e9ry a<\/a> <a href=\"https:\/\/antersystem.com\/realizacje\/\">diskutova\u0165 o n\u00e1padoch na zlep\u0161enie bezpe\u010dnosti a organiz\u00e1cie skladu.<\/a> Ak st\u00e1le h\u013ead\u00e1te odpovede na ot\u00e1zky, ako optimalizova\u0165 logistick\u00e9 n\u00e1klady a efekt\u00edvne riadi\u0165 skladov\u00e9 priestory &#8211; poz\u00fdvame v\u00e1s na stretnutie s nami.<\/p>\n    \n\n    \n    <h4 class=\"wp-block-heading\">Ako uv\u00e1dzaj\u00fa organiz\u00e1tori, cie\u013eom tohtoro\u010dn\u00e9ho ro\u010dn\u00edka s n\u00e1zvom &#8222;Efekt\u00edvnos\u0165 n\u00e1kladov a technologick\u00e9 inov\u00e1cie&#8220; je: <em>&#8222;nielen diskutova\u0165 o s\u00fa\u010dasn\u00fdch trendoch a v\u00fdzvach, ale aj in\u0161pirova\u0165 \u00fa\u010dastn\u00edkov k h\u013eadaniu inovat\u00edvnych rie\u0161en\u00ed a formovaniu bud\u00facnosti logistick\u00e9ho a skladov\u00e9ho odvetvia.&#8220;<\/em><\/h4>\n    \n\n    \n    <p>Novinkou tohto ro\u010dn\u00edka kongresu Modern\u00e9 sklady bude <strong>mastermind session &#8211;<\/strong> diskusn\u00e9 panely ur\u010den\u00e9 na v\u00fdmenu sk\u00fasenost\u00ed a spolo\u010dn\u00e9 rie\u0161enie probl\u00e9mov v odvetv\u00ed s odborn\u00edkmi. Bude tu aj priestor na v\u00fdmenu obchodn\u00fdch poznatkov a nadv\u00e4zovanie kontaktov.<\/p>\n    \n\n    \n    <p>Medzi pl\u00e1novan\u00e9 t\u00e9my mastermindov\u00fdch stretnut\u00ed patria:<\/p>\n    \n\n    \n    <ul class=\"wp-block-list\"><li>automatiz\u00e1cia skladu,<\/li>\n      <li>invest\u00edcie do skladov\u00fdch zariaden\u00ed,<\/li>\n      <li>skladovanie &#8211; t\u00e9my na po\u017eiadanie navrhnut\u00e9 \u00fa\u010dastn\u00edkmi,<\/li>\n      <li>skladov\u00e9 IT syst\u00e9my,<\/li>\n      <li>ozna\u010dovanie a sledovanie tovaru,<\/li>\n      <li>skladov\u00e1 technika a intern\u00e1 doprava,<\/li>\n      <li>riadenie pracovnej sily v sklade,<\/li>\n      <li><em>Free your mind session<\/em> &#8211; otvoren\u00fd diskusn\u00fd st\u00f4l pre \u00fa\u010dastn\u00edkov, ktor\u00ed si chc\u00fa vymeni\u0165 my\u0161lienky, podeli\u0165 sa o sk\u00fasenosti a z\u00edska\u0165 sp\u00e4tn\u00fa v\u00e4zbu.<\/li>\n    <\/ul>\n\n    \n    <p><strong>Miesto konania:<\/strong><br\/>Novotel Warszawa Airport<br\/>1 Sierpnia 1, 02-134 Var\u0161ava<\/p>\n    \n\n    <div class=\"wp-block-image\">\n    <figure class=\"aligncenter size-large is-resized\"><img loading=\"lazy\" decoding=\"async\" width=\"1024\" height=\"683\" src=\"https:\/\/antersystem.com\/wp-content\/uploads\/Modern-Warehouse-Anter-System-2023-1024x683.png\" alt=\"Kongres modern&#xFD;ch skladov 2024 - Anter System\" class=\"wp-image-3567\" style=\"width:620px;height:auto\" srcset=\"https:\/\/antersystem.com\/wp-content\/uploads\/Modern-Warehouse-Anter-System-2023-1024x683.png 1024w, https:\/\/antersystem.com\/wp-content\/uploads\/Modern-Warehouse-Anter-System-2023-300x200.png 300w, https:\/\/antersystem.com\/wp-content\/uploads\/Modern-Warehouse-Anter-System-2023-768x512.png 768w, https:\/\/antersystem.com\/wp-content\/uploads\/Modern-Warehouse-Anter-System-2023-1536x1024.png 1536w, https:\/\/antersystem.com\/wp-content\/uploads\/Modern-Warehouse-Anter-System-2023-450x300.png 450w, https:\/\/antersystem.com\/wp-content\/uploads\/Modern-Warehouse-Anter-System-2023-330x220.png 330w, https:\/\/antersystem.com\/wp-content\/uploads\/Modern-Warehouse-Anter-System-2023.png 1800w\" sizes=\"auto, (max-width: 1024px) 100vw, 1024px\" \/><\/figure><\/div>\n  <\/div>\n  \n\n  \n  <div class=\"wp-block-column is-layout-flow wp-block-column-is-layout-flow\" style=\"flex-basis:10%\"><\/div>\n  \n<\/div>\n","protected":false},"excerpt":{"rendered":"<p>Kongres modern\u00fdch skladov Kongres Modern\u00e9 sklady sa stal osved\u010den\u00fdm podujat\u00edm v priemyselnom kalend\u00e1ri, ktor\u00e9 organizuje \u010dasopis Nowoczesny Magazyn. Tento rok to nebude inak. Te\u0161\u00edme sa na \u010fal\u0161ie stretnutie s odborn\u00edkmi na logistiku a skladovanie, ktor\u00e9 sa uskuto\u010dn\u00ed 20. novembra vo Var\u0161ave. Po\u010das tohto ro\u010dn\u00edka sa predstav\u00ed aj spolo\u010d nos\u0165 Anter System! Ako vystavovate\u013e sme pripravili [&hellip;]<\/p>\n","protected":false},"author":1,"featured_media":0,"parent":30350,"menu_order":0,"comment_status":"closed","ping_status":"closed","template":"","meta":{"inline_featured_image":false,"ngg_post_thumbnail":0,"footnotes":""},"class_list":["post-15468","page","type-page","status-publish","hentry"],"acf":[],"yoast_head":"<!-- This site is optimized with the Yoast SEO plugin v27.0 - https:\/\/yoast.com\/product\/yoast-seo-wordpress\/ -->\n<title>Kongres Modern\u00fd sklad - Anter System<\/title>\n<meta name=\"description\" content=\"Kongres Modern\u00e9 sklady je pravidelnou s\u00fa\u010das\u0165ou kalend\u00e1ra podujat\u00ed v tomto odvetv\u00ed, ktor\u00e9 organizuje \u010dasopis Nowoczesny Magazyn - a ani tentoraz to nebude inak. Te\u0161\u00edme sa na \u010fal\u0161ie stretnutie.\" \/>\n<meta name=\"robots\" content=\"index, follow, max-snippet:-1, max-image-preview:large, max-video-preview:-1\" \/>\n<link rel=\"canonical\" href=\"https:\/\/antersystem.com\/sk\/novinky\/congress-modern-warehouse\/\" \/>\n<meta property=\"og:locale\" content=\"sk_SK\" \/>\n<meta property=\"og:type\" content=\"article\" \/>\n<meta property=\"og:title\" content=\"Kongres Modern\u00fd sklad - Anter System\" \/>\n<meta property=\"og:description\" content=\"Kongres Modern\u00e9 sklady je pravidelnou s\u00fa\u010das\u0165ou kalend\u00e1ra podujat\u00ed v tomto odvetv\u00ed, ktor\u00e9 organizuje \u010dasopis Nowoczesny Magazyn - a ani tentoraz to nebude inak. Te\u0161\u00edme sa na \u010fal\u0161ie stretnutie.\" \/>\n<meta property=\"og:url\" content=\"https:\/\/antersystem.com\/sk\/novinky\/congress-modern-warehouse\/\" \/>\n<meta property=\"og:site_name\" content=\"Anter System\" \/>\n<meta property=\"article:modified_time\" content=\"2026-01-30T13:29:57+00:00\" \/>\n<meta property=\"og:image\" content=\"https:\/\/antersystem.com\/wp-content\/uploads\/Modern-Warehouse-Anter-System-2023-1024x683.png\" \/>\n<meta name=\"twitter:card\" content=\"summary_large_image\" \/>\n<meta name=\"twitter:label1\" content=\"Predpokladan\u00fd \u010das \u010d\u00edtania\" \/>\n\t<meta name=\"twitter:data1\" content=\"2 min\u00faty\" \/>\n<script type=\"application\/ld+json\" class=\"yoast-schema-graph\">{\"@context\":\"https:\/\/schema.org\",\"@graph\":[{\"@type\":\"WebPage\",\"@id\":\"https:\/\/antersystem.com\/sk\/novinky\/congress-modern-warehouse\/\",\"url\":\"https:\/\/antersystem.com\/sk\/novinky\/congress-modern-warehouse\/\",\"name\":\"Kongres Modern\u00fd sklad - Anter System\",\"isPartOf\":{\"@id\":\"https:\/\/antersystem.com\/sk\/#website\"},\"primaryImageOfPage\":{\"@id\":\"https:\/\/antersystem.com\/sk\/novinky\/congress-modern-warehouse\/#primaryimage\"},\"image\":{\"@id\":\"https:\/\/antersystem.com\/sk\/novinky\/congress-modern-warehouse\/#primaryimage\"},\"thumbnailUrl\":\"https:\/\/antersystem.com\/wp-content\/uploads\/Modern-Warehouse-Anter-System-2023-1024x683.png\",\"datePublished\":\"2023-11-16T14:30:28+00:00\",\"dateModified\":\"2026-01-30T13:29:57+00:00\",\"description\":\"Kongres Modern\u00e9 sklady je pravidelnou s\u00fa\u010das\u0165ou kalend\u00e1ra podujat\u00ed v tomto odvetv\u00ed, ktor\u00e9 organizuje \u010dasopis Nowoczesny Magazyn - a ani tentoraz to nebude inak. Te\u0161\u00edme sa na \u010fal\u0161ie stretnutie.\",\"breadcrumb\":{\"@id\":\"https:\/\/antersystem.com\/sk\/novinky\/congress-modern-warehouse\/#breadcrumb\"},\"inLanguage\":\"sk-SK\",\"potentialAction\":[{\"@type\":\"ReadAction\",\"target\":[\"https:\/\/antersystem.com\/sk\/novinky\/congress-modern-warehouse\/\"]}]},{\"@type\":\"ImageObject\",\"inLanguage\":\"sk-SK\",\"@id\":\"https:\/\/antersystem.com\/sk\/novinky\/congress-modern-warehouse\/#primaryimage\",\"url\":\"https:\/\/antersystem.com\/wp-content\/uploads\/Modern-Warehouse-Anter-System-2023-1024x683.png\",\"contentUrl\":\"https:\/\/antersystem.com\/wp-content\/uploads\/Modern-Warehouse-Anter-System-2023-1024x683.png\"},{\"@type\":\"BreadcrumbList\",\"@id\":\"https:\/\/antersystem.com\/sk\/novinky\/congress-modern-warehouse\/#breadcrumb\",\"itemListElement\":[{\"@type\":\"ListItem\",\"position\":1,\"name\":\"AnterSystem\",\"item\":\"https:\/\/antersystem.com\/sk\/\"},{\"@type\":\"ListItem\",\"position\":2,\"name\":\"Novinky\",\"item\":\"https:\/\/antersystem.com\/sk\/novinky\/\"},{\"@type\":\"ListItem\",\"position\":3,\"name\":\"Kongres Modern\u00fd sklad\"}]},{\"@type\":\"WebSite\",\"@id\":\"https:\/\/antersystem.com\/sk\/#website\",\"url\":\"https:\/\/antersystem.com\/sk\/\",\"name\":\"Anter System\",\"description\":\"Jeste\u015bmy polskim producentem elastycznych barier ochronnych wykonywanych z polimerowych tworzyw sztucznych. Na rynku krajowym i zagranicznym dzia\u0142amy od ponad 15 lat dbaj\u0105c o zapewnienie bezpiecze\u0144stwa w zak\u0142adach produkcyjnych, magazynach oraz centrach logistycznych.\",\"potentialAction\":[{\"@type\":\"SearchAction\",\"target\":{\"@type\":\"EntryPoint\",\"urlTemplate\":\"https:\/\/antersystem.com\/sk\/?s={search_term_string}\"},\"query-input\":{\"@type\":\"PropertyValueSpecification\",\"valueRequired\":true,\"valueName\":\"search_term_string\"}}],\"inLanguage\":\"sk-SK\"}]}<\/script>\n<!-- \/ Yoast SEO plugin. -->","yoast_head_json":{"title":"Kongres Modern\u00fd sklad - Anter System","description":"Kongres Modern\u00e9 sklady je pravidelnou s\u00fa\u010das\u0165ou kalend\u00e1ra podujat\u00ed v tomto odvetv\u00ed, ktor\u00e9 organizuje \u010dasopis Nowoczesny Magazyn - a ani tentoraz to nebude inak. Te\u0161\u00edme sa na \u010fal\u0161ie stretnutie.","robots":{"index":"index","follow":"follow","max-snippet":"max-snippet:-1","max-image-preview":"max-image-preview:large","max-video-preview":"max-video-preview:-1"},"canonical":"https:\/\/antersystem.com\/sk\/novinky\/congress-modern-warehouse\/","og_locale":"sk_SK","og_type":"article","og_title":"Kongres Modern\u00fd sklad - Anter System","og_description":"Kongres Modern\u00e9 sklady je pravidelnou s\u00fa\u010das\u0165ou kalend\u00e1ra podujat\u00ed v tomto odvetv\u00ed, ktor\u00e9 organizuje \u010dasopis Nowoczesny Magazyn - a ani tentoraz to nebude inak. Te\u0161\u00edme sa na \u010fal\u0161ie stretnutie.","og_url":"https:\/\/antersystem.com\/sk\/novinky\/congress-modern-warehouse\/","og_site_name":"Anter System","article_modified_time":"2026-01-30T13:29:57+00:00","og_image":[{"url":"https:\/\/antersystem.com\/wp-content\/uploads\/Modern-Warehouse-Anter-System-2023-1024x683.png","type":"","width":"","height":""}],"twitter_card":"summary_large_image","twitter_misc":{"Predpokladan\u00fd \u010das \u010d\u00edtania":"2 min\u00faty"},"schema":{"@context":"https:\/\/schema.org","@graph":[{"@type":"WebPage","@id":"https:\/\/antersystem.com\/sk\/novinky\/congress-modern-warehouse\/","url":"https:\/\/antersystem.com\/sk\/novinky\/congress-modern-warehouse\/","name":"Kongres Modern\u00fd sklad - Anter System","isPartOf":{"@id":"https:\/\/antersystem.com\/sk\/#website"},"primaryImageOfPage":{"@id":"https:\/\/antersystem.com\/sk\/novinky\/congress-modern-warehouse\/#primaryimage"},"image":{"@id":"https:\/\/antersystem.com\/sk\/novinky\/congress-modern-warehouse\/#primaryimage"},"thumbnailUrl":"https:\/\/antersystem.com\/wp-content\/uploads\/Modern-Warehouse-Anter-System-2023-1024x683.png","datePublished":"2023-11-16T14:30:28+00:00","dateModified":"2026-01-30T13:29:57+00:00","description":"Kongres Modern\u00e9 sklady je pravidelnou s\u00fa\u010das\u0165ou kalend\u00e1ra podujat\u00ed v tomto odvetv\u00ed, ktor\u00e9 organizuje \u010dasopis Nowoczesny Magazyn - a ani tentoraz to nebude inak. Te\u0161\u00edme sa na \u010fal\u0161ie stretnutie.","breadcrumb":{"@id":"https:\/\/antersystem.com\/sk\/novinky\/congress-modern-warehouse\/#breadcrumb"},"inLanguage":"sk-SK","potentialAction":[{"@type":"ReadAction","target":["https:\/\/antersystem.com\/sk\/novinky\/congress-modern-warehouse\/"]}]},{"@type":"ImageObject","inLanguage":"sk-SK","@id":"https:\/\/antersystem.com\/sk\/novinky\/congress-modern-warehouse\/#primaryimage","url":"https:\/\/antersystem.com\/wp-content\/uploads\/Modern-Warehouse-Anter-System-2023-1024x683.png","contentUrl":"https:\/\/antersystem.com\/wp-content\/uploads\/Modern-Warehouse-Anter-System-2023-1024x683.png"},{"@type":"BreadcrumbList","@id":"https:\/\/antersystem.com\/sk\/novinky\/congress-modern-warehouse\/#breadcrumb","itemListElement":[{"@type":"ListItem","position":1,"name":"AnterSystem","item":"https:\/\/antersystem.com\/sk\/"},{"@type":"ListItem","position":2,"name":"Novinky","item":"https:\/\/antersystem.com\/sk\/novinky\/"},{"@type":"ListItem","position":3,"name":"Kongres Modern\u00fd sklad"}]},{"@type":"WebSite","@id":"https:\/\/antersystem.com\/sk\/#website","url":"https:\/\/antersystem.com\/sk\/","name":"Anter System","description":"Jeste\u015bmy polskim producentem elastycznych barier ochronnych wykonywanych z polimerowych tworzyw sztucznych. Na rynku krajowym i zagranicznym dzia\u0142amy od ponad 15 lat dbaj\u0105c o zapewnienie bezpiecze\u0144stwa w zak\u0142adach produkcyjnych, magazynach oraz centrach logistycznych.","potentialAction":[{"@type":"SearchAction","target":{"@type":"EntryPoint","urlTemplate":"https:\/\/antersystem.com\/sk\/?s={search_term_string}"},"query-input":{"@type":"PropertyValueSpecification","valueRequired":true,"valueName":"search_term_string"}}],"inLanguage":"sk-SK"}]}},"_links":{"self":[{"href":"https:\/\/antersystem.com\/sk\/wp-json\/wp\/v2\/pages\/15468","targetHints":{"allow":["GET"]}}],"collection":[{"href":"https:\/\/antersystem.com\/sk\/wp-json\/wp\/v2\/pages"}],"about":[{"href":"https:\/\/antersystem.com\/sk\/wp-json\/wp\/v2\/types\/page"}],"author":[{"embeddable":true,"href":"https:\/\/antersystem.com\/sk\/wp-json\/wp\/v2\/users\/1"}],"replies":[{"embeddable":true,"href":"https:\/\/antersystem.com\/sk\/wp-json\/wp\/v2\/comments?post=15468"}],"version-history":[{"count":1,"href":"https:\/\/antersystem.com\/sk\/wp-json\/wp\/v2\/pages\/15468\/revisions"}],"predecessor-version":[{"id":15475,"href":"https:\/\/antersystem.com\/sk\/wp-json\/wp\/v2\/pages\/15468\/revisions\/15475"}],"up":[{"embeddable":true,"href":"https:\/\/antersystem.com\/sk\/wp-json\/wp\/v2\/pages\/30350"}],"wp:attachment":[{"href":"https:\/\/antersystem.com\/sk\/wp-json\/wp\/v2\/media?parent=15468"}],"curies":[{"name":"wp","href":"https:\/\/api.w.org\/{rel}","templated":true}]}}