{"id":30213,"date":"2024-01-05T12:14:14","date_gmt":"2024-01-05T11:14:14","guid":{"rendered":"https:\/\/new.antersystem.com\/intralogistica-poland-expo\/"},"modified":"2026-02-02T12:56:35","modified_gmt":"2026-02-02T11:56:35","slug":"intralogistica-poland-expo-2024","status":"publish","type":"page","link":"https:\/\/antersystem.com\/sk\/novinky\/intralogistica-poland-expo-2024\/","title":{"rendered":"Intralogistica Poland Expo"},"content":{"rendered":"\n<div class=\"wp-block-columns is-layout-flex wp-container-core-columns-is-layout-9d6595d7 wp-block-columns-is-layout-flex\">\n  \n  <div class=\"wp-block-column is-layout-flow wp-block-column-is-layout-flow\" style=\"flex-basis:10%\"><\/div>\n  \n\n  \n  <div class=\"wp-block-column is-layout-flow wp-block-column-is-layout-flow\">\n    \n    <h3 class=\"wp-block-heading\"><strong>Intralogistica Poland Expo &#8211; \u010fal\u0161ie priemyseln\u00e9 podujatie s Anter System.<\/strong><\/h3>\n    \n\n    \n    <p><strong>24. janu\u00e1ra 2024 sa<\/strong> op\u00e4\u0165 <strong>stretneme<\/strong> v modern\u00fdch <strong>hal\u00e1ch<\/strong> Ptak <strong>Warsaw Expo<\/strong> <strong>,<\/strong> <strong>aby sme<\/strong> predstavili na\u0161e v\u00fdrobky \u0161irok\u00e9mu publiku. N\u00e1v\u0161tevn\u00edci sa bud\u00fa m\u00f4c\u0165 na vlastn\u00e9 o\u010di presved\u010di\u0165 o kon\u0161trukcii a v\u00fdkone na\u0161ich <a href=\"https:\/\/antersystem.com\/kategorie_produktow\/technika-zaladunkowa\/\">predn\u00fdch bezpe\u010dnostn\u00fdch podpier pre n\u00e1kladn\u00e9 vozidl\u00e1,<\/a> <a href=\"https:\/\/antersystem.com\/kategorie_produktow\/bariery-bezpieczenstwa-dla-pieszych\/\">bezpe\u010dnostn\u00fdch z\u00e1bran pre chodcov, syst\u00e9mov ochrany stojanov<\/a> a r\u00f4znych typov bezpe\u010dnostn\u00fdch st\u013apikov. Sme ve\u013emi zvedav\u00ed, ako bud\u00fa prijat\u00e9 flexibiln\u00e9 bezpe\u010dnostn\u00e9 z\u00e1brany spolo\u010dnosti Anter System, a te\u0161\u00edme sa na odpovede na ot\u00e1zky t\u00fdkaj\u00face sa bezpe\u010dnosti na pracovisku. Platformou pre t\u00fato v\u00fdmenu bude <a href=\"https:\/\/intralogisticapoland.com\/\"><strong>Intralogistica Poland Expo<\/strong><\/a> &#8211; Medzin\u00e1rodn\u00fd ve\u013etrh logistiky a skladovania, ktor\u00fd sa bude kona\u0165 od 24. do 26. janu\u00e1ra 2024.<\/p>\n    \n\n    \n    <h4 class=\"wp-block-heading\"><strong>Pr\u00ednos sektora pre hospod\u00e1rstvo<\/strong><\/h4>\n    \n\n    \n    <p>Pod\u013ea prieskumu sa odvetvia dopravy, zasielate\u013estva a logistiky v\u00fdznamne podie\u013eaj\u00fa na HDP Po\u013eska a vytv\u00e1raj\u00fa takmer 6 % ro\u010dn\u00fdch hospod\u00e1rskych pr\u00edjmov krajiny. Ved\u00faci skladov predstavuj\u00fa tretiu najpo\u010detnej\u0161iu profesijn\u00fa skupinu v r\u00e1mci sektora slu\u017eieb.<\/p>\n    \n\n    \n    <p>Eur\u00f3pa je v s\u00fa\u010dasnosti celosvetovo druh\u00fdm najv\u00e4\u010d\u0161\u00edm trhom zmluvnej logistiky po \u00c1zii a predstavuje 29 % hodnoty glob\u00e1lneho trhu. Odhaduje sa, \u017ee do konca roka 2023 dosiahnu pr\u00edjmy tohto odvetvia na kontinente pribli\u017ene 82,5 miliardy EUR.*<\/p>\n    \n\n    \n    <p>Napriek vysokej infl\u00e1cii a rev\u00edzii progn\u00f3z spolo\u010dnost\u00ed zost\u00e1vaj\u00fa o\u010dak\u00e1vania na rok 2024 pozit\u00edvne. Pod\u013ea Oxford Economics sa o\u010dak\u00e1va, \u017ee hospod\u00e1rstvo euroz\u00f3ny v rokoch 2024 a\u017e 2027 porastie o 6 %. Predpoklad\u00e1 sa, \u017ee Po\u013esko t\u00fato mieru prekro\u010d\u00ed a v rovnakom obdob\u00ed dosiahne rast HDP pribli\u017ene 11 %.*<\/p>\n    \n\n    \n    <h4 class=\"wp-block-heading\"><strong>O ve\u013etrhu<\/strong><\/h4>\n    \n\n    \n    <p>Podujatie pri\u0165ahuje n\u00e1v\u0161tevn\u00edkov aj z in\u00fdch kraj\u00edn &#8211; o\u010dak\u00e1va sa, \u017ee takmer 15 % \u00fa\u010dastn\u00edkov bude zo zahrani\u010dia. Ve\u013etrh sa bude vyzna\u010dova\u0165 aj siln\u00fdm medzin\u00e1rodn\u00fdm zast\u00fapen\u00edm vystavovate\u013eov, \u010do vytvor\u00ed pr\u00edle\u017eitosti na otvorenie podnikov na nov\u00fdch trhoch a pom\u00f4\u017ee podnikate\u013eom vybudova\u0165 silnej\u0161iu medzin\u00e1rodn\u00fa bud\u00facnos\u0165 logistick\u00e9ho priemyslu.<\/p>\n    \n\n    \n    <p>Pl\u00e1nujeme predstavi\u0165 na\u0161e <strong>flexibiln\u00e9 bezpe\u010dnostn\u00e9 bari\u00e9ry,<\/strong> ktor\u00e9 zvy\u0161uj\u00fa bezpe\u010dnos\u0165 vo ve\u013ek\u00fdch zariadeniach, r\u00f4znorod\u00e9mu publiku, ktor\u00e9 zah\u0155\u0148a z\u00e1stupcov logistick\u00fdch spolo\u010dnost\u00ed, distrib\u00fatorov zariaden\u00ed, poskytovate\u013eov skladov\u00fdch technol\u00f3gi\u00ed a projektantov skladov. Podujatie je ur\u010den\u00e9 aj pre mana\u017e\u00e9rov dod\u00e1vate\u013esk\u00e9ho re\u0165azca, logistick\u00fdch \u0161pecialistov a z\u00e1stupcov dopravn\u00fdch spolo\u010dnost\u00ed. Po\u010das ve\u013etrhu Intralogistica Poland Expo sa uskuto\u010dn\u00ed aj vzdel\u00e1vac\u00ed kongres, na ktorom vyst\u00fapia niektor\u00ed z najuzn\u00e1vanej\u0161\u00edch odborn\u00edkov v oblasti skladov\u00e9ho hospod\u00e1rstva.<\/p>\n    \n\n    \n    <p>Poz\u00fdvame v\u0161etk\u00fdch, ktor\u00ed chc\u00fa urobi\u0165 \u010fal\u0161\u00ed krok vo svojom podnikan\u00ed, vymeni\u0165 si cenn\u00e9 poznatky a n\u00e1js\u0165 <strong>rie\u0161enia bezpe\u010dnostn\u00fdch v\u00fdziev &#8211; nav\u0161t\u00edvte Anter System v st\u00e1nku D1.20a.<\/strong><\/p>\n    \n\n    \n    <hr class=\"wp-block-separator has-text-color has-white-color has-alpha-channel-opacity has-white-background-color has-background is-style-default\"\/>\n    \n\n    \n    <p>* <em>&#8222;Zmluvn\u00e1 logistika prekonala o\u010dak\u00e1vania na rok 2023&#8220;, K. Oflakowski, TSL Biznes<\/em><\/p>\n    \n\n    \n    <figure class=\"wp-block-embed\"><div class=\"wp-block-embed__wrapper\">\n \nhttps:\/\/tsl-biznes.pl\/polecamy\/logistyka-kontraktowa-przebila-oczekiwania-na-2023-r\/\n    <\/div><\/figure>\n    \n\n    \n    <p>* <em>https:\/\/www.jll.pl\/pl\/trendy-i-analizy\/badanie\/rynek-magazynowy-w-polsce<\/em><\/p>\n    \n  <\/div>\n  \n\n  \n  <div class=\"wp-block-column is-layout-flow wp-block-column-is-layout-flow\" style=\"flex-basis:10%\"><\/div>\n  \n<\/div>\n<div class=\"wp-block-image\">\n<figure class=\"aligncenter size-large is-resized\"><img loading=\"lazy\" decoding=\"async\" width=\"1024\" height=\"535\" src=\"https:\/\/antersystem.com\/wp-content\/uploads\/Targi-Intralogistica-Anter-System-1-1024x535.jpg\" alt=\"Anter System na v&#xFD;stave Intralogistica Poland Expo 2024\" class=\"wp-image-4095\" style=\"width:720px;height:auto\" srcset=\"https:\/\/antersystem.com\/wp-content\/uploads\/Targi-Intralogistica-Anter-System-1-1024x535.jpg 1024w, https:\/\/antersystem.com\/wp-content\/uploads\/Targi-Intralogistica-Anter-System-1-300x157.jpg 300w, https:\/\/antersystem.com\/wp-content\/uploads\/Targi-Intralogistica-Anter-System-1-768x401.jpg 768w, https:\/\/antersystem.com\/wp-content\/uploads\/Targi-Intralogistica-Anter-System-1-450x235.jpg 450w, https:\/\/antersystem.com\/wp-content\/uploads\/Targi-Intralogistica-Anter-System-1-330x172.jpg 330w, https:\/\/antersystem.com\/wp-content\/uploads\/Targi-Intralogistica-Anter-System-1.jpg 1200w\" sizes=\"auto, (max-width: 1024px) 100vw, 1024px\" \/><\/figure><\/div>","protected":false},"excerpt":{"rendered":"<p>Intralogistica Poland Expo &#8211; \u010fal\u0161ie priemyseln\u00e9 podujatie s Anter System. 24. janu\u00e1ra 2024 sa op\u00e4\u0165 stretneme v modern\u00fdch hal\u00e1ch Ptak Warsaw Expo , aby sme predstavili na\u0161e v\u00fdrobky \u0161irok\u00e9mu publiku. N\u00e1v\u0161tevn\u00edci sa bud\u00fa m\u00f4c\u0165 na vlastn\u00e9 o\u010di presved\u010di\u0165 o kon\u0161trukcii a v\u00fdkone na\u0161ich predn\u00fdch bezpe\u010dnostn\u00fdch podpier pre n\u00e1kladn\u00e9 vozidl\u00e1, bezpe\u010dnostn\u00fdch z\u00e1bran pre chodcov, syst\u00e9mov ochrany [&hellip;]<\/p>\n","protected":false},"author":1,"featured_media":0,"parent":30350,"menu_order":0,"comment_status":"closed","ping_status":"closed","template":"","meta":{"inline_featured_image":false,"ngg_post_thumbnail":0,"footnotes":""},"class_list":["post-30213","page","type-page","status-publish","hentry"],"acf":[],"yoast_head":"<!-- This site is optimized with the Yoast SEO plugin v27.0 - https:\/\/yoast.com\/product\/yoast-seo-wordpress\/ -->\n<title>Intralogistica Poland Expo - Anter System<\/title>\n<meta name=\"description\" content=\"U\u017e 24.01.24 spotykamy si\u0119 podczas Intralogistica Poland Expo, \u017ceby pokaza\u0107 szerokiemu gronu odbiorc\u00f3w nasze produkty.\" \/>\n<meta name=\"robots\" content=\"index, follow, max-snippet:-1, max-image-preview:large, max-video-preview:-1\" \/>\n<link rel=\"canonical\" href=\"https:\/\/antersystem.com\/sk\/novinky\/intralogistica-poland-expo-2024\/\" \/>\n<meta property=\"og:locale\" content=\"sk_SK\" \/>\n<meta property=\"og:type\" content=\"article\" \/>\n<meta property=\"og:title\" content=\"Intralogistica Poland Expo - Anter System\" \/>\n<meta property=\"og:description\" content=\"U\u017e 24.01.24 spotykamy si\u0119 podczas Intralogistica Poland Expo, \u017ceby pokaza\u0107 szerokiemu gronu odbiorc\u00f3w nasze produkty.\" \/>\n<meta property=\"og:url\" content=\"https:\/\/antersystem.com\/sk\/novinky\/intralogistica-poland-expo-2024\/\" \/>\n<meta property=\"og:site_name\" content=\"Anter System\" \/>\n<meta property=\"article:modified_time\" content=\"2026-02-02T11:56:35+00:00\" \/>\n<meta property=\"og:image\" content=\"https:\/\/antersystem.com\/wp-content\/uploads\/Targi-Intralogistica-Anter-System-1-1024x535.jpg\" \/>\n<meta name=\"twitter:card\" content=\"summary_large_image\" \/>\n<meta name=\"twitter:label1\" content=\"Predpokladan\u00fd \u010das \u010d\u00edtania\" \/>\n\t<meta name=\"twitter:data1\" content=\"3 min\u00faty\" \/>\n<script type=\"application\/ld+json\" class=\"yoast-schema-graph\">{\"@context\":\"https:\/\/schema.org\",\"@graph\":[{\"@type\":\"WebPage\",\"@id\":\"https:\/\/antersystem.com\/sk\/novinky\/intralogistica-poland-expo-2024\/\",\"url\":\"https:\/\/antersystem.com\/sk\/novinky\/intralogistica-poland-expo-2024\/\",\"name\":\"Intralogistica Poland Expo - Anter System\",\"isPartOf\":{\"@id\":\"https:\/\/antersystem.com\/sk\/#website\"},\"primaryImageOfPage\":{\"@id\":\"https:\/\/antersystem.com\/sk\/novinky\/intralogistica-poland-expo-2024\/#primaryimage\"},\"image\":{\"@id\":\"https:\/\/antersystem.com\/sk\/novinky\/intralogistica-poland-expo-2024\/#primaryimage\"},\"thumbnailUrl\":\"https:\/\/antersystem.com\/wp-content\/uploads\/Targi-Intralogistica-Anter-System-1-1024x535.jpg\",\"datePublished\":\"2024-01-05T11:14:14+00:00\",\"dateModified\":\"2026-02-02T11:56:35+00:00\",\"description\":\"U\u017e 24.01.24 spotykamy si\u0119 podczas Intralogistica Poland Expo, \u017ceby pokaza\u0107 szerokiemu gronu odbiorc\u00f3w nasze produkty.\",\"breadcrumb\":{\"@id\":\"https:\/\/antersystem.com\/sk\/novinky\/intralogistica-poland-expo-2024\/#breadcrumb\"},\"inLanguage\":\"sk-SK\",\"potentialAction\":[{\"@type\":\"ReadAction\",\"target\":[\"https:\/\/antersystem.com\/sk\/novinky\/intralogistica-poland-expo-2024\/\"]}]},{\"@type\":\"ImageObject\",\"inLanguage\":\"sk-SK\",\"@id\":\"https:\/\/antersystem.com\/sk\/novinky\/intralogistica-poland-expo-2024\/#primaryimage\",\"url\":\"https:\/\/antersystem.com\/wp-content\/uploads\/Targi-Intralogistica-Anter-System-1-1024x535.jpg\",\"contentUrl\":\"https:\/\/antersystem.com\/wp-content\/uploads\/Targi-Intralogistica-Anter-System-1-1024x535.jpg\"},{\"@type\":\"BreadcrumbList\",\"@id\":\"https:\/\/antersystem.com\/sk\/novinky\/intralogistica-poland-expo-2024\/#breadcrumb\",\"itemListElement\":[{\"@type\":\"ListItem\",\"position\":1,\"name\":\"AnterSystem\",\"item\":\"https:\/\/antersystem.com\/sk\/\"},{\"@type\":\"ListItem\",\"position\":2,\"name\":\"Novinky\",\"item\":\"https:\/\/antersystem.com\/sk\/novinky\/\"},{\"@type\":\"ListItem\",\"position\":3,\"name\":\"Intralogistica Poland Expo\"}]},{\"@type\":\"WebSite\",\"@id\":\"https:\/\/antersystem.com\/sk\/#website\",\"url\":\"https:\/\/antersystem.com\/sk\/\",\"name\":\"Anter System\",\"description\":\"Jeste\u015bmy polskim producentem elastycznych barier ochronnych wykonywanych z polimerowych tworzyw sztucznych. Na rynku krajowym i zagranicznym dzia\u0142amy od ponad 15 lat dbaj\u0105c o zapewnienie bezpiecze\u0144stwa w zak\u0142adach produkcyjnych, magazynach oraz centrach logistycznych.\",\"potentialAction\":[{\"@type\":\"SearchAction\",\"target\":{\"@type\":\"EntryPoint\",\"urlTemplate\":\"https:\/\/antersystem.com\/sk\/?s={search_term_string}\"},\"query-input\":{\"@type\":\"PropertyValueSpecification\",\"valueRequired\":true,\"valueName\":\"search_term_string\"}}],\"inLanguage\":\"sk-SK\"}]}<\/script>\n<!-- \/ Yoast SEO plugin. -->","yoast_head_json":{"title":"Intralogistica Poland Expo - Anter System","description":"U\u017e 24.01.24 spotykamy si\u0119 podczas Intralogistica Poland Expo, \u017ceby pokaza\u0107 szerokiemu gronu odbiorc\u00f3w nasze produkty.","robots":{"index":"index","follow":"follow","max-snippet":"max-snippet:-1","max-image-preview":"max-image-preview:large","max-video-preview":"max-video-preview:-1"},"canonical":"https:\/\/antersystem.com\/sk\/novinky\/intralogistica-poland-expo-2024\/","og_locale":"sk_SK","og_type":"article","og_title":"Intralogistica Poland Expo - Anter System","og_description":"U\u017e 24.01.24 spotykamy si\u0119 podczas Intralogistica Poland Expo, \u017ceby pokaza\u0107 szerokiemu gronu odbiorc\u00f3w nasze produkty.","og_url":"https:\/\/antersystem.com\/sk\/novinky\/intralogistica-poland-expo-2024\/","og_site_name":"Anter System","article_modified_time":"2026-02-02T11:56:35+00:00","og_image":[{"url":"https:\/\/antersystem.com\/wp-content\/uploads\/Targi-Intralogistica-Anter-System-1-1024x535.jpg","type":"","width":"","height":""}],"twitter_card":"summary_large_image","twitter_misc":{"Predpokladan\u00fd \u010das \u010d\u00edtania":"3 min\u00faty"},"schema":{"@context":"https:\/\/schema.org","@graph":[{"@type":"WebPage","@id":"https:\/\/antersystem.com\/sk\/novinky\/intralogistica-poland-expo-2024\/","url":"https:\/\/antersystem.com\/sk\/novinky\/intralogistica-poland-expo-2024\/","name":"Intralogistica Poland Expo - Anter System","isPartOf":{"@id":"https:\/\/antersystem.com\/sk\/#website"},"primaryImageOfPage":{"@id":"https:\/\/antersystem.com\/sk\/novinky\/intralogistica-poland-expo-2024\/#primaryimage"},"image":{"@id":"https:\/\/antersystem.com\/sk\/novinky\/intralogistica-poland-expo-2024\/#primaryimage"},"thumbnailUrl":"https:\/\/antersystem.com\/wp-content\/uploads\/Targi-Intralogistica-Anter-System-1-1024x535.jpg","datePublished":"2024-01-05T11:14:14+00:00","dateModified":"2026-02-02T11:56:35+00:00","description":"U\u017e 24.01.24 spotykamy si\u0119 podczas Intralogistica Poland Expo, \u017ceby pokaza\u0107 szerokiemu gronu odbiorc\u00f3w nasze produkty.","breadcrumb":{"@id":"https:\/\/antersystem.com\/sk\/novinky\/intralogistica-poland-expo-2024\/#breadcrumb"},"inLanguage":"sk-SK","potentialAction":[{"@type":"ReadAction","target":["https:\/\/antersystem.com\/sk\/novinky\/intralogistica-poland-expo-2024\/"]}]},{"@type":"ImageObject","inLanguage":"sk-SK","@id":"https:\/\/antersystem.com\/sk\/novinky\/intralogistica-poland-expo-2024\/#primaryimage","url":"https:\/\/antersystem.com\/wp-content\/uploads\/Targi-Intralogistica-Anter-System-1-1024x535.jpg","contentUrl":"https:\/\/antersystem.com\/wp-content\/uploads\/Targi-Intralogistica-Anter-System-1-1024x535.jpg"},{"@type":"BreadcrumbList","@id":"https:\/\/antersystem.com\/sk\/novinky\/intralogistica-poland-expo-2024\/#breadcrumb","itemListElement":[{"@type":"ListItem","position":1,"name":"AnterSystem","item":"https:\/\/antersystem.com\/sk\/"},{"@type":"ListItem","position":2,"name":"Novinky","item":"https:\/\/antersystem.com\/sk\/novinky\/"},{"@type":"ListItem","position":3,"name":"Intralogistica Poland Expo"}]},{"@type":"WebSite","@id":"https:\/\/antersystem.com\/sk\/#website","url":"https:\/\/antersystem.com\/sk\/","name":"Anter System","description":"Jeste\u015bmy polskim producentem elastycznych barier ochronnych wykonywanych z polimerowych tworzyw sztucznych. Na rynku krajowym i zagranicznym dzia\u0142amy od ponad 15 lat dbaj\u0105c o zapewnienie bezpiecze\u0144stwa w zak\u0142adach produkcyjnych, magazynach oraz centrach logistycznych.","potentialAction":[{"@type":"SearchAction","target":{"@type":"EntryPoint","urlTemplate":"https:\/\/antersystem.com\/sk\/?s={search_term_string}"},"query-input":{"@type":"PropertyValueSpecification","valueRequired":true,"valueName":"search_term_string"}}],"inLanguage":"sk-SK"}]}},"_links":{"self":[{"href":"https:\/\/antersystem.com\/sk\/wp-json\/wp\/v2\/pages\/30213","targetHints":{"allow":["GET"]}}],"collection":[{"href":"https:\/\/antersystem.com\/sk\/wp-json\/wp\/v2\/pages"}],"about":[{"href":"https:\/\/antersystem.com\/sk\/wp-json\/wp\/v2\/types\/page"}],"author":[{"embeddable":true,"href":"https:\/\/antersystem.com\/sk\/wp-json\/wp\/v2\/users\/1"}],"replies":[{"embeddable":true,"href":"https:\/\/antersystem.com\/sk\/wp-json\/wp\/v2\/comments?post=30213"}],"version-history":[{"count":1,"href":"https:\/\/antersystem.com\/sk\/wp-json\/wp\/v2\/pages\/30213\/revisions"}],"predecessor-version":[{"id":30214,"href":"https:\/\/antersystem.com\/sk\/wp-json\/wp\/v2\/pages\/30213\/revisions\/30214"}],"up":[{"embeddable":true,"href":"https:\/\/antersystem.com\/sk\/wp-json\/wp\/v2\/pages\/30350"}],"wp:attachment":[{"href":"https:\/\/antersystem.com\/sk\/wp-json\/wp\/v2\/media?parent=30213"}],"curies":[{"name":"wp","href":"https:\/\/api.w.org\/{rel}","templated":true}]}}