{"id":39311,"date":"2024-02-08T14:55:05","date_gmt":"2024-02-08T13:55:05","guid":{"rendered":"https:\/\/antersystem.com\/novinky\/warehouse-logistics-at-the-trade-fair-intralogistica-2024\/"},"modified":"2026-02-04T11:22:50","modified_gmt":"2026-02-04T10:22:50","slug":"warehouse-logistics-at-the-trade-fair-intralogistica-2024","status":"publish","type":"page","link":"https:\/\/antersystem.com\/sk\/novinky\/warehouse-logistics-at-the-trade-fair-intralogistica-2024\/","title":{"rendered":"Skladov\u00e1 logistika na ve\u013etrhu"},"content":{"rendered":"\n<div class=\"wp-block-columns is-layout-flex wp-container-core-columns-is-layout-9d6595d7 wp-block-columns-is-layout-flex\">\n  \n  <div class=\"wp-block-column is-layout-flow wp-block-column-is-layout-flow\">\n    \n    <h3 class=\"wp-block-heading\"><\/h3>\n    \n\n    \n    <div class=\"wp-block-columns is-layout-flex wp-container-core-columns-is-layout-9d6595d7 wp-block-columns-is-layout-flex\">\n      \n      <div class=\"wp-block-column is-layout-flow wp-block-column-is-layout-flow\" style=\"flex-basis:10%\"><\/div>\n      \n\n      \n      <div class=\"wp-block-column is-layout-flow wp-block-column-is-layout-flow\">\n        \n        <h3 class=\"wp-block-heading\"><strong> <\/strong>Intralogistica Poland EXPO &#8211; 24.-26. janu\u00e1ra 2024<\/h3>\n        \n\n        \n        <p>Z\u00e1\u017eitok je u\u017e za nami &#8211; a ak\u00fd to bol z\u00e1\u017eitok! Chceli by sme sa po\u010fakova\u0165 za n\u00e1v\u0161tevu n\u00e1\u0161ho st\u00e1nku s <a href=\"https:\/\/antersystem.com\/kategorie_produktow\/bariery-bezpieczenstwa-dla-pieszych\/\">flexibiln\u00fdmi bezpe\u010dnostn\u00fdmi bari\u00e9rami a<\/a> za skvel\u00fa atmosf\u00e9ru, ktor\u00fa sme vytvorili spolu s n\u00e1v\u0161tevn\u00edkmi aj organiz\u00e1tormi. Sme obzvl\u00e1\u0161\u0165 spokojn\u00ed, \u017ee sme mohli prezentova\u0165 na\u0161e <a href=\"https:\/\/antersystem.com\/kategorie_produktow\/technika-zaladunkowa\/\">rie\u0161enia v oblasti nakladac\u00edch technol\u00f3gi\u00ed,<\/a> ktor\u00e9 zatia\u013e nie s\u00fa na trhu v\u0161eobecne zn\u00e1me, ale v\u00fdrazne zlep\u0161uj\u00fa procesy prekl\u00e1dky. Ako v\u00fdrobca bezpe\u010dnostn\u00fdch podpier a ru\u010dn\u00fdch z\u00e1mkov kolies podporujeme kult\u00faru bezpe\u010dnej pr\u00e1ce a inteligentn\u00e9 vyu\u017e\u00edvanie n\u00e1strojov dostupn\u00fdch v integrovan\u00fdch syst\u00e9moch riadenia logistiky.   <\/p>\n        \n\n        \n        <p>Ve\u013etrhy, ako je tento, pon\u00fakaj\u00fa \u0161irok\u00fd poh\u013ead na dianie v odvetv\u00ed &#8211; in\u0161piruj\u00fa, sp\u00e1jaj\u00fa a umo\u017e\u0148uj\u00fa n\u00e1m stretn\u00fa\u0165 sa s l\u00eddrami, ktor\u00ed sa podelia o svoje sk\u00fasenosti a pr\u00edbehy o \u00faspechu. Chceli by sme vyjadri\u0165 na\u0161u v\u010faku za: <\/p>\n        \n\n        \n        <ul class=\"wp-block-list\"><li>Rozhovory o n\u00e1ro\u010dn\u00fdch pracovn\u00fdch procesoch, ktor\u00e9 si vy\u017eaduj\u00fa pr\u00edli\u0161 ve\u013ea du\u0161evn\u00e9ho \u00fasilia &#8211; \u00favaha in\u0161pirovan\u00e1 akademick\u00fdm odborn\u00edkom, ktor\u00e9ho sme stretli na podujat\u00ed.<\/li>\n          <li>Zvedavos\u0165 a f\u00e9rov\u00fd pr\u00edstup ostatn\u00fdch spolo\u010dnost\u00ed, dokonca aj konkurencie.<\/li>\n          <li>Otvorenos\u0165 prekro\u010di\u0165 obchodn\u00e9 \u00falohy a stretn\u00fa\u0165 sa s nami osobne, diskutova\u0165 o ka\u017edodenn\u00fdch rizik\u00e1ch na pracovisku s \u00faprimnos\u0165ou a nadh\u013eadom.<\/li>\n          <li>P\u00fatav\u00e9 diskusie a v\u00fdmena n\u00e1zorov.<\/li>\n          <li>\u010cas, ktor\u00fd ste venovali spozn\u00e1vaniu na\u0161ej ponuky a prehliadke na\u0161ich flexibiln\u00fdch bezpe\u010dnostn\u00fdch bari\u00e9r v praxi.<\/li>\n          <li>Va\u0161e mil\u00e9 slov\u00e1 a uznanie za dizajn a estetick\u00fa hodnotu n\u00e1\u0161ho st\u00e1nku a v\u00fdrobkov.<\/li>\n        <\/ul>\n\n        \n        <p>Ubezpe\u010dujeme v\u00e1s, \u017ee budeme poskytova\u0165 len relevantn\u00e9 inform\u00e1cie. V\u017edy sme otvoren\u00ed n\u00e1v\u0161teve v\u00e1\u0161ho skladu alebo v\u00fdrobn\u00e9ho z\u00e1vodu, aby sme v\u00e1m poradili najefekt\u00edvnej\u0161ie bezpe\u010dnostn\u00e9 rie\u0161enia pre v\u00e1\u0161 podnik. Na\u0161e kontaktn\u00e9 \u00fadaje n\u00e1jdete na na\u0161ej webovej str\u00e1nke.  <\/p>\n        \n\n      <\/div>\n      \n\n      \n      <div class=\"wp-block-column is-layout-flow wp-block-column-is-layout-flow\" style=\"flex-basis:10%\"><\/div>\n      \n    <\/div>\n    \n\n    \n    ngg_shortcode_0_placeholder\n    \n  <\/div>\n  \n<\/div>\n","protected":false},"excerpt":{"rendered":"<p>Intralogistica Poland EXPO &#8211; 24.-26. janu\u00e1ra 2024 Z\u00e1\u017eitok je u\u017e za nami &#8211; a ak\u00fd to bol z\u00e1\u017eitok! Chceli by sme sa po\u010fakova\u0165 za n\u00e1v\u0161tevu n\u00e1\u0161ho st\u00e1nku s flexibiln\u00fdmi bezpe\u010dnostn\u00fdmi bari\u00e9rami a za skvel\u00fa atmosf\u00e9ru, ktor\u00fa sme vytvorili spolu s n\u00e1v\u0161tevn\u00edkmi aj organiz\u00e1tormi. Sme obzvl\u00e1\u0161\u0165 spokojn\u00ed, \u017ee sme mohli prezentova\u0165 na\u0161e rie\u0161enia v oblasti nakladac\u00edch [&hellip;]<\/p>\n","protected":false},"author":1,"featured_media":0,"parent":30350,"menu_order":0,"comment_status":"closed","ping_status":"closed","template":"","meta":{"inline_featured_image":false,"ngg_post_thumbnail":0,"footnotes":""},"class_list":["post-39311","page","type-page","status-publish","hentry"],"acf":[],"yoast_head":"<!-- This site is optimized with the Yoast SEO plugin v27.0 - https:\/\/yoast.com\/product\/yoast-seo-wordpress\/ -->\n<title>Skladov\u00e1 logistika na ve\u013etrhu - Anter System<\/title>\n<meta name=\"description\" content=\"Intralogistica Poland EXPO - 24.-26. janu\u00e1ra 2024 Z\u00e1\u017eitok je u\u017e za nami - a ak\u00fd to bol z\u00e1\u017eitok! Chceli by sme sa po\u010fakova\u0165 za n\u00e1v\u0161tevu n\u00e1\u0161ho st\u00e1nku s\" \/>\n<meta name=\"robots\" content=\"index, follow, max-snippet:-1, max-image-preview:large, max-video-preview:-1\" \/>\n<link rel=\"canonical\" href=\"https:\/\/antersystem.com\/sk\/novinky\/warehouse-logistics-at-the-trade-fair-intralogistica-2024\/\" \/>\n<meta property=\"og:locale\" content=\"sk_SK\" \/>\n<meta property=\"og:type\" content=\"article\" \/>\n<meta property=\"og:title\" content=\"Skladov\u00e1 logistika na ve\u013etrhu - Anter System\" \/>\n<meta property=\"og:description\" content=\"Intralogistica Poland EXPO - 24.-26. janu\u00e1ra 2024 Z\u00e1\u017eitok je u\u017e za nami - a ak\u00fd to bol z\u00e1\u017eitok! Chceli by sme sa po\u010fakova\u0165 za n\u00e1v\u0161tevu n\u00e1\u0161ho st\u00e1nku s\" \/>\n<meta property=\"og:url\" content=\"https:\/\/antersystem.com\/sk\/novinky\/warehouse-logistics-at-the-trade-fair-intralogistica-2024\/\" \/>\n<meta property=\"og:site_name\" content=\"Anter System\" \/>\n<meta property=\"article:modified_time\" content=\"2026-02-04T10:22:50+00:00\" \/>\n<meta name=\"twitter:card\" content=\"summary_large_image\" \/>\n<meta name=\"twitter:label1\" content=\"Predpokladan\u00fd \u010das \u010d\u00edtania\" \/>\n\t<meta name=\"twitter:data1\" content=\"2 min\u00faty\" \/>\n<script type=\"application\/ld+json\" class=\"yoast-schema-graph\">{\"@context\":\"https:\/\/schema.org\",\"@graph\":[{\"@type\":\"WebPage\",\"@id\":\"https:\/\/antersystem.com\/sk\/novinky\/warehouse-logistics-at-the-trade-fair-intralogistica-2024\/\",\"url\":\"https:\/\/antersystem.com\/sk\/novinky\/warehouse-logistics-at-the-trade-fair-intralogistica-2024\/\",\"name\":\"Skladov\u00e1 logistika na ve\u013etrhu - Anter System\",\"isPartOf\":{\"@id\":\"https:\/\/antersystem.com\/sk\/#website\"},\"datePublished\":\"2024-02-08T13:55:05+00:00\",\"dateModified\":\"2026-02-04T10:22:50+00:00\",\"description\":\"Intralogistica Poland EXPO - 24.-26. janu\u00e1ra 2024 Z\u00e1\u017eitok je u\u017e za nami - a ak\u00fd to bol z\u00e1\u017eitok! Chceli by sme sa po\u010fakova\u0165 za n\u00e1v\u0161tevu n\u00e1\u0161ho st\u00e1nku s\",\"breadcrumb\":{\"@id\":\"https:\/\/antersystem.com\/sk\/novinky\/warehouse-logistics-at-the-trade-fair-intralogistica-2024\/#breadcrumb\"},\"inLanguage\":\"sk-SK\",\"potentialAction\":[{\"@type\":\"ReadAction\",\"target\":[\"https:\/\/antersystem.com\/sk\/novinky\/warehouse-logistics-at-the-trade-fair-intralogistica-2024\/\"]}]},{\"@type\":\"BreadcrumbList\",\"@id\":\"https:\/\/antersystem.com\/sk\/novinky\/warehouse-logistics-at-the-trade-fair-intralogistica-2024\/#breadcrumb\",\"itemListElement\":[{\"@type\":\"ListItem\",\"position\":1,\"name\":\"AnterSystem\",\"item\":\"https:\/\/antersystem.com\/sk\/\"},{\"@type\":\"ListItem\",\"position\":2,\"name\":\"Novinky\",\"item\":\"https:\/\/antersystem.com\/sk\/novinky\/\"},{\"@type\":\"ListItem\",\"position\":3,\"name\":\"Skladov\u00e1 logistika na ve\u013etrhu\"}]},{\"@type\":\"WebSite\",\"@id\":\"https:\/\/antersystem.com\/sk\/#website\",\"url\":\"https:\/\/antersystem.com\/sk\/\",\"name\":\"Anter System\",\"description\":\"Jeste\u015bmy polskim producentem elastycznych barier ochronnych wykonywanych z polimerowych tworzyw sztucznych. Na rynku krajowym i zagranicznym dzia\u0142amy od ponad 15 lat dbaj\u0105c o zapewnienie bezpiecze\u0144stwa w zak\u0142adach produkcyjnych, magazynach oraz centrach logistycznych.\",\"potentialAction\":[{\"@type\":\"SearchAction\",\"target\":{\"@type\":\"EntryPoint\",\"urlTemplate\":\"https:\/\/antersystem.com\/sk\/?s={search_term_string}\"},\"query-input\":{\"@type\":\"PropertyValueSpecification\",\"valueRequired\":true,\"valueName\":\"search_term_string\"}}],\"inLanguage\":\"sk-SK\"}]}<\/script>\n<!-- \/ Yoast SEO plugin. -->","yoast_head_json":{"title":"Skladov\u00e1 logistika na ve\u013etrhu - Anter System","description":"Intralogistica Poland EXPO - 24.-26. janu\u00e1ra 2024 Z\u00e1\u017eitok je u\u017e za nami - a ak\u00fd to bol z\u00e1\u017eitok! Chceli by sme sa po\u010fakova\u0165 za n\u00e1v\u0161tevu n\u00e1\u0161ho st\u00e1nku s","robots":{"index":"index","follow":"follow","max-snippet":"max-snippet:-1","max-image-preview":"max-image-preview:large","max-video-preview":"max-video-preview:-1"},"canonical":"https:\/\/antersystem.com\/sk\/novinky\/warehouse-logistics-at-the-trade-fair-intralogistica-2024\/","og_locale":"sk_SK","og_type":"article","og_title":"Skladov\u00e1 logistika na ve\u013etrhu - Anter System","og_description":"Intralogistica Poland EXPO - 24.-26. janu\u00e1ra 2024 Z\u00e1\u017eitok je u\u017e za nami - a ak\u00fd to bol z\u00e1\u017eitok! Chceli by sme sa po\u010fakova\u0165 za n\u00e1v\u0161tevu n\u00e1\u0161ho st\u00e1nku s","og_url":"https:\/\/antersystem.com\/sk\/novinky\/warehouse-logistics-at-the-trade-fair-intralogistica-2024\/","og_site_name":"Anter System","article_modified_time":"2026-02-04T10:22:50+00:00","twitter_card":"summary_large_image","twitter_misc":{"Predpokladan\u00fd \u010das \u010d\u00edtania":"2 min\u00faty"},"schema":{"@context":"https:\/\/schema.org","@graph":[{"@type":"WebPage","@id":"https:\/\/antersystem.com\/sk\/novinky\/warehouse-logistics-at-the-trade-fair-intralogistica-2024\/","url":"https:\/\/antersystem.com\/sk\/novinky\/warehouse-logistics-at-the-trade-fair-intralogistica-2024\/","name":"Skladov\u00e1 logistika na ve\u013etrhu - Anter System","isPartOf":{"@id":"https:\/\/antersystem.com\/sk\/#website"},"datePublished":"2024-02-08T13:55:05+00:00","dateModified":"2026-02-04T10:22:50+00:00","description":"Intralogistica Poland EXPO - 24.-26. janu\u00e1ra 2024 Z\u00e1\u017eitok je u\u017e za nami - a ak\u00fd to bol z\u00e1\u017eitok! Chceli by sme sa po\u010fakova\u0165 za n\u00e1v\u0161tevu n\u00e1\u0161ho st\u00e1nku s","breadcrumb":{"@id":"https:\/\/antersystem.com\/sk\/novinky\/warehouse-logistics-at-the-trade-fair-intralogistica-2024\/#breadcrumb"},"inLanguage":"sk-SK","potentialAction":[{"@type":"ReadAction","target":["https:\/\/antersystem.com\/sk\/novinky\/warehouse-logistics-at-the-trade-fair-intralogistica-2024\/"]}]},{"@type":"BreadcrumbList","@id":"https:\/\/antersystem.com\/sk\/novinky\/warehouse-logistics-at-the-trade-fair-intralogistica-2024\/#breadcrumb","itemListElement":[{"@type":"ListItem","position":1,"name":"AnterSystem","item":"https:\/\/antersystem.com\/sk\/"},{"@type":"ListItem","position":2,"name":"Novinky","item":"https:\/\/antersystem.com\/sk\/novinky\/"},{"@type":"ListItem","position":3,"name":"Skladov\u00e1 logistika na ve\u013etrhu"}]},{"@type":"WebSite","@id":"https:\/\/antersystem.com\/sk\/#website","url":"https:\/\/antersystem.com\/sk\/","name":"Anter System","description":"Jeste\u015bmy polskim producentem elastycznych barier ochronnych wykonywanych z polimerowych tworzyw sztucznych. Na rynku krajowym i zagranicznym dzia\u0142amy od ponad 15 lat dbaj\u0105c o zapewnienie bezpiecze\u0144stwa w zak\u0142adach produkcyjnych, magazynach oraz centrach logistycznych.","potentialAction":[{"@type":"SearchAction","target":{"@type":"EntryPoint","urlTemplate":"https:\/\/antersystem.com\/sk\/?s={search_term_string}"},"query-input":{"@type":"PropertyValueSpecification","valueRequired":true,"valueName":"search_term_string"}}],"inLanguage":"sk-SK"}]}},"_links":{"self":[{"href":"https:\/\/antersystem.com\/sk\/wp-json\/wp\/v2\/pages\/39311","targetHints":{"allow":["GET"]}}],"collection":[{"href":"https:\/\/antersystem.com\/sk\/wp-json\/wp\/v2\/pages"}],"about":[{"href":"https:\/\/antersystem.com\/sk\/wp-json\/wp\/v2\/types\/page"}],"author":[{"embeddable":true,"href":"https:\/\/antersystem.com\/sk\/wp-json\/wp\/v2\/users\/1"}],"replies":[{"embeddable":true,"href":"https:\/\/antersystem.com\/sk\/wp-json\/wp\/v2\/comments?post=39311"}],"version-history":[{"count":2,"href":"https:\/\/antersystem.com\/sk\/wp-json\/wp\/v2\/pages\/39311\/revisions"}],"predecessor-version":[{"id":39314,"href":"https:\/\/antersystem.com\/sk\/wp-json\/wp\/v2\/pages\/39311\/revisions\/39314"}],"up":[{"embeddable":true,"href":"https:\/\/antersystem.com\/sk\/wp-json\/wp\/v2\/pages\/30350"}],"wp:attachment":[{"href":"https:\/\/antersystem.com\/sk\/wp-json\/wp\/v2\/media?parent=39311"}],"curies":[{"name":"wp","href":"https:\/\/api.w.org\/{rel}","templated":true}]}}