{"id":39432,"date":"2024-12-10T10:04:39","date_gmt":"2024-12-10T09:04:39","guid":{"rendered":"https:\/\/antersystem.com\/novinky\/summary-of-the-technical-conference-in-swarzedz\/"},"modified":"2026-02-04T12:38:22","modified_gmt":"2026-02-04T11:38:22","slug":"summary-of-the-technical-conference-in-swarzedz","status":"publish","type":"page","link":"https:\/\/antersystem.com\/sk\/novinky\/summary-of-the-technical-conference-in-swarzedz\/","title":{"rendered":"Zhrnutie technickej konferencie v Swarz\u0119dzu"},"content":{"rendered":"\n<div class=\"wp-block-columns is-layout-flex wp-container-core-columns-is-layout-9d6595d7 wp-block-columns-is-layout-flex\">\n<div class=\"wp-block-column is-layout-flow wp-block-column-is-layout-flow\">\n<h2 class=\"wp-block-heading\">Zhrnutie technickej konferencie v Swarz\u0119dzu &#8211; 5. decembra 2024<\/h2>\n\n\n\n<div class=\"wp-block-columns is-layout-flex wp-container-core-columns-is-layout-9d6595d7 wp-block-columns-is-layout-flex\">\n<div class=\"wp-block-column is-layout-flow wp-block-column-is-layout-flow\" style=\"flex-basis:10%\"><\/div>\n\n\n\n<div class=\"wp-block-column is-layout-flow wp-block-column-is-layout-flow\">\n<p>5. decembra <strong>sa<\/strong> v meste Swarz\u0119dz pri Poznani <strong>konala<\/strong> technick\u00e1 konferencia s n\u00e1zvom &#8220; <strong>Optimaliz\u00e1cia intralogistick\u00fdch a skladov\u00fdch procesov&#8220;<\/strong>, ktor\u00fa organizovala spolo\u010dnos\u0165 Axon Media a partnerom bola spolo\u010dnos\u0165 Anter System. Na podujat\u00ed sa stretli odborn\u00edci z logistick\u00e9ho odvetvia, ktor\u00ed sa podelili o svoje vedomosti a sk\u00fasenosti v oblasti inovat\u00edvnych technol\u00f3gi\u00ed zlep\u0161uj\u00facich skladov\u00e9 oper\u00e1cie. <\/p>\n\n\n\n<p><strong>Medzi diskutovan\u00e9 t\u00e9my patrili okrem in\u00e9ho:<\/strong><\/p>\n\n\n\n<p>1. <strong>Automatiz\u00e1cia a robotiz\u00e1cia skladov &#8211;<\/strong> po\u010das prezent\u00e1ci\u00ed sa \u00fa\u010dastn\u00edci dozvedeli o rie\u0161eniach, ako s\u00fa automatizovan\u00e9 skladovacie syst\u00e9my, skladov\u00e9 roboty a auton\u00f3mne dopravn\u00e9 syst\u00e9my.<\/p>\n\n\n\n<p>2. <strong>Technol\u00f3gie bud\u00facnosti &#8211;<\/strong> re\u010dn\u00edci okrem in\u00e9ho diskutovali o vyu\u017e\u00edvan\u00ed umelej inteligencie v syst\u00e9moch WMS, pokro\u010dil\u00fdch identifika\u010dn\u00fdch technol\u00f3gi\u00e1ch, ako je RFID, a inteligentn\u00fdch mobiln\u00fdch rie\u0161eniach.<\/p>\n\n\n\n<p>3. <strong>Energetick\u00e1 \u00fa\u010dinnos\u0165 a udr\u017eate\u013enos\u0165 &#8211;<\/strong> boli predstaven\u00e9 inovat\u00edvne rie\u0161enia vr\u00e1tane moderniz\u00e1cie osvetlenia skladov a v\u00fdrobn\u00fdch procesov \u0161etrn\u00fdch k \u017eivotn\u00e9mu prostrediu.<\/p>\n\n\n\n<p>4. <strong>Projektovanie skladov a riadenie z\u00e1sob &#8211;<\/strong> prezent\u00e1cie zah\u0155\u0148ali t\u00e9my ako projektovanie skladov\u00fdch priestorov, riadenie z\u00e1sob v konsigna\u010dn\u00fdch skladoch a projektov\u00e9 poradenstvo.<\/p>\n\n\n\n<ol class=\"wp-block-list\"><\/ol>\n\n\n<p>Konferencia mala form\u00e1t predn\u00e1\u0161ok a konzult\u00e1ci\u00ed, \u010do umo\u017enilo \u00fa\u010dastn\u00edkom presk\u00fama\u0165 mno\u017estvo pr\u00edpadov\u00fdch \u0161t\u00fadi\u00ed a obozn\u00e1mi\u0165 sa s praktick\u00fdmi pr\u00edkladmi implement\u00e1cie modern\u00fdch technol\u00f3gi\u00ed prisp\u00f4soben\u00fdch \u0161pecifik\u00e1m v\u00fdrobn\u00fdch spolo\u010dnost\u00ed a ich zdrojom.<\/p>\n\n\n\n<p><strong>Stretnutia a diskusie o bud\u00facnosti odvetvia<\/strong><\/p>\n\n\n\n<p>Podujatie bolo tie\u017e <strong>skvelou pr\u00edle\u017eitos\u0165ou na v\u00fdmenu sk\u00fasenost\u00ed a<\/strong> budovanie obchodn\u00fdch vz\u0165ahov a pon\u00faklo preh\u013ead najnov\u0161\u00edch trendov v logistike. Rozhovory medzi \u0161pecialistami a odborn\u00edkmi spolo\u010dnosti Anter System v takejto priaznivej atmosf\u00e9re s\u00fa v\u017edy <strong>cenn\u00e9 v s\u00favislosti s \u010fal\u0161\u00edm rozvojom na\u0161ej ponuky<\/strong> modul\u00e1rnych flexibiln\u00fdch bezpe\u010dnostn\u00fdch bari\u00e9rov\u00fdch syst\u00e9mov, <strong>ktor\u00e9<\/strong> sp\u013a\u0148aj\u00fa potreby r\u00fdchlo sa rozv\u00edjaj\u00faceho odvetvia intralogistiky. <\/p>\n\n\n\n<p>\u010eakujeme za v\u0161etky diskusie o smerovan\u00ed v\u00fdvoja a o\u010dak\u00e1vaniach t\u00fdkaj\u00facich sa ochrany skladov\u00fdch priestorov. Uvid\u00edme sa na nadch\u00e1dzaj\u00facich priemyseln\u00fdch konferenci\u00e1ch!   <\/p>\n\n\n\n<div class=\"wp-block-columns is-layout-flex wp-container-core-columns-is-layout-9d6595d7 wp-block-columns-is-layout-flex\">\n<div class=\"wp-block-column is-layout-flow wp-block-column-is-layout-flow\"><\/div>\n\n\n\n<div class=\"wp-block-column is-layout-flow wp-block-column-is-layout-flow\"><\/div>\n\n\n\n<div class=\"wp-block-column is-layout-flow wp-block-column-is-layout-flow\"><\/div>\n<\/div>\n<\/div>\n\n\n\n<div class=\"wp-block-column is-layout-flow wp-block-column-is-layout-flow\" style=\"flex-basis:10%\"><\/div>\n<\/div>\n\n\n\nngg_shortcode_0_placeholder\n<\/div>\n<\/div>\n","protected":false},"excerpt":{"rendered":"<p>Zhrnutie technickej konferencie v Swarz\u0119dzu &#8211; 5. decembra 2024 5. decembra sa v meste Swarz\u0119dz pri Poznani konala technick\u00e1 konferencia s n\u00e1zvom &#8220; Optimaliz\u00e1cia intralogistick\u00fdch a skladov\u00fdch procesov&#8220;, ktor\u00fa organizovala spolo\u010dnos\u0165 Axon Media a partnerom bola spolo\u010dnos\u0165 Anter System. Na podujat\u00ed sa stretli odborn\u00edci z logistick\u00e9ho odvetvia, ktor\u00ed sa podelili o svoje vedomosti a sk\u00fasenosti [&hellip;]<\/p>\n","protected":false},"author":1,"featured_media":0,"parent":30350,"menu_order":0,"comment_status":"closed","ping_status":"closed","template":"","meta":{"inline_featured_image":false,"ngg_post_thumbnail":0,"footnotes":""},"class_list":["post-39432","page","type-page","status-publish","hentry"],"acf":[],"yoast_head":"<!-- This site is optimized with the Yoast SEO plugin v27.0 - https:\/\/yoast.com\/product\/yoast-seo-wordpress\/ -->\n<title>Zhrnutie technickej konferencie v Swarz\u0119dzu - Anter System<\/title>\n<meta name=\"description\" content=\"Zhrnutie technickej konferencie v Swarz\u0119dzu - 5. decembra 2024 5. decembra sa v meste Swarz\u0119dz pri Poznani konala technick\u00e1 konferencia s n\u00e1zvom &quot;\" \/>\n<meta name=\"robots\" content=\"index, follow, max-snippet:-1, max-image-preview:large, max-video-preview:-1\" \/>\n<link rel=\"canonical\" href=\"https:\/\/antersystem.com\/sk\/novinky\/summary-of-the-technical-conference-in-swarzedz\/\" \/>\n<meta property=\"og:locale\" content=\"sk_SK\" \/>\n<meta property=\"og:type\" content=\"article\" \/>\n<meta property=\"og:title\" content=\"Zhrnutie technickej konferencie v Swarz\u0119dzu - Anter System\" \/>\n<meta property=\"og:description\" content=\"Zhrnutie technickej konferencie v Swarz\u0119dzu - 5. decembra 2024 5. decembra sa v meste Swarz\u0119dz pri Poznani konala technick\u00e1 konferencia s n\u00e1zvom &quot;\" \/>\n<meta property=\"og:url\" content=\"https:\/\/antersystem.com\/sk\/novinky\/summary-of-the-technical-conference-in-swarzedz\/\" \/>\n<meta property=\"og:site_name\" content=\"Anter System\" \/>\n<meta property=\"article:modified_time\" content=\"2026-02-04T11:38:22+00:00\" \/>\n<meta name=\"twitter:card\" content=\"summary_large_image\" \/>\n<meta name=\"twitter:label1\" content=\"Predpokladan\u00fd \u010das \u010d\u00edtania\" \/>\n\t<meta name=\"twitter:data1\" content=\"2 min\u00faty\" \/>\n<script type=\"application\/ld+json\" class=\"yoast-schema-graph\">{\"@context\":\"https:\/\/schema.org\",\"@graph\":[{\"@type\":\"WebPage\",\"@id\":\"https:\/\/antersystem.com\/sk\/novinky\/summary-of-the-technical-conference-in-swarzedz\/\",\"url\":\"https:\/\/antersystem.com\/sk\/novinky\/summary-of-the-technical-conference-in-swarzedz\/\",\"name\":\"Zhrnutie technickej konferencie v Swarz\u0119dzu - Anter System\",\"isPartOf\":{\"@id\":\"https:\/\/antersystem.com\/sk\/#website\"},\"datePublished\":\"2024-12-10T09:04:39+00:00\",\"dateModified\":\"2026-02-04T11:38:22+00:00\",\"description\":\"Zhrnutie technickej konferencie v Swarz\u0119dzu - 5. decembra 2024 5. decembra sa v meste Swarz\u0119dz pri Poznani konala technick\u00e1 konferencia s n\u00e1zvom \\\"\",\"breadcrumb\":{\"@id\":\"https:\/\/antersystem.com\/sk\/novinky\/summary-of-the-technical-conference-in-swarzedz\/#breadcrumb\"},\"inLanguage\":\"sk-SK\",\"potentialAction\":[{\"@type\":\"ReadAction\",\"target\":[\"https:\/\/antersystem.com\/sk\/novinky\/summary-of-the-technical-conference-in-swarzedz\/\"]}]},{\"@type\":\"BreadcrumbList\",\"@id\":\"https:\/\/antersystem.com\/sk\/novinky\/summary-of-the-technical-conference-in-swarzedz\/#breadcrumb\",\"itemListElement\":[{\"@type\":\"ListItem\",\"position\":1,\"name\":\"AnterSystem\",\"item\":\"https:\/\/antersystem.com\/sk\/\"},{\"@type\":\"ListItem\",\"position\":2,\"name\":\"Novinky\",\"item\":\"https:\/\/antersystem.com\/sk\/novinky\/\"},{\"@type\":\"ListItem\",\"position\":3,\"name\":\"Zhrnutie technickej konferencie v Swarz\u0119dzu\"}]},{\"@type\":\"WebSite\",\"@id\":\"https:\/\/antersystem.com\/sk\/#website\",\"url\":\"https:\/\/antersystem.com\/sk\/\",\"name\":\"Anter System\",\"description\":\"Jeste\u015bmy polskim producentem elastycznych barier ochronnych wykonywanych z polimerowych tworzyw sztucznych. Na rynku krajowym i zagranicznym dzia\u0142amy od ponad 15 lat dbaj\u0105c o zapewnienie bezpiecze\u0144stwa w zak\u0142adach produkcyjnych, magazynach oraz centrach logistycznych.\",\"potentialAction\":[{\"@type\":\"SearchAction\",\"target\":{\"@type\":\"EntryPoint\",\"urlTemplate\":\"https:\/\/antersystem.com\/sk\/?s={search_term_string}\"},\"query-input\":{\"@type\":\"PropertyValueSpecification\",\"valueRequired\":true,\"valueName\":\"search_term_string\"}}],\"inLanguage\":\"sk-SK\"}]}<\/script>\n<!-- \/ Yoast SEO plugin. -->","yoast_head_json":{"title":"Zhrnutie technickej konferencie v Swarz\u0119dzu - Anter System","description":"Zhrnutie technickej konferencie v Swarz\u0119dzu - 5. decembra 2024 5. decembra sa v meste Swarz\u0119dz pri Poznani konala technick\u00e1 konferencia s n\u00e1zvom \"","robots":{"index":"index","follow":"follow","max-snippet":"max-snippet:-1","max-image-preview":"max-image-preview:large","max-video-preview":"max-video-preview:-1"},"canonical":"https:\/\/antersystem.com\/sk\/novinky\/summary-of-the-technical-conference-in-swarzedz\/","og_locale":"sk_SK","og_type":"article","og_title":"Zhrnutie technickej konferencie v Swarz\u0119dzu - Anter System","og_description":"Zhrnutie technickej konferencie v Swarz\u0119dzu - 5. decembra 2024 5. decembra sa v meste Swarz\u0119dz pri Poznani konala technick\u00e1 konferencia s n\u00e1zvom \"","og_url":"https:\/\/antersystem.com\/sk\/novinky\/summary-of-the-technical-conference-in-swarzedz\/","og_site_name":"Anter System","article_modified_time":"2026-02-04T11:38:22+00:00","twitter_card":"summary_large_image","twitter_misc":{"Predpokladan\u00fd \u010das \u010d\u00edtania":"2 min\u00faty"},"schema":{"@context":"https:\/\/schema.org","@graph":[{"@type":"WebPage","@id":"https:\/\/antersystem.com\/sk\/novinky\/summary-of-the-technical-conference-in-swarzedz\/","url":"https:\/\/antersystem.com\/sk\/novinky\/summary-of-the-technical-conference-in-swarzedz\/","name":"Zhrnutie technickej konferencie v Swarz\u0119dzu - Anter System","isPartOf":{"@id":"https:\/\/antersystem.com\/sk\/#website"},"datePublished":"2024-12-10T09:04:39+00:00","dateModified":"2026-02-04T11:38:22+00:00","description":"Zhrnutie technickej konferencie v Swarz\u0119dzu - 5. decembra 2024 5. decembra sa v meste Swarz\u0119dz pri Poznani konala technick\u00e1 konferencia s n\u00e1zvom \"","breadcrumb":{"@id":"https:\/\/antersystem.com\/sk\/novinky\/summary-of-the-technical-conference-in-swarzedz\/#breadcrumb"},"inLanguage":"sk-SK","potentialAction":[{"@type":"ReadAction","target":["https:\/\/antersystem.com\/sk\/novinky\/summary-of-the-technical-conference-in-swarzedz\/"]}]},{"@type":"BreadcrumbList","@id":"https:\/\/antersystem.com\/sk\/novinky\/summary-of-the-technical-conference-in-swarzedz\/#breadcrumb","itemListElement":[{"@type":"ListItem","position":1,"name":"AnterSystem","item":"https:\/\/antersystem.com\/sk\/"},{"@type":"ListItem","position":2,"name":"Novinky","item":"https:\/\/antersystem.com\/sk\/novinky\/"},{"@type":"ListItem","position":3,"name":"Zhrnutie technickej konferencie v Swarz\u0119dzu"}]},{"@type":"WebSite","@id":"https:\/\/antersystem.com\/sk\/#website","url":"https:\/\/antersystem.com\/sk\/","name":"Anter System","description":"Jeste\u015bmy polskim producentem elastycznych barier ochronnych wykonywanych z polimerowych tworzyw sztucznych. Na rynku krajowym i zagranicznym dzia\u0142amy od ponad 15 lat dbaj\u0105c o zapewnienie bezpiecze\u0144stwa w zak\u0142adach produkcyjnych, magazynach oraz centrach logistycznych.","potentialAction":[{"@type":"SearchAction","target":{"@type":"EntryPoint","urlTemplate":"https:\/\/antersystem.com\/sk\/?s={search_term_string}"},"query-input":{"@type":"PropertyValueSpecification","valueRequired":true,"valueName":"search_term_string"}}],"inLanguage":"sk-SK"}]}},"_links":{"self":[{"href":"https:\/\/antersystem.com\/sk\/wp-json\/wp\/v2\/pages\/39432","targetHints":{"allow":["GET"]}}],"collection":[{"href":"https:\/\/antersystem.com\/sk\/wp-json\/wp\/v2\/pages"}],"about":[{"href":"https:\/\/antersystem.com\/sk\/wp-json\/wp\/v2\/types\/page"}],"author":[{"embeddable":true,"href":"https:\/\/antersystem.com\/sk\/wp-json\/wp\/v2\/users\/1"}],"replies":[{"embeddable":true,"href":"https:\/\/antersystem.com\/sk\/wp-json\/wp\/v2\/comments?post=39432"}],"version-history":[{"count":1,"href":"https:\/\/antersystem.com\/sk\/wp-json\/wp\/v2\/pages\/39432\/revisions"}],"predecessor-version":[{"id":39433,"href":"https:\/\/antersystem.com\/sk\/wp-json\/wp\/v2\/pages\/39432\/revisions\/39433"}],"up":[{"embeddable":true,"href":"https:\/\/antersystem.com\/sk\/wp-json\/wp\/v2\/pages\/30350"}],"wp:attachment":[{"href":"https:\/\/antersystem.com\/sk\/wp-json\/wp\/v2\/media?parent=39432"}],"curies":[{"name":"wp","href":"https:\/\/api.w.org\/{rel}","templated":true}]}}