{"id":39463,"date":"2024-03-27T16:28:30","date_gmt":"2024-03-27T15:28:30","guid":{"rendered":"https:\/\/antersystem.com\/novinky\/automotive-cee-day\/"},"modified":"2026-02-04T13:51:20","modified_gmt":"2026-02-04T12:51:20","slug":"automotive-cee-day","status":"publish","type":"page","link":"https:\/\/antersystem.com\/sk\/novinky\/automotive-cee-day\/","title":{"rendered":"De\u0148 automobilov\u00e9ho priemyslu v strednej a v\u00fdchodnej Eur\u00f3pe"},"content":{"rendered":"\n<div class=\"wp-block-columns is-layout-flex wp-container-core-columns-is-layout-9d6595d7 wp-block-columns-is-layout-flex\">\n<div class=\"wp-block-column is-layout-flow wp-block-column-is-layout-flow\" style=\"flex-basis:10%\"><\/div>\n\n\n\n<div class=\"wp-block-column is-layout-flow wp-block-column-is-layout-flow\">\n<h3 class=\"wp-block-heading\">9. stretnutie n\u00e1kupcov automobilov &#8211; 18.-19. apr\u00edla 2024<\/h3>\n\n\n\n<p><strong>Automotive CEE Day &#8211; podujatie organizovan\u00e9 spolo\u010dnos\u0165ou AutomotiveSuppliers.pl a mestom Opole &#8211; je vynikaj\u00facou pr\u00edle\u017eitos\u0165ou na stretnutie s k\u013e\u00fa\u010dov\u00fdmi hr\u00e1\u010dmi v automobilovom priemysle.<\/strong>  Na podujat\u00ed, ktor\u00e9 sa uskuto\u010dn\u00ed 18. a 19. apr\u00edla v Opole, sa stretn\u00fa z\u00e1stupcovia ve\u013ek\u00fdch v\u00fdrobcov automobilov aj dod\u00e1vate\u013eov Tier 1.<\/p>\n\n\n\n<p>Po\u010das dvoch dn\u00ed bud\u00fa ma\u0165 \u00fa\u010dastn\u00edci mo\u017enos\u0165 stretn\u00fa\u0165 sa s klientmi, ktor\u00ed s\u00fa pre nich najd\u00f4le\u017eitej\u0161\u00ed, a predstavi\u0165 svoje v\u00fdrobn\u00e9 a servisn\u00e9 kapacity. Ako zd\u00f4raz\u0148uj\u00fa organiz\u00e1tori, podujatie vyu\u017e\u00edva pokro\u010dil\u00fa platformu B2B matchmakingu, ktor\u00e1 umo\u017e\u0148uje presn\u00e9 p\u00e1rovanie obchodn\u00fdch partnerov. S\u013eubuje, \u017ee p\u00f4jde o dynamick\u00e9 podujatie v automobilovom svete &#8211; a d\u00fafame, \u017ee s vynikaj\u00facimi v\u00fdsledkami. O\u010dak\u00e1va sa ve\u013ek\u00fd po\u010det z\u00e1stupcov glob\u00e1lnych korpor\u00e1ci\u00ed aj miestnych trhov.   <\/p>\n\n\n\n<p>Te\u0161\u00edme sa aj na stretnutia s potenci\u00e1lnymi obchodn\u00fdmi a technologick\u00fdmi partnermi, aby sme si mohli vymeni\u0165 n\u00e1pady, dojmy a know-how. U\u017e 15 rokov z\u00edskavame sk\u00fasenosti v <strong>automobilovom sektore a dod\u00e1vame v\u00fdznamn\u00fdm v\u00fdrobcom syst\u00e9my, ktor\u00e9 zvy\u0161uj\u00fa bezpe\u010dnos\u0165 a prisp\u00f4sobuj\u00fa sa dynamick\u00fdm zmen\u00e1m.<\/strong> Na\u0161e <a href=\"https:\/\/antersystem.com\/kategorie_produktow\/bariery-bezpieczenstwa-dla-pieszych\/\">v\u00fdrobky zabezpe\u010duj\u00fa spo\u013eahliv\u00e9 oddelenie v\u00fdrobn\u00fdch a logistick\u00fdch z\u00f3n a<\/a> poskytuj\u00fa bezpe\u010dnos\u0165 v nakladac\u00edch priestoroch. <a href=\"https:\/\/antersystem.com\/kategorie_produktow\/technika-zaladunkowa\/\"><strong>Predn\u00e9 a zadn\u00e9 stabiliza\u010dn\u00e9 stojany pre pr\u00edvesy<\/strong><\/a> pou\u017e\u00edvan\u00e9 po\u010das logistick\u00fdch oper\u00e1ci\u00ed chr\u00e1nia \u013eud\u00ed, tovar a infra\u0161trukt\u00faru pred po\u0161koden\u00edm. Pom\u00e1haj\u00fa tie\u017e skr\u00e1ti\u0165 \u010das nakl\u00e1dky a zlep\u0161i\u0165 vyu\u017eitie vozidiel, najm\u00e4 t\u00fdch, ktor\u00e9 do\u010dasne plnia podporn\u00e9 funkcie.  <\/p>\n\n\n\n<p>Vyu\u017eite t\u00fato pr\u00edle\u017eitos\u0165 na v\u00fdmenu poznatkov a sk\u00fasenost\u00ed s ostatn\u00fdmi \u00fa\u010dastn\u00edkmi! Nav\u0161t\u00edvte n\u00e1s v <strong>st\u00e1nku B a<\/strong> pozrite si <strong>produkty Anter System v<\/strong> akcii. <\/p>\n\n\n\n<p>Program podujatia: <strong><a href=\"https:\/\/www.automotiveceeday.eu\/page-3761\">Automotiveceeday.eu<\/a><\/strong><\/p>\n\n\n\n<p><strong>#AutomotiveCEEDay #automotive #OHS #manufacturing #flexiblesafetybarriers<\/strong><\/p>\n<\/div>\n\n\n\n<div class=\"wp-block-column is-layout-flow wp-block-column-is-layout-flow\" style=\"flex-basis:10%\"><\/div>\n<\/div>\n<div class=\"wp-block-image\">\n<figure class=\"aligncenter size-large is-resized\"><img loading=\"lazy\" decoding=\"async\" width=\"1024\" height=\"535\" src=\"https:\/\/antersystem.com\/wp-content\/uploads\/CEE-DAY-18-19-kwieccien-Anter-System-3-1024x535.jpg\" alt=\"Na obr&#xE1;zku je pozv&#xE1;nka od spolo&#x10D;nosti Anter System na n&#xE1;kupn&#xE9; stretnutia v r&#xE1;mci D&#x148;a strednej a v&#xFD;chodnej Eur&#xF3;py v Opole 18. - 19. apr&#xED;la 2024.\" class=\"wp-image-4335\" style=\"width:720px;height:auto\" srcset=\"https:\/\/antersystem.com\/wp-content\/uploads\/CEE-DAY-18-19-kwieccien-Anter-System-3-1024x535.jpg 1024w, https:\/\/antersystem.com\/wp-content\/uploads\/CEE-DAY-18-19-kwieccien-Anter-System-3-300x157.jpg 300w, https:\/\/antersystem.com\/wp-content\/uploads\/CEE-DAY-18-19-kwieccien-Anter-System-3-768x401.jpg 768w, https:\/\/antersystem.com\/wp-content\/uploads\/CEE-DAY-18-19-kwieccien-Anter-System-3-450x235.jpg 450w, https:\/\/antersystem.com\/wp-content\/uploads\/CEE-DAY-18-19-kwieccien-Anter-System-3-330x172.jpg 330w, https:\/\/antersystem.com\/wp-content\/uploads\/CEE-DAY-18-19-kwieccien-Anter-System-3.jpg 1200w\" sizes=\"auto, (max-width: 1024px) 100vw, 1024px\" \/><\/figure><\/div>","protected":false},"excerpt":{"rendered":"<p>9. stretnutie n\u00e1kupcov automobilov &#8211; 18.-19. apr\u00edla 2024 Automotive CEE Day &#8211; podujatie organizovan\u00e9 spolo\u010dnos\u0165ou AutomotiveSuppliers.pl a mestom Opole &#8211; je vynikaj\u00facou pr\u00edle\u017eitos\u0165ou na stretnutie s k\u013e\u00fa\u010dov\u00fdmi hr\u00e1\u010dmi v automobilovom priemysle. Na podujat\u00ed, ktor\u00e9 sa uskuto\u010dn\u00ed 18. a 19. apr\u00edla v Opole, sa stretn\u00fa z\u00e1stupcovia ve\u013ek\u00fdch v\u00fdrobcov automobilov aj dod\u00e1vate\u013eov Tier 1. Po\u010das dvoch dn\u00ed [&hellip;]<\/p>\n","protected":false},"author":1,"featured_media":0,"parent":30350,"menu_order":0,"comment_status":"closed","ping_status":"closed","template":"","meta":{"inline_featured_image":false,"ngg_post_thumbnail":0,"footnotes":""},"class_list":["post-39463","page","type-page","status-publish","hentry"],"acf":[],"yoast_head":"<!-- This site is optimized with the Yoast SEO plugin v27.0 - https:\/\/yoast.com\/product\/yoast-seo-wordpress\/ -->\n<title>De\u0148 automobilov\u00e9ho priemyslu v strednej a v\u00fdchodnej Eur\u00f3pe - Anter System<\/title>\n<meta name=\"description\" content=\"Automotive CEE Day - wydarzenie organizowane przez AutomotiveSuppliers.pl i samorz\u0105d miasta Opole - to doskona\u0142a okazja do spotka\u0144\" \/>\n<meta name=\"robots\" content=\"index, follow, max-snippet:-1, max-image-preview:large, max-video-preview:-1\" \/>\n<link rel=\"canonical\" href=\"https:\/\/antersystem.com\/sk\/novinky\/automotive-cee-day\/\" \/>\n<meta property=\"og:locale\" content=\"sk_SK\" \/>\n<meta property=\"og:type\" content=\"article\" \/>\n<meta property=\"og:title\" content=\"De\u0148 automobilov\u00e9ho priemyslu v strednej a v\u00fdchodnej Eur\u00f3pe - Anter System\" \/>\n<meta property=\"og:description\" content=\"Automotive CEE Day - wydarzenie organizowane przez AutomotiveSuppliers.pl i samorz\u0105d miasta Opole - to doskona\u0142a okazja do spotka\u0144\" \/>\n<meta property=\"og:url\" content=\"https:\/\/antersystem.com\/sk\/novinky\/automotive-cee-day\/\" \/>\n<meta property=\"og:site_name\" content=\"Anter System\" \/>\n<meta property=\"article:modified_time\" content=\"2026-02-04T12:51:20+00:00\" \/>\n<meta property=\"og:image\" content=\"https:\/\/antersystem.com\/wp-content\/uploads\/CEE-DAY-18-19-kwieccien-Anter-System-3-1024x535.jpg\" \/>\n<meta name=\"twitter:card\" content=\"summary_large_image\" \/>\n<meta name=\"twitter:label1\" content=\"Predpokladan\u00fd \u010das \u010d\u00edtania\" \/>\n\t<meta name=\"twitter:data1\" content=\"2 min\u00faty\" \/>\n<script type=\"application\/ld+json\" class=\"yoast-schema-graph\">{\"@context\":\"https:\/\/schema.org\",\"@graph\":[{\"@type\":\"WebPage\",\"@id\":\"https:\/\/antersystem.com\/sk\/novinky\/automotive-cee-day\/\",\"url\":\"https:\/\/antersystem.com\/sk\/novinky\/automotive-cee-day\/\",\"name\":\"De\u0148 automobilov\u00e9ho priemyslu v strednej a v\u00fdchodnej Eur\u00f3pe - Anter System\",\"isPartOf\":{\"@id\":\"https:\/\/antersystem.com\/sk\/#website\"},\"primaryImageOfPage\":{\"@id\":\"https:\/\/antersystem.com\/sk\/novinky\/automotive-cee-day\/#primaryimage\"},\"image\":{\"@id\":\"https:\/\/antersystem.com\/sk\/novinky\/automotive-cee-day\/#primaryimage\"},\"thumbnailUrl\":\"https:\/\/antersystem.com\/wp-content\/uploads\/CEE-DAY-18-19-kwieccien-Anter-System-3-1024x535.jpg\",\"datePublished\":\"2024-03-27T15:28:30+00:00\",\"dateModified\":\"2026-02-04T12:51:20+00:00\",\"description\":\"Automotive CEE Day - wydarzenie organizowane przez AutomotiveSuppliers.pl i samorz\u0105d miasta Opole - to doskona\u0142a okazja do spotka\u0144\",\"breadcrumb\":{\"@id\":\"https:\/\/antersystem.com\/sk\/novinky\/automotive-cee-day\/#breadcrumb\"},\"inLanguage\":\"sk-SK\",\"potentialAction\":[{\"@type\":\"ReadAction\",\"target\":[\"https:\/\/antersystem.com\/sk\/novinky\/automotive-cee-day\/\"]}]},{\"@type\":\"ImageObject\",\"inLanguage\":\"sk-SK\",\"@id\":\"https:\/\/antersystem.com\/sk\/novinky\/automotive-cee-day\/#primaryimage\",\"url\":\"https:\/\/antersystem.com\/wp-content\/uploads\/CEE-DAY-18-19-kwieccien-Anter-System-3-1024x535.jpg\",\"contentUrl\":\"https:\/\/antersystem.com\/wp-content\/uploads\/CEE-DAY-18-19-kwieccien-Anter-System-3-1024x535.jpg\"},{\"@type\":\"BreadcrumbList\",\"@id\":\"https:\/\/antersystem.com\/sk\/novinky\/automotive-cee-day\/#breadcrumb\",\"itemListElement\":[{\"@type\":\"ListItem\",\"position\":1,\"name\":\"AnterSystem\",\"item\":\"https:\/\/antersystem.com\/sk\/\"},{\"@type\":\"ListItem\",\"position\":2,\"name\":\"Novinky\",\"item\":\"https:\/\/antersystem.com\/sk\/novinky\/\"},{\"@type\":\"ListItem\",\"position\":3,\"name\":\"De\u0148 automobilov\u00e9ho priemyslu v strednej a v\u00fdchodnej Eur\u00f3pe\"}]},{\"@type\":\"WebSite\",\"@id\":\"https:\/\/antersystem.com\/sk\/#website\",\"url\":\"https:\/\/antersystem.com\/sk\/\",\"name\":\"Anter System\",\"description\":\"Jeste\u015bmy polskim producentem elastycznych barier ochronnych wykonywanych z polimerowych tworzyw sztucznych. Na rynku krajowym i zagranicznym dzia\u0142amy od ponad 15 lat dbaj\u0105c o zapewnienie bezpiecze\u0144stwa w zak\u0142adach produkcyjnych, magazynach oraz centrach logistycznych.\",\"potentialAction\":[{\"@type\":\"SearchAction\",\"target\":{\"@type\":\"EntryPoint\",\"urlTemplate\":\"https:\/\/antersystem.com\/sk\/?s={search_term_string}\"},\"query-input\":{\"@type\":\"PropertyValueSpecification\",\"valueRequired\":true,\"valueName\":\"search_term_string\"}}],\"inLanguage\":\"sk-SK\"}]}<\/script>\n<!-- \/ Yoast SEO plugin. -->","yoast_head_json":{"title":"De\u0148 automobilov\u00e9ho priemyslu v strednej a v\u00fdchodnej Eur\u00f3pe - Anter System","description":"Automotive CEE Day - wydarzenie organizowane przez AutomotiveSuppliers.pl i samorz\u0105d miasta Opole - to doskona\u0142a okazja do spotka\u0144","robots":{"index":"index","follow":"follow","max-snippet":"max-snippet:-1","max-image-preview":"max-image-preview:large","max-video-preview":"max-video-preview:-1"},"canonical":"https:\/\/antersystem.com\/sk\/novinky\/automotive-cee-day\/","og_locale":"sk_SK","og_type":"article","og_title":"De\u0148 automobilov\u00e9ho priemyslu v strednej a v\u00fdchodnej Eur\u00f3pe - Anter System","og_description":"Automotive CEE Day - wydarzenie organizowane przez AutomotiveSuppliers.pl i samorz\u0105d miasta Opole - to doskona\u0142a okazja do spotka\u0144","og_url":"https:\/\/antersystem.com\/sk\/novinky\/automotive-cee-day\/","og_site_name":"Anter System","article_modified_time":"2026-02-04T12:51:20+00:00","og_image":[{"url":"https:\/\/antersystem.com\/wp-content\/uploads\/CEE-DAY-18-19-kwieccien-Anter-System-3-1024x535.jpg","type":"","width":"","height":""}],"twitter_card":"summary_large_image","twitter_misc":{"Predpokladan\u00fd \u010das \u010d\u00edtania":"2 min\u00faty"},"schema":{"@context":"https:\/\/schema.org","@graph":[{"@type":"WebPage","@id":"https:\/\/antersystem.com\/sk\/novinky\/automotive-cee-day\/","url":"https:\/\/antersystem.com\/sk\/novinky\/automotive-cee-day\/","name":"De\u0148 automobilov\u00e9ho priemyslu v strednej a v\u00fdchodnej Eur\u00f3pe - Anter System","isPartOf":{"@id":"https:\/\/antersystem.com\/sk\/#website"},"primaryImageOfPage":{"@id":"https:\/\/antersystem.com\/sk\/novinky\/automotive-cee-day\/#primaryimage"},"image":{"@id":"https:\/\/antersystem.com\/sk\/novinky\/automotive-cee-day\/#primaryimage"},"thumbnailUrl":"https:\/\/antersystem.com\/wp-content\/uploads\/CEE-DAY-18-19-kwieccien-Anter-System-3-1024x535.jpg","datePublished":"2024-03-27T15:28:30+00:00","dateModified":"2026-02-04T12:51:20+00:00","description":"Automotive CEE Day - wydarzenie organizowane przez AutomotiveSuppliers.pl i samorz\u0105d miasta Opole - to doskona\u0142a okazja do spotka\u0144","breadcrumb":{"@id":"https:\/\/antersystem.com\/sk\/novinky\/automotive-cee-day\/#breadcrumb"},"inLanguage":"sk-SK","potentialAction":[{"@type":"ReadAction","target":["https:\/\/antersystem.com\/sk\/novinky\/automotive-cee-day\/"]}]},{"@type":"ImageObject","inLanguage":"sk-SK","@id":"https:\/\/antersystem.com\/sk\/novinky\/automotive-cee-day\/#primaryimage","url":"https:\/\/antersystem.com\/wp-content\/uploads\/CEE-DAY-18-19-kwieccien-Anter-System-3-1024x535.jpg","contentUrl":"https:\/\/antersystem.com\/wp-content\/uploads\/CEE-DAY-18-19-kwieccien-Anter-System-3-1024x535.jpg"},{"@type":"BreadcrumbList","@id":"https:\/\/antersystem.com\/sk\/novinky\/automotive-cee-day\/#breadcrumb","itemListElement":[{"@type":"ListItem","position":1,"name":"AnterSystem","item":"https:\/\/antersystem.com\/sk\/"},{"@type":"ListItem","position":2,"name":"Novinky","item":"https:\/\/antersystem.com\/sk\/novinky\/"},{"@type":"ListItem","position":3,"name":"De\u0148 automobilov\u00e9ho priemyslu v strednej a v\u00fdchodnej Eur\u00f3pe"}]},{"@type":"WebSite","@id":"https:\/\/antersystem.com\/sk\/#website","url":"https:\/\/antersystem.com\/sk\/","name":"Anter System","description":"Jeste\u015bmy polskim producentem elastycznych barier ochronnych wykonywanych z polimerowych tworzyw sztucznych. Na rynku krajowym i zagranicznym dzia\u0142amy od ponad 15 lat dbaj\u0105c o zapewnienie bezpiecze\u0144stwa w zak\u0142adach produkcyjnych, magazynach oraz centrach logistycznych.","potentialAction":[{"@type":"SearchAction","target":{"@type":"EntryPoint","urlTemplate":"https:\/\/antersystem.com\/sk\/?s={search_term_string}"},"query-input":{"@type":"PropertyValueSpecification","valueRequired":true,"valueName":"search_term_string"}}],"inLanguage":"sk-SK"}]}},"_links":{"self":[{"href":"https:\/\/antersystem.com\/sk\/wp-json\/wp\/v2\/pages\/39463","targetHints":{"allow":["GET"]}}],"collection":[{"href":"https:\/\/antersystem.com\/sk\/wp-json\/wp\/v2\/pages"}],"about":[{"href":"https:\/\/antersystem.com\/sk\/wp-json\/wp\/v2\/types\/page"}],"author":[{"embeddable":true,"href":"https:\/\/antersystem.com\/sk\/wp-json\/wp\/v2\/users\/1"}],"replies":[{"embeddable":true,"href":"https:\/\/antersystem.com\/sk\/wp-json\/wp\/v2\/comments?post=39463"}],"version-history":[{"count":1,"href":"https:\/\/antersystem.com\/sk\/wp-json\/wp\/v2\/pages\/39463\/revisions"}],"predecessor-version":[{"id":39466,"href":"https:\/\/antersystem.com\/sk\/wp-json\/wp\/v2\/pages\/39463\/revisions\/39466"}],"up":[{"embeddable":true,"href":"https:\/\/antersystem.com\/sk\/wp-json\/wp\/v2\/pages\/30350"}],"wp:attachment":[{"href":"https:\/\/antersystem.com\/sk\/wp-json\/wp\/v2\/media?parent=39463"}],"curies":[{"name":"wp","href":"https:\/\/api.w.org\/{rel}","templated":true}]}}